{"id":716922,"date":"2024-06-08T18:50:50","date_gmt":"2024-06-08T18:50:50","guid":{"rendered":"https:\/\/talkpal.ai\/vocabulary\/farger-och-former-pa-galiciska\/"},"modified":"2024-06-08T18:50:50","modified_gmt":"2024-06-08T18:50:50","slug":"farger-och-former-pa-galiciska","status":"publish","type":"vocabulary","link":"https:\/\/talkpal.ai\/sv\/vocabulary\/farger-och-former-pa-galiciska\/","title":{"rendered":"F\u00e4rger och former p\u00e5 galiciska"},"content":{"rendered":"<p>Att l\u00e4ra sig ett nytt spr\u00e5k kan vara b\u00e5de sp\u00e4nnande och utmanande. En av de grundl\u00e4ggande delarna i <a href=\"https:\/\/talkpal.ai\/fr\/langues\/\">alla spr\u00e5k<\/a> \u00e4r att f\u00f6rst\u00e5 och anv\u00e4nda f\u00e4rger och former. I denna artikel kommer vi att utforska f\u00e4rger och former p\u00e5 <a href=\"https:\/\/talkpal.ai\/learn-galician\/\">galiciska<\/a>. Vi kommer att l\u00e4ra <a href=\"https:\/\/talkpal.ai\/locations\/language-courses-in-oss\/\">oss<\/a> vad de heter och hur de anv\u00e4nds i meningar. H\u00e4ng med!<\/p>\n<h2>F\u00e4rger p\u00e5 galiciska<\/h2>\n<p>L\u00e5t oss b\u00f6rja med n\u00e5gra grundl\u00e4ggande f\u00e4rger p\u00e5 galiciska. Det \u00e4r viktigt att kunna dessa, eftersom f\u00e4rger ofta anv\u00e4nds i vardagliga samtal f\u00f6r att beskriva objekt, kl\u00e4der, natur och mycket mer.<\/p>\n<p><b>Vermello<\/b> &#8211; R\u00f6d<br \/>\n<font color=\"#2D3AC7\">A maz\u00e1 \u00e9 <b>vermella<\/b>.<\/font><\/p>\n<p><b>Azul<\/b> &#8211; Bl\u00e5<br \/>\n<font color=\"#2D3AC7\">O ceo est\u00e1 <b>azul<\/b> hoxe.<\/font><\/p>\n<p><b>Verde<\/b> &#8211; Gr\u00f6n<br \/>\n<font color=\"#2D3AC7\">A herba \u00e9 <b>verde<\/b>.<\/font><\/p>\n<p><b>Amarelo<\/b> &#8211; Gul<br \/>\n<font color=\"#2D3AC7\">O sol \u00e9 <b>amarelo<\/b>.<\/font><\/p>\n<p><b>Laranxa<\/b> &#8211; <a href=\"https:\/\/talkpal.ai\/locations\/language-courses-in-orange\/\">Orange<\/a><br \/>\n<font color=\"#2D3AC7\">A laranxa \u00e9 <b>laranxa<\/b>.<\/font><\/p>\n<p><b>Rosa<\/b> &#8211; Rosa<br \/>\n<font color=\"#2D3AC7\">As flores son <b>rosas<\/b>.<\/font><\/p>\n<p><b>Negro<\/b> &#8211; Svart<br \/>\n<font color=\"#2D3AC7\">A noite \u00e9 <b>negra<\/b>.<\/font><\/p>\n<p><b>Branco<\/b> &#8211; Vit<br \/>\n<font color=\"#2D3AC7\">A neve \u00e9 <b>branca<\/b>.<\/font><\/p>\n<p><b>Gris<\/b> &#8211; Gr\u00e5<br \/>\n<font color=\"#2D3AC7\">O gato \u00e9 <b>gris<\/b>.<\/font><\/p>\n<p><b>Marr\u00f3n<\/b> &#8211; Brun<br \/>\n<font color=\"#2D3AC7\">A cadeira \u00e9 <b>marr\u00f3n<\/b>.<\/font><\/p>\n<h2>Former p\u00e5 galiciska<\/h2>\n<p>Nu n\u00e4r vi har l\u00e4rt oss f\u00e4rgerna, l\u00e5t oss g\u00e5 vidare till formerna. Former \u00e4r ocks\u00e5 viktiga n\u00e4r vi beskriver objekt och deras utseende.<\/p>\n<p><b>C\u00edrculo<\/b> &#8211; Cirkel<br \/>\n<font color=\"#2D3AC7\">A mesa ten forma de <b>c\u00edrculo<\/b>.<\/font><\/p>\n<p><b>Cuadrado<\/b> &#8211; Fyrkant<br \/>\n<font color=\"#2D3AC7\">O cadro \u00e9 un <b>cuadrado<\/b>.<\/font><\/p>\n<p><b>Tri\u00e1ngulo<\/b> &#8211; Triangel<br \/>\n<font color=\"#2D3AC7\">A sinal de tr\u00e1fico \u00e9 un <b>tri\u00e1ngulo<\/b>.<\/font><\/p>\n<p><b>Rect\u00e1ngulo<\/b> &#8211; Rektangel<br \/>\n<font color=\"#2D3AC7\">A vent\u00e1 \u00e9 un <b>rect\u00e1ngulo<\/b>.<\/font><\/p>\n<p><b>\u00d3valo<\/b> &#8211; Oval<br \/>\n<font color=\"#2D3AC7\">O espello ten forma de <b>\u00f3valo<\/b>.<\/font><\/p>\n<p><b>Estrela<\/b> &#8211; Stj\u00e4rna<br \/>\n<font color=\"#2D3AC7\">A bandeira ten unha <b>estrela<\/b>.<\/font><\/p>\n<p><b>Hex\u00e1gono<\/b> &#8211; Hexagon<br \/>\n<font color=\"#2D3AC7\">O panel \u00e9 un <b>hex\u00e1gono<\/b>.<\/font><\/p>\n<p><b>Pent\u00e1gono<\/b> &#8211; Pentagon<br \/>\n<font color=\"#2D3AC7\">O edificio ten forma de <b>pent\u00e1gono<\/b>.<\/font><\/p>\n<p><b>Trapecio<\/b> &#8211; Trapezoid<br \/>\n<font color=\"#2D3AC7\">A mesa \u00e9 un <b>trapecio<\/b>.<\/font><\/p>\n<p><b>Rombo<\/b> &#8211; Rombo<br \/>\n<font color=\"#2D3AC7\">O sinal \u00e9 un <b>rombo<\/b>.<\/font><\/p>\n<h3>Exempel p\u00e5 kombinationer av f\u00e4rger och former<\/h3>\n<p>F\u00f6r att b\u00e4ttre f\u00f6rst\u00e5 hur f\u00e4rger och former anv\u00e4nds tillsammans, ska vi nu titta p\u00e5 n\u00e5gra meningar d\u00e4r b\u00e5de f\u00e4rger och former ing\u00e5r.<\/p>\n<p><b>O c\u00edrculo azul<\/b> &#8211; Den bl\u00e5 cirkeln<br \/>\n<font color=\"#2D3AC7\">O <b>c\u00edrculo azul<\/b> \u00e9 grande.<\/font><\/p>\n<p><b>A estrela vermella<\/b> &#8211; Den r\u00f6da stj\u00e4rnan<br \/>\n<font color=\"#2D3AC7\">A <b>estrela vermella<\/b> brilla no ceo.<\/font><\/p>\n<p><b>O cuadrado verde<\/b> &#8211; Den gr\u00f6na fyrkanten<br \/>\n<font color=\"#2D3AC7\">O <b>cuadrado verde<\/b> est\u00e1 na parede.<\/font><\/p>\n<p><b>O tri\u00e1ngulo amarelo<\/b> &#8211; Den gula triangeln<br \/>\n<font color=\"#2D3AC7\">O <b>tri\u00e1ngulo amarelo<\/b> est\u00e1 no sinal.<\/font><\/p>\n<p><b>O rect\u00e1ngulo branco<\/b> &#8211; Den vita rektangeln<br \/>\n<font color=\"#2D3AC7\">O <b>rect\u00e1ngulo branco<\/b> \u00e9 unha vent\u00e1.<\/font><\/p>\n<p><b>O \u00f3valo negro<\/b> &#8211; Den svarta ovalen<br \/>\n<font color=\"#2D3AC7\">O <b>\u00f3valo negro<\/b> est\u00e1 no cadro.<\/font><\/p>\n<p><b>O hex\u00e1gono gris<\/b> &#8211; Den gr\u00e5 hexagonen<br \/>\n<font color=\"#2D3AC7\">O <b>hex\u00e1gono gris<\/b> \u00e9 unha mesa.<\/font><\/p>\n<p><b>O pent\u00e1gono marr\u00f3n<\/b> &#8211; Den bruna pentagonen<br \/>\n<font color=\"#2D3AC7\">O <b>pent\u00e1gono marr\u00f3n<\/b> \u00e9 un edificio.<\/font><\/p>\n<p><b>O trapecio rosa<\/b> &#8211; Den rosa trapezoiden<br \/>\n<font color=\"#2D3AC7\">O <b>trapecio rosa<\/b> est\u00e1 no parque.<\/font><\/p>\n<p><b>O rombo laranxa<\/b> &#8211; Den <a href=\"https:\/\/talkpal.ai\/locations\/language-courses-in-orange\/\">orange<\/a> romben<br \/>\n<font color=\"#2D3AC7\">O <b>rombo laranxa<\/b> \u00e9 sinal de tr\u00e1fico.<\/font><\/p>\n<h2>Slutsats<\/h2>\n<p>Att f\u00f6rst\u00e5 och kunna anv\u00e4nda f\u00e4rger och former \u00e4r en viktig del av att beh\u00e4rska ett nytt spr\u00e5k. Genom att \u00f6va p\u00e5 dessa ord och anv\u00e4nda dem i meningar kan du f\u00f6rb\u00e4ttra din galiciska och bli mer s\u00e4ker i dina konversationer. Kom ih\u00e5g att \u00f6vning ger f\u00e4rdighet, s\u00e5 forts\u00e4tt att anv\u00e4nda dessa ord i din vardag. Lycka till!<\/p>\n","protected":false},"featured_media":1527950,"template":"","vocabulary_language":[4184],"class_list":["post-716922","vocabulary","type-vocabulary","status-publish","has-post-thumbnail","hentry","vocabulary_language-galiciska"],"acf":[],"yoast_head":"<!-- This site is optimized with the Yoast SEO Premium plugin v27.2 (Yoast SEO v27.2) - https:\/\/yoast.com\/product\/yoast-seo-premium-wordpress\/ -->\n<title>F\u00e4rger och former p\u00e5 galiciska - Talkpal<\/title>\n<meta name=\"description\" content=\"Att l\u00e4ra sig ett nytt spr\u00e5k kan vara b\u00e5de sp\u00e4nnande och utmanande. En av de grundl\u00e4ggande delarna i alla spr\u00e5k \u00e4r att f\u00f6rst\u00e5 och anv\u00e4nda f\u00e4rger och\" \/>\n<meta name=\"robots\" content=\"index, follow, max-snippet:-1, max-image-preview:large, max-video-preview:-1\" \/>\n<link rel=\"canonical\" href=\"https:\/\/talkpal.ai\/sv\/vocabulary\/farger-och-former-pa-galiciska\/\" \/>\n<meta property=\"og:locale\" content=\"sv_SE\" \/>\n<meta property=\"og:type\" content=\"article\" \/>\n<meta property=\"og:title\" content=\"F\u00e4rger och former p\u00e5 galiciska\" \/>\n<meta property=\"og:description\" content=\"Att l\u00e4ra sig ett nytt spr\u00e5k kan vara b\u00e5de sp\u00e4nnande och utmanande. En av de grundl\u00e4ggande delarna i alla spr\u00e5k \u00e4r att f\u00f6rst\u00e5 och anv\u00e4nda f\u00e4rger och\" \/>\n<meta property=\"og:url\" content=\"https:\/\/talkpal.ai\/sv\/vocabulary\/farger-och-former-pa-galiciska\/\" \/>\n<meta property=\"og:site_name\" content=\"Talkpal\" \/>\n<meta property=\"article:publisher\" content=\"https:\/\/www.facebook.com\/profile.php?id=100090733639311\" \/>\n<meta property=\"og:image\" content=\"https:\/\/talkpal.ai\/wp-content\/uploads\/2024\/10\/talkpal_flat_illustration_of_a_employees_working_together_happi_c674ff77-e477-4e09-835a-01d30e561e99.png\" \/>\n\t<meta property=\"og:image:width\" content=\"1024\" \/>\n\t<meta property=\"og:image:height\" content=\"1024\" \/>\n\t<meta property=\"og:image:type\" content=\"image\/png\" \/>\n<meta name=\"twitter:card\" content=\"summary_large_image\" \/>\n<meta name=\"twitter:site\" content=\"@talkpalai\" \/>\n<meta name=\"twitter:label1\" content=\"Ber\u00e4knad l\u00e4stid\" \/>\n\t<meta name=\"twitter:data1\" content=\"3 minuter\" \/>\n<script type=\"application\/ld+json\" class=\"yoast-schema-graph\">{\"@context\":\"https:\/\/schema.org\",\"@graph\":[{\"@type\":\"WebPage\",\"@id\":\"https:\/\/talkpal.ai\/sv\/vocabulary\/farger-och-former-pa-galiciska\/\",\"url\":\"https:\/\/talkpal.ai\/sv\/vocabulary\/farger-och-former-pa-galiciska\/\",\"name\":\"F\u00e4rger och former p\u00e5 galiciska - Talkpal\",\"isPartOf\":{\"@id\":\"https:\/\/talkpal.ai\/sv\/#website\"},\"primaryImageOfPage\":{\"@id\":\"https:\/\/talkpal.ai\/sv\/vocabulary\/farger-och-former-pa-galiciska\/#primaryimage\"},\"image\":{\"@id\":\"https:\/\/talkpal.ai\/sv\/vocabulary\/farger-och-former-pa-galiciska\/#primaryimage\"},\"thumbnailUrl\":\"https:\/\/talkpal.ai\/wp-content\/uploads\/2025\/12\/students-practicing-conversation-learning-languages.webp\",\"datePublished\":\"2024-06-08T18:50:50+00:00\",\"description\":\"Att l\u00e4ra sig ett nytt spr\u00e5k kan vara b\u00e5de sp\u00e4nnande och utmanande. En av de grundl\u00e4ggande delarna i alla spr\u00e5k \u00e4r att f\u00f6rst\u00e5 och anv\u00e4nda f\u00e4rger och\",\"breadcrumb\":{\"@id\":\"https:\/\/talkpal.ai\/sv\/vocabulary\/farger-och-former-pa-galiciska\/#breadcrumb\"},\"inLanguage\":\"sv-SE\",\"potentialAction\":[{\"@type\":\"ReadAction\",\"target\":[\"https:\/\/talkpal.ai\/sv\/vocabulary\/farger-och-former-pa-galiciska\/\"]}]},{\"@type\":\"ImageObject\",\"inLanguage\":\"sv-SE\",\"@id\":\"https:\/\/talkpal.ai\/sv\/vocabulary\/farger-och-former-pa-galiciska\/#primaryimage\",\"url\":\"https:\/\/talkpal.ai\/wp-content\/uploads\/2025\/12\/students-practicing-conversation-learning-languages.webp\",\"contentUrl\":\"https:\/\/talkpal.ai\/wp-content\/uploads\/2025\/12\/students-practicing-conversation-learning-languages.webp\",\"width\":1200,\"height\":896,\"caption\":\"Five students sit around a library table with speech bubbles above them while learning languages.\"},{\"@type\":\"BreadcrumbList\",\"@id\":\"https:\/\/talkpal.ai\/sv\/vocabulary\/farger-och-former-pa-galiciska\/#breadcrumb\",\"itemListElement\":[{\"@type\":\"ListItem\",\"position\":1,\"name\":\"Homepage\",\"item\":\"https:\/\/talkpal.ai\/sv\/\"},{\"@type\":\"ListItem\",\"position\":2,\"name\":\"F\u00e4rger och former p\u00e5 galiciska\"}]},{\"@type\":\"WebSite\",\"@id\":\"https:\/\/talkpal.ai\/sv\/#website\",\"url\":\"https:\/\/talkpal.ai\/sv\/\",\"name\":\"Talkpal\",\"description\":\"AI Language Learning\",\"publisher\":{\"@id\":\"https:\/\/talkpal.ai\/sv\/#organization\"},\"alternateName\":\"Talkpal AI\",\"potentialAction\":[{\"@type\":\"SearchAction\",\"target\":{\"@type\":\"EntryPoint\",\"urlTemplate\":\"https:\/\/talkpal.ai\/sv\/?s={search_term_string}\"},\"query-input\":{\"@type\":\"PropertyValueSpecification\",\"valueRequired\":true,\"valueName\":\"search_term_string\"}}],\"inLanguage\":\"sv-SE\"},{\"@type\":\"Organization\",\"@id\":\"https:\/\/talkpal.ai\/sv\/#organization\",\"name\":\"Talkpal, Inc.\",\"alternateName\":\"Talkpal AI\",\"url\":\"https:\/\/talkpal.ai\/sv\/\",\"logo\":{\"@type\":\"ImageObject\",\"inLanguage\":\"sv-SE\",\"@id\":\"https:\/\/talkpal.ai\/sv\/#\/schema\/logo\/image\/\",\"url\":\"https:\/\/talkpal.ai\/wp-content\/uploads\/2024\/03\/Talkpal-Logo-Icon.png\",\"contentUrl\":\"https:\/\/talkpal.ai\/wp-content\/uploads\/2024\/03\/Talkpal-Logo-Icon.png\",\"width\":2880,\"height\":2880,\"caption\":\"Talkpal, Inc.\"},\"image\":{\"@id\":\"https:\/\/talkpal.ai\/sv\/#\/schema\/logo\/image\/\"},\"sameAs\":[\"https:\/\/www.facebook.com\/profile.php?id=100090733639311\",\"https:\/\/x.com\/talkpalai\",\"https:\/\/www.linkedin.com\/company\/talkpal\/\",\"https:\/\/www.youtube.com\/@TalkPal\/\",\"https:\/\/www.tiktok.com\/@talkpal\",\"https:\/\/www.instagram.com\/talkpal_ai\/\",\"https:\/\/www.crunchbase.com\/organization\/talkpal-9cde\",\"https:\/\/www.g2.com\/products\/talkpal-for-business\/\",\"https:\/\/www.trustpilot.com\/review\/talkpal.ai\",\"https:\/\/www.capterra.com\/p\/10006800\/TalkPal\/\"],\"description\":\"Talkpal is a language learning web and mobile education app, powered by the latest AI technologies, that provides engaging experiences to its customers in many different languages to help them improve their language skills. Users can chat about unlimited amount of topics with the app and use other modes to practice their language learning.\",\"email\":\"support@talkpal.ai\",\"legalName\":\"Talkpal, Inc.\",\"foundingDate\":\"2023-04-03\",\"duns\":\"118989042\",\"numberOfEmployees\":{\"@type\":\"QuantitativeValue\",\"minValue\":\"11\",\"maxValue\":\"50\"},\"publishingPrinciples\":\"https:\/\/talkpal.ai\/publishing-principles\/\",\"actionableFeedbackPolicy\":\"https:\/\/talkpal.ai\/actionable-feedback-policy\/\",\"correctionsPolicy\":\"https:\/\/talkpal.ai\/corrections-policy\/\",\"ethicsPolicy\":\"https:\/\/talkpal.ai\/ethics-policy\/\",\"diversityPolicy\":\"https:\/\/talkpal.ai\/diversity-policy\/\",\"diversityStaffingReport\":\"https:\/\/talkpal.ai\/diversity-policy\/\"}]}<\/script>\n<!-- \/ Yoast SEO Premium plugin. -->","yoast_head_json":{"title":"F\u00e4rger och former p\u00e5 galiciska - Talkpal","description":"Att l\u00e4ra sig ett nytt spr\u00e5k kan vara b\u00e5de sp\u00e4nnande och utmanande. En av de grundl\u00e4ggande delarna i alla spr\u00e5k \u00e4r att f\u00f6rst\u00e5 och anv\u00e4nda f\u00e4rger och","robots":{"index":"index","follow":"follow","max-snippet":"max-snippet:-1","max-image-preview":"max-image-preview:large","max-video-preview":"max-video-preview:-1"},"canonical":"https:\/\/talkpal.ai\/sv\/vocabulary\/farger-och-former-pa-galiciska\/","og_locale":"sv_SE","og_type":"article","og_title":"F\u00e4rger och former p\u00e5 galiciska","og_description":"Att l\u00e4ra sig ett nytt spr\u00e5k kan vara b\u00e5de sp\u00e4nnande och utmanande. En av de grundl\u00e4ggande delarna i alla spr\u00e5k \u00e4r att f\u00f6rst\u00e5 och anv\u00e4nda f\u00e4rger och","og_url":"https:\/\/talkpal.ai\/sv\/vocabulary\/farger-och-former-pa-galiciska\/","og_site_name":"Talkpal","article_publisher":"https:\/\/www.facebook.com\/profile.php?id=100090733639311","og_image":[{"width":1024,"height":1024,"url":"https:\/\/talkpal.ai\/wp-content\/uploads\/2024\/10\/talkpal_flat_illustration_of_a_employees_working_together_happi_c674ff77-e477-4e09-835a-01d30e561e99.png","type":"image\/png"}],"twitter_card":"summary_large_image","twitter_site":"@talkpalai","twitter_misc":{"Ber\u00e4knad l\u00e4stid":"3 minuter"},"schema":{"@context":"https:\/\/schema.org","@graph":[{"@type":"WebPage","@id":"https:\/\/talkpal.ai\/sv\/vocabulary\/farger-och-former-pa-galiciska\/","url":"https:\/\/talkpal.ai\/sv\/vocabulary\/farger-och-former-pa-galiciska\/","name":"F\u00e4rger och former p\u00e5 galiciska - Talkpal","isPartOf":{"@id":"https:\/\/talkpal.ai\/sv\/#website"},"primaryImageOfPage":{"@id":"https:\/\/talkpal.ai\/sv\/vocabulary\/farger-och-former-pa-galiciska\/#primaryimage"},"image":{"@id":"https:\/\/talkpal.ai\/sv\/vocabulary\/farger-och-former-pa-galiciska\/#primaryimage"},"thumbnailUrl":"https:\/\/talkpal.ai\/wp-content\/uploads\/2025\/12\/students-practicing-conversation-learning-languages.webp","datePublished":"2024-06-08T18:50:50+00:00","description":"Att l\u00e4ra sig ett nytt spr\u00e5k kan vara b\u00e5de sp\u00e4nnande och utmanande. En av de grundl\u00e4ggande delarna i alla spr\u00e5k \u00e4r att f\u00f6rst\u00e5 och anv\u00e4nda f\u00e4rger och","breadcrumb":{"@id":"https:\/\/talkpal.ai\/sv\/vocabulary\/farger-och-former-pa-galiciska\/#breadcrumb"},"inLanguage":"sv-SE","potentialAction":[{"@type":"ReadAction","target":["https:\/\/talkpal.ai\/sv\/vocabulary\/farger-och-former-pa-galiciska\/"]}]},{"@type":"ImageObject","inLanguage":"sv-SE","@id":"https:\/\/talkpal.ai\/sv\/vocabulary\/farger-och-former-pa-galiciska\/#primaryimage","url":"https:\/\/talkpal.ai\/wp-content\/uploads\/2025\/12\/students-practicing-conversation-learning-languages.webp","contentUrl":"https:\/\/talkpal.ai\/wp-content\/uploads\/2025\/12\/students-practicing-conversation-learning-languages.webp","width":1200,"height":896,"caption":"Five students sit around a library table with speech bubbles above them while learning languages."},{"@type":"BreadcrumbList","@id":"https:\/\/talkpal.ai\/sv\/vocabulary\/farger-och-former-pa-galiciska\/#breadcrumb","itemListElement":[{"@type":"ListItem","position":1,"name":"Homepage","item":"https:\/\/talkpal.ai\/sv\/"},{"@type":"ListItem","position":2,"name":"F\u00e4rger och former p\u00e5 galiciska"}]},{"@type":"WebSite","@id":"https:\/\/talkpal.ai\/sv\/#website","url":"https:\/\/talkpal.ai\/sv\/","name":"Talkpal","description":"AI Language Learning","publisher":{"@id":"https:\/\/talkpal.ai\/sv\/#organization"},"alternateName":"Talkpal AI","potentialAction":[{"@type":"SearchAction","target":{"@type":"EntryPoint","urlTemplate":"https:\/\/talkpal.ai\/sv\/?s={search_term_string}"},"query-input":{"@type":"PropertyValueSpecification","valueRequired":true,"valueName":"search_term_string"}}],"inLanguage":"sv-SE"},{"@type":"Organization","@id":"https:\/\/talkpal.ai\/sv\/#organization","name":"Talkpal, Inc.","alternateName":"Talkpal AI","url":"https:\/\/talkpal.ai\/sv\/","logo":{"@type":"ImageObject","inLanguage":"sv-SE","@id":"https:\/\/talkpal.ai\/sv\/#\/schema\/logo\/image\/","url":"https:\/\/talkpal.ai\/wp-content\/uploads\/2024\/03\/Talkpal-Logo-Icon.png","contentUrl":"https:\/\/talkpal.ai\/wp-content\/uploads\/2024\/03\/Talkpal-Logo-Icon.png","width":2880,"height":2880,"caption":"Talkpal, Inc."},"image":{"@id":"https:\/\/talkpal.ai\/sv\/#\/schema\/logo\/image\/"},"sameAs":["https:\/\/www.facebook.com\/profile.php?id=100090733639311","https:\/\/x.com\/talkpalai","https:\/\/www.linkedin.com\/company\/talkpal\/","https:\/\/www.youtube.com\/@TalkPal\/","https:\/\/www.tiktok.com\/@talkpal","https:\/\/www.instagram.com\/talkpal_ai\/","https:\/\/www.crunchbase.com\/organization\/talkpal-9cde","https:\/\/www.g2.com\/products\/talkpal-for-business\/","https:\/\/www.trustpilot.com\/review\/talkpal.ai","https:\/\/www.capterra.com\/p\/10006800\/TalkPal\/"],"description":"Talkpal is a language learning web and mobile education app, powered by the latest AI technologies, that provides engaging experiences to its customers in many different languages to help them improve their language skills. Users can chat about unlimited amount of topics with the app and use other modes to practice their language learning.","email":"support@talkpal.ai","legalName":"Talkpal, Inc.","foundingDate":"2023-04-03","duns":"118989042","numberOfEmployees":{"@type":"QuantitativeValue","minValue":"11","maxValue":"50"},"publishingPrinciples":"https:\/\/talkpal.ai\/publishing-principles\/","actionableFeedbackPolicy":"https:\/\/talkpal.ai\/actionable-feedback-policy\/","correctionsPolicy":"https:\/\/talkpal.ai\/corrections-policy\/","ethicsPolicy":"https:\/\/talkpal.ai\/ethics-policy\/","diversityPolicy":"https:\/\/talkpal.ai\/diversity-policy\/","diversityStaffingReport":"https:\/\/talkpal.ai\/diversity-policy\/"}]}},"_links":{"self":[{"href":"https:\/\/talkpal.ai\/sv\/wp-json\/wp\/v2\/vocabulary\/716922","targetHints":{"allow":["GET"]}}],"collection":[{"href":"https:\/\/talkpal.ai\/sv\/wp-json\/wp\/v2\/vocabulary"}],"about":[{"href":"https:\/\/talkpal.ai\/sv\/wp-json\/wp\/v2\/types\/vocabulary"}],"wp:featuredmedia":[{"embeddable":true,"href":"https:\/\/talkpal.ai\/sv\/wp-json\/wp\/v2\/media\/1527950"}],"wp:attachment":[{"href":"https:\/\/talkpal.ai\/sv\/wp-json\/wp\/v2\/media?parent=716922"}],"wp:term":[{"taxonomy":"vocabulary_language","embeddable":true,"href":"https:\/\/talkpal.ai\/sv\/wp-json\/wp\/v2\/vocabulary_language?post=716922"}],"curies":[{"name":"wp","href":"https:\/\/api.w.org\/{rel}","templated":true}]}}