{"id":716914,"date":"2024-06-08T18:50:16","date_gmt":"2024-06-08T18:50:16","guid":{"rendered":"https:\/\/talkpal.ai\/vocabulary\/nodfraser-pa-galiciska\/"},"modified":"2024-06-08T18:50:16","modified_gmt":"2024-06-08T18:50:16","slug":"nodfraser-pa-galiciska","status":"publish","type":"vocabulary","link":"https:\/\/talkpal.ai\/sv\/vocabulary\/nodfraser-pa-galiciska\/","title":{"rendered":"N\u00f6dfraser p\u00e5 galiciska"},"content":{"rendered":"<p><a href=\"https:\/\/talkpal.ai\/learn-galician\/\">Galiciska<\/a>, eller <a href=\"https:\/\/talkpal.ai\/learn-galician\/\">galego<\/a>, \u00e4r ett romanskt spr\u00e5k som <a href=\"https:\/\/talkpal.ai\/locations\/language-courses-in-talas\/\">talas<\/a> i Galicien, en autonom region i nordv\u00e4stra Spanien. F\u00f6r de som vill resa till Galicien eller bara vill l\u00e4ra sig grunderna i detta vackra spr\u00e5k, kan det vara till stor hj\u00e4lp att k\u00e4nna till n\u00e5gra n\u00f6dv\u00e4ndiga fraser. I <a href=\"https:\/\/talkpal.ai\/culture\/how-do-i-use-den-har-and-det-har\/\">den h\u00e4r<\/a> artikeln kommer vi att g\u00e5 igenom n\u00e5gra av de mest anv\u00e4ndbara n\u00f6dfraserna p\u00e5 galiciska.<\/p>\n<h2>H\u00e4lsningar och artighetsfraser<\/h2>\n<p><b>Ola<\/b> &#8211; Hej<br \/>\nDetta \u00e4r en enkel h\u00e4lsning som du kan anv\u00e4nda i alla situationer.<br \/>\n<font color=\"#2D3AC7\">Ola, <a href=\"https:\/\/talkpal.ai\/locations\/language-courses-in-como\/\">como<\/a> est\u00e1s?<\/font><\/p>\n<p><b>Bo d\u00eda<\/b> &#8211; <a href=\"https:\/\/talkpal.ai\/culture\/what-is-the-difference-between-god-morgon-and-god-dag\/\">God morgon<\/a><br \/>\nAnv\u00e4nds f\u00f6r att <a href=\"https:\/\/talkpal.ai\/culture\/what-is-the-difference-between-halsa-pa-and-halsa\/\">h\u00e4lsa p\u00e5<\/a> n\u00e5gon p\u00e5 morgonen.<br \/>\n<font color=\"#2D3AC7\">Bo d\u00eda, que tal dormiches?<\/font><\/p>\n<p><b>Boas tardes<\/b> &#8211; God eftermiddag<br \/>\nEn artig h\u00e4lsning p\u00e5 eftermiddagen.<br \/>\n<font color=\"#2D3AC7\">Boas tardes, se\u00f1or.<\/font><\/p>\n<p><b>Boas noites<\/b> &#8211; <a href=\"https:\/\/talkpal.ai\/culture\/how-do-you-say-good-night-in-norwegian\/\">God natt<\/a><br \/>\nAnv\u00e4nds f\u00f6r att s\u00e4ga <a href=\"https:\/\/talkpal.ai\/culture\/how-do-you-say-good-night-in-norwegian\/\">god natt<\/a>.<br \/>\n<font color=\"#2D3AC7\">Boas noites, v\u00e9monos ma\u00f1\u00e1.<\/font><\/p>\n<p><b>Grazas<\/b> &#8211; Tack<br \/>\nEn av de viktigaste fraserna att l\u00e4ra sig.<br \/>\n<font color=\"#2D3AC7\">Grazas por axudarme.<\/font><\/p>\n<p><b>Por favor<\/b> &#8211; Sn\u00e4lla<br \/>\nAnv\u00e4nds f\u00f6r att g\u00f6ra en artig beg\u00e4ran.<br \/>\n<font color=\"#2D3AC7\">Podes pasarme o sal, por favor?<\/font><\/p>\n<p><b>Desculpa<\/b> &#8211; Urs\u00e4kta<br \/>\nAnv\u00e4nds f\u00f6r att be om urs\u00e4kt eller f\u00e5 n\u00e5gons uppm\u00e4rksamhet.<br \/>\n<font color=\"#2D3AC7\">Desculpa, podes repetilo?<\/font><\/p>\n<h2>Fr\u00e5ga efter v\u00e4gen<\/h2>\n<p><b>Onde est\u00e1&#8230;?<\/b> &#8211; Var \u00e4r&#8230;?<br \/>\nEn anv\u00e4ndbar fras n\u00e4r du beh\u00f6ver hitta n\u00e5got.<br \/>\n<font color=\"#2D3AC7\">Onde est\u00e1 a estaci\u00f3n de tren?<\/font><\/p>\n<p><b>Como chego a&#8230;?<\/b> &#8211; Hur kommer jag till&#8230;?<br \/>\nAnv\u00e4nds f\u00f6r att fr\u00e5ga om v\u00e4gbeskrivning.<br \/>\n<font color=\"#2D3AC7\"><a href=\"https:\/\/talkpal.ai\/locations\/language-courses-in-como\/\">Como<\/a> chego \u00e1 praia?<\/font><\/p>\n<p><b>Podo axudarche?<\/b> &#8211; Kan jag hj\u00e4lpa dig?<br \/>\nEn artig fr\u00e5ga om du ser n\u00e5gon som verkar beh\u00f6va hj\u00e4lp.<br \/>\n<font color=\"#2D3AC7\">Podo axudarche a atopar algo?<\/font><\/p>\n<p><b>Preto<\/b> &#8211; N\u00e4ra<br \/>\nAnv\u00e4nds f\u00f6r att beskriva att n\u00e5got \u00e4r n\u00e4ra.<br \/>\n<font color=\"#2D3AC7\">A farmacia est\u00e1 preto.<\/font><\/p>\n<p><b>Lonxe<\/b> &#8211; L\u00e5ngt<br \/>\nAnv\u00e4nds f\u00f6r att beskriva att n\u00e5got \u00e4r l\u00e5ngt bort.<br \/>\n<font color=\"#2D3AC7\">A praia est\u00e1 lonxe da cidade.<\/font><\/p>\n<h2>P\u00e5 restaurang<\/h2>\n<p><b>A carta, por favor<\/b> &#8211; Menyn, tack<br \/>\nAnv\u00e4nds f\u00f6r att be om menyn.<br \/>\n<font color=\"#2D3AC7\">A carta, por favor.<\/font><\/p>\n<p><b>Que recomenda?<\/b> &#8211; Vad rekommenderar ni?<br \/>\nAnv\u00e4nds f\u00f6r att fr\u00e5ga servit\u00f6ren om rekommendationer.<br \/>\n<font color=\"#2D3AC7\">Que recomenda para o xantar?<\/font><\/p>\n<p><b>Te\u00f1o alerxia a&#8230;<\/b> &#8211; Jag \u00e4r allergisk mot&#8230;<br \/>\nViktigt att kunna om du har allergier.<br \/>\n<font color=\"#2D3AC7\">Te\u00f1o alerxia ao marisco.<\/font><\/p>\n<p><b>A conta, por favor<\/b> &#8211; Notan, tack<br \/>\nAnv\u00e4nds f\u00f6r att be om notan.<br \/>\n<font color=\"#2D3AC7\">A conta, por favor.<\/font><\/p>\n<p><b>Est\u00e1 moi rico<\/b> &#8211; Det \u00e4r mycket gott<br \/>\nEtt bra s\u00e4tt att ber\u00f6mma maten.<br \/>\n<font color=\"#2D3AC7\">Est\u00e1 moi rico, grazas.<\/font><\/p>\n<h2>Shopping<\/h2>\n<p><b>Canto custa?<\/b> &#8211; Hur mycket kostar det?<br \/>\nAnv\u00e4nds f\u00f6r att fr\u00e5ga om priset p\u00e5 n\u00e5got.<br \/>\n<font color=\"#2D3AC7\">Canto custa esta camisola?<\/font><\/p>\n<p><b>Podo probalo\/a?<\/b> &#8211; Kan jag prova den?<br \/>\nAnv\u00e4nds n\u00e4r du vill prova kl\u00e4der.<br \/>\n<font color=\"#2D3AC7\">Podo probala esta saia?<\/font><\/p>\n<p><b>Quero mercar isto<\/b> &#8211; Jag vill k\u00f6pa detta<br \/>\nAnv\u00e4nds n\u00e4r du har best\u00e4mt dig f\u00f6r att k\u00f6pa n\u00e5got.<br \/>\n<font color=\"#2D3AC7\">Quero mercar isto, por favor.<\/font><\/p>\n<p><b>Hai desconto?<\/b> &#8211; Finns det rabatt?<br \/>\nAnv\u00e4nds f\u00f6r att fr\u00e5ga om det finns n\u00e5gon rabatt.<br \/>\n<font color=\"#2D3AC7\">Hai desconto para estudantes?<\/font><\/p>\n<h2>N\u00f6dnummer och hj\u00e4lp<\/h2>\n<p><b>Axuda!<\/b> &#8211; Hj\u00e4lp!<br \/>\nEn viktig fras att kunna i n\u00f6dsituationer.<br \/>\n<font color=\"#2D3AC7\">Axuda! Necesito un m\u00e9dico.<\/font><\/p>\n<p><b>Chama \u00e1 polic\u00eda<\/b> &#8211; Ring polisen<br \/>\nAnv\u00e4nds n\u00e4r du beh\u00f6ver polisen.<br \/>\n<font color=\"#2D3AC7\">Chama \u00e1 polic\u00eda, por favor.<\/font><\/p>\n<p><b>Onde est\u00e1 o hospital?<\/b> &#8211; Var \u00e4r sjukhuset?<br \/>\nAnv\u00e4nds f\u00f6r att fr\u00e5ga om v\u00e4gen till sjukhuset.<br \/>\n<font color=\"#2D3AC7\">Onde est\u00e1 o hospital m\u00e1is pr\u00f3ximo?<\/font><\/p>\n<p><b>Perd\u00ednme<\/b> &#8211; Jag har g\u00e5tt vilse<br \/>\nAnv\u00e4nds n\u00e4r du har g\u00e5tt vilse.<br \/>\n<font color=\"#2D3AC7\">Perd\u00ednme, podes axudarme?<\/font><\/p>\n<p><b>Necesito un m\u00e9dico<\/b> &#8211; Jag beh\u00f6ver en l\u00e4kare<br \/>\nAnv\u00e4nds n\u00e4r du beh\u00f6ver medicinsk hj\u00e4lp.<br \/>\n<font color=\"#2D3AC7\">Necesito un m\u00e9dico, \u00e9 unha emerxencia.<\/font><\/p>\n<h2>Transport<\/h2>\n<p><b>Billete<\/b> &#8211; Biljett<br \/>\nAnv\u00e4nds f\u00f6r att k\u00f6pa en biljett.<br \/>\n<font color=\"#2D3AC7\">Un billete para Santiago, por favor.<\/font><\/p>\n<p><b>Tren<\/b> &#8211; T\u00e5g<br \/>\nAnv\u00e4nds n\u00e4r du beh\u00f6ver resa med t\u00e5g.<br \/>\n<font color=\"#2D3AC7\">A que hora sae o tren?<\/font><\/p>\n<p><b>Autob\u00fas<\/b> &#8211; Buss<br \/>\nAnv\u00e4nds n\u00e4r du beh\u00f6ver resa med buss.<br \/>\n<font color=\"#2D3AC7\">Onde est\u00e1 a parada de autob\u00fas?<\/font><\/p>\n<p><b>Taxi<\/b> &#8211; Taxi<br \/>\nAnv\u00e4nds n\u00e4r du beh\u00f6ver en taxi.<br \/>\n<font color=\"#2D3AC7\">Podes chamarme un taxi?<\/font><\/p>\n<p><b>Aeroporto<\/b> &#8211; Flygplats<br \/>\nAnv\u00e4nds n\u00e4r du ska till flygplatsen.<br \/>\n<font color=\"#2D3AC7\">Como chego ao aeroporto?<\/font><\/p>\n<h2>V\u00e4der<\/h2>\n<p><b>Que tempo fai?<\/b> &#8211; Hur \u00e4r v\u00e4dret?<br \/>\nAnv\u00e4nds f\u00f6r att fr\u00e5ga om v\u00e4dret.<br \/>\n<font color=\"#2D3AC7\">Que tempo fai hoxe?<\/font><\/p>\n<p><b>Sol<\/b> &#8211; Sol<br \/>\nAnv\u00e4nds f\u00f6r att beskriva att det \u00e4r soligt.<br \/>\n<font color=\"#2D3AC7\">Hoxe hai moito sol.<\/font><\/p>\n<p><b>Chuvia<\/b> &#8211; Regn<br \/>\nAnv\u00e4nds f\u00f6r att beskriva att det regnar.<br \/>\n<font color=\"#2D3AC7\">Est\u00e1 a chover moito.<\/font><\/p>\n<p><b>Fr\u00edo<\/b> &#8211; Kallt<br \/>\nAnv\u00e4nds f\u00f6r att beskriva att det \u00e4r kallt.<br \/>\n<font color=\"#2D3AC7\">Hoxe fai moito fr\u00edo.<\/font><\/p>\n<p><b>Calor<\/b> &#8211; V\u00e4rme<br \/>\nAnv\u00e4nds f\u00f6r att beskriva att det \u00e4r varmt.<br \/>\n<font color=\"#2D3AC7\">Hoxe fai moita calor.<\/font><\/p>\n<h2>Avslutning<\/h2>\n<p>Att l\u00e4ra sig dessa n\u00f6dv\u00e4ndiga fraser p\u00e5 galiciska kan verkligen g\u00f6ra din resa till Galicien mycket enklare och trevligare. Genom att anv\u00e4nda dessa fraser visar du ocks\u00e5 respekt f\u00f6r den lokala kulturen och spr\u00e5ket, vilket alltid uppskattas av inv\u00e5narna. \u00d6va dessa fraser regelbundet, och snart kommer du att k\u00e4nna dig mycket mer sj\u00e4lvs\u00e4ker n\u00e4r du anv\u00e4nder galiciska i olika situationer. Lycka till med din spr\u00e5kinl\u00e4rning!<\/p>\n","protected":false},"featured_media":1527906,"template":"","vocabulary_language":[4184],"class_list":["post-716914","vocabulary","type-vocabulary","status-publish","has-post-thumbnail","hentry","vocabulary_language-galiciska"],"acf":[],"yoast_head":"<!-- This site is optimized with the Yoast SEO Premium plugin v27.2 (Yoast SEO v27.2) - https:\/\/yoast.com\/product\/yoast-seo-premium-wordpress\/ -->\n<title>N\u00f6dfraser p\u00e5 galiciska - Talkpal<\/title>\n<meta name=\"description\" content=\"Galiciska, eller galego, \u00e4r ett romanskt spr\u00e5k som talas i Galicien, en autonom region i nordv\u00e4stra Spanien. F\u00f6r de som vill resa till Galicien eller bara\" \/>\n<meta name=\"robots\" content=\"index, follow, max-snippet:-1, max-image-preview:large, max-video-preview:-1\" \/>\n<link rel=\"canonical\" href=\"https:\/\/talkpal.ai\/sv\/vocabulary\/nodfraser-pa-galiciska\/\" \/>\n<meta property=\"og:locale\" content=\"sv_SE\" \/>\n<meta property=\"og:type\" content=\"article\" \/>\n<meta property=\"og:title\" content=\"N\u00f6dfraser p\u00e5 galiciska\" \/>\n<meta property=\"og:description\" content=\"Galiciska, eller galego, \u00e4r ett romanskt spr\u00e5k som talas i Galicien, en autonom region i nordv\u00e4stra Spanien. F\u00f6r de som vill resa till Galicien eller bara\" \/>\n<meta property=\"og:url\" content=\"https:\/\/talkpal.ai\/sv\/vocabulary\/nodfraser-pa-galiciska\/\" \/>\n<meta property=\"og:site_name\" content=\"Talkpal\" \/>\n<meta property=\"article:publisher\" content=\"https:\/\/www.facebook.com\/profile.php?id=100090733639311\" \/>\n<meta property=\"og:image\" content=\"https:\/\/talkpal.ai\/wp-content\/uploads\/2024\/10\/talkpal_flat_illustration_of_a_employees_working_together_happi_c674ff77-e477-4e09-835a-01d30e561e99.png\" \/>\n\t<meta property=\"og:image:width\" content=\"1024\" \/>\n\t<meta property=\"og:image:height\" content=\"1024\" \/>\n\t<meta property=\"og:image:type\" content=\"image\/png\" \/>\n<meta name=\"twitter:card\" content=\"summary_large_image\" \/>\n<meta name=\"twitter:site\" content=\"@talkpalai\" \/>\n<meta name=\"twitter:label1\" content=\"Ber\u00e4knad l\u00e4stid\" \/>\n\t<meta name=\"twitter:data1\" content=\"5 minuter\" \/>\n<script type=\"application\/ld+json\" class=\"yoast-schema-graph\">{\"@context\":\"https:\/\/schema.org\",\"@graph\":[{\"@type\":\"WebPage\",\"@id\":\"https:\/\/talkpal.ai\/sv\/vocabulary\/nodfraser-pa-galiciska\/\",\"url\":\"https:\/\/talkpal.ai\/sv\/vocabulary\/nodfraser-pa-galiciska\/\",\"name\":\"N\u00f6dfraser p\u00e5 galiciska - Talkpal\",\"isPartOf\":{\"@id\":\"https:\/\/talkpal.ai\/sv\/#website\"},\"primaryImageOfPage\":{\"@id\":\"https:\/\/talkpal.ai\/sv\/vocabulary\/nodfraser-pa-galiciska\/#primaryimage\"},\"image\":{\"@id\":\"https:\/\/talkpal.ai\/sv\/vocabulary\/nodfraser-pa-galiciska\/#primaryimage\"},\"thumbnailUrl\":\"https:\/\/talkpal.ai\/wp-content\/uploads\/2025\/12\/student-learning-languages-near-library-windows.webp\",\"datePublished\":\"2024-06-08T18:50:16+00:00\",\"description\":\"Galiciska, eller galego, \u00e4r ett romanskt spr\u00e5k som talas i Galicien, en autonom region i nordv\u00e4stra Spanien. F\u00f6r de som vill resa till Galicien eller bara\",\"breadcrumb\":{\"@id\":\"https:\/\/talkpal.ai\/sv\/vocabulary\/nodfraser-pa-galiciska\/#breadcrumb\"},\"inLanguage\":\"sv-SE\",\"potentialAction\":[{\"@type\":\"ReadAction\",\"target\":[\"https:\/\/talkpal.ai\/sv\/vocabulary\/nodfraser-pa-galiciska\/\"]}]},{\"@type\":\"ImageObject\",\"inLanguage\":\"sv-SE\",\"@id\":\"https:\/\/talkpal.ai\/sv\/vocabulary\/nodfraser-pa-galiciska\/#primaryimage\",\"url\":\"https:\/\/talkpal.ai\/wp-content\/uploads\/2025\/12\/student-learning-languages-near-library-windows.webp\",\"contentUrl\":\"https:\/\/talkpal.ai\/wp-content\/uploads\/2025\/12\/student-learning-languages-near-library-windows.webp\",\"width\":1200,\"height\":896,\"caption\":\"A person works on a laptop to learn languages near large library windows at dusk.\"},{\"@type\":\"BreadcrumbList\",\"@id\":\"https:\/\/talkpal.ai\/sv\/vocabulary\/nodfraser-pa-galiciska\/#breadcrumb\",\"itemListElement\":[{\"@type\":\"ListItem\",\"position\":1,\"name\":\"Homepage\",\"item\":\"https:\/\/talkpal.ai\/sv\/\"},{\"@type\":\"ListItem\",\"position\":2,\"name\":\"N\u00f6dfraser p\u00e5 galiciska\"}]},{\"@type\":\"WebSite\",\"@id\":\"https:\/\/talkpal.ai\/sv\/#website\",\"url\":\"https:\/\/talkpal.ai\/sv\/\",\"name\":\"Talkpal\",\"description\":\"AI Language Learning\",\"publisher\":{\"@id\":\"https:\/\/talkpal.ai\/sv\/#organization\"},\"alternateName\":\"Talkpal AI\",\"potentialAction\":[{\"@type\":\"SearchAction\",\"target\":{\"@type\":\"EntryPoint\",\"urlTemplate\":\"https:\/\/talkpal.ai\/sv\/?s={search_term_string}\"},\"query-input\":{\"@type\":\"PropertyValueSpecification\",\"valueRequired\":true,\"valueName\":\"search_term_string\"}}],\"inLanguage\":\"sv-SE\"},{\"@type\":\"Organization\",\"@id\":\"https:\/\/talkpal.ai\/sv\/#organization\",\"name\":\"Talkpal, Inc.\",\"alternateName\":\"Talkpal AI\",\"url\":\"https:\/\/talkpal.ai\/sv\/\",\"logo\":{\"@type\":\"ImageObject\",\"inLanguage\":\"sv-SE\",\"@id\":\"https:\/\/talkpal.ai\/sv\/#\/schema\/logo\/image\/\",\"url\":\"https:\/\/talkpal.ai\/wp-content\/uploads\/2024\/03\/Talkpal-Logo-Icon.png\",\"contentUrl\":\"https:\/\/talkpal.ai\/wp-content\/uploads\/2024\/03\/Talkpal-Logo-Icon.png\",\"width\":2880,\"height\":2880,\"caption\":\"Talkpal, Inc.\"},\"image\":{\"@id\":\"https:\/\/talkpal.ai\/sv\/#\/schema\/logo\/image\/\"},\"sameAs\":[\"https:\/\/www.facebook.com\/profile.php?id=100090733639311\",\"https:\/\/x.com\/talkpalai\",\"https:\/\/www.linkedin.com\/company\/talkpal\/\",\"https:\/\/www.youtube.com\/@TalkPal\/\",\"https:\/\/www.tiktok.com\/@talkpal\",\"https:\/\/www.instagram.com\/talkpal_ai\/\",\"https:\/\/www.crunchbase.com\/organization\/talkpal-9cde\",\"https:\/\/www.g2.com\/products\/talkpal-for-business\/\",\"https:\/\/www.trustpilot.com\/review\/talkpal.ai\",\"https:\/\/www.capterra.com\/p\/10006800\/TalkPal\/\"],\"description\":\"Talkpal is a language learning web and mobile education app, powered by the latest AI technologies, that provides engaging experiences to its customers in many different languages to help them improve their language skills. Users can chat about unlimited amount of topics with the app and use other modes to practice their language learning.\",\"email\":\"support@talkpal.ai\",\"legalName\":\"Talkpal, Inc.\",\"foundingDate\":\"2023-04-03\",\"duns\":\"118989042\",\"numberOfEmployees\":{\"@type\":\"QuantitativeValue\",\"minValue\":\"11\",\"maxValue\":\"50\"},\"publishingPrinciples\":\"https:\/\/talkpal.ai\/publishing-principles\/\",\"actionableFeedbackPolicy\":\"https:\/\/talkpal.ai\/actionable-feedback-policy\/\",\"correctionsPolicy\":\"https:\/\/talkpal.ai\/corrections-policy\/\",\"ethicsPolicy\":\"https:\/\/talkpal.ai\/ethics-policy\/\",\"diversityPolicy\":\"https:\/\/talkpal.ai\/diversity-policy\/\",\"diversityStaffingReport\":\"https:\/\/talkpal.ai\/diversity-policy\/\"}]}<\/script>\n<!-- \/ Yoast SEO Premium plugin. -->","yoast_head_json":{"title":"N\u00f6dfraser p\u00e5 galiciska - Talkpal","description":"Galiciska, eller galego, \u00e4r ett romanskt spr\u00e5k som talas i Galicien, en autonom region i nordv\u00e4stra Spanien. F\u00f6r de som vill resa till Galicien eller bara","robots":{"index":"index","follow":"follow","max-snippet":"max-snippet:-1","max-image-preview":"max-image-preview:large","max-video-preview":"max-video-preview:-1"},"canonical":"https:\/\/talkpal.ai\/sv\/vocabulary\/nodfraser-pa-galiciska\/","og_locale":"sv_SE","og_type":"article","og_title":"N\u00f6dfraser p\u00e5 galiciska","og_description":"Galiciska, eller galego, \u00e4r ett romanskt spr\u00e5k som talas i Galicien, en autonom region i nordv\u00e4stra Spanien. F\u00f6r de som vill resa till Galicien eller bara","og_url":"https:\/\/talkpal.ai\/sv\/vocabulary\/nodfraser-pa-galiciska\/","og_site_name":"Talkpal","article_publisher":"https:\/\/www.facebook.com\/profile.php?id=100090733639311","og_image":[{"width":1024,"height":1024,"url":"https:\/\/talkpal.ai\/wp-content\/uploads\/2024\/10\/talkpal_flat_illustration_of_a_employees_working_together_happi_c674ff77-e477-4e09-835a-01d30e561e99.png","type":"image\/png"}],"twitter_card":"summary_large_image","twitter_site":"@talkpalai","twitter_misc":{"Ber\u00e4knad l\u00e4stid":"5 minuter"},"schema":{"@context":"https:\/\/schema.org","@graph":[{"@type":"WebPage","@id":"https:\/\/talkpal.ai\/sv\/vocabulary\/nodfraser-pa-galiciska\/","url":"https:\/\/talkpal.ai\/sv\/vocabulary\/nodfraser-pa-galiciska\/","name":"N\u00f6dfraser p\u00e5 galiciska - Talkpal","isPartOf":{"@id":"https:\/\/talkpal.ai\/sv\/#website"},"primaryImageOfPage":{"@id":"https:\/\/talkpal.ai\/sv\/vocabulary\/nodfraser-pa-galiciska\/#primaryimage"},"image":{"@id":"https:\/\/talkpal.ai\/sv\/vocabulary\/nodfraser-pa-galiciska\/#primaryimage"},"thumbnailUrl":"https:\/\/talkpal.ai\/wp-content\/uploads\/2025\/12\/student-learning-languages-near-library-windows.webp","datePublished":"2024-06-08T18:50:16+00:00","description":"Galiciska, eller galego, \u00e4r ett romanskt spr\u00e5k som talas i Galicien, en autonom region i nordv\u00e4stra Spanien. F\u00f6r de som vill resa till Galicien eller bara","breadcrumb":{"@id":"https:\/\/talkpal.ai\/sv\/vocabulary\/nodfraser-pa-galiciska\/#breadcrumb"},"inLanguage":"sv-SE","potentialAction":[{"@type":"ReadAction","target":["https:\/\/talkpal.ai\/sv\/vocabulary\/nodfraser-pa-galiciska\/"]}]},{"@type":"ImageObject","inLanguage":"sv-SE","@id":"https:\/\/talkpal.ai\/sv\/vocabulary\/nodfraser-pa-galiciska\/#primaryimage","url":"https:\/\/talkpal.ai\/wp-content\/uploads\/2025\/12\/student-learning-languages-near-library-windows.webp","contentUrl":"https:\/\/talkpal.ai\/wp-content\/uploads\/2025\/12\/student-learning-languages-near-library-windows.webp","width":1200,"height":896,"caption":"A person works on a laptop to learn languages near large library windows at dusk."},{"@type":"BreadcrumbList","@id":"https:\/\/talkpal.ai\/sv\/vocabulary\/nodfraser-pa-galiciska\/#breadcrumb","itemListElement":[{"@type":"ListItem","position":1,"name":"Homepage","item":"https:\/\/talkpal.ai\/sv\/"},{"@type":"ListItem","position":2,"name":"N\u00f6dfraser p\u00e5 galiciska"}]},{"@type":"WebSite","@id":"https:\/\/talkpal.ai\/sv\/#website","url":"https:\/\/talkpal.ai\/sv\/","name":"Talkpal","description":"AI Language Learning","publisher":{"@id":"https:\/\/talkpal.ai\/sv\/#organization"},"alternateName":"Talkpal AI","potentialAction":[{"@type":"SearchAction","target":{"@type":"EntryPoint","urlTemplate":"https:\/\/talkpal.ai\/sv\/?s={search_term_string}"},"query-input":{"@type":"PropertyValueSpecification","valueRequired":true,"valueName":"search_term_string"}}],"inLanguage":"sv-SE"},{"@type":"Organization","@id":"https:\/\/talkpal.ai\/sv\/#organization","name":"Talkpal, Inc.","alternateName":"Talkpal AI","url":"https:\/\/talkpal.ai\/sv\/","logo":{"@type":"ImageObject","inLanguage":"sv-SE","@id":"https:\/\/talkpal.ai\/sv\/#\/schema\/logo\/image\/","url":"https:\/\/talkpal.ai\/wp-content\/uploads\/2024\/03\/Talkpal-Logo-Icon.png","contentUrl":"https:\/\/talkpal.ai\/wp-content\/uploads\/2024\/03\/Talkpal-Logo-Icon.png","width":2880,"height":2880,"caption":"Talkpal, Inc."},"image":{"@id":"https:\/\/talkpal.ai\/sv\/#\/schema\/logo\/image\/"},"sameAs":["https:\/\/www.facebook.com\/profile.php?id=100090733639311","https:\/\/x.com\/talkpalai","https:\/\/www.linkedin.com\/company\/talkpal\/","https:\/\/www.youtube.com\/@TalkPal\/","https:\/\/www.tiktok.com\/@talkpal","https:\/\/www.instagram.com\/talkpal_ai\/","https:\/\/www.crunchbase.com\/organization\/talkpal-9cde","https:\/\/www.g2.com\/products\/talkpal-for-business\/","https:\/\/www.trustpilot.com\/review\/talkpal.ai","https:\/\/www.capterra.com\/p\/10006800\/TalkPal\/"],"description":"Talkpal is a language learning web and mobile education app, powered by the latest AI technologies, that provides engaging experiences to its customers in many different languages to help them improve their language skills. Users can chat about unlimited amount of topics with the app and use other modes to practice their language learning.","email":"support@talkpal.ai","legalName":"Talkpal, Inc.","foundingDate":"2023-04-03","duns":"118989042","numberOfEmployees":{"@type":"QuantitativeValue","minValue":"11","maxValue":"50"},"publishingPrinciples":"https:\/\/talkpal.ai\/publishing-principles\/","actionableFeedbackPolicy":"https:\/\/talkpal.ai\/actionable-feedback-policy\/","correctionsPolicy":"https:\/\/talkpal.ai\/corrections-policy\/","ethicsPolicy":"https:\/\/talkpal.ai\/ethics-policy\/","diversityPolicy":"https:\/\/talkpal.ai\/diversity-policy\/","diversityStaffingReport":"https:\/\/talkpal.ai\/diversity-policy\/"}]}},"_links":{"self":[{"href":"https:\/\/talkpal.ai\/sv\/wp-json\/wp\/v2\/vocabulary\/716914","targetHints":{"allow":["GET"]}}],"collection":[{"href":"https:\/\/talkpal.ai\/sv\/wp-json\/wp\/v2\/vocabulary"}],"about":[{"href":"https:\/\/talkpal.ai\/sv\/wp-json\/wp\/v2\/types\/vocabulary"}],"wp:featuredmedia":[{"embeddable":true,"href":"https:\/\/talkpal.ai\/sv\/wp-json\/wp\/v2\/media\/1527906"}],"wp:attachment":[{"href":"https:\/\/talkpal.ai\/sv\/wp-json\/wp\/v2\/media?parent=716914"}],"wp:term":[{"taxonomy":"vocabulary_language","embeddable":true,"href":"https:\/\/talkpal.ai\/sv\/wp-json\/wp\/v2\/vocabulary_language?post=716914"}],"curies":[{"name":"wp","href":"https:\/\/api.w.org\/{rel}","templated":true}]}}