{"id":716911,"date":"2024-06-08T18:49:58","date_gmt":"2024-06-08T18:49:58","guid":{"rendered":"https:\/\/talkpal.ai\/vocabulary\/galiciska-ord-for-mote-och-halsning\/"},"modified":"2024-06-08T18:49:58","modified_gmt":"2024-06-08T18:49:58","slug":"galiciska-ord-for-mote-och-halsning","status":"publish","type":"vocabulary","link":"https:\/\/talkpal.ai\/sv\/vocabulary\/galiciska-ord-for-mote-och-halsning\/","title":{"rendered":"Galiciska ord f\u00f6r m\u00f6te och h\u00e4lsning"},"content":{"rendered":"<p>Att l\u00e4ra sig ett nytt spr\u00e5k kan vara en sp\u00e4nnande och berikande upplevelse. <a href=\"https:\/\/talkpal.ai\/learn-galician\/\">Galiciska<\/a>, ett romanskt spr\u00e5k som <a href=\"https:\/\/talkpal.ai\/locations\/language-courses-in-talas\/\">talas<\/a> i regionen <a href=\"https:\/\/talkpal.ai\/learn-galician\/\">Galicien<\/a> i nordv\u00e4stra Spanien, har en rik kultur och historia. F\u00f6r att underl\u00e4tta f\u00f6r dig som \u00e4r intresserad av att l\u00e4ra dig galiciska, kommer denna artikel att fokusera p\u00e5 ord och fraser som \u00e4r anv\u00e4ndbara vid m\u00f6ten och h\u00e4lsningar. Att kunna h\u00e4lsa och <a href=\"https:\/\/talkpal.ai\/locations\/language-courses-in-delta\/\">delta<\/a> i enkla konversationer \u00e4r en viktig del av spr\u00e5kf\u00f6rv\u00e4rv och kan hj\u00e4lpa dig att k\u00e4nna dig mer bekv\u00e4m i sociala sammanhang. H\u00e4r \u00e4r n\u00e5gra grundl\u00e4ggande ord och fraser p\u00e5 galiciska som kan hj\u00e4lpa dig att <a href=\"https:\/\/talkpal.ai\/ko\/ai-%ec%96%b8%ec%96%b4-%ea%b5%90%ec%82%ac\/\">komma ig\u00e5ng<\/a>.<\/p>\n<h2>Vanliga h\u00e4lsningar<\/h2>\n<p><b>Ola<\/b> &#8211; Hej. Detta \u00e4r en mycket vanlig h\u00e4lsning och anv\u00e4nds i de flesta sammanhang.<br \/>\n<font color=\"#2D3AC7\">Ola, <a href=\"https:\/\/talkpal.ai\/locations\/language-courses-in-como\/\">como<\/a> est\u00e1s?<\/font><\/p>\n<p><b>Bos d\u00edas<\/b> &#8211; <a href=\"https:\/\/talkpal.ai\/culture\/what-is-the-difference-between-god-morgon-and-god-dag\/\">God morgon<\/a>. Anv\u00e4nds f\u00f6r att <a href=\"https:\/\/talkpal.ai\/culture\/what-is-the-difference-between-halsa-pa-and-halsa\/\">h\u00e4lsa p\u00e5<\/a> n\u00e5gon p\u00e5 morgonen.<br \/>\n<font color=\"#2D3AC7\">Bos d\u00edas, tiven un bo descanso?<\/font><\/p>\n<p><b>Boas tardes<\/b> &#8211; God eftermiddag. Anv\u00e4nds fr\u00e5n ungef\u00e4r lunch till tidig kv\u00e4ll.<br \/>\n<font color=\"#2D3AC7\">Boas tardes, como foi o teu d\u00eda?<\/font><\/p>\n<p><b>Boas noites<\/b> &#8211; God kv\u00e4ll. Anv\u00e4nds n\u00e4r det b\u00f6rjar bli m\u00f6rkt.<br \/>\n<font color=\"#2D3AC7\">Boas noites, que te\u00f1as un bo sono.<\/font><\/p>\n<p><b>Adeus<\/b> &#8211; Hejd\u00e5. En vanlig fras f\u00f6r att ta farv\u00e4l.<br \/>\n<font color=\"#2D3AC7\">Adeus, v\u00e9monos ma\u00f1\u00e1.<\/font><\/p>\n<h2>Formella h\u00e4lsningar<\/h2>\n<p><b>Sa\u00fados<\/b> &#8211; H\u00e4lsningar. Anv\u00e4nds i formella sammanhang som brev eller e-post.<br \/>\n<font color=\"#2D3AC7\">Sa\u00fados, estou a escribirche para informarche sobre a reuni\u00f3n.<\/font><\/p>\n<p><b>Estimado\/Estimada<\/b> &#8211; K\u00e4ra. Anv\u00e4nds i brev och formella e-postmeddelanden.<br \/>\n<font color=\"#2D3AC7\">Estimado se\u00f1or, gustar\u00edame discutir algunhas cuesti\u00f3ns importantes.<\/font><\/p>\n<p><b>Como est\u00e1 vostede?<\/b> &#8211; Hur m\u00e5r ni? En formell fr\u00e5ga om n\u00e5gons v\u00e4lbefinnande.<br \/>\n<font color=\"#2D3AC7\">Como est\u00e1 vostede hoxe?<\/font><\/p>\n<h2>Informella h\u00e4lsningar<\/h2>\n<p><b>Que tal?<\/b> &#8211; Hur \u00e4r det? En vanlig fr\u00e5ga i informella sammanhang.<br \/>\n<font color=\"#2D3AC7\">Que tal, amigo?<\/font><\/p>\n<p><b>Como est\u00e1s?<\/b> &#8211; Hur m\u00e5r du? En annan informell fr\u00e5ga om n\u00e5gons v\u00e4lbefinnande.<br \/>\n<font color=\"#2D3AC7\">Como est\u00e1s, Mar\u00eda?<\/font><\/p>\n<p><b>Ola, que fas?<\/b> &#8211; Hej, vad g\u00f6r du? En fr\u00e5ga som anv\u00e4nds mellan v\u00e4nner.<br \/>\n<font color=\"#2D3AC7\">Ola, que fas esta tarde?<\/font><\/p>\n<h2>Artighetsfraser<\/h2>\n<p><b>Grazas<\/b> &#8211; Tack. En n\u00f6dv\u00e4ndig fras i <a href=\"https:\/\/talkpal.ai\/fr\/langues\/\">alla spr\u00e5k<\/a>.<br \/>\n<font color=\"#2D3AC7\">Grazas por axudarme.<\/font><\/p>\n<p><b>Por favor<\/b> &#8211; Sn\u00e4lla. Anv\u00e4nds f\u00f6r att g\u00f6ra en beg\u00e4ran artigare.<br \/>\n<font color=\"#2D3AC7\">Podes pasarme o sal, por favor?<\/font><\/p>\n<p><b>De nada<\/b> &#8211; Vars\u00e5god. Svar p\u00e5 &#8221;tack&#8221;.<br \/>\n<font color=\"#2D3AC7\">Grazas por vir. &#8211; De nada.<\/font><\/p>\n<p><b>Perd\u00f3n<\/b> &#8211; Urs\u00e4kta. Anv\u00e4nds f\u00f6r att be om urs\u00e4kt eller f\u00e5 n\u00e5gons uppm\u00e4rksamhet.<br \/>\n<font color=\"#2D3AC7\">Perd\u00f3n, podes repetir iso?<\/font><\/p>\n<p><b>Desculpa<\/b> &#8211; F\u00f6rl\u00e5t. En annan variant f\u00f6r att be om urs\u00e4kt.<br \/>\n<font color=\"#2D3AC7\">Desculpa, non foi a mi\u00f1a intenci\u00f3n.<\/font><\/p>\n<h2>Fraser f\u00f6r m\u00f6ten<\/h2>\n<p><b>Prazer en co\u00f1ecelo\/co\u00f1ecela<\/b> &#8211; Trevligt att tr\u00e4ffas. Anv\u00e4nds n\u00e4r man tr\u00e4ffar n\u00e5gon f\u00f6r f\u00f6rsta g\u00e5ngen.<br \/>\n<font color=\"#2D3AC7\">Prazer en co\u00f1ecelo, son Ana.<\/font><\/p>\n<p><b>Encantado\/Encantada<\/b> &#8211; F\u00f6rtjust. Ett annat s\u00e4tt att uttrycka att det \u00e4r trevligt att tr\u00e4ffa n\u00e5gon.<br \/>\n<font color=\"#2D3AC7\">Encantado, son Juan.<\/font><\/p>\n<p><b>Benvido\/Benvida<\/b> &#8211; V\u00e4lkommen. Anv\u00e4nds f\u00f6r att v\u00e4lkomna n\u00e5gon.<br \/>\n<font color=\"#2D3AC7\">Benvido \u00e1 nosa casa.<\/font><\/p>\n<p><b>Como te chamas?<\/b> &#8211; Vad heter du? En vanlig fr\u00e5ga n\u00e4r man tr\u00e4ffar n\u00e5gon ny.<br \/>\n<font color=\"#2D3AC7\">Como te chamas? Eu ch\u00e1mome Marta.<\/font><\/p>\n<p><b>De onde es?<\/b> &#8211; Var kommer du ifr\u00e5n? En fr\u00e5ga om n\u00e5gons ursprung.<br \/>\n<font color=\"#2D3AC7\">De onde es? Eu son de Vigo.<\/font><\/p>\n<h2>Avslutande fraser<\/h2>\n<p><b>Que te\u00f1as un bo d\u00eda<\/b> &#8211; Ha en bra dag. En trevlig fras att anv\u00e4nda vid avsked.<br \/>\n<font color=\"#2D3AC7\">Que te\u00f1as un bo d\u00eda, v\u00e9monos m\u00e1is tarde.<\/font><\/p>\n<p><b>V\u00e9monos<\/b> &#8211; Vi ses. En enkel fras f\u00f6r att s\u00e4ga att man ses igen.<br \/>\n<font color=\"#2D3AC7\">V\u00e9monos ma\u00f1\u00e1 na escola.<\/font><\/p>\n<p><b>Coidate<\/b> &#8211; Ta hand om dig. Anv\u00e4nds f\u00f6r att visa omsorg.<br \/>\n<font color=\"#2D3AC7\">Coidate, espero verte pronto.<\/font><\/p>\n<p><b>Boa sorte<\/b> &#8211; Lycka till. En uppmuntrande fras.<br \/>\n<font color=\"#2D3AC7\">Boa sorte no teu exame!<\/font><\/p>\n<h2>Fr\u00e5gor och svar<\/h2>\n<p><b>Como te foi?<\/b> &#8211; Hur gick det? En fr\u00e5ga om hur n\u00e5got har g\u00e5tt.<br \/>\n<font color=\"#2D3AC7\">Como te foi na entrevista?<\/font><\/p>\n<p><b>Que fas?<\/b> &#8211; Vad g\u00f6r du? En enkel fr\u00e5ga om n\u00e5gons aktivitet.<br \/>\n<font color=\"#2D3AC7\">Que fas este fin de semana?<\/font><\/p>\n<p><b>Nada de especial<\/b> &#8211; Inget s\u00e4rskilt. Ett vanligt svar p\u00e5 fr\u00e5gan &#8221;Vad g\u00f6r du?&#8221;.<br \/>\n<font color=\"#2D3AC7\">Que fas? &#8211; Nada de especial.<\/font><\/p>\n<p><b>Cando nos vemos?<\/b> &#8211; N\u00e4r ses vi? En fr\u00e5ga f\u00f6r att best\u00e4mma m\u00f6testid.<br \/>\n<font color=\"#2D3AC7\">Cando nos vemos para tomar un caf\u00e9?<\/font><\/p>\n<p><b>Onde quedamos?<\/b> &#8211; Var m\u00f6ts vi? En fr\u00e5ga f\u00f6r att best\u00e4mma m\u00f6tesplats.<br \/>\n<font color=\"#2D3AC7\">Onde quedamos para a reuni\u00f3n?<\/font><\/p>\n<h2>Uttrycka k\u00e4nslor<\/h2>\n<p><b>Estou feliz<\/b> &#8211; Jag \u00e4r glad. En enkel fras f\u00f6r att uttrycka gl\u00e4dje.<br \/>\n<font color=\"#2D3AC7\">Estou feliz de verte.<\/font><\/p>\n<p><b>Estou triste<\/b> &#8211; Jag \u00e4r ledsen. Anv\u00e4nds f\u00f6r att uttrycka sorg.<br \/>\n<font color=\"#2D3AC7\">Estou triste porque non podo ir.<\/font><\/p>\n<p><b>Estou canso\/cansa<\/b> &#8211; Jag \u00e4r tr\u00f6tt. Anv\u00e4nds f\u00f6r att uttrycka tr\u00f6tthet.<br \/>\n<font color=\"#2D3AC7\">Estou canso despois dun longo d\u00eda.<\/font><\/p>\n<p><b>Estou emocionado\/emocionada<\/b> &#8211; Jag \u00e4r exalterad. Anv\u00e4nds f\u00f6r att uttrycka upphetsning eller gl\u00e4dje.<br \/>\n<font color=\"#2D3AC7\">Estou emocionado polo concerto desta noite.<\/font><\/p>\n<h2>Att introducera sig sj\u00e4lv<\/h2>\n<p><b>Ch\u00e1mome<\/b> &#8211; Jag heter. Anv\u00e4nds f\u00f6r att s\u00e4ga sitt namn.<br \/>\n<font color=\"#2D3AC7\">Ch\u00e1mome Mar\u00eda.<\/font><\/p>\n<p><b>Son de<\/b> &#8211; Jag \u00e4r fr\u00e5n. Anv\u00e4nds f\u00f6r att s\u00e4ga var man kommer ifr\u00e5n.<br \/>\n<font color=\"#2D3AC7\">Son de Santiago de Compostela.<\/font><\/p>\n<p><b>Te\u00f1o<\/b> &#8211; Jag \u00e4r (\u00e5lder). Anv\u00e4nds f\u00f6r att s\u00e4ga sin \u00e5lder.<br \/>\n<font color=\"#2D3AC7\">Te\u00f1o vinte anos.<\/font><\/p>\n<p><b>Traballo como<\/b> &#8211; Jag jobbar som. Anv\u00e4nds f\u00f6r att s\u00e4ga sitt yrke.<br \/>\n<font color=\"#2D3AC7\">Traballo como profesor.<\/font><\/p>\n<p>Att l\u00e4ra sig dessa grundl\u00e4ggande ord och fraser p\u00e5 galiciska kommer att g\u00f6ra det l\u00e4ttare f\u00f6r dig att interagera med lokalbefolkningen och delta i deras kultur. Genom att \u00f6va dessa ord och fraser regelbundet kommer du att bli mer bekv\u00e4m med spr\u00e5ket och kunna anv\u00e4nda det i olika sociala sammanhang. Lycka till med dina studier i galiciska, och kom ih\u00e5g att \u00f6vning ger f\u00e4rdighet!<\/p>\n","protected":false},"featured_media":1528060,"template":"","vocabulary_language":[4184],"class_list":["post-716911","vocabulary","type-vocabulary","status-publish","has-post-thumbnail","hentry","vocabulary_language-galiciska"],"acf":[],"yoast_head":"<!-- This site is optimized with the Yoast SEO Premium plugin v27.2 (Yoast SEO v27.2) - https:\/\/yoast.com\/product\/yoast-seo-premium-wordpress\/ -->\n<title>Galiciska ord f\u00f6r m\u00f6te och h\u00e4lsning - Talkpal<\/title>\n<meta name=\"description\" content=\"Att l\u00e4ra sig ett nytt spr\u00e5k kan vara en sp\u00e4nnande och berikande upplevelse. Galiciska, ett romanskt spr\u00e5k som talas i regionen Galicien i nordv\u00e4stra\" \/>\n<meta name=\"robots\" content=\"index, follow, max-snippet:-1, max-image-preview:large, max-video-preview:-1\" \/>\n<link rel=\"canonical\" href=\"https:\/\/talkpal.ai\/sv\/vocabulary\/galiciska-ord-for-mote-och-halsning\/\" \/>\n<meta property=\"og:locale\" content=\"sv_SE\" \/>\n<meta property=\"og:type\" content=\"article\" \/>\n<meta property=\"og:title\" content=\"Galiciska ord f\u00f6r m\u00f6te och h\u00e4lsning\" \/>\n<meta property=\"og:description\" content=\"Att l\u00e4ra sig ett nytt spr\u00e5k kan vara en sp\u00e4nnande och berikande upplevelse. Galiciska, ett romanskt spr\u00e5k som talas i regionen Galicien i nordv\u00e4stra\" \/>\n<meta property=\"og:url\" content=\"https:\/\/talkpal.ai\/sv\/vocabulary\/galiciska-ord-for-mote-och-halsning\/\" \/>\n<meta property=\"og:site_name\" content=\"Talkpal\" \/>\n<meta property=\"article:publisher\" content=\"https:\/\/www.facebook.com\/profile.php?id=100090733639311\" \/>\n<meta property=\"og:image\" content=\"https:\/\/talkpal.ai\/wp-content\/uploads\/2024\/10\/talkpal_flat_illustration_of_a_employees_working_together_happi_c674ff77-e477-4e09-835a-01d30e561e99.png\" \/>\n\t<meta property=\"og:image:width\" content=\"1024\" \/>\n\t<meta property=\"og:image:height\" content=\"1024\" \/>\n\t<meta property=\"og:image:type\" content=\"image\/png\" \/>\n<meta name=\"twitter:card\" content=\"summary_large_image\" \/>\n<meta name=\"twitter:site\" content=\"@talkpalai\" \/>\n<meta name=\"twitter:label1\" content=\"Ber\u00e4knad l\u00e4stid\" \/>\n\t<meta name=\"twitter:data1\" content=\"5 minuter\" \/>\n<script type=\"application\/ld+json\" class=\"yoast-schema-graph\">{\"@context\":\"https:\/\/schema.org\",\"@graph\":[{\"@type\":\"WebPage\",\"@id\":\"https:\/\/talkpal.ai\/sv\/vocabulary\/galiciska-ord-for-mote-och-halsning\/\",\"url\":\"https:\/\/talkpal.ai\/sv\/vocabulary\/galiciska-ord-for-mote-och-halsning\/\",\"name\":\"Galiciska ord f\u00f6r m\u00f6te och h\u00e4lsning - Talkpal\",\"isPartOf\":{\"@id\":\"https:\/\/talkpal.ai\/sv\/#website\"},\"primaryImageOfPage\":{\"@id\":\"https:\/\/talkpal.ai\/sv\/vocabulary\/galiciska-ord-for-mote-och-halsning\/#primaryimage\"},\"image\":{\"@id\":\"https:\/\/talkpal.ai\/sv\/vocabulary\/galiciska-ord-for-mote-och-halsning\/#primaryimage\"},\"thumbnailUrl\":\"https:\/\/talkpal.ai\/wp-content\/uploads\/2025\/12\/trio-studies-textbooks-to-learn-languages.webp\",\"datePublished\":\"2024-06-08T18:49:58+00:00\",\"description\":\"Att l\u00e4ra sig ett nytt spr\u00e5k kan vara en sp\u00e4nnande och berikande upplevelse. Galiciska, ett romanskt spr\u00e5k som talas i regionen Galicien i nordv\u00e4stra\",\"breadcrumb\":{\"@id\":\"https:\/\/talkpal.ai\/sv\/vocabulary\/galiciska-ord-for-mote-och-halsning\/#breadcrumb\"},\"inLanguage\":\"sv-SE\",\"potentialAction\":[{\"@type\":\"ReadAction\",\"target\":[\"https:\/\/talkpal.ai\/sv\/vocabulary\/galiciska-ord-for-mote-och-halsning\/\"]}]},{\"@type\":\"ImageObject\",\"inLanguage\":\"sv-SE\",\"@id\":\"https:\/\/talkpal.ai\/sv\/vocabulary\/galiciska-ord-for-mote-och-halsning\/#primaryimage\",\"url\":\"https:\/\/talkpal.ai\/wp-content\/uploads\/2025\/12\/trio-studies-textbooks-to-learn-languages.webp\",\"contentUrl\":\"https:\/\/talkpal.ai\/wp-content\/uploads\/2025\/12\/trio-studies-textbooks-to-learn-languages.webp\",\"width\":1200,\"height\":896,\"caption\":\"A trio of students smiles while leaning over textbooks for learning languages in a bright room.\"},{\"@type\":\"BreadcrumbList\",\"@id\":\"https:\/\/talkpal.ai\/sv\/vocabulary\/galiciska-ord-for-mote-och-halsning\/#breadcrumb\",\"itemListElement\":[{\"@type\":\"ListItem\",\"position\":1,\"name\":\"Homepage\",\"item\":\"https:\/\/talkpal.ai\/sv\/\"},{\"@type\":\"ListItem\",\"position\":2,\"name\":\"Galiciska ord f\u00f6r m\u00f6te och h\u00e4lsning\"}]},{\"@type\":\"WebSite\",\"@id\":\"https:\/\/talkpal.ai\/sv\/#website\",\"url\":\"https:\/\/talkpal.ai\/sv\/\",\"name\":\"Talkpal\",\"description\":\"AI Language Learning\",\"publisher\":{\"@id\":\"https:\/\/talkpal.ai\/sv\/#organization\"},\"alternateName\":\"Talkpal AI\",\"potentialAction\":[{\"@type\":\"SearchAction\",\"target\":{\"@type\":\"EntryPoint\",\"urlTemplate\":\"https:\/\/talkpal.ai\/sv\/?s={search_term_string}\"},\"query-input\":{\"@type\":\"PropertyValueSpecification\",\"valueRequired\":true,\"valueName\":\"search_term_string\"}}],\"inLanguage\":\"sv-SE\"},{\"@type\":\"Organization\",\"@id\":\"https:\/\/talkpal.ai\/sv\/#organization\",\"name\":\"Talkpal, Inc.\",\"alternateName\":\"Talkpal AI\",\"url\":\"https:\/\/talkpal.ai\/sv\/\",\"logo\":{\"@type\":\"ImageObject\",\"inLanguage\":\"sv-SE\",\"@id\":\"https:\/\/talkpal.ai\/sv\/#\/schema\/logo\/image\/\",\"url\":\"https:\/\/talkpal.ai\/wp-content\/uploads\/2024\/03\/Talkpal-Logo-Icon.png\",\"contentUrl\":\"https:\/\/talkpal.ai\/wp-content\/uploads\/2024\/03\/Talkpal-Logo-Icon.png\",\"width\":2880,\"height\":2880,\"caption\":\"Talkpal, Inc.\"},\"image\":{\"@id\":\"https:\/\/talkpal.ai\/sv\/#\/schema\/logo\/image\/\"},\"sameAs\":[\"https:\/\/www.facebook.com\/profile.php?id=100090733639311\",\"https:\/\/x.com\/talkpalai\",\"https:\/\/www.linkedin.com\/company\/talkpal\/\",\"https:\/\/www.youtube.com\/@TalkPal\/\",\"https:\/\/www.tiktok.com\/@talkpal\",\"https:\/\/www.instagram.com\/talkpal_ai\/\",\"https:\/\/www.crunchbase.com\/organization\/talkpal-9cde\",\"https:\/\/www.g2.com\/products\/talkpal-for-business\/\",\"https:\/\/www.trustpilot.com\/review\/talkpal.ai\",\"https:\/\/www.capterra.com\/p\/10006800\/TalkPal\/\"],\"description\":\"Talkpal is a language learning web and mobile education app, powered by the latest AI technologies, that provides engaging experiences to its customers in many different languages to help them improve their language skills. Users can chat about unlimited amount of topics with the app and use other modes to practice their language learning.\",\"email\":\"support@talkpal.ai\",\"legalName\":\"Talkpal, Inc.\",\"foundingDate\":\"2023-04-03\",\"duns\":\"118989042\",\"numberOfEmployees\":{\"@type\":\"QuantitativeValue\",\"minValue\":\"11\",\"maxValue\":\"50\"},\"publishingPrinciples\":\"https:\/\/talkpal.ai\/publishing-principles\/\",\"actionableFeedbackPolicy\":\"https:\/\/talkpal.ai\/actionable-feedback-policy\/\",\"correctionsPolicy\":\"https:\/\/talkpal.ai\/corrections-policy\/\",\"ethicsPolicy\":\"https:\/\/talkpal.ai\/ethics-policy\/\",\"diversityPolicy\":\"https:\/\/talkpal.ai\/diversity-policy\/\",\"diversityStaffingReport\":\"https:\/\/talkpal.ai\/diversity-policy\/\"}]}<\/script>\n<!-- \/ Yoast SEO Premium plugin. -->","yoast_head_json":{"title":"Galiciska ord f\u00f6r m\u00f6te och h\u00e4lsning - Talkpal","description":"Att l\u00e4ra sig ett nytt spr\u00e5k kan vara en sp\u00e4nnande och berikande upplevelse. Galiciska, ett romanskt spr\u00e5k som talas i regionen Galicien i nordv\u00e4stra","robots":{"index":"index","follow":"follow","max-snippet":"max-snippet:-1","max-image-preview":"max-image-preview:large","max-video-preview":"max-video-preview:-1"},"canonical":"https:\/\/talkpal.ai\/sv\/vocabulary\/galiciska-ord-for-mote-och-halsning\/","og_locale":"sv_SE","og_type":"article","og_title":"Galiciska ord f\u00f6r m\u00f6te och h\u00e4lsning","og_description":"Att l\u00e4ra sig ett nytt spr\u00e5k kan vara en sp\u00e4nnande och berikande upplevelse. Galiciska, ett romanskt spr\u00e5k som talas i regionen Galicien i nordv\u00e4stra","og_url":"https:\/\/talkpal.ai\/sv\/vocabulary\/galiciska-ord-for-mote-och-halsning\/","og_site_name":"Talkpal","article_publisher":"https:\/\/www.facebook.com\/profile.php?id=100090733639311","og_image":[{"width":1024,"height":1024,"url":"https:\/\/talkpal.ai\/wp-content\/uploads\/2024\/10\/talkpal_flat_illustration_of_a_employees_working_together_happi_c674ff77-e477-4e09-835a-01d30e561e99.png","type":"image\/png"}],"twitter_card":"summary_large_image","twitter_site":"@talkpalai","twitter_misc":{"Ber\u00e4knad l\u00e4stid":"5 minuter"},"schema":{"@context":"https:\/\/schema.org","@graph":[{"@type":"WebPage","@id":"https:\/\/talkpal.ai\/sv\/vocabulary\/galiciska-ord-for-mote-och-halsning\/","url":"https:\/\/talkpal.ai\/sv\/vocabulary\/galiciska-ord-for-mote-och-halsning\/","name":"Galiciska ord f\u00f6r m\u00f6te och h\u00e4lsning - Talkpal","isPartOf":{"@id":"https:\/\/talkpal.ai\/sv\/#website"},"primaryImageOfPage":{"@id":"https:\/\/talkpal.ai\/sv\/vocabulary\/galiciska-ord-for-mote-och-halsning\/#primaryimage"},"image":{"@id":"https:\/\/talkpal.ai\/sv\/vocabulary\/galiciska-ord-for-mote-och-halsning\/#primaryimage"},"thumbnailUrl":"https:\/\/talkpal.ai\/wp-content\/uploads\/2025\/12\/trio-studies-textbooks-to-learn-languages.webp","datePublished":"2024-06-08T18:49:58+00:00","description":"Att l\u00e4ra sig ett nytt spr\u00e5k kan vara en sp\u00e4nnande och berikande upplevelse. Galiciska, ett romanskt spr\u00e5k som talas i regionen Galicien i nordv\u00e4stra","breadcrumb":{"@id":"https:\/\/talkpal.ai\/sv\/vocabulary\/galiciska-ord-for-mote-och-halsning\/#breadcrumb"},"inLanguage":"sv-SE","potentialAction":[{"@type":"ReadAction","target":["https:\/\/talkpal.ai\/sv\/vocabulary\/galiciska-ord-for-mote-och-halsning\/"]}]},{"@type":"ImageObject","inLanguage":"sv-SE","@id":"https:\/\/talkpal.ai\/sv\/vocabulary\/galiciska-ord-for-mote-och-halsning\/#primaryimage","url":"https:\/\/talkpal.ai\/wp-content\/uploads\/2025\/12\/trio-studies-textbooks-to-learn-languages.webp","contentUrl":"https:\/\/talkpal.ai\/wp-content\/uploads\/2025\/12\/trio-studies-textbooks-to-learn-languages.webp","width":1200,"height":896,"caption":"A trio of students smiles while leaning over textbooks for learning languages in a bright room."},{"@type":"BreadcrumbList","@id":"https:\/\/talkpal.ai\/sv\/vocabulary\/galiciska-ord-for-mote-och-halsning\/#breadcrumb","itemListElement":[{"@type":"ListItem","position":1,"name":"Homepage","item":"https:\/\/talkpal.ai\/sv\/"},{"@type":"ListItem","position":2,"name":"Galiciska ord f\u00f6r m\u00f6te och h\u00e4lsning"}]},{"@type":"WebSite","@id":"https:\/\/talkpal.ai\/sv\/#website","url":"https:\/\/talkpal.ai\/sv\/","name":"Talkpal","description":"AI Language Learning","publisher":{"@id":"https:\/\/talkpal.ai\/sv\/#organization"},"alternateName":"Talkpal AI","potentialAction":[{"@type":"SearchAction","target":{"@type":"EntryPoint","urlTemplate":"https:\/\/talkpal.ai\/sv\/?s={search_term_string}"},"query-input":{"@type":"PropertyValueSpecification","valueRequired":true,"valueName":"search_term_string"}}],"inLanguage":"sv-SE"},{"@type":"Organization","@id":"https:\/\/talkpal.ai\/sv\/#organization","name":"Talkpal, Inc.","alternateName":"Talkpal AI","url":"https:\/\/talkpal.ai\/sv\/","logo":{"@type":"ImageObject","inLanguage":"sv-SE","@id":"https:\/\/talkpal.ai\/sv\/#\/schema\/logo\/image\/","url":"https:\/\/talkpal.ai\/wp-content\/uploads\/2024\/03\/Talkpal-Logo-Icon.png","contentUrl":"https:\/\/talkpal.ai\/wp-content\/uploads\/2024\/03\/Talkpal-Logo-Icon.png","width":2880,"height":2880,"caption":"Talkpal, Inc."},"image":{"@id":"https:\/\/talkpal.ai\/sv\/#\/schema\/logo\/image\/"},"sameAs":["https:\/\/www.facebook.com\/profile.php?id=100090733639311","https:\/\/x.com\/talkpalai","https:\/\/www.linkedin.com\/company\/talkpal\/","https:\/\/www.youtube.com\/@TalkPal\/","https:\/\/www.tiktok.com\/@talkpal","https:\/\/www.instagram.com\/talkpal_ai\/","https:\/\/www.crunchbase.com\/organization\/talkpal-9cde","https:\/\/www.g2.com\/products\/talkpal-for-business\/","https:\/\/www.trustpilot.com\/review\/talkpal.ai","https:\/\/www.capterra.com\/p\/10006800\/TalkPal\/"],"description":"Talkpal is a language learning web and mobile education app, powered by the latest AI technologies, that provides engaging experiences to its customers in many different languages to help them improve their language skills. Users can chat about unlimited amount of topics with the app and use other modes to practice their language learning.","email":"support@talkpal.ai","legalName":"Talkpal, Inc.","foundingDate":"2023-04-03","duns":"118989042","numberOfEmployees":{"@type":"QuantitativeValue","minValue":"11","maxValue":"50"},"publishingPrinciples":"https:\/\/talkpal.ai\/publishing-principles\/","actionableFeedbackPolicy":"https:\/\/talkpal.ai\/actionable-feedback-policy\/","correctionsPolicy":"https:\/\/talkpal.ai\/corrections-policy\/","ethicsPolicy":"https:\/\/talkpal.ai\/ethics-policy\/","diversityPolicy":"https:\/\/talkpal.ai\/diversity-policy\/","diversityStaffingReport":"https:\/\/talkpal.ai\/diversity-policy\/"}]}},"_links":{"self":[{"href":"https:\/\/talkpal.ai\/sv\/wp-json\/wp\/v2\/vocabulary\/716911","targetHints":{"allow":["GET"]}}],"collection":[{"href":"https:\/\/talkpal.ai\/sv\/wp-json\/wp\/v2\/vocabulary"}],"about":[{"href":"https:\/\/talkpal.ai\/sv\/wp-json\/wp\/v2\/types\/vocabulary"}],"wp:featuredmedia":[{"embeddable":true,"href":"https:\/\/talkpal.ai\/sv\/wp-json\/wp\/v2\/media\/1528060"}],"wp:attachment":[{"href":"https:\/\/talkpal.ai\/sv\/wp-json\/wp\/v2\/media?parent=716911"}],"wp:term":[{"taxonomy":"vocabulary_language","embeddable":true,"href":"https:\/\/talkpal.ai\/sv\/wp-json\/wp\/v2\/vocabulary_language?post=716911"}],"curies":[{"name":"wp","href":"https:\/\/api.w.org\/{rel}","templated":true}]}}