{"id":716907,"date":"2024-06-08T18:49:52","date_gmt":"2024-06-08T18:49:52","guid":{"rendered":"https:\/\/talkpal.ai\/vocabulary\/vardagliga-galiciska-fraser-for-nyborjare\/"},"modified":"2024-06-08T18:49:52","modified_gmt":"2024-06-08T18:49:52","slug":"vardagliga-galiciska-fraser-for-nyborjare","status":"publish","type":"vocabulary","link":"https:\/\/talkpal.ai\/sv\/vocabulary\/vardagliga-galiciska-fraser-for-nyborjare\/","title":{"rendered":"Vardagliga galiciska fraser f\u00f6r nyb\u00f6rjare"},"content":{"rendered":"<p>Att l\u00e4ra sig ett nytt spr\u00e5k kan vara en utmaning, men det kan ocks\u00e5 vara en otroligt givande upplevelse. Om du \u00e4r intresserad av att l\u00e4ra dig <a href=\"https:\/\/talkpal.ai\/learn-galician\/\">galiciska<\/a>, ett vackert spr\u00e5k som <a href=\"https:\/\/talkpal.ai\/locations\/language-courses-in-talas\/\">talas<\/a> i regionen <a href=\"https:\/\/talkpal.ai\/learn-galician\/\">Galicien<\/a> i nordv\u00e4stra Spanien, har du kommit till r\u00e4tt st\u00e4lle. I <a href=\"https:\/\/talkpal.ai\/culture\/how-do-i-use-den-har-and-det-har\/\">den h\u00e4r<\/a> artikeln kommer vi att introducera dig till n\u00e5gra vardagliga galiciska fraser som kan hj\u00e4lpa dig att <a href=\"https:\/\/talkpal.ai\/ko\/ai-%ec%96%b8%ec%96%b4-%ea%b5%90%ec%82%ac\/\">komma ig\u00e5ng<\/a>. Dessa fraser t\u00e4cker grundl\u00e4ggande kommunikation och kommer att vara anv\u00e4ndbara i olika situationer.<\/p>\n<h2>H\u00e4lsningar och artighetsfraser<\/h2>\n<p><b>Ola<\/b>: Detta \u00e4r den galiciska motsvarigheten till &#8221;Hej&#8221;. Det \u00e4r en enkel och v\u00e4nlig h\u00e4lsning som du kan anv\u00e4nda i de flesta sammanhang.<\/p>\n<p><font color=\"#2D3AC7\">Ola, <a href=\"https:\/\/talkpal.ai\/locations\/language-courses-in-como\/\">como<\/a> est\u00e1s?<\/font><\/p>\n<p><b>Bos d\u00edas<\/b>: Detta betyder &#8221;God morgon&#8221;. Anv\u00e4nd det n\u00e4r du h\u00e4lsar p\u00e5 n\u00e5gon p\u00e5 morgonen.<\/p>\n<p><font color=\"#2D3AC7\">Bos d\u00edas, que tal?<\/font><\/p>\n<p><b>Boas tardes<\/b>: Detta betyder &#8221;God eftermiddag&#8221;. Anv\u00e4nd det n\u00e4r du h\u00e4lsar p\u00e5 n\u00e5gon p\u00e5 eftermiddagen.<\/p>\n<p><font color=\"#2D3AC7\">Boas tardes, como foi o teu d\u00eda?<\/font><\/p>\n<p><b>Boas noites<\/b>: Detta betyder &#8221;God natt&#8221;. Anv\u00e4nd det n\u00e4r du s\u00e4ger <a href=\"https:\/\/talkpal.ai\/culture\/how-do-you-say-good-night-in-norwegian\/\">god natt<\/a> till n\u00e5gon.<\/p>\n<p><font color=\"#2D3AC7\">Boas noites, durme ben.<\/font><\/p>\n<p><b>Grazas<\/b>: Detta betyder &#8221;Tack&#8221;. Det \u00e4r alltid bra att kunna uttrycka tacksamhet.<\/p>\n<p><font color=\"#2D3AC7\">Grazas pola t\u00faa axuda.<\/font><\/p>\n<p><b>Por favor<\/b>: Detta betyder &#8221;Sn\u00e4lla&#8221; eller &#8221;Var sn\u00e4ll&#8221;. Anv\u00e4nd det f\u00f6r att vara artig n\u00e4r du ber om n\u00e5got.<\/p>\n<p><font color=\"#2D3AC7\">Podes pasarme a sal, por favor?<\/font><\/p>\n<p><b>Desculpa<\/b>: Detta betyder &#8221;Urs\u00e4kta&#8221;. Anv\u00e4nd det n\u00e4r du vill be om urs\u00e4kt eller f\u00e5 n\u00e5gons uppm\u00e4rksamhet.<\/p>\n<p><font color=\"#2D3AC7\">Desculpa, non o vin.<\/font><\/p>\n<h2>Fr\u00e5gor och svar<\/h2>\n<p><b>Como te chamas?<\/b>: Detta betyder &#8221;Vad heter du?&#8221;. Anv\u00e4nd det n\u00e4r du vill veta n\u00e5gons namn.<\/p>\n<p><font color=\"#2D3AC7\">Como te chamas? Eu ch\u00e1masme Ana.<\/font><\/p>\n<p><b>De onde es?<\/b>: Detta betyder &#8221;Var kommer du ifr\u00e5n?&#8221;. Anv\u00e4nd det n\u00e4r du vill veta n\u00e5gons ursprung.<\/p>\n<p><font color=\"#2D3AC7\">De onde es? Eu son de Madrid.<\/font><\/p>\n<p><b>Cantos anos tes?<\/b>: Detta betyder &#8221;Hur gammal \u00e4r du?&#8221;. Anv\u00e4nd det n\u00e4r du vill veta n\u00e5gons \u00e5lder.<\/p>\n<p><font color=\"#2D3AC7\">Cantos anos tes? Te\u00f1o vinte anos.<\/font><\/p>\n<p><b>Que fas?<\/b>: Detta betyder &#8221;Vad g\u00f6r du?&#8221;. Anv\u00e4nd det n\u00e4r du vill veta n\u00e5gons yrke eller vad de h\u00e5ller p\u00e5 med just nu.<\/p>\n<p><font color=\"#2D3AC7\">Que fas? Son estudante.<\/font><\/p>\n<p><b>Onde vives?<\/b>: Detta betyder &#8221;Var bor du?&#8221;. Anv\u00e4nd det n\u00e4r du vill veta n\u00e5gons bostadsort.<\/p>\n<p><font color=\"#2D3AC7\">Onde vives? Vivo en Santiago de Compostela.<\/font><\/p>\n<h2>Vardagsfraser<\/h2>\n<p><b>Que hora \u00e9?<\/b>: Detta betyder &#8221;Vad \u00e4r klockan?&#8221;. Anv\u00e4nd det n\u00e4r du vill veta tiden.<\/p>\n<p><font color=\"#2D3AC7\">Que hora \u00e9? Son as tres da tarde.<\/font><\/p>\n<p><b>Como est\u00e1s?<\/b>: Detta betyder &#8221;Hur m\u00e5r du?&#8221;. Anv\u00e4nd det n\u00e4r du vill veta hur n\u00e5gon m\u00e5r.<\/p>\n<p><font color=\"#2D3AC7\">Como est\u00e1s? Estou ben, grazas.<\/font><\/p>\n<p><b>Que tal?<\/b>: Detta betyder ocks\u00e5 &#8221;Hur m\u00e5r du?&#8221; eller &#8221;Hur g\u00e5r det?&#8221;. Det \u00e4r en mer avslappnad version.<\/p>\n<p><font color=\"#2D3AC7\">Que tal? Todo ben.<\/font><\/p>\n<p><b>Podo axudarche?<\/b>: Detta betyder &#8221;Kan jag hj\u00e4lpa dig?&#8221;. Anv\u00e4nd det n\u00e4r du erbjuder din hj\u00e4lp.<\/p>\n<p><font color=\"#2D3AC7\">Podo axudarche? Necesitas algo?<\/font><\/p>\n<p><b>Onde est\u00e1 o ba\u00f1o?<\/b>: Detta betyder &#8221;Var \u00e4r badrummet?&#8221;. Anv\u00e4nd det n\u00e4r du beh\u00f6ver hitta badrummet.<\/p>\n<p><font color=\"#2D3AC7\">Onde est\u00e1 o ba\u00f1o? Est\u00e1 ao fondo \u00e1 dereita.<\/font><\/p>\n<p><b>Canto custa?<\/b>: Detta betyder &#8221;Hur mycket kostar det?&#8221;. Anv\u00e4nd det n\u00e4r du vill veta priset p\u00e5 n\u00e5got.<\/p>\n<p><font color=\"#2D3AC7\">Canto custa esta camisa?<\/font><\/p>\n<p><b>Est\u00e1 ben<\/b>: Detta betyder &#8221;Det \u00e4r okej&#8221;. Anv\u00e4nd det n\u00e4r du vill visa att n\u00e5got \u00e4r acceptabelt eller bra.<\/p>\n<p><font color=\"#2D3AC7\">Est\u00e1 ben, podo esperar.<\/font><\/p>\n<h2>Mat och dryck<\/h2>\n<p><b>Te\u00f1o fame<\/b>: Detta betyder &#8221;Jag \u00e4r hungrig&#8221;. Anv\u00e4nd det n\u00e4r du vill uttrycka att du \u00e4r hungrig.<\/p>\n<p><font color=\"#2D3AC7\">Te\u00f1o fame, imos comer algo.<\/font><\/p>\n<p><b>Te\u00f1o sede<\/b>: Detta betyder &#8221;Jag \u00e4r t\u00f6rstig&#8221;. Anv\u00e4nd det n\u00e4r du vill uttrycka att du \u00e4r t\u00f6rstig.<\/p>\n<p><font color=\"#2D3AC7\">Te\u00f1o sede, podes darme auga?<\/font><\/p>\n<p><b>Que queres comer?<\/b>: Detta betyder &#8221;Vad vill du \u00e4ta?&#8221;. Anv\u00e4nd det n\u00e4r du vill veta vad n\u00e5gon vill \u00e4ta.<\/p>\n<p><font color=\"#2D3AC7\">Que queres comer? Quero unha ensalada.<\/font><\/p>\n<p><b>G\u00fastame<\/b>: Detta betyder &#8221;Jag gillar det&#8221;. Anv\u00e4nd det n\u00e4r du vill uttrycka att du gillar n\u00e5got.<\/p>\n<p><font color=\"#2D3AC7\">G\u00fastame este prato.<\/font><\/p>\n<p><b>Non me gusta<\/b>: Detta betyder &#8221;Jag gillar det inte&#8221;. Anv\u00e4nd det n\u00e4r du vill uttrycka att du inte gillar n\u00e5got.<\/p>\n<p><font color=\"#2D3AC7\">Non me gusta o peixe.<\/font><\/p>\n<p><b>Sa\u00fade!<\/b>: Detta betyder &#8221;Sk\u00e5l!&#8221; Anv\u00e4nd det n\u00e4r du vill sk\u00e5la med n\u00e5gon.<\/p>\n<p><font color=\"#2D3AC7\">Sa\u00fade! Pola nosa amizade.<\/font><\/p>\n<h2>Resor och riktningar<\/h2>\n<p><b>Onde est\u00e1 a estaci\u00f3n de tren?<\/b>: Detta betyder &#8221;Var \u00e4r t\u00e5gstationen?&#8221;. Anv\u00e4nd det n\u00e4r du beh\u00f6ver hitta t\u00e5gstationen.<\/p>\n<p><font color=\"#2D3AC7\">Onde est\u00e1 a estaci\u00f3n de tren? Est\u00e1 preto do centro.<\/font><\/p>\n<p><b>Necesito un taxi<\/b>: Detta betyder &#8221;Jag beh\u00f6ver en taxi&#8221;. Anv\u00e4nd det n\u00e4r du beh\u00f6ver en taxi.<\/p>\n<p><font color=\"#2D3AC7\">Necesito un taxi para ir ao aeroporto.<\/font><\/p>\n<p><b>Cal \u00e9 o cami\u00f1o para o hotel?<\/b>: Detta betyder &#8221;Vilken v\u00e4g \u00e4r det till hotellet?&#8221;. Anv\u00e4nd det n\u00e4r du beh\u00f6ver v\u00e4gbeskrivning till hotellet.<\/p>\n<p><font color=\"#2D3AC7\">Cal \u00e9 o cami\u00f1o para o hotel? Siga recto e despois xire \u00e1 esquerda.<\/font><\/p>\n<p><b>Onde podo mercar billetes?<\/b>: Detta betyder &#8221;Var kan jag k\u00f6pa biljetter?&#8221;. Anv\u00e4nd det n\u00e4r du beh\u00f6ver k\u00f6pa biljetter f\u00f6r resor.<\/p>\n<p><font color=\"#2D3AC7\">Onde podo mercar billetes para o autob\u00fas?<\/font><\/p>\n<p><b>Canto tempo leva?<\/b>: Detta betyder &#8221;Hur l\u00e5ng tid tar det?&#8221;. Anv\u00e4nd det n\u00e4r du vill veta hur l\u00e5ng tid n\u00e5got tar.<\/p>\n<p><font color=\"#2D3AC7\">Canto tempo leva chegar \u00e1 praia?<\/font><\/p>\n<h2>N\u00f6duttryck<\/h2>\n<p><b>Axuda!<\/b>: Detta betyder &#8221;Hj\u00e4lp!&#8221;. Anv\u00e4nd det n\u00e4r du \u00e4r i n\u00f6d och beh\u00f6ver hj\u00e4lp.<\/p>\n<p><font color=\"#2D3AC7\">Axuda! Non podo nadar!<\/font><\/p>\n<p><b>Estou perdido<\/b>: Detta betyder &#8221;Jag \u00e4r vilse&#8221;. Anv\u00e4nd det n\u00e4r du har g\u00e5tt vilse och beh\u00f6ver hj\u00e4lp att hitta v\u00e4gen.<\/p>\n<p><font color=\"#2D3AC7\">Estou perdido, podes axudarme?<\/font><\/p>\n<p><b>Chama a polic\u00eda<\/b>: Detta betyder &#8221;Ring polisen&#8221;. Anv\u00e4nd det n\u00e4r du beh\u00f6ver polisen.<\/p>\n<p><font color=\"#2D3AC7\">Chama a polic\u00eda, por favor.<\/font><\/p>\n<p><b>Preciso un m\u00e9dico<\/b>: Detta betyder &#8221;Jag beh\u00f6ver en l\u00e4kare&#8221;. Anv\u00e4nd det n\u00e4r du beh\u00f6ver medicinsk hj\u00e4lp.<\/p>\n<p><font color=\"#2D3AC7\">Preciso un m\u00e9dico, sinto moita dor.<\/font><\/p>\n<p><b>Perd\u00edn a mi\u00f1a carteira<\/b>: Detta betyder &#8221;Jag har tappat min pl\u00e5nbok&#8221;. Anv\u00e4nd det n\u00e4r du har tappat din pl\u00e5nbok och beh\u00f6ver hj\u00e4lp.<\/p>\n<p><font color=\"#2D3AC7\">Perd\u00edn a mi\u00f1a carteira, non podo atopala.<\/font><\/p>\n<h2>Avslutning<\/h2>\n<p>Att l\u00e4ra sig dessa grundl\u00e4ggande galiciska fraser kommer att hj\u00e4lpa dig att kommunicera b\u00e4ttre i vardagliga situationer och g\u00f6ra din tid i Galicien mycket mer njutbar. Kom ih\u00e5g att \u00f6vning ger f\u00e4rdighet, s\u00e5 f\u00f6rs\u00f6k att anv\u00e4nda dessa fraser s\u00e5 ofta som m\u00f6jligt f\u00f6r att f\u00f6rb\u00e4ttra ditt uttal och din f\u00f6rst\u00e5else. Boa sorte! (Lycka till!)<\/p>\n","protected":false},"featured_media":1527990,"template":"","vocabulary_language":[4184],"class_list":["post-716907","vocabulary","type-vocabulary","status-publish","has-post-thumbnail","hentry","vocabulary_language-galiciska"],"acf":[],"yoast_head":"<!-- This site is optimized with the Yoast SEO Premium plugin v27.2 (Yoast SEO v27.2) - https:\/\/yoast.com\/product\/yoast-seo-premium-wordpress\/ -->\n<title>Vardagliga galiciska fraser f\u00f6r nyb\u00f6rjare - Talkpal<\/title>\n<meta name=\"description\" content=\"Att l\u00e4ra sig ett nytt spr\u00e5k kan vara en utmaning, men det kan ocks\u00e5 vara en otroligt givande upplevelse. Om du \u00e4r intresserad av att l\u00e4ra dig galiciska,\" \/>\n<meta name=\"robots\" content=\"index, follow, max-snippet:-1, max-image-preview:large, max-video-preview:-1\" \/>\n<link rel=\"canonical\" href=\"https:\/\/talkpal.ai\/sv\/vocabulary\/vardagliga-galiciska-fraser-for-nyborjare\/\" \/>\n<meta property=\"og:locale\" content=\"sv_SE\" \/>\n<meta property=\"og:type\" content=\"article\" \/>\n<meta property=\"og:title\" content=\"Vardagliga galiciska fraser f\u00f6r nyb\u00f6rjare\" \/>\n<meta property=\"og:description\" content=\"Att l\u00e4ra sig ett nytt spr\u00e5k kan vara en utmaning, men det kan ocks\u00e5 vara en otroligt givande upplevelse. Om du \u00e4r intresserad av att l\u00e4ra dig galiciska,\" \/>\n<meta property=\"og:url\" content=\"https:\/\/talkpal.ai\/sv\/vocabulary\/vardagliga-galiciska-fraser-for-nyborjare\/\" \/>\n<meta property=\"og:site_name\" content=\"Talkpal\" \/>\n<meta property=\"article:publisher\" content=\"https:\/\/www.facebook.com\/profile.php?id=100090733639311\" \/>\n<meta property=\"og:image\" content=\"https:\/\/talkpal.ai\/wp-content\/uploads\/2024\/10\/talkpal_flat_illustration_of_a_employees_working_together_happi_c674ff77-e477-4e09-835a-01d30e561e99.png\" \/>\n\t<meta property=\"og:image:width\" content=\"1024\" \/>\n\t<meta property=\"og:image:height\" content=\"1024\" \/>\n\t<meta property=\"og:image:type\" content=\"image\/png\" \/>\n<meta name=\"twitter:card\" content=\"summary_large_image\" \/>\n<meta name=\"twitter:site\" content=\"@talkpalai\" \/>\n<meta name=\"twitter:label1\" content=\"Ber\u00e4knad l\u00e4stid\" \/>\n\t<meta name=\"twitter:data1\" content=\"6 minuter\" \/>\n<script type=\"application\/ld+json\" class=\"yoast-schema-graph\">{\"@context\":\"https:\/\/schema.org\",\"@graph\":[{\"@type\":\"WebPage\",\"@id\":\"https:\/\/talkpal.ai\/sv\/vocabulary\/vardagliga-galiciska-fraser-for-nyborjare\/\",\"url\":\"https:\/\/talkpal.ai\/sv\/vocabulary\/vardagliga-galiciska-fraser-for-nyborjare\/\",\"name\":\"Vardagliga galiciska fraser f\u00f6r nyb\u00f6rjare - Talkpal\",\"isPartOf\":{\"@id\":\"https:\/\/talkpal.ai\/sv\/#website\"},\"primaryImageOfPage\":{\"@id\":\"https:\/\/talkpal.ai\/sv\/vocabulary\/vardagliga-galiciska-fraser-for-nyborjare\/#primaryimage\"},\"image\":{\"@id\":\"https:\/\/talkpal.ai\/sv\/vocabulary\/vardagliga-galiciska-fraser-for-nyborjare\/#primaryimage\"},\"thumbnailUrl\":\"https:\/\/talkpal.ai\/wp-content\/uploads\/2025\/12\/students-use-computers-to-learn-languages.webp\",\"datePublished\":\"2024-06-08T18:49:52+00:00\",\"description\":\"Att l\u00e4ra sig ett nytt spr\u00e5k kan vara en utmaning, men det kan ocks\u00e5 vara en otroligt givande upplevelse. Om du \u00e4r intresserad av att l\u00e4ra dig galiciska,\",\"breadcrumb\":{\"@id\":\"https:\/\/talkpal.ai\/sv\/vocabulary\/vardagliga-galiciska-fraser-for-nyborjare\/#breadcrumb\"},\"inLanguage\":\"sv-SE\",\"potentialAction\":[{\"@type\":\"ReadAction\",\"target\":[\"https:\/\/talkpal.ai\/sv\/vocabulary\/vardagliga-galiciska-fraser-for-nyborjare\/\"]}]},{\"@type\":\"ImageObject\",\"inLanguage\":\"sv-SE\",\"@id\":\"https:\/\/talkpal.ai\/sv\/vocabulary\/vardagliga-galiciska-fraser-for-nyborjare\/#primaryimage\",\"url\":\"https:\/\/talkpal.ai\/wp-content\/uploads\/2025\/12\/students-use-computers-to-learn-languages.webp\",\"contentUrl\":\"https:\/\/talkpal.ai\/wp-content\/uploads\/2025\/12\/students-use-computers-to-learn-languages.webp\",\"width\":1200,\"height\":896,\"caption\":\"Two rows of students use computer monitors for learning languages in a large, multi-level library.\"},{\"@type\":\"BreadcrumbList\",\"@id\":\"https:\/\/talkpal.ai\/sv\/vocabulary\/vardagliga-galiciska-fraser-for-nyborjare\/#breadcrumb\",\"itemListElement\":[{\"@type\":\"ListItem\",\"position\":1,\"name\":\"Homepage\",\"item\":\"https:\/\/talkpal.ai\/sv\/\"},{\"@type\":\"ListItem\",\"position\":2,\"name\":\"Vardagliga galiciska fraser f\u00f6r nyb\u00f6rjare\"}]},{\"@type\":\"WebSite\",\"@id\":\"https:\/\/talkpal.ai\/sv\/#website\",\"url\":\"https:\/\/talkpal.ai\/sv\/\",\"name\":\"Talkpal\",\"description\":\"AI Language Learning\",\"publisher\":{\"@id\":\"https:\/\/talkpal.ai\/sv\/#organization\"},\"alternateName\":\"Talkpal AI\",\"potentialAction\":[{\"@type\":\"SearchAction\",\"target\":{\"@type\":\"EntryPoint\",\"urlTemplate\":\"https:\/\/talkpal.ai\/sv\/?s={search_term_string}\"},\"query-input\":{\"@type\":\"PropertyValueSpecification\",\"valueRequired\":true,\"valueName\":\"search_term_string\"}}],\"inLanguage\":\"sv-SE\"},{\"@type\":\"Organization\",\"@id\":\"https:\/\/talkpal.ai\/sv\/#organization\",\"name\":\"Talkpal, Inc.\",\"alternateName\":\"Talkpal AI\",\"url\":\"https:\/\/talkpal.ai\/sv\/\",\"logo\":{\"@type\":\"ImageObject\",\"inLanguage\":\"sv-SE\",\"@id\":\"https:\/\/talkpal.ai\/sv\/#\/schema\/logo\/image\/\",\"url\":\"https:\/\/talkpal.ai\/wp-content\/uploads\/2024\/03\/Talkpal-Logo-Icon.png\",\"contentUrl\":\"https:\/\/talkpal.ai\/wp-content\/uploads\/2024\/03\/Talkpal-Logo-Icon.png\",\"width\":2880,\"height\":2880,\"caption\":\"Talkpal, Inc.\"},\"image\":{\"@id\":\"https:\/\/talkpal.ai\/sv\/#\/schema\/logo\/image\/\"},\"sameAs\":[\"https:\/\/www.facebook.com\/profile.php?id=100090733639311\",\"https:\/\/x.com\/talkpalai\",\"https:\/\/www.linkedin.com\/company\/talkpal\/\",\"https:\/\/www.youtube.com\/@TalkPal\/\",\"https:\/\/www.tiktok.com\/@talkpal\",\"https:\/\/www.instagram.com\/talkpal_ai\/\",\"https:\/\/www.crunchbase.com\/organization\/talkpal-9cde\",\"https:\/\/www.g2.com\/products\/talkpal-for-business\/\",\"https:\/\/www.trustpilot.com\/review\/talkpal.ai\",\"https:\/\/www.capterra.com\/p\/10006800\/TalkPal\/\"],\"description\":\"Talkpal is a language learning web and mobile education app, powered by the latest AI technologies, that provides engaging experiences to its customers in many different languages to help them improve their language skills. Users can chat about unlimited amount of topics with the app and use other modes to practice their language learning.\",\"email\":\"support@talkpal.ai\",\"legalName\":\"Talkpal, Inc.\",\"foundingDate\":\"2023-04-03\",\"duns\":\"118989042\",\"numberOfEmployees\":{\"@type\":\"QuantitativeValue\",\"minValue\":\"11\",\"maxValue\":\"50\"},\"publishingPrinciples\":\"https:\/\/talkpal.ai\/publishing-principles\/\",\"actionableFeedbackPolicy\":\"https:\/\/talkpal.ai\/actionable-feedback-policy\/\",\"correctionsPolicy\":\"https:\/\/talkpal.ai\/corrections-policy\/\",\"ethicsPolicy\":\"https:\/\/talkpal.ai\/ethics-policy\/\",\"diversityPolicy\":\"https:\/\/talkpal.ai\/diversity-policy\/\",\"diversityStaffingReport\":\"https:\/\/talkpal.ai\/diversity-policy\/\"}]}<\/script>\n<!-- \/ Yoast SEO Premium plugin. -->","yoast_head_json":{"title":"Vardagliga galiciska fraser f\u00f6r nyb\u00f6rjare - Talkpal","description":"Att l\u00e4ra sig ett nytt spr\u00e5k kan vara en utmaning, men det kan ocks\u00e5 vara en otroligt givande upplevelse. Om du \u00e4r intresserad av att l\u00e4ra dig galiciska,","robots":{"index":"index","follow":"follow","max-snippet":"max-snippet:-1","max-image-preview":"max-image-preview:large","max-video-preview":"max-video-preview:-1"},"canonical":"https:\/\/talkpal.ai\/sv\/vocabulary\/vardagliga-galiciska-fraser-for-nyborjare\/","og_locale":"sv_SE","og_type":"article","og_title":"Vardagliga galiciska fraser f\u00f6r nyb\u00f6rjare","og_description":"Att l\u00e4ra sig ett nytt spr\u00e5k kan vara en utmaning, men det kan ocks\u00e5 vara en otroligt givande upplevelse. Om du \u00e4r intresserad av att l\u00e4ra dig galiciska,","og_url":"https:\/\/talkpal.ai\/sv\/vocabulary\/vardagliga-galiciska-fraser-for-nyborjare\/","og_site_name":"Talkpal","article_publisher":"https:\/\/www.facebook.com\/profile.php?id=100090733639311","og_image":[{"width":1024,"height":1024,"url":"https:\/\/talkpal.ai\/wp-content\/uploads\/2024\/10\/talkpal_flat_illustration_of_a_employees_working_together_happi_c674ff77-e477-4e09-835a-01d30e561e99.png","type":"image\/png"}],"twitter_card":"summary_large_image","twitter_site":"@talkpalai","twitter_misc":{"Ber\u00e4knad l\u00e4stid":"6 minuter"},"schema":{"@context":"https:\/\/schema.org","@graph":[{"@type":"WebPage","@id":"https:\/\/talkpal.ai\/sv\/vocabulary\/vardagliga-galiciska-fraser-for-nyborjare\/","url":"https:\/\/talkpal.ai\/sv\/vocabulary\/vardagliga-galiciska-fraser-for-nyborjare\/","name":"Vardagliga galiciska fraser f\u00f6r nyb\u00f6rjare - Talkpal","isPartOf":{"@id":"https:\/\/talkpal.ai\/sv\/#website"},"primaryImageOfPage":{"@id":"https:\/\/talkpal.ai\/sv\/vocabulary\/vardagliga-galiciska-fraser-for-nyborjare\/#primaryimage"},"image":{"@id":"https:\/\/talkpal.ai\/sv\/vocabulary\/vardagliga-galiciska-fraser-for-nyborjare\/#primaryimage"},"thumbnailUrl":"https:\/\/talkpal.ai\/wp-content\/uploads\/2025\/12\/students-use-computers-to-learn-languages.webp","datePublished":"2024-06-08T18:49:52+00:00","description":"Att l\u00e4ra sig ett nytt spr\u00e5k kan vara en utmaning, men det kan ocks\u00e5 vara en otroligt givande upplevelse. Om du \u00e4r intresserad av att l\u00e4ra dig galiciska,","breadcrumb":{"@id":"https:\/\/talkpal.ai\/sv\/vocabulary\/vardagliga-galiciska-fraser-for-nyborjare\/#breadcrumb"},"inLanguage":"sv-SE","potentialAction":[{"@type":"ReadAction","target":["https:\/\/talkpal.ai\/sv\/vocabulary\/vardagliga-galiciska-fraser-for-nyborjare\/"]}]},{"@type":"ImageObject","inLanguage":"sv-SE","@id":"https:\/\/talkpal.ai\/sv\/vocabulary\/vardagliga-galiciska-fraser-for-nyborjare\/#primaryimage","url":"https:\/\/talkpal.ai\/wp-content\/uploads\/2025\/12\/students-use-computers-to-learn-languages.webp","contentUrl":"https:\/\/talkpal.ai\/wp-content\/uploads\/2025\/12\/students-use-computers-to-learn-languages.webp","width":1200,"height":896,"caption":"Two rows of students use computer monitors for learning languages in a large, multi-level library."},{"@type":"BreadcrumbList","@id":"https:\/\/talkpal.ai\/sv\/vocabulary\/vardagliga-galiciska-fraser-for-nyborjare\/#breadcrumb","itemListElement":[{"@type":"ListItem","position":1,"name":"Homepage","item":"https:\/\/talkpal.ai\/sv\/"},{"@type":"ListItem","position":2,"name":"Vardagliga galiciska fraser f\u00f6r nyb\u00f6rjare"}]},{"@type":"WebSite","@id":"https:\/\/talkpal.ai\/sv\/#website","url":"https:\/\/talkpal.ai\/sv\/","name":"Talkpal","description":"AI Language Learning","publisher":{"@id":"https:\/\/talkpal.ai\/sv\/#organization"},"alternateName":"Talkpal AI","potentialAction":[{"@type":"SearchAction","target":{"@type":"EntryPoint","urlTemplate":"https:\/\/talkpal.ai\/sv\/?s={search_term_string}"},"query-input":{"@type":"PropertyValueSpecification","valueRequired":true,"valueName":"search_term_string"}}],"inLanguage":"sv-SE"},{"@type":"Organization","@id":"https:\/\/talkpal.ai\/sv\/#organization","name":"Talkpal, Inc.","alternateName":"Talkpal AI","url":"https:\/\/talkpal.ai\/sv\/","logo":{"@type":"ImageObject","inLanguage":"sv-SE","@id":"https:\/\/talkpal.ai\/sv\/#\/schema\/logo\/image\/","url":"https:\/\/talkpal.ai\/wp-content\/uploads\/2024\/03\/Talkpal-Logo-Icon.png","contentUrl":"https:\/\/talkpal.ai\/wp-content\/uploads\/2024\/03\/Talkpal-Logo-Icon.png","width":2880,"height":2880,"caption":"Talkpal, Inc."},"image":{"@id":"https:\/\/talkpal.ai\/sv\/#\/schema\/logo\/image\/"},"sameAs":["https:\/\/www.facebook.com\/profile.php?id=100090733639311","https:\/\/x.com\/talkpalai","https:\/\/www.linkedin.com\/company\/talkpal\/","https:\/\/www.youtube.com\/@TalkPal\/","https:\/\/www.tiktok.com\/@talkpal","https:\/\/www.instagram.com\/talkpal_ai\/","https:\/\/www.crunchbase.com\/organization\/talkpal-9cde","https:\/\/www.g2.com\/products\/talkpal-for-business\/","https:\/\/www.trustpilot.com\/review\/talkpal.ai","https:\/\/www.capterra.com\/p\/10006800\/TalkPal\/"],"description":"Talkpal is a language learning web and mobile education app, powered by the latest AI technologies, that provides engaging experiences to its customers in many different languages to help them improve their language skills. Users can chat about unlimited amount of topics with the app and use other modes to practice their language learning.","email":"support@talkpal.ai","legalName":"Talkpal, Inc.","foundingDate":"2023-04-03","duns":"118989042","numberOfEmployees":{"@type":"QuantitativeValue","minValue":"11","maxValue":"50"},"publishingPrinciples":"https:\/\/talkpal.ai\/publishing-principles\/","actionableFeedbackPolicy":"https:\/\/talkpal.ai\/actionable-feedback-policy\/","correctionsPolicy":"https:\/\/talkpal.ai\/corrections-policy\/","ethicsPolicy":"https:\/\/talkpal.ai\/ethics-policy\/","diversityPolicy":"https:\/\/talkpal.ai\/diversity-policy\/","diversityStaffingReport":"https:\/\/talkpal.ai\/diversity-policy\/"}]}},"_links":{"self":[{"href":"https:\/\/talkpal.ai\/sv\/wp-json\/wp\/v2\/vocabulary\/716907","targetHints":{"allow":["GET"]}}],"collection":[{"href":"https:\/\/talkpal.ai\/sv\/wp-json\/wp\/v2\/vocabulary"}],"about":[{"href":"https:\/\/talkpal.ai\/sv\/wp-json\/wp\/v2\/types\/vocabulary"}],"wp:featuredmedia":[{"embeddable":true,"href":"https:\/\/talkpal.ai\/sv\/wp-json\/wp\/v2\/media\/1527990"}],"wp:attachment":[{"href":"https:\/\/talkpal.ai\/sv\/wp-json\/wp\/v2\/media?parent=716907"}],"wp:term":[{"taxonomy":"vocabulary_language","embeddable":true,"href":"https:\/\/talkpal.ai\/sv\/wp-json\/wp\/v2\/vocabulary_language?post=716907"}],"curies":[{"name":"wp","href":"https:\/\/api.w.org\/{rel}","templated":true}]}}