{"id":716906,"date":"2024-06-08T18:49:49","date_gmt":"2024-06-08T18:49:49","guid":{"rendered":"https:\/\/talkpal.ai\/vocabulary\/galiciska-uttryck-for-vader\/"},"modified":"2024-06-08T18:49:49","modified_gmt":"2024-06-08T18:49:49","slug":"galiciska-uttryck-for-vader","status":"publish","type":"vocabulary","link":"https:\/\/talkpal.ai\/sv\/vocabulary\/galiciska-uttryck-for-vader\/","title":{"rendered":"Galiciska uttryck f\u00f6r v\u00e4der"},"content":{"rendered":"<p>Att l\u00e4ra sig ett nytt spr\u00e5k inneb\u00e4r ofta att man f\u00f6rdjupar sig i kultur och dagligt tal. Ett av de mest vanliga samtals\u00e4mnena, oavsett spr\u00e5k, \u00e4r v\u00e4dret. I <a href=\"https:\/\/talkpal.ai\/learn-galician\/\">Galicien<\/a>, en autonom region i nordv\u00e4stra Spanien, har m\u00e4nniskor en rik upps\u00e4ttning uttryck och ord f\u00f6r att beskriva v\u00e4dret. I denna artikel ska vi utforska n\u00e5gra av de mest anv\u00e4nda v\u00e4deruttrycken p\u00e5 <a href=\"https:\/\/talkpal.ai\/learn-galician\/\">galiciska<\/a>, samt f\u00f6rklara deras betydelse och ge exempel p\u00e5 hur de anv\u00e4nds i meningar.<\/p>\n<h2>Grundl\u00e4ggande v\u00e4deruttryck<\/h2>\n<p><b>Sol<\/b> \u2013 <b>Sol<\/b> \u00e4r ett av de mest grundl\u00e4ggande v\u00e4deruttrycken som anv\u00e4nds f\u00f6r att beskriva v\u00e4der. P\u00e5 galiciska heter sol <b>sol<\/b>.<\/p>\n<p><font color=\"#2D3AC7\">Hoxe hai moito <b>sol<\/b>.<\/font><\/p>\n<p><b>Chuvia<\/b> \u2013 Ett annat vanligt v\u00e4deruttryck \u00e4r <b>chuvia<\/b>, vilket betyder regn. Detta ord anv\u00e4nds f\u00f6r att beskriva regnigt v\u00e4der.<\/p>\n<p><font color=\"#2D3AC7\">Est\u00e1 caendo <a href=\"https:\/\/talkpal.ai\/locations\/language-courses-in-moita\/\">moita<\/a> <b>chuvia<\/b>.<\/font><\/p>\n<p><b>Nube<\/b> \u2013 Nube betyder moln p\u00e5 galiciska. Det anv\u00e4nds n\u00e4r himlen \u00e4r t\u00e4ckt av moln.<\/p>\n<p><font color=\"#2D3AC7\">Hai moitas <b>nubes<\/b> no ceo.<\/font><\/p>\n<p><b>Vento<\/b> \u2013 Vento betyder vind. Detta ord anv\u00e4nds f\u00f6r att beskriva bl\u00e5siga f\u00f6rh\u00e5llanden.<\/p>\n<p><font color=\"#2D3AC7\">O <b>vento<\/b> est\u00e1 moi forte hoxe.<\/font><\/p>\n<h2>Specifika v\u00e4deruttryck<\/h2>\n<p><b>Orballo<\/b> \u2013 Orballo \u00e4r ett ord som anv\u00e4nds f\u00f6r att beskriva l\u00e4tt regn eller duggregn. Det \u00e4r ett vanligt fenomen i Galicien.<\/p>\n<p><font color=\"#2D3AC7\">Est\u00e1 caendo <b>orballo<\/b>.<\/font><\/p>\n<p><b>Treboada<\/b> \u2013 Treboada betyder \u00e5skv\u00e4der. Det anv\u00e4nds n\u00e4r det \u00e5skar och blixtrar.<\/p>\n<p><font color=\"#2D3AC7\">Escoitei unha <b>treboada<\/b> onte \u00e1 noite.<\/font><\/p>\n<p><b>Xeada<\/b> \u2013 Xeada betyder frost. Det anv\u00e4nds n\u00e4r marken \u00e4r t\u00e4ckt av frost p\u00e5 morgonen.<\/p>\n<p><font color=\"#2D3AC7\">Hai <b>xeada<\/b> nas plantas.<\/font><\/p>\n<p><b>Neve<\/b> \u2013 Neve betyder sn\u00f6. Detta ord anv\u00e4nds n\u00e4r det sn\u00f6ar.<\/p>\n<p><font color=\"#2D3AC7\">Est\u00e1 a caer <b>neve<\/b>.<\/font><\/p>\n<h2>Uttryck f\u00f6r temperatur<\/h2>\n<p><b>Calor<\/b> \u2013 Calor betyder v\u00e4rme. Det anv\u00e4nds f\u00f6r att beskriva varma dagar.<\/p>\n<p><font color=\"#2D3AC7\">Hoxe fai moita <b>calor<\/b>.<\/font><\/p>\n<p><b>Fr\u00edo<\/b> \u2013 Fr\u00edo betyder kyla. Det anv\u00e4nds f\u00f6r att beskriva kalla dagar.<\/p>\n<p><font color=\"#2D3AC7\">Fai moito <b>fr\u00edo<\/b> hoxe.<\/font><\/p>\n<p><b>Morri\u00f1a<\/b> \u2013 Morri\u00f1a \u00e4r ett unikt galiciskt ord som beskriver en k\u00e4nsla av l\u00e4ngtan, ofta f\u00f6rknippad med det gr\u00e5a och regniga v\u00e4dret i regionen.<\/p>\n<p><font color=\"#2D3AC7\">Cando chove, sinto <b>morri\u00f1a<\/b>.<\/font><\/p>\n<h2>Komplexa v\u00e4deruttryck<\/h2>\n<p><b>Temporal<\/b> \u2013 Temporal betyder storm. Det anv\u00e4nds f\u00f6r att beskriva mycket d\u00e5ligt v\u00e4der med stark vind och regn.<\/p>\n<p><font color=\"#2D3AC7\">Hai un <b>temporal<\/b> no mar.<\/font><\/p>\n<p><b>Bochorno<\/b> \u2013 Bochorno anv\u00e4nds f\u00f6r att beskriva kvav v\u00e4rme, ofta f\u00f6rekommer innan ett \u00e5skv\u00e4der.<\/p>\n<p><font color=\"#2D3AC7\">Sinto moito <b>bochorno<\/b> hoxe.<\/font><\/p>\n<p><b>Arco da vella<\/b> \u2013 Arco da vella betyder regnb\u00e5ge. Det anv\u00e4nds n\u00e4r en regnb\u00e5ge syns p\u00e5 himlen efter regn.<\/p>\n<p><font color=\"#2D3AC7\">Vexo un <b>arco da vella<\/b> no ceo.<\/font><\/p>\n<h2>Lokala uttryck och idiom<\/h2>\n<p><b>Chove a mares<\/b> \u2013 Detta uttryck betyder att det regnar mycket kraftigt, ungef\u00e4r som det <a href=\"https:\/\/talkpal.ai\/learn-swedish\/\">svenska<\/a> uttrycket &#8221;det regnar katter och hundar&#8221;.<\/p>\n<p><font color=\"#2D3AC7\">Hoxe <b>chove a mares<\/b>.<\/font><\/p>\n<p><b>Fai un sol de carallo<\/b> \u2013 Detta uttryck betyder att solen skiner mycket starkt. Det \u00e4r ett informellt uttryck som anv\u00e4nds i vardagligt tal.<\/p>\n<p><font color=\"#2D3AC7\">Esta tarde <b>fai un sol de carallo<\/b>.<\/font><\/p>\n<p><b>Vai fr\u00edo de carallo<\/b> \u2013 Detta uttryck betyder att det \u00e4r v\u00e4ldigt kallt. \u00c4ven detta \u00e4r ett informellt uttryck som anv\u00e4nds i vardagligt tal.<\/p>\n<p><font color=\"#2D3AC7\">Esta ma\u00f1\u00e1 <b>vai fr\u00edo de carallo<\/b>.<\/font><\/p>\n<h2>Kulturell kontext och anv\u00e4ndning<\/h2>\n<p>Att f\u00f6rst\u00e5 och anv\u00e4nda dessa v\u00e4deruttryck kan hj\u00e4lpa dig att inte bara f\u00f6rb\u00e4ttra din galiciska utan ocks\u00e5 att b\u00e4ttre f\u00f6rst\u00e5 den galiciska kulturen. V\u00e4dret i Galicien \u00e4r en stor del av det dagliga livet, mycket p\u00e5 grund av regionens geografiska l\u00e4ge och klimat. Genom att anv\u00e4nda dessa uttryck kan du f\u00e5 en djupare f\u00f6rst\u00e5else f\u00f6r hur v\u00e4dret p\u00e5verkar m\u00e4nniskors liv i denna del av v\u00e4rlden.<\/p>\n<p>Det \u00e4r ocks\u00e5 viktigt att notera att vissa av dessa uttryck, s\u00e4rskilt de informella, kan vara mer l\u00e4mpliga i vissa sammanhang \u00e4n i andra. Till exempel, uttryck som <b>fai un sol de carallo<\/b> och <b>vai fr\u00edo de carallo<\/b> anv\u00e4nds mest bland v\u00e4nner och familj och inte i formella sammanhang.<\/p>\n<h3>Sammanfattning<\/h3>\n<p>F\u00f6r att verkligen bem\u00e4stra ett spr\u00e5k \u00e4r det viktigt att f\u00f6rst\u00e5 och kunna anv\u00e4nda dess idiomatiska uttryck och lokala termer. Genom att l\u00e4ra dig dessa galiciska v\u00e4deruttryck kommer du inte bara att kunna <a href=\"https:\/\/talkpal.ai\/locations\/language-courses-in-prata\/\">prata<\/a> om v\u00e4dret, utan ocks\u00e5 f\u00e5 en inblick i den galiciska kulturen och livsstilen. V\u00e4dret \u00e4r ett \u00e4mne som alla kan relatera till, och att kunna prata om det p\u00e5 galiciska kommer utan tvekan att berika din spr\u00e5kupplevelse.<\/p>\n<p>S\u00e5 n\u00e4sta g\u00e5ng du befinner dig i Galicien och v\u00e4dret f\u00f6r\u00e4ndras, kommer du att vara v\u00e4l f\u00f6rberedd med r\u00e4tt uttryck f\u00f6r att beskriva det, oavsett om det \u00e4r soligt, regnigt, bl\u00e5sigt eller n\u00e5got d\u00e4remellan. Lycka till med ditt spr\u00e5kstudium, och gl\u00f6m inte att \u00f6va dessa uttryck i ditt dagliga samtal!<\/p>\n","protected":false},"featured_media":1527872,"template":"","vocabulary_language":[4184],"class_list":["post-716906","vocabulary","type-vocabulary","status-publish","has-post-thumbnail","hentry","vocabulary_language-galiciska"],"acf":[],"yoast_head":"<!-- This site is optimized with the Yoast SEO Premium plugin v27.2 (Yoast SEO v27.2) - https:\/\/yoast.com\/product\/yoast-seo-premium-wordpress\/ -->\n<title>Galiciska uttryck f\u00f6r v\u00e4der - Talkpal<\/title>\n<meta name=\"description\" content=\"Att l\u00e4ra sig ett nytt spr\u00e5k inneb\u00e4r ofta att man f\u00f6rdjupar sig i kultur och dagligt tal. Ett av de mest vanliga samtals\u00e4mnena, oavsett spr\u00e5k, \u00e4r v\u00e4dret. I\" \/>\n<meta name=\"robots\" content=\"index, follow, max-snippet:-1, max-image-preview:large, max-video-preview:-1\" \/>\n<link rel=\"canonical\" href=\"https:\/\/talkpal.ai\/sv\/vocabulary\/galiciska-uttryck-for-vader\/\" \/>\n<meta property=\"og:locale\" content=\"sv_SE\" \/>\n<meta property=\"og:type\" content=\"article\" \/>\n<meta property=\"og:title\" content=\"Galiciska uttryck f\u00f6r v\u00e4der\" \/>\n<meta property=\"og:description\" content=\"Att l\u00e4ra sig ett nytt spr\u00e5k inneb\u00e4r ofta att man f\u00f6rdjupar sig i kultur och dagligt tal. Ett av de mest vanliga samtals\u00e4mnena, oavsett spr\u00e5k, \u00e4r v\u00e4dret. I\" \/>\n<meta property=\"og:url\" content=\"https:\/\/talkpal.ai\/sv\/vocabulary\/galiciska-uttryck-for-vader\/\" \/>\n<meta property=\"og:site_name\" content=\"Talkpal\" \/>\n<meta property=\"article:publisher\" content=\"https:\/\/www.facebook.com\/profile.php?id=100090733639311\" \/>\n<meta property=\"og:image\" content=\"https:\/\/talkpal.ai\/wp-content\/uploads\/2024\/10\/talkpal_flat_illustration_of_a_employees_working_together_happi_c674ff77-e477-4e09-835a-01d30e561e99.png\" \/>\n\t<meta property=\"og:image:width\" content=\"1024\" \/>\n\t<meta property=\"og:image:height\" content=\"1024\" \/>\n\t<meta property=\"og:image:type\" content=\"image\/png\" \/>\n<meta name=\"twitter:card\" content=\"summary_large_image\" \/>\n<meta name=\"twitter:site\" content=\"@talkpalai\" \/>\n<meta name=\"twitter:label1\" content=\"Ber\u00e4knad l\u00e4stid\" \/>\n\t<meta name=\"twitter:data1\" content=\"4 minuter\" \/>\n<script type=\"application\/ld+json\" class=\"yoast-schema-graph\">{\"@context\":\"https:\/\/schema.org\",\"@graph\":[{\"@type\":\"WebPage\",\"@id\":\"https:\/\/talkpal.ai\/sv\/vocabulary\/galiciska-uttryck-for-vader\/\",\"url\":\"https:\/\/talkpal.ai\/sv\/vocabulary\/galiciska-uttryck-for-vader\/\",\"name\":\"Galiciska uttryck f\u00f6r v\u00e4der - Talkpal\",\"isPartOf\":{\"@id\":\"https:\/\/talkpal.ai\/sv\/#website\"},\"primaryImageOfPage\":{\"@id\":\"https:\/\/talkpal.ai\/sv\/vocabulary\/galiciska-uttryck-for-vader\/#primaryimage\"},\"image\":{\"@id\":\"https:\/\/talkpal.ai\/sv\/vocabulary\/galiciska-uttryck-for-vader\/#primaryimage\"},\"thumbnailUrl\":\"https:\/\/talkpal.ai\/wp-content\/uploads\/2025\/12\/pinning-notes-while-learning-languages.webp\",\"datePublished\":\"2024-06-08T18:49:49+00:00\",\"description\":\"Att l\u00e4ra sig ett nytt spr\u00e5k inneb\u00e4r ofta att man f\u00f6rdjupar sig i kultur och dagligt tal. Ett av de mest vanliga samtals\u00e4mnena, oavsett spr\u00e5k, \u00e4r v\u00e4dret. I\",\"breadcrumb\":{\"@id\":\"https:\/\/talkpal.ai\/sv\/vocabulary\/galiciska-uttryck-for-vader\/#breadcrumb\"},\"inLanguage\":\"sv-SE\",\"potentialAction\":[{\"@type\":\"ReadAction\",\"target\":[\"https:\/\/talkpal.ai\/sv\/vocabulary\/galiciska-uttryck-for-vader\/\"]}]},{\"@type\":\"ImageObject\",\"inLanguage\":\"sv-SE\",\"@id\":\"https:\/\/talkpal.ai\/sv\/vocabulary\/galiciska-uttryck-for-vader\/#primaryimage\",\"url\":\"https:\/\/talkpal.ai\/wp-content\/uploads\/2025\/12\/pinning-notes-while-learning-languages.webp\",\"contentUrl\":\"https:\/\/talkpal.ai\/wp-content\/uploads\/2025\/12\/pinning-notes-while-learning-languages.webp\",\"width\":1200,\"height\":896,\"caption\":\"A person works on a laptop to learn languages in a room with many notes pinned to the wall.\"},{\"@type\":\"BreadcrumbList\",\"@id\":\"https:\/\/talkpal.ai\/sv\/vocabulary\/galiciska-uttryck-for-vader\/#breadcrumb\",\"itemListElement\":[{\"@type\":\"ListItem\",\"position\":1,\"name\":\"Homepage\",\"item\":\"https:\/\/talkpal.ai\/sv\/\"},{\"@type\":\"ListItem\",\"position\":2,\"name\":\"Galiciska uttryck f\u00f6r v\u00e4der\"}]},{\"@type\":\"WebSite\",\"@id\":\"https:\/\/talkpal.ai\/sv\/#website\",\"url\":\"https:\/\/talkpal.ai\/sv\/\",\"name\":\"Talkpal\",\"description\":\"AI Language Learning\",\"publisher\":{\"@id\":\"https:\/\/talkpal.ai\/sv\/#organization\"},\"alternateName\":\"Talkpal AI\",\"potentialAction\":[{\"@type\":\"SearchAction\",\"target\":{\"@type\":\"EntryPoint\",\"urlTemplate\":\"https:\/\/talkpal.ai\/sv\/?s={search_term_string}\"},\"query-input\":{\"@type\":\"PropertyValueSpecification\",\"valueRequired\":true,\"valueName\":\"search_term_string\"}}],\"inLanguage\":\"sv-SE\"},{\"@type\":\"Organization\",\"@id\":\"https:\/\/talkpal.ai\/sv\/#organization\",\"name\":\"Talkpal, Inc.\",\"alternateName\":\"Talkpal AI\",\"url\":\"https:\/\/talkpal.ai\/sv\/\",\"logo\":{\"@type\":\"ImageObject\",\"inLanguage\":\"sv-SE\",\"@id\":\"https:\/\/talkpal.ai\/sv\/#\/schema\/logo\/image\/\",\"url\":\"https:\/\/talkpal.ai\/wp-content\/uploads\/2024\/03\/Talkpal-Logo-Icon.png\",\"contentUrl\":\"https:\/\/talkpal.ai\/wp-content\/uploads\/2024\/03\/Talkpal-Logo-Icon.png\",\"width\":2880,\"height\":2880,\"caption\":\"Talkpal, Inc.\"},\"image\":{\"@id\":\"https:\/\/talkpal.ai\/sv\/#\/schema\/logo\/image\/\"},\"sameAs\":[\"https:\/\/www.facebook.com\/profile.php?id=100090733639311\",\"https:\/\/x.com\/talkpalai\",\"https:\/\/www.linkedin.com\/company\/talkpal\/\",\"https:\/\/www.youtube.com\/@TalkPal\/\",\"https:\/\/www.tiktok.com\/@talkpal\",\"https:\/\/www.instagram.com\/talkpal_ai\/\",\"https:\/\/www.crunchbase.com\/organization\/talkpal-9cde\",\"https:\/\/www.g2.com\/products\/talkpal-for-business\/\",\"https:\/\/www.trustpilot.com\/review\/talkpal.ai\",\"https:\/\/www.capterra.com\/p\/10006800\/TalkPal\/\"],\"description\":\"Talkpal is a language learning web and mobile education app, powered by the latest AI technologies, that provides engaging experiences to its customers in many different languages to help them improve their language skills. Users can chat about unlimited amount of topics with the app and use other modes to practice their language learning.\",\"email\":\"support@talkpal.ai\",\"legalName\":\"Talkpal, Inc.\",\"foundingDate\":\"2023-04-03\",\"duns\":\"118989042\",\"numberOfEmployees\":{\"@type\":\"QuantitativeValue\",\"minValue\":\"11\",\"maxValue\":\"50\"},\"publishingPrinciples\":\"https:\/\/talkpal.ai\/publishing-principles\/\",\"actionableFeedbackPolicy\":\"https:\/\/talkpal.ai\/actionable-feedback-policy\/\",\"correctionsPolicy\":\"https:\/\/talkpal.ai\/corrections-policy\/\",\"ethicsPolicy\":\"https:\/\/talkpal.ai\/ethics-policy\/\",\"diversityPolicy\":\"https:\/\/talkpal.ai\/diversity-policy\/\",\"diversityStaffingReport\":\"https:\/\/talkpal.ai\/diversity-policy\/\"}]}<\/script>\n<!-- \/ Yoast SEO Premium plugin. -->","yoast_head_json":{"title":"Galiciska uttryck f\u00f6r v\u00e4der - Talkpal","description":"Att l\u00e4ra sig ett nytt spr\u00e5k inneb\u00e4r ofta att man f\u00f6rdjupar sig i kultur och dagligt tal. Ett av de mest vanliga samtals\u00e4mnena, oavsett spr\u00e5k, \u00e4r v\u00e4dret. I","robots":{"index":"index","follow":"follow","max-snippet":"max-snippet:-1","max-image-preview":"max-image-preview:large","max-video-preview":"max-video-preview:-1"},"canonical":"https:\/\/talkpal.ai\/sv\/vocabulary\/galiciska-uttryck-for-vader\/","og_locale":"sv_SE","og_type":"article","og_title":"Galiciska uttryck f\u00f6r v\u00e4der","og_description":"Att l\u00e4ra sig ett nytt spr\u00e5k inneb\u00e4r ofta att man f\u00f6rdjupar sig i kultur och dagligt tal. Ett av de mest vanliga samtals\u00e4mnena, oavsett spr\u00e5k, \u00e4r v\u00e4dret. I","og_url":"https:\/\/talkpal.ai\/sv\/vocabulary\/galiciska-uttryck-for-vader\/","og_site_name":"Talkpal","article_publisher":"https:\/\/www.facebook.com\/profile.php?id=100090733639311","og_image":[{"width":1024,"height":1024,"url":"https:\/\/talkpal.ai\/wp-content\/uploads\/2024\/10\/talkpal_flat_illustration_of_a_employees_working_together_happi_c674ff77-e477-4e09-835a-01d30e561e99.png","type":"image\/png"}],"twitter_card":"summary_large_image","twitter_site":"@talkpalai","twitter_misc":{"Ber\u00e4knad l\u00e4stid":"4 minuter"},"schema":{"@context":"https:\/\/schema.org","@graph":[{"@type":"WebPage","@id":"https:\/\/talkpal.ai\/sv\/vocabulary\/galiciska-uttryck-for-vader\/","url":"https:\/\/talkpal.ai\/sv\/vocabulary\/galiciska-uttryck-for-vader\/","name":"Galiciska uttryck f\u00f6r v\u00e4der - Talkpal","isPartOf":{"@id":"https:\/\/talkpal.ai\/sv\/#website"},"primaryImageOfPage":{"@id":"https:\/\/talkpal.ai\/sv\/vocabulary\/galiciska-uttryck-for-vader\/#primaryimage"},"image":{"@id":"https:\/\/talkpal.ai\/sv\/vocabulary\/galiciska-uttryck-for-vader\/#primaryimage"},"thumbnailUrl":"https:\/\/talkpal.ai\/wp-content\/uploads\/2025\/12\/pinning-notes-while-learning-languages.webp","datePublished":"2024-06-08T18:49:49+00:00","description":"Att l\u00e4ra sig ett nytt spr\u00e5k inneb\u00e4r ofta att man f\u00f6rdjupar sig i kultur och dagligt tal. Ett av de mest vanliga samtals\u00e4mnena, oavsett spr\u00e5k, \u00e4r v\u00e4dret. I","breadcrumb":{"@id":"https:\/\/talkpal.ai\/sv\/vocabulary\/galiciska-uttryck-for-vader\/#breadcrumb"},"inLanguage":"sv-SE","potentialAction":[{"@type":"ReadAction","target":["https:\/\/talkpal.ai\/sv\/vocabulary\/galiciska-uttryck-for-vader\/"]}]},{"@type":"ImageObject","inLanguage":"sv-SE","@id":"https:\/\/talkpal.ai\/sv\/vocabulary\/galiciska-uttryck-for-vader\/#primaryimage","url":"https:\/\/talkpal.ai\/wp-content\/uploads\/2025\/12\/pinning-notes-while-learning-languages.webp","contentUrl":"https:\/\/talkpal.ai\/wp-content\/uploads\/2025\/12\/pinning-notes-while-learning-languages.webp","width":1200,"height":896,"caption":"A person works on a laptop to learn languages in a room with many notes pinned to the wall."},{"@type":"BreadcrumbList","@id":"https:\/\/talkpal.ai\/sv\/vocabulary\/galiciska-uttryck-for-vader\/#breadcrumb","itemListElement":[{"@type":"ListItem","position":1,"name":"Homepage","item":"https:\/\/talkpal.ai\/sv\/"},{"@type":"ListItem","position":2,"name":"Galiciska uttryck f\u00f6r v\u00e4der"}]},{"@type":"WebSite","@id":"https:\/\/talkpal.ai\/sv\/#website","url":"https:\/\/talkpal.ai\/sv\/","name":"Talkpal","description":"AI Language Learning","publisher":{"@id":"https:\/\/talkpal.ai\/sv\/#organization"},"alternateName":"Talkpal AI","potentialAction":[{"@type":"SearchAction","target":{"@type":"EntryPoint","urlTemplate":"https:\/\/talkpal.ai\/sv\/?s={search_term_string}"},"query-input":{"@type":"PropertyValueSpecification","valueRequired":true,"valueName":"search_term_string"}}],"inLanguage":"sv-SE"},{"@type":"Organization","@id":"https:\/\/talkpal.ai\/sv\/#organization","name":"Talkpal, Inc.","alternateName":"Talkpal AI","url":"https:\/\/talkpal.ai\/sv\/","logo":{"@type":"ImageObject","inLanguage":"sv-SE","@id":"https:\/\/talkpal.ai\/sv\/#\/schema\/logo\/image\/","url":"https:\/\/talkpal.ai\/wp-content\/uploads\/2024\/03\/Talkpal-Logo-Icon.png","contentUrl":"https:\/\/talkpal.ai\/wp-content\/uploads\/2024\/03\/Talkpal-Logo-Icon.png","width":2880,"height":2880,"caption":"Talkpal, Inc."},"image":{"@id":"https:\/\/talkpal.ai\/sv\/#\/schema\/logo\/image\/"},"sameAs":["https:\/\/www.facebook.com\/profile.php?id=100090733639311","https:\/\/x.com\/talkpalai","https:\/\/www.linkedin.com\/company\/talkpal\/","https:\/\/www.youtube.com\/@TalkPal\/","https:\/\/www.tiktok.com\/@talkpal","https:\/\/www.instagram.com\/talkpal_ai\/","https:\/\/www.crunchbase.com\/organization\/talkpal-9cde","https:\/\/www.g2.com\/products\/talkpal-for-business\/","https:\/\/www.trustpilot.com\/review\/talkpal.ai","https:\/\/www.capterra.com\/p\/10006800\/TalkPal\/"],"description":"Talkpal is a language learning web and mobile education app, powered by the latest AI technologies, that provides engaging experiences to its customers in many different languages to help them improve their language skills. Users can chat about unlimited amount of topics with the app and use other modes to practice their language learning.","email":"support@talkpal.ai","legalName":"Talkpal, Inc.","foundingDate":"2023-04-03","duns":"118989042","numberOfEmployees":{"@type":"QuantitativeValue","minValue":"11","maxValue":"50"},"publishingPrinciples":"https:\/\/talkpal.ai\/publishing-principles\/","actionableFeedbackPolicy":"https:\/\/talkpal.ai\/actionable-feedback-policy\/","correctionsPolicy":"https:\/\/talkpal.ai\/corrections-policy\/","ethicsPolicy":"https:\/\/talkpal.ai\/ethics-policy\/","diversityPolicy":"https:\/\/talkpal.ai\/diversity-policy\/","diversityStaffingReport":"https:\/\/talkpal.ai\/diversity-policy\/"}]}},"_links":{"self":[{"href":"https:\/\/talkpal.ai\/sv\/wp-json\/wp\/v2\/vocabulary\/716906","targetHints":{"allow":["GET"]}}],"collection":[{"href":"https:\/\/talkpal.ai\/sv\/wp-json\/wp\/v2\/vocabulary"}],"about":[{"href":"https:\/\/talkpal.ai\/sv\/wp-json\/wp\/v2\/types\/vocabulary"}],"wp:featuredmedia":[{"embeddable":true,"href":"https:\/\/talkpal.ai\/sv\/wp-json\/wp\/v2\/media\/1527872"}],"wp:attachment":[{"href":"https:\/\/talkpal.ai\/sv\/wp-json\/wp\/v2\/media?parent=716906"}],"wp:term":[{"taxonomy":"vocabulary_language","embeddable":true,"href":"https:\/\/talkpal.ai\/sv\/wp-json\/wp\/v2\/vocabulary_language?post=716906"}],"curies":[{"name":"wp","href":"https:\/\/api.w.org\/{rel}","templated":true}]}}