{"id":716905,"date":"2024-06-08T18:49:41","date_gmt":"2024-06-08T18:49:41","guid":{"rendered":"https:\/\/talkpal.ai\/vocabulary\/viktiga-galiciska-ord-for-turister\/"},"modified":"2024-06-08T18:49:41","modified_gmt":"2024-06-08T18:49:41","slug":"viktiga-galiciska-ord-for-turister","status":"publish","type":"vocabulary","link":"https:\/\/talkpal.ai\/sv\/vocabulary\/viktiga-galiciska-ord-for-turister\/","title":{"rendered":"Viktiga galiciska ord f\u00f6r turister"},"content":{"rendered":"<p>Att resa till <a href=\"https:\/\/talkpal.ai\/learn-galician\/\">Galicien<\/a>, en region i nordv\u00e4stra Spanien, kan vara en fantastisk upplevelse. F\u00f6r att f\u00e5 ut det mesta av ditt bes\u00f6k kan det vara till stor hj\u00e4lp att k\u00e4nna till n\u00e5gra viktiga <a href=\"https:\/\/talkpal.ai\/learn-galician\/\">galiciska<\/a> ord och fraser. Galiciska \u00e4r ett romanskt spr\u00e5k som <a href=\"https:\/\/talkpal.ai\/locations\/language-courses-in-talas\/\">talas<\/a> i Galicien och har m\u00e5nga likheter med b\u00e5de <a href=\"https:\/\/talkpal.ai\/learn-spanish\/\">spanska<\/a> och <a href=\"https:\/\/talkpal.ai\/learn-portuguese\/\">portugisiska<\/a>. H\u00e4r \u00e4r en lista med n\u00e5gra grundl\u00e4ggande ord och fraser som kan vara anv\u00e4ndbara f\u00f6r turister.<\/p>\n<h2>Grundl\u00e4ggande H\u00e4lsningsfraser<\/h2>\n<p><b>Ola<\/b> &#8211; Hej<br \/>\n<font color=\"#2D3AC7\">Ola, <a href=\"https:\/\/talkpal.ai\/locations\/language-courses-in-como\/\">como<\/a> est\u00e1s?<\/font><br \/>\nDetta \u00e4r en enkel och v\u00e4nlig h\u00e4lsning som kan anv\u00e4ndas n\u00e4r man m\u00f6ter n\u00e5gon.<\/p>\n<p><b>Bo d\u00eda<\/b> &#8211; <a href=\"https:\/\/talkpal.ai\/culture\/what-is-the-difference-between-god-morgon-and-god-dag\/\">God morgon<\/a><br \/>\n<font color=\"#2D3AC7\">Bo d\u00eda, <a href=\"https:\/\/talkpal.ai\/talkpal-discount-for-test-takers-e-g-toefl-ielts\/\">tes<\/a> un mapa?<\/font><br \/>\nAnv\u00e4nd denna fras f\u00f6r att <a href=\"https:\/\/talkpal.ai\/culture\/what-is-the-difference-between-halsa-pa-and-halsa\/\">h\u00e4lsa p\u00e5<\/a> morgonen.<\/p>\n<p><b>Boas noites<\/b> &#8211; <a href=\"https:\/\/talkpal.ai\/culture\/how-do-you-say-good-night-in-norwegian\/\">God natt<\/a><br \/>\n<font color=\"#2D3AC7\">Boas noites, ata ma\u00f1\u00e1.<\/font><br \/>\nDenna fras anv\u00e4nds n\u00e4r man s\u00e4ger god natt.<\/p>\n<p><b>Grazas<\/b> &#8211; Tack<br \/>\n<font color=\"#2D3AC7\">Grazas pola t\u00faa axuda.<\/font><br \/>\nEtt viktigt ord att kunna f\u00f6r att visa uppskattning.<\/p>\n<p><b>Por favor<\/b> &#8211; Sn\u00e4lla<br \/>\n<font color=\"#2D3AC7\">Podr\u00edas axudarme, por favor?<\/font><br \/>\nAnv\u00e4nds f\u00f6r att g\u00f6ra artiga f\u00f6rfr\u00e5gningar.<\/p>\n<h2>Vanliga Fr\u00e5gor och Svar<\/h2>\n<p><b>Onde est\u00e1&#8230;?<\/b> &#8211; Var \u00e4r&#8230;?<br \/>\n<font color=\"#2D3AC7\">Onde est\u00e1 a estaci\u00f3n de tren?<\/font><br \/>\nEn anv\u00e4ndbar fras f\u00f6r att fr\u00e5ga om v\u00e4gen.<\/p>\n<p><b>Canto custa?<\/b> &#8211; Hur mycket kostar det?<br \/>\n<font color=\"#2D3AC7\">Canto custa esta camiseta?<\/font><br \/>\nBra att veta n\u00e4r man handlar.<\/p>\n<p><b>Qu\u00e9 hora \u00e9?<\/b> &#8211; Vad \u00e4r klockan?<br \/>\n<font color=\"#2D3AC7\">Perdoa, qu\u00e9 hora \u00e9?<\/font><br \/>\nAnv\u00e4nds f\u00f6r att fr\u00e5ga om tiden.<\/p>\n<p><b>Non entendo<\/b> &#8211; Jag f\u00f6rst\u00e5r inte<br \/>\n<font color=\"#2D3AC7\">Desculpa, non entendo o que dis.<\/font><br \/>\nBra att anv\u00e4nda om du inte f\u00f6rst\u00e5r vad n\u00e5gon s\u00e4ger.<\/p>\n<p><b>Onde est\u00e1 o ba\u00f1o?<\/b> &#8211; Var \u00e4r toaletten?<br \/>\n<font color=\"#2D3AC7\">Onde est\u00e1 o ba\u00f1o, por favor?<\/font><br \/>\nEn mycket anv\u00e4ndbar fras n\u00e4r du \u00e4r ute och reser.<\/p>\n<h2>Mat och Dryck<\/h2>\n<p><b>Comida<\/b> &#8211; Mat<br \/>\n<font color=\"#2D3AC7\">A comida aqu\u00ed \u00e9 deliciosa.<\/font><br \/>\nEtt grundl\u00e4ggande ord att veta n\u00e4r du pratar om mat.<\/p>\n<p><b>Bebida<\/b> &#8211; Dryck<br \/>\n<font color=\"#2D3AC7\">Quero pedir unha bebida.<\/font><br \/>\nAnv\u00e4nds n\u00e4r du vill best\u00e4lla en dryck.<\/p>\n<p><b>Augua<\/b> &#8211; Vatten<br \/>\n<font color=\"#2D3AC7\">Podo ter un vaso de augua?<\/font><br \/>\nViktigt att veta n\u00e4r du beh\u00f6ver vatten.<\/p>\n<p><b>Vi\u00f1o<\/b> &#8211; Vin<br \/>\n<font color=\"#2D3AC7\">G\u00fastame moito o vi\u00f1o galego.<\/font><br \/>\nGalicien \u00e4r k\u00e4nt f\u00f6r sina viner, s\u00e5 detta ord kan vara s\u00e4rskilt anv\u00e4ndbart.<\/p>\n<p><b>Pan<\/b> &#8211; Br\u00f6d<br \/>\n<font color=\"#2D3AC7\">O pan aqu\u00ed \u00e9 moi fresco.<\/font><br \/>\nAnv\u00e4nds n\u00e4r du pratar om br\u00f6d.<\/p>\n<h2>Transport och Riktningar<\/h2>\n<p><b>Tren<\/b> &#8211; T\u00e5g<br \/>\n<font color=\"#2D3AC7\">A que hora chega o pr\u00f3ximo tren?<\/font><br \/>\nBra att veta n\u00e4r du reser med t\u00e5g.<\/p>\n<p><b>Autob\u00fas<\/b> &#8211; Buss<br \/>\n<font color=\"#2D3AC7\">Onde est\u00e1 a parada de autob\u00fas?<\/font><br \/>\nAnv\u00e4nds n\u00e4r du letar efter en bussh\u00e5llplats.<\/p>\n<p><b>Aeropuerto<\/b> &#8211; Flygplats<br \/>\n<font color=\"#2D3AC7\">Canto tempo leva chegar ao aeropuerto?<\/font><br \/>\nViktigt om du flyger till eller fr\u00e5n regionen.<\/p>\n<p><b>Taxi<\/b> &#8211; Taxi<br \/>\n<font color=\"#2D3AC7\">Podo coller un taxi aqu\u00ed?<\/font><br \/>\nAnv\u00e4nds n\u00e4r du beh\u00f6ver en taxi.<\/p>\n<p><b>Mapa<\/b> &#8211; Karta<br \/>\n<font color=\"#2D3AC7\">Tes un mapa da cidade?<\/font><br \/>\nBra att ha f\u00f6r att navigera i en ny stad.<\/p>\n<h2>Att Handla<\/h2>\n<p><b>Tenda<\/b> &#8211; Aff\u00e4r<br \/>\n<font color=\"#2D3AC7\">Esta tenda ten moitas cousas interesantes.<\/font><br \/>\nBra att veta n\u00e4r du letar efter en aff\u00e4r.<\/p>\n<p><b>Mercado<\/b> &#8211; Marknad<br \/>\n<font color=\"#2D3AC7\">O mercado est\u00e1 aberto todos os d\u00edas.<\/font><br \/>\nAnv\u00e4ndbart n\u00e4r du bes\u00f6ker lokala marknader.<\/p>\n<p><b>Cartos<\/b> &#8211; Pengar<br \/>\n<font color=\"#2D3AC7\">Necesito cambiar cartos.<\/font><br \/>\nViktigt n\u00e4r du hanterar pengar.<\/p>\n<p><b>Prezo<\/b> &#8211; Pris<br \/>\n<font color=\"#2D3AC7\">Cal \u00e9 o prezo deste artigo?<\/font><br \/>\nAnv\u00e4nds n\u00e4r du fr\u00e5gar om priset p\u00e5 n\u00e5got.<\/p>\n<p><b>Desconto<\/b> &#8211; Rabatt<br \/>\n<font color=\"#2D3AC7\">Hai alg\u00fan desconto para estudantes?<\/font><br \/>\nBra att veta om du letar efter rabatter.<\/p>\n<h2>N\u00f6dsituationer<\/h2>\n<p><b>Axuda<\/b> &#8211; Hj\u00e4lp<br \/>\n<font color=\"#2D3AC7\">Necesito axuda urxente.<\/font><br \/>\nEtt mycket viktigt ord att veta i n\u00f6dsituationer.<\/p>\n<p><b>Hospital<\/b> &#8211; Sjukhus<br \/>\n<font color=\"#2D3AC7\">Onde est\u00e1 o hospital m\u00e1is pr\u00f3ximo?<\/font><br \/>\nViktigt att veta om du beh\u00f6ver medicinsk hj\u00e4lp.<\/p>\n<p><b>Polic\u00eda<\/b> &#8211; Polis<br \/>\n<font color=\"#2D3AC7\">Necesito chamar \u00e1 polic\u00eda.<\/font><br \/>\nAnv\u00e4nds n\u00e4r du beh\u00f6ver kontakta polisen.<\/p>\n<p><b>Ambulancia<\/b> &#8211; Ambulans<br \/>\n<font color=\"#2D3AC7\">Por favor, chama a unha ambulancia.<\/font><br \/>\nAnv\u00e4nds i medicinska n\u00f6dsituationer.<\/p>\n<p><b>Fogo<\/b> &#8211; Eld<br \/>\n<font color=\"#2D3AC7\">Hai un fogo no edificio.<\/font><br \/>\nEtt viktigt ord att veta i h\u00e4ndelse av brand.<\/p>\n<h2>Sociala Fraser<\/h2>\n<p><b>Como te chamas?<\/b> &#8211; Vad heter du?<br \/>\n<font color=\"#2D3AC7\">Como te chamas? Eu ch\u00e1mome Ana.<\/font><br \/>\nAnv\u00e4nds n\u00e4r du vill veta n\u00e5gons namn.<\/p>\n<p><b>Encantado\/Encantada<\/b> &#8211; Trevligt att tr\u00e4ffas<br \/>\n<font color=\"#2D3AC7\">Encantado de co\u00f1ecerte.<\/font><br \/>\nEn artig fras att anv\u00e4nda n\u00e4r du m\u00f6ter n\u00e5gon ny.<\/p>\n<p><b>De onde es?<\/b> &#8211; Var kommer du ifr\u00e5n?<br \/>\n<font color=\"#2D3AC7\">De onde es? Eu son de Suecia.<\/font><br \/>\nAnv\u00e4nds n\u00e4r du fr\u00e5gar om n\u00e5gons ursprung.<\/p>\n<p><b>Que fas?<\/b> &#8211; Vad g\u00f6r du?<br \/>\n<font color=\"#2D3AC7\">Que fas para traballar?<\/font><br \/>\nAnv\u00e4nds n\u00e4r du fr\u00e5gar om n\u00e5gons yrke eller aktivitet.<\/p>\n<p><b>G\u00fastache&#8230;?<\/b> &#8211; Gillar du&#8230;?<br \/>\n<font color=\"#2D3AC7\">G\u00fastache a m\u00fasica galega?<\/font><br \/>\nAnv\u00e4nds n\u00e4r du vill veta om n\u00e5gon gillar n\u00e5got.<\/p>\n<h2>Avslutande Ord<\/h2>\n<p>Att l\u00e4ra sig n\u00e5gra grundl\u00e4ggande galiciska ord och fraser kan g\u00f6ra din resa till Galicien mycket mer givande och njutbar. Lokalbefolkningen kommer att uppskatta ditt f\u00f6rs\u00f6k att tala deras spr\u00e5k, och du kommer att kunna navigera mer effektivt och ha en djupare f\u00f6rst\u00e5else f\u00f6r kulturen. \u00d6va dessa ord och fraser innan du \u00e5ker, och tveka inte att anv\u00e4nda dem n\u00e4r du \u00e4r d\u00e4r. Boa viaxe! (Trevlig resa!)<\/p>\n","protected":false},"featured_media":1527929,"template":"","vocabulary_language":[4184],"class_list":["post-716905","vocabulary","type-vocabulary","status-publish","has-post-thumbnail","hentry","vocabulary_language-galiciska"],"acf":[],"yoast_head":"<!-- This site is optimized with the Yoast SEO Premium plugin v27.2 (Yoast SEO v27.2) - https:\/\/yoast.com\/product\/yoast-seo-premium-wordpress\/ -->\n<title>Viktiga galiciska ord f\u00f6r turister - Talkpal<\/title>\n<meta name=\"description\" content=\"Att resa till Galicien, en region i nordv\u00e4stra Spanien, kan vara en fantastisk upplevelse. F\u00f6r att f\u00e5 ut det mesta av ditt bes\u00f6k kan det vara till stor\" \/>\n<meta name=\"robots\" content=\"index, follow, max-snippet:-1, max-image-preview:large, max-video-preview:-1\" \/>\n<link rel=\"canonical\" href=\"https:\/\/talkpal.ai\/sv\/vocabulary\/viktiga-galiciska-ord-for-turister\/\" \/>\n<meta property=\"og:locale\" content=\"sv_SE\" \/>\n<meta property=\"og:type\" content=\"article\" \/>\n<meta property=\"og:title\" content=\"Viktiga galiciska ord f\u00f6r turister\" \/>\n<meta property=\"og:description\" content=\"Att resa till Galicien, en region i nordv\u00e4stra Spanien, kan vara en fantastisk upplevelse. F\u00f6r att f\u00e5 ut det mesta av ditt bes\u00f6k kan det vara till stor\" \/>\n<meta property=\"og:url\" content=\"https:\/\/talkpal.ai\/sv\/vocabulary\/viktiga-galiciska-ord-for-turister\/\" \/>\n<meta property=\"og:site_name\" content=\"Talkpal\" \/>\n<meta property=\"article:publisher\" content=\"https:\/\/www.facebook.com\/profile.php?id=100090733639311\" \/>\n<meta property=\"og:image\" content=\"https:\/\/talkpal.ai\/wp-content\/uploads\/2024\/10\/talkpal_flat_illustration_of_a_employees_working_together_happi_c674ff77-e477-4e09-835a-01d30e561e99.png\" \/>\n\t<meta property=\"og:image:width\" content=\"1024\" \/>\n\t<meta property=\"og:image:height\" content=\"1024\" \/>\n\t<meta property=\"og:image:type\" content=\"image\/png\" \/>\n<meta name=\"twitter:card\" content=\"summary_large_image\" \/>\n<meta name=\"twitter:site\" content=\"@talkpalai\" \/>\n<meta name=\"twitter:label1\" content=\"Ber\u00e4knad l\u00e4stid\" \/>\n\t<meta name=\"twitter:data1\" content=\"5 minuter\" \/>\n<script type=\"application\/ld+json\" class=\"yoast-schema-graph\">{\"@context\":\"https:\/\/schema.org\",\"@graph\":[{\"@type\":\"WebPage\",\"@id\":\"https:\/\/talkpal.ai\/sv\/vocabulary\/viktiga-galiciska-ord-for-turister\/\",\"url\":\"https:\/\/talkpal.ai\/sv\/vocabulary\/viktiga-galiciska-ord-for-turister\/\",\"name\":\"Viktiga galiciska ord f\u00f6r turister - Talkpal\",\"isPartOf\":{\"@id\":\"https:\/\/talkpal.ai\/sv\/#website\"},\"primaryImageOfPage\":{\"@id\":\"https:\/\/talkpal.ai\/sv\/vocabulary\/viktiga-galiciska-ord-for-turister\/#primaryimage\"},\"image\":{\"@id\":\"https:\/\/talkpal.ai\/sv\/vocabulary\/viktiga-galiciska-ord-for-turister\/#primaryimage\"},\"thumbnailUrl\":\"https:\/\/talkpal.ai\/wp-content\/uploads\/2025\/12\/students-at-night-learning-languages-quietly.webp\",\"datePublished\":\"2024-06-08T18:49:41+00:00\",\"description\":\"Att resa till Galicien, en region i nordv\u00e4stra Spanien, kan vara en fantastisk upplevelse. F\u00f6r att f\u00e5 ut det mesta av ditt bes\u00f6k kan det vara till stor\",\"breadcrumb\":{\"@id\":\"https:\/\/talkpal.ai\/sv\/vocabulary\/viktiga-galiciska-ord-for-turister\/#breadcrumb\"},\"inLanguage\":\"sv-SE\",\"potentialAction\":[{\"@type\":\"ReadAction\",\"target\":[\"https:\/\/talkpal.ai\/sv\/vocabulary\/viktiga-galiciska-ord-for-turister\/\"]}]},{\"@type\":\"ImageObject\",\"inLanguage\":\"sv-SE\",\"@id\":\"https:\/\/talkpal.ai\/sv\/vocabulary\/viktiga-galiciska-ord-for-turister\/#primaryimage\",\"url\":\"https:\/\/talkpal.ai\/wp-content\/uploads\/2025\/12\/students-at-night-learning-languages-quietly.webp\",\"contentUrl\":\"https:\/\/talkpal.ai\/wp-content\/uploads\/2025\/12\/students-at-night-learning-languages-quietly.webp\",\"width\":1200,\"height\":896,\"caption\":\"Students sit at a long table with laptops and lamps in a dark library for learning languages.\"},{\"@type\":\"BreadcrumbList\",\"@id\":\"https:\/\/talkpal.ai\/sv\/vocabulary\/viktiga-galiciska-ord-for-turister\/#breadcrumb\",\"itemListElement\":[{\"@type\":\"ListItem\",\"position\":1,\"name\":\"Homepage\",\"item\":\"https:\/\/talkpal.ai\/sv\/\"},{\"@type\":\"ListItem\",\"position\":2,\"name\":\"Viktiga galiciska ord f\u00f6r turister\"}]},{\"@type\":\"WebSite\",\"@id\":\"https:\/\/talkpal.ai\/sv\/#website\",\"url\":\"https:\/\/talkpal.ai\/sv\/\",\"name\":\"Talkpal\",\"description\":\"AI Language Learning\",\"publisher\":{\"@id\":\"https:\/\/talkpal.ai\/sv\/#organization\"},\"alternateName\":\"Talkpal AI\",\"potentialAction\":[{\"@type\":\"SearchAction\",\"target\":{\"@type\":\"EntryPoint\",\"urlTemplate\":\"https:\/\/talkpal.ai\/sv\/?s={search_term_string}\"},\"query-input\":{\"@type\":\"PropertyValueSpecification\",\"valueRequired\":true,\"valueName\":\"search_term_string\"}}],\"inLanguage\":\"sv-SE\"},{\"@type\":\"Organization\",\"@id\":\"https:\/\/talkpal.ai\/sv\/#organization\",\"name\":\"Talkpal, Inc.\",\"alternateName\":\"Talkpal AI\",\"url\":\"https:\/\/talkpal.ai\/sv\/\",\"logo\":{\"@type\":\"ImageObject\",\"inLanguage\":\"sv-SE\",\"@id\":\"https:\/\/talkpal.ai\/sv\/#\/schema\/logo\/image\/\",\"url\":\"https:\/\/talkpal.ai\/wp-content\/uploads\/2024\/03\/Talkpal-Logo-Icon.png\",\"contentUrl\":\"https:\/\/talkpal.ai\/wp-content\/uploads\/2024\/03\/Talkpal-Logo-Icon.png\",\"width\":2880,\"height\":2880,\"caption\":\"Talkpal, Inc.\"},\"image\":{\"@id\":\"https:\/\/talkpal.ai\/sv\/#\/schema\/logo\/image\/\"},\"sameAs\":[\"https:\/\/www.facebook.com\/profile.php?id=100090733639311\",\"https:\/\/x.com\/talkpalai\",\"https:\/\/www.linkedin.com\/company\/talkpal\/\",\"https:\/\/www.youtube.com\/@TalkPal\/\",\"https:\/\/www.tiktok.com\/@talkpal\",\"https:\/\/www.instagram.com\/talkpal_ai\/\",\"https:\/\/www.crunchbase.com\/organization\/talkpal-9cde\",\"https:\/\/www.g2.com\/products\/talkpal-for-business\/\",\"https:\/\/www.trustpilot.com\/review\/talkpal.ai\",\"https:\/\/www.capterra.com\/p\/10006800\/TalkPal\/\"],\"description\":\"Talkpal is a language learning web and mobile education app, powered by the latest AI technologies, that provides engaging experiences to its customers in many different languages to help them improve their language skills. Users can chat about unlimited amount of topics with the app and use other modes to practice their language learning.\",\"email\":\"support@talkpal.ai\",\"legalName\":\"Talkpal, Inc.\",\"foundingDate\":\"2023-04-03\",\"duns\":\"118989042\",\"numberOfEmployees\":{\"@type\":\"QuantitativeValue\",\"minValue\":\"11\",\"maxValue\":\"50\"},\"publishingPrinciples\":\"https:\/\/talkpal.ai\/publishing-principles\/\",\"actionableFeedbackPolicy\":\"https:\/\/talkpal.ai\/actionable-feedback-policy\/\",\"correctionsPolicy\":\"https:\/\/talkpal.ai\/corrections-policy\/\",\"ethicsPolicy\":\"https:\/\/talkpal.ai\/ethics-policy\/\",\"diversityPolicy\":\"https:\/\/talkpal.ai\/diversity-policy\/\",\"diversityStaffingReport\":\"https:\/\/talkpal.ai\/diversity-policy\/\"}]}<\/script>\n<!-- \/ Yoast SEO Premium plugin. -->","yoast_head_json":{"title":"Viktiga galiciska ord f\u00f6r turister - Talkpal","description":"Att resa till Galicien, en region i nordv\u00e4stra Spanien, kan vara en fantastisk upplevelse. F\u00f6r att f\u00e5 ut det mesta av ditt bes\u00f6k kan det vara till stor","robots":{"index":"index","follow":"follow","max-snippet":"max-snippet:-1","max-image-preview":"max-image-preview:large","max-video-preview":"max-video-preview:-1"},"canonical":"https:\/\/talkpal.ai\/sv\/vocabulary\/viktiga-galiciska-ord-for-turister\/","og_locale":"sv_SE","og_type":"article","og_title":"Viktiga galiciska ord f\u00f6r turister","og_description":"Att resa till Galicien, en region i nordv\u00e4stra Spanien, kan vara en fantastisk upplevelse. F\u00f6r att f\u00e5 ut det mesta av ditt bes\u00f6k kan det vara till stor","og_url":"https:\/\/talkpal.ai\/sv\/vocabulary\/viktiga-galiciska-ord-for-turister\/","og_site_name":"Talkpal","article_publisher":"https:\/\/www.facebook.com\/profile.php?id=100090733639311","og_image":[{"width":1024,"height":1024,"url":"https:\/\/talkpal.ai\/wp-content\/uploads\/2024\/10\/talkpal_flat_illustration_of_a_employees_working_together_happi_c674ff77-e477-4e09-835a-01d30e561e99.png","type":"image\/png"}],"twitter_card":"summary_large_image","twitter_site":"@talkpalai","twitter_misc":{"Ber\u00e4knad l\u00e4stid":"5 minuter"},"schema":{"@context":"https:\/\/schema.org","@graph":[{"@type":"WebPage","@id":"https:\/\/talkpal.ai\/sv\/vocabulary\/viktiga-galiciska-ord-for-turister\/","url":"https:\/\/talkpal.ai\/sv\/vocabulary\/viktiga-galiciska-ord-for-turister\/","name":"Viktiga galiciska ord f\u00f6r turister - Talkpal","isPartOf":{"@id":"https:\/\/talkpal.ai\/sv\/#website"},"primaryImageOfPage":{"@id":"https:\/\/talkpal.ai\/sv\/vocabulary\/viktiga-galiciska-ord-for-turister\/#primaryimage"},"image":{"@id":"https:\/\/talkpal.ai\/sv\/vocabulary\/viktiga-galiciska-ord-for-turister\/#primaryimage"},"thumbnailUrl":"https:\/\/talkpal.ai\/wp-content\/uploads\/2025\/12\/students-at-night-learning-languages-quietly.webp","datePublished":"2024-06-08T18:49:41+00:00","description":"Att resa till Galicien, en region i nordv\u00e4stra Spanien, kan vara en fantastisk upplevelse. F\u00f6r att f\u00e5 ut det mesta av ditt bes\u00f6k kan det vara till stor","breadcrumb":{"@id":"https:\/\/talkpal.ai\/sv\/vocabulary\/viktiga-galiciska-ord-for-turister\/#breadcrumb"},"inLanguage":"sv-SE","potentialAction":[{"@type":"ReadAction","target":["https:\/\/talkpal.ai\/sv\/vocabulary\/viktiga-galiciska-ord-for-turister\/"]}]},{"@type":"ImageObject","inLanguage":"sv-SE","@id":"https:\/\/talkpal.ai\/sv\/vocabulary\/viktiga-galiciska-ord-for-turister\/#primaryimage","url":"https:\/\/talkpal.ai\/wp-content\/uploads\/2025\/12\/students-at-night-learning-languages-quietly.webp","contentUrl":"https:\/\/talkpal.ai\/wp-content\/uploads\/2025\/12\/students-at-night-learning-languages-quietly.webp","width":1200,"height":896,"caption":"Students sit at a long table with laptops and lamps in a dark library for learning languages."},{"@type":"BreadcrumbList","@id":"https:\/\/talkpal.ai\/sv\/vocabulary\/viktiga-galiciska-ord-for-turister\/#breadcrumb","itemListElement":[{"@type":"ListItem","position":1,"name":"Homepage","item":"https:\/\/talkpal.ai\/sv\/"},{"@type":"ListItem","position":2,"name":"Viktiga galiciska ord f\u00f6r turister"}]},{"@type":"WebSite","@id":"https:\/\/talkpal.ai\/sv\/#website","url":"https:\/\/talkpal.ai\/sv\/","name":"Talkpal","description":"AI Language Learning","publisher":{"@id":"https:\/\/talkpal.ai\/sv\/#organization"},"alternateName":"Talkpal AI","potentialAction":[{"@type":"SearchAction","target":{"@type":"EntryPoint","urlTemplate":"https:\/\/talkpal.ai\/sv\/?s={search_term_string}"},"query-input":{"@type":"PropertyValueSpecification","valueRequired":true,"valueName":"search_term_string"}}],"inLanguage":"sv-SE"},{"@type":"Organization","@id":"https:\/\/talkpal.ai\/sv\/#organization","name":"Talkpal, Inc.","alternateName":"Talkpal AI","url":"https:\/\/talkpal.ai\/sv\/","logo":{"@type":"ImageObject","inLanguage":"sv-SE","@id":"https:\/\/talkpal.ai\/sv\/#\/schema\/logo\/image\/","url":"https:\/\/talkpal.ai\/wp-content\/uploads\/2024\/03\/Talkpal-Logo-Icon.png","contentUrl":"https:\/\/talkpal.ai\/wp-content\/uploads\/2024\/03\/Talkpal-Logo-Icon.png","width":2880,"height":2880,"caption":"Talkpal, Inc."},"image":{"@id":"https:\/\/talkpal.ai\/sv\/#\/schema\/logo\/image\/"},"sameAs":["https:\/\/www.facebook.com\/profile.php?id=100090733639311","https:\/\/x.com\/talkpalai","https:\/\/www.linkedin.com\/company\/talkpal\/","https:\/\/www.youtube.com\/@TalkPal\/","https:\/\/www.tiktok.com\/@talkpal","https:\/\/www.instagram.com\/talkpal_ai\/","https:\/\/www.crunchbase.com\/organization\/talkpal-9cde","https:\/\/www.g2.com\/products\/talkpal-for-business\/","https:\/\/www.trustpilot.com\/review\/talkpal.ai","https:\/\/www.capterra.com\/p\/10006800\/TalkPal\/"],"description":"Talkpal is a language learning web and mobile education app, powered by the latest AI technologies, that provides engaging experiences to its customers in many different languages to help them improve their language skills. Users can chat about unlimited amount of topics with the app and use other modes to practice their language learning.","email":"support@talkpal.ai","legalName":"Talkpal, Inc.","foundingDate":"2023-04-03","duns":"118989042","numberOfEmployees":{"@type":"QuantitativeValue","minValue":"11","maxValue":"50"},"publishingPrinciples":"https:\/\/talkpal.ai\/publishing-principles\/","actionableFeedbackPolicy":"https:\/\/talkpal.ai\/actionable-feedback-policy\/","correctionsPolicy":"https:\/\/talkpal.ai\/corrections-policy\/","ethicsPolicy":"https:\/\/talkpal.ai\/ethics-policy\/","diversityPolicy":"https:\/\/talkpal.ai\/diversity-policy\/","diversityStaffingReport":"https:\/\/talkpal.ai\/diversity-policy\/"}]}},"_links":{"self":[{"href":"https:\/\/talkpal.ai\/sv\/wp-json\/wp\/v2\/vocabulary\/716905","targetHints":{"allow":["GET"]}}],"collection":[{"href":"https:\/\/talkpal.ai\/sv\/wp-json\/wp\/v2\/vocabulary"}],"about":[{"href":"https:\/\/talkpal.ai\/sv\/wp-json\/wp\/v2\/types\/vocabulary"}],"wp:featuredmedia":[{"embeddable":true,"href":"https:\/\/talkpal.ai\/sv\/wp-json\/wp\/v2\/media\/1527929"}],"wp:attachment":[{"href":"https:\/\/talkpal.ai\/sv\/wp-json\/wp\/v2\/media?parent=716905"}],"wp:term":[{"taxonomy":"vocabulary_language","embeddable":true,"href":"https:\/\/talkpal.ai\/sv\/wp-json\/wp\/v2\/vocabulary_language?post=716905"}],"curies":[{"name":"wp","href":"https:\/\/api.w.org\/{rel}","templated":true}]}}