{"id":716895,"date":"2024-06-08T18:48:34","date_gmt":"2024-06-08T18:48:34","guid":{"rendered":"https:\/\/talkpal.ai\/vocabulary\/farger-och-beskrivningar-pa-estniska\/"},"modified":"2024-06-08T18:48:34","modified_gmt":"2024-06-08T18:48:34","slug":"farger-och-beskrivningar-pa-estniska","status":"publish","type":"vocabulary","link":"https:\/\/talkpal.ai\/sv\/vocabulary\/farger-och-beskrivningar-pa-estniska\/","title":{"rendered":"F\u00e4rger och beskrivningar p\u00e5 estniska"},"content":{"rendered":"<p>F\u00e4rger \u00e4r en grundl\u00e4ggande del av v\u00e5rt dagliga spr\u00e5k och kultur. Att kunna beskriva f\u00e4rger p\u00e5 ett nytt spr\u00e5k kan vara b\u00e5de roligt och anv\u00e4ndbart. I <a href=\"https:\/\/talkpal.ai\/culture\/how-do-i-use-den-har-and-det-har\/\">den h\u00e4r<\/a> artikeln ska vi utforska de <a href=\"https:\/\/talkpal.ai\/learn-estonian\/\">estniska<\/a> orden f\u00f6r olika f\u00e4rger och hur man kan anv\u00e4nda dem i meningar. Vi kommer ocks\u00e5 att titta p\u00e5 n\u00e5gra beskrivande adjektiv som kan hj\u00e4lpa dig att mer exakt beskriva f\u00f6rem\u00e5l och situationer.<\/p>\n<h2>Grundl\u00e4ggande f\u00e4rger<\/h2>\n<p>L\u00e5t <a href=\"https:\/\/talkpal.ai\/locations\/language-courses-in-oss\/\">oss<\/a> b\u00f6rja med de grundl\u00e4ggande f\u00e4rgerna som du kommer att anv\u00e4nda mest.<\/p>\n<p><b>punane<\/b> &#8211; r\u00f6d<br \/>\n<font color=\"#2D3AC7\">Ma armastan <b>punane<\/b> roose.<\/font><\/p>\n<p><b>sinine<\/b> &#8211; bl\u00e5<br \/>\n<font color=\"#2D3AC7\">Tema silmad on <b>sinine<\/b>.<\/font><\/p>\n<p><b>kollane<\/b> &#8211; gul<br \/>\n<font color=\"#2D3AC7\">P\u00e4ike on t\u00e4na v\u00e4ga <b>kollane<\/b>.<\/font><\/p>\n<p><b>roheline<\/b> &#8211; gr\u00f6n<br \/>\n<font color=\"#2D3AC7\">Muru on suvel <b>roheline<\/b>.<\/font><\/p>\n<p><b>must<\/b> &#8211; svart<br \/>\n<font color=\"#2D3AC7\">Ta kannab alati <b>must<\/b> riideid.<\/font><\/p>\n<p><b>valge<\/b> &#8211; vit<br \/>\n<font color=\"#2D3AC7\">Lumi on <b>valge<\/b>.<\/font><\/p>\n<h2>Andra vanliga f\u00e4rger<\/h2>\n<p>Ut\u00f6ver grundf\u00e4rgerna finns det andra vanliga f\u00e4rger som kan vara <a href=\"https:\/\/talkpal.ai\/locations\/learn-english-in-bra\/\">bra<\/a> att k\u00e4nna till.<\/p>\n<p><b>pruun<\/b> &#8211; brun<br \/>\n<font color=\"#2D3AC7\">Tema juuksed on <b>pruun<\/b>.<\/font><\/p>\n<p><b>hall<\/b> &#8211; gr\u00e5<br \/>\n<font color=\"#2D3AC7\">Taevas on t\u00e4na <b>hall<\/b>.<\/font><\/p>\n<p><b>roosa<\/b> &#8211; rosa<br \/>\n<font color=\"#2D3AC7\">T\u00fcdrukul on <b>roosa<\/b> kleit.<\/font><\/p>\n<p><b>lilla<\/b> &#8211; lila<br \/>\n<font color=\"#2D3AC7\">Lilled on <b>lilla<\/b> v\u00e4rvi.<\/font><\/p>\n<p><b>oran\u017e<\/b> &#8211; <a href=\"https:\/\/talkpal.ai\/locations\/language-courses-in-orange\/\">orange<\/a><br \/>\n<font color=\"#2D3AC7\">K\u00f5rvits on <b>oran\u017e<\/b>.<\/font><\/p>\n<p><b>bee\u017e<\/b> &#8211; beige<br \/>\n<font color=\"#2D3AC7\">Tema maja on <b>bee\u017e<\/b>.<\/font><\/p>\n<h2>Beskrivande adjektiv<\/h2>\n<p>F\u00f6r att g\u00f6ra dina f\u00e4rgbeskrivningar mer exakta kan du anv\u00e4nda olika adjektiv.<\/p>\n<p><b>hele<\/b> &#8211; ljus<br \/>\n<font color=\"#2D3AC7\">Ta kandis <b>hele<\/b> kollast kleiti.<\/font><\/p>\n<p><b>tume<\/b> &#8211; m\u00f6rk<br \/>\n<font color=\"#2D3AC7\">\u00d6\u00f6sel on taevas <b>tume<\/b> sinine.<\/font><\/p>\n<p><b>erks<\/b> &#8211; klar<br \/>\n<font color=\"#2D3AC7\">Tema uus auto on <b>erks<\/b> punane.<\/font><\/p>\n<p><b>tuim<\/b> &#8211; matt<br \/>\n<font color=\"#2D3AC7\">Sein v\u00e4rv on <b>tuim<\/b> hall.<\/font><\/p>\n<p><b>varjund<\/b> &#8211; nyans<br \/>\n<font color=\"#2D3AC7\">See roheline on huvitav <b>varjund<\/b>.<\/font><\/p>\n<p><b>v\u00e4rviline<\/b> &#8211; f\u00e4rgglad<br \/>\n<font color=\"#2D3AC7\">Lapsed joonistasid <b>v\u00e4rviline<\/b> pildi.<\/font><\/p>\n<h2>Sammanfattning och \u00f6vning<\/h2>\n<p>Nu n\u00e4r du har l\u00e4rt dig de grundl\u00e4ggande f\u00e4rgerna och n\u00e5gra beskrivande adjektiv p\u00e5 estniska, \u00e4r det dags att \u00f6va. F\u00f6rs\u00f6k att beskriva olika f\u00f6rem\u00e5l runt omkring dig med hj\u00e4lp av de nya orden du har l\u00e4rt dig. H\u00e4r \u00e4r n\u00e5gra exempelmeningar f\u00f6r att <a href=\"https:\/\/talkpal.ai\/ko\/ai-%ec%96%b8%ec%96%b4-%ea%b5%90%ec%82%ac\/\">komma ig\u00e5ng<\/a>:<\/p>\n<p><b>punane<\/b> &#8211; r\u00f6d<br \/>\n<font color=\"#2D3AC7\">Ma armastan <b>punane<\/b> roose.<\/font><\/p>\n<p><b>sinine<\/b> &#8211; bl\u00e5<br \/>\n<font color=\"#2D3AC7\">Tema silmad on <b>sinine<\/b>.<\/font><\/p>\n<p><b>kollane<\/b> &#8211; gul<br \/>\n<font color=\"#2D3AC7\">P\u00e4ike on t\u00e4na v\u00e4ga <b>kollane<\/b>.<\/font><\/p>\n<p><b>roheline<\/b> &#8211; gr\u00f6n<br \/>\n<font color=\"#2D3AC7\">Muru on suvel <b>roheline<\/b>.<\/font><\/p>\n<p><b>must<\/b> &#8211; svart<br \/>\n<font color=\"#2D3AC7\">Ta kannab alati <b>must<\/b> riideid.<\/font><\/p>\n<p><b>valge<\/b> &#8211; vit<br \/>\n<font color=\"#2D3AC7\">Lumi on <b>valge<\/b>.<\/font><\/p>\n<p><b>pruun<\/b> &#8211; brun<br \/>\n<font color=\"#2D3AC7\">Tema juuksed on <b>pruun<\/b>.<\/font><\/p>\n<p><b>hall<\/b> &#8211; gr\u00e5<br \/>\n<font color=\"#2D3AC7\">Taevas on t\u00e4na <b>hall<\/b>.<\/font><\/p>\n<p><b>roosa<\/b> &#8211; rosa<br \/>\n<font color=\"#2D3AC7\">T\u00fcdrukul on <b>roosa<\/b> kleit.<\/font><\/p>\n<p><b>lilla<\/b> &#8211; lila<br \/>\n<font color=\"#2D3AC7\">Lilled on <b>lilla<\/b> v\u00e4rvi.<\/font><\/p>\n<p><b>oran\u017e<\/b> &#8211; orange<br \/>\n<font color=\"#2D3AC7\">K\u00f5rvits on <b>oran\u017e<\/b>.<\/font><\/p>\n<p><b>bee\u017e<\/b> &#8211; beige<br \/>\n<font color=\"#2D3AC7\">Tema maja on <b>bee\u017e<\/b>.<\/font><\/p>\n<p><b>hele<\/b> &#8211; ljus<br \/>\n<font color=\"#2D3AC7\">Ta kandis <b>hele<\/b> kollast kleiti.<\/font><\/p>\n<p><b>tume<\/b> &#8211; m\u00f6rk<br \/>\n<font color=\"#2D3AC7\">\u00d6\u00f6sel on taevas <b>tume<\/b> sinine.<\/font><\/p>\n<p><b>erks<\/b> &#8211; klar<br \/>\n<font color=\"#2D3AC7\">Tema uus auto on <b>erks<\/b> punane.<\/font><\/p>\n<p><b>tuim<\/b> &#8211; matt<br \/>\n<font color=\"#2D3AC7\">Sein v\u00e4rv on <b>tuim<\/b> hall.<\/font><\/p>\n<p><b>varjund<\/b> &#8211; nyans<br \/>\n<font color=\"#2D3AC7\">See roheline on huvitav <b>varjund<\/b>.<\/font><\/p>\n<p><b>v\u00e4rviline<\/b> &#8211; f\u00e4rgglad<br \/>\n<font color=\"#2D3AC7\">Lapsed joonistasid <b>v\u00e4rviline<\/b> pildi.<\/font><\/p>\n<p>Genom att \u00f6va dessa ord och meningar kommer du snart att bli bekv\u00e4m med att anv\u00e4nda f\u00e4rger och beskrivningar p\u00e5 estniska. Lycka till med ditt spr\u00e5kstudium!<\/p>\n","protected":false},"featured_media":1527956,"template":"","vocabulary_language":[4183],"class_list":["post-716895","vocabulary","type-vocabulary","status-publish","has-post-thumbnail","hentry","vocabulary_language-estniska"],"acf":[],"yoast_head":"<!-- This site is optimized with the Yoast SEO Premium plugin v27.2 (Yoast SEO v27.2) - https:\/\/yoast.com\/product\/yoast-seo-premium-wordpress\/ -->\n<title>F\u00e4rger och beskrivningar p\u00e5 estniska - Talkpal<\/title>\n<meta name=\"description\" content=\"F\u00e4rger \u00e4r en grundl\u00e4ggande del av v\u00e5rt dagliga spr\u00e5k och kultur. Att kunna beskriva f\u00e4rger p\u00e5 ett nytt spr\u00e5k kan vara b\u00e5de roligt och anv\u00e4ndbart. I den\" \/>\n<meta name=\"robots\" content=\"index, follow, max-snippet:-1, max-image-preview:large, max-video-preview:-1\" \/>\n<link rel=\"canonical\" href=\"https:\/\/talkpal.ai\/sv\/vocabulary\/farger-och-beskrivningar-pa-estniska\/\" \/>\n<meta property=\"og:locale\" content=\"sv_SE\" \/>\n<meta property=\"og:type\" content=\"article\" \/>\n<meta property=\"og:title\" content=\"F\u00e4rger och beskrivningar p\u00e5 estniska\" \/>\n<meta property=\"og:description\" content=\"F\u00e4rger \u00e4r en grundl\u00e4ggande del av v\u00e5rt dagliga spr\u00e5k och kultur. Att kunna beskriva f\u00e4rger p\u00e5 ett nytt spr\u00e5k kan vara b\u00e5de roligt och anv\u00e4ndbart. I den\" \/>\n<meta property=\"og:url\" content=\"https:\/\/talkpal.ai\/sv\/vocabulary\/farger-och-beskrivningar-pa-estniska\/\" \/>\n<meta property=\"og:site_name\" content=\"Talkpal\" \/>\n<meta property=\"article:publisher\" content=\"https:\/\/www.facebook.com\/profile.php?id=100090733639311\" \/>\n<meta property=\"og:image\" content=\"https:\/\/talkpal.ai\/wp-content\/uploads\/2024\/10\/talkpal_flat_illustration_of_a_employees_working_together_happi_c674ff77-e477-4e09-835a-01d30e561e99.png\" \/>\n\t<meta property=\"og:image:width\" content=\"1024\" \/>\n\t<meta property=\"og:image:height\" content=\"1024\" \/>\n\t<meta property=\"og:image:type\" content=\"image\/png\" \/>\n<meta name=\"twitter:card\" content=\"summary_large_image\" \/>\n<meta name=\"twitter:site\" content=\"@talkpalai\" \/>\n<meta name=\"twitter:label1\" content=\"Ber\u00e4knad l\u00e4stid\" \/>\n\t<meta name=\"twitter:data1\" content=\"3 minuter\" \/>\n<script type=\"application\/ld+json\" class=\"yoast-schema-graph\">{\"@context\":\"https:\/\/schema.org\",\"@graph\":[{\"@type\":\"WebPage\",\"@id\":\"https:\/\/talkpal.ai\/sv\/vocabulary\/farger-och-beskrivningar-pa-estniska\/\",\"url\":\"https:\/\/talkpal.ai\/sv\/vocabulary\/farger-och-beskrivningar-pa-estniska\/\",\"name\":\"F\u00e4rger och beskrivningar p\u00e5 estniska - Talkpal\",\"isPartOf\":{\"@id\":\"https:\/\/talkpal.ai\/sv\/#website\"},\"primaryImageOfPage\":{\"@id\":\"https:\/\/talkpal.ai\/sv\/vocabulary\/farger-och-beskrivningar-pa-estniska\/#primaryimage\"},\"image\":{\"@id\":\"https:\/\/talkpal.ai\/sv\/vocabulary\/farger-och-beskrivningar-pa-estniska\/#primaryimage\"},\"thumbnailUrl\":\"https:\/\/talkpal.ai\/wp-content\/uploads\/2025\/12\/students-read-to-learn-languages.webp\",\"datePublished\":\"2024-06-08T18:48:34+00:00\",\"description\":\"F\u00e4rger \u00e4r en grundl\u00e4ggande del av v\u00e5rt dagliga spr\u00e5k och kultur. Att kunna beskriva f\u00e4rger p\u00e5 ett nytt spr\u00e5k kan vara b\u00e5de roligt och anv\u00e4ndbart. I den\",\"breadcrumb\":{\"@id\":\"https:\/\/talkpal.ai\/sv\/vocabulary\/farger-och-beskrivningar-pa-estniska\/#breadcrumb\"},\"inLanguage\":\"sv-SE\",\"potentialAction\":[{\"@type\":\"ReadAction\",\"target\":[\"https:\/\/talkpal.ai\/sv\/vocabulary\/farger-och-beskrivningar-pa-estniska\/\"]}]},{\"@type\":\"ImageObject\",\"inLanguage\":\"sv-SE\",\"@id\":\"https:\/\/talkpal.ai\/sv\/vocabulary\/farger-och-beskrivningar-pa-estniska\/#primaryimage\",\"url\":\"https:\/\/talkpal.ai\/wp-content\/uploads\/2025\/12\/students-read-to-learn-languages.webp\",\"contentUrl\":\"https:\/\/talkpal.ai\/wp-content\/uploads\/2025\/12\/students-read-to-learn-languages.webp\",\"width\":1200,\"height\":896,\"caption\":\"Focused students wearing headphones use laptops and books while learning languages.\"},{\"@type\":\"BreadcrumbList\",\"@id\":\"https:\/\/talkpal.ai\/sv\/vocabulary\/farger-och-beskrivningar-pa-estniska\/#breadcrumb\",\"itemListElement\":[{\"@type\":\"ListItem\",\"position\":1,\"name\":\"Homepage\",\"item\":\"https:\/\/talkpal.ai\/sv\/\"},{\"@type\":\"ListItem\",\"position\":2,\"name\":\"F\u00e4rger och beskrivningar p\u00e5 estniska\"}]},{\"@type\":\"WebSite\",\"@id\":\"https:\/\/talkpal.ai\/sv\/#website\",\"url\":\"https:\/\/talkpal.ai\/sv\/\",\"name\":\"Talkpal\",\"description\":\"AI Language Learning\",\"publisher\":{\"@id\":\"https:\/\/talkpal.ai\/sv\/#organization\"},\"alternateName\":\"Talkpal AI\",\"potentialAction\":[{\"@type\":\"SearchAction\",\"target\":{\"@type\":\"EntryPoint\",\"urlTemplate\":\"https:\/\/talkpal.ai\/sv\/?s={search_term_string}\"},\"query-input\":{\"@type\":\"PropertyValueSpecification\",\"valueRequired\":true,\"valueName\":\"search_term_string\"}}],\"inLanguage\":\"sv-SE\"},{\"@type\":\"Organization\",\"@id\":\"https:\/\/talkpal.ai\/sv\/#organization\",\"name\":\"Talkpal, Inc.\",\"alternateName\":\"Talkpal AI\",\"url\":\"https:\/\/talkpal.ai\/sv\/\",\"logo\":{\"@type\":\"ImageObject\",\"inLanguage\":\"sv-SE\",\"@id\":\"https:\/\/talkpal.ai\/sv\/#\/schema\/logo\/image\/\",\"url\":\"https:\/\/talkpal.ai\/wp-content\/uploads\/2024\/03\/Talkpal-Logo-Icon.png\",\"contentUrl\":\"https:\/\/talkpal.ai\/wp-content\/uploads\/2024\/03\/Talkpal-Logo-Icon.png\",\"width\":2880,\"height\":2880,\"caption\":\"Talkpal, Inc.\"},\"image\":{\"@id\":\"https:\/\/talkpal.ai\/sv\/#\/schema\/logo\/image\/\"},\"sameAs\":[\"https:\/\/www.facebook.com\/profile.php?id=100090733639311\",\"https:\/\/x.com\/talkpalai\",\"https:\/\/www.linkedin.com\/company\/talkpal\/\",\"https:\/\/www.youtube.com\/@TalkPal\/\",\"https:\/\/www.tiktok.com\/@talkpal\",\"https:\/\/www.instagram.com\/talkpal_ai\/\",\"https:\/\/www.crunchbase.com\/organization\/talkpal-9cde\",\"https:\/\/www.g2.com\/products\/talkpal-for-business\/\",\"https:\/\/www.trustpilot.com\/review\/talkpal.ai\",\"https:\/\/www.capterra.com\/p\/10006800\/TalkPal\/\"],\"description\":\"Talkpal is a language learning web and mobile education app, powered by the latest AI technologies, that provides engaging experiences to its customers in many different languages to help them improve their language skills. Users can chat about unlimited amount of topics with the app and use other modes to practice their language learning.\",\"email\":\"support@talkpal.ai\",\"legalName\":\"Talkpal, Inc.\",\"foundingDate\":\"2023-04-03\",\"duns\":\"118989042\",\"numberOfEmployees\":{\"@type\":\"QuantitativeValue\",\"minValue\":\"11\",\"maxValue\":\"50\"},\"publishingPrinciples\":\"https:\/\/talkpal.ai\/publishing-principles\/\",\"actionableFeedbackPolicy\":\"https:\/\/talkpal.ai\/actionable-feedback-policy\/\",\"correctionsPolicy\":\"https:\/\/talkpal.ai\/corrections-policy\/\",\"ethicsPolicy\":\"https:\/\/talkpal.ai\/ethics-policy\/\",\"diversityPolicy\":\"https:\/\/talkpal.ai\/diversity-policy\/\",\"diversityStaffingReport\":\"https:\/\/talkpal.ai\/diversity-policy\/\"}]}<\/script>\n<!-- \/ Yoast SEO Premium plugin. -->","yoast_head_json":{"title":"F\u00e4rger och beskrivningar p\u00e5 estniska - Talkpal","description":"F\u00e4rger \u00e4r en grundl\u00e4ggande del av v\u00e5rt dagliga spr\u00e5k och kultur. Att kunna beskriva f\u00e4rger p\u00e5 ett nytt spr\u00e5k kan vara b\u00e5de roligt och anv\u00e4ndbart. I den","robots":{"index":"index","follow":"follow","max-snippet":"max-snippet:-1","max-image-preview":"max-image-preview:large","max-video-preview":"max-video-preview:-1"},"canonical":"https:\/\/talkpal.ai\/sv\/vocabulary\/farger-och-beskrivningar-pa-estniska\/","og_locale":"sv_SE","og_type":"article","og_title":"F\u00e4rger och beskrivningar p\u00e5 estniska","og_description":"F\u00e4rger \u00e4r en grundl\u00e4ggande del av v\u00e5rt dagliga spr\u00e5k och kultur. Att kunna beskriva f\u00e4rger p\u00e5 ett nytt spr\u00e5k kan vara b\u00e5de roligt och anv\u00e4ndbart. I den","og_url":"https:\/\/talkpal.ai\/sv\/vocabulary\/farger-och-beskrivningar-pa-estniska\/","og_site_name":"Talkpal","article_publisher":"https:\/\/www.facebook.com\/profile.php?id=100090733639311","og_image":[{"width":1024,"height":1024,"url":"https:\/\/talkpal.ai\/wp-content\/uploads\/2024\/10\/talkpal_flat_illustration_of_a_employees_working_together_happi_c674ff77-e477-4e09-835a-01d30e561e99.png","type":"image\/png"}],"twitter_card":"summary_large_image","twitter_site":"@talkpalai","twitter_misc":{"Ber\u00e4knad l\u00e4stid":"3 minuter"},"schema":{"@context":"https:\/\/schema.org","@graph":[{"@type":"WebPage","@id":"https:\/\/talkpal.ai\/sv\/vocabulary\/farger-och-beskrivningar-pa-estniska\/","url":"https:\/\/talkpal.ai\/sv\/vocabulary\/farger-och-beskrivningar-pa-estniska\/","name":"F\u00e4rger och beskrivningar p\u00e5 estniska - Talkpal","isPartOf":{"@id":"https:\/\/talkpal.ai\/sv\/#website"},"primaryImageOfPage":{"@id":"https:\/\/talkpal.ai\/sv\/vocabulary\/farger-och-beskrivningar-pa-estniska\/#primaryimage"},"image":{"@id":"https:\/\/talkpal.ai\/sv\/vocabulary\/farger-och-beskrivningar-pa-estniska\/#primaryimage"},"thumbnailUrl":"https:\/\/talkpal.ai\/wp-content\/uploads\/2025\/12\/students-read-to-learn-languages.webp","datePublished":"2024-06-08T18:48:34+00:00","description":"F\u00e4rger \u00e4r en grundl\u00e4ggande del av v\u00e5rt dagliga spr\u00e5k och kultur. Att kunna beskriva f\u00e4rger p\u00e5 ett nytt spr\u00e5k kan vara b\u00e5de roligt och anv\u00e4ndbart. I den","breadcrumb":{"@id":"https:\/\/talkpal.ai\/sv\/vocabulary\/farger-och-beskrivningar-pa-estniska\/#breadcrumb"},"inLanguage":"sv-SE","potentialAction":[{"@type":"ReadAction","target":["https:\/\/talkpal.ai\/sv\/vocabulary\/farger-och-beskrivningar-pa-estniska\/"]}]},{"@type":"ImageObject","inLanguage":"sv-SE","@id":"https:\/\/talkpal.ai\/sv\/vocabulary\/farger-och-beskrivningar-pa-estniska\/#primaryimage","url":"https:\/\/talkpal.ai\/wp-content\/uploads\/2025\/12\/students-read-to-learn-languages.webp","contentUrl":"https:\/\/talkpal.ai\/wp-content\/uploads\/2025\/12\/students-read-to-learn-languages.webp","width":1200,"height":896,"caption":"Focused students wearing headphones use laptops and books while learning languages."},{"@type":"BreadcrumbList","@id":"https:\/\/talkpal.ai\/sv\/vocabulary\/farger-och-beskrivningar-pa-estniska\/#breadcrumb","itemListElement":[{"@type":"ListItem","position":1,"name":"Homepage","item":"https:\/\/talkpal.ai\/sv\/"},{"@type":"ListItem","position":2,"name":"F\u00e4rger och beskrivningar p\u00e5 estniska"}]},{"@type":"WebSite","@id":"https:\/\/talkpal.ai\/sv\/#website","url":"https:\/\/talkpal.ai\/sv\/","name":"Talkpal","description":"AI Language Learning","publisher":{"@id":"https:\/\/talkpal.ai\/sv\/#organization"},"alternateName":"Talkpal AI","potentialAction":[{"@type":"SearchAction","target":{"@type":"EntryPoint","urlTemplate":"https:\/\/talkpal.ai\/sv\/?s={search_term_string}"},"query-input":{"@type":"PropertyValueSpecification","valueRequired":true,"valueName":"search_term_string"}}],"inLanguage":"sv-SE"},{"@type":"Organization","@id":"https:\/\/talkpal.ai\/sv\/#organization","name":"Talkpal, Inc.","alternateName":"Talkpal AI","url":"https:\/\/talkpal.ai\/sv\/","logo":{"@type":"ImageObject","inLanguage":"sv-SE","@id":"https:\/\/talkpal.ai\/sv\/#\/schema\/logo\/image\/","url":"https:\/\/talkpal.ai\/wp-content\/uploads\/2024\/03\/Talkpal-Logo-Icon.png","contentUrl":"https:\/\/talkpal.ai\/wp-content\/uploads\/2024\/03\/Talkpal-Logo-Icon.png","width":2880,"height":2880,"caption":"Talkpal, Inc."},"image":{"@id":"https:\/\/talkpal.ai\/sv\/#\/schema\/logo\/image\/"},"sameAs":["https:\/\/www.facebook.com\/profile.php?id=100090733639311","https:\/\/x.com\/talkpalai","https:\/\/www.linkedin.com\/company\/talkpal\/","https:\/\/www.youtube.com\/@TalkPal\/","https:\/\/www.tiktok.com\/@talkpal","https:\/\/www.instagram.com\/talkpal_ai\/","https:\/\/www.crunchbase.com\/organization\/talkpal-9cde","https:\/\/www.g2.com\/products\/talkpal-for-business\/","https:\/\/www.trustpilot.com\/review\/talkpal.ai","https:\/\/www.capterra.com\/p\/10006800\/TalkPal\/"],"description":"Talkpal is a language learning web and mobile education app, powered by the latest AI technologies, that provides engaging experiences to its customers in many different languages to help them improve their language skills. Users can chat about unlimited amount of topics with the app and use other modes to practice their language learning.","email":"support@talkpal.ai","legalName":"Talkpal, Inc.","foundingDate":"2023-04-03","duns":"118989042","numberOfEmployees":{"@type":"QuantitativeValue","minValue":"11","maxValue":"50"},"publishingPrinciples":"https:\/\/talkpal.ai\/publishing-principles\/","actionableFeedbackPolicy":"https:\/\/talkpal.ai\/actionable-feedback-policy\/","correctionsPolicy":"https:\/\/talkpal.ai\/corrections-policy\/","ethicsPolicy":"https:\/\/talkpal.ai\/ethics-policy\/","diversityPolicy":"https:\/\/talkpal.ai\/diversity-policy\/","diversityStaffingReport":"https:\/\/talkpal.ai\/diversity-policy\/"}]}},"_links":{"self":[{"href":"https:\/\/talkpal.ai\/sv\/wp-json\/wp\/v2\/vocabulary\/716895","targetHints":{"allow":["GET"]}}],"collection":[{"href":"https:\/\/talkpal.ai\/sv\/wp-json\/wp\/v2\/vocabulary"}],"about":[{"href":"https:\/\/talkpal.ai\/sv\/wp-json\/wp\/v2\/types\/vocabulary"}],"wp:featuredmedia":[{"embeddable":true,"href":"https:\/\/talkpal.ai\/sv\/wp-json\/wp\/v2\/media\/1527956"}],"wp:attachment":[{"href":"https:\/\/talkpal.ai\/sv\/wp-json\/wp\/v2\/media?parent=716895"}],"wp:term":[{"taxonomy":"vocabulary_language","embeddable":true,"href":"https:\/\/talkpal.ai\/sv\/wp-json\/wp\/v2\/vocabulary_language?post=716895"}],"curies":[{"name":"wp","href":"https:\/\/api.w.org\/{rel}","templated":true}]}}