{"id":716888,"date":"2024-06-08T18:47:51","date_gmt":"2024-06-08T18:47:51","guid":{"rendered":"https:\/\/talkpal.ai\/vocabulary\/uttryck-relaterade-till-tid-pa-estniska\/"},"modified":"2024-06-08T18:47:51","modified_gmt":"2024-06-08T18:47:51","slug":"uttryck-relaterade-till-tid-pa-estniska","status":"publish","type":"vocabulary","link":"https:\/\/talkpal.ai\/sv\/vocabulary\/uttryck-relaterade-till-tid-pa-estniska\/","title":{"rendered":"Uttryck relaterade till tid p\u00e5 estniska"},"content":{"rendered":"<p>Att l\u00e4ra sig ett nytt spr\u00e5k inneb\u00e4r inte bara att memorera nya ord och grammatikregler, utan \u00e4ven att f\u00f6rst\u00e5 och kunna anv\u00e4nda olika uttryck som \u00e4r unika f\u00f6r det spr\u00e5ket. Ett s\u00e5dant omr\u00e5de \u00e4r uttryck relaterade till tid. I denna artikel kommer vi att utforska n\u00e5gra vanliga <a href=\"https:\/\/talkpal.ai\/learn-estonian\/\">estniska<\/a> uttryck och ord som \u00e4r relaterade till tid, deras betydelser och hur de anv\u00e4nds i meningar. Detta kommer att hj\u00e4lpa dig att b\u00e4ttre f\u00f6rst\u00e5 och anv\u00e4nda estniska i vardagliga konversationer.<\/p>\n<h2>Klockslag och tidpunkter<\/h2>\n<p><b>Kellaaeg<\/b> \u2013 Klockslag<br \/>\nAtt f\u00f6rst\u00e5 klockslag \u00e4r grundl\u00e4ggande n\u00e4r man pratar om tid. P\u00e5 estniska anv\u00e4nds ordet <b>kellaaeg<\/b> f\u00f6r att referera till klockslag.<br \/>\n<font color=\"#2D3AC7\">Kohtume kellaaeg on t\u00e4pselt kell viis.<\/font><\/p>\n<p><b>Hommik<\/b> \u2013 Morgon<br \/>\nMorgon \u00e4r den tid p\u00e5 dagen d\u00e5 solen g\u00e5r upp och dagen b\u00f6rjar. P\u00e5 estniska heter det <b>hommik<\/b>.<br \/>\n<font color=\"#2D3AC7\">Hommikul me k\u00e4ime tavaliselt jooksmas.<\/font><\/p>\n<p><b>P\u00e4ev<\/b> \u2013 Dag<br \/>\nDagen str\u00e4cker sig fr\u00e5n morgon till kv\u00e4ll och kallas p\u00e5 estniska f\u00f6r <b>p\u00e4ev<\/b>.<br \/>\n<font color=\"#2D3AC7\">P\u00e4evad l\u00e4hevad suvel v\u00e4ga kiiresti m\u00f6\u00f6da.<\/font><\/p>\n<p><b>\u00d5htu<\/b> \u2013 Kv\u00e4ll<br \/>\nKv\u00e4llen \u00e4r den tid p\u00e5 dagen d\u00e5 solen g\u00e5r ner och natten b\u00f6rjar. P\u00e5 estniska kallas det <b>\u00f5htu<\/b>.<br \/>\n<font color=\"#2D3AC7\">\u00d5htul me vaatame tihti filme.<\/font><\/p>\n<p><b>\u00d6\u00f6<\/b> \u2013 Natt<br \/>\nNatten \u00e4r den tid d\u00e5 det \u00e4r m\u00f6rkt och folk vanligtvis sover. P\u00e5 estniska heter det <b>\u00f6\u00f6<\/b>.<br \/>\n<font color=\"#2D3AC7\">\u00d6\u00f6sel on linn v\u00e4ga vaikne.<\/font><\/p>\n<p><b>Keskk\u00f6<\/b> \u2013 Midnatt<br \/>\nMidnatt \u00e4r den tidpunkt d\u00e5 klockan sl\u00e5r tolv p\u00e5 natten. P\u00e5 estniska heter det <b>keskk\u00f6<\/b>.<br \/>\n<font color=\"#2D3AC7\">Keskk\u00f6 on t\u00e4pselt kell kaksteist \u00f6\u00f6sel.<\/font><\/p>\n<h2>Veckodagar och m\u00e5nader<\/h2>\n<p><b>Esmasp\u00e4ev<\/b> \u2013 M\u00e5ndag<br \/>\nM\u00e5ndag \u00e4r den f\u00f6rsta dagen i veckan och kallas p\u00e5 estniska f\u00f6r <b>esmasp\u00e4ev<\/b>.<br \/>\n<font color=\"#2D3AC7\">Esmasp\u00e4ev on n\u00e4dalavahetuse j\u00e4rel esimene t\u00f6\u00f6p\u00e4ev.<\/font><\/p>\n<p><b>Teisip\u00e4ev<\/b> \u2013 Tisdag<br \/>\nTisdag \u00e4r den andra dagen i veckan och heter p\u00e5 estniska <b>teisip\u00e4ev<\/b>.<br \/>\n<font color=\"#2D3AC7\">Teisip\u00e4eviti k\u00e4ime me tavaliselt poes.<\/font><\/p>\n<p><b>Kolmap\u00e4ev<\/b> \u2013 Onsdag<br \/>\nOnsdag \u00e4r den tredje dagen i veckan och p\u00e5 estniska heter det <b>kolmap\u00e4ev<\/b>.<br \/>\n<font color=\"#2D3AC7\">Kolmap\u00e4ev on n\u00e4dala keskel.<\/font><\/p>\n<p><b>Neljap\u00e4ev<\/b> \u2013 Torsdag<br \/>\nTorsdag \u00e4r den fj\u00e4rde dagen i veckan och kallas p\u00e5 estniska f\u00f6r <b>neljap\u00e4ev<\/b>.<br \/>\n<font color=\"#2D3AC7\">Neljap\u00e4ev on sageli v\u00e4ga kiire p\u00e4ev t\u00f6\u00f6l.<\/font><\/p>\n<p><b>Reede<\/b> \u2013 Fredag<br \/>\nFredag \u00e4r den femte dagen i veckan och p\u00e5 estniska heter det <b>reede<\/b>.<br \/>\n<font color=\"#2D3AC7\">Reede \u00f5htul me tavaliselt l\u00e4heme v\u00e4lja s\u00f5pradega.<\/font><\/p>\n<p><b>Laup\u00e4ev<\/b> \u2013 L\u00f6rdag<br \/>\nL\u00f6rdag \u00e4r den sj\u00e4tte dagen i veckan och p\u00e5 estniska heter det <b>laup\u00e4ev<\/b>.<br \/>\n<font color=\"#2D3AC7\">Laup\u00e4ev on tavaliselt vaba p\u00e4ev.<\/font><\/p>\n<p><b>P\u00fchap\u00e4ev<\/b> \u2013 S\u00f6ndag<br \/>\nS\u00f6ndag \u00e4r den sjunde och sista dagen i veckan och kallas p\u00e5 estniska f\u00f6r <b>p\u00fchap\u00e4ev<\/b>.<br \/>\n<font color=\"#2D3AC7\">P\u00fchap\u00e4ev on puhkep\u00e4ev.<\/font><\/p>\n<p><b>Jaanuar<\/b> \u2013 Januari<br \/>\nJanuari \u00e4r den f\u00f6rsta m\u00e5naden p\u00e5 \u00e5ret och heter p\u00e5 estniska <b>jaanuar<\/b>.<br \/>\n<font color=\"#2D3AC7\">Jaanuar on sageli v\u00e4ga k\u00fclm kuu Eestis.<\/font><\/p>\n<p><b>Veebruar<\/b> \u2013 Februari<br \/>\nFebruari \u00e4r den andra m\u00e5naden p\u00e5 \u00e5ret och p\u00e5 estniska heter det <b>veebruar<\/b>.<br \/>\n<font color=\"#2D3AC7\">Veebruar on k\u00f5ige l\u00fchem kuu aastas.<\/font><\/p>\n<p><b>M\u00e4rts<\/b> \u2013 Mars<br \/>\nMars \u00e4r den tredje m\u00e5naden p\u00e5 \u00e5ret och p\u00e5 estniska kallas det <b>m\u00e4rts<\/b>.<br \/>\n<font color=\"#2D3AC7\">M\u00e4rtsis hakkab tavaliselt kevad.<\/font><\/p>\n<p><b>Aprill<\/b> \u2013 April<br \/>\nApril \u00e4r den fj\u00e4rde m\u00e5naden p\u00e5 \u00e5ret och heter p\u00e5 estniska <b>aprill<\/b>.<br \/>\n<font color=\"#2D3AC7\">Aprill toob tihti kaasa vihmaseid p\u00e4evi.<\/font><\/p>\n<p><b>Mai<\/b> \u2013 Maj<br \/>\nMaj \u00e4r den femte m\u00e5naden p\u00e5 \u00e5ret och p\u00e5 estniska heter det <b>mai<\/b>.<br \/>\n<font color=\"#2D3AC7\">Mai on kuu, mil lilled hakkavad \u00f5itsema.<\/font><\/p>\n<p><b>Juuni<\/b> \u2013 Juni<br \/>\nJuni \u00e4r den sj\u00e4tte m\u00e5naden p\u00e5 \u00e5ret och p\u00e5 estniska kallas det <b>juuni<\/b>.<br \/>\n<font color=\"#2D3AC7\">Juuni toob kaasa suvised ilmad.<\/font><\/p>\n<p><b>Juuli<\/b> \u2013 Juli<br \/>\nJuli \u00e4r den sjunde m\u00e5naden p\u00e5 \u00e5ret och heter p\u00e5 estniska <b>juuli<\/b>.<br \/>\n<font color=\"#2D3AC7\">Juuli on sageli k\u00f5ige soojem kuu Eestis.<\/font><\/p>\n<p><b>August<\/b> \u2013 Augusti<br \/>\nAugusti \u00e4r den \u00e5ttonde m\u00e5naden p\u00e5 \u00e5ret och p\u00e5 estniska kallas det <b>august<\/b>.<br \/>\n<font color=\"#2D3AC7\">August on suve l\u00f5pp.<\/font><\/p>\n<p><b>September<\/b> \u2013 September<br \/>\nSeptember \u00e4r den nionde m\u00e5naden p\u00e5 \u00e5ret och heter p\u00e5 estniska <b>september<\/b>.<br \/>\n<font color=\"#2D3AC7\">September toob sageli kaasa kooliaasta alguse.<\/font><\/p>\n<p><b>Oktoober<\/b> \u2013 Oktober<br \/>\nOktober \u00e4r den tionde m\u00e5naden p\u00e5 \u00e5ret och p\u00e5 estniska heter det <b>oktoober<\/b>.<br \/>\n<font color=\"#2D3AC7\">Oktoober on sageli v\u00e4ga v\u00e4rviline kuu looduses.<\/font><\/p>\n<p><b>November<\/b> \u2013 November<br \/>\nNovember \u00e4r den elfte m\u00e5naden p\u00e5 \u00e5ret och heter p\u00e5 estniska <b>november<\/b>.<br \/>\n<font color=\"#2D3AC7\">November on sageli v\u00e4ga pime ja k\u00fclm kuu.<\/font><\/p>\n<p><b>Detsember<\/b> \u2013 December<br \/>\nDecember \u00e4r den tolfte och sista m\u00e5naden p\u00e5 \u00e5ret och kallas p\u00e5 estniska f\u00f6r <b>detsember<\/b>.<br \/>\n<font color=\"#2D3AC7\">Detsember on j\u00f5ulukuu.<\/font><\/p>\n<h2>Allm\u00e4nna tidsuttryck<\/h2>\n<p><b>Eile<\/b> \u2013 Ig\u00e5r<br \/>\nIg\u00e5r refererar till dagen f\u00f6re idag och p\u00e5 estniska heter det <b>eile<\/b>.<br \/>\n<font color=\"#2D3AC7\">Eile sadas vihma kogu p\u00e4eva.<\/font><\/p>\n<p><b>T\u00e4na<\/b> \u2013 Idag<br \/>\nIdag \u00e4r den aktuella dagen och p\u00e5 estniska heter det <b>t\u00e4na<\/b>.<br \/>\n<font color=\"#2D3AC7\">T\u00e4na on v\u00e4ga p\u00e4ikeseline p\u00e4ev.<\/font><\/p>\n<p><b>Homme<\/b> \u2013 Imorgon<br \/>\nImorgon refererar till dagen efter idag och p\u00e5 estniska heter det <b>homme<\/b>.<br \/>\n<font color=\"#2D3AC7\">Homme me l\u00e4heme matkama.<\/font><\/p>\n<p><b>\u00dclehomme<\/b> \u2013 I \u00f6vermorgon<br \/>\nI \u00f6vermorgon \u00e4r tv\u00e5 dagar efter idag och p\u00e5 estniska heter det <b>\u00fclehomme<\/b>.<br \/>\n<font color=\"#2D3AC7\">\u00dclehomme toimub suur pidu.<\/font><\/p>\n<p><b>Praegu<\/b> \u2013 Just nu<br \/>\nJust nu refererar till den aktuella tiden och p\u00e5 estniska heter det <b>praegu<\/b>.<br \/>\n<font color=\"#2D3AC7\">Praegu ma kirjutan artiklit.<\/font><\/p>\n<p><b>Kohe<\/b> \u2013 Snart<br \/>\nSnart refererar till en kort tid fram\u00f6ver och p\u00e5 estniska heter det <b>kohe<\/b>.<br \/>\n<font color=\"#2D3AC7\">Kohe me hakkame s\u00f6\u00f6ma.<\/font><\/p>\n<p><b>Varsti<\/b> \u2013 Snart<br \/>\nSnart kan ocks\u00e5 refereras till med ordet <b>varsti<\/b>.<br \/>\n<font color=\"#2D3AC7\">Varsti algab film.<\/font><\/p>\n<p><b>Hiljem<\/b> \u2013 Senare<br \/>\nSenare refererar till en tid efter nu och p\u00e5 estniska heter det <b>hiljem<\/b>.<br \/>\n<font color=\"#2D3AC7\">Me r\u00e4\u00e4gime sellest hiljem.<\/font><\/p>\n<p><b>Enne<\/b> \u2013 F\u00f6re<br \/>\nF\u00f6re refererar till en tidpunkt innan n\u00e5got annat och p\u00e5 estniska heter det <b>enne<\/b>.<br \/>\n<font color=\"#2D3AC7\">Enne \u00f5htus\u00f6\u00f6ki me peseme k\u00e4si.<\/font><\/p>\n<p><b>P\u00e4rast<\/b> \u2013 Efter<br \/>\nEfter refererar till en tidpunkt efter n\u00e5got annat och p\u00e5 estniska heter det <b>p\u00e4rast<\/b>.<br \/>\n<font color=\"#2D3AC7\">P\u00e4rast t\u00f6\u00f6d ma l\u00e4hen koju.<\/font><\/p>\n<p><b>Vahepeal<\/b> \u2013 Under tiden<br \/>\nUnder tiden refererar till en tidperiod mellan tv\u00e5 h\u00e4ndelser och p\u00e5 estniska heter det <b>vahepeal<\/b>.<br \/>\n<font color=\"#2D3AC7\">Vahepeal ma k\u00e4isin poes.<\/font><\/p>\n<p><b>Varem<\/b> \u2013 Tidigare<br \/>\nTidigare refererar till en tidpunkt f\u00f6re nu och p\u00e5 estniska heter det <b>varem<\/b>.<br \/>\n<font color=\"#2D3AC7\">Ma olen seda raamatut varem lugenud.<\/font><\/p>\n<p><b>Hiline<\/b> \u2013 Sen<br \/>\nSen refererar till en tidpunkt som \u00e4r efter den f\u00f6rv\u00e4ntade tiden och p\u00e5 estniska heter det <b>hiline<\/b>.<br \/>\n<font color=\"#2D3AC7\">Ma j\u00f5udsin koosolekule hiline.<\/font><\/p>\n<p><b>Varajane<\/b> \u2013 Tidig<br \/>\nTidig refererar till en tidpunkt som \u00e4r f\u00f6re den f\u00f6rv\u00e4ntade tiden och p\u00e5 estniska heter det <b>varajane<\/b>.<br \/>\n<font color=\"#2D3AC7\">Ma \u00e4rkasin t\u00e4na varajane.<\/font><\/p>\n<h2>Tidsperioder<\/h2>\n<p><b>Tund<\/b> \u2013 Timme<br \/>\nEn timme \u00e4r en tidsperiod p\u00e5 60 minuter och p\u00e5 estniska heter det <b>tund<\/b>.<br \/>\n<font color=\"#2D3AC7\">Tund aega hiljem me saime kokku.<\/font><\/p>\n<p><b>P\u00e4ev<\/b> \u2013 Dag<br \/>\nEn dag \u00e4r en tidsperiod p\u00e5 24 timmar och p\u00e5 estniska heter det <b>p\u00e4ev<\/b>.<br \/>\n<font color=\"#2D3AC7\">Ma veetsin terve p\u00e4ev rannas.<\/font><\/p>\n<p><b>N\u00e4dal<\/b> \u2013 Vecka<br \/>\nEn vecka \u00e4r en tidsperiod p\u00e5 sju dagar och p\u00e5 estniska heter det <b>n\u00e4dal<\/b>.<br \/>\n<font color=\"#2D3AC7\">J\u00e4rgmine n\u00e4dal ma l\u00e4hen puhkusele.<\/font><\/p>\n<p><b>Kuu<\/b> \u2013 M\u00e5nad<br \/>\nEn m\u00e5nad \u00e4r en tidsperiod p\u00e5 ungef\u00e4r 30 dagar och p\u00e5 estniska heter det <b>kuu<\/b>.<br \/>\n<font color=\"#2D3AC7\">Ma olen oodanud seda kuu aega.<\/font><\/p>\n<p><b>Aasta<\/b> \u2013 \u00c5r<br \/>\nEtt \u00e5r \u00e4r en tidsperiod p\u00e5 12 m\u00e5nader och p\u00e5 estniska heter det <b>aasta<\/b>.<br \/>\n<font color=\"#2D3AC7\">Ma olen \u00f5ppinud <a href=\"https:\/\/talkpal.ai\/et\/oppige-eesti-keelt\/\">eesti keelt<\/a> \u00fcks aasta.<\/font><\/p>\n<p><b>Sajand<\/b> \u2013 Sekel<br \/>\nEtt sekel \u00e4r en tidsperiod p\u00e5 100 \u00e5r och p\u00e5 estniska heter det <b>sajand<\/b>.<br \/>\n<font color=\"#2D3AC7\">See hoone on ehitatud eelmisel sajandil.<\/font><\/p>\n<p>Att f\u00f6rst\u00e5 och anv\u00e4nda dessa estniska tidsuttryck hj\u00e4lper dig att b\u00e4ttre navigera i vardagliga konversationer och situationer. Genom att \u00f6va och anv\u00e4nda dessa ord och fraser kommer du att kunna kommunicera mer effektivt och naturligt p\u00e5 estniska. Lycka till med din <a href=\"https:\/\/talkpal.ai\/sv\/hur-lar-man-sig-ett-sprak-via-talkpal-chat\/\">spr\u00e5kinl\u00e4rning<\/a>!<\/p>\n","protected":false},"featured_media":1527978,"template":"","vocabulary_language":[4183],"class_list":["post-716888","vocabulary","type-vocabulary","status-publish","has-post-thumbnail","hentry","vocabulary_language-estniska"],"acf":[],"yoast_head":"<!-- This site is optimized with the Yoast SEO Premium plugin v27.2 (Yoast SEO v27.2) - https:\/\/yoast.com\/product\/yoast-seo-premium-wordpress\/ -->\n<title>Uttryck relaterade till tid p\u00e5 estniska - Talkpal<\/title>\n<meta name=\"description\" content=\"Att l\u00e4ra sig ett nytt spr\u00e5k inneb\u00e4r inte bara att memorera nya ord och grammatikregler, utan \u00e4ven att f\u00f6rst\u00e5 och kunna anv\u00e4nda olika uttryck som \u00e4r unika\" \/>\n<meta name=\"robots\" content=\"index, follow, max-snippet:-1, max-image-preview:large, max-video-preview:-1\" \/>\n<link rel=\"canonical\" href=\"https:\/\/talkpal.ai\/sv\/vocabulary\/uttryck-relaterade-till-tid-pa-estniska\/\" \/>\n<meta property=\"og:locale\" content=\"sv_SE\" \/>\n<meta property=\"og:type\" content=\"article\" \/>\n<meta property=\"og:title\" content=\"Uttryck relaterade till tid p\u00e5 estniska\" \/>\n<meta property=\"og:description\" content=\"Att l\u00e4ra sig ett nytt spr\u00e5k inneb\u00e4r inte bara att memorera nya ord och grammatikregler, utan \u00e4ven att f\u00f6rst\u00e5 och kunna anv\u00e4nda olika uttryck som \u00e4r unika\" \/>\n<meta property=\"og:url\" content=\"https:\/\/talkpal.ai\/sv\/vocabulary\/uttryck-relaterade-till-tid-pa-estniska\/\" \/>\n<meta property=\"og:site_name\" content=\"Talkpal\" \/>\n<meta property=\"article:publisher\" content=\"https:\/\/www.facebook.com\/profile.php?id=100090733639311\" \/>\n<meta property=\"og:image\" content=\"https:\/\/talkpal.ai\/wp-content\/uploads\/2024\/10\/talkpal_flat_illustration_of_a_employees_working_together_happi_c674ff77-e477-4e09-835a-01d30e561e99.png\" \/>\n\t<meta property=\"og:image:width\" content=\"1024\" \/>\n\t<meta property=\"og:image:height\" content=\"1024\" \/>\n\t<meta property=\"og:image:type\" content=\"image\/png\" \/>\n<meta name=\"twitter:card\" content=\"summary_large_image\" \/>\n<meta name=\"twitter:site\" content=\"@talkpalai\" \/>\n<meta name=\"twitter:label1\" content=\"Ber\u00e4knad l\u00e4stid\" \/>\n\t<meta name=\"twitter:data1\" content=\"6 minuter\" \/>\n<script type=\"application\/ld+json\" class=\"yoast-schema-graph\">{\"@context\":\"https:\/\/schema.org\",\"@graph\":[{\"@type\":\"WebPage\",\"@id\":\"https:\/\/talkpal.ai\/sv\/vocabulary\/uttryck-relaterade-till-tid-pa-estniska\/\",\"url\":\"https:\/\/talkpal.ai\/sv\/vocabulary\/uttryck-relaterade-till-tid-pa-estniska\/\",\"name\":\"Uttryck relaterade till tid p\u00e5 estniska - Talkpal\",\"isPartOf\":{\"@id\":\"https:\/\/talkpal.ai\/sv\/#website\"},\"primaryImageOfPage\":{\"@id\":\"https:\/\/talkpal.ai\/sv\/vocabulary\/uttryck-relaterade-till-tid-pa-estniska\/#primaryimage\"},\"image\":{\"@id\":\"https:\/\/talkpal.ai\/sv\/vocabulary\/uttryck-relaterade-till-tid-pa-estniska\/#primaryimage\"},\"thumbnailUrl\":\"https:\/\/talkpal.ai\/wp-content\/uploads\/2025\/12\/students-study-textbooks-to-learn-languages.webp\",\"datePublished\":\"2024-06-08T18:47:51+00:00\",\"description\":\"Att l\u00e4ra sig ett nytt spr\u00e5k inneb\u00e4r inte bara att memorera nya ord och grammatikregler, utan \u00e4ven att f\u00f6rst\u00e5 och kunna anv\u00e4nda olika uttryck som \u00e4r unika\",\"breadcrumb\":{\"@id\":\"https:\/\/talkpal.ai\/sv\/vocabulary\/uttryck-relaterade-till-tid-pa-estniska\/#breadcrumb\"},\"inLanguage\":\"sv-SE\",\"potentialAction\":[{\"@type\":\"ReadAction\",\"target\":[\"https:\/\/talkpal.ai\/sv\/vocabulary\/uttryck-relaterade-till-tid-pa-estniska\/\"]}]},{\"@type\":\"ImageObject\",\"inLanguage\":\"sv-SE\",\"@id\":\"https:\/\/talkpal.ai\/sv\/vocabulary\/uttryck-relaterade-till-tid-pa-estniska\/#primaryimage\",\"url\":\"https:\/\/talkpal.ai\/wp-content\/uploads\/2025\/12\/students-study-textbooks-to-learn-languages.webp\",\"contentUrl\":\"https:\/\/talkpal.ai\/wp-content\/uploads\/2025\/12\/students-study-textbooks-to-learn-languages.webp\",\"width\":1200,\"height\":896,\"caption\":\"Four students sit around a table focusing on their individual books while learning languages.\"},{\"@type\":\"BreadcrumbList\",\"@id\":\"https:\/\/talkpal.ai\/sv\/vocabulary\/uttryck-relaterade-till-tid-pa-estniska\/#breadcrumb\",\"itemListElement\":[{\"@type\":\"ListItem\",\"position\":1,\"name\":\"Homepage\",\"item\":\"https:\/\/talkpal.ai\/sv\/\"},{\"@type\":\"ListItem\",\"position\":2,\"name\":\"Uttryck relaterade till tid p\u00e5 estniska\"}]},{\"@type\":\"WebSite\",\"@id\":\"https:\/\/talkpal.ai\/sv\/#website\",\"url\":\"https:\/\/talkpal.ai\/sv\/\",\"name\":\"Talkpal\",\"description\":\"AI Language Learning\",\"publisher\":{\"@id\":\"https:\/\/talkpal.ai\/sv\/#organization\"},\"alternateName\":\"Talkpal AI\",\"potentialAction\":[{\"@type\":\"SearchAction\",\"target\":{\"@type\":\"EntryPoint\",\"urlTemplate\":\"https:\/\/talkpal.ai\/sv\/?s={search_term_string}\"},\"query-input\":{\"@type\":\"PropertyValueSpecification\",\"valueRequired\":true,\"valueName\":\"search_term_string\"}}],\"inLanguage\":\"sv-SE\"},{\"@type\":\"Organization\",\"@id\":\"https:\/\/talkpal.ai\/sv\/#organization\",\"name\":\"Talkpal, Inc.\",\"alternateName\":\"Talkpal AI\",\"url\":\"https:\/\/talkpal.ai\/sv\/\",\"logo\":{\"@type\":\"ImageObject\",\"inLanguage\":\"sv-SE\",\"@id\":\"https:\/\/talkpal.ai\/sv\/#\/schema\/logo\/image\/\",\"url\":\"https:\/\/talkpal.ai\/wp-content\/uploads\/2024\/03\/Talkpal-Logo-Icon.png\",\"contentUrl\":\"https:\/\/talkpal.ai\/wp-content\/uploads\/2024\/03\/Talkpal-Logo-Icon.png\",\"width\":2880,\"height\":2880,\"caption\":\"Talkpal, Inc.\"},\"image\":{\"@id\":\"https:\/\/talkpal.ai\/sv\/#\/schema\/logo\/image\/\"},\"sameAs\":[\"https:\/\/www.facebook.com\/profile.php?id=100090733639311\",\"https:\/\/x.com\/talkpalai\",\"https:\/\/www.linkedin.com\/company\/talkpal\/\",\"https:\/\/www.youtube.com\/@TalkPal\/\",\"https:\/\/www.tiktok.com\/@talkpal\",\"https:\/\/www.instagram.com\/talkpal_ai\/\",\"https:\/\/www.crunchbase.com\/organization\/talkpal-9cde\",\"https:\/\/www.g2.com\/products\/talkpal-for-business\/\",\"https:\/\/www.trustpilot.com\/review\/talkpal.ai\",\"https:\/\/www.capterra.com\/p\/10006800\/TalkPal\/\"],\"description\":\"Talkpal is a language learning web and mobile education app, powered by the latest AI technologies, that provides engaging experiences to its customers in many different languages to help them improve their language skills. Users can chat about unlimited amount of topics with the app and use other modes to practice their language learning.\",\"email\":\"support@talkpal.ai\",\"legalName\":\"Talkpal, Inc.\",\"foundingDate\":\"2023-04-03\",\"duns\":\"118989042\",\"numberOfEmployees\":{\"@type\":\"QuantitativeValue\",\"minValue\":\"11\",\"maxValue\":\"50\"},\"publishingPrinciples\":\"https:\/\/talkpal.ai\/publishing-principles\/\",\"actionableFeedbackPolicy\":\"https:\/\/talkpal.ai\/actionable-feedback-policy\/\",\"correctionsPolicy\":\"https:\/\/talkpal.ai\/corrections-policy\/\",\"ethicsPolicy\":\"https:\/\/talkpal.ai\/ethics-policy\/\",\"diversityPolicy\":\"https:\/\/talkpal.ai\/diversity-policy\/\",\"diversityStaffingReport\":\"https:\/\/talkpal.ai\/diversity-policy\/\"}]}<\/script>\n<!-- \/ Yoast SEO Premium plugin. -->","yoast_head_json":{"title":"Uttryck relaterade till tid p\u00e5 estniska - Talkpal","description":"Att l\u00e4ra sig ett nytt spr\u00e5k inneb\u00e4r inte bara att memorera nya ord och grammatikregler, utan \u00e4ven att f\u00f6rst\u00e5 och kunna anv\u00e4nda olika uttryck som \u00e4r unika","robots":{"index":"index","follow":"follow","max-snippet":"max-snippet:-1","max-image-preview":"max-image-preview:large","max-video-preview":"max-video-preview:-1"},"canonical":"https:\/\/talkpal.ai\/sv\/vocabulary\/uttryck-relaterade-till-tid-pa-estniska\/","og_locale":"sv_SE","og_type":"article","og_title":"Uttryck relaterade till tid p\u00e5 estniska","og_description":"Att l\u00e4ra sig ett nytt spr\u00e5k inneb\u00e4r inte bara att memorera nya ord och grammatikregler, utan \u00e4ven att f\u00f6rst\u00e5 och kunna anv\u00e4nda olika uttryck som \u00e4r unika","og_url":"https:\/\/talkpal.ai\/sv\/vocabulary\/uttryck-relaterade-till-tid-pa-estniska\/","og_site_name":"Talkpal","article_publisher":"https:\/\/www.facebook.com\/profile.php?id=100090733639311","og_image":[{"width":1024,"height":1024,"url":"https:\/\/talkpal.ai\/wp-content\/uploads\/2024\/10\/talkpal_flat_illustration_of_a_employees_working_together_happi_c674ff77-e477-4e09-835a-01d30e561e99.png","type":"image\/png"}],"twitter_card":"summary_large_image","twitter_site":"@talkpalai","twitter_misc":{"Ber\u00e4knad l\u00e4stid":"6 minuter"},"schema":{"@context":"https:\/\/schema.org","@graph":[{"@type":"WebPage","@id":"https:\/\/talkpal.ai\/sv\/vocabulary\/uttryck-relaterade-till-tid-pa-estniska\/","url":"https:\/\/talkpal.ai\/sv\/vocabulary\/uttryck-relaterade-till-tid-pa-estniska\/","name":"Uttryck relaterade till tid p\u00e5 estniska - Talkpal","isPartOf":{"@id":"https:\/\/talkpal.ai\/sv\/#website"},"primaryImageOfPage":{"@id":"https:\/\/talkpal.ai\/sv\/vocabulary\/uttryck-relaterade-till-tid-pa-estniska\/#primaryimage"},"image":{"@id":"https:\/\/talkpal.ai\/sv\/vocabulary\/uttryck-relaterade-till-tid-pa-estniska\/#primaryimage"},"thumbnailUrl":"https:\/\/talkpal.ai\/wp-content\/uploads\/2025\/12\/students-study-textbooks-to-learn-languages.webp","datePublished":"2024-06-08T18:47:51+00:00","description":"Att l\u00e4ra sig ett nytt spr\u00e5k inneb\u00e4r inte bara att memorera nya ord och grammatikregler, utan \u00e4ven att f\u00f6rst\u00e5 och kunna anv\u00e4nda olika uttryck som \u00e4r unika","breadcrumb":{"@id":"https:\/\/talkpal.ai\/sv\/vocabulary\/uttryck-relaterade-till-tid-pa-estniska\/#breadcrumb"},"inLanguage":"sv-SE","potentialAction":[{"@type":"ReadAction","target":["https:\/\/talkpal.ai\/sv\/vocabulary\/uttryck-relaterade-till-tid-pa-estniska\/"]}]},{"@type":"ImageObject","inLanguage":"sv-SE","@id":"https:\/\/talkpal.ai\/sv\/vocabulary\/uttryck-relaterade-till-tid-pa-estniska\/#primaryimage","url":"https:\/\/talkpal.ai\/wp-content\/uploads\/2025\/12\/students-study-textbooks-to-learn-languages.webp","contentUrl":"https:\/\/talkpal.ai\/wp-content\/uploads\/2025\/12\/students-study-textbooks-to-learn-languages.webp","width":1200,"height":896,"caption":"Four students sit around a table focusing on their individual books while learning languages."},{"@type":"BreadcrumbList","@id":"https:\/\/talkpal.ai\/sv\/vocabulary\/uttryck-relaterade-till-tid-pa-estniska\/#breadcrumb","itemListElement":[{"@type":"ListItem","position":1,"name":"Homepage","item":"https:\/\/talkpal.ai\/sv\/"},{"@type":"ListItem","position":2,"name":"Uttryck relaterade till tid p\u00e5 estniska"}]},{"@type":"WebSite","@id":"https:\/\/talkpal.ai\/sv\/#website","url":"https:\/\/talkpal.ai\/sv\/","name":"Talkpal","description":"AI Language Learning","publisher":{"@id":"https:\/\/talkpal.ai\/sv\/#organization"},"alternateName":"Talkpal AI","potentialAction":[{"@type":"SearchAction","target":{"@type":"EntryPoint","urlTemplate":"https:\/\/talkpal.ai\/sv\/?s={search_term_string}"},"query-input":{"@type":"PropertyValueSpecification","valueRequired":true,"valueName":"search_term_string"}}],"inLanguage":"sv-SE"},{"@type":"Organization","@id":"https:\/\/talkpal.ai\/sv\/#organization","name":"Talkpal, Inc.","alternateName":"Talkpal AI","url":"https:\/\/talkpal.ai\/sv\/","logo":{"@type":"ImageObject","inLanguage":"sv-SE","@id":"https:\/\/talkpal.ai\/sv\/#\/schema\/logo\/image\/","url":"https:\/\/talkpal.ai\/wp-content\/uploads\/2024\/03\/Talkpal-Logo-Icon.png","contentUrl":"https:\/\/talkpal.ai\/wp-content\/uploads\/2024\/03\/Talkpal-Logo-Icon.png","width":2880,"height":2880,"caption":"Talkpal, Inc."},"image":{"@id":"https:\/\/talkpal.ai\/sv\/#\/schema\/logo\/image\/"},"sameAs":["https:\/\/www.facebook.com\/profile.php?id=100090733639311","https:\/\/x.com\/talkpalai","https:\/\/www.linkedin.com\/company\/talkpal\/","https:\/\/www.youtube.com\/@TalkPal\/","https:\/\/www.tiktok.com\/@talkpal","https:\/\/www.instagram.com\/talkpal_ai\/","https:\/\/www.crunchbase.com\/organization\/talkpal-9cde","https:\/\/www.g2.com\/products\/talkpal-for-business\/","https:\/\/www.trustpilot.com\/review\/talkpal.ai","https:\/\/www.capterra.com\/p\/10006800\/TalkPal\/"],"description":"Talkpal is a language learning web and mobile education app, powered by the latest AI technologies, that provides engaging experiences to its customers in many different languages to help them improve their language skills. Users can chat about unlimited amount of topics with the app and use other modes to practice their language learning.","email":"support@talkpal.ai","legalName":"Talkpal, Inc.","foundingDate":"2023-04-03","duns":"118989042","numberOfEmployees":{"@type":"QuantitativeValue","minValue":"11","maxValue":"50"},"publishingPrinciples":"https:\/\/talkpal.ai\/publishing-principles\/","actionableFeedbackPolicy":"https:\/\/talkpal.ai\/actionable-feedback-policy\/","correctionsPolicy":"https:\/\/talkpal.ai\/corrections-policy\/","ethicsPolicy":"https:\/\/talkpal.ai\/ethics-policy\/","diversityPolicy":"https:\/\/talkpal.ai\/diversity-policy\/","diversityStaffingReport":"https:\/\/talkpal.ai\/diversity-policy\/"}]}},"_links":{"self":[{"href":"https:\/\/talkpal.ai\/sv\/wp-json\/wp\/v2\/vocabulary\/716888","targetHints":{"allow":["GET"]}}],"collection":[{"href":"https:\/\/talkpal.ai\/sv\/wp-json\/wp\/v2\/vocabulary"}],"about":[{"href":"https:\/\/talkpal.ai\/sv\/wp-json\/wp\/v2\/types\/vocabulary"}],"wp:featuredmedia":[{"embeddable":true,"href":"https:\/\/talkpal.ai\/sv\/wp-json\/wp\/v2\/media\/1527978"}],"wp:attachment":[{"href":"https:\/\/talkpal.ai\/sv\/wp-json\/wp\/v2\/media?parent=716888"}],"wp:term":[{"taxonomy":"vocabulary_language","embeddable":true,"href":"https:\/\/talkpal.ai\/sv\/wp-json\/wp\/v2\/vocabulary_language?post=716888"}],"curies":[{"name":"wp","href":"https:\/\/api.w.org\/{rel}","templated":true}]}}