{"id":716803,"date":"2024-06-08T18:40:45","date_gmt":"2024-06-08T18:40:45","guid":{"rendered":"https:\/\/talkpal.ai\/vocabulary\/tjeckiskt-ordforrad-for-fester-och-fester\/"},"modified":"2024-06-08T18:40:45","modified_gmt":"2024-06-08T18:40:45","slug":"tjeckiskt-ordforrad-for-fester-och-fester","status":"publish","type":"vocabulary","link":"https:\/\/talkpal.ai\/sv\/vocabulary\/tjeckiskt-ordforrad-for-fester-och-fester\/","title":{"rendered":"Tjeckiskt ordf\u00f6rr\u00e5d f\u00f6r fester och fester"},"content":{"rendered":"<p>Att <a href=\"https:\/\/talkpal.ai\/locations\/language-courses-in-delta\/\">delta<\/a> i fester och evenemang \u00e4r ett fantastiskt s\u00e4tt att f\u00f6rb\u00e4ttra dina spr\u00e5kkunskaper, s\u00e4rskilt n\u00e4r du <a href=\"https:\/\/talkpal.ai\/the-best-way-to-start-speaking-a-new-language\/\">l\u00e4r dig ett nytt spr\u00e5k<\/a> som <a href=\"https:\/\/talkpal.ai\/learn-czech\/\">tjeckiska<\/a>. F\u00f6r att hj\u00e4lpa dig att navigera genom festligheter och sociala sammankomster p\u00e5 tjeckiska, har vi sammanst\u00e4llt en lista \u00f6ver anv\u00e4ndbara ord och fraser som du kan anv\u00e4nda. Dessa ord kommer inte bara att f\u00f6rb\u00e4ttra ditt ordf\u00f6rr\u00e5d, utan ocks\u00e5 g\u00f6ra det l\u00e4ttare f\u00f6r dig att delta i samtal och f\u00f6rst\u00e5 vad som h\u00e4nder runt dig.<\/p>\n<h2>Grundl\u00e4ggande ord och fraser<\/h2>\n<p><b>Ve\u010d\u00edrek<\/b> &#8211; Fest. En social sammankomst d\u00e4r m\u00e4nniskor firar, vanligtvis med mat, dryck och musik.<br \/>\n<font color=\"#2D3AC7\">Ve\u010d\u00edrek byl pln\u00fd sm\u00edchu a tance.<\/font><\/p>\n<p><b>Oslava<\/b> &#8211; Firande. En h\u00e4ndelse som markerar en viktig dag eller prestation.<br \/>\n<font color=\"#2D3AC7\">Oslava narozenin byla nezapomenuteln\u00e1.<\/font><\/p>\n<p><b>Pozv\u00e1nka<\/b> &#8211; Inbjudan. Ett kort eller ett meddelande som ber n\u00e5gon att delta i ett evenemang.<br \/>\n<font color=\"#2D3AC7\">Dostali jsme kr\u00e1snou pozv\u00e1nku na svatbu.<\/font><\/p>\n<p><b>Hostitel<\/b> &#8211; V\u00e4rd. Personen som arrangerar festen.<br \/>\n<font color=\"#2D3AC7\">Hostitel n\u00e1s p\u0159iv\u00edtal s otev\u0159enou n\u00e1ru\u010d\u00ed.<\/font><\/p>\n<p><b>Host<\/b> &#8211; G\u00e4st. Personen som \u00e4r inbjuden till festen.<br \/>\n<font color=\"#2D3AC7\">Ka\u017ed\u00fd host p\u0159inesl mal\u00fd d\u00e1rek.<\/font><\/p>\n<h2>Mat och dryck<\/h2>\n<p><b>J\u00eddlo<\/b> &#8211; Mat. Det som serveras och \u00e4ts under festen.<br \/>\n<font color=\"#2D3AC7\">J\u00eddlo na ve\u010d\u00edrku bylo vynikaj\u00edc\u00ed.<\/font><\/p>\n<p><b>N\u00e1poj<\/b> &#8211; Dryck. V\u00e4tskor som serveras vid evenemanget, inklusive alkoholhaltiga och alkoholfria alternativ.<br \/>\n<font color=\"#2D3AC7\">N\u00e1pojov\u00fd l\u00edstek byl velmi pestr\u00fd.<\/font><\/p>\n<p><b>Dezert<\/b> &#8211; Efterr\u00e4tt. S\u00f6t mat som serveras efter huvudr\u00e4tten.<br \/>\n<font color=\"#2D3AC7\">Dezert byl \u010dokol\u00e1dov\u00fd dort.<\/font><\/p>\n<p><b>P\u0159\u00edpitek<\/b> &#8211; Sk\u00e5l. Ett kort tal som h\u00e5lls medan man h\u00f6jer ett glas f\u00f6r att \u00f6nska n\u00e5gon lycka.<br \/>\n<font color=\"#2D3AC7\">Zvedli jsme skleni\u010dky a pronesli p\u0159\u00edpitek na zdrav\u00ed novoman\u017eel\u016f.<\/font><\/p>\n<h2>Musik och dans<\/h2>\n<p><b>Hudba<\/b> &#8211; Musik. Ljud som spelas f\u00f6r att underh\u00e5lla g\u00e4sterna.<br \/>\n<font color=\"#2D3AC7\">Hudba byla hlasit\u00e1 a rytmick\u00e1.<\/font><\/p>\n<p><b>Tane\u010dn\u00ed parket<\/b> &#8211; Dansgolv. Omr\u00e5det d\u00e4r g\u00e4sterna kan dansa.<br \/>\n<font color=\"#2D3AC7\">Tane\u010dn\u00ed parket byl pln\u00fd lid\u00ed.<\/font><\/p>\n<p><b>P\u00edse\u0148<\/b> &#8211; S\u00e5ng. En musikalisk komposition som sjungs.<br \/>\n<font color=\"#2D3AC7\">Obl\u00edben\u00e1 p\u00edse\u0148 v\u0161ech zazn\u011bla a v\u0161ichni se p\u0159idali ke zp\u011bvu.<\/font><\/p>\n<p><b>Reproduktor<\/b> &#8211; H\u00f6gtalare. En enhet som f\u00f6rst\u00e4rker och spelar upp ljud.<br \/>\n<font color=\"#2D3AC7\">Reproduktor zaji\u0161\u0165oval v\u00fdborn\u00fd zvuk.<\/font><\/p>\n<p><b>DJ<\/b> &#8211; DJ. Personen som v\u00e4ljer och spelar musik p\u00e5 festen.<br \/>\n<font color=\"#2D3AC7\">DJ hr\u00e1l skv\u011bl\u00e9 mixy po celou noc.<\/font><\/p>\n<h2>Interaktioner och sociala fraser<\/h2>\n<p><b>Sezn\u00e1mit se<\/b> &#8211; L\u00e4ra k\u00e4nna. Att introducera sig sj\u00e4lv och b\u00f6rja l\u00e4ra k\u00e4nna n\u00e5gon <a href=\"https:\/\/talkpal.ai\/talkpal-new-years-discount\/\">ny<\/a>.<br \/>\n<font color=\"#2D3AC7\">R\u00e1d bych se s tebou sezn\u00e1mil.<\/font><\/p>\n<p><b>Konverzace<\/b> &#8211; Konversation. Ett informellt samtal mellan tv\u00e5 eller flera personer.<br \/>\n<font color=\"#2D3AC7\"><a href=\"https:\/\/talkpal.ai\/cs\/nemcina-konverzace-naucte-se-plynule-mluvit-rychle-a-snadno\/\">Konverzace<\/a> byla velmi zaj\u00edmav\u00e1.<\/font><\/p>\n<p><b>Pod\u011bkov\u00e1n\u00ed<\/b> &#8211; Tack. Ett uttryck f\u00f6r uppskattning.<br \/>\n<font color=\"#2D3AC7\">R\u00e1da bych v\u00e1m vyj\u00e1d\u0159ila sv\u00e9 pod\u011bkov\u00e1n\u00ed za pozv\u00e1n\u00ed.<\/font><\/p>\n<p><b>Omluva<\/b> &#8211; Urs\u00e4kt. Att be om urs\u00e4kt eller f\u00f6rklara varf\u00f6r man inte kan n\u00e4rvara.<br \/>\n<font color=\"#2D3AC7\">Poslal jsem omluvu, proto\u017ee jsem nemohl p\u0159ij\u00edt.<\/font><\/p>\n<p><b>Raut<\/b> &#8211; Buff\u00e9. Ett s\u00e4tt att servera mat d\u00e4r g\u00e4sterna kan v\u00e4lja vad de vill \u00e4ta fr\u00e5n ett urval.<br \/>\n<font color=\"#2D3AC7\">Raut byl pln\u00fd lahodn\u00fdch j\u00eddel.<\/font><\/p>\n<h2>Specifika tjeckiska festtraditioner<\/h2>\n<p><b>Svatebn\u00ed ob\u0159ad<\/b> &#8211; Br\u00f6llopsceremoni. En ceremoni f\u00f6r att fira ett \u00e4ktenskap.<br \/>\n<font color=\"#2D3AC7\">Svatebn\u00ed ob\u0159ad byl velmi dojemn\u00fd.<\/font><\/p>\n<p><b>Novoman\u017eel\u00e9<\/b> &#8211; Nygifta. Paret som just har gift sig.<br \/>\n<font color=\"#2D3AC7\">Novoman\u017eel\u00e9 tan\u010dili sv\u016fj prvn\u00ed tanec.<\/font><\/p>\n<p><b>Silvestr<\/b> &#8211; Ny\u00e5rsafton. Den sista dagen p\u00e5 \u00e5ret, ofta firad med fester och fyrverkerier.<br \/>\n<font color=\"#2D3AC7\"><a href=\"https:\/\/talkpal.ai\/talkpal-new-years-discount\/\">Silvestr<\/a> jsme oslavili s p\u0159\u00e1teli.<\/font><\/p>\n<p><b>Velikonoce<\/b> &#8211; <a href=\"https:\/\/talkpal.ai\/talkpal-easter-discount\/\">P\u00e5sk<\/a>. En kristen h\u00f6gtid som firas med speciella traditioner och mat.<br \/>\n<font color=\"#2D3AC7\">Velikonoce jsou \u010dasem rodinn\u00fdch setk\u00e1n\u00ed.<\/font><\/p>\n<p><b>V\u00e1noce<\/b> &#8211; Jul. En kristen h\u00f6gtid som firar Jesu f\u00f6delse, ofta med presenter och festligheter.<br \/>\n<font color=\"#2D3AC7\">V\u00e1noce jsou pln\u00e9 radosti a d\u00e1rk\u016f.<\/font><\/p>\n<h2>Vanliga uttryck och fraser<\/h2>\n<p><b>Jak se m\u00e1\u0161?<\/b> &#8211; Hur m\u00e5r du? En vanlig h\u00e4lsningsfras.<br \/>\n<font color=\"#2D3AC7\">Jak se m\u00e1\u0161? Dlouho jsme se nevid\u011bli.<\/font><\/p>\n<p><b>Kde je toaleta?<\/b> &#8211; Var \u00e4r toaletten? En praktisk fr\u00e5ga vid sociala evenemang.<br \/>\n<font color=\"#2D3AC7\">Kde je toaleta? Pot\u0159ebuji si um\u00fdt ruce.<\/font><\/p>\n<p><b>D\u011bkuji za pozv\u00e1n\u00ed<\/b> &#8211; Tack f\u00f6r inbjudan. Ett s\u00e4tt att uttrycka uppskattning f\u00f6r att ha blivit inbjuden.<br \/>\n<font color=\"#2D3AC7\">D\u011bkuji za pozv\u00e1n\u00ed, bylo to skv\u011bl\u00e9.<\/font><\/p>\n<p><b>R\u00e1d\/a t\u011b pozn\u00e1v\u00e1m<\/b> &#8211; Trevligt att tr\u00e4ffas. En artig fras n\u00e4r man m\u00f6ter n\u00e5gon f\u00f6r f\u00f6rsta g\u00e5ngen.<br \/>\n<font color=\"#2D3AC7\">R\u00e1d t\u011b pozn\u00e1v\u00e1m, sly\u0161el jsem o tob\u011b hodn\u011b.<\/font><\/p>\n<p><b>U\u017eij si ve\u010der<\/b> &#8211; Ha en trevlig kv\u00e4ll. Ett v\u00e4nligt s\u00e4tt att \u00f6nska n\u00e5gon en bra tid.<br \/>\n<font color=\"#2D3AC7\">U\u017eij si ve\u010der, a\u0165 je pln\u00fd z\u00e1\u017eitk\u016f.<\/font><\/p>\n<h2>Slutord<\/h2>\n<p>Att l\u00e4ra sig tjeckiska ord och fraser f\u00f6r fester och sociala evenemang kan verkligen f\u00f6rb\u00e4ttra din upplevelse och g\u00f6ra det l\u00e4ttare f\u00f6r dig att delta i samtal och njuta av evenemanget. F\u00f6rs\u00f6k att anv\u00e4nda dessa ord och fraser n\u00e4sta g\u00e5ng du deltar i en tjeckisk fest, och se hur mycket mer engagerad och sj\u00e4lvs\u00e4ker du k\u00e4nner dig. Lycka till och ha det s\u00e5 kul!<\/p>\n","protected":false},"featured_media":1527827,"template":"","vocabulary_language":[4181],"class_list":["post-716803","vocabulary","type-vocabulary","status-publish","has-post-thumbnail","hentry","vocabulary_language-tjeckiska"],"acf":[],"yoast_head":"<!-- This site is optimized with the Yoast SEO Premium plugin v27.2 (Yoast SEO v27.2) - https:\/\/yoast.com\/product\/yoast-seo-premium-wordpress\/ -->\n<title>Tjeckiskt ordf\u00f6rr\u00e5d f\u00f6r fester och fester - Talkpal<\/title>\n<meta name=\"description\" content=\"Att delta i fester och evenemang \u00e4r ett fantastiskt s\u00e4tt att f\u00f6rb\u00e4ttra dina spr\u00e5kkunskaper, s\u00e4rskilt n\u00e4r du l\u00e4r dig ett nytt spr\u00e5k som tjeckiska. F\u00f6r att\" \/>\n<meta name=\"robots\" content=\"index, follow, max-snippet:-1, max-image-preview:large, max-video-preview:-1\" \/>\n<link rel=\"canonical\" href=\"https:\/\/talkpal.ai\/sv\/vocabulary\/tjeckiskt-ordforrad-for-fester-och-fester\/\" \/>\n<meta property=\"og:locale\" content=\"sv_SE\" \/>\n<meta property=\"og:type\" content=\"article\" \/>\n<meta property=\"og:title\" content=\"Tjeckiskt ordf\u00f6rr\u00e5d f\u00f6r fester och fester\" \/>\n<meta property=\"og:description\" content=\"Att delta i fester och evenemang \u00e4r ett fantastiskt s\u00e4tt att f\u00f6rb\u00e4ttra dina spr\u00e5kkunskaper, s\u00e4rskilt n\u00e4r du l\u00e4r dig ett nytt spr\u00e5k som tjeckiska. F\u00f6r att\" \/>\n<meta property=\"og:url\" content=\"https:\/\/talkpal.ai\/sv\/vocabulary\/tjeckiskt-ordforrad-for-fester-och-fester\/\" \/>\n<meta property=\"og:site_name\" content=\"Talkpal\" \/>\n<meta property=\"article:publisher\" content=\"https:\/\/www.facebook.com\/profile.php?id=100090733639311\" \/>\n<meta property=\"og:image\" content=\"https:\/\/talkpal.ai\/wp-content\/uploads\/2024\/10\/talkpal_flat_illustration_of_a_employees_working_together_happi_c674ff77-e477-4e09-835a-01d30e561e99.png\" \/>\n\t<meta property=\"og:image:width\" content=\"1024\" \/>\n\t<meta property=\"og:image:height\" content=\"1024\" \/>\n\t<meta property=\"og:image:type\" content=\"image\/png\" \/>\n<meta name=\"twitter:card\" content=\"summary_large_image\" \/>\n<meta name=\"twitter:site\" content=\"@talkpalai\" \/>\n<meta name=\"twitter:label1\" content=\"Ber\u00e4knad l\u00e4stid\" \/>\n\t<meta name=\"twitter:data1\" content=\"4 minuter\" \/>\n<script type=\"application\/ld+json\" class=\"yoast-schema-graph\">{\"@context\":\"https:\/\/schema.org\",\"@graph\":[{\"@type\":\"WebPage\",\"@id\":\"https:\/\/talkpal.ai\/sv\/vocabulary\/tjeckiskt-ordforrad-for-fester-och-fester\/\",\"url\":\"https:\/\/talkpal.ai\/sv\/vocabulary\/tjeckiskt-ordforrad-for-fester-och-fester\/\",\"name\":\"Tjeckiskt ordf\u00f6rr\u00e5d f\u00f6r fester och fester - Talkpal\",\"isPartOf\":{\"@id\":\"https:\/\/talkpal.ai\/sv\/#website\"},\"primaryImageOfPage\":{\"@id\":\"https:\/\/talkpal.ai\/sv\/vocabulary\/tjeckiskt-ordforrad-for-fester-och-fester\/#primaryimage\"},\"image\":{\"@id\":\"https:\/\/talkpal.ai\/sv\/vocabulary\/tjeckiskt-ordforrad-for-fester-och-fester\/#primaryimage\"},\"thumbnailUrl\":\"https:\/\/talkpal.ai\/wp-content\/uploads\/2025\/12\/pair-uses-laptops-to-learn-languages.webp\",\"datePublished\":\"2024-06-08T18:40:45+00:00\",\"description\":\"Att delta i fester och evenemang \u00e4r ett fantastiskt s\u00e4tt att f\u00f6rb\u00e4ttra dina spr\u00e5kkunskaper, s\u00e4rskilt n\u00e4r du l\u00e4r dig ett nytt spr\u00e5k som tjeckiska. F\u00f6r att\",\"breadcrumb\":{\"@id\":\"https:\/\/talkpal.ai\/sv\/vocabulary\/tjeckiskt-ordforrad-for-fester-och-fester\/#breadcrumb\"},\"inLanguage\":\"sv-SE\",\"potentialAction\":[{\"@type\":\"ReadAction\",\"target\":[\"https:\/\/talkpal.ai\/sv\/vocabulary\/tjeckiskt-ordforrad-for-fester-och-fester\/\"]}]},{\"@type\":\"ImageObject\",\"inLanguage\":\"sv-SE\",\"@id\":\"https:\/\/talkpal.ai\/sv\/vocabulary\/tjeckiskt-ordforrad-for-fester-och-fester\/#primaryimage\",\"url\":\"https:\/\/talkpal.ai\/wp-content\/uploads\/2025\/12\/pair-uses-laptops-to-learn-languages.webp\",\"contentUrl\":\"https:\/\/talkpal.ai\/wp-content\/uploads\/2025\/12\/pair-uses-laptops-to-learn-languages.webp\",\"width\":1200,\"height\":896,\"caption\":\"A pair of students uses laptops at a wooden table for learning languages on campus.\"},{\"@type\":\"BreadcrumbList\",\"@id\":\"https:\/\/talkpal.ai\/sv\/vocabulary\/tjeckiskt-ordforrad-for-fester-och-fester\/#breadcrumb\",\"itemListElement\":[{\"@type\":\"ListItem\",\"position\":1,\"name\":\"Homepage\",\"item\":\"https:\/\/talkpal.ai\/sv\/\"},{\"@type\":\"ListItem\",\"position\":2,\"name\":\"Tjeckiskt ordf\u00f6rr\u00e5d f\u00f6r fester och fester\"}]},{\"@type\":\"WebSite\",\"@id\":\"https:\/\/talkpal.ai\/sv\/#website\",\"url\":\"https:\/\/talkpal.ai\/sv\/\",\"name\":\"Talkpal\",\"description\":\"AI Language Learning\",\"publisher\":{\"@id\":\"https:\/\/talkpal.ai\/sv\/#organization\"},\"alternateName\":\"Talkpal AI\",\"potentialAction\":[{\"@type\":\"SearchAction\",\"target\":{\"@type\":\"EntryPoint\",\"urlTemplate\":\"https:\/\/talkpal.ai\/sv\/?s={search_term_string}\"},\"query-input\":{\"@type\":\"PropertyValueSpecification\",\"valueRequired\":true,\"valueName\":\"search_term_string\"}}],\"inLanguage\":\"sv-SE\"},{\"@type\":\"Organization\",\"@id\":\"https:\/\/talkpal.ai\/sv\/#organization\",\"name\":\"Talkpal, Inc.\",\"alternateName\":\"Talkpal AI\",\"url\":\"https:\/\/talkpal.ai\/sv\/\",\"logo\":{\"@type\":\"ImageObject\",\"inLanguage\":\"sv-SE\",\"@id\":\"https:\/\/talkpal.ai\/sv\/#\/schema\/logo\/image\/\",\"url\":\"https:\/\/talkpal.ai\/wp-content\/uploads\/2024\/03\/Talkpal-Logo-Icon.png\",\"contentUrl\":\"https:\/\/talkpal.ai\/wp-content\/uploads\/2024\/03\/Talkpal-Logo-Icon.png\",\"width\":2880,\"height\":2880,\"caption\":\"Talkpal, Inc.\"},\"image\":{\"@id\":\"https:\/\/talkpal.ai\/sv\/#\/schema\/logo\/image\/\"},\"sameAs\":[\"https:\/\/www.facebook.com\/profile.php?id=100090733639311\",\"https:\/\/x.com\/talkpalai\",\"https:\/\/www.linkedin.com\/company\/talkpal\/\",\"https:\/\/www.youtube.com\/@TalkPal\/\",\"https:\/\/www.tiktok.com\/@talkpal\",\"https:\/\/www.instagram.com\/talkpal_ai\/\",\"https:\/\/www.crunchbase.com\/organization\/talkpal-9cde\",\"https:\/\/www.g2.com\/products\/talkpal-for-business\/\",\"https:\/\/www.trustpilot.com\/review\/talkpal.ai\",\"https:\/\/www.capterra.com\/p\/10006800\/TalkPal\/\"],\"description\":\"Talkpal is a language learning web and mobile education app, powered by the latest AI technologies, that provides engaging experiences to its customers in many different languages to help them improve their language skills. Users can chat about unlimited amount of topics with the app and use other modes to practice their language learning.\",\"email\":\"support@talkpal.ai\",\"legalName\":\"Talkpal, Inc.\",\"foundingDate\":\"2023-04-03\",\"duns\":\"118989042\",\"numberOfEmployees\":{\"@type\":\"QuantitativeValue\",\"minValue\":\"11\",\"maxValue\":\"50\"},\"publishingPrinciples\":\"https:\/\/talkpal.ai\/publishing-principles\/\",\"actionableFeedbackPolicy\":\"https:\/\/talkpal.ai\/actionable-feedback-policy\/\",\"correctionsPolicy\":\"https:\/\/talkpal.ai\/corrections-policy\/\",\"ethicsPolicy\":\"https:\/\/talkpal.ai\/ethics-policy\/\",\"diversityPolicy\":\"https:\/\/talkpal.ai\/diversity-policy\/\",\"diversityStaffingReport\":\"https:\/\/talkpal.ai\/diversity-policy\/\"}]}<\/script>\n<!-- \/ Yoast SEO Premium plugin. -->","yoast_head_json":{"title":"Tjeckiskt ordf\u00f6rr\u00e5d f\u00f6r fester och fester - Talkpal","description":"Att delta i fester och evenemang \u00e4r ett fantastiskt s\u00e4tt att f\u00f6rb\u00e4ttra dina spr\u00e5kkunskaper, s\u00e4rskilt n\u00e4r du l\u00e4r dig ett nytt spr\u00e5k som tjeckiska. F\u00f6r att","robots":{"index":"index","follow":"follow","max-snippet":"max-snippet:-1","max-image-preview":"max-image-preview:large","max-video-preview":"max-video-preview:-1"},"canonical":"https:\/\/talkpal.ai\/sv\/vocabulary\/tjeckiskt-ordforrad-for-fester-och-fester\/","og_locale":"sv_SE","og_type":"article","og_title":"Tjeckiskt ordf\u00f6rr\u00e5d f\u00f6r fester och fester","og_description":"Att delta i fester och evenemang \u00e4r ett fantastiskt s\u00e4tt att f\u00f6rb\u00e4ttra dina spr\u00e5kkunskaper, s\u00e4rskilt n\u00e4r du l\u00e4r dig ett nytt spr\u00e5k som tjeckiska. F\u00f6r att","og_url":"https:\/\/talkpal.ai\/sv\/vocabulary\/tjeckiskt-ordforrad-for-fester-och-fester\/","og_site_name":"Talkpal","article_publisher":"https:\/\/www.facebook.com\/profile.php?id=100090733639311","og_image":[{"width":1024,"height":1024,"url":"https:\/\/talkpal.ai\/wp-content\/uploads\/2024\/10\/talkpal_flat_illustration_of_a_employees_working_together_happi_c674ff77-e477-4e09-835a-01d30e561e99.png","type":"image\/png"}],"twitter_card":"summary_large_image","twitter_site":"@talkpalai","twitter_misc":{"Ber\u00e4knad l\u00e4stid":"4 minuter"},"schema":{"@context":"https:\/\/schema.org","@graph":[{"@type":"WebPage","@id":"https:\/\/talkpal.ai\/sv\/vocabulary\/tjeckiskt-ordforrad-for-fester-och-fester\/","url":"https:\/\/talkpal.ai\/sv\/vocabulary\/tjeckiskt-ordforrad-for-fester-och-fester\/","name":"Tjeckiskt ordf\u00f6rr\u00e5d f\u00f6r fester och fester - Talkpal","isPartOf":{"@id":"https:\/\/talkpal.ai\/sv\/#website"},"primaryImageOfPage":{"@id":"https:\/\/talkpal.ai\/sv\/vocabulary\/tjeckiskt-ordforrad-for-fester-och-fester\/#primaryimage"},"image":{"@id":"https:\/\/talkpal.ai\/sv\/vocabulary\/tjeckiskt-ordforrad-for-fester-och-fester\/#primaryimage"},"thumbnailUrl":"https:\/\/talkpal.ai\/wp-content\/uploads\/2025\/12\/pair-uses-laptops-to-learn-languages.webp","datePublished":"2024-06-08T18:40:45+00:00","description":"Att delta i fester och evenemang \u00e4r ett fantastiskt s\u00e4tt att f\u00f6rb\u00e4ttra dina spr\u00e5kkunskaper, s\u00e4rskilt n\u00e4r du l\u00e4r dig ett nytt spr\u00e5k som tjeckiska. F\u00f6r att","breadcrumb":{"@id":"https:\/\/talkpal.ai\/sv\/vocabulary\/tjeckiskt-ordforrad-for-fester-och-fester\/#breadcrumb"},"inLanguage":"sv-SE","potentialAction":[{"@type":"ReadAction","target":["https:\/\/talkpal.ai\/sv\/vocabulary\/tjeckiskt-ordforrad-for-fester-och-fester\/"]}]},{"@type":"ImageObject","inLanguage":"sv-SE","@id":"https:\/\/talkpal.ai\/sv\/vocabulary\/tjeckiskt-ordforrad-for-fester-och-fester\/#primaryimage","url":"https:\/\/talkpal.ai\/wp-content\/uploads\/2025\/12\/pair-uses-laptops-to-learn-languages.webp","contentUrl":"https:\/\/talkpal.ai\/wp-content\/uploads\/2025\/12\/pair-uses-laptops-to-learn-languages.webp","width":1200,"height":896,"caption":"A pair of students uses laptops at a wooden table for learning languages on campus."},{"@type":"BreadcrumbList","@id":"https:\/\/talkpal.ai\/sv\/vocabulary\/tjeckiskt-ordforrad-for-fester-och-fester\/#breadcrumb","itemListElement":[{"@type":"ListItem","position":1,"name":"Homepage","item":"https:\/\/talkpal.ai\/sv\/"},{"@type":"ListItem","position":2,"name":"Tjeckiskt ordf\u00f6rr\u00e5d f\u00f6r fester och fester"}]},{"@type":"WebSite","@id":"https:\/\/talkpal.ai\/sv\/#website","url":"https:\/\/talkpal.ai\/sv\/","name":"Talkpal","description":"AI Language Learning","publisher":{"@id":"https:\/\/talkpal.ai\/sv\/#organization"},"alternateName":"Talkpal AI","potentialAction":[{"@type":"SearchAction","target":{"@type":"EntryPoint","urlTemplate":"https:\/\/talkpal.ai\/sv\/?s={search_term_string}"},"query-input":{"@type":"PropertyValueSpecification","valueRequired":true,"valueName":"search_term_string"}}],"inLanguage":"sv-SE"},{"@type":"Organization","@id":"https:\/\/talkpal.ai\/sv\/#organization","name":"Talkpal, Inc.","alternateName":"Talkpal AI","url":"https:\/\/talkpal.ai\/sv\/","logo":{"@type":"ImageObject","inLanguage":"sv-SE","@id":"https:\/\/talkpal.ai\/sv\/#\/schema\/logo\/image\/","url":"https:\/\/talkpal.ai\/wp-content\/uploads\/2024\/03\/Talkpal-Logo-Icon.png","contentUrl":"https:\/\/talkpal.ai\/wp-content\/uploads\/2024\/03\/Talkpal-Logo-Icon.png","width":2880,"height":2880,"caption":"Talkpal, Inc."},"image":{"@id":"https:\/\/talkpal.ai\/sv\/#\/schema\/logo\/image\/"},"sameAs":["https:\/\/www.facebook.com\/profile.php?id=100090733639311","https:\/\/x.com\/talkpalai","https:\/\/www.linkedin.com\/company\/talkpal\/","https:\/\/www.youtube.com\/@TalkPal\/","https:\/\/www.tiktok.com\/@talkpal","https:\/\/www.instagram.com\/talkpal_ai\/","https:\/\/www.crunchbase.com\/organization\/talkpal-9cde","https:\/\/www.g2.com\/products\/talkpal-for-business\/","https:\/\/www.trustpilot.com\/review\/talkpal.ai","https:\/\/www.capterra.com\/p\/10006800\/TalkPal\/"],"description":"Talkpal is a language learning web and mobile education app, powered by the latest AI technologies, that provides engaging experiences to its customers in many different languages to help them improve their language skills. Users can chat about unlimited amount of topics with the app and use other modes to practice their language learning.","email":"support@talkpal.ai","legalName":"Talkpal, Inc.","foundingDate":"2023-04-03","duns":"118989042","numberOfEmployees":{"@type":"QuantitativeValue","minValue":"11","maxValue":"50"},"publishingPrinciples":"https:\/\/talkpal.ai\/publishing-principles\/","actionableFeedbackPolicy":"https:\/\/talkpal.ai\/actionable-feedback-policy\/","correctionsPolicy":"https:\/\/talkpal.ai\/corrections-policy\/","ethicsPolicy":"https:\/\/talkpal.ai\/ethics-policy\/","diversityPolicy":"https:\/\/talkpal.ai\/diversity-policy\/","diversityStaffingReport":"https:\/\/talkpal.ai\/diversity-policy\/"}]}},"_links":{"self":[{"href":"https:\/\/talkpal.ai\/sv\/wp-json\/wp\/v2\/vocabulary\/716803","targetHints":{"allow":["GET"]}}],"collection":[{"href":"https:\/\/talkpal.ai\/sv\/wp-json\/wp\/v2\/vocabulary"}],"about":[{"href":"https:\/\/talkpal.ai\/sv\/wp-json\/wp\/v2\/types\/vocabulary"}],"wp:featuredmedia":[{"embeddable":true,"href":"https:\/\/talkpal.ai\/sv\/wp-json\/wp\/v2\/media\/1527827"}],"wp:attachment":[{"href":"https:\/\/talkpal.ai\/sv\/wp-json\/wp\/v2\/media?parent=716803"}],"wp:term":[{"taxonomy":"vocabulary_language","embeddable":true,"href":"https:\/\/talkpal.ai\/sv\/wp-json\/wp\/v2\/vocabulary_language?post=716803"}],"curies":[{"name":"wp","href":"https:\/\/api.w.org\/{rel}","templated":true}]}}