{"id":716795,"date":"2024-06-08T18:40:18","date_gmt":"2024-06-08T18:40:18","guid":{"rendered":"https:\/\/talkpal.ai\/vocabulary\/tidsuttryck-pa-tjeckiska\/"},"modified":"2024-06-08T18:40:18","modified_gmt":"2024-06-08T18:40:18","slug":"tidsuttryck-pa-tjeckiska","status":"publish","type":"vocabulary","link":"https:\/\/talkpal.ai\/sv\/vocabulary\/tidsuttryck-pa-tjeckiska\/","title":{"rendered":"Tidsuttryck p\u00e5 tjeckiska"},"content":{"rendered":"<p>Att l\u00e4ra sig ett nytt spr\u00e5k inneb\u00e4r ofta att f\u00f6rst\u00e5 och anv\u00e4nda tidsuttryck korrekt. <a href=\"https:\/\/talkpal.ai\/learn-czech\/\">Tjeckiska<\/a>, med sin unika <a href=\"https:\/\/talkpal.ai\/fr\/les\/\">grammatik<\/a> och ordf\u00f6rr\u00e5d, har m\u00e5nga specifika tidsuttryck som kan vara utmanande f\u00f6r <a href=\"https:\/\/talkpal.ai\/learn-swedish\/\">svenska<\/a> talare. I <a href=\"https:\/\/talkpal.ai\/culture\/how-do-i-use-den-har-and-det-har\/\">den h\u00e4r<\/a> artikeln kommer vi att utforska n\u00e5gra av de vanligaste tidsuttrycken p\u00e5 <a href=\"https:\/\/talkpal.ai\/learn-czech\/\">tjeckiska<\/a> och ge exempel p\u00e5 hur de anv\u00e4nds i meningar.<\/p>\n<h2>Grundl\u00e4ggande tidsuttryck<\/h2>\n<p><b>R\u00e1no<\/b> &#8211; Morgon. Detta ord anv\u00e4nds f\u00f6r att beskriva tiden p\u00e5 dagen fr\u00e5n att solen g\u00e5r upp tills ungef\u00e4r klockan 9 eller 10 p\u00e5 f\u00f6rmiddagen.<br \/>\n<font color=\"#2D3AC7\">Ka\u017ed\u00e9 r\u00e1no chod\u00edm b\u011bhat.<\/font><\/p>\n<p><b>Poledne<\/b> &#8211; Middagstid. Detta ord anv\u00e4nds f\u00f6r att beskriva tiden kring lunchtid, vanligtvis runt klockan 12.<br \/>\n<font color=\"#2D3AC7\">V poledne m\u00e1me ob\u011bd.<\/font><\/p>\n<p><b>Odpoledne<\/b> &#8211; Eftermiddag. Detta ord beskriver tiden fr\u00e5n efter lunch fram till tidig kv\u00e4ll.<br \/>\n<font color=\"#2D3AC7\">Odpoledne se u\u010d\u00edm \u010desky.<\/font><\/p>\n<p><b>Ve\u010der<\/b> &#8211; Kv\u00e4ll. Detta ord anv\u00e4nds f\u00f6r tiden efter eftermiddagen och innan natten.<br \/>\n<font color=\"#2D3AC7\">Ve\u010der se d\u00edv\u00e1me na televizi.<\/font><\/p>\n<p><b>Noc<\/b> &#8211; Natt. Detta ord beskriver tiden n\u00e4r det \u00e4r m\u00f6rkt, vanligtvis fr\u00e5n sent p\u00e5 kv\u00e4llen till tidig morgon.<br \/>\n<font color=\"#2D3AC7\">V noci sp\u00edm osm hodin.<\/font><\/p>\n<h2>Specifika tidsuttryck<\/h2>\n<h3>Veckodagar<\/h3>\n<p><b>Pond\u011bl\u00ed<\/b> &#8211; M\u00e5ndag. Den f\u00f6rsta dagen i veckan p\u00e5 tjeckiska.<br \/>\n<font color=\"#2D3AC7\">V pond\u011bl\u00ed m\u00e1m hodinu \u010de\u0161tiny.<\/font><\/p>\n<p><b>\u00dater\u00fd<\/b> &#8211; Tisdag. Den andra dagen i veckan.<br \/>\n<font color=\"#2D3AC7\">\u00dater\u00fd je m\u016fj obl\u00edben\u00fd den.<\/font><\/p>\n<p><b>St\u0159eda<\/b> &#8211; Onsdag. Den tredje dagen i veckan.<br \/>\n<font color=\"#2D3AC7\">Ve st\u0159edu chod\u00edm do knihovny.<\/font><\/p>\n<p><b>\u010ctvrtek<\/b> &#8211; Torsdag. Den fj\u00e4rde dagen i veckan.<br \/>\n<font color=\"#2D3AC7\">Ka\u017ed\u00fd \u010dtvrtek hraju fotbal.<\/font><\/p>\n<p><b>P\u00e1tek<\/b> &#8211; Fredag. Den femte dagen i veckan.<br \/>\n<font color=\"#2D3AC7\">V p\u00e1tek ve\u010der jdeme do kina.<\/font><\/p>\n<p><b>Sobota<\/b> &#8211; L\u00f6rdag. Den sj\u00e4tte dagen i veckan.<br \/>\n<font color=\"#2D3AC7\">Sobota je den odpo\u010dinku.<\/font><\/p>\n<p><b>Ned\u011ble<\/b> &#8211; S\u00f6ndag. Den sjunde och sista dagen i veckan.<br \/>\n<font color=\"#2D3AC7\">V ned\u011bli chod\u00edme na proch\u00e1zku.<\/font><\/p>\n<h3>M\u00e5nader<\/h3>\n<p><b>Leden<\/b> &#8211; Januari. Den f\u00f6rsta m\u00e5naden p\u00e5 \u00e5ret.<br \/>\n<font color=\"#2D3AC7\">V lednu \u010dasto sn\u011b\u017e\u00ed.<\/font><\/p>\n<p><b>\u00danor<\/b> &#8211; Februari. Den andra m\u00e5naden p\u00e5 \u00e5ret.<br \/>\n<font color=\"#2D3AC7\">\u00danor je nejkrat\u0161\u00ed m\u011bs\u00edc.<\/font><\/p>\n<p><b>B\u0159ezen<\/b> &#8211; Mars. Den tredje m\u00e5naden p\u00e5 \u00e5ret.<br \/>\n<font color=\"#2D3AC7\">V b\u0159eznu za\u010d\u00edn\u00e1 jaro.<\/font><\/p>\n<p><b>Duben<\/b> &#8211; April. Den fj\u00e4rde m\u00e5naden p\u00e5 \u00e5ret.<br \/>\n<font color=\"#2D3AC7\">Duben je m\u011bs\u00edc apr\u00edlov\u00fdch \u017eert\u016f.<\/font><\/p>\n<p><b>Kv\u011bten<\/b> &#8211; Maj. Den femte m\u00e5naden p\u00e5 \u00e5ret.<br \/>\n<font color=\"#2D3AC7\">V kv\u011btnu kvete mnoho kv\u011btin.<\/font><\/p>\n<p><b>\u010cerven<\/b> &#8211; Juni. Den sj\u00e4tte m\u00e5naden p\u00e5 \u00e5ret.<br \/>\n<font color=\"#2D3AC7\">V \u010dervnu za\u010d\u00edn\u00e1 l\u00e9to.<\/font><\/p>\n<p><b>\u010cervenec<\/b> &#8211; Juli. Den sjunde m\u00e5naden p\u00e5 \u00e5ret.<br \/>\n<font color=\"#2D3AC7\">\u010cervenec je m\u011bs\u00edc dovolen\u00fdch.<\/font><\/p>\n<p><b>Srpen<\/b> &#8211; Augusti. Den \u00e5ttonde m\u00e5naden p\u00e5 \u00e5ret.<br \/>\n<font color=\"#2D3AC7\">Srpen je hork\u00fd m\u011bs\u00edc.<\/font><\/p>\n<p><b>Z\u00e1\u0159\u00ed<\/b> &#8211; September. Den nionde m\u00e5naden p\u00e5 \u00e5ret.<br \/>\n<font color=\"#2D3AC7\">V z\u00e1\u0159\u00ed za\u010d\u00edn\u00e1 \u0161kola.<\/font><\/p>\n<p><b>\u0158\u00edjen<\/b> &#8211; Oktober. Den tionde m\u00e5naden p\u00e5 \u00e5ret.<br \/>\n<font color=\"#2D3AC7\">V \u0159\u00edjnu padaj\u00ed listy ze strom\u016f.<\/font><\/p>\n<p><b>Listopad<\/b> &#8211; November. Den elfte m\u00e5naden p\u00e5 \u00e5ret.<br \/>\n<font color=\"#2D3AC7\">Listopad je chladn\u00fd m\u011bs\u00edc.<\/font><\/p>\n<p><b>Prosinec<\/b> &#8211; December. Den tolfte och sista m\u00e5naden p\u00e5 \u00e5ret.<br \/>\n<font color=\"#2D3AC7\">V prosinci slav\u00edme <a href=\"https:\/\/talkpal.ai\/talkpal-christmas-discount\/\">V\u00e1noce<\/a>.<\/font><\/p>\n<h2>\u00c5rstider<\/h2>\n<p><b>Jaro<\/b> &#8211; V\u00e5r. Den \u00e5rstid som f\u00f6ljer efter vintern och kommer innan sommaren.<br \/>\n<font color=\"#2D3AC7\">Na ja\u0159e kvete mnoho strom\u016f.<\/font><\/p>\n<p><b>L\u00e9to<\/b> &#8211; Sommar. Den varma \u00e5rstiden som kommer efter v\u00e5ren.<br \/>\n<font color=\"#2D3AC7\">V l\u00e9t\u011b jezd\u00edme k mo\u0159i.<\/font><\/p>\n<p><b>Podzim<\/b> &#8211; H\u00f6st. \u00c5rstiden som f\u00f6ljer efter sommaren och kommer innan vintern.<br \/>\n<font color=\"#2D3AC7\">Na podzim padaj\u00ed listy.<\/font><\/p>\n<p><b>Zima<\/b> &#8211; Vinter. Den kalla \u00e5rstiden som kommer efter h\u00f6sten.<br \/>\n<font color=\"#2D3AC7\">V zim\u011b jezd\u00edme na hory ly\u017eovat.<\/font><\/p>\n<h2>Frekvensuttryck<\/h2>\n<p><b>V\u017edy<\/b> &#8211; Alltid. Anv\u00e4nds f\u00f6r att beskriva n\u00e5got som sker hela tiden.<br \/>\n<font color=\"#2D3AC7\">V\u017edy chod\u00edm sp\u00e1t v deset hodin.<\/font><\/p>\n<p><b>Obvykle<\/b> &#8211; Vanligtvis. Anv\u00e4nds f\u00f6r att beskriva n\u00e5got som sker oftast.<br \/>\n<font color=\"#2D3AC7\">Obvykle sn\u00edd\u00e1m v sedm hodin.<\/font><\/p>\n<p><b>\u010casto<\/b> &#8211; Ofta. Anv\u00e4nds f\u00f6r att beskriva n\u00e5got som sker m\u00e5nga g\u00e5nger.<br \/>\n<font color=\"#2D3AC7\">\u010casto chod\u00edm do posilovny.<\/font><\/p>\n<p><b>Ob\u010das<\/b> &#8211; Ibland. Anv\u00e4nds f\u00f6r att beskriva n\u00e5got som sker d\u00e5 och d\u00e5.<br \/>\n<font color=\"#2D3AC7\">Ob\u010das se d\u00edv\u00e1m na filmy.<\/font><\/p>\n<p><b>Z\u0159\u00eddka<\/b> &#8211; S\u00e4llan. Anv\u00e4nds f\u00f6r att beskriva n\u00e5got som sker mycket s\u00e4llan.<br \/>\n<font color=\"#2D3AC7\">Z\u0159\u00eddka j\u00edm sladkosti.<\/font><\/p>\n<p><b>Nikdy<\/b> &#8211; Aldrig. Anv\u00e4nds f\u00f6r att beskriva n\u00e5got som aldrig sker.<br \/>\n<font color=\"#2D3AC7\">Nikdy nekou\u0159\u00edm.<\/font><\/p>\n<h2>Specifika tidsuttryck f\u00f6r olika aktiviteter<\/h2>\n<p><b>R\u00e1no<\/b> &#8211; Morgon. Anv\u00e4nds f\u00f6r att beskriva aktiviteter som sker p\u00e5 morgonen.<br \/>\n<font color=\"#2D3AC7\">R\u00e1no b\u011bh\u00e1m v parku.<\/font><\/p>\n<p><b>Poledne<\/b> &#8211; Middagstid. Anv\u00e4nds f\u00f6r att beskriva aktiviteter som sker runt lunchtid.<br \/>\n<font color=\"#2D3AC7\">V poledne j\u00edm ob\u011bd.<\/font><\/p>\n<p><b>Odpoledne<\/b> &#8211; Eftermiddag. Anv\u00e4nds f\u00f6r att beskriva aktiviteter som sker p\u00e5 eftermiddagen.<br \/>\n<font color=\"#2D3AC7\">Odpoledne \u010dtu knihu.<\/font><\/p>\n<p><b>Ve\u010der<\/b> &#8211; Kv\u00e4ll. Anv\u00e4nds f\u00f6r att beskriva aktiviteter som sker p\u00e5 kv\u00e4llen.<br \/>\n<font color=\"#2D3AC7\">Ve\u010der se d\u00edv\u00e1m na televizi.<\/font><\/p>\n<p><b>Noc<\/b> &#8211; Natt. Anv\u00e4nds f\u00f6r att beskriva aktiviteter som sker p\u00e5 natten.<br \/>\n<font color=\"#2D3AC7\">V noci sp\u00edm.<\/font><\/p>\n<h2>Specifika tidsuttryck f\u00f6r datum och tider<\/h2>\n<p><b>Dnes<\/b> &#8211; Idag. Anv\u00e4nds f\u00f6r att beskriva n\u00e5got som h\u00e4nder samma dag.<br \/>\n<font color=\"#2D3AC7\">Dnes m\u00e1m hodn\u011b pr\u00e1ce.<\/font><\/p>\n<p><b>Z\u00edtra<\/b> &#8211; Imorgon. Anv\u00e4nds f\u00f6r att beskriva n\u00e5got som h\u00e4nder n\u00e4sta dag.<br \/>\n<font color=\"#2D3AC7\">Z\u00edtra m\u00e1m sch\u016fzku.<\/font><\/p>\n<p><b>V\u010dera<\/b> &#8211; Ig\u00e5r. Anv\u00e4nds f\u00f6r att beskriva n\u00e5got som h\u00e4nde f\u00f6reg\u00e5ende dag.<br \/>\n<font color=\"#2D3AC7\">V\u010dera jsem byl v kin\u011b.<\/font><\/p>\n<p><b>Dnes r\u00e1no<\/b> &#8211; Imorse. Anv\u00e4nds f\u00f6r att beskriva n\u00e5got som h\u00e4nde p\u00e5 morgonen samma dag.<br \/>\n<font color=\"#2D3AC7\">Dnes r\u00e1no jsem b\u011bhal.<\/font><\/p>\n<p><b>Dnes ve\u010der<\/b> &#8211; Ikv\u00e4ll. Anv\u00e4nds f\u00f6r att beskriva n\u00e5got som kommer att h\u00e4nda p\u00e5 kv\u00e4llen samma dag.<br \/>\n<font color=\"#2D3AC7\">Dnes ve\u010der jdeme na ve\u010de\u0159i.<\/font><\/p>\n<p><b>V\u010dera ve\u010der<\/b> &#8211; Ig\u00e5r kv\u00e4ll. Anv\u00e4nds f\u00f6r att beskriva n\u00e5got som h\u00e4nde p\u00e5 kv\u00e4llen f\u00f6reg\u00e5ende dag.<br \/>\n<font color=\"#2D3AC7\">V\u010dera ve\u010der jsem \u010detl knihu.<\/font><\/p>\n<h2>Vanliga tidsrelaterade fr\u00e5gor<\/h2>\n<p><b>Kdy?<\/b> &#8211; N\u00e4r? Anv\u00e4nds f\u00f6r att fr\u00e5ga om tidpunkten f\u00f6r en h\u00e4ndelse.<br \/>\n<font color=\"#2D3AC7\">Kdy p\u0159ijede\u0161?<\/font><\/p>\n<p><b>V kolik hodin?<\/b> &#8211; Hur dags? Anv\u00e4nds f\u00f6r att fr\u00e5ga om den exakta tidpunkten f\u00f6r en h\u00e4ndelse.<br \/>\n<font color=\"#2D3AC7\">V kolik hodin se sejdeme?<\/font><\/p>\n<p><b>Jak dlouho?<\/b> &#8211; Hur l\u00e4nge? Anv\u00e4nds f\u00f6r att fr\u00e5ga om tidsl\u00e4ngden f\u00f6r en h\u00e4ndelse.<br \/>\n<font color=\"#2D3AC7\">Jak dlouho to bude trvat?<\/font><\/p>\n<p><b>Od kdy?<\/b> &#8211; Fr\u00e5n n\u00e4r? Anv\u00e4nds f\u00f6r att fr\u00e5ga om starttidpunkten f\u00f6r en h\u00e4ndelse.<br \/>\n<font color=\"#2D3AC7\">Od kdy pracuje\u0161 zde?<\/font><\/p>\n<p><b>Do kdy?<\/b> &#8211; Till n\u00e4r? Anv\u00e4nds f\u00f6r att fr\u00e5ga om sluttidpunkten f\u00f6r en h\u00e4ndelse.<br \/>\n<font color=\"#2D3AC7\">Do kdy bude\u0161 pry\u010d?<\/font><\/p>\n<p>Att l\u00e4ra sig tidsuttryck p\u00e5 tjeckiska kan vara en utmaning, men med \u00f6vning och repetition blir det allt l\u00e4ttare. Genom att f\u00f6rst\u00e5 och anv\u00e4nda dessa uttryck korrekt kommer du att kunna kommunicera mer effektivt och naturligt p\u00e5 tjeckiska. Forts\u00e4tt att \u00f6va och utforska spr\u00e5ket, och snart kommer du att bem\u00e4stra dessa viktiga tidsuttryck.<\/p>\n","protected":false},"featured_media":1529113,"template":"","vocabulary_language":[4181],"class_list":["post-716795","vocabulary","type-vocabulary","status-publish","has-post-thumbnail","hentry","vocabulary_language-tjeckiska"],"acf":[],"yoast_head":"<!-- This site is optimized with the Yoast SEO Premium plugin v27.2 (Yoast SEO v27.2) - https:\/\/yoast.com\/product\/yoast-seo-premium-wordpress\/ -->\n<title>Tidsuttryck p\u00e5 tjeckiska - Talkpal<\/title>\n<meta name=\"description\" content=\"Att l\u00e4ra sig ett nytt spr\u00e5k inneb\u00e4r ofta att f\u00f6rst\u00e5 och anv\u00e4nda tidsuttryck korrekt. Tjeckiska, med sin unika grammatik och ordf\u00f6rr\u00e5d, har m\u00e5nga specifika\" \/>\n<meta name=\"robots\" content=\"index, follow, max-snippet:-1, max-image-preview:large, max-video-preview:-1\" \/>\n<link rel=\"canonical\" href=\"https:\/\/talkpal.ai\/sv\/vocabulary\/tidsuttryck-pa-tjeckiska\/\" \/>\n<meta property=\"og:locale\" content=\"sv_SE\" \/>\n<meta property=\"og:type\" content=\"article\" \/>\n<meta property=\"og:title\" content=\"Tidsuttryck p\u00e5 tjeckiska\" \/>\n<meta property=\"og:description\" content=\"Att l\u00e4ra sig ett nytt spr\u00e5k inneb\u00e4r ofta att f\u00f6rst\u00e5 och anv\u00e4nda tidsuttryck korrekt. Tjeckiska, med sin unika grammatik och ordf\u00f6rr\u00e5d, har m\u00e5nga specifika\" \/>\n<meta property=\"og:url\" content=\"https:\/\/talkpal.ai\/sv\/vocabulary\/tidsuttryck-pa-tjeckiska\/\" \/>\n<meta property=\"og:site_name\" content=\"Talkpal\" \/>\n<meta property=\"article:publisher\" content=\"https:\/\/www.facebook.com\/profile.php?id=100090733639311\" \/>\n<meta property=\"og:image\" content=\"https:\/\/talkpal.ai\/wp-content\/uploads\/2024\/10\/talkpal_flat_illustration_of_a_employees_working_together_happi_c674ff77-e477-4e09-835a-01d30e561e99.png\" \/>\n\t<meta property=\"og:image:width\" content=\"1024\" \/>\n\t<meta property=\"og:image:height\" content=\"1024\" \/>\n\t<meta property=\"og:image:type\" content=\"image\/png\" \/>\n<meta name=\"twitter:card\" content=\"summary_large_image\" \/>\n<meta name=\"twitter:site\" content=\"@talkpalai\" \/>\n<meta name=\"twitter:label1\" content=\"Ber\u00e4knad l\u00e4stid\" \/>\n\t<meta name=\"twitter:data1\" content=\"6 minuter\" \/>\n<script type=\"application\/ld+json\" class=\"yoast-schema-graph\">{\"@context\":\"https:\/\/schema.org\",\"@graph\":[{\"@type\":\"WebPage\",\"@id\":\"https:\/\/talkpal.ai\/sv\/vocabulary\/tidsuttryck-pa-tjeckiska\/\",\"url\":\"https:\/\/talkpal.ai\/sv\/vocabulary\/tidsuttryck-pa-tjeckiska\/\",\"name\":\"Tidsuttryck p\u00e5 tjeckiska - Talkpal\",\"isPartOf\":{\"@id\":\"https:\/\/talkpal.ai\/sv\/#website\"},\"primaryImageOfPage\":{\"@id\":\"https:\/\/talkpal.ai\/sv\/vocabulary\/tidsuttryck-pa-tjeckiska\/#primaryimage\"},\"image\":{\"@id\":\"https:\/\/talkpal.ai\/sv\/vocabulary\/tidsuttryck-pa-tjeckiska\/#primaryimage\"},\"thumbnailUrl\":\"https:\/\/talkpal.ai\/wp-content\/uploads\/2025\/12\/three-people-on-sofa-learning-languages.webp\",\"datePublished\":\"2024-06-08T18:40:18+00:00\",\"description\":\"Att l\u00e4ra sig ett nytt spr\u00e5k inneb\u00e4r ofta att f\u00f6rst\u00e5 och anv\u00e4nda tidsuttryck korrekt. Tjeckiska, med sin unika grammatik och ordf\u00f6rr\u00e5d, har m\u00e5nga specifika\",\"breadcrumb\":{\"@id\":\"https:\/\/talkpal.ai\/sv\/vocabulary\/tidsuttryck-pa-tjeckiska\/#breadcrumb\"},\"inLanguage\":\"sv-SE\",\"potentialAction\":[{\"@type\":\"ReadAction\",\"target\":[\"https:\/\/talkpal.ai\/sv\/vocabulary\/tidsuttryck-pa-tjeckiska\/\"]}]},{\"@type\":\"ImageObject\",\"inLanguage\":\"sv-SE\",\"@id\":\"https:\/\/talkpal.ai\/sv\/vocabulary\/tidsuttryck-pa-tjeckiska\/#primaryimage\",\"url\":\"https:\/\/talkpal.ai\/wp-content\/uploads\/2025\/12\/three-people-on-sofa-learning-languages.webp\",\"contentUrl\":\"https:\/\/talkpal.ai\/wp-content\/uploads\/2025\/12\/three-people-on-sofa-learning-languages.webp\",\"width\":1200,\"height\":896,\"caption\":\"Three people sit on a blue sofa with laptops and coffee mugs while learning languages in a lounge.\"},{\"@type\":\"BreadcrumbList\",\"@id\":\"https:\/\/talkpal.ai\/sv\/vocabulary\/tidsuttryck-pa-tjeckiska\/#breadcrumb\",\"itemListElement\":[{\"@type\":\"ListItem\",\"position\":1,\"name\":\"Homepage\",\"item\":\"https:\/\/talkpal.ai\/sv\/\"},{\"@type\":\"ListItem\",\"position\":2,\"name\":\"Tidsuttryck p\u00e5 tjeckiska\"}]},{\"@type\":\"WebSite\",\"@id\":\"https:\/\/talkpal.ai\/sv\/#website\",\"url\":\"https:\/\/talkpal.ai\/sv\/\",\"name\":\"Talkpal\",\"description\":\"AI Language Learning\",\"publisher\":{\"@id\":\"https:\/\/talkpal.ai\/sv\/#organization\"},\"alternateName\":\"Talkpal AI\",\"potentialAction\":[{\"@type\":\"SearchAction\",\"target\":{\"@type\":\"EntryPoint\",\"urlTemplate\":\"https:\/\/talkpal.ai\/sv\/?s={search_term_string}\"},\"query-input\":{\"@type\":\"PropertyValueSpecification\",\"valueRequired\":true,\"valueName\":\"search_term_string\"}}],\"inLanguage\":\"sv-SE\"},{\"@type\":\"Organization\",\"@id\":\"https:\/\/talkpal.ai\/sv\/#organization\",\"name\":\"Talkpal, Inc.\",\"alternateName\":\"Talkpal AI\",\"url\":\"https:\/\/talkpal.ai\/sv\/\",\"logo\":{\"@type\":\"ImageObject\",\"inLanguage\":\"sv-SE\",\"@id\":\"https:\/\/talkpal.ai\/sv\/#\/schema\/logo\/image\/\",\"url\":\"https:\/\/talkpal.ai\/wp-content\/uploads\/2024\/03\/Talkpal-Logo-Icon.png\",\"contentUrl\":\"https:\/\/talkpal.ai\/wp-content\/uploads\/2024\/03\/Talkpal-Logo-Icon.png\",\"width\":2880,\"height\":2880,\"caption\":\"Talkpal, Inc.\"},\"image\":{\"@id\":\"https:\/\/talkpal.ai\/sv\/#\/schema\/logo\/image\/\"},\"sameAs\":[\"https:\/\/www.facebook.com\/profile.php?id=100090733639311\",\"https:\/\/x.com\/talkpalai\",\"https:\/\/www.linkedin.com\/company\/talkpal\/\",\"https:\/\/www.youtube.com\/@TalkPal\/\",\"https:\/\/www.tiktok.com\/@talkpal\",\"https:\/\/www.instagram.com\/talkpal_ai\/\",\"https:\/\/www.crunchbase.com\/organization\/talkpal-9cde\",\"https:\/\/www.g2.com\/products\/talkpal-for-business\/\",\"https:\/\/www.trustpilot.com\/review\/talkpal.ai\",\"https:\/\/www.capterra.com\/p\/10006800\/TalkPal\/\"],\"description\":\"Talkpal is a language learning web and mobile education app, powered by the latest AI technologies, that provides engaging experiences to its customers in many different languages to help them improve their language skills. Users can chat about unlimited amount of topics with the app and use other modes to practice their language learning.\",\"email\":\"support@talkpal.ai\",\"legalName\":\"Talkpal, Inc.\",\"foundingDate\":\"2023-04-03\",\"duns\":\"118989042\",\"numberOfEmployees\":{\"@type\":\"QuantitativeValue\",\"minValue\":\"11\",\"maxValue\":\"50\"},\"publishingPrinciples\":\"https:\/\/talkpal.ai\/publishing-principles\/\",\"actionableFeedbackPolicy\":\"https:\/\/talkpal.ai\/actionable-feedback-policy\/\",\"correctionsPolicy\":\"https:\/\/talkpal.ai\/corrections-policy\/\",\"ethicsPolicy\":\"https:\/\/talkpal.ai\/ethics-policy\/\",\"diversityPolicy\":\"https:\/\/talkpal.ai\/diversity-policy\/\",\"diversityStaffingReport\":\"https:\/\/talkpal.ai\/diversity-policy\/\"}]}<\/script>\n<!-- \/ Yoast SEO Premium plugin. -->","yoast_head_json":{"title":"Tidsuttryck p\u00e5 tjeckiska - Talkpal","description":"Att l\u00e4ra sig ett nytt spr\u00e5k inneb\u00e4r ofta att f\u00f6rst\u00e5 och anv\u00e4nda tidsuttryck korrekt. Tjeckiska, med sin unika grammatik och ordf\u00f6rr\u00e5d, har m\u00e5nga specifika","robots":{"index":"index","follow":"follow","max-snippet":"max-snippet:-1","max-image-preview":"max-image-preview:large","max-video-preview":"max-video-preview:-1"},"canonical":"https:\/\/talkpal.ai\/sv\/vocabulary\/tidsuttryck-pa-tjeckiska\/","og_locale":"sv_SE","og_type":"article","og_title":"Tidsuttryck p\u00e5 tjeckiska","og_description":"Att l\u00e4ra sig ett nytt spr\u00e5k inneb\u00e4r ofta att f\u00f6rst\u00e5 och anv\u00e4nda tidsuttryck korrekt. Tjeckiska, med sin unika grammatik och ordf\u00f6rr\u00e5d, har m\u00e5nga specifika","og_url":"https:\/\/talkpal.ai\/sv\/vocabulary\/tidsuttryck-pa-tjeckiska\/","og_site_name":"Talkpal","article_publisher":"https:\/\/www.facebook.com\/profile.php?id=100090733639311","og_image":[{"width":1024,"height":1024,"url":"https:\/\/talkpal.ai\/wp-content\/uploads\/2024\/10\/talkpal_flat_illustration_of_a_employees_working_together_happi_c674ff77-e477-4e09-835a-01d30e561e99.png","type":"image\/png"}],"twitter_card":"summary_large_image","twitter_site":"@talkpalai","twitter_misc":{"Ber\u00e4knad l\u00e4stid":"6 minuter"},"schema":{"@context":"https:\/\/schema.org","@graph":[{"@type":"WebPage","@id":"https:\/\/talkpal.ai\/sv\/vocabulary\/tidsuttryck-pa-tjeckiska\/","url":"https:\/\/talkpal.ai\/sv\/vocabulary\/tidsuttryck-pa-tjeckiska\/","name":"Tidsuttryck p\u00e5 tjeckiska - Talkpal","isPartOf":{"@id":"https:\/\/talkpal.ai\/sv\/#website"},"primaryImageOfPage":{"@id":"https:\/\/talkpal.ai\/sv\/vocabulary\/tidsuttryck-pa-tjeckiska\/#primaryimage"},"image":{"@id":"https:\/\/talkpal.ai\/sv\/vocabulary\/tidsuttryck-pa-tjeckiska\/#primaryimage"},"thumbnailUrl":"https:\/\/talkpal.ai\/wp-content\/uploads\/2025\/12\/three-people-on-sofa-learning-languages.webp","datePublished":"2024-06-08T18:40:18+00:00","description":"Att l\u00e4ra sig ett nytt spr\u00e5k inneb\u00e4r ofta att f\u00f6rst\u00e5 och anv\u00e4nda tidsuttryck korrekt. Tjeckiska, med sin unika grammatik och ordf\u00f6rr\u00e5d, har m\u00e5nga specifika","breadcrumb":{"@id":"https:\/\/talkpal.ai\/sv\/vocabulary\/tidsuttryck-pa-tjeckiska\/#breadcrumb"},"inLanguage":"sv-SE","potentialAction":[{"@type":"ReadAction","target":["https:\/\/talkpal.ai\/sv\/vocabulary\/tidsuttryck-pa-tjeckiska\/"]}]},{"@type":"ImageObject","inLanguage":"sv-SE","@id":"https:\/\/talkpal.ai\/sv\/vocabulary\/tidsuttryck-pa-tjeckiska\/#primaryimage","url":"https:\/\/talkpal.ai\/wp-content\/uploads\/2025\/12\/three-people-on-sofa-learning-languages.webp","contentUrl":"https:\/\/talkpal.ai\/wp-content\/uploads\/2025\/12\/three-people-on-sofa-learning-languages.webp","width":1200,"height":896,"caption":"Three people sit on a blue sofa with laptops and coffee mugs while learning languages in a lounge."},{"@type":"BreadcrumbList","@id":"https:\/\/talkpal.ai\/sv\/vocabulary\/tidsuttryck-pa-tjeckiska\/#breadcrumb","itemListElement":[{"@type":"ListItem","position":1,"name":"Homepage","item":"https:\/\/talkpal.ai\/sv\/"},{"@type":"ListItem","position":2,"name":"Tidsuttryck p\u00e5 tjeckiska"}]},{"@type":"WebSite","@id":"https:\/\/talkpal.ai\/sv\/#website","url":"https:\/\/talkpal.ai\/sv\/","name":"Talkpal","description":"AI Language Learning","publisher":{"@id":"https:\/\/talkpal.ai\/sv\/#organization"},"alternateName":"Talkpal AI","potentialAction":[{"@type":"SearchAction","target":{"@type":"EntryPoint","urlTemplate":"https:\/\/talkpal.ai\/sv\/?s={search_term_string}"},"query-input":{"@type":"PropertyValueSpecification","valueRequired":true,"valueName":"search_term_string"}}],"inLanguage":"sv-SE"},{"@type":"Organization","@id":"https:\/\/talkpal.ai\/sv\/#organization","name":"Talkpal, Inc.","alternateName":"Talkpal AI","url":"https:\/\/talkpal.ai\/sv\/","logo":{"@type":"ImageObject","inLanguage":"sv-SE","@id":"https:\/\/talkpal.ai\/sv\/#\/schema\/logo\/image\/","url":"https:\/\/talkpal.ai\/wp-content\/uploads\/2024\/03\/Talkpal-Logo-Icon.png","contentUrl":"https:\/\/talkpal.ai\/wp-content\/uploads\/2024\/03\/Talkpal-Logo-Icon.png","width":2880,"height":2880,"caption":"Talkpal, Inc."},"image":{"@id":"https:\/\/talkpal.ai\/sv\/#\/schema\/logo\/image\/"},"sameAs":["https:\/\/www.facebook.com\/profile.php?id=100090733639311","https:\/\/x.com\/talkpalai","https:\/\/www.linkedin.com\/company\/talkpal\/","https:\/\/www.youtube.com\/@TalkPal\/","https:\/\/www.tiktok.com\/@talkpal","https:\/\/www.instagram.com\/talkpal_ai\/","https:\/\/www.crunchbase.com\/organization\/talkpal-9cde","https:\/\/www.g2.com\/products\/talkpal-for-business\/","https:\/\/www.trustpilot.com\/review\/talkpal.ai","https:\/\/www.capterra.com\/p\/10006800\/TalkPal\/"],"description":"Talkpal is a language learning web and mobile education app, powered by the latest AI technologies, that provides engaging experiences to its customers in many different languages to help them improve their language skills. Users can chat about unlimited amount of topics with the app and use other modes to practice their language learning.","email":"support@talkpal.ai","legalName":"Talkpal, Inc.","foundingDate":"2023-04-03","duns":"118989042","numberOfEmployees":{"@type":"QuantitativeValue","minValue":"11","maxValue":"50"},"publishingPrinciples":"https:\/\/talkpal.ai\/publishing-principles\/","actionableFeedbackPolicy":"https:\/\/talkpal.ai\/actionable-feedback-policy\/","correctionsPolicy":"https:\/\/talkpal.ai\/corrections-policy\/","ethicsPolicy":"https:\/\/talkpal.ai\/ethics-policy\/","diversityPolicy":"https:\/\/talkpal.ai\/diversity-policy\/","diversityStaffingReport":"https:\/\/talkpal.ai\/diversity-policy\/"}]}},"_links":{"self":[{"href":"https:\/\/talkpal.ai\/sv\/wp-json\/wp\/v2\/vocabulary\/716795","targetHints":{"allow":["GET"]}}],"collection":[{"href":"https:\/\/talkpal.ai\/sv\/wp-json\/wp\/v2\/vocabulary"}],"about":[{"href":"https:\/\/talkpal.ai\/sv\/wp-json\/wp\/v2\/types\/vocabulary"}],"wp:featuredmedia":[{"embeddable":true,"href":"https:\/\/talkpal.ai\/sv\/wp-json\/wp\/v2\/media\/1529113"}],"wp:attachment":[{"href":"https:\/\/talkpal.ai\/sv\/wp-json\/wp\/v2\/media?parent=716795"}],"wp:term":[{"taxonomy":"vocabulary_language","embeddable":true,"href":"https:\/\/talkpal.ai\/sv\/wp-json\/wp\/v2\/vocabulary_language?post=716795"}],"curies":[{"name":"wp","href":"https:\/\/api.w.org\/{rel}","templated":true}]}}