{"id":716788,"date":"2024-06-08T18:39:50","date_gmt":"2024-06-08T18:39:50","guid":{"rendered":"https:\/\/talkpal.ai\/vocabulary\/tjeckiska-villkor-for-klader-och-mode\/"},"modified":"2024-06-08T18:39:50","modified_gmt":"2024-06-08T18:39:50","slug":"tjeckiska-villkor-for-klader-och-mode","status":"publish","type":"vocabulary","link":"https:\/\/talkpal.ai\/sv\/vocabulary\/tjeckiska-villkor-for-klader-och-mode\/","title":{"rendered":"Tjeckiska villkor f\u00f6r kl\u00e4der och mode"},"content":{"rendered":"<p>Att l\u00e4ra sig ett nytt spr\u00e5k \u00e4r alltid en sp\u00e4nnande resa, och att dyka in i specifika \u00e4mnen kan g\u00f6ra inl\u00e4rningen \u00e4nnu mer intressant. I <a href=\"https:\/\/talkpal.ai\/culture\/how-do-i-use-den-har-and-det-har\/\">den h\u00e4r<\/a> artikeln kommer vi att utforska <a href=\"https:\/\/talkpal.ai\/learn-czech\/\">tjeckiska<\/a> termer f\u00f6r kl\u00e4der och mode. Genom att f\u00f6rst\u00e5 dessa ord och deras anv\u00e4ndning i meningar kan du f\u00f6rb\u00e4ttra din ordf\u00f6rr\u00e5d och bli mer bekv\u00e4m med att <a href=\"https:\/\/talkpal.ai\/locations\/language-courses-in-prata\/\">prata<\/a> om kl\u00e4der och mode p\u00e5 tjeckiska.<\/p>\n<h2>Grundl\u00e4ggande Kl\u00e4der<\/h2>\n<p><b>Ko\u0161ile<\/b> &#8211; skjorta<br \/>\nEn skjorta \u00e4r ett plagg f\u00f6r \u00f6verkroppen, vanligtvis med en krage, \u00e4rmar och knappar framtill.<br \/>\n<font color=\"#2D3AC7\">M\u00e1m novou <b>ko\u0161ili<\/b> na dne\u0161n\u00ed ve\u010d\u00edrek.<\/font><\/p>\n<p><b>Kalhoty<\/b> &#8211; byxor<br \/>\nByxor \u00e4r ett plagg som t\u00e4cker benen och midjan.<br \/>\n<font color=\"#2D3AC7\">Tyto <b>kalhoty<\/b> jsou velmi pohodln\u00e9.<\/font><\/p>\n<p><b>Sukn\u011b<\/b> &#8211; kjol<br \/>\nEn kjol \u00e4r ett plagg som b\u00e4rs runt midjan och faller ner \u00f6ver benen.<br \/>\n<font color=\"#2D3AC7\">Moje sestra si koupila novou <b>sukni<\/b>.<\/font><\/p>\n<p><b>\u0160aty<\/b> &#8211; kl\u00e4nning<br \/>\nEn kl\u00e4nning \u00e4r ett enskilt plagg som t\u00e4cker kroppen fr\u00e5n axlarna till benen.<br \/>\n<font color=\"#2D3AC7\">Na svatbu si vezmu kr\u00e1sn\u00e9 <b>\u0161aty<\/b>.<\/font><\/p>\n<p><b>Tri\u010dko<\/b> &#8211; t-shirt<br \/>\nEn t-shirt \u00e4r ett avslappnat plagg med korta \u00e4rmar och rund hals.<br \/>\n<font color=\"#2D3AC7\">V l\u00e9t\u011b nos\u00edm r\u00e1d <b>tri\u010dka<\/b>.<\/font><\/p>\n<h2>Ytterkl\u00e4der<\/h2>\n<p><b>Kab\u00e1t<\/b> &#8211; kappa<br \/>\nEn kappa \u00e4r ett ytterplagg som b\u00e4rs f\u00f6r att skydda mot kyla.<br \/>\n<font color=\"#2D3AC7\">V zim\u011b nos\u00edm tlust\u00fd <b>kab\u00e1t<\/b>.<\/font><\/p>\n<p><b>Bunda<\/b> &#8211; jacka<br \/>\nEn jacka \u00e4r ett ytterplagg som vanligtvis \u00e4r kortare \u00e4n en kappa.<br \/>\n<font color=\"#2D3AC7\">Pot\u0159ebuji novou <b>bundu<\/b> na jaro.<\/font><\/p>\n<p><b>Pl\u00e1\u0161\u0165<\/b> &#8211; rock<br \/>\nEn rock \u00e4r ett l\u00e4ngre ytterplagg, ofta formellt och gjort av tungt tyg.<br \/>\n<font color=\"#2D3AC7\">Ten <b>pl\u00e1\u0161\u0165<\/b> vypad\u00e1 velmi elegantn\u011b.<\/font><\/p>\n<h2>Accessoarer<\/h2>\n<p><b>\u0160\u00e1la<\/b> &#8211; halsduk<br \/>\nEn halsduk \u00e4r ett l\u00e5ngt tygstycke som b\u00e4rs runt halsen f\u00f6r v\u00e4rme eller stil.<br \/>\n<font color=\"#2D3AC7\">V zim\u011b nos\u00edm teplou <b>\u0161\u00e1lu<\/b>.<\/font><\/p>\n<p><b>Rukavice<\/b> &#8211; handskar<br \/>\nHandskar \u00e4r plagg som b\u00e4rs p\u00e5 h\u00e4nderna f\u00f6r skydd eller v\u00e4rme.<br \/>\n<font color=\"#2D3AC7\">Na ly\u017eov\u00e1n\u00ed pot\u0159ebuji dobr\u00e9 <b>rukavice<\/b>.<\/font><\/p>\n<p><b>Klobouk<\/b> &#8211; hatt<br \/>\nEn hatt \u00e4r ett huvudplagg som kan b\u00e4ras f\u00f6r skydd eller som modeaccessoar.<br \/>\n<font color=\"#2D3AC7\">Ten <b>klobouk<\/b> je velmi stylov\u00fd.<\/font><\/p>\n<p><b>\u010cepice<\/b> &#8211; m\u00f6ssa<br \/>\nEn m\u00f6ssa \u00e4r ett huvudplagg, ofta stickat, som b\u00e4rs f\u00f6r v\u00e4rme.<br \/>\n<font color=\"#2D3AC7\">V zim\u011b nos\u00edm teplou <b>\u010depici<\/b>.<\/font><\/p>\n<h2>Skor<\/h2>\n<p><b>Boty<\/b> &#8211; skor<br \/>\nSkor \u00e4r plagg som b\u00e4rs p\u00e5 f\u00f6tterna f\u00f6r skydd och komfort.<br \/>\n<font color=\"#2D3AC7\">Pot\u0159ebuji nov\u00e9 <b>boty<\/b> na b\u011bh\u00e1n\u00ed.<\/font><\/p>\n<p><b>Tenisky<\/b> &#8211; gympaskor<br \/>\nGympaskor \u00e4r avslappnade skor som vanligtvis anv\u00e4nds f\u00f6r sport eller fritid.<br \/>\n<font color=\"#2D3AC7\">Tyto <b>tenisky<\/b> jsou velmi pohodln\u00e9.<\/font><\/p>\n<p><b>Sand\u00e1ly<\/b> &#8211; sandaler<br \/>\nSandaler \u00e4r \u00f6ppna skor med remmar som h\u00e5ller fast foten.<br \/>\n<font color=\"#2D3AC7\">V l\u00e9t\u011b nos\u00edm r\u00e1da <b>sand\u00e1ly<\/b>.<\/font><\/p>\n<p><b>Koza\u010dky<\/b> &#8211; st\u00f6vlar<br \/>\nSt\u00f6vlar \u00e4r h\u00f6ga skor som t\u00e4cker foten och en del av benet.<br \/>\n<font color=\"#2D3AC7\">Na podzim nos\u00edm \u010dasto <b>koza\u010dky<\/b>.<\/font><\/p>\n<h2>Material och M\u00f6nster<\/h2>\n<p><b>Bavlna<\/b> &#8211; bomull<br \/>\nBomull \u00e4r ett mjukt, naturligt fiber som ofta anv\u00e4nds i kl\u00e4der.<br \/>\n<font color=\"#2D3AC7\">Toto tri\u010dko je vyrobeno z <b>bavlny<\/b>.<\/font><\/p>\n<p><b>Vlna<\/b> &#8211; ull<br \/>\nUll \u00e4r ett naturligt fiber fr\u00e5n f\u00e5r, ofta anv\u00e4nt i varma kl\u00e4der.<br \/>\n<font color=\"#2D3AC7\">M\u00e1m svetr z <b>vlny<\/b>.<\/font><\/p>\n<p><b>Hedv\u00e1b\u00ed<\/b> &#8211; silke<br \/>\nSilke \u00e4r ett lyxigt, mjukt fiber som kommer fr\u00e5n silkesmaskar.<br \/>\n<font color=\"#2D3AC7\">\u0160aty jsou vyrobeny z <b>hedv\u00e1b\u00ed<\/b>.<\/font><\/p>\n<p><b>Ko\u017een\u00fd<\/b> &#8211; l\u00e4der<br \/>\nL\u00e4der \u00e4r ett h\u00e5llbart material gjort av djurhud, ofta anv\u00e4nt i skor och jackor.<br \/>\n<font color=\"#2D3AC7\">M\u00e1m novou <b>ko\u017eenou<\/b> bundu.<\/font><\/p>\n<p><b>Kostkovan\u00fd<\/b> &#8211; rutig<br \/>\nEtt rutigt m\u00f6nster best\u00e5r av korsande linjer i olika f\u00e4rger.<br \/>\n<font color=\"#2D3AC7\">M\u016fj obl\u00edben\u00fd \u0161\u00e1tek je <b>kostkovan\u00fd<\/b>.<\/font><\/p>\n<p><b>Pruhovan\u00fd<\/b> &#8211; randig<br \/>\nEtt randigt m\u00f6nster best\u00e5r av parallella linjer i olika f\u00e4rger.<br \/>\n<font color=\"#2D3AC7\"><a href=\"https:\/\/talkpal.ai\/culture\/how-to-say-i-like-in-slovak-using-mam-rad\/\">M\u00e1m r\u00e1d<\/a> <b>pruhovan\u00e9<\/b> tri\u010dko.<\/font><\/p>\n<h2>Mode och Stil<\/h2>\n<p><b>M\u00f3dn\u00ed<\/b> &#8211; moderiktig<br \/>\nN\u00e5got som \u00e4r moderiktigt f\u00f6ljer de senaste trenderna.<br \/>\n<font color=\"#2D3AC7\">Tato kabelka je velmi <b>m\u00f3dn\u00ed<\/b>.<\/font><\/p>\n<p><b>Elegantn\u00ed<\/b> &#8211; elegant<br \/>\nN\u00e5got som \u00e4r elegant \u00e4r stilfullt och smakfullt.<br \/>\n<font color=\"#2D3AC7\">Tyto \u0161aty vypadaj\u00ed velmi <b>elegantn\u00ed<\/b>.<\/font><\/p>\n<p><b>Le\u017e\u00e9rn\u00ed<\/b> &#8211; avslappnad<br \/>\nN\u00e5got som \u00e4r avslappnat \u00e4r bekv\u00e4mt och informellt.<br \/>\n<font color=\"#2D3AC7\">Pro dne\u0161n\u00ed den jsem si vybral <b>le\u017e\u00e9rn\u00ed<\/b> oble\u010den\u00ed.<\/font><\/p>\n<p><b>Ofici\u00e1ln\u00ed<\/b> &#8211; formell<br \/>\nN\u00e5got som \u00e4r formellt \u00e4r l\u00e4mpligt f\u00f6r officiella eller seri\u00f6sa tillf\u00e4llen.<br \/>\n<font color=\"#2D3AC7\">Na sch\u016fzku mus\u00edm m\u00edt <b>ofici\u00e1ln\u00ed<\/b> oblek.<\/font><\/p>\n<p><b>Neform\u00e1ln\u00ed<\/b> &#8211; informell<br \/>\nN\u00e5got som \u00e4r informellt \u00e4r mer avslappnat och inte s\u00e5 strikt.<br \/>\n<font color=\"#2D3AC7\">Na ve\u010d\u00edrek si vezmu <b>neform\u00e1ln\u00ed<\/b> oble\u010den\u00ed.<\/font><\/p>\n<h3>F\u00e4rger<\/h3>\n<p><b>\u010cerven\u00e1<\/b> &#8211; r\u00f6d<br \/>\nR\u00f6d \u00e4r en stark och livlig f\u00e4rg.<br \/>\n<font color=\"#2D3AC7\">Moje obl\u00edben\u00e1 barva je <b>\u010derven\u00e1<\/b>.<\/font><\/p>\n<p><b>Modr\u00e1<\/b> &#8211; bl\u00e5<br \/>\nBl\u00e5 \u00e4r en lugn och fridfull f\u00e4rg.<br \/>\n<font color=\"#2D3AC7\">Tyto d\u017e\u00edny jsou <b>modr\u00e9<\/b>.<\/font><\/p>\n<p><b>Zelen\u00e1<\/b> &#8211; gr\u00f6n<br \/>\nGr\u00f6n \u00e4r en f\u00e4rg som ofta associeras med naturen.<br \/>\n<font color=\"#2D3AC7\">M\u00e1m r\u00e1d <b>zelen\u00e9<\/b> tri\u010dko.<\/font><\/p>\n<p><b>\u017dlut\u00e1<\/b> &#8211; gul<br \/>\nGul \u00e4r en ljus och glad f\u00e4rg.<br \/>\n<font color=\"#2D3AC7\">Tato sukn\u011b je <b>\u017elut\u00e1<\/b>.<\/font><\/p>\n<p><b>\u010cern\u00e1<\/b> &#8211; svart<br \/>\nSvart \u00e4r en klassisk och m\u00e5ngsidig f\u00e4rg.<br \/>\n<font color=\"#2D3AC7\">M\u00e1m r\u00e1d <b>\u010dern\u00e9<\/b> boty.<\/font><\/p>\n<p><b>B\u00edl\u00e1<\/b> &#8211; vit<br \/>\nVit \u00e4r en ren och enkel f\u00e4rg.<br \/>\n<font color=\"#2D3AC7\">Moje ko\u0161ile je <b>b\u00edl\u00e1<\/b>.<\/font><\/p>\n<p>Att l\u00e4ra sig dessa tjeckiska termer f\u00f6r kl\u00e4der och mode kan ge dig ett f\u00f6rspr\u00e5ng n\u00e4r du handlar kl\u00e4der eller diskuterar mode p\u00e5 tjeckiska. \u00d6va p\u00e5 att anv\u00e4nda dessa ord i meningar och f\u00f6rs\u00f6k att identifiera dem n\u00e4r du ser dem i verkliga livet. Lycka till med din <a href=\"https:\/\/talkpal.ai\/sv\/hur-lar-man-sig-ett-sprak-via-talkpal-chat\/\">spr\u00e5kinl\u00e4rning<\/a> och din modekunskap!<\/p>\n","protected":false},"featured_media":1527649,"template":"","vocabulary_language":[4181],"class_list":["post-716788","vocabulary","type-vocabulary","status-publish","has-post-thumbnail","hentry","vocabulary_language-tjeckiska"],"acf":[],"yoast_head":"<!-- This site is optimized with the Yoast SEO Premium plugin v27.2 (Yoast SEO v27.2) - https:\/\/yoast.com\/product\/yoast-seo-premium-wordpress\/ -->\n<title>Tjeckiska villkor f\u00f6r kl\u00e4der och mode - Talkpal<\/title>\n<meta name=\"description\" content=\"Att l\u00e4ra sig ett nytt spr\u00e5k \u00e4r alltid en sp\u00e4nnande resa, och att dyka in i specifika \u00e4mnen kan g\u00f6ra inl\u00e4rningen \u00e4nnu mer intressant. I den h\u00e4r artikeln\" \/>\n<meta name=\"robots\" content=\"index, follow, max-snippet:-1, max-image-preview:large, max-video-preview:-1\" \/>\n<link rel=\"canonical\" href=\"https:\/\/talkpal.ai\/sv\/vocabulary\/tjeckiska-villkor-for-klader-och-mode\/\" \/>\n<meta property=\"og:locale\" content=\"sv_SE\" \/>\n<meta property=\"og:type\" content=\"article\" \/>\n<meta property=\"og:title\" content=\"Tjeckiska villkor f\u00f6r kl\u00e4der och mode\" \/>\n<meta property=\"og:description\" content=\"Att l\u00e4ra sig ett nytt spr\u00e5k \u00e4r alltid en sp\u00e4nnande resa, och att dyka in i specifika \u00e4mnen kan g\u00f6ra inl\u00e4rningen \u00e4nnu mer intressant. I den h\u00e4r artikeln\" \/>\n<meta property=\"og:url\" content=\"https:\/\/talkpal.ai\/sv\/vocabulary\/tjeckiska-villkor-for-klader-och-mode\/\" \/>\n<meta property=\"og:site_name\" content=\"Talkpal\" \/>\n<meta property=\"article:publisher\" content=\"https:\/\/www.facebook.com\/profile.php?id=100090733639311\" \/>\n<meta property=\"og:image\" content=\"https:\/\/talkpal.ai\/wp-content\/uploads\/2024\/10\/talkpal_flat_illustration_of_a_employees_working_together_happi_c674ff77-e477-4e09-835a-01d30e561e99.png\" \/>\n\t<meta property=\"og:image:width\" content=\"1024\" \/>\n\t<meta property=\"og:image:height\" content=\"1024\" \/>\n\t<meta property=\"og:image:type\" content=\"image\/png\" \/>\n<meta name=\"twitter:card\" content=\"summary_large_image\" \/>\n<meta name=\"twitter:site\" content=\"@talkpalai\" \/>\n<meta name=\"twitter:label1\" content=\"Ber\u00e4knad l\u00e4stid\" \/>\n\t<meta name=\"twitter:data1\" content=\"5 minuter\" \/>\n<script type=\"application\/ld+json\" class=\"yoast-schema-graph\">{\"@context\":\"https:\/\/schema.org\",\"@graph\":[{\"@type\":\"WebPage\",\"@id\":\"https:\/\/talkpal.ai\/sv\/vocabulary\/tjeckiska-villkor-for-klader-och-mode\/\",\"url\":\"https:\/\/talkpal.ai\/sv\/vocabulary\/tjeckiska-villkor-for-klader-och-mode\/\",\"name\":\"Tjeckiska villkor f\u00f6r kl\u00e4der och mode - Talkpal\",\"isPartOf\":{\"@id\":\"https:\/\/talkpal.ai\/sv\/#website\"},\"primaryImageOfPage\":{\"@id\":\"https:\/\/talkpal.ai\/sv\/vocabulary\/tjeckiska-villkor-for-klader-och-mode\/#primaryimage\"},\"image\":{\"@id\":\"https:\/\/talkpal.ai\/sv\/vocabulary\/tjeckiska-villkor-for-klader-och-mode\/#primaryimage\"},\"thumbnailUrl\":\"https:\/\/talkpal.ai\/wp-content\/uploads\/2025\/12\/five-students-discussing-to-learn-languages.webp\",\"datePublished\":\"2024-06-08T18:39:50+00:00\",\"description\":\"Att l\u00e4ra sig ett nytt spr\u00e5k \u00e4r alltid en sp\u00e4nnande resa, och att dyka in i specifika \u00e4mnen kan g\u00f6ra inl\u00e4rningen \u00e4nnu mer intressant. I den h\u00e4r artikeln\",\"breadcrumb\":{\"@id\":\"https:\/\/talkpal.ai\/sv\/vocabulary\/tjeckiska-villkor-for-klader-och-mode\/#breadcrumb\"},\"inLanguage\":\"sv-SE\",\"potentialAction\":[{\"@type\":\"ReadAction\",\"target\":[\"https:\/\/talkpal.ai\/sv\/vocabulary\/tjeckiska-villkor-for-klader-och-mode\/\"]}]},{\"@type\":\"ImageObject\",\"inLanguage\":\"sv-SE\",\"@id\":\"https:\/\/talkpal.ai\/sv\/vocabulary\/tjeckiska-villkor-for-klader-och-mode\/#primaryimage\",\"url\":\"https:\/\/talkpal.ai\/wp-content\/uploads\/2025\/12\/five-students-discussing-to-learn-languages.webp\",\"contentUrl\":\"https:\/\/talkpal.ai\/wp-content\/uploads\/2025\/12\/five-students-discussing-to-learn-languages.webp\",\"width\":1200,\"height\":896,\"caption\":\"A group of five friends talk and study together while learning languages in a bright room.\"},{\"@type\":\"BreadcrumbList\",\"@id\":\"https:\/\/talkpal.ai\/sv\/vocabulary\/tjeckiska-villkor-for-klader-och-mode\/#breadcrumb\",\"itemListElement\":[{\"@type\":\"ListItem\",\"position\":1,\"name\":\"Homepage\",\"item\":\"https:\/\/talkpal.ai\/sv\/\"},{\"@type\":\"ListItem\",\"position\":2,\"name\":\"Tjeckiska villkor f\u00f6r kl\u00e4der och mode\"}]},{\"@type\":\"WebSite\",\"@id\":\"https:\/\/talkpal.ai\/sv\/#website\",\"url\":\"https:\/\/talkpal.ai\/sv\/\",\"name\":\"Talkpal\",\"description\":\"AI Language Learning\",\"publisher\":{\"@id\":\"https:\/\/talkpal.ai\/sv\/#organization\"},\"alternateName\":\"Talkpal AI\",\"potentialAction\":[{\"@type\":\"SearchAction\",\"target\":{\"@type\":\"EntryPoint\",\"urlTemplate\":\"https:\/\/talkpal.ai\/sv\/?s={search_term_string}\"},\"query-input\":{\"@type\":\"PropertyValueSpecification\",\"valueRequired\":true,\"valueName\":\"search_term_string\"}}],\"inLanguage\":\"sv-SE\"},{\"@type\":\"Organization\",\"@id\":\"https:\/\/talkpal.ai\/sv\/#organization\",\"name\":\"Talkpal, Inc.\",\"alternateName\":\"Talkpal AI\",\"url\":\"https:\/\/talkpal.ai\/sv\/\",\"logo\":{\"@type\":\"ImageObject\",\"inLanguage\":\"sv-SE\",\"@id\":\"https:\/\/talkpal.ai\/sv\/#\/schema\/logo\/image\/\",\"url\":\"https:\/\/talkpal.ai\/wp-content\/uploads\/2024\/03\/Talkpal-Logo-Icon.png\",\"contentUrl\":\"https:\/\/talkpal.ai\/wp-content\/uploads\/2024\/03\/Talkpal-Logo-Icon.png\",\"width\":2880,\"height\":2880,\"caption\":\"Talkpal, Inc.\"},\"image\":{\"@id\":\"https:\/\/talkpal.ai\/sv\/#\/schema\/logo\/image\/\"},\"sameAs\":[\"https:\/\/www.facebook.com\/profile.php?id=100090733639311\",\"https:\/\/x.com\/talkpalai\",\"https:\/\/www.linkedin.com\/company\/talkpal\/\",\"https:\/\/www.youtube.com\/@TalkPal\/\",\"https:\/\/www.tiktok.com\/@talkpal\",\"https:\/\/www.instagram.com\/talkpal_ai\/\",\"https:\/\/www.crunchbase.com\/organization\/talkpal-9cde\",\"https:\/\/www.g2.com\/products\/talkpal-for-business\/\",\"https:\/\/www.trustpilot.com\/review\/talkpal.ai\",\"https:\/\/www.capterra.com\/p\/10006800\/TalkPal\/\"],\"description\":\"Talkpal is a language learning web and mobile education app, powered by the latest AI technologies, that provides engaging experiences to its customers in many different languages to help them improve their language skills. Users can chat about unlimited amount of topics with the app and use other modes to practice their language learning.\",\"email\":\"support@talkpal.ai\",\"legalName\":\"Talkpal, Inc.\",\"foundingDate\":\"2023-04-03\",\"duns\":\"118989042\",\"numberOfEmployees\":{\"@type\":\"QuantitativeValue\",\"minValue\":\"11\",\"maxValue\":\"50\"},\"publishingPrinciples\":\"https:\/\/talkpal.ai\/publishing-principles\/\",\"actionableFeedbackPolicy\":\"https:\/\/talkpal.ai\/actionable-feedback-policy\/\",\"correctionsPolicy\":\"https:\/\/talkpal.ai\/corrections-policy\/\",\"ethicsPolicy\":\"https:\/\/talkpal.ai\/ethics-policy\/\",\"diversityPolicy\":\"https:\/\/talkpal.ai\/diversity-policy\/\",\"diversityStaffingReport\":\"https:\/\/talkpal.ai\/diversity-policy\/\"}]}<\/script>\n<!-- \/ Yoast SEO Premium plugin. -->","yoast_head_json":{"title":"Tjeckiska villkor f\u00f6r kl\u00e4der och mode - Talkpal","description":"Att l\u00e4ra sig ett nytt spr\u00e5k \u00e4r alltid en sp\u00e4nnande resa, och att dyka in i specifika \u00e4mnen kan g\u00f6ra inl\u00e4rningen \u00e4nnu mer intressant. I den h\u00e4r artikeln","robots":{"index":"index","follow":"follow","max-snippet":"max-snippet:-1","max-image-preview":"max-image-preview:large","max-video-preview":"max-video-preview:-1"},"canonical":"https:\/\/talkpal.ai\/sv\/vocabulary\/tjeckiska-villkor-for-klader-och-mode\/","og_locale":"sv_SE","og_type":"article","og_title":"Tjeckiska villkor f\u00f6r kl\u00e4der och mode","og_description":"Att l\u00e4ra sig ett nytt spr\u00e5k \u00e4r alltid en sp\u00e4nnande resa, och att dyka in i specifika \u00e4mnen kan g\u00f6ra inl\u00e4rningen \u00e4nnu mer intressant. I den h\u00e4r artikeln","og_url":"https:\/\/talkpal.ai\/sv\/vocabulary\/tjeckiska-villkor-for-klader-och-mode\/","og_site_name":"Talkpal","article_publisher":"https:\/\/www.facebook.com\/profile.php?id=100090733639311","og_image":[{"width":1024,"height":1024,"url":"https:\/\/talkpal.ai\/wp-content\/uploads\/2024\/10\/talkpal_flat_illustration_of_a_employees_working_together_happi_c674ff77-e477-4e09-835a-01d30e561e99.png","type":"image\/png"}],"twitter_card":"summary_large_image","twitter_site":"@talkpalai","twitter_misc":{"Ber\u00e4knad l\u00e4stid":"5 minuter"},"schema":{"@context":"https:\/\/schema.org","@graph":[{"@type":"WebPage","@id":"https:\/\/talkpal.ai\/sv\/vocabulary\/tjeckiska-villkor-for-klader-och-mode\/","url":"https:\/\/talkpal.ai\/sv\/vocabulary\/tjeckiska-villkor-for-klader-och-mode\/","name":"Tjeckiska villkor f\u00f6r kl\u00e4der och mode - Talkpal","isPartOf":{"@id":"https:\/\/talkpal.ai\/sv\/#website"},"primaryImageOfPage":{"@id":"https:\/\/talkpal.ai\/sv\/vocabulary\/tjeckiska-villkor-for-klader-och-mode\/#primaryimage"},"image":{"@id":"https:\/\/talkpal.ai\/sv\/vocabulary\/tjeckiska-villkor-for-klader-och-mode\/#primaryimage"},"thumbnailUrl":"https:\/\/talkpal.ai\/wp-content\/uploads\/2025\/12\/five-students-discussing-to-learn-languages.webp","datePublished":"2024-06-08T18:39:50+00:00","description":"Att l\u00e4ra sig ett nytt spr\u00e5k \u00e4r alltid en sp\u00e4nnande resa, och att dyka in i specifika \u00e4mnen kan g\u00f6ra inl\u00e4rningen \u00e4nnu mer intressant. I den h\u00e4r artikeln","breadcrumb":{"@id":"https:\/\/talkpal.ai\/sv\/vocabulary\/tjeckiska-villkor-for-klader-och-mode\/#breadcrumb"},"inLanguage":"sv-SE","potentialAction":[{"@type":"ReadAction","target":["https:\/\/talkpal.ai\/sv\/vocabulary\/tjeckiska-villkor-for-klader-och-mode\/"]}]},{"@type":"ImageObject","inLanguage":"sv-SE","@id":"https:\/\/talkpal.ai\/sv\/vocabulary\/tjeckiska-villkor-for-klader-och-mode\/#primaryimage","url":"https:\/\/talkpal.ai\/wp-content\/uploads\/2025\/12\/five-students-discussing-to-learn-languages.webp","contentUrl":"https:\/\/talkpal.ai\/wp-content\/uploads\/2025\/12\/five-students-discussing-to-learn-languages.webp","width":1200,"height":896,"caption":"A group of five friends talk and study together while learning languages in a bright room."},{"@type":"BreadcrumbList","@id":"https:\/\/talkpal.ai\/sv\/vocabulary\/tjeckiska-villkor-for-klader-och-mode\/#breadcrumb","itemListElement":[{"@type":"ListItem","position":1,"name":"Homepage","item":"https:\/\/talkpal.ai\/sv\/"},{"@type":"ListItem","position":2,"name":"Tjeckiska villkor f\u00f6r kl\u00e4der och mode"}]},{"@type":"WebSite","@id":"https:\/\/talkpal.ai\/sv\/#website","url":"https:\/\/talkpal.ai\/sv\/","name":"Talkpal","description":"AI Language Learning","publisher":{"@id":"https:\/\/talkpal.ai\/sv\/#organization"},"alternateName":"Talkpal AI","potentialAction":[{"@type":"SearchAction","target":{"@type":"EntryPoint","urlTemplate":"https:\/\/talkpal.ai\/sv\/?s={search_term_string}"},"query-input":{"@type":"PropertyValueSpecification","valueRequired":true,"valueName":"search_term_string"}}],"inLanguage":"sv-SE"},{"@type":"Organization","@id":"https:\/\/talkpal.ai\/sv\/#organization","name":"Talkpal, Inc.","alternateName":"Talkpal AI","url":"https:\/\/talkpal.ai\/sv\/","logo":{"@type":"ImageObject","inLanguage":"sv-SE","@id":"https:\/\/talkpal.ai\/sv\/#\/schema\/logo\/image\/","url":"https:\/\/talkpal.ai\/wp-content\/uploads\/2024\/03\/Talkpal-Logo-Icon.png","contentUrl":"https:\/\/talkpal.ai\/wp-content\/uploads\/2024\/03\/Talkpal-Logo-Icon.png","width":2880,"height":2880,"caption":"Talkpal, Inc."},"image":{"@id":"https:\/\/talkpal.ai\/sv\/#\/schema\/logo\/image\/"},"sameAs":["https:\/\/www.facebook.com\/profile.php?id=100090733639311","https:\/\/x.com\/talkpalai","https:\/\/www.linkedin.com\/company\/talkpal\/","https:\/\/www.youtube.com\/@TalkPal\/","https:\/\/www.tiktok.com\/@talkpal","https:\/\/www.instagram.com\/talkpal_ai\/","https:\/\/www.crunchbase.com\/organization\/talkpal-9cde","https:\/\/www.g2.com\/products\/talkpal-for-business\/","https:\/\/www.trustpilot.com\/review\/talkpal.ai","https:\/\/www.capterra.com\/p\/10006800\/TalkPal\/"],"description":"Talkpal is a language learning web and mobile education app, powered by the latest AI technologies, that provides engaging experiences to its customers in many different languages to help them improve their language skills. Users can chat about unlimited amount of topics with the app and use other modes to practice their language learning.","email":"support@talkpal.ai","legalName":"Talkpal, Inc.","foundingDate":"2023-04-03","duns":"118989042","numberOfEmployees":{"@type":"QuantitativeValue","minValue":"11","maxValue":"50"},"publishingPrinciples":"https:\/\/talkpal.ai\/publishing-principles\/","actionableFeedbackPolicy":"https:\/\/talkpal.ai\/actionable-feedback-policy\/","correctionsPolicy":"https:\/\/talkpal.ai\/corrections-policy\/","ethicsPolicy":"https:\/\/talkpal.ai\/ethics-policy\/","diversityPolicy":"https:\/\/talkpal.ai\/diversity-policy\/","diversityStaffingReport":"https:\/\/talkpal.ai\/diversity-policy\/"}]}},"_links":{"self":[{"href":"https:\/\/talkpal.ai\/sv\/wp-json\/wp\/v2\/vocabulary\/716788","targetHints":{"allow":["GET"]}}],"collection":[{"href":"https:\/\/talkpal.ai\/sv\/wp-json\/wp\/v2\/vocabulary"}],"about":[{"href":"https:\/\/talkpal.ai\/sv\/wp-json\/wp\/v2\/types\/vocabulary"}],"wp:featuredmedia":[{"embeddable":true,"href":"https:\/\/talkpal.ai\/sv\/wp-json\/wp\/v2\/media\/1527649"}],"wp:attachment":[{"href":"https:\/\/talkpal.ai\/sv\/wp-json\/wp\/v2\/media?parent=716788"}],"wp:term":[{"taxonomy":"vocabulary_language","embeddable":true,"href":"https:\/\/talkpal.ai\/sv\/wp-json\/wp\/v2\/vocabulary_language?post=716788"}],"curies":[{"name":"wp","href":"https:\/\/api.w.org\/{rel}","templated":true}]}}