{"id":716770,"date":"2024-06-08T18:38:12","date_gmt":"2024-06-08T18:38:12","guid":{"rendered":"https:\/\/talkpal.ai\/vocabulary\/historiska-termer-och-fraser-pa-tjeckiska\/"},"modified":"2024-06-08T18:38:12","modified_gmt":"2024-06-08T18:38:12","slug":"historiska-termer-och-fraser-pa-tjeckiska","status":"publish","type":"vocabulary","link":"https:\/\/talkpal.ai\/sv\/vocabulary\/historiska-termer-och-fraser-pa-tjeckiska\/","title":{"rendered":"Historiska termer och fraser p\u00e5 tjeckiska"},"content":{"rendered":"<p>Att l\u00e4ra sig ett nytt spr\u00e5k inneb\u00e4r inte bara att f\u00f6rst\u00e5 dess <a href=\"https:\/\/talkpal.ai\/fr\/les\/\">grammatik<\/a> och vokabul\u00e4r, utan ocks\u00e5 att f\u00e5 en inblick i dess kultur och historia. F\u00f6r <a href=\"https:\/\/talkpal.ai\/learn-czech\/\">tjeckiska<\/a>, ett spr\u00e5k rikt p\u00e5 historiska influenser, kan det vara s\u00e4rskilt givande att l\u00e4ra sig historiska termer och fraser. Dessa ord och uttryck hj\u00e4lper inte bara till att f\u00f6rst\u00e5 historiska texter och dokument, utan de ger ocks\u00e5 en djupare f\u00f6rst\u00e5else f\u00f6r hur det tjeckiska samh\u00e4llet har utvecklats \u00f6ver tid.<\/p>\n<h2>Medeltida termer<\/h2>\n<p><b>Kr\u00e1l<\/b> &#8211; Kung. En av de mest grundl\u00e4ggande och viktiga titlarna i historiska sammanhang.<\/p>\n<p><font color=\"#2D3AC7\">Kr\u00e1l V\u00e1clav IV. byl zn\u00e1m\u00fd svou moudrost\u00ed a spravedlnost\u00ed.<\/font><\/p>\n<p><b>Hrad<\/b> &#8211; Slott eller f\u00e4stning. Ett centralt begrepp i medeltida arkitektur och f\u00f6rsvar.<\/p>\n<p><font color=\"#2D3AC7\">Karl\u0161tejn je slavn\u00fd hrad nedaleko Prahy.<\/font><\/p>\n<p><b>Ryt\u00ed\u0159<\/b> &#8211; Riddare. En adlig krigare som ofta tj\u00e4nade kungen.<\/p>\n<p><font color=\"#2D3AC7\">M\u016fj d\u011bde\u010dek mi vypr\u00e1v\u011bl p\u0159\u00edb\u011bhy o state\u010dn\u00fdch ryt\u00ed\u0159\u00edch.<\/font><\/p>\n<h3>Politiska och sociala termer<\/h3>\n<p><b>\u0160lechta<\/b> &#8211; Adel. En social klass som hade stor makt och inflytande under m\u00e5nga historiska perioder.<\/p>\n<p><font color=\"#2D3AC7\">\u0160lechta m\u011bla mnoho privilegi\u00ed a vlastnila rozs\u00e1hl\u00e9 pozemky.<\/font><\/p>\n<p><b>Poddan\u00fd<\/b> &#8211; Underlydande eller livegen. En person som var bunden till en viss herrg\u00e5rd eller adel.<\/p>\n<p><font color=\"#2D3AC7\">Poddan\u00fd musel pracovat na p\u00e1nov\u011b poli.<\/font><\/p>\n<p><b>Kr\u00e1lovstv\u00ed<\/b> &#8211; Kungarike. Ett omr\u00e5de som styrs av en kung eller drottning.<\/p>\n<p><font color=\"#2D3AC7\">\u010cesk\u00e9 kr\u00e1lovstv\u00ed bylo jedn\u00edm z nejmocn\u011bj\u0161\u00edch v Evrop\u011b.<\/font><\/p>\n<h2>Reformation och ren\u00e4ssans<\/h2>\n<p><b>Reformace<\/b> &#8211; Reformation. En religi\u00f6s r\u00f6relse som syftade till att reformera den katolska kyrkan.<\/p>\n<p><font color=\"#2D3AC7\">Reformace m\u011bla hlubok\u00fd dopad na \u010deskou spole\u010dnost.<\/font><\/p>\n<p><b>Humanismus<\/b> &#8211; Humanism. En intellektuell r\u00f6relse under ren\u00e4ssansen som betonade m\u00e4nniskans v\u00e4rde och potential.<\/p>\n<p><font color=\"#2D3AC7\">Humanismus ovlivnil mnoho v\u00fdznamn\u00fdch \u010desk\u00fdch myslitel\u016f.<\/font><\/p>\n<p><b>Obrozen\u00ed<\/b> &#8211; Ren\u00e4ssans eller \u00e5terf\u00f6delse. En period av kulturell och nationell \u00e5teruppvaknande.<\/p>\n<p><font color=\"#2D3AC7\">\u010cesk\u00e9 n\u00e1rodn\u00ed obrozen\u00ed bylo kl\u00ed\u010dov\u00e9 pro obnovu \u010desk\u00e9ho jazyka a kultury.<\/font><\/p>\n<h3>Krig och konflikter<\/h3>\n<p><b>Husit\u00e9<\/b> &#8211; Hussiter. Anh\u00e4ngare av Jan Hus, en reformator som spelade en <a href=\"https:\/\/talkpal.ai\/locations\/language-courses-in-central\/\">central<\/a> roll i de religi\u00f6sa krigen i B\u00f6hmen.<\/p>\n<p><font color=\"#2D3AC7\">Husit\u00e9 bojovali za sv\u00e9 n\u00e1bo\u017eensk\u00e9 p\u0159esv\u011bd\u010den\u00ed.<\/font><\/p>\n<p><b>Bitva<\/b> &#8211; Slag. En strid mellan tv\u00e5 eller flera arm\u00e9er.<\/p>\n<p><font color=\"#2D3AC7\">Bitva u Lipan byla rozhoduj\u00edc\u00ed pro husitsk\u00e9 v\u00e1lky.<\/font><\/p>\n<p><b>Oble\u017een\u00ed<\/b> &#8211; Bel\u00e4gring. En milit\u00e4r operation d\u00e4r en stad eller f\u00e4stning omringas och isoleras f\u00f6r att tvinga fram en kapitulation.<\/p>\n<p><font color=\"#2D3AC7\">Oble\u017een\u00ed Prahy trvalo n\u011bkolik m\u011bs\u00edc\u016f.<\/font><\/p>\n<h2>Moderna termer<\/h2>\n<p><b>Republika<\/b> &#8211; Republik. En stat d\u00e4r makten ligger hos folket och deras valda representanter snarare \u00e4n en monark.<\/p>\n<p><font color=\"#2D3AC7\">\u010cesk\u00e1 republika vznikla v roce 1993.<\/font><\/p>\n<p><b>Sametov\u00e1 revoluce<\/b> &#8211; Sammetsrevolution. En fredlig revolution som ledde till kommunismens fall i Tjeckoslovakien 1989.<\/p>\n<p><font color=\"#2D3AC7\">Sametov\u00e1 revoluce byla kl\u00ed\u010dov\u00fdm momentem v \u010desk\u00e9 historii.<\/font><\/p>\n<p><b>\u010ceskoslovensko<\/b> &#8211; Tjeckoslovakien. En tidigare stat som existerade mellan 1918 och 1992.<\/p>\n<p><font color=\"#2D3AC7\">\u010ceskoslovensko bylo rozd\u011bleno na \u010ceskou republiku a Slovensko.<\/font><\/p>\n<h3>Kulturella termer<\/h3>\n<p><b>N\u00e1rodn\u00ed divadlo<\/b> &#8211; Nationalteatern. En viktig kulturell institution i Tjeckien.<\/p>\n<p><font color=\"#2D3AC7\">N\u00e1rodn\u00ed divadlo v Praze je symbolem \u010desk\u00e9 kultury a historie.<\/font><\/p>\n<p><b>Literatura<\/b> &#8211; Litteratur. Skriven konst och vetenskap, s\u00e4rskilt de som har historisk betydelse.<\/p>\n<p><font color=\"#2D3AC7\">\u010cesk\u00e1 literatura m\u00e1 bohatou tradici sahaj\u00edc\u00ed a\u017e do st\u0159edov\u011bku.<\/font><\/p>\n<p><b>Folkl\u00f3r<\/b> &#8211; Folklore. Traditionella seder, danser och ber\u00e4ttelser som \u00e4r typiska f\u00f6r ett visst folk eller omr\u00e5de.<\/p>\n<p><font color=\"#2D3AC7\">\u010cesk\u00fd folkl\u00f3r je pln\u00fd kr\u00e1sn\u00fdch p\u00edsn\u00ed a tanc\u016f.<\/font><\/p>\n<h2>Sammanfattning<\/h2>\n<p>Att l\u00e4ra sig dessa historiska termer och fraser p\u00e5 tjeckiska kan ge en djupare f\u00f6rst\u00e5else f\u00f6r spr\u00e5kets rikedom och komplexitet. Genom att f\u00f6rst\u00e5 dessa ord och deras betydelser, kan man inte bara f\u00f6rb\u00e4ttra sin spr\u00e5kkunskap, utan ocks\u00e5 f\u00e5 en b\u00e4ttre f\u00f6rst\u00e5else f\u00f6r Tjeckiens fascinerande historia och kultur. Att kunna anv\u00e4nda och k\u00e4nna igen dessa termer i kontext hj\u00e4lper ocks\u00e5 till att navigera genom historiska texter och ger en rikare upplevelse n\u00e4r man utforskar Tjeckiens litter\u00e4ra och kulturella arv.<\/p>\n","protected":false},"featured_media":1527888,"template":"","vocabulary_language":[4181],"class_list":["post-716770","vocabulary","type-vocabulary","status-publish","has-post-thumbnail","hentry","vocabulary_language-tjeckiska"],"acf":[],"yoast_head":"<!-- This site is optimized with the Yoast SEO Premium plugin v27.2 (Yoast SEO v27.2) - https:\/\/yoast.com\/product\/yoast-seo-premium-wordpress\/ -->\n<title>Historiska termer och fraser p\u00e5 tjeckiska - Talkpal<\/title>\n<meta name=\"description\" content=\"Att l\u00e4ra sig ett nytt spr\u00e5k inneb\u00e4r inte bara att f\u00f6rst\u00e5 dess grammatik och vokabul\u00e4r, utan ocks\u00e5 att f\u00e5 en inblick i dess kultur och historia. F\u00f6r\" \/>\n<meta name=\"robots\" content=\"index, follow, max-snippet:-1, max-image-preview:large, max-video-preview:-1\" \/>\n<link rel=\"canonical\" href=\"https:\/\/talkpal.ai\/sv\/vocabulary\/historiska-termer-och-fraser-pa-tjeckiska\/\" \/>\n<meta property=\"og:locale\" content=\"sv_SE\" \/>\n<meta property=\"og:type\" content=\"article\" \/>\n<meta property=\"og:title\" content=\"Historiska termer och fraser p\u00e5 tjeckiska\" \/>\n<meta property=\"og:description\" content=\"Att l\u00e4ra sig ett nytt spr\u00e5k inneb\u00e4r inte bara att f\u00f6rst\u00e5 dess grammatik och vokabul\u00e4r, utan ocks\u00e5 att f\u00e5 en inblick i dess kultur och historia. F\u00f6r\" \/>\n<meta property=\"og:url\" content=\"https:\/\/talkpal.ai\/sv\/vocabulary\/historiska-termer-och-fraser-pa-tjeckiska\/\" \/>\n<meta property=\"og:site_name\" content=\"Talkpal\" \/>\n<meta property=\"article:publisher\" content=\"https:\/\/www.facebook.com\/profile.php?id=100090733639311\" \/>\n<meta property=\"og:image\" content=\"https:\/\/talkpal.ai\/wp-content\/uploads\/2024\/10\/talkpal_flat_illustration_of_a_employees_working_together_happi_c674ff77-e477-4e09-835a-01d30e561e99.png\" \/>\n\t<meta property=\"og:image:width\" content=\"1024\" \/>\n\t<meta property=\"og:image:height\" content=\"1024\" \/>\n\t<meta property=\"og:image:type\" content=\"image\/png\" \/>\n<meta name=\"twitter:card\" content=\"summary_large_image\" \/>\n<meta name=\"twitter:site\" content=\"@talkpalai\" \/>\n<meta name=\"twitter:label1\" content=\"Ber\u00e4knad l\u00e4stid\" \/>\n\t<meta name=\"twitter:data1\" content=\"3 minuter\" \/>\n<script type=\"application\/ld+json\" class=\"yoast-schema-graph\">{\"@context\":\"https:\/\/schema.org\",\"@graph\":[{\"@type\":\"WebPage\",\"@id\":\"https:\/\/talkpal.ai\/sv\/vocabulary\/historiska-termer-och-fraser-pa-tjeckiska\/\",\"url\":\"https:\/\/talkpal.ai\/sv\/vocabulary\/historiska-termer-och-fraser-pa-tjeckiska\/\",\"name\":\"Historiska termer och fraser p\u00e5 tjeckiska - Talkpal\",\"isPartOf\":{\"@id\":\"https:\/\/talkpal.ai\/sv\/#website\"},\"primaryImageOfPage\":{\"@id\":\"https:\/\/talkpal.ai\/sv\/vocabulary\/historiska-termer-och-fraser-pa-tjeckiska\/#primaryimage\"},\"image\":{\"@id\":\"https:\/\/talkpal.ai\/sv\/vocabulary\/historiska-termer-och-fraser-pa-tjeckiska\/#primaryimage\"},\"thumbnailUrl\":\"https:\/\/talkpal.ai\/wp-content\/uploads\/2025\/12\/student-celebrates-while-learning-languages.webp\",\"datePublished\":\"2024-06-08T18:38:12+00:00\",\"description\":\"Att l\u00e4ra sig ett nytt spr\u00e5k inneb\u00e4r inte bara att f\u00f6rst\u00e5 dess grammatik och vokabul\u00e4r, utan ocks\u00e5 att f\u00e5 en inblick i dess kultur och historia. F\u00f6r\",\"breadcrumb\":{\"@id\":\"https:\/\/talkpal.ai\/sv\/vocabulary\/historiska-termer-och-fraser-pa-tjeckiska\/#breadcrumb\"},\"inLanguage\":\"sv-SE\",\"potentialAction\":[{\"@type\":\"ReadAction\",\"target\":[\"https:\/\/talkpal.ai\/sv\/vocabulary\/historiska-termer-och-fraser-pa-tjeckiska\/\"]}]},{\"@type\":\"ImageObject\",\"inLanguage\":\"sv-SE\",\"@id\":\"https:\/\/talkpal.ai\/sv\/vocabulary\/historiska-termer-och-fraser-pa-tjeckiska\/#primaryimage\",\"url\":\"https:\/\/talkpal.ai\/wp-content\/uploads\/2025\/12\/student-celebrates-while-learning-languages.webp\",\"contentUrl\":\"https:\/\/talkpal.ai\/wp-content\/uploads\/2025\/12\/student-celebrates-while-learning-languages.webp\",\"width\":1200,\"height\":896,\"caption\":\"A happy student cheers at a library desk with books while learning languages on a laptop.\"},{\"@type\":\"BreadcrumbList\",\"@id\":\"https:\/\/talkpal.ai\/sv\/vocabulary\/historiska-termer-och-fraser-pa-tjeckiska\/#breadcrumb\",\"itemListElement\":[{\"@type\":\"ListItem\",\"position\":1,\"name\":\"Homepage\",\"item\":\"https:\/\/talkpal.ai\/sv\/\"},{\"@type\":\"ListItem\",\"position\":2,\"name\":\"Historiska termer och fraser p\u00e5 tjeckiska\"}]},{\"@type\":\"WebSite\",\"@id\":\"https:\/\/talkpal.ai\/sv\/#website\",\"url\":\"https:\/\/talkpal.ai\/sv\/\",\"name\":\"Talkpal\",\"description\":\"AI Language Learning\",\"publisher\":{\"@id\":\"https:\/\/talkpal.ai\/sv\/#organization\"},\"alternateName\":\"Talkpal AI\",\"potentialAction\":[{\"@type\":\"SearchAction\",\"target\":{\"@type\":\"EntryPoint\",\"urlTemplate\":\"https:\/\/talkpal.ai\/sv\/?s={search_term_string}\"},\"query-input\":{\"@type\":\"PropertyValueSpecification\",\"valueRequired\":true,\"valueName\":\"search_term_string\"}}],\"inLanguage\":\"sv-SE\"},{\"@type\":\"Organization\",\"@id\":\"https:\/\/talkpal.ai\/sv\/#organization\",\"name\":\"Talkpal, Inc.\",\"alternateName\":\"Talkpal AI\",\"url\":\"https:\/\/talkpal.ai\/sv\/\",\"logo\":{\"@type\":\"ImageObject\",\"inLanguage\":\"sv-SE\",\"@id\":\"https:\/\/talkpal.ai\/sv\/#\/schema\/logo\/image\/\",\"url\":\"https:\/\/talkpal.ai\/wp-content\/uploads\/2024\/03\/Talkpal-Logo-Icon.png\",\"contentUrl\":\"https:\/\/talkpal.ai\/wp-content\/uploads\/2024\/03\/Talkpal-Logo-Icon.png\",\"width\":2880,\"height\":2880,\"caption\":\"Talkpal, Inc.\"},\"image\":{\"@id\":\"https:\/\/talkpal.ai\/sv\/#\/schema\/logo\/image\/\"},\"sameAs\":[\"https:\/\/www.facebook.com\/profile.php?id=100090733639311\",\"https:\/\/x.com\/talkpalai\",\"https:\/\/www.linkedin.com\/company\/talkpal\/\",\"https:\/\/www.youtube.com\/@TalkPal\/\",\"https:\/\/www.tiktok.com\/@talkpal\",\"https:\/\/www.instagram.com\/talkpal_ai\/\",\"https:\/\/www.crunchbase.com\/organization\/talkpal-9cde\",\"https:\/\/www.g2.com\/products\/talkpal-for-business\/\",\"https:\/\/www.trustpilot.com\/review\/talkpal.ai\",\"https:\/\/www.capterra.com\/p\/10006800\/TalkPal\/\"],\"description\":\"Talkpal is a language learning web and mobile education app, powered by the latest AI technologies, that provides engaging experiences to its customers in many different languages to help them improve their language skills. Users can chat about unlimited amount of topics with the app and use other modes to practice their language learning.\",\"email\":\"support@talkpal.ai\",\"legalName\":\"Talkpal, Inc.\",\"foundingDate\":\"2023-04-03\",\"duns\":\"118989042\",\"numberOfEmployees\":{\"@type\":\"QuantitativeValue\",\"minValue\":\"11\",\"maxValue\":\"50\"},\"publishingPrinciples\":\"https:\/\/talkpal.ai\/publishing-principles\/\",\"actionableFeedbackPolicy\":\"https:\/\/talkpal.ai\/actionable-feedback-policy\/\",\"correctionsPolicy\":\"https:\/\/talkpal.ai\/corrections-policy\/\",\"ethicsPolicy\":\"https:\/\/talkpal.ai\/ethics-policy\/\",\"diversityPolicy\":\"https:\/\/talkpal.ai\/diversity-policy\/\",\"diversityStaffingReport\":\"https:\/\/talkpal.ai\/diversity-policy\/\"}]}<\/script>\n<!-- \/ Yoast SEO Premium plugin. -->","yoast_head_json":{"title":"Historiska termer och fraser p\u00e5 tjeckiska - Talkpal","description":"Att l\u00e4ra sig ett nytt spr\u00e5k inneb\u00e4r inte bara att f\u00f6rst\u00e5 dess grammatik och vokabul\u00e4r, utan ocks\u00e5 att f\u00e5 en inblick i dess kultur och historia. F\u00f6r","robots":{"index":"index","follow":"follow","max-snippet":"max-snippet:-1","max-image-preview":"max-image-preview:large","max-video-preview":"max-video-preview:-1"},"canonical":"https:\/\/talkpal.ai\/sv\/vocabulary\/historiska-termer-och-fraser-pa-tjeckiska\/","og_locale":"sv_SE","og_type":"article","og_title":"Historiska termer och fraser p\u00e5 tjeckiska","og_description":"Att l\u00e4ra sig ett nytt spr\u00e5k inneb\u00e4r inte bara att f\u00f6rst\u00e5 dess grammatik och vokabul\u00e4r, utan ocks\u00e5 att f\u00e5 en inblick i dess kultur och historia. F\u00f6r","og_url":"https:\/\/talkpal.ai\/sv\/vocabulary\/historiska-termer-och-fraser-pa-tjeckiska\/","og_site_name":"Talkpal","article_publisher":"https:\/\/www.facebook.com\/profile.php?id=100090733639311","og_image":[{"width":1024,"height":1024,"url":"https:\/\/talkpal.ai\/wp-content\/uploads\/2024\/10\/talkpal_flat_illustration_of_a_employees_working_together_happi_c674ff77-e477-4e09-835a-01d30e561e99.png","type":"image\/png"}],"twitter_card":"summary_large_image","twitter_site":"@talkpalai","twitter_misc":{"Ber\u00e4knad l\u00e4stid":"3 minuter"},"schema":{"@context":"https:\/\/schema.org","@graph":[{"@type":"WebPage","@id":"https:\/\/talkpal.ai\/sv\/vocabulary\/historiska-termer-och-fraser-pa-tjeckiska\/","url":"https:\/\/talkpal.ai\/sv\/vocabulary\/historiska-termer-och-fraser-pa-tjeckiska\/","name":"Historiska termer och fraser p\u00e5 tjeckiska - Talkpal","isPartOf":{"@id":"https:\/\/talkpal.ai\/sv\/#website"},"primaryImageOfPage":{"@id":"https:\/\/talkpal.ai\/sv\/vocabulary\/historiska-termer-och-fraser-pa-tjeckiska\/#primaryimage"},"image":{"@id":"https:\/\/talkpal.ai\/sv\/vocabulary\/historiska-termer-och-fraser-pa-tjeckiska\/#primaryimage"},"thumbnailUrl":"https:\/\/talkpal.ai\/wp-content\/uploads\/2025\/12\/student-celebrates-while-learning-languages.webp","datePublished":"2024-06-08T18:38:12+00:00","description":"Att l\u00e4ra sig ett nytt spr\u00e5k inneb\u00e4r inte bara att f\u00f6rst\u00e5 dess grammatik och vokabul\u00e4r, utan ocks\u00e5 att f\u00e5 en inblick i dess kultur och historia. F\u00f6r","breadcrumb":{"@id":"https:\/\/talkpal.ai\/sv\/vocabulary\/historiska-termer-och-fraser-pa-tjeckiska\/#breadcrumb"},"inLanguage":"sv-SE","potentialAction":[{"@type":"ReadAction","target":["https:\/\/talkpal.ai\/sv\/vocabulary\/historiska-termer-och-fraser-pa-tjeckiska\/"]}]},{"@type":"ImageObject","inLanguage":"sv-SE","@id":"https:\/\/talkpal.ai\/sv\/vocabulary\/historiska-termer-och-fraser-pa-tjeckiska\/#primaryimage","url":"https:\/\/talkpal.ai\/wp-content\/uploads\/2025\/12\/student-celebrates-while-learning-languages.webp","contentUrl":"https:\/\/talkpal.ai\/wp-content\/uploads\/2025\/12\/student-celebrates-while-learning-languages.webp","width":1200,"height":896,"caption":"A happy student cheers at a library desk with books while learning languages on a laptop."},{"@type":"BreadcrumbList","@id":"https:\/\/talkpal.ai\/sv\/vocabulary\/historiska-termer-och-fraser-pa-tjeckiska\/#breadcrumb","itemListElement":[{"@type":"ListItem","position":1,"name":"Homepage","item":"https:\/\/talkpal.ai\/sv\/"},{"@type":"ListItem","position":2,"name":"Historiska termer och fraser p\u00e5 tjeckiska"}]},{"@type":"WebSite","@id":"https:\/\/talkpal.ai\/sv\/#website","url":"https:\/\/talkpal.ai\/sv\/","name":"Talkpal","description":"AI Language Learning","publisher":{"@id":"https:\/\/talkpal.ai\/sv\/#organization"},"alternateName":"Talkpal AI","potentialAction":[{"@type":"SearchAction","target":{"@type":"EntryPoint","urlTemplate":"https:\/\/talkpal.ai\/sv\/?s={search_term_string}"},"query-input":{"@type":"PropertyValueSpecification","valueRequired":true,"valueName":"search_term_string"}}],"inLanguage":"sv-SE"},{"@type":"Organization","@id":"https:\/\/talkpal.ai\/sv\/#organization","name":"Talkpal, Inc.","alternateName":"Talkpal AI","url":"https:\/\/talkpal.ai\/sv\/","logo":{"@type":"ImageObject","inLanguage":"sv-SE","@id":"https:\/\/talkpal.ai\/sv\/#\/schema\/logo\/image\/","url":"https:\/\/talkpal.ai\/wp-content\/uploads\/2024\/03\/Talkpal-Logo-Icon.png","contentUrl":"https:\/\/talkpal.ai\/wp-content\/uploads\/2024\/03\/Talkpal-Logo-Icon.png","width":2880,"height":2880,"caption":"Talkpal, Inc."},"image":{"@id":"https:\/\/talkpal.ai\/sv\/#\/schema\/logo\/image\/"},"sameAs":["https:\/\/www.facebook.com\/profile.php?id=100090733639311","https:\/\/x.com\/talkpalai","https:\/\/www.linkedin.com\/company\/talkpal\/","https:\/\/www.youtube.com\/@TalkPal\/","https:\/\/www.tiktok.com\/@talkpal","https:\/\/www.instagram.com\/talkpal_ai\/","https:\/\/www.crunchbase.com\/organization\/talkpal-9cde","https:\/\/www.g2.com\/products\/talkpal-for-business\/","https:\/\/www.trustpilot.com\/review\/talkpal.ai","https:\/\/www.capterra.com\/p\/10006800\/TalkPal\/"],"description":"Talkpal is a language learning web and mobile education app, powered by the latest AI technologies, that provides engaging experiences to its customers in many different languages to help them improve their language skills. Users can chat about unlimited amount of topics with the app and use other modes to practice their language learning.","email":"support@talkpal.ai","legalName":"Talkpal, Inc.","foundingDate":"2023-04-03","duns":"118989042","numberOfEmployees":{"@type":"QuantitativeValue","minValue":"11","maxValue":"50"},"publishingPrinciples":"https:\/\/talkpal.ai\/publishing-principles\/","actionableFeedbackPolicy":"https:\/\/talkpal.ai\/actionable-feedback-policy\/","correctionsPolicy":"https:\/\/talkpal.ai\/corrections-policy\/","ethicsPolicy":"https:\/\/talkpal.ai\/ethics-policy\/","diversityPolicy":"https:\/\/talkpal.ai\/diversity-policy\/","diversityStaffingReport":"https:\/\/talkpal.ai\/diversity-policy\/"}]}},"_links":{"self":[{"href":"https:\/\/talkpal.ai\/sv\/wp-json\/wp\/v2\/vocabulary\/716770","targetHints":{"allow":["GET"]}}],"collection":[{"href":"https:\/\/talkpal.ai\/sv\/wp-json\/wp\/v2\/vocabulary"}],"about":[{"href":"https:\/\/talkpal.ai\/sv\/wp-json\/wp\/v2\/types\/vocabulary"}],"wp:featuredmedia":[{"embeddable":true,"href":"https:\/\/talkpal.ai\/sv\/wp-json\/wp\/v2\/media\/1527888"}],"wp:attachment":[{"href":"https:\/\/talkpal.ai\/sv\/wp-json\/wp\/v2\/media?parent=716770"}],"wp:term":[{"taxonomy":"vocabulary_language","embeddable":true,"href":"https:\/\/talkpal.ai\/sv\/wp-json\/wp\/v2\/vocabulary_language?post=716770"}],"curies":[{"name":"wp","href":"https:\/\/api.w.org\/{rel}","templated":true}]}}