{"id":716769,"date":"2024-06-08T18:38:07","date_gmt":"2024-06-08T18:38:07","guid":{"rendered":"https:\/\/talkpal.ai\/vocabulary\/tjeckiska-ord-relaterade-till-vader-och-arstider\/"},"modified":"2024-06-08T18:38:07","modified_gmt":"2024-06-08T18:38:07","slug":"tjeckiska-ord-relaterade-till-vader-och-arstider","status":"publish","type":"vocabulary","link":"https:\/\/talkpal.ai\/sv\/vocabulary\/tjeckiska-ord-relaterade-till-vader-och-arstider\/","title":{"rendered":"Tjeckiska ord relaterade till v\u00e4der och \u00e5rstider"},"content":{"rendered":"<p>Att l\u00e4ra sig ett nytt spr\u00e5k inneb\u00e4r att f\u00f6rst\u00e5 och anv\u00e4nda ord relaterade till olika aspekter av livet, inklusive v\u00e4der och \u00e5rstider. I denna artikel kommer vi att utforska <a href=\"https:\/\/talkpal.ai\/learn-czech\/\">tjeckiska<\/a> ord som \u00e4r kopplade till v\u00e4der och \u00e5rstider och deras betydelser p\u00e5 <a href=\"https:\/\/talkpal.ai\/learn-swedish\/\">svenska<\/a>. Genom att f\u00f6rst\u00e5 dessa ord kan du b\u00e4ttre beskriva och diskutera v\u00e4dret och \u00e5rstiderna p\u00e5 tjeckiska. L\u00e5t <a href=\"https:\/\/talkpal.ai\/locations\/language-courses-in-oss\/\">oss<\/a> b\u00f6rja v\u00e5r resa genom de tjeckiska v\u00e4der- och \u00e5rstidsorden!<\/p>\n<h2>V\u00e4derord<\/h2>\n<p><b>Po\u010das\u00ed<\/b> \u2013 V\u00e4der<br \/>\n<font color=\"#2D3AC7\">Dne\u0161n\u00ed <b>po\u010das\u00ed<\/b> je slune\u010dn\u00e9 a tepl\u00e9.<\/font><\/p>\n<p><b>Slunce<\/b> \u2013 Sol<br \/>\n<font color=\"#2D3AC7\"><b>Slunce<\/b> sv\u00edt\u00ed jasn\u011b na obloze.<\/font><\/p>\n<p><b>D\u00e9\u0161\u0165<\/b> \u2013 Regn<br \/>\n<font color=\"#2D3AC7\">Venku pr\u00e1v\u011b za\u010dal <b>d\u00e9\u0161\u0165<\/b>.<\/font><\/p>\n<p><b>Sn\u00edh<\/b> \u2013 Sn\u00f6<br \/>\n<font color=\"#2D3AC7\">V zim\u011b \u010dasto pad\u00e1 <b>sn\u00edh<\/b>.<\/font><\/p>\n<p><b>V\u00edtr<\/b> \u2013 Vind<br \/>\n<font color=\"#2D3AC7\"><b>V\u00edtr<\/b> dnes fouk\u00e1 velmi siln\u011b.<\/font><\/p>\n<p><b>Mlha<\/b> \u2013 Dimma<br \/>\n<font color=\"#2D3AC7\">R\u00e1no byla hust\u00e1 <b>mlha<\/b>.<\/font><\/p>\n<p><b>Mrak<\/b> \u2013 Moln<br \/>\n<font color=\"#2D3AC7\">Na obloze je mnoho <b>mrak\u016f<\/b>.<\/font><\/p>\n<p><b>Bou\u0159ka<\/b> \u2013 \u00c5skv\u00e4der<br \/>\n<font color=\"#2D3AC7\">Dnes ve\u010der se o\u010dek\u00e1v\u00e1 <b>bou\u0159ka<\/b>.<\/font><\/p>\n<p><b>Teplota<\/b> \u2013 Temperatur<br \/>\n<font color=\"#2D3AC7\">Dne\u0161n\u00ed <b>teplota<\/b> je 25 stup\u0148\u016f.<\/font><\/p>\n<p><b>Horko<\/b> \u2013 V\u00e4rme<br \/>\n<font color=\"#2D3AC7\">V l\u00e9t\u011b je \u010dasto velk\u00e9 <b>horko<\/b>.<\/font><\/p>\n<p><b>Chladno<\/b> \u2013 Kyla<br \/>\n<font color=\"#2D3AC7\">V zim\u011b je venku <b>chladno<\/b>.<\/font><\/p>\n<p><b>Vlhkost<\/b> \u2013 Fuktighet<br \/>\n<font color=\"#2D3AC7\"><b>Vlhkost<\/b> vzduchu je dnes velmi vysok\u00e1.<\/font><\/p>\n<p><b>Sucho<\/b> \u2013 Torka<br \/>\n<font color=\"#2D3AC7\">Letos bylo dlouh\u00e9 <b>sucho<\/b>.<\/font><\/p>\n<p><b>Duha<\/b> \u2013 Regnb\u00e5ge<br \/>\n<font color=\"#2D3AC7\">Po de\u0161ti se na obloze objevila <b>duha<\/b>.<\/font><\/p>\n<p><b>Mrholen\u00ed<\/b> \u2013 Duggregn<br \/>\n<font color=\"#2D3AC7\">Cel\u00fd den jen m\u00edrn\u011b <b>mrhol\u00ed<\/b>.<\/font><\/p>\n<p><b>Krupa<\/b> \u2013 Hagel<br \/>\n<font color=\"#2D3AC7\">V\u010dera padaly velk\u00e9 <b>krupy<\/b>.<\/font><\/p>\n<h2>\u00c5rstidsord<\/h2>\n<p><b>Rok<\/b> \u2013 \u00c5r<br \/>\n<font color=\"#2D3AC7\">Tento <b>rok<\/b> byl velmi \u00fasp\u011b\u0161n\u00fd.<\/font><\/p>\n<p><b>Jaro<\/b> \u2013 V\u00e5r<br \/>\n<font color=\"#2D3AC7\">Na <b>jaro<\/b> kvete mnoho kv\u011btin.<\/font><\/p>\n<p><b>L\u00e9to<\/b> \u2013 Sommar<br \/>\n<font color=\"#2D3AC7\">V <b>l\u00e9t\u011b<\/b> r\u00e1di jezd\u00edme k mo\u0159i.<\/font><\/p>\n<p><b>Podzim<\/b> \u2013 H\u00f6st<br \/>\n<font color=\"#2D3AC7\">Na <b>podzim<\/b> padaj\u00ed listy ze strom\u016f.<\/font><\/p>\n<p><b>Zima<\/b> \u2013 Vinter<br \/>\n<font color=\"#2D3AC7\">V <b>zim\u011b<\/b> \u010dasto ly\u017eujeme na hor\u00e1ch.<\/font><\/p>\n<p><b>M\u011bs\u00edc<\/b> \u2013 M\u00e5nad<br \/>\n<font color=\"#2D3AC7\">Ka\u017ed\u00fd <b>m\u011bs\u00edc<\/b> m\u00e1 sv\u00e9 kouzlo.<\/font><\/p>\n<p><b>Den<\/b> \u2013 Dag<br \/>\n<font color=\"#2D3AC7\">Ka\u017ed\u00fd <b>den<\/b> za\u010d\u00edn\u00e1 nov\u00fdm r\u00e1nem.<\/font><\/p>\n<p><b>Noc<\/b> \u2013 Natt<br \/>\n<font color=\"#2D3AC7\">B\u011bhem <b>noci<\/b> je obloha pln\u00e1 hv\u011bzd.<\/font><\/p>\n<p><b>R\u00e1no<\/b> \u2013 Morgon<br \/>\n<font color=\"#2D3AC7\">Ka\u017ed\u00e9 <b>r\u00e1no<\/b> sn\u00edd\u00e1m v osm hodin.<\/font><\/p>\n<p><b>Ve\u010der<\/b> \u2013 Kv\u00e4ll<br \/>\n<font color=\"#2D3AC7\">V <b>ve\u010der<\/b> se \u010dasto d\u00edv\u00e1m na filmy.<\/font><\/p>\n<p><b>Pond\u011bl\u00ed<\/b> \u2013 M\u00e5ndag<br \/>\n<font color=\"#2D3AC7\"><b>Pond\u011bl\u00ed<\/b> je prvn\u00ed den pracovn\u00edho t\u00fddne.<\/font><\/p>\n<p><b>\u00dater\u00fd<\/b> \u2013 Tisdag<br \/>\n<font color=\"#2D3AC7\">V <b>\u00fater\u00fd<\/b> m\u00e1m hodinu tance.<\/font><\/p>\n<p><b>St\u0159eda<\/b> \u2013 Onsdag<br \/>\n<font color=\"#2D3AC7\"><b>St\u0159eda<\/b> je uprost\u0159ed t\u00fddne.<\/font><\/p>\n<p><b>\u010ctvrtek<\/b> \u2013 Torsdag<br \/>\n<font color=\"#2D3AC7\">Ka\u017ed\u00fd <b>\u010dtvrtek<\/b> chod\u00edm do knihovny.<\/font><\/p>\n<p><b>P\u00e1tek<\/b> \u2013 Fredag<br \/>\n<font color=\"#2D3AC7\">V <b>p\u00e1tek<\/b> ve\u010der chod\u00edme ven s p\u0159\u00e1teli.<\/font><\/p>\n<p><b>Sobota<\/b> \u2013 L\u00f6rdag<br \/>\n<font color=\"#2D3AC7\">V <b>sobotu<\/b> r\u00e1no chod\u00edm na trh.<\/font><\/p>\n<p><b>Ned\u011ble<\/b> \u2013 S\u00f6ndag<br \/>\n<font color=\"#2D3AC7\">V <b>ned\u011bli<\/b> relaxuji a \u010dtu knihy.<\/font><\/p>\n<h2>V\u00e4derfenomen<\/h2>\n<p><b>Slune\u010dn\u00ed paprsky<\/b> \u2013 Solstr\u00e5lar<br \/>\n<font color=\"#2D3AC7\"><b>Slune\u010dn\u00ed paprsky<\/b> proch\u00e1zej\u00ed oknem do pokoje.<\/font><\/p>\n<p><b>Mrzne<\/b> \u2013 Fryser<br \/>\n<font color=\"#2D3AC7\">Venku <b>mrzne<\/b> a v\u0161ude je led.<\/font><\/p>\n<p><b>Teplom\u011br<\/b> \u2013 Termometer<br \/>\n<font color=\"#2D3AC7\">Pod\u00edvej se na <b>teplom\u011br<\/b>, kolik je stup\u0148\u016f.<\/font><\/p>\n<p><b>Rosn\u00fd bod<\/b> \u2013 Daggpunkt<br \/>\n<font color=\"#2D3AC7\">Dnes je <b>rosn\u00fd bod<\/b> velmi n\u00edzko.<\/font><\/p>\n<p><b>Atmosf\u00e9ra<\/b> \u2013 Atmosf\u00e4r<br \/>\n<font color=\"#2D3AC7\"><b>Atmosf\u00e9ra<\/b> na t\u00e9to planet\u011b je jedine\u010dn\u00e1.<\/font><\/p>\n<p><b>Ozonov\u00e1 vrstva<\/b> \u2013 Ozonskikt<br \/>\n<font color=\"#2D3AC7\">Mus\u00edme chr\u00e1nit <b>ozonovou vrstvu<\/b> p\u0159ed po\u0161kozen\u00edm.<\/font><\/p>\n<p><b>Sklen\u00edkov\u00fd efekt<\/b> \u2013 V\u00e4xthuseffekt<br \/>\n<font color=\"#2D3AC7\"><b>Sklen\u00edkov\u00fd efekt<\/b> zp\u016fsobuje oteplov\u00e1n\u00ed planety.<\/font><\/p>\n<p><b>Albedo<\/b> \u2013 Albedo<br \/>\n<font color=\"#2D3AC7\">Sn\u00edh m\u00e1 vysok\u00e9 <b>albedo<\/b>, proto\u017ee odr\u00e1\u017e\u00ed hodn\u011b sv\u011btla.<\/font><\/p>\n<p><b>Arktick\u00fd<\/b> \u2013 Arktisk<br \/>\n<font color=\"#2D3AC7\">V <b>arktick\u00fdch<\/b> oblastech je velmi chladno.<\/font><\/p>\n<p><b>Antarktick\u00fd<\/b> \u2013 Antarktisk<br \/>\n<font color=\"#2D3AC7\"><b>Antarktick\u00fd<\/b> kontinent je pokryt\u00fd ledem.<\/font><\/p>\n<p><b>Monzun<\/b> \u2013 Monsun<br \/>\n<font color=\"#2D3AC7\">B\u011bhem <b>monzunu<\/b> pr\u0161\u00ed n\u011bkolik t\u00fddn\u016f v kuse.<\/font><\/p>\n<p><b>V\u00e1nice<\/b> \u2013 Sn\u00f6storm<br \/>\n<font color=\"#2D3AC7\">V <b>v\u00e1nici<\/b> nen\u00ed vid\u011bt na krok.<\/font><\/p>\n<p><b>Lavina<\/b> \u2013 Lavin<br \/>\n<font color=\"#2D3AC7\"><b>Lavina<\/b> zasypala horskou vesnici.<\/font><\/p>\n<p><b>Vich\u0159ice<\/b> \u2013 Storm<br \/>\n<font color=\"#2D3AC7\"><b>Vich\u0159ice<\/b> zp\u016fsobila \u0161kody na domech.<\/font><\/p>\n<p><b>Hurik\u00e1n<\/b> \u2013 Orkan<br \/>\n<font color=\"#2D3AC7\">Siln\u00fd <b>hurik\u00e1n<\/b> zas\u00e1hl pob\u0159e\u017e\u00ed.<\/font><\/p>\n<p><b>Torn\u00e1do<\/b> \u2013 Tornado<br \/>\n<font color=\"#2D3AC7\">V\u010dera jsme vid\u011bli <b>torn\u00e1do<\/b> na obzoru.<\/font><\/p>\n<p><b>\u010casov\u00e9 p\u00e1smo<\/b> \u2013 Tidszon<br \/>\n<font color=\"#2D3AC7\">Ka\u017ed\u00e9 <b>\u010dasov\u00e9 p\u00e1smo<\/b> m\u00e1 jin\u00fd \u010das.<\/font><\/p>\n<p><b>Severn\u00ed p\u00f3l<\/b> \u2013 Nordpol<br \/>\n<font color=\"#2D3AC7\"><b>Severn\u00ed p\u00f3l<\/b> je pokryt\u00fd ledem.<\/font><\/p>\n<p><b>Ji\u017en\u00ed p\u00f3l<\/b> \u2013 Sydpol<br \/>\n<font color=\"#2D3AC7\"><b>Ji\u017en\u00ed p\u00f3l<\/b> je v Antarktid\u011b.<\/font><\/p>\n<h2>Sammanfattning<\/h2>\n<p>Att l\u00e4ra sig ord relaterade till v\u00e4der och \u00e5rstider p\u00e5 tjeckiska kan vara b\u00e5de roligt och anv\u00e4ndbart. Genom att f\u00f6rst\u00e5 och anv\u00e4nda dessa ord kan du b\u00e4ttre beskriva dina upplevelser och f\u00f6rst\u00e5 v\u00e4derleksrapporter p\u00e5 tjeckiska. Vi hoppas att denna lista med tjeckiska v\u00e4der- och \u00e5rstidsord kommer att vara till hj\u00e4lp i din <a href=\"https:\/\/talkpal.ai\/sv\/hur-lar-man-sig-ett-sprak-via-talkpal-chat\/\">spr\u00e5kinl\u00e4rning<\/a>. Lycka till!<\/p>\n","protected":false},"featured_media":1527798,"template":"","vocabulary_language":[4181],"class_list":["post-716769","vocabulary","type-vocabulary","status-publish","has-post-thumbnail","hentry","vocabulary_language-tjeckiska"],"acf":[],"yoast_head":"<!-- This site is optimized with the Yoast SEO Premium plugin v27.2 (Yoast SEO v27.2) - https:\/\/yoast.com\/product\/yoast-seo-premium-wordpress\/ -->\n<title>Tjeckiska ord relaterade till v\u00e4der och \u00e5rstider - Talkpal<\/title>\n<meta name=\"description\" content=\"Att l\u00e4ra sig ett nytt spr\u00e5k inneb\u00e4r att f\u00f6rst\u00e5 och anv\u00e4nda ord relaterade till olika aspekter av livet, inklusive v\u00e4der och \u00e5rstider. I denna artikel\" \/>\n<meta name=\"robots\" content=\"index, follow, max-snippet:-1, max-image-preview:large, max-video-preview:-1\" \/>\n<link rel=\"canonical\" href=\"https:\/\/talkpal.ai\/sv\/vocabulary\/tjeckiska-ord-relaterade-till-vader-och-arstider\/\" \/>\n<meta property=\"og:locale\" content=\"sv_SE\" \/>\n<meta property=\"og:type\" content=\"article\" \/>\n<meta property=\"og:title\" content=\"Tjeckiska ord relaterade till v\u00e4der och \u00e5rstider\" \/>\n<meta property=\"og:description\" content=\"Att l\u00e4ra sig ett nytt spr\u00e5k inneb\u00e4r att f\u00f6rst\u00e5 och anv\u00e4nda ord relaterade till olika aspekter av livet, inklusive v\u00e4der och \u00e5rstider. I denna artikel\" \/>\n<meta property=\"og:url\" content=\"https:\/\/talkpal.ai\/sv\/vocabulary\/tjeckiska-ord-relaterade-till-vader-och-arstider\/\" \/>\n<meta property=\"og:site_name\" content=\"Talkpal\" \/>\n<meta property=\"article:publisher\" content=\"https:\/\/www.facebook.com\/profile.php?id=100090733639311\" \/>\n<meta property=\"og:image\" content=\"https:\/\/talkpal.ai\/wp-content\/uploads\/2024\/10\/talkpal_flat_illustration_of_a_employees_working_together_happi_c674ff77-e477-4e09-835a-01d30e561e99.png\" \/>\n\t<meta property=\"og:image:width\" content=\"1024\" \/>\n\t<meta property=\"og:image:height\" content=\"1024\" \/>\n\t<meta property=\"og:image:type\" content=\"image\/png\" \/>\n<meta name=\"twitter:card\" content=\"summary_large_image\" \/>\n<meta name=\"twitter:site\" content=\"@talkpalai\" \/>\n<meta name=\"twitter:label1\" content=\"Ber\u00e4knad l\u00e4stid\" \/>\n\t<meta name=\"twitter:data1\" content=\"3 minuter\" \/>\n<script type=\"application\/ld+json\" class=\"yoast-schema-graph\">{\"@context\":\"https:\/\/schema.org\",\"@graph\":[{\"@type\":\"WebPage\",\"@id\":\"https:\/\/talkpal.ai\/sv\/vocabulary\/tjeckiska-ord-relaterade-till-vader-och-arstider\/\",\"url\":\"https:\/\/talkpal.ai\/sv\/vocabulary\/tjeckiska-ord-relaterade-till-vader-och-arstider\/\",\"name\":\"Tjeckiska ord relaterade till v\u00e4der och \u00e5rstider - Talkpal\",\"isPartOf\":{\"@id\":\"https:\/\/talkpal.ai\/sv\/#website\"},\"primaryImageOfPage\":{\"@id\":\"https:\/\/talkpal.ai\/sv\/vocabulary\/tjeckiska-ord-relaterade-till-vader-och-arstider\/#primaryimage\"},\"image\":{\"@id\":\"https:\/\/talkpal.ai\/sv\/vocabulary\/tjeckiska-ord-relaterade-till-vader-och-arstider\/#primaryimage\"},\"thumbnailUrl\":\"https:\/\/talkpal.ai\/wp-content\/uploads\/2025\/12\/man-writing-to-learn-languages-home.webp\",\"datePublished\":\"2024-06-08T18:38:07+00:00\",\"description\":\"Att l\u00e4ra sig ett nytt spr\u00e5k inneb\u00e4r att f\u00f6rst\u00e5 och anv\u00e4nda ord relaterade till olika aspekter av livet, inklusive v\u00e4der och \u00e5rstider. I denna artikel\",\"breadcrumb\":{\"@id\":\"https:\/\/talkpal.ai\/sv\/vocabulary\/tjeckiska-ord-relaterade-till-vader-och-arstider\/#breadcrumb\"},\"inLanguage\":\"sv-SE\",\"potentialAction\":[{\"@type\":\"ReadAction\",\"target\":[\"https:\/\/talkpal.ai\/sv\/vocabulary\/tjeckiska-ord-relaterade-till-vader-och-arstider\/\"]}]},{\"@type\":\"ImageObject\",\"inLanguage\":\"sv-SE\",\"@id\":\"https:\/\/talkpal.ai\/sv\/vocabulary\/tjeckiska-ord-relaterade-till-vader-och-arstider\/#primaryimage\",\"url\":\"https:\/\/talkpal.ai\/wp-content\/uploads\/2025\/12\/man-writing-to-learn-languages-home.webp\",\"contentUrl\":\"https:\/\/talkpal.ai\/wp-content\/uploads\/2025\/12\/man-writing-to-learn-languages-home.webp\",\"width\":1200,\"height\":896,\"caption\":\"An older man writes in a book while learning languages at a warm home desk with a laptop.\"},{\"@type\":\"BreadcrumbList\",\"@id\":\"https:\/\/talkpal.ai\/sv\/vocabulary\/tjeckiska-ord-relaterade-till-vader-och-arstider\/#breadcrumb\",\"itemListElement\":[{\"@type\":\"ListItem\",\"position\":1,\"name\":\"Homepage\",\"item\":\"https:\/\/talkpal.ai\/sv\/\"},{\"@type\":\"ListItem\",\"position\":2,\"name\":\"Tjeckiska ord relaterade till v\u00e4der och \u00e5rstider\"}]},{\"@type\":\"WebSite\",\"@id\":\"https:\/\/talkpal.ai\/sv\/#website\",\"url\":\"https:\/\/talkpal.ai\/sv\/\",\"name\":\"Talkpal\",\"description\":\"AI Language Learning\",\"publisher\":{\"@id\":\"https:\/\/talkpal.ai\/sv\/#organization\"},\"alternateName\":\"Talkpal AI\",\"potentialAction\":[{\"@type\":\"SearchAction\",\"target\":{\"@type\":\"EntryPoint\",\"urlTemplate\":\"https:\/\/talkpal.ai\/sv\/?s={search_term_string}\"},\"query-input\":{\"@type\":\"PropertyValueSpecification\",\"valueRequired\":true,\"valueName\":\"search_term_string\"}}],\"inLanguage\":\"sv-SE\"},{\"@type\":\"Organization\",\"@id\":\"https:\/\/talkpal.ai\/sv\/#organization\",\"name\":\"Talkpal, Inc.\",\"alternateName\":\"Talkpal AI\",\"url\":\"https:\/\/talkpal.ai\/sv\/\",\"logo\":{\"@type\":\"ImageObject\",\"inLanguage\":\"sv-SE\",\"@id\":\"https:\/\/talkpal.ai\/sv\/#\/schema\/logo\/image\/\",\"url\":\"https:\/\/talkpal.ai\/wp-content\/uploads\/2024\/03\/Talkpal-Logo-Icon.png\",\"contentUrl\":\"https:\/\/talkpal.ai\/wp-content\/uploads\/2024\/03\/Talkpal-Logo-Icon.png\",\"width\":2880,\"height\":2880,\"caption\":\"Talkpal, Inc.\"},\"image\":{\"@id\":\"https:\/\/talkpal.ai\/sv\/#\/schema\/logo\/image\/\"},\"sameAs\":[\"https:\/\/www.facebook.com\/profile.php?id=100090733639311\",\"https:\/\/x.com\/talkpalai\",\"https:\/\/www.linkedin.com\/company\/talkpal\/\",\"https:\/\/www.youtube.com\/@TalkPal\/\",\"https:\/\/www.tiktok.com\/@talkpal\",\"https:\/\/www.instagram.com\/talkpal_ai\/\",\"https:\/\/www.crunchbase.com\/organization\/talkpal-9cde\",\"https:\/\/www.g2.com\/products\/talkpal-for-business\/\",\"https:\/\/www.trustpilot.com\/review\/talkpal.ai\",\"https:\/\/www.capterra.com\/p\/10006800\/TalkPal\/\"],\"description\":\"Talkpal is a language learning web and mobile education app, powered by the latest AI technologies, that provides engaging experiences to its customers in many different languages to help them improve their language skills. Users can chat about unlimited amount of topics with the app and use other modes to practice their language learning.\",\"email\":\"support@talkpal.ai\",\"legalName\":\"Talkpal, Inc.\",\"foundingDate\":\"2023-04-03\",\"duns\":\"118989042\",\"numberOfEmployees\":{\"@type\":\"QuantitativeValue\",\"minValue\":\"11\",\"maxValue\":\"50\"},\"publishingPrinciples\":\"https:\/\/talkpal.ai\/publishing-principles\/\",\"actionableFeedbackPolicy\":\"https:\/\/talkpal.ai\/actionable-feedback-policy\/\",\"correctionsPolicy\":\"https:\/\/talkpal.ai\/corrections-policy\/\",\"ethicsPolicy\":\"https:\/\/talkpal.ai\/ethics-policy\/\",\"diversityPolicy\":\"https:\/\/talkpal.ai\/diversity-policy\/\",\"diversityStaffingReport\":\"https:\/\/talkpal.ai\/diversity-policy\/\"}]}<\/script>\n<!-- \/ Yoast SEO Premium plugin. -->","yoast_head_json":{"title":"Tjeckiska ord relaterade till v\u00e4der och \u00e5rstider - Talkpal","description":"Att l\u00e4ra sig ett nytt spr\u00e5k inneb\u00e4r att f\u00f6rst\u00e5 och anv\u00e4nda ord relaterade till olika aspekter av livet, inklusive v\u00e4der och \u00e5rstider. I denna artikel","robots":{"index":"index","follow":"follow","max-snippet":"max-snippet:-1","max-image-preview":"max-image-preview:large","max-video-preview":"max-video-preview:-1"},"canonical":"https:\/\/talkpal.ai\/sv\/vocabulary\/tjeckiska-ord-relaterade-till-vader-och-arstider\/","og_locale":"sv_SE","og_type":"article","og_title":"Tjeckiska ord relaterade till v\u00e4der och \u00e5rstider","og_description":"Att l\u00e4ra sig ett nytt spr\u00e5k inneb\u00e4r att f\u00f6rst\u00e5 och anv\u00e4nda ord relaterade till olika aspekter av livet, inklusive v\u00e4der och \u00e5rstider. I denna artikel","og_url":"https:\/\/talkpal.ai\/sv\/vocabulary\/tjeckiska-ord-relaterade-till-vader-och-arstider\/","og_site_name":"Talkpal","article_publisher":"https:\/\/www.facebook.com\/profile.php?id=100090733639311","og_image":[{"width":1024,"height":1024,"url":"https:\/\/talkpal.ai\/wp-content\/uploads\/2024\/10\/talkpal_flat_illustration_of_a_employees_working_together_happi_c674ff77-e477-4e09-835a-01d30e561e99.png","type":"image\/png"}],"twitter_card":"summary_large_image","twitter_site":"@talkpalai","twitter_misc":{"Ber\u00e4knad l\u00e4stid":"3 minuter"},"schema":{"@context":"https:\/\/schema.org","@graph":[{"@type":"WebPage","@id":"https:\/\/talkpal.ai\/sv\/vocabulary\/tjeckiska-ord-relaterade-till-vader-och-arstider\/","url":"https:\/\/talkpal.ai\/sv\/vocabulary\/tjeckiska-ord-relaterade-till-vader-och-arstider\/","name":"Tjeckiska ord relaterade till v\u00e4der och \u00e5rstider - Talkpal","isPartOf":{"@id":"https:\/\/talkpal.ai\/sv\/#website"},"primaryImageOfPage":{"@id":"https:\/\/talkpal.ai\/sv\/vocabulary\/tjeckiska-ord-relaterade-till-vader-och-arstider\/#primaryimage"},"image":{"@id":"https:\/\/talkpal.ai\/sv\/vocabulary\/tjeckiska-ord-relaterade-till-vader-och-arstider\/#primaryimage"},"thumbnailUrl":"https:\/\/talkpal.ai\/wp-content\/uploads\/2025\/12\/man-writing-to-learn-languages-home.webp","datePublished":"2024-06-08T18:38:07+00:00","description":"Att l\u00e4ra sig ett nytt spr\u00e5k inneb\u00e4r att f\u00f6rst\u00e5 och anv\u00e4nda ord relaterade till olika aspekter av livet, inklusive v\u00e4der och \u00e5rstider. I denna artikel","breadcrumb":{"@id":"https:\/\/talkpal.ai\/sv\/vocabulary\/tjeckiska-ord-relaterade-till-vader-och-arstider\/#breadcrumb"},"inLanguage":"sv-SE","potentialAction":[{"@type":"ReadAction","target":["https:\/\/talkpal.ai\/sv\/vocabulary\/tjeckiska-ord-relaterade-till-vader-och-arstider\/"]}]},{"@type":"ImageObject","inLanguage":"sv-SE","@id":"https:\/\/talkpal.ai\/sv\/vocabulary\/tjeckiska-ord-relaterade-till-vader-och-arstider\/#primaryimage","url":"https:\/\/talkpal.ai\/wp-content\/uploads\/2025\/12\/man-writing-to-learn-languages-home.webp","contentUrl":"https:\/\/talkpal.ai\/wp-content\/uploads\/2025\/12\/man-writing-to-learn-languages-home.webp","width":1200,"height":896,"caption":"An older man writes in a book while learning languages at a warm home desk with a laptop."},{"@type":"BreadcrumbList","@id":"https:\/\/talkpal.ai\/sv\/vocabulary\/tjeckiska-ord-relaterade-till-vader-och-arstider\/#breadcrumb","itemListElement":[{"@type":"ListItem","position":1,"name":"Homepage","item":"https:\/\/talkpal.ai\/sv\/"},{"@type":"ListItem","position":2,"name":"Tjeckiska ord relaterade till v\u00e4der och \u00e5rstider"}]},{"@type":"WebSite","@id":"https:\/\/talkpal.ai\/sv\/#website","url":"https:\/\/talkpal.ai\/sv\/","name":"Talkpal","description":"AI Language Learning","publisher":{"@id":"https:\/\/talkpal.ai\/sv\/#organization"},"alternateName":"Talkpal AI","potentialAction":[{"@type":"SearchAction","target":{"@type":"EntryPoint","urlTemplate":"https:\/\/talkpal.ai\/sv\/?s={search_term_string}"},"query-input":{"@type":"PropertyValueSpecification","valueRequired":true,"valueName":"search_term_string"}}],"inLanguage":"sv-SE"},{"@type":"Organization","@id":"https:\/\/talkpal.ai\/sv\/#organization","name":"Talkpal, Inc.","alternateName":"Talkpal AI","url":"https:\/\/talkpal.ai\/sv\/","logo":{"@type":"ImageObject","inLanguage":"sv-SE","@id":"https:\/\/talkpal.ai\/sv\/#\/schema\/logo\/image\/","url":"https:\/\/talkpal.ai\/wp-content\/uploads\/2024\/03\/Talkpal-Logo-Icon.png","contentUrl":"https:\/\/talkpal.ai\/wp-content\/uploads\/2024\/03\/Talkpal-Logo-Icon.png","width":2880,"height":2880,"caption":"Talkpal, Inc."},"image":{"@id":"https:\/\/talkpal.ai\/sv\/#\/schema\/logo\/image\/"},"sameAs":["https:\/\/www.facebook.com\/profile.php?id=100090733639311","https:\/\/x.com\/talkpalai","https:\/\/www.linkedin.com\/company\/talkpal\/","https:\/\/www.youtube.com\/@TalkPal\/","https:\/\/www.tiktok.com\/@talkpal","https:\/\/www.instagram.com\/talkpal_ai\/","https:\/\/www.crunchbase.com\/organization\/talkpal-9cde","https:\/\/www.g2.com\/products\/talkpal-for-business\/","https:\/\/www.trustpilot.com\/review\/talkpal.ai","https:\/\/www.capterra.com\/p\/10006800\/TalkPal\/"],"description":"Talkpal is a language learning web and mobile education app, powered by the latest AI technologies, that provides engaging experiences to its customers in many different languages to help them improve their language skills. Users can chat about unlimited amount of topics with the app and use other modes to practice their language learning.","email":"support@talkpal.ai","legalName":"Talkpal, Inc.","foundingDate":"2023-04-03","duns":"118989042","numberOfEmployees":{"@type":"QuantitativeValue","minValue":"11","maxValue":"50"},"publishingPrinciples":"https:\/\/talkpal.ai\/publishing-principles\/","actionableFeedbackPolicy":"https:\/\/talkpal.ai\/actionable-feedback-policy\/","correctionsPolicy":"https:\/\/talkpal.ai\/corrections-policy\/","ethicsPolicy":"https:\/\/talkpal.ai\/ethics-policy\/","diversityPolicy":"https:\/\/talkpal.ai\/diversity-policy\/","diversityStaffingReport":"https:\/\/talkpal.ai\/diversity-policy\/"}]}},"_links":{"self":[{"href":"https:\/\/talkpal.ai\/sv\/wp-json\/wp\/v2\/vocabulary\/716769","targetHints":{"allow":["GET"]}}],"collection":[{"href":"https:\/\/talkpal.ai\/sv\/wp-json\/wp\/v2\/vocabulary"}],"about":[{"href":"https:\/\/talkpal.ai\/sv\/wp-json\/wp\/v2\/types\/vocabulary"}],"wp:featuredmedia":[{"embeddable":true,"href":"https:\/\/talkpal.ai\/sv\/wp-json\/wp\/v2\/media\/1527798"}],"wp:attachment":[{"href":"https:\/\/talkpal.ai\/sv\/wp-json\/wp\/v2\/media?parent=716769"}],"wp:term":[{"taxonomy":"vocabulary_language","embeddable":true,"href":"https:\/\/talkpal.ai\/sv\/wp-json\/wp\/v2\/vocabulary_language?post=716769"}],"curies":[{"name":"wp","href":"https:\/\/api.w.org\/{rel}","templated":true}]}}