{"id":716712,"date":"2024-06-08T18:33:17","date_gmt":"2024-06-08T18:33:17","guid":{"rendered":"https:\/\/talkpal.ai\/vocabulary\/pratar-om-klimat-och-vader-pa-katalanska\/"},"modified":"2024-06-08T18:33:17","modified_gmt":"2024-06-08T18:33:17","slug":"pratar-om-klimat-och-vader-pa-katalanska","status":"publish","type":"vocabulary","link":"https:\/\/talkpal.ai\/sv\/vocabulary\/pratar-om-klimat-och-vader-pa-katalanska\/","title":{"rendered":"Pratar om klimat och v\u00e4der p\u00e5 katalanska"},"content":{"rendered":"<p>Att <a href=\"https:\/\/talkpal.ai\/locations\/language-courses-in-prata\/\">prata<\/a> om klimat och v\u00e4der \u00e4r ett av de mest grundl\u00e4ggande och anv\u00e4ndbara \u00e4mnena n\u00e4r man l\u00e4r sig ett nytt spr\u00e5k. P\u00e5 <a href=\"https:\/\/talkpal.ai\/learn-catalan\/\">katalanska<\/a> finns det m\u00e5nga specifika ord och uttryck som kan hj\u00e4lpa dig att diskutera dessa \u00e4mnen med st\u00f6rre precision och l\u00e4tthet. I denna artikel kommer vi att utforska n\u00e5gra av dessa ord och uttryck, tillsammans med deras <a href=\"https:\/\/talkpal.ai\/learn-swedish\/\">svenska<\/a> f\u00f6rklaringar och exempelmeningar p\u00e5 katalanska.<\/p>\n<h2>Klimat och v\u00e4der: Grundl\u00e4ggande ord<\/h2>\n<p><b>Clima<\/b> &#8211; Klimat. Det \u00f6vergripande v\u00e4derm\u00f6nstret p\u00e5 en viss plats \u00f6ver en l\u00e5ng tid.<br \/>\n<font color=\"#2D3AC7\">El clima d&#8217;aquesta regi\u00f3 \u00e9s molt c\u00e0lid durant l&#8217;estiu.<\/font><\/p>\n<p><b>Temps<\/b> &#8211; V\u00e4der. De aktuella atmosf\u00e4riska f\u00f6rh\u00e5llandena som r\u00e5der under en kort period.<br \/>\n<font color=\"#2D3AC7\">El <a href=\"https:\/\/talkpal.ai\/zh-hans\/grammar_exercises\/temps-%e6%b3%95%e8%af%ad%e8%af%ad%e6%b3%95%e7%bb%83%e4%b9%a0\/\">temps<\/a> avui \u00e9s assolellat i c\u00e0lid.<\/font><\/p>\n<p><b>Temperatura<\/b> &#8211; Temperatur. Hur varmt eller kallt det \u00e4r.<br \/>\n<font color=\"#2D3AC7\">La temperatura avui \u00e9s de 25 graus.<\/font><\/p>\n<p><b>Humitat<\/b> &#8211; Luftfuktighet. M\u00e4ngden vatten\u00e5nga i luften.<br \/>\n<font color=\"#2D3AC7\">L&#8217;humitat \u00e9s molt alta avui, fa molta xafogor.<\/font><\/p>\n<p><b>Precipitaci\u00f3<\/b> &#8211; Nederb\u00f6rd. M\u00e4ngden regn, sn\u00f6 eller andra former av vatten som faller fr\u00e5n himlen.<br \/>\n<font color=\"#2D3AC7\">La precipitaci\u00f3 anual en aquesta zona \u00e9s for\u00e7a baixa.<\/font><\/p>\n<h3>Olika typer av v\u00e4der<\/h3>\n<p><b>Assolellat<\/b> &#8211; Soligt. N\u00e4r solen skiner klart och det inte finns m\u00e5nga moln.<br \/>\n<font color=\"#2D3AC7\">Avui \u00e9s un dia assolellat, perfecte per anar a la platja.<\/font><\/p>\n<p><b>Ennuvolat<\/b> &#8211; Molnigt. N\u00e4r himlen \u00e4r t\u00e4ckt av moln.<br \/>\n<font color=\"#2D3AC7\">El cel est\u00e0 ennuvolat i sembla que plour\u00e0.<\/font><\/p>\n<p><b>Pluj\u00f3s<\/b> &#8211; Regnigt. N\u00e4r det regnar mycket.<br \/>\n<font color=\"#2D3AC7\">Aquest mes ha estat molt pluj\u00f3s.<\/font><\/p>\n<p><b>Nevar<\/b> &#8211; Sn\u00f6a. N\u00e4r sn\u00f6 faller fr\u00e5n himlen.<br \/>\n<font color=\"#2D3AC7\">A l&#8217;hivern sol nevar molt a les muntanyes.<\/font><\/p>\n<p><b>Vent\u00f3s<\/b> &#8211; Bl\u00e5sigt. N\u00e4r det bl\u00e5ser mycket.<br \/>\n<font color=\"#2D3AC7\">\u00c9s un dia vent\u00f3s, millor portar una jaqueta.<\/font><\/p>\n<h3>S\u00e4songer och klimattyper<\/h3>\n<p><b>Estiu<\/b> &#8211; Sommar. Den varmaste \u00e5rstiden, vanligtvis fr\u00e5n juni till augusti.<br \/>\n<font color=\"#2D3AC7\">M&#8217;agrada l&#8217;estiu perqu\u00e8 puc anar a la platja cada dia.<\/font><\/p>\n<p><b>Tardor<\/b> &#8211; H\u00f6st. \u00c5rstiden efter sommaren och f\u00f6re vintern, n\u00e4r l\u00f6ven faller av tr\u00e4den.<br \/>\n<font color=\"#2D3AC7\">La tardor \u00e9s una \u00e8poca de colors preciosos.<\/font><\/p>\n<p><b>Hivern<\/b> &#8211; Vinter. Den kallaste \u00e5rstiden, vanligtvis fr\u00e5n december till februari.<br \/>\n<font color=\"#2D3AC7\">A l&#8217;hivern m&#8217;agrada fer esqu\u00ed.<\/font><\/p>\n<p><b>Primavera<\/b> &#8211; V\u00e5r. \u00c5rstiden efter vintern och f\u00f6re sommaren, n\u00e4r v\u00e4xterna b\u00f6rjar blomma.<br \/>\n<font color=\"#2D3AC7\">La primavera \u00e9s la meva estaci\u00f3 preferida perqu\u00e8 tot floreix.<\/font><\/p>\n<p><b>Clima mediterrani<\/b> &#8211; Medelhavsklimat. Ett klimat med varma, torra somrar och milda, fuktiga vintrar.<br \/>\n<font color=\"#2D3AC7\">El clima mediterrani \u00e9s molt agradable per viure-hi.<\/font><\/p>\n<p><b>Clima continental<\/b> &#8211; Kontinentalt klimat. Ett klimat med stora temperaturskillnader mellan sommar och vinter.<br \/>\n<font color=\"#2D3AC7\">El clima continental pot ser molt extrem.<\/font><\/p>\n<p><b>Clima tropical<\/b> &#8211; Tropiskt klimat. Ett klimat med h\u00f6ga temperaturer och mycket regn \u00e5ret runt.<br \/>\n<font color=\"#2D3AC7\">El clima tropical \u00e9s perfecte per a les vacances d&#8217;hivern.<\/font><\/p>\n<h3>V\u00e4derprognos och beskrivningar<\/h3>\n<p><b>Previsi\u00f3 del temps<\/b> &#8211; V\u00e4derprognos. En f\u00f6ruts\u00e4gelse av v\u00e4dret f\u00f6r en kommande period.<br \/>\n<font color=\"#2D3AC7\">La previsi\u00f3 del <a href=\"https:\/\/talkpal.ai\/zh-hans\/grammar_exercises\/temps-%e6%b3%95%e8%af%ad%e8%af%ad%e6%b3%95%e7%bb%83%e4%b9%a0\/\">temps<\/a> per dem\u00e0 diu que plour\u00e0.<\/font><\/p>\n<p><b>Tempesta<\/b> &#8211; Storm. Ett kraftigt v\u00e4derfenomen med regn, vind och ofta \u00e5ska.<br \/>\n<font color=\"#2D3AC7\">La tempesta d&#8217;ahir va ser molt forta.<\/font><\/p>\n<p><b>Boira<\/b> &#8211; Dimma. En tjock <a href=\"https:\/\/talkpal.ai\/locations\/language-courses-in-massa\/\">massa<\/a> av sm\u00e5 vattendroppar som sv\u00e4var n\u00e4ra marken och minskar sikten.<br \/>\n<font color=\"#2D3AC7\">Aquest mat\u00ed hi ha molta boira, tingues cura al conduir.<\/font><\/p>\n<p><b>Arc de Sant Mart\u00ed<\/b> &#8211; Regnb\u00e5ge. En f\u00e4rgglad b\u00e5ge p\u00e5 himlen som uppst\u00e5r n\u00e4r solens ljus bryts i regndroppar.<br \/>\n<font color=\"#2D3AC7\">Despr\u00e9s de la pluja, vam veure un <a href=\"https:\/\/talkpal.ai\/locations\/learn-english-in-bell\/\">bell<\/a> arc de Sant Mart\u00ed.<\/font><\/p>\n<p><b>Gelada<\/b> &#8211; Frost. Ett lager av is som bildas p\u00e5 ytor n\u00e4r temperaturen sjunker under fryspunkten.<br \/>\n<font color=\"#2D3AC7\">Aquesta nit hi ha hagut una forta gelada.<\/font><\/p>\n<p><b>Calamarsa<\/b> &#8211; Hagel. Sm\u00e5 kulor eller klumpar av is som faller fr\u00e5n himlen under en storm.<br \/>\n<font color=\"#2D3AC7\">La calamarsa va danyar les plantes del jard\u00ed.<\/font><\/p>\n<h3>Diskutera v\u00e4der och klimat<\/h3>\n<p>N\u00e4r man diskuterar v\u00e4der och klimat p\u00e5 katalanska \u00e4r det <a href=\"https:\/\/talkpal.ai\/locations\/learn-english-in-bra\/\">bra<\/a> att kunna n\u00e5gra anv\u00e4ndbara fraser och uttryck.<\/p>\n<p><b>Quin temps fa?<\/b> &#8211; Hur \u00e4r v\u00e4dret? En vanlig fr\u00e5ga f\u00f6r att fr\u00e5ga om det aktuella v\u00e4dret.<br \/>\n<font color=\"#2D3AC7\">Quin temps fa avui? &#8211; Avui fa sol.<\/font><\/p>\n<p><b>Fa calor<\/b> &#8211; Det \u00e4r varmt. Ett uttryck f\u00f6r att beskriva varmt v\u00e4der.<br \/>\n<font color=\"#2D3AC7\">Fa molta calor aquest estiu.<\/font><\/p>\n<p><b>Fa fred<\/b> &#8211; Det \u00e4r kallt. Ett uttryck f\u00f6r att beskriva kallt v\u00e4der.<br \/>\n<font color=\"#2D3AC7\">A l&#8217;hivern sempre fa molt fred aqu\u00ed.<\/font><\/p>\n<p><b>Est\u00e0 plovent<\/b> &#8211; Det regnar. Ett uttryck f\u00f6r att beskriva regnigt v\u00e4der.<br \/>\n<font color=\"#2D3AC7\">No podem sortir ara, est\u00e0 plovent molt fort.<\/font><\/p>\n<p><b>Est\u00e0 nevant<\/b> &#8211; Det sn\u00f6ar. Ett uttryck f\u00f6r att beskriva sn\u00f6igt v\u00e4der.<br \/>\n<font color=\"#2D3AC7\">\u00c9s tan bonic quan est\u00e0 nevant!<\/font><\/p>\n<p><b>Fa vent<\/b> &#8211; Det bl\u00e5ser. Ett uttryck f\u00f6r att beskriva bl\u00e5sigt v\u00e4der.<br \/>\n<font color=\"#2D3AC7\">Avui fa molt de vent, tingues cura amb el paraigua.<\/font><\/p>\n<p><b>Est\u00e0 ennuvolat<\/b> &#8211; Det \u00e4r molnigt. Ett uttryck f\u00f6r att beskriva molnigt v\u00e4der.<br \/>\n<font color=\"#2D3AC7\">Sembla que plour\u00e0 aviat, est\u00e0 ennuvolat.<\/font><\/p>\n<h2>V\u00e4derfenomen och naturkatastrofer<\/h2>\n<p>Att k\u00e4nna till olika v\u00e4derfenomen och naturkatastrofer kan ocks\u00e5 vara anv\u00e4ndbart.<\/p>\n<p><b>Hurac\u00e0<\/b> &#8211; Orkan. En mycket kraftig storm med starka vindar och mycket regn.<br \/>\n<font color=\"#2D3AC7\">L&#8217;hurac\u00e0 va causar molts danys a la <a href=\"https:\/\/talkpal.ai\/es\/locations\/cursos-de-idiomas-en-costa\/\">costa<\/a>.<\/font><\/p>\n<p><b>Tornado<\/b> &#8211; Tornado. En kraftig virvelvind som kan orsaka stor f\u00f6r\u00f6delse.<br \/>\n<font color=\"#2D3AC7\">El tornado va destruir diverses cases.<\/font><\/p>\n<p><b>Terratr\u00e8mol<\/b> &#8211; Jordb\u00e4vning. N\u00e4r marken skakar p\u00e5 grund av r\u00f6relser i jordskorpan.<br \/>\n<font color=\"#2D3AC7\">El terratr\u00e8mol va ser de magnitud 7 a l&#8217;escala de Richter.<\/font><\/p>\n<p><b>Tsunami<\/b> &#8211; Tsunami. En stor v\u00e5g orsakad av en undervattensjordb\u00e4vning.<br \/>\n<font color=\"#2D3AC7\">El tsunami va inundar tota la ciutat costanera.<\/font><\/p>\n<p><b>Inundaci\u00f3<\/b> &#8211; \u00d6versv\u00e4mning. N\u00e4r vatten t\u00e4cker mark som normalt \u00e4r torr.<br \/>\n<font color=\"#2D3AC7\">Les fortes pluges van provocar una gran inundaci\u00f3.<\/font><\/p>\n<p><b>Sequera<\/b> &#8211; Torka. En l\u00e5ng period med lite eller inget regn.<br \/>\n<font color=\"#2D3AC7\">La sequera ha afectat les collites aquest any.<\/font><\/p>\n<h2>Sammanfattning<\/h2>\n<p>Att kunna prata om klimat och v\u00e4der p\u00e5 katalanska kan vara mycket anv\u00e4ndbart, inte bara f\u00f6r att f\u00f6rst\u00e5 v\u00e4derprognoser och diskutera v\u00e4dret med lokalbefolkningen, utan ocks\u00e5 f\u00f6r att f\u00e5 en djupare f\u00f6rst\u00e5else f\u00f6r kulturen och livet i regionen. Genom att l\u00e4ra dig dessa ord och uttryck kan du f\u00f6rb\u00e4ttra din katalanska och bli mer bekv\u00e4m i att diskutera ett av de vanligaste samtals\u00e4mnena. Forts\u00e4tt \u00f6va och anv\u00e4nd dessa ord i dina dagliga konversationer f\u00f6r att f\u00f6rst\u00e4rka ditt ordf\u00f6rr\u00e5d och din spr\u00e5kkunskap.<\/p>\n","protected":false},"featured_media":1527669,"template":"","vocabulary_language":[4179],"class_list":["post-716712","vocabulary","type-vocabulary","status-publish","has-post-thumbnail","hentry","vocabulary_language-katalanska"],"acf":[],"yoast_head":"<!-- This site is optimized with the Yoast SEO Premium plugin v27.2 (Yoast SEO v27.2) - https:\/\/yoast.com\/product\/yoast-seo-premium-wordpress\/ -->\n<title>Pratar om klimat och v\u00e4der p\u00e5 katalanska - Talkpal<\/title>\n<meta name=\"description\" content=\"Att prata om klimat och v\u00e4der \u00e4r ett av de mest grundl\u00e4ggande och anv\u00e4ndbara \u00e4mnena n\u00e4r man l\u00e4r sig ett nytt spr\u00e5k. P\u00e5 katalanska finns det m\u00e5nga\" \/>\n<meta name=\"robots\" content=\"index, follow, max-snippet:-1, max-image-preview:large, max-video-preview:-1\" \/>\n<link rel=\"canonical\" href=\"https:\/\/talkpal.ai\/sv\/vocabulary\/pratar-om-klimat-och-vader-pa-katalanska\/\" \/>\n<meta property=\"og:locale\" content=\"sv_SE\" \/>\n<meta property=\"og:type\" content=\"article\" \/>\n<meta property=\"og:title\" content=\"Pratar om klimat och v\u00e4der p\u00e5 katalanska\" \/>\n<meta property=\"og:description\" content=\"Att prata om klimat och v\u00e4der \u00e4r ett av de mest grundl\u00e4ggande och anv\u00e4ndbara \u00e4mnena n\u00e4r man l\u00e4r sig ett nytt spr\u00e5k. P\u00e5 katalanska finns det m\u00e5nga\" \/>\n<meta property=\"og:url\" content=\"https:\/\/talkpal.ai\/sv\/vocabulary\/pratar-om-klimat-och-vader-pa-katalanska\/\" \/>\n<meta property=\"og:site_name\" content=\"Talkpal\" \/>\n<meta property=\"article:publisher\" content=\"https:\/\/www.facebook.com\/profile.php?id=100090733639311\" \/>\n<meta property=\"og:image\" content=\"https:\/\/talkpal.ai\/wp-content\/uploads\/2024\/10\/talkpal_flat_illustration_of_a_employees_working_together_happi_c674ff77-e477-4e09-835a-01d30e561e99.png\" \/>\n\t<meta property=\"og:image:width\" content=\"1024\" \/>\n\t<meta property=\"og:image:height\" content=\"1024\" \/>\n\t<meta property=\"og:image:type\" content=\"image\/png\" \/>\n<meta name=\"twitter:card\" content=\"summary_large_image\" \/>\n<meta name=\"twitter:site\" content=\"@talkpalai\" \/>\n<meta name=\"twitter:label1\" content=\"Ber\u00e4knad l\u00e4stid\" \/>\n\t<meta name=\"twitter:data1\" content=\"5 minuter\" \/>\n<script type=\"application\/ld+json\" class=\"yoast-schema-graph\">{\"@context\":\"https:\/\/schema.org\",\"@graph\":[{\"@type\":\"WebPage\",\"@id\":\"https:\/\/talkpal.ai\/sv\/vocabulary\/pratar-om-klimat-och-vader-pa-katalanska\/\",\"url\":\"https:\/\/talkpal.ai\/sv\/vocabulary\/pratar-om-klimat-och-vader-pa-katalanska\/\",\"name\":\"Pratar om klimat och v\u00e4der p\u00e5 katalanska - Talkpal\",\"isPartOf\":{\"@id\":\"https:\/\/talkpal.ai\/sv\/#website\"},\"primaryImageOfPage\":{\"@id\":\"https:\/\/talkpal.ai\/sv\/vocabulary\/pratar-om-klimat-och-vader-pa-katalanska\/#primaryimage\"},\"image\":{\"@id\":\"https:\/\/talkpal.ai\/sv\/vocabulary\/pratar-om-klimat-och-vader-pa-katalanska\/#primaryimage\"},\"thumbnailUrl\":\"https:\/\/talkpal.ai\/wp-content\/uploads\/2025\/12\/girl-uses-laptop-to-learn-languages.webp\",\"datePublished\":\"2024-06-08T18:33:17+00:00\",\"description\":\"Att prata om klimat och v\u00e4der \u00e4r ett av de mest grundl\u00e4ggande och anv\u00e4ndbara \u00e4mnena n\u00e4r man l\u00e4r sig ett nytt spr\u00e5k. P\u00e5 katalanska finns det m\u00e5nga\",\"breadcrumb\":{\"@id\":\"https:\/\/talkpal.ai\/sv\/vocabulary\/pratar-om-klimat-och-vader-pa-katalanska\/#breadcrumb\"},\"inLanguage\":\"sv-SE\",\"potentialAction\":[{\"@type\":\"ReadAction\",\"target\":[\"https:\/\/talkpal.ai\/sv\/vocabulary\/pratar-om-klimat-och-vader-pa-katalanska\/\"]}]},{\"@type\":\"ImageObject\",\"inLanguage\":\"sv-SE\",\"@id\":\"https:\/\/talkpal.ai\/sv\/vocabulary\/pratar-om-klimat-och-vader-pa-katalanska\/#primaryimage\",\"url\":\"https:\/\/talkpal.ai\/wp-content\/uploads\/2025\/12\/girl-uses-laptop-to-learn-languages.webp\",\"contentUrl\":\"https:\/\/talkpal.ai\/wp-content\/uploads\/2025\/12\/girl-uses-laptop-to-learn-languages.webp\",\"width\":1200,\"height\":896,\"caption\":\"A girl focuses on her glowing laptop screen while learning languages in a dark library.\"},{\"@type\":\"BreadcrumbList\",\"@id\":\"https:\/\/talkpal.ai\/sv\/vocabulary\/pratar-om-klimat-och-vader-pa-katalanska\/#breadcrumb\",\"itemListElement\":[{\"@type\":\"ListItem\",\"position\":1,\"name\":\"Homepage\",\"item\":\"https:\/\/talkpal.ai\/sv\/\"},{\"@type\":\"ListItem\",\"position\":2,\"name\":\"Pratar om klimat och v\u00e4der p\u00e5 katalanska\"}]},{\"@type\":\"WebSite\",\"@id\":\"https:\/\/talkpal.ai\/sv\/#website\",\"url\":\"https:\/\/talkpal.ai\/sv\/\",\"name\":\"Talkpal\",\"description\":\"AI Language Learning\",\"publisher\":{\"@id\":\"https:\/\/talkpal.ai\/sv\/#organization\"},\"alternateName\":\"Talkpal AI\",\"potentialAction\":[{\"@type\":\"SearchAction\",\"target\":{\"@type\":\"EntryPoint\",\"urlTemplate\":\"https:\/\/talkpal.ai\/sv\/?s={search_term_string}\"},\"query-input\":{\"@type\":\"PropertyValueSpecification\",\"valueRequired\":true,\"valueName\":\"search_term_string\"}}],\"inLanguage\":\"sv-SE\"},{\"@type\":\"Organization\",\"@id\":\"https:\/\/talkpal.ai\/sv\/#organization\",\"name\":\"Talkpal, Inc.\",\"alternateName\":\"Talkpal AI\",\"url\":\"https:\/\/talkpal.ai\/sv\/\",\"logo\":{\"@type\":\"ImageObject\",\"inLanguage\":\"sv-SE\",\"@id\":\"https:\/\/talkpal.ai\/sv\/#\/schema\/logo\/image\/\",\"url\":\"https:\/\/talkpal.ai\/wp-content\/uploads\/2024\/03\/Talkpal-Logo-Icon.png\",\"contentUrl\":\"https:\/\/talkpal.ai\/wp-content\/uploads\/2024\/03\/Talkpal-Logo-Icon.png\",\"width\":2880,\"height\":2880,\"caption\":\"Talkpal, Inc.\"},\"image\":{\"@id\":\"https:\/\/talkpal.ai\/sv\/#\/schema\/logo\/image\/\"},\"sameAs\":[\"https:\/\/www.facebook.com\/profile.php?id=100090733639311\",\"https:\/\/x.com\/talkpalai\",\"https:\/\/www.linkedin.com\/company\/talkpal\/\",\"https:\/\/www.youtube.com\/@TalkPal\/\",\"https:\/\/www.tiktok.com\/@talkpal\",\"https:\/\/www.instagram.com\/talkpal_ai\/\",\"https:\/\/www.crunchbase.com\/organization\/talkpal-9cde\",\"https:\/\/www.g2.com\/products\/talkpal-for-business\/\",\"https:\/\/www.trustpilot.com\/review\/talkpal.ai\",\"https:\/\/www.capterra.com\/p\/10006800\/TalkPal\/\"],\"description\":\"Talkpal is a language learning web and mobile education app, powered by the latest AI technologies, that provides engaging experiences to its customers in many different languages to help them improve their language skills. Users can chat about unlimited amount of topics with the app and use other modes to practice their language learning.\",\"email\":\"support@talkpal.ai\",\"legalName\":\"Talkpal, Inc.\",\"foundingDate\":\"2023-04-03\",\"duns\":\"118989042\",\"numberOfEmployees\":{\"@type\":\"QuantitativeValue\",\"minValue\":\"11\",\"maxValue\":\"50\"},\"publishingPrinciples\":\"https:\/\/talkpal.ai\/publishing-principles\/\",\"actionableFeedbackPolicy\":\"https:\/\/talkpal.ai\/actionable-feedback-policy\/\",\"correctionsPolicy\":\"https:\/\/talkpal.ai\/corrections-policy\/\",\"ethicsPolicy\":\"https:\/\/talkpal.ai\/ethics-policy\/\",\"diversityPolicy\":\"https:\/\/talkpal.ai\/diversity-policy\/\",\"diversityStaffingReport\":\"https:\/\/talkpal.ai\/diversity-policy\/\"}]}<\/script>\n<!-- \/ Yoast SEO Premium plugin. -->","yoast_head_json":{"title":"Pratar om klimat och v\u00e4der p\u00e5 katalanska - Talkpal","description":"Att prata om klimat och v\u00e4der \u00e4r ett av de mest grundl\u00e4ggande och anv\u00e4ndbara \u00e4mnena n\u00e4r man l\u00e4r sig ett nytt spr\u00e5k. P\u00e5 katalanska finns det m\u00e5nga","robots":{"index":"index","follow":"follow","max-snippet":"max-snippet:-1","max-image-preview":"max-image-preview:large","max-video-preview":"max-video-preview:-1"},"canonical":"https:\/\/talkpal.ai\/sv\/vocabulary\/pratar-om-klimat-och-vader-pa-katalanska\/","og_locale":"sv_SE","og_type":"article","og_title":"Pratar om klimat och v\u00e4der p\u00e5 katalanska","og_description":"Att prata om klimat och v\u00e4der \u00e4r ett av de mest grundl\u00e4ggande och anv\u00e4ndbara \u00e4mnena n\u00e4r man l\u00e4r sig ett nytt spr\u00e5k. P\u00e5 katalanska finns det m\u00e5nga","og_url":"https:\/\/talkpal.ai\/sv\/vocabulary\/pratar-om-klimat-och-vader-pa-katalanska\/","og_site_name":"Talkpal","article_publisher":"https:\/\/www.facebook.com\/profile.php?id=100090733639311","og_image":[{"width":1024,"height":1024,"url":"https:\/\/talkpal.ai\/wp-content\/uploads\/2024\/10\/talkpal_flat_illustration_of_a_employees_working_together_happi_c674ff77-e477-4e09-835a-01d30e561e99.png","type":"image\/png"}],"twitter_card":"summary_large_image","twitter_site":"@talkpalai","twitter_misc":{"Ber\u00e4knad l\u00e4stid":"5 minuter"},"schema":{"@context":"https:\/\/schema.org","@graph":[{"@type":"WebPage","@id":"https:\/\/talkpal.ai\/sv\/vocabulary\/pratar-om-klimat-och-vader-pa-katalanska\/","url":"https:\/\/talkpal.ai\/sv\/vocabulary\/pratar-om-klimat-och-vader-pa-katalanska\/","name":"Pratar om klimat och v\u00e4der p\u00e5 katalanska - Talkpal","isPartOf":{"@id":"https:\/\/talkpal.ai\/sv\/#website"},"primaryImageOfPage":{"@id":"https:\/\/talkpal.ai\/sv\/vocabulary\/pratar-om-klimat-och-vader-pa-katalanska\/#primaryimage"},"image":{"@id":"https:\/\/talkpal.ai\/sv\/vocabulary\/pratar-om-klimat-och-vader-pa-katalanska\/#primaryimage"},"thumbnailUrl":"https:\/\/talkpal.ai\/wp-content\/uploads\/2025\/12\/girl-uses-laptop-to-learn-languages.webp","datePublished":"2024-06-08T18:33:17+00:00","description":"Att prata om klimat och v\u00e4der \u00e4r ett av de mest grundl\u00e4ggande och anv\u00e4ndbara \u00e4mnena n\u00e4r man l\u00e4r sig ett nytt spr\u00e5k. P\u00e5 katalanska finns det m\u00e5nga","breadcrumb":{"@id":"https:\/\/talkpal.ai\/sv\/vocabulary\/pratar-om-klimat-och-vader-pa-katalanska\/#breadcrumb"},"inLanguage":"sv-SE","potentialAction":[{"@type":"ReadAction","target":["https:\/\/talkpal.ai\/sv\/vocabulary\/pratar-om-klimat-och-vader-pa-katalanska\/"]}]},{"@type":"ImageObject","inLanguage":"sv-SE","@id":"https:\/\/talkpal.ai\/sv\/vocabulary\/pratar-om-klimat-och-vader-pa-katalanska\/#primaryimage","url":"https:\/\/talkpal.ai\/wp-content\/uploads\/2025\/12\/girl-uses-laptop-to-learn-languages.webp","contentUrl":"https:\/\/talkpal.ai\/wp-content\/uploads\/2025\/12\/girl-uses-laptop-to-learn-languages.webp","width":1200,"height":896,"caption":"A girl focuses on her glowing laptop screen while learning languages in a dark library."},{"@type":"BreadcrumbList","@id":"https:\/\/talkpal.ai\/sv\/vocabulary\/pratar-om-klimat-och-vader-pa-katalanska\/#breadcrumb","itemListElement":[{"@type":"ListItem","position":1,"name":"Homepage","item":"https:\/\/talkpal.ai\/sv\/"},{"@type":"ListItem","position":2,"name":"Pratar om klimat och v\u00e4der p\u00e5 katalanska"}]},{"@type":"WebSite","@id":"https:\/\/talkpal.ai\/sv\/#website","url":"https:\/\/talkpal.ai\/sv\/","name":"Talkpal","description":"AI Language Learning","publisher":{"@id":"https:\/\/talkpal.ai\/sv\/#organization"},"alternateName":"Talkpal AI","potentialAction":[{"@type":"SearchAction","target":{"@type":"EntryPoint","urlTemplate":"https:\/\/talkpal.ai\/sv\/?s={search_term_string}"},"query-input":{"@type":"PropertyValueSpecification","valueRequired":true,"valueName":"search_term_string"}}],"inLanguage":"sv-SE"},{"@type":"Organization","@id":"https:\/\/talkpal.ai\/sv\/#organization","name":"Talkpal, Inc.","alternateName":"Talkpal AI","url":"https:\/\/talkpal.ai\/sv\/","logo":{"@type":"ImageObject","inLanguage":"sv-SE","@id":"https:\/\/talkpal.ai\/sv\/#\/schema\/logo\/image\/","url":"https:\/\/talkpal.ai\/wp-content\/uploads\/2024\/03\/Talkpal-Logo-Icon.png","contentUrl":"https:\/\/talkpal.ai\/wp-content\/uploads\/2024\/03\/Talkpal-Logo-Icon.png","width":2880,"height":2880,"caption":"Talkpal, Inc."},"image":{"@id":"https:\/\/talkpal.ai\/sv\/#\/schema\/logo\/image\/"},"sameAs":["https:\/\/www.facebook.com\/profile.php?id=100090733639311","https:\/\/x.com\/talkpalai","https:\/\/www.linkedin.com\/company\/talkpal\/","https:\/\/www.youtube.com\/@TalkPal\/","https:\/\/www.tiktok.com\/@talkpal","https:\/\/www.instagram.com\/talkpal_ai\/","https:\/\/www.crunchbase.com\/organization\/talkpal-9cde","https:\/\/www.g2.com\/products\/talkpal-for-business\/","https:\/\/www.trustpilot.com\/review\/talkpal.ai","https:\/\/www.capterra.com\/p\/10006800\/TalkPal\/"],"description":"Talkpal is a language learning web and mobile education app, powered by the latest AI technologies, that provides engaging experiences to its customers in many different languages to help them improve their language skills. Users can chat about unlimited amount of topics with the app and use other modes to practice their language learning.","email":"support@talkpal.ai","legalName":"Talkpal, Inc.","foundingDate":"2023-04-03","duns":"118989042","numberOfEmployees":{"@type":"QuantitativeValue","minValue":"11","maxValue":"50"},"publishingPrinciples":"https:\/\/talkpal.ai\/publishing-principles\/","actionableFeedbackPolicy":"https:\/\/talkpal.ai\/actionable-feedback-policy\/","correctionsPolicy":"https:\/\/talkpal.ai\/corrections-policy\/","ethicsPolicy":"https:\/\/talkpal.ai\/ethics-policy\/","diversityPolicy":"https:\/\/talkpal.ai\/diversity-policy\/","diversityStaffingReport":"https:\/\/talkpal.ai\/diversity-policy\/"}]}},"_links":{"self":[{"href":"https:\/\/talkpal.ai\/sv\/wp-json\/wp\/v2\/vocabulary\/716712","targetHints":{"allow":["GET"]}}],"collection":[{"href":"https:\/\/talkpal.ai\/sv\/wp-json\/wp\/v2\/vocabulary"}],"about":[{"href":"https:\/\/talkpal.ai\/sv\/wp-json\/wp\/v2\/types\/vocabulary"}],"wp:featuredmedia":[{"embeddable":true,"href":"https:\/\/talkpal.ai\/sv\/wp-json\/wp\/v2\/media\/1527669"}],"wp:attachment":[{"href":"https:\/\/talkpal.ai\/sv\/wp-json\/wp\/v2\/media?parent=716712"}],"wp:term":[{"taxonomy":"vocabulary_language","embeddable":true,"href":"https:\/\/talkpal.ai\/sv\/wp-json\/wp\/v2\/vocabulary_language?post=716712"}],"curies":[{"name":"wp","href":"https:\/\/api.w.org\/{rel}","templated":true}]}}