{"id":716695,"date":"2024-06-08T18:32:04","date_gmt":"2024-06-08T18:32:04","guid":{"rendered":"https:\/\/talkpal.ai\/vocabulary\/farger-och-monster-ordforrad-pa-katalanska\/"},"modified":"2024-06-08T18:32:04","modified_gmt":"2024-06-08T18:32:04","slug":"farger-och-monster-ordforrad-pa-katalanska","status":"publish","type":"vocabulary","link":"https:\/\/talkpal.ai\/sv\/vocabulary\/farger-och-monster-ordforrad-pa-katalanska\/","title":{"rendered":"F\u00e4rger och m\u00f6nster ordf\u00f6rr\u00e5d p\u00e5 katalanska"},"content":{"rendered":"<p>Att l\u00e4ra sig ett nytt spr\u00e5k inneb\u00e4r ofta att man st\u00f6ter p\u00e5 nya och intressanta s\u00e4tt att beskriva v\u00e4rlden omkring sig. En viktig del av detta \u00e4r att f\u00f6rst\u00e5 hur man beskriver f\u00e4rger och m\u00f6nster. I denna artikel kommer vi att utforska ordf\u00f6rr\u00e5det f\u00f6r f\u00e4rger och m\u00f6nster p\u00e5 <a href=\"https:\/\/talkpal.ai\/learn-catalan\/\">katalanska<\/a>. Genom att l\u00e4ra <a href=\"https:\/\/talkpal.ai\/locations\/language-courses-in-oss\/\">oss<\/a> dessa ord och fraser kan vi b\u00e4ttre uttrycka oss och f\u00f6rst\u00e5 vad andra s\u00e4ger p\u00e5 detta vackra spr\u00e5k.<\/p>\n<h2>F\u00e4rger p\u00e5 katalanska<\/h2>\n<p>Att beskriva f\u00e4rger \u00e4r grundl\u00e4ggande i vilket spr\u00e5k som helst. H\u00e4r \u00e4r n\u00e5gra av de vanligaste f\u00e4rgerna p\u00e5 katalanska:<\/p>\n<p><b>Blau<\/b> &#8211; Bl\u00e5<br \/>\n<font color=\"#2D3AC7\">El cel \u00e9s blau.<\/font><\/p>\n<p><b>Vermell<\/b> &#8211; R\u00f6d<br \/>\n<font color=\"#2D3AC7\">La rosa \u00e9s vermella.<\/font><\/p>\n<p><b>Verd<\/b> &#8211; Gr\u00f6n<br \/>\n<font color=\"#2D3AC7\">Les fulles s\u00f3n verdes.<\/font><\/p>\n<p><b>Groc<\/b> &#8211; Gul<br \/>\n<font color=\"#2D3AC7\">El sol \u00e9s groc.<\/font><\/p>\n<p><b>Negre<\/b> &#8211; Svart<br \/>\n<font color=\"#2D3AC7\">La nit \u00e9s negra.<\/font><\/p>\n<p><b>Blanc<\/b> &#8211; Vit<br \/>\n<font color=\"#2D3AC7\">La neu \u00e9s blanca.<\/font><\/p>\n<p><b>Taronja<\/b> &#8211; <a href=\"https:\/\/talkpal.ai\/locations\/language-courses-in-orange\/\">Orange<\/a><br \/>\n<font color=\"#2D3AC7\">La fruita \u00e9s taronja.<\/font><\/p>\n<p><b>Lila<\/b> &#8211; Lila<br \/>\n<font color=\"#2D3AC7\">La flor \u00e9s lila.<\/font><\/p>\n<p><b>Rosa<\/b> &#8211; Rosa<br \/>\n<font color=\"#2D3AC7\">La cinta \u00e9s rosa.<\/font><\/p>\n<p><b>Marr\u00f3<\/b> &#8211; Brun<br \/>\n<font color=\"#2D3AC7\">El gos \u00e9s marr\u00f3.<\/font><\/p>\n<h2>M\u00f6nster p\u00e5 katalanska<\/h2>\n<p>F\u00f6rutom f\u00e4rger \u00e4r det ocks\u00e5 viktigt att kunna beskriva olika m\u00f6nster. H\u00e4r \u00e4r n\u00e5gra vanliga m\u00f6nster p\u00e5 katalanska:<\/p>\n<p><b>Ratllat<\/b> &#8211; Randig<br \/>\n<font color=\"#2D3AC7\">El jersei \u00e9s ratllat.<\/font><\/p>\n<p><b>Quadriculat<\/b> &#8211; Rutig<br \/>\n<font color=\"#2D3AC7\">La camisa \u00e9s quadriculada.<\/font><\/p>\n<p><b>Llis<\/b> &#8211; Enf\u00e4rgad<br \/>\n<font color=\"#2D3AC7\">El vestit \u00e9s llis.<\/font><\/p>\n<p><b>Estampat<\/b> &#8211; M\u00f6nstrad<br \/>\n<font color=\"#2D3AC7\">La faldilla \u00e9s estampada.<\/font><\/p>\n<p><b>Puntets<\/b> &#8211; Prickig<br \/>\n<font color=\"#2D3AC7\">La bufanda \u00e9s de puntets.<\/font><\/p>\n<p><b>Floral<\/b> &#8211; Blommig<br \/>\n<font color=\"#2D3AC7\">La camisa \u00e9s floral.<\/font><\/p>\n<p><b>Geometric<\/b> &#8211; Geometrisk<br \/>\n<font color=\"#2D3AC7\">El disseny \u00e9s geom\u00e8tric.<\/font><\/p>\n<h2>Kombinationer av f\u00e4rger och m\u00f6nster<\/h2>\n<p>Att beskriva kl\u00e4der eller objekt inneb\u00e4r ofta att man kombinerar f\u00e4rger och m\u00f6nster. H\u00e4r \u00e4r n\u00e5gra exempel p\u00e5 hur man kan g\u00f6ra detta p\u00e5 katalanska:<\/p>\n<p><b>Blau ratllat<\/b> &#8211; Bl\u00e5 randig<br \/>\n<font color=\"#2D3AC7\">El vestit \u00e9s blau ratllat.<\/font><\/p>\n<p><b>Vermell quadriculat<\/b> &#8211; R\u00f6d rutig<br \/>\n<font color=\"#2D3AC7\">La faldilla \u00e9s vermella quadriculada.<\/font><\/p>\n<p><b>Verd floral<\/b> &#8211; Gr\u00f6n blommig<br \/>\n<font color=\"#2D3AC7\">La camisa \u00e9s verda floral.<\/font><\/p>\n<p><b>Groc de puntets<\/b> &#8211; Gul prickig<br \/>\n<font color=\"#2D3AC7\">La bufanda \u00e9s groga de puntets.<\/font><\/p>\n<p><b>Negre llis<\/b> &#8211; Svart enf\u00e4rgad<br \/>\n<font color=\"#2D3AC7\">La jaqueta \u00e9s negra llisa.<\/font><\/p>\n<h3>Fler nyanser och beskrivningar<\/h3>\n<p>F\u00f6rutom de grundl\u00e4ggande f\u00e4rgerna finns det ocks\u00e5 m\u00e5nga nyanser och s\u00e4tt att beskriva dessa p\u00e5 katalanska:<\/p>\n<p><b>Blau cel<\/b> &#8211; Himmelbl\u00e5<br \/>\n<font color=\"#2D3AC7\">El cotxe \u00e9s blau cel.<\/font><\/p>\n<p><b>Vermell fosc<\/b> &#8211; M\u00f6rkr\u00f6d<br \/>\n<font color=\"#2D3AC7\">El vi \u00e9s vermell fosc.<\/font><\/p>\n<p><b>Verd clar<\/b> &#8211; Ljusgr\u00f6n<br \/>\n<font color=\"#2D3AC7\">La bossa \u00e9s verd clar.<\/font><\/p>\n<p><b>Groc daurat<\/b> &#8211; Gyllengul<br \/>\n<font color=\"#2D3AC7\">El vestit \u00e9s groc daurat.<\/font><\/p>\n<p><b>Negre carb\u00f3<\/b> &#8211; Kolsvart<br \/>\n<font color=\"#2D3AC7\">El gat \u00e9s negre carb\u00f3.<\/font><\/p>\n<p><b>Blanc nacrat<\/b> &#8211; P\u00e4rlemorvit<br \/>\n<font color=\"#2D3AC7\">La perla \u00e9s blanca nacrada.<\/font><\/p>\n<p><b>Taronja brillant<\/b> &#8211; Lysande <a href=\"https:\/\/talkpal.ai\/locations\/language-courses-in-orange\/\">orange<\/a><br \/>\n<font color=\"#2D3AC7\">Les sabates s\u00f3n taronja brillant.<\/font><\/p>\n<p><b>Lila suau<\/b> &#8211; Mjuk lila<br \/>\n<font color=\"#2D3AC7\">El mocador \u00e9s lila suau.<\/font><\/p>\n<p><b>Rosa fort<\/b> &#8211; Stark rosa<br \/>\n<font color=\"#2D3AC7\">El llapis de llavis \u00e9s rosa fort.<\/font><\/p>\n<p><b>Marr\u00f3 xocolata<\/b> &#8211; Chokladbrun<br \/>\n<font color=\"#2D3AC7\">El past\u00eds \u00e9s marr\u00f3 xocolata.<\/font><\/p>\n<p>Att bem\u00e4stra f\u00e4rger och m\u00f6nster p\u00e5 katalanska \u00f6ppnar upp nya m\u00f6jligheter att uttrycka sig och f\u00f6rst\u00e5 andra. Genom att \u00f6va och anv\u00e4nda dessa ord i ditt dagliga liv kommer du att bli mer bekv\u00e4m med spr\u00e5ket och kunna kommunicera mer effektivt. Lycka till med din <a href=\"https:\/\/talkpal.ai\/sv\/hur-lar-man-sig-ett-sprak-via-talkpal-chat\/\">spr\u00e5kinl\u00e4rning<\/a>!<\/p>\n","protected":false},"featured_media":1528850,"template":"","vocabulary_language":[4179],"class_list":["post-716695","vocabulary","type-vocabulary","status-publish","has-post-thumbnail","hentry","vocabulary_language-katalanska"],"acf":[],"yoast_head":"<!-- This site is optimized with the Yoast SEO Premium plugin v27.2 (Yoast SEO v27.2) - https:\/\/yoast.com\/product\/yoast-seo-premium-wordpress\/ -->\n<title>F\u00e4rger och m\u00f6nster ordf\u00f6rr\u00e5d p\u00e5 katalanska - Talkpal<\/title>\n<meta name=\"description\" content=\"Att l\u00e4ra sig ett nytt spr\u00e5k inneb\u00e4r ofta att man st\u00f6ter p\u00e5 nya och intressanta s\u00e4tt att beskriva v\u00e4rlden omkring sig. En viktig del av detta \u00e4r att f\u00f6rst\u00e5\" \/>\n<meta name=\"robots\" content=\"index, follow, max-snippet:-1, max-image-preview:large, max-video-preview:-1\" \/>\n<link rel=\"canonical\" href=\"https:\/\/talkpal.ai\/sv\/vocabulary\/farger-och-monster-ordforrad-pa-katalanska\/\" \/>\n<meta property=\"og:locale\" content=\"sv_SE\" \/>\n<meta property=\"og:type\" content=\"article\" \/>\n<meta property=\"og:title\" content=\"F\u00e4rger och m\u00f6nster ordf\u00f6rr\u00e5d p\u00e5 katalanska\" \/>\n<meta property=\"og:description\" content=\"Att l\u00e4ra sig ett nytt spr\u00e5k inneb\u00e4r ofta att man st\u00f6ter p\u00e5 nya och intressanta s\u00e4tt att beskriva v\u00e4rlden omkring sig. En viktig del av detta \u00e4r att f\u00f6rst\u00e5\" \/>\n<meta property=\"og:url\" content=\"https:\/\/talkpal.ai\/sv\/vocabulary\/farger-och-monster-ordforrad-pa-katalanska\/\" \/>\n<meta property=\"og:site_name\" content=\"Talkpal\" \/>\n<meta property=\"article:publisher\" content=\"https:\/\/www.facebook.com\/profile.php?id=100090733639311\" \/>\n<meta property=\"og:image\" content=\"https:\/\/talkpal.ai\/wp-content\/uploads\/2024\/10\/talkpal_flat_illustration_of_a_employees_working_together_happi_c674ff77-e477-4e09-835a-01d30e561e99.png\" \/>\n\t<meta property=\"og:image:width\" content=\"1024\" \/>\n\t<meta property=\"og:image:height\" content=\"1024\" \/>\n\t<meta property=\"og:image:type\" content=\"image\/png\" \/>\n<meta name=\"twitter:card\" content=\"summary_large_image\" \/>\n<meta name=\"twitter:site\" content=\"@talkpalai\" \/>\n<meta name=\"twitter:label1\" content=\"Ber\u00e4knad l\u00e4stid\" \/>\n\t<meta name=\"twitter:data1\" content=\"3 minuter\" \/>\n<script type=\"application\/ld+json\" class=\"yoast-schema-graph\">{\"@context\":\"https:\/\/schema.org\",\"@graph\":[{\"@type\":\"WebPage\",\"@id\":\"https:\/\/talkpal.ai\/sv\/vocabulary\/farger-och-monster-ordforrad-pa-katalanska\/\",\"url\":\"https:\/\/talkpal.ai\/sv\/vocabulary\/farger-och-monster-ordforrad-pa-katalanska\/\",\"name\":\"F\u00e4rger och m\u00f6nster ordf\u00f6rr\u00e5d p\u00e5 katalanska - Talkpal\",\"isPartOf\":{\"@id\":\"https:\/\/talkpal.ai\/sv\/#website\"},\"primaryImageOfPage\":{\"@id\":\"https:\/\/talkpal.ai\/sv\/vocabulary\/farger-och-monster-ordforrad-pa-katalanska\/#primaryimage\"},\"image\":{\"@id\":\"https:\/\/talkpal.ai\/sv\/vocabulary\/farger-och-monster-ordforrad-pa-katalanska\/#primaryimage\"},\"thumbnailUrl\":\"https:\/\/talkpal.ai\/wp-content\/uploads\/2025\/12\/three-people-use-laptops-to-learn-languages.webp\",\"datePublished\":\"2024-06-08T18:32:04+00:00\",\"description\":\"Att l\u00e4ra sig ett nytt spr\u00e5k inneb\u00e4r ofta att man st\u00f6ter p\u00e5 nya och intressanta s\u00e4tt att beskriva v\u00e4rlden omkring sig. En viktig del av detta \u00e4r att f\u00f6rst\u00e5\",\"breadcrumb\":{\"@id\":\"https:\/\/talkpal.ai\/sv\/vocabulary\/farger-och-monster-ordforrad-pa-katalanska\/#breadcrumb\"},\"inLanguage\":\"sv-SE\",\"potentialAction\":[{\"@type\":\"ReadAction\",\"target\":[\"https:\/\/talkpal.ai\/sv\/vocabulary\/farger-och-monster-ordforrad-pa-katalanska\/\"]}]},{\"@type\":\"ImageObject\",\"inLanguage\":\"sv-SE\",\"@id\":\"https:\/\/talkpal.ai\/sv\/vocabulary\/farger-och-monster-ordforrad-pa-katalanska\/#primaryimage\",\"url\":\"https:\/\/talkpal.ai\/wp-content\/uploads\/2025\/12\/three-people-use-laptops-to-learn-languages.webp\",\"contentUrl\":\"https:\/\/talkpal.ai\/wp-content\/uploads\/2025\/12\/three-people-use-laptops-to-learn-languages.webp\",\"width\":1200,\"height\":896,\"caption\":\"Three young people sit at a table with laptops while focused on learning languages in a quiet cafe.\"},{\"@type\":\"BreadcrumbList\",\"@id\":\"https:\/\/talkpal.ai\/sv\/vocabulary\/farger-och-monster-ordforrad-pa-katalanska\/#breadcrumb\",\"itemListElement\":[{\"@type\":\"ListItem\",\"position\":1,\"name\":\"Homepage\",\"item\":\"https:\/\/talkpal.ai\/sv\/\"},{\"@type\":\"ListItem\",\"position\":2,\"name\":\"F\u00e4rger och m\u00f6nster ordf\u00f6rr\u00e5d p\u00e5 katalanska\"}]},{\"@type\":\"WebSite\",\"@id\":\"https:\/\/talkpal.ai\/sv\/#website\",\"url\":\"https:\/\/talkpal.ai\/sv\/\",\"name\":\"Talkpal\",\"description\":\"AI Language Learning\",\"publisher\":{\"@id\":\"https:\/\/talkpal.ai\/sv\/#organization\"},\"alternateName\":\"Talkpal AI\",\"potentialAction\":[{\"@type\":\"SearchAction\",\"target\":{\"@type\":\"EntryPoint\",\"urlTemplate\":\"https:\/\/talkpal.ai\/sv\/?s={search_term_string}\"},\"query-input\":{\"@type\":\"PropertyValueSpecification\",\"valueRequired\":true,\"valueName\":\"search_term_string\"}}],\"inLanguage\":\"sv-SE\"},{\"@type\":\"Organization\",\"@id\":\"https:\/\/talkpal.ai\/sv\/#organization\",\"name\":\"Talkpal, Inc.\",\"alternateName\":\"Talkpal AI\",\"url\":\"https:\/\/talkpal.ai\/sv\/\",\"logo\":{\"@type\":\"ImageObject\",\"inLanguage\":\"sv-SE\",\"@id\":\"https:\/\/talkpal.ai\/sv\/#\/schema\/logo\/image\/\",\"url\":\"https:\/\/talkpal.ai\/wp-content\/uploads\/2024\/03\/Talkpal-Logo-Icon.png\",\"contentUrl\":\"https:\/\/talkpal.ai\/wp-content\/uploads\/2024\/03\/Talkpal-Logo-Icon.png\",\"width\":2880,\"height\":2880,\"caption\":\"Talkpal, Inc.\"},\"image\":{\"@id\":\"https:\/\/talkpal.ai\/sv\/#\/schema\/logo\/image\/\"},\"sameAs\":[\"https:\/\/www.facebook.com\/profile.php?id=100090733639311\",\"https:\/\/x.com\/talkpalai\",\"https:\/\/www.linkedin.com\/company\/talkpal\/\",\"https:\/\/www.youtube.com\/@TalkPal\/\",\"https:\/\/www.tiktok.com\/@talkpal\",\"https:\/\/www.instagram.com\/talkpal_ai\/\",\"https:\/\/www.crunchbase.com\/organization\/talkpal-9cde\",\"https:\/\/www.g2.com\/products\/talkpal-for-business\/\",\"https:\/\/www.trustpilot.com\/review\/talkpal.ai\",\"https:\/\/www.capterra.com\/p\/10006800\/TalkPal\/\"],\"description\":\"Talkpal is a language learning web and mobile education app, powered by the latest AI technologies, that provides engaging experiences to its customers in many different languages to help them improve their language skills. Users can chat about unlimited amount of topics with the app and use other modes to practice their language learning.\",\"email\":\"support@talkpal.ai\",\"legalName\":\"Talkpal, Inc.\",\"foundingDate\":\"2023-04-03\",\"duns\":\"118989042\",\"numberOfEmployees\":{\"@type\":\"QuantitativeValue\",\"minValue\":\"11\",\"maxValue\":\"50\"},\"publishingPrinciples\":\"https:\/\/talkpal.ai\/publishing-principles\/\",\"actionableFeedbackPolicy\":\"https:\/\/talkpal.ai\/actionable-feedback-policy\/\",\"correctionsPolicy\":\"https:\/\/talkpal.ai\/corrections-policy\/\",\"ethicsPolicy\":\"https:\/\/talkpal.ai\/ethics-policy\/\",\"diversityPolicy\":\"https:\/\/talkpal.ai\/diversity-policy\/\",\"diversityStaffingReport\":\"https:\/\/talkpal.ai\/diversity-policy\/\"}]}<\/script>\n<!-- \/ Yoast SEO Premium plugin. -->","yoast_head_json":{"title":"F\u00e4rger och m\u00f6nster ordf\u00f6rr\u00e5d p\u00e5 katalanska - Talkpal","description":"Att l\u00e4ra sig ett nytt spr\u00e5k inneb\u00e4r ofta att man st\u00f6ter p\u00e5 nya och intressanta s\u00e4tt att beskriva v\u00e4rlden omkring sig. En viktig del av detta \u00e4r att f\u00f6rst\u00e5","robots":{"index":"index","follow":"follow","max-snippet":"max-snippet:-1","max-image-preview":"max-image-preview:large","max-video-preview":"max-video-preview:-1"},"canonical":"https:\/\/talkpal.ai\/sv\/vocabulary\/farger-och-monster-ordforrad-pa-katalanska\/","og_locale":"sv_SE","og_type":"article","og_title":"F\u00e4rger och m\u00f6nster ordf\u00f6rr\u00e5d p\u00e5 katalanska","og_description":"Att l\u00e4ra sig ett nytt spr\u00e5k inneb\u00e4r ofta att man st\u00f6ter p\u00e5 nya och intressanta s\u00e4tt att beskriva v\u00e4rlden omkring sig. En viktig del av detta \u00e4r att f\u00f6rst\u00e5","og_url":"https:\/\/talkpal.ai\/sv\/vocabulary\/farger-och-monster-ordforrad-pa-katalanska\/","og_site_name":"Talkpal","article_publisher":"https:\/\/www.facebook.com\/profile.php?id=100090733639311","og_image":[{"width":1024,"height":1024,"url":"https:\/\/talkpal.ai\/wp-content\/uploads\/2024\/10\/talkpal_flat_illustration_of_a_employees_working_together_happi_c674ff77-e477-4e09-835a-01d30e561e99.png","type":"image\/png"}],"twitter_card":"summary_large_image","twitter_site":"@talkpalai","twitter_misc":{"Ber\u00e4knad l\u00e4stid":"3 minuter"},"schema":{"@context":"https:\/\/schema.org","@graph":[{"@type":"WebPage","@id":"https:\/\/talkpal.ai\/sv\/vocabulary\/farger-och-monster-ordforrad-pa-katalanska\/","url":"https:\/\/talkpal.ai\/sv\/vocabulary\/farger-och-monster-ordforrad-pa-katalanska\/","name":"F\u00e4rger och m\u00f6nster ordf\u00f6rr\u00e5d p\u00e5 katalanska - Talkpal","isPartOf":{"@id":"https:\/\/talkpal.ai\/sv\/#website"},"primaryImageOfPage":{"@id":"https:\/\/talkpal.ai\/sv\/vocabulary\/farger-och-monster-ordforrad-pa-katalanska\/#primaryimage"},"image":{"@id":"https:\/\/talkpal.ai\/sv\/vocabulary\/farger-och-monster-ordforrad-pa-katalanska\/#primaryimage"},"thumbnailUrl":"https:\/\/talkpal.ai\/wp-content\/uploads\/2025\/12\/three-people-use-laptops-to-learn-languages.webp","datePublished":"2024-06-08T18:32:04+00:00","description":"Att l\u00e4ra sig ett nytt spr\u00e5k inneb\u00e4r ofta att man st\u00f6ter p\u00e5 nya och intressanta s\u00e4tt att beskriva v\u00e4rlden omkring sig. En viktig del av detta \u00e4r att f\u00f6rst\u00e5","breadcrumb":{"@id":"https:\/\/talkpal.ai\/sv\/vocabulary\/farger-och-monster-ordforrad-pa-katalanska\/#breadcrumb"},"inLanguage":"sv-SE","potentialAction":[{"@type":"ReadAction","target":["https:\/\/talkpal.ai\/sv\/vocabulary\/farger-och-monster-ordforrad-pa-katalanska\/"]}]},{"@type":"ImageObject","inLanguage":"sv-SE","@id":"https:\/\/talkpal.ai\/sv\/vocabulary\/farger-och-monster-ordforrad-pa-katalanska\/#primaryimage","url":"https:\/\/talkpal.ai\/wp-content\/uploads\/2025\/12\/three-people-use-laptops-to-learn-languages.webp","contentUrl":"https:\/\/talkpal.ai\/wp-content\/uploads\/2025\/12\/three-people-use-laptops-to-learn-languages.webp","width":1200,"height":896,"caption":"Three young people sit at a table with laptops while focused on learning languages in a quiet cafe."},{"@type":"BreadcrumbList","@id":"https:\/\/talkpal.ai\/sv\/vocabulary\/farger-och-monster-ordforrad-pa-katalanska\/#breadcrumb","itemListElement":[{"@type":"ListItem","position":1,"name":"Homepage","item":"https:\/\/talkpal.ai\/sv\/"},{"@type":"ListItem","position":2,"name":"F\u00e4rger och m\u00f6nster ordf\u00f6rr\u00e5d p\u00e5 katalanska"}]},{"@type":"WebSite","@id":"https:\/\/talkpal.ai\/sv\/#website","url":"https:\/\/talkpal.ai\/sv\/","name":"Talkpal","description":"AI Language Learning","publisher":{"@id":"https:\/\/talkpal.ai\/sv\/#organization"},"alternateName":"Talkpal AI","potentialAction":[{"@type":"SearchAction","target":{"@type":"EntryPoint","urlTemplate":"https:\/\/talkpal.ai\/sv\/?s={search_term_string}"},"query-input":{"@type":"PropertyValueSpecification","valueRequired":true,"valueName":"search_term_string"}}],"inLanguage":"sv-SE"},{"@type":"Organization","@id":"https:\/\/talkpal.ai\/sv\/#organization","name":"Talkpal, Inc.","alternateName":"Talkpal AI","url":"https:\/\/talkpal.ai\/sv\/","logo":{"@type":"ImageObject","inLanguage":"sv-SE","@id":"https:\/\/talkpal.ai\/sv\/#\/schema\/logo\/image\/","url":"https:\/\/talkpal.ai\/wp-content\/uploads\/2024\/03\/Talkpal-Logo-Icon.png","contentUrl":"https:\/\/talkpal.ai\/wp-content\/uploads\/2024\/03\/Talkpal-Logo-Icon.png","width":2880,"height":2880,"caption":"Talkpal, Inc."},"image":{"@id":"https:\/\/talkpal.ai\/sv\/#\/schema\/logo\/image\/"},"sameAs":["https:\/\/www.facebook.com\/profile.php?id=100090733639311","https:\/\/x.com\/talkpalai","https:\/\/www.linkedin.com\/company\/talkpal\/","https:\/\/www.youtube.com\/@TalkPal\/","https:\/\/www.tiktok.com\/@talkpal","https:\/\/www.instagram.com\/talkpal_ai\/","https:\/\/www.crunchbase.com\/organization\/talkpal-9cde","https:\/\/www.g2.com\/products\/talkpal-for-business\/","https:\/\/www.trustpilot.com\/review\/talkpal.ai","https:\/\/www.capterra.com\/p\/10006800\/TalkPal\/"],"description":"Talkpal is a language learning web and mobile education app, powered by the latest AI technologies, that provides engaging experiences to its customers in many different languages to help them improve their language skills. Users can chat about unlimited amount of topics with the app and use other modes to practice their language learning.","email":"support@talkpal.ai","legalName":"Talkpal, Inc.","foundingDate":"2023-04-03","duns":"118989042","numberOfEmployees":{"@type":"QuantitativeValue","minValue":"11","maxValue":"50"},"publishingPrinciples":"https:\/\/talkpal.ai\/publishing-principles\/","actionableFeedbackPolicy":"https:\/\/talkpal.ai\/actionable-feedback-policy\/","correctionsPolicy":"https:\/\/talkpal.ai\/corrections-policy\/","ethicsPolicy":"https:\/\/talkpal.ai\/ethics-policy\/","diversityPolicy":"https:\/\/talkpal.ai\/diversity-policy\/","diversityStaffingReport":"https:\/\/talkpal.ai\/diversity-policy\/"}]}},"_links":{"self":[{"href":"https:\/\/talkpal.ai\/sv\/wp-json\/wp\/v2\/vocabulary\/716695","targetHints":{"allow":["GET"]}}],"collection":[{"href":"https:\/\/talkpal.ai\/sv\/wp-json\/wp\/v2\/vocabulary"}],"about":[{"href":"https:\/\/talkpal.ai\/sv\/wp-json\/wp\/v2\/types\/vocabulary"}],"wp:featuredmedia":[{"embeddable":true,"href":"https:\/\/talkpal.ai\/sv\/wp-json\/wp\/v2\/media\/1528850"}],"wp:attachment":[{"href":"https:\/\/talkpal.ai\/sv\/wp-json\/wp\/v2\/media?parent=716695"}],"wp:term":[{"taxonomy":"vocabulary_language","embeddable":true,"href":"https:\/\/talkpal.ai\/sv\/wp-json\/wp\/v2\/vocabulary_language?post=716695"}],"curies":[{"name":"wp","href":"https:\/\/api.w.org\/{rel}","templated":true}]}}