{"id":716692,"date":"2024-06-08T18:31:45","date_gmt":"2024-06-08T18:31:45","guid":{"rendered":"https:\/\/talkpal.ai\/vocabulary\/ord-for-helgdagar-och-speciella-tillfallen-pa-katalanska\/"},"modified":"2024-06-08T18:31:45","modified_gmt":"2024-06-08T18:31:45","slug":"ord-for-helgdagar-och-speciella-tillfallen-pa-katalanska","status":"publish","type":"vocabulary","link":"https:\/\/talkpal.ai\/sv\/vocabulary\/ord-for-helgdagar-och-speciella-tillfallen-pa-katalanska\/","title":{"rendered":"Ord f\u00f6r helgdagar och speciella tillf\u00e4llen p\u00e5 katalanska"},"content":{"rendered":"<p>Att l\u00e4ra sig ett nytt spr\u00e5k inneb\u00e4r att dyka in i en <a href=\"https:\/\/talkpal.ai\/talkpal-new-years-discount\/\">ny<\/a> kultur, och inget omr\u00e5de \u00e4r s\u00e5 rik p\u00e5 kulturell betydelse som helgdagar och speciella tillf\u00e4llen. I denna artikel kommer vi att utforska n\u00e5gra viktiga <a href=\"https:\/\/talkpal.ai\/learn-catalan\/\">katalanska<\/a> ord som \u00e4r f\u00f6rknippade med helgdagar och speciella tillf\u00e4llen. Oavsett om du planerar att bes\u00f6ka Katalonien under en festlig period eller bara vill bredda ditt ordf\u00f6rr\u00e5d, kommer dessa ord att vara till stor hj\u00e4lp.<\/p>\n<h2>Helgdagar<\/h2>\n<p><b>Nadal<\/b> \u2013 <a href=\"https:\/\/talkpal.ai\/talkpal-christmas-discount\/\">Jul<\/a>. En av de viktigaste helgdagarna i Katalonien, precis som i m\u00e5nga andra delar av v\u00e4rlden. Under <a href=\"https:\/\/talkpal.ai\/talkpal-christmas-discount\/\">Nadal<\/a> dekorerar m\u00e4nniskor sina hem, utbyter g\u00e5vor och njuter av festliga m\u00e5ltider med familj och v\u00e4nner.<br \/>\n<font color=\"#2D3AC7\">Celebrem el Nadal amb tota la fam\u00edlia.<\/font><\/p>\n<p><b>Cap d&#8217;Any<\/b> \u2013 Ny\u00e5r. Denna dag markerar b\u00f6rjan p\u00e5 det nya \u00e5ret och firas ofta med fyrverkerier, fester och speciella traditioner som att \u00e4ta tolv vindruvor vid midnatt.<br \/>\n<font color=\"#2D3AC7\">El Cap d&#8217;Any sempre el celebrem amb amics.<\/font><\/p>\n<p><b>Reis Mags<\/b> \u2013 De tre vise m\u00e4nnen. Detta \u00e4r en viktig helgdag i Katalonien d\u00e4r barn f\u00e5r presenter fr\u00e5n de tre vise m\u00e4nnen den 6 januari.<br \/>\n<font color=\"#2D3AC7\">Els Reis Mags porten regals als nens.<\/font><\/p>\n<p><b>Setmana Santa<\/b> \u2013 P\u00e5skveckan. Under denna vecka h\u00e5lls m\u00e5nga religi\u00f6sa processioner och evenemang. Det \u00e4r en tid f\u00f6r reflektion och firande av Jesu uppst\u00e5ndelse.<br \/>\n<font color=\"#2D3AC7\">La Setmana Santa \u00e9s una tradici\u00f3 molt important aqu\u00ed.<\/font><\/p>\n<p><b>Diada<\/b> \u2013 Kataloniens nationaldag. Firad den 11 september, markerar denna dag minnet av Kataloniens nederlag under <a href=\"https:\/\/talkpal.ai\/learn-spanish\/\">spanska<\/a> tronf\u00f6ljdskriget 1714 och \u00e4r en dag f\u00f6r <a href=\"https:\/\/talkpal.ai\/learn-catalan\/\">katalansk<\/a> nationalism och kulturell stolthet.<br \/>\n<font color=\"#2D3AC7\">La Diada \u00e9s un dia de gran significat per a tots els catalans.<\/font><\/p>\n<h3>Speciella Tillf\u00e4llen<\/h3>\n<p><b>Casament<\/b> \u2013 Br\u00f6llop. Ett viktigt tillf\u00e4lle d\u00e4r tv\u00e5 personer gifter sig. Br\u00f6llop i Katalonien kan vara storslagna och inkluderar ofta m\u00e5nga traditioner och ceremonier.<br \/>\n<font color=\"#2D3AC7\">El casament de la meva cosina va ser espectacular.<\/font><\/p>\n<p><b>Aniversari<\/b> \u2013 F\u00f6delsedag. En \u00e5rlig firande av n\u00e5gons f\u00f6delsedag. Det \u00e4r vanligt att ha fester och ge presenter till den som fyller \u00e5r.<br \/>\n<font color=\"#2D3AC7\">Celebrem l&#8217;aniversari de la Maria aquest cap de setmana.<\/font><\/p>\n<p><b>Bateig<\/b> \u2013 Dop. En religi\u00f6s ceremoni d\u00e4r ett barn d\u00f6ps. Det \u00e4r en viktig h\u00e4ndelse i m\u00e5nga familjer och f\u00f6ljs ofta av en fest.<br \/>\n<font color=\"#2D3AC7\">El bateig del meu nebot ser\u00e0 diumenge.<\/font><\/p>\n<p><b>Primera Comuni\u00f3<\/b> \u2013 F\u00f6rsta kommunion. En katolsk ceremoni d\u00e4r barn tar emot nattvarden f\u00f6r f\u00f6rsta g\u00e5ngen. Detta \u00e4r en stor h\u00e4ndelse i m\u00e5nga katalanska familjer.<br \/>\n<font color=\"#2D3AC7\">La primera comuni\u00f3 del meu fill \u00e9s el mes que ve.<\/font><\/p>\n<p><b>Festa Major<\/b> \u2013 Stadsfest. En lokal festival som firas i m\u00e5nga st\u00e4der och byar i Katalonien. Den inkluderar ofta musik, dans, mat och andra kulturella aktiviteter.<br \/>\n<font color=\"#2D3AC7\">La Festa Major del nostre poble \u00e9s molt famosa.<\/font><\/p>\n<h3>Traditioner<\/h3>\n<p><b>Caga Ti\u00f3<\/b> \u2013 En jultradition d\u00e4r barn sl\u00e5r p\u00e5 en dekorerad tr\u00e4stock f\u00f6r att f\u00e5 den att &#8221;bajsa&#8221; godis och sm\u00e5 presenter. En unik katalansk tradition som \u00e4r mycket \u00e4lskad av barn.<br \/>\n<font color=\"#2D3AC7\">Els nens estan esperant el Caga Ti\u00f3 amb il\u00b7lusi\u00f3.<\/font><\/p>\n<p><b>Castellers<\/b> \u2013 M\u00e4nniskotorn. En tradition d\u00e4r m\u00e4nniskor bygger h\u00f6ga torn av m\u00e4nskliga kroppar. Denna aktivitet \u00e4r en symbol f\u00f6r samarbete och styrka.<br \/>\n<font color=\"#2D3AC7\">Els castellers s\u00f3n una part important de la nostra cultura.<\/font><\/p>\n<p><b>Correfoc<\/b> \u2013 Eldfest. En fest d\u00e4r m\u00e4nniskor kl\u00e4r ut sig till dj\u00e4vlar och dansar med fyrverkerier och eldar. Det \u00e4r en spektakul\u00e4r och sp\u00e4nnande tradition.<br \/>\n<font color=\"#2D3AC7\">El correfoc \u00e9s la part m\u00e9s emocionant de la festa.<\/font><\/p>\n<p><b>Rosc\u00f3n de Reyes<\/b> \u2013 En speciell <a href=\"https:\/\/talkpal.ai\/locations\/language-courses-in-kaka\/\">kaka<\/a> som \u00e4ts p\u00e5 trettondagen (Epifania). Den inneh\u00e5ller ofta sm\u00e5 \u00f6verraskningar och \u00e4ts tillsammans med familj och v\u00e4nner.<br \/>\n<font color=\"#2D3AC7\">El Rosc\u00f3n de Reyes \u00e9s delici\u00f3s i divertit de menjar.<\/font><\/p>\n<p><b>Cal\u00e7otada<\/b> \u2013 En <a href=\"https:\/\/talkpal.ai\/will-ai-kill-traditional-language-learning\/\">traditionell<\/a> katalansk m\u00e5ltid d\u00e4r man grillar och \u00e4ter cal\u00e7ots (en typ av l\u00f6k). Det \u00e4r en social h\u00e4ndelse d\u00e4r familj och v\u00e4nner samlas f\u00f6r att \u00e4ta och njuta tillsammans.<br \/>\n<font color=\"#2D3AC7\">La cal\u00e7otada \u00e9s una de les meves tradicions preferides.<\/font><\/p>\n<h3>Viktiga Begrepp<\/h3>\n<p><b>Regal<\/b> \u2013 G\u00e5va. N\u00e5got som ges till n\u00e5gon annan utan att f\u00f6rv\u00e4nta sig n\u00e5got i geng\u00e4ld. G\u00e5vor \u00e4r vanliga under helgdagar och speciella tillf\u00e4llen.<br \/>\n<font color=\"#2D3AC7\">He comprat un regal per al seu aniversari.<\/font><\/p>\n<p><b>Celebraci\u00f3<\/b> \u2013 Firande. En h\u00e4ndelse eller aktivitet som h\u00e5lls f\u00f6r att fira n\u00e5got speciellt. Firanden kan vara stora eller sm\u00e5, formella eller informella.<br \/>\n<font color=\"#2D3AC7\">La celebraci\u00f3 del Nadal \u00e9s sempre molt especial.<\/font><\/p>\n<p><b>Process\u00f3<\/b> \u2013 Procession. En l\u00e5ngsam och ceremoniell parad, ofta religi\u00f6s till sin natur. Processioner \u00e4r vanliga under helgdagar som Setmana Santa.<br \/>\n<font color=\"#2D3AC7\">La process\u00f3 de Setmana Santa \u00e9s molt impressionant.<\/font><\/p>\n<p><b>Tradici\u00f3<\/b> \u2013 Tradition. En sedv\u00e4nja eller vana som har \u00f6verf\u00f6rts fr\u00e5n generation till generation. Traditioner spelar en viktig roll i att bevara kulturell identitet.<br \/>\n<font color=\"#2D3AC7\">Tenim moltes tradicions que celebrem cada any.<\/font><\/p>\n<p><b>Missa<\/b> \u2013 M\u00e4ssa. En religi\u00f6s ceremoni som h\u00e5lls i kyrkan. M\u00e4ssor \u00e4r vanliga under religi\u00f6sa helgdagar som Nadal och Setmana Santa.<br \/>\n<font color=\"#2D3AC7\">Anem a missa cada diumenge.<\/font><\/p>\n<p><b>Festiu<\/b> \u2013 Helgdag. En dag som \u00e4r avsatt f\u00f6r firande och vila. Under festliga dagar \u00e4r det vanligt att ha ledigt fr\u00e5n arbete och skola.<br \/>\n<font color=\"#2D3AC7\">El proper dilluns \u00e9s festiu.<\/font><\/p>\n<p><b>Focs artificials<\/b> \u2013 Fyrverkerier. Explosiva anordningar som anv\u00e4nds f\u00f6r att skapa visuella och auditiva effekter p\u00e5 himlen. Fyrverkerier \u00e4r vanliga vid firanden som Cap d&#8217;Any.<br \/>\n<font color=\"#2D3AC7\">Els focs artificials de Cap d&#8217;Any s\u00f3n espectaculars.<\/font><\/p>\n<p><b>Banquet<\/b> \u2013 Bankett. En stor och formell m\u00e5ltid, ofta h\u00e5lls vid speciella tillf\u00e4llen som br\u00f6llop eller stora firanden.<br \/>\n<font color=\"#2D3AC7\">El banquet del casament va ser molt elegant.<\/font><\/p>\n<p><b>Desfilada<\/b> \u2013 Parad. En organiserad procession av m\u00e4nniskor, fordon eller flytande plattformar som r\u00f6r sig genom gatorna, ofta under en fest eller firande.<br \/>\n<font color=\"#2D3AC7\">La desfilada de la Diada va ser molt colorida.<\/font><\/p>\n<p>Att f\u00f6rst\u00e5 och anv\u00e4nda dessa ord korrekt kan g\u00f6ra din upplevelse av katalanska helgdagar och speciella tillf\u00e4llen mycket rikare. Det ger ocks\u00e5 en djupare f\u00f6rst\u00e5else f\u00f6r den katalanska kulturen och de traditioner som g\u00f6r den unik. Genom att l\u00e4ra sig dessa ord kan du inte bara f\u00f6rb\u00e4ttra ditt spr\u00e5kbruk utan ocks\u00e5 <a href=\"https:\/\/talkpal.ai\/locations\/language-courses-in-delta\/\">delta<\/a> i och uppskatta de kulturella evenemangen p\u00e5 ett mer meningsfullt s\u00e4tt.<\/p>\n","protected":false},"featured_media":1527933,"template":"","vocabulary_language":[4179],"class_list":["post-716692","vocabulary","type-vocabulary","status-publish","has-post-thumbnail","hentry","vocabulary_language-katalanska"],"acf":[],"yoast_head":"<!-- This site is optimized with the Yoast SEO Premium plugin v27.2 (Yoast SEO v27.2) - https:\/\/yoast.com\/product\/yoast-seo-premium-wordpress\/ -->\n<title>Ord f\u00f6r helgdagar och speciella tillf\u00e4llen p\u00e5 katalanska - Talkpal<\/title>\n<meta name=\"description\" content=\"Att l\u00e4ra sig ett nytt spr\u00e5k inneb\u00e4r att dyka in i en ny kultur, och inget omr\u00e5de \u00e4r s\u00e5 rik p\u00e5 kulturell betydelse som helgdagar och speciella tillf\u00e4llen.\" \/>\n<meta name=\"robots\" content=\"index, follow, max-snippet:-1, max-image-preview:large, max-video-preview:-1\" \/>\n<link rel=\"canonical\" href=\"https:\/\/talkpal.ai\/sv\/vocabulary\/ord-for-helgdagar-och-speciella-tillfallen-pa-katalanska\/\" \/>\n<meta property=\"og:locale\" content=\"sv_SE\" \/>\n<meta property=\"og:type\" content=\"article\" \/>\n<meta property=\"og:title\" content=\"Ord f\u00f6r helgdagar och speciella tillf\u00e4llen p\u00e5 katalanska\" \/>\n<meta property=\"og:description\" content=\"Att l\u00e4ra sig ett nytt spr\u00e5k inneb\u00e4r att dyka in i en ny kultur, och inget omr\u00e5de \u00e4r s\u00e5 rik p\u00e5 kulturell betydelse som helgdagar och speciella tillf\u00e4llen.\" \/>\n<meta property=\"og:url\" content=\"https:\/\/talkpal.ai\/sv\/vocabulary\/ord-for-helgdagar-och-speciella-tillfallen-pa-katalanska\/\" \/>\n<meta property=\"og:site_name\" content=\"Talkpal\" \/>\n<meta property=\"article:publisher\" content=\"https:\/\/www.facebook.com\/profile.php?id=100090733639311\" \/>\n<meta property=\"og:image\" content=\"https:\/\/talkpal.ai\/wp-content\/uploads\/2024\/10\/talkpal_flat_illustration_of_a_employees_working_together_happi_c674ff77-e477-4e09-835a-01d30e561e99.png\" \/>\n\t<meta property=\"og:image:width\" content=\"1024\" \/>\n\t<meta property=\"og:image:height\" content=\"1024\" \/>\n\t<meta property=\"og:image:type\" content=\"image\/png\" \/>\n<meta name=\"twitter:card\" content=\"summary_large_image\" \/>\n<meta name=\"twitter:site\" content=\"@talkpalai\" \/>\n<meta name=\"twitter:label1\" content=\"Ber\u00e4knad l\u00e4stid\" \/>\n\t<meta name=\"twitter:data1\" content=\"5 minuter\" \/>\n<script type=\"application\/ld+json\" class=\"yoast-schema-graph\">{\"@context\":\"https:\/\/schema.org\",\"@graph\":[{\"@type\":\"WebPage\",\"@id\":\"https:\/\/talkpal.ai\/sv\/vocabulary\/ord-for-helgdagar-och-speciella-tillfallen-pa-katalanska\/\",\"url\":\"https:\/\/talkpal.ai\/sv\/vocabulary\/ord-for-helgdagar-och-speciella-tillfallen-pa-katalanska\/\",\"name\":\"Ord f\u00f6r helgdagar och speciella tillf\u00e4llen p\u00e5 katalanska - Talkpal\",\"isPartOf\":{\"@id\":\"https:\/\/talkpal.ai\/sv\/#website\"},\"primaryImageOfPage\":{\"@id\":\"https:\/\/talkpal.ai\/sv\/vocabulary\/ord-for-helgdagar-och-speciella-tillfallen-pa-katalanska\/#primaryimage\"},\"image\":{\"@id\":\"https:\/\/talkpal.ai\/sv\/vocabulary\/ord-for-helgdagar-och-speciella-tillfallen-pa-katalanska\/#primaryimage\"},\"thumbnailUrl\":\"https:\/\/talkpal.ai\/wp-content\/uploads\/2025\/12\/students-at-wooden-table-learning-languages.webp\",\"datePublished\":\"2024-06-08T18:31:45+00:00\",\"description\":\"Att l\u00e4ra sig ett nytt spr\u00e5k inneb\u00e4r att dyka in i en ny kultur, och inget omr\u00e5de \u00e4r s\u00e5 rik p\u00e5 kulturell betydelse som helgdagar och speciella tillf\u00e4llen.\",\"breadcrumb\":{\"@id\":\"https:\/\/talkpal.ai\/sv\/vocabulary\/ord-for-helgdagar-och-speciella-tillfallen-pa-katalanska\/#breadcrumb\"},\"inLanguage\":\"sv-SE\",\"potentialAction\":[{\"@type\":\"ReadAction\",\"target\":[\"https:\/\/talkpal.ai\/sv\/vocabulary\/ord-for-helgdagar-och-speciella-tillfallen-pa-katalanska\/\"]}]},{\"@type\":\"ImageObject\",\"inLanguage\":\"sv-SE\",\"@id\":\"https:\/\/talkpal.ai\/sv\/vocabulary\/ord-for-helgdagar-och-speciella-tillfallen-pa-katalanska\/#primaryimage\",\"url\":\"https:\/\/talkpal.ai\/wp-content\/uploads\/2025\/12\/students-at-wooden-table-learning-languages.webp\",\"contentUrl\":\"https:\/\/talkpal.ai\/wp-content\/uploads\/2025\/12\/students-at-wooden-table-learning-languages.webp\",\"width\":1200,\"height\":896,\"caption\":\"Several students study intently at a long wooden library table for learning languages.\"},{\"@type\":\"BreadcrumbList\",\"@id\":\"https:\/\/talkpal.ai\/sv\/vocabulary\/ord-for-helgdagar-och-speciella-tillfallen-pa-katalanska\/#breadcrumb\",\"itemListElement\":[{\"@type\":\"ListItem\",\"position\":1,\"name\":\"Homepage\",\"item\":\"https:\/\/talkpal.ai\/sv\/\"},{\"@type\":\"ListItem\",\"position\":2,\"name\":\"Ord f\u00f6r helgdagar och speciella tillf\u00e4llen p\u00e5 katalanska\"}]},{\"@type\":\"WebSite\",\"@id\":\"https:\/\/talkpal.ai\/sv\/#website\",\"url\":\"https:\/\/talkpal.ai\/sv\/\",\"name\":\"Talkpal\",\"description\":\"AI Language Learning\",\"publisher\":{\"@id\":\"https:\/\/talkpal.ai\/sv\/#organization\"},\"alternateName\":\"Talkpal AI\",\"potentialAction\":[{\"@type\":\"SearchAction\",\"target\":{\"@type\":\"EntryPoint\",\"urlTemplate\":\"https:\/\/talkpal.ai\/sv\/?s={search_term_string}\"},\"query-input\":{\"@type\":\"PropertyValueSpecification\",\"valueRequired\":true,\"valueName\":\"search_term_string\"}}],\"inLanguage\":\"sv-SE\"},{\"@type\":\"Organization\",\"@id\":\"https:\/\/talkpal.ai\/sv\/#organization\",\"name\":\"Talkpal, Inc.\",\"alternateName\":\"Talkpal AI\",\"url\":\"https:\/\/talkpal.ai\/sv\/\",\"logo\":{\"@type\":\"ImageObject\",\"inLanguage\":\"sv-SE\",\"@id\":\"https:\/\/talkpal.ai\/sv\/#\/schema\/logo\/image\/\",\"url\":\"https:\/\/talkpal.ai\/wp-content\/uploads\/2024\/03\/Talkpal-Logo-Icon.png\",\"contentUrl\":\"https:\/\/talkpal.ai\/wp-content\/uploads\/2024\/03\/Talkpal-Logo-Icon.png\",\"width\":2880,\"height\":2880,\"caption\":\"Talkpal, Inc.\"},\"image\":{\"@id\":\"https:\/\/talkpal.ai\/sv\/#\/schema\/logo\/image\/\"},\"sameAs\":[\"https:\/\/www.facebook.com\/profile.php?id=100090733639311\",\"https:\/\/x.com\/talkpalai\",\"https:\/\/www.linkedin.com\/company\/talkpal\/\",\"https:\/\/www.youtube.com\/@TalkPal\/\",\"https:\/\/www.tiktok.com\/@talkpal\",\"https:\/\/www.instagram.com\/talkpal_ai\/\",\"https:\/\/www.crunchbase.com\/organization\/talkpal-9cde\",\"https:\/\/www.g2.com\/products\/talkpal-for-business\/\",\"https:\/\/www.trustpilot.com\/review\/talkpal.ai\",\"https:\/\/www.capterra.com\/p\/10006800\/TalkPal\/\"],\"description\":\"Talkpal is a language learning web and mobile education app, powered by the latest AI technologies, that provides engaging experiences to its customers in many different languages to help them improve their language skills. Users can chat about unlimited amount of topics with the app and use other modes to practice their language learning.\",\"email\":\"support@talkpal.ai\",\"legalName\":\"Talkpal, Inc.\",\"foundingDate\":\"2023-04-03\",\"duns\":\"118989042\",\"numberOfEmployees\":{\"@type\":\"QuantitativeValue\",\"minValue\":\"11\",\"maxValue\":\"50\"},\"publishingPrinciples\":\"https:\/\/talkpal.ai\/publishing-principles\/\",\"actionableFeedbackPolicy\":\"https:\/\/talkpal.ai\/actionable-feedback-policy\/\",\"correctionsPolicy\":\"https:\/\/talkpal.ai\/corrections-policy\/\",\"ethicsPolicy\":\"https:\/\/talkpal.ai\/ethics-policy\/\",\"diversityPolicy\":\"https:\/\/talkpal.ai\/diversity-policy\/\",\"diversityStaffingReport\":\"https:\/\/talkpal.ai\/diversity-policy\/\"}]}<\/script>\n<!-- \/ Yoast SEO Premium plugin. -->","yoast_head_json":{"title":"Ord f\u00f6r helgdagar och speciella tillf\u00e4llen p\u00e5 katalanska - Talkpal","description":"Att l\u00e4ra sig ett nytt spr\u00e5k inneb\u00e4r att dyka in i en ny kultur, och inget omr\u00e5de \u00e4r s\u00e5 rik p\u00e5 kulturell betydelse som helgdagar och speciella tillf\u00e4llen.","robots":{"index":"index","follow":"follow","max-snippet":"max-snippet:-1","max-image-preview":"max-image-preview:large","max-video-preview":"max-video-preview:-1"},"canonical":"https:\/\/talkpal.ai\/sv\/vocabulary\/ord-for-helgdagar-och-speciella-tillfallen-pa-katalanska\/","og_locale":"sv_SE","og_type":"article","og_title":"Ord f\u00f6r helgdagar och speciella tillf\u00e4llen p\u00e5 katalanska","og_description":"Att l\u00e4ra sig ett nytt spr\u00e5k inneb\u00e4r att dyka in i en ny kultur, och inget omr\u00e5de \u00e4r s\u00e5 rik p\u00e5 kulturell betydelse som helgdagar och speciella tillf\u00e4llen.","og_url":"https:\/\/talkpal.ai\/sv\/vocabulary\/ord-for-helgdagar-och-speciella-tillfallen-pa-katalanska\/","og_site_name":"Talkpal","article_publisher":"https:\/\/www.facebook.com\/profile.php?id=100090733639311","og_image":[{"width":1024,"height":1024,"url":"https:\/\/talkpal.ai\/wp-content\/uploads\/2024\/10\/talkpal_flat_illustration_of_a_employees_working_together_happi_c674ff77-e477-4e09-835a-01d30e561e99.png","type":"image\/png"}],"twitter_card":"summary_large_image","twitter_site":"@talkpalai","twitter_misc":{"Ber\u00e4knad l\u00e4stid":"5 minuter"},"schema":{"@context":"https:\/\/schema.org","@graph":[{"@type":"WebPage","@id":"https:\/\/talkpal.ai\/sv\/vocabulary\/ord-for-helgdagar-och-speciella-tillfallen-pa-katalanska\/","url":"https:\/\/talkpal.ai\/sv\/vocabulary\/ord-for-helgdagar-och-speciella-tillfallen-pa-katalanska\/","name":"Ord f\u00f6r helgdagar och speciella tillf\u00e4llen p\u00e5 katalanska - Talkpal","isPartOf":{"@id":"https:\/\/talkpal.ai\/sv\/#website"},"primaryImageOfPage":{"@id":"https:\/\/talkpal.ai\/sv\/vocabulary\/ord-for-helgdagar-och-speciella-tillfallen-pa-katalanska\/#primaryimage"},"image":{"@id":"https:\/\/talkpal.ai\/sv\/vocabulary\/ord-for-helgdagar-och-speciella-tillfallen-pa-katalanska\/#primaryimage"},"thumbnailUrl":"https:\/\/talkpal.ai\/wp-content\/uploads\/2025\/12\/students-at-wooden-table-learning-languages.webp","datePublished":"2024-06-08T18:31:45+00:00","description":"Att l\u00e4ra sig ett nytt spr\u00e5k inneb\u00e4r att dyka in i en ny kultur, och inget omr\u00e5de \u00e4r s\u00e5 rik p\u00e5 kulturell betydelse som helgdagar och speciella tillf\u00e4llen.","breadcrumb":{"@id":"https:\/\/talkpal.ai\/sv\/vocabulary\/ord-for-helgdagar-och-speciella-tillfallen-pa-katalanska\/#breadcrumb"},"inLanguage":"sv-SE","potentialAction":[{"@type":"ReadAction","target":["https:\/\/talkpal.ai\/sv\/vocabulary\/ord-for-helgdagar-och-speciella-tillfallen-pa-katalanska\/"]}]},{"@type":"ImageObject","inLanguage":"sv-SE","@id":"https:\/\/talkpal.ai\/sv\/vocabulary\/ord-for-helgdagar-och-speciella-tillfallen-pa-katalanska\/#primaryimage","url":"https:\/\/talkpal.ai\/wp-content\/uploads\/2025\/12\/students-at-wooden-table-learning-languages.webp","contentUrl":"https:\/\/talkpal.ai\/wp-content\/uploads\/2025\/12\/students-at-wooden-table-learning-languages.webp","width":1200,"height":896,"caption":"Several students study intently at a long wooden library table for learning languages."},{"@type":"BreadcrumbList","@id":"https:\/\/talkpal.ai\/sv\/vocabulary\/ord-for-helgdagar-och-speciella-tillfallen-pa-katalanska\/#breadcrumb","itemListElement":[{"@type":"ListItem","position":1,"name":"Homepage","item":"https:\/\/talkpal.ai\/sv\/"},{"@type":"ListItem","position":2,"name":"Ord f\u00f6r helgdagar och speciella tillf\u00e4llen p\u00e5 katalanska"}]},{"@type":"WebSite","@id":"https:\/\/talkpal.ai\/sv\/#website","url":"https:\/\/talkpal.ai\/sv\/","name":"Talkpal","description":"AI Language Learning","publisher":{"@id":"https:\/\/talkpal.ai\/sv\/#organization"},"alternateName":"Talkpal AI","potentialAction":[{"@type":"SearchAction","target":{"@type":"EntryPoint","urlTemplate":"https:\/\/talkpal.ai\/sv\/?s={search_term_string}"},"query-input":{"@type":"PropertyValueSpecification","valueRequired":true,"valueName":"search_term_string"}}],"inLanguage":"sv-SE"},{"@type":"Organization","@id":"https:\/\/talkpal.ai\/sv\/#organization","name":"Talkpal, Inc.","alternateName":"Talkpal AI","url":"https:\/\/talkpal.ai\/sv\/","logo":{"@type":"ImageObject","inLanguage":"sv-SE","@id":"https:\/\/talkpal.ai\/sv\/#\/schema\/logo\/image\/","url":"https:\/\/talkpal.ai\/wp-content\/uploads\/2024\/03\/Talkpal-Logo-Icon.png","contentUrl":"https:\/\/talkpal.ai\/wp-content\/uploads\/2024\/03\/Talkpal-Logo-Icon.png","width":2880,"height":2880,"caption":"Talkpal, Inc."},"image":{"@id":"https:\/\/talkpal.ai\/sv\/#\/schema\/logo\/image\/"},"sameAs":["https:\/\/www.facebook.com\/profile.php?id=100090733639311","https:\/\/x.com\/talkpalai","https:\/\/www.linkedin.com\/company\/talkpal\/","https:\/\/www.youtube.com\/@TalkPal\/","https:\/\/www.tiktok.com\/@talkpal","https:\/\/www.instagram.com\/talkpal_ai\/","https:\/\/www.crunchbase.com\/organization\/talkpal-9cde","https:\/\/www.g2.com\/products\/talkpal-for-business\/","https:\/\/www.trustpilot.com\/review\/talkpal.ai","https:\/\/www.capterra.com\/p\/10006800\/TalkPal\/"],"description":"Talkpal is a language learning web and mobile education app, powered by the latest AI technologies, that provides engaging experiences to its customers in many different languages to help them improve their language skills. Users can chat about unlimited amount of topics with the app and use other modes to practice their language learning.","email":"support@talkpal.ai","legalName":"Talkpal, Inc.","foundingDate":"2023-04-03","duns":"118989042","numberOfEmployees":{"@type":"QuantitativeValue","minValue":"11","maxValue":"50"},"publishingPrinciples":"https:\/\/talkpal.ai\/publishing-principles\/","actionableFeedbackPolicy":"https:\/\/talkpal.ai\/actionable-feedback-policy\/","correctionsPolicy":"https:\/\/talkpal.ai\/corrections-policy\/","ethicsPolicy":"https:\/\/talkpal.ai\/ethics-policy\/","diversityPolicy":"https:\/\/talkpal.ai\/diversity-policy\/","diversityStaffingReport":"https:\/\/talkpal.ai\/diversity-policy\/"}]}},"_links":{"self":[{"href":"https:\/\/talkpal.ai\/sv\/wp-json\/wp\/v2\/vocabulary\/716692","targetHints":{"allow":["GET"]}}],"collection":[{"href":"https:\/\/talkpal.ai\/sv\/wp-json\/wp\/v2\/vocabulary"}],"about":[{"href":"https:\/\/talkpal.ai\/sv\/wp-json\/wp\/v2\/types\/vocabulary"}],"wp:featuredmedia":[{"embeddable":true,"href":"https:\/\/talkpal.ai\/sv\/wp-json\/wp\/v2\/media\/1527933"}],"wp:attachment":[{"href":"https:\/\/talkpal.ai\/sv\/wp-json\/wp\/v2\/media?parent=716692"}],"wp:term":[{"taxonomy":"vocabulary_language","embeddable":true,"href":"https:\/\/talkpal.ai\/sv\/wp-json\/wp\/v2\/vocabulary_language?post=716692"}],"curies":[{"name":"wp","href":"https:\/\/api.w.org\/{rel}","templated":true}]}}