{"id":716670,"date":"2024-06-08T18:29:55","date_gmt":"2024-06-08T18:29:55","guid":{"rendered":"https:\/\/talkpal.ai\/vocabulary\/yrken-och-arbetsplatsordforrad-pa-katalanska\/"},"modified":"2024-06-08T18:29:55","modified_gmt":"2024-06-08T18:29:55","slug":"yrken-och-arbetsplatsordforrad-pa-katalanska","status":"publish","type":"vocabulary","link":"https:\/\/talkpal.ai\/sv\/vocabulary\/yrken-och-arbetsplatsordforrad-pa-katalanska\/","title":{"rendered":"Yrken och arbetsplatsordf\u00f6rr\u00e5d p\u00e5 katalanska"},"content":{"rendered":"<p>Att l\u00e4ra sig ett nytt spr\u00e5k inneb\u00e4r att f\u00f6rdjupa sig i olika aspekter av spr\u00e5ket, inklusive yrken och arbetsplatsrelaterat ordf\u00f6rr\u00e5d. I denna artikel kommer vi att fokusera p\u00e5 <a href=\"https:\/\/talkpal.ai\/learn-catalan\/\">katalanska<\/a>, ett spr\u00e5k som <a href=\"https:\/\/talkpal.ai\/locations\/language-courses-in-talas\/\">talas<\/a> i Katalonien, en region i nord\u00f6stra Spanien. Vi kommer att utforska n\u00e5gra vanliga yrken och arbetsplatsord p\u00e5 katalanska, och ge exempel p\u00e5 hur de anv\u00e4nds i meningar.<\/p>\n<h2>Yrken<\/h2>\n<p><b>Metge\/metgessa<\/b> &#8211; L\u00e4kare. En person som \u00e4r utbildad och licensierad att behandla sjuka m\u00e4nniskor.<br \/>\n<font color=\"#2D3AC7\">El metge va diagnosticar la malaltia r\u00e0pidament.<\/font><\/p>\n<p><b>Infermer\/infermera<\/b> &#8211; Sjuksk\u00f6terska. En person som \u00e4r utbildad att ta hand om sjuka eller skadade m\u00e4nniskor, vanligtvis p\u00e5 ett sjukhus.<br \/>\n<font color=\"#2D3AC7\">L&#8217;infermera va posar la injecci\u00f3 amb molta cura.<\/font><\/p>\n<p><b>Advocat\/advocada<\/b> &#8211; Advokat. En person som \u00e4r utbildad i juridik och som representerar klienter i r\u00e4ttsliga \u00e4renden.<br \/>\n<font color=\"#2D3AC7\">L&#8217;advocat va defensar el seu client amb molta passi\u00f3.<\/font><\/p>\n<p><b>Professor\/professora<\/b> &#8211; <a href=\"https:\/\/talkpal.ai\/talkpal-discount-for-teachers\/\">L\u00e4rare<\/a>. En person som undervisar elever i en skola, h\u00f6gskola eller <a href=\"https:\/\/talkpal.ai\/mt\/skont-talkpal-ghall-istaff-tal-universita\/\">universitet<\/a>.<br \/>\n<font color=\"#2D3AC7\">La professora va explicar la lli\u00e7\u00f3 amb molta claredat.<\/font><\/p>\n<p><b>Enginyer\/enginyera<\/b> &#8211; Ingenj\u00f6r. En professionell inom teknik och vetenskap som designar, bygger och underh\u00e5ller strukturer, maskiner och system.<br \/>\n<font color=\"#2D3AC7\">L&#8217;enginyer va dissenyar un pont molt resistent.<\/font><\/p>\n<p><b>Arquitecte\/arquitecta<\/b> &#8211; Arkitekt. En person som designar byggnader och \u00f6vervakar deras konstruktion.<br \/>\n<font color=\"#2D3AC7\">L&#8217;arquitecta va crear un pla innovador per a l&#8217;edifici.<\/font><\/p>\n<p><b>Periodista<\/b> &#8211; Journalist. En person som skriver f\u00f6r tidningar, tidskrifter eller arbetar inom radio och TV f\u00f6r att rapportera nyheter.<br \/>\n<font color=\"#2D3AC7\">El periodista va escriure un article molt interessant.<\/font><\/p>\n<p><b>Cuiner\/cuina<\/b> &#8211; Kock. En person som lagar mat professionellt, ofta p\u00e5 en restaurang.<br \/>\n<font color=\"#2D3AC7\">El cuiner va preparar un plat delici\u00f3s.<\/font><\/p>\n<p><b>Cambrer\/cambrera<\/b> &#8211; Servit\u00f6r\/Servitris. En person som serverar mat och dryck till g\u00e4ster p\u00e5 en restaurang eller kaf\u00e9.<br \/>\n<font color=\"#2D3AC7\">La cambrera va portar els plats amb un somriure.<\/font><\/p>\n<p><b>Policia<\/b> &#8211; Polis. En person som arbetar f\u00f6r att uppr\u00e4tth\u00e5lla lag och ordning.<br \/>\n<font color=\"#2D3AC7\">La policia va arribar r\u00e0pidament al lloc del crim.<\/font><\/p>\n<h2>Arbetsplatsord<\/h2>\n<p><b>Oficina<\/b> &#8211; Kontor. En plats d\u00e4r m\u00e4nniskor arbetar, vanligtvis med administrativa uppgifter.<br \/>\n<font color=\"#2D3AC7\">Treballo en una oficina al centre de la ciutat.<\/font><\/p>\n<p><b>Reuni\u00f3<\/b> &#8211; M\u00f6te. Ett planerat tillf\u00e4lle n\u00e4r m\u00e4nniskor tr\u00e4ffas f\u00f6r att diskutera n\u00e5got.<br \/>\n<font color=\"#2D3AC7\">Tenim una reuni\u00f3 important a les deu.<\/font><\/p>\n<p><b>Ordinador<\/b> &#8211; Dator. En elektronisk enhet som anv\u00e4nds f\u00f6r att behandla data och utf\u00f6ra uppgifter.<br \/>\n<font color=\"#2D3AC7\">Necessito un ordinador <a href=\"https:\/\/talkpal.ai\/talkpal-new-years-discount\/\">nou<\/a> per a la feina.<\/font><\/p>\n<p><b>Tel\u00e8fon<\/b> &#8211; Telefon. En enhet som anv\u00e4nds f\u00f6r att kommunicera med andra m\u00e4nniskor p\u00e5 avst\u00e5nd.<br \/>\n<font color=\"#2D3AC7\">Contesta el tel\u00e8fon, si us plau.<\/font><\/p>\n<p><b>Correu electr\u00f2nic<\/b> &#8211; E-post. Ett s\u00e4tt att skicka meddelanden elektroniskt via internet.<br \/>\n<font color=\"#2D3AC7\">He enviat un correu electr\u00f2nic <a href=\"https:\/\/talkpal.ai\/culture\/can-i-use-al-meu-instead-of-the-enclitic-article\/\">al meu<\/a> cap.<\/font><\/p>\n<p><b>Document<\/b> &#8211; Dokument. En skriftlig eller tryckt fil som inneh\u00e5ller information.<br \/>\n<font color=\"#2D3AC7\">He d&#8217;imprimir aquest document per a la reuni\u00f3.<\/font><\/p>\n<p><b>Impressora<\/b> &#8211; Skrivare. En maskin som kopierar text eller bilder fr\u00e5n en dator till papper.<br \/>\n<font color=\"#2D3AC7\">La impressora no funciona.<\/font><\/p>\n<p><b>Escriptori<\/b> &#8211; Skrivbord. Ett bord d\u00e4r man arbetar, ofta med en dator och andra arbetsmaterial.<br \/>\n<font color=\"#2D3AC7\">El meu escriptori est\u00e0 ple de papers.<\/font><\/p>\n<p><b>Cadira<\/b> &#8211; Stol. Ett sittm\u00f6bel med ryggst\u00f6d.<br \/>\n<font color=\"#2D3AC7\">La meva cadira \u00e9s molt c\u00f2moda.<\/font><\/p>\n<p><b>Arxivador<\/b> &#8211; Arkivsk\u00e5p. En m\u00f6bel d\u00e4r dokument och filer f\u00f6rvaras.<br \/>\n<font color=\"#2D3AC7\">Els documents estan guardats en l&#8217;arxivador.<\/font><\/p>\n<h3>Fler yrken<\/h3>\n<p><b>Farmac\u00e8utic\/farmac\u00e8utica<\/b> &#8211; Farmaceut. En person som \u00e4r expert p\u00e5 l\u00e4kemedel och arbetar p\u00e5 ett apotek.<br \/>\n<font color=\"#2D3AC7\">El farmac\u00e8utic va recomanar aquest medicament.<\/font><\/p>\n<p><b>Electricista<\/b> &#8211; Elektriker. En person som installerar och reparerar elektriska system.<br \/>\n<font color=\"#2D3AC7\">L&#8217;electricista va arreglar el curtcircuit.<\/font><\/p>\n<p><b>Fuster\/fustera<\/b> &#8211; Snickare. En person som arbetar med tr\u00e4 och bygger eller reparerar m\u00f6bler och byggnader.<br \/>\n<font color=\"#2D3AC7\">El fuster va construir una taula nova.<\/font><\/p>\n<p><b>Jardiner\/jardinera<\/b> &#8211; Tr\u00e4dg\u00e5rdsm\u00e4stare. En person som tar hand om tr\u00e4dg\u00e5rdar och v\u00e4xter.<br \/>\n<font color=\"#2D3AC7\">El jardiner va plantar flors boniques al jard\u00ed.<\/font><\/p>\n<p><b>Bomber\/bombera<\/b> &#8211; Brandman. En person som sl\u00e4cker br\u00e4nder och r\u00e4ddar m\u00e4nniskor i farliga situationer.<br \/>\n<font color=\"#2D3AC7\">El bomber va rescatar el gat de l&#8217;arbre.<\/font><\/p>\n<p><b>Conductor\/conductora<\/b> &#8211; Chauff\u00f6r. En person som k\u00f6r ett fordon, som en buss eller taxi.<br \/>\n<font color=\"#2D3AC7\">El conductor de l&#8217;autob\u00fas va ser molt amable.<\/font><\/p>\n<p><b>Secretari\/secret\u00e0ria<\/b> &#8211; Sekreterare. En person som hj\u00e4lper till med administrativa uppgifter p\u00e5 ett kontor.<br \/>\n<font color=\"#2D3AC7\">La secret\u00e0ria va organitzar els documents perfectament.<\/font><\/p>\n<p><b>Director\/directora<\/b> &#8211; Chef. En person som leder och \u00f6vervakar arbetet p\u00e5 en arbetsplats.<br \/>\n<font color=\"#2D3AC7\">El director va tenir una reuni\u00f3 amb tot el personal.<\/font><\/p>\n<p><b>Venedor\/venedora<\/b> &#8211; S\u00e4ljare. En person som s\u00e4ljer varor eller tj\u00e4nster.<br \/>\n<font color=\"#2D3AC7\">La venedora va oferir un bon descompte.<\/font><\/p>\n<p><b>Artista<\/b> &#8211; Konstn\u00e4r. En person som skapar konstverk, som m\u00e5lningar eller skulpturer.<br \/>\n<font color=\"#2D3AC7\">L&#8217;artista va exposar les seves obres en una galeria.<\/font><\/p>\n<h3>Fler arbetsplatsord<\/h3>\n<p><b>Projecte<\/b> &#8211; Projekt. En planerad uppgift eller arbete som ska utf\u00f6ras inom en viss tidsram.<br \/>\n<font color=\"#2D3AC7\">Estic treballant en un projecte important.<\/font><\/p>\n<p><b>Cap<\/b> &#8211; Chef. En person som har ledande ansvar p\u00e5 en arbetsplats.<br \/>\n<font color=\"#2D3AC7\">El meu cap \u00e9s molt comprensiu.<\/font><\/p>\n<p><b>Equip<\/b> &#8211; Team. En grupp m\u00e4nniskor som arbetar tillsammans f\u00f6r att uppn\u00e5 ett gemensamt m\u00e5l.<br \/>\n<font color=\"#2D3AC7\">Treballo amb un equip molt talent\u00f3s.<\/font><\/p>\n<p><b>Horari<\/b> &#8211; Schema. En plan som visar n\u00e4r olika aktiviteter eller arbetspass ska \u00e4ga rum.<br \/>\n<font color=\"#2D3AC7\">El meu horari de treball \u00e9s de nou a cinc.<\/font><\/p>\n<p><b>Vacances<\/b> &#8211; Semester. En period n\u00e4r en anst\u00e4lld f\u00e5r ledigt fr\u00e5n arbetet.<br \/>\n<font color=\"#2D3AC7\">Estic esperant les vacances d&#8217;estiu.<\/font><\/p>\n<p><b>Contracte<\/b> &#8211; Kontrakt. Ett skriftligt avtal mellan en anst\u00e4lld och en arbetsgivare.<br \/>\n<font color=\"#2D3AC7\">He signat el contracte de feina avui.<\/font><\/p>\n<p><b>Sou<\/b> &#8211; L\u00f6n. Pengarna en anst\u00e4lld f\u00e5r f\u00f6r sitt arbete.<br \/>\n<font color=\"#2D3AC7\">El meu sou \u00e9s molt competitiu.<\/font><\/p>\n<p><b>Promoci\u00f3<\/b> &#8211; Befordran. Att f\u00e5 en h\u00f6gre position p\u00e5 arbetsplatsen.<br \/>\n<font color=\"#2D3AC7\">Vaig rebre una promoci\u00f3 la setmana passada.<\/font><\/p>\n<p><b>Asseguran\u00e7a<\/b> &#8211; F\u00f6rs\u00e4kring. En skydds\u00e5tg\u00e4rd som ger ekonomisk ers\u00e4ttning vid skada eller f\u00f6rlust.<br \/>\n<font color=\"#2D3AC7\">L&#8217;empresa ofereix una bona asseguran\u00e7a m\u00e8dica.<\/font><\/p>\n<p><b>Jubilaci\u00f3<\/b> &#8211; Pensionering. Slutet p\u00e5 en persons yrkeskarri\u00e4r, oftast p\u00e5 grund av \u00e5lder.<br \/>\n<font color=\"#2D3AC7\">La meva jubilaci\u00f3 est\u00e0 a cinc anys de dist\u00e0ncia.<\/font><\/p>\n<p>Att l\u00e4ra sig dessa katalanska ord och uttryck kommer inte bara att f\u00f6rb\u00e4ttra ditt ordf\u00f6rr\u00e5d, utan ocks\u00e5 ge dig en b\u00e4ttre f\u00f6rst\u00e5else f\u00f6r hur arbetslivet fungerar i en katalansktalande milj\u00f6. Forts\u00e4tt \u00f6va och anv\u00e4nd dessa ord i dina dagliga konversationer f\u00f6r att bli mer bekv\u00e4m med spr\u00e5ket.<\/p>\n","protected":false},"featured_media":1528832,"template":"","vocabulary_language":[4179],"class_list":["post-716670","vocabulary","type-vocabulary","status-publish","has-post-thumbnail","hentry","vocabulary_language-katalanska"],"acf":[],"yoast_head":"<!-- This site is optimized with the Yoast SEO Premium plugin v27.2 (Yoast SEO v27.2) - https:\/\/yoast.com\/product\/yoast-seo-premium-wordpress\/ -->\n<title>Yrken och arbetsplatsordf\u00f6rr\u00e5d p\u00e5 katalanska - Talkpal<\/title>\n<meta name=\"description\" content=\"Att l\u00e4ra sig ett nytt spr\u00e5k inneb\u00e4r att f\u00f6rdjupa sig i olika aspekter av spr\u00e5ket, inklusive yrken och arbetsplatsrelaterat ordf\u00f6rr\u00e5d. I denna artikel\" \/>\n<meta name=\"robots\" content=\"index, follow, max-snippet:-1, max-image-preview:large, max-video-preview:-1\" \/>\n<link rel=\"canonical\" href=\"https:\/\/talkpal.ai\/sv\/vocabulary\/yrken-och-arbetsplatsordforrad-pa-katalanska\/\" \/>\n<meta property=\"og:locale\" content=\"sv_SE\" \/>\n<meta property=\"og:type\" content=\"article\" \/>\n<meta property=\"og:title\" content=\"Yrken och arbetsplatsordf\u00f6rr\u00e5d p\u00e5 katalanska\" \/>\n<meta property=\"og:description\" content=\"Att l\u00e4ra sig ett nytt spr\u00e5k inneb\u00e4r att f\u00f6rdjupa sig i olika aspekter av spr\u00e5ket, inklusive yrken och arbetsplatsrelaterat ordf\u00f6rr\u00e5d. I denna artikel\" \/>\n<meta property=\"og:url\" content=\"https:\/\/talkpal.ai\/sv\/vocabulary\/yrken-och-arbetsplatsordforrad-pa-katalanska\/\" \/>\n<meta property=\"og:site_name\" content=\"Talkpal\" \/>\n<meta property=\"article:publisher\" content=\"https:\/\/www.facebook.com\/profile.php?id=100090733639311\" \/>\n<meta property=\"og:image\" content=\"https:\/\/talkpal.ai\/wp-content\/uploads\/2024\/10\/talkpal_flat_illustration_of_a_employees_working_together_happi_c674ff77-e477-4e09-835a-01d30e561e99.png\" \/>\n\t<meta property=\"og:image:width\" content=\"1024\" \/>\n\t<meta property=\"og:image:height\" content=\"1024\" \/>\n\t<meta property=\"og:image:type\" content=\"image\/png\" \/>\n<meta name=\"twitter:card\" content=\"summary_large_image\" \/>\n<meta name=\"twitter:site\" content=\"@talkpalai\" \/>\n<meta name=\"twitter:label1\" content=\"Ber\u00e4knad l\u00e4stid\" \/>\n\t<meta name=\"twitter:data1\" content=\"5 minuter\" \/>\n<script type=\"application\/ld+json\" class=\"yoast-schema-graph\">{\"@context\":\"https:\/\/schema.org\",\"@graph\":[{\"@type\":\"WebPage\",\"@id\":\"https:\/\/talkpal.ai\/sv\/vocabulary\/yrken-och-arbetsplatsordforrad-pa-katalanska\/\",\"url\":\"https:\/\/talkpal.ai\/sv\/vocabulary\/yrken-och-arbetsplatsordforrad-pa-katalanska\/\",\"name\":\"Yrken och arbetsplatsordf\u00f6rr\u00e5d p\u00e5 katalanska - Talkpal\",\"isPartOf\":{\"@id\":\"https:\/\/talkpal.ai\/sv\/#website\"},\"primaryImageOfPage\":{\"@id\":\"https:\/\/talkpal.ai\/sv\/vocabulary\/yrken-och-arbetsplatsordforrad-pa-katalanska\/#primaryimage\"},\"image\":{\"@id\":\"https:\/\/talkpal.ai\/sv\/vocabulary\/yrken-och-arbetsplatsordforrad-pa-katalanska\/#primaryimage\"},\"thumbnailUrl\":\"https:\/\/talkpal.ai\/wp-content\/uploads\/2025\/12\/three-people-with-laptop-learning-languages.webp\",\"datePublished\":\"2024-06-08T18:29:55+00:00\",\"description\":\"Att l\u00e4ra sig ett nytt spr\u00e5k inneb\u00e4r att f\u00f6rdjupa sig i olika aspekter av spr\u00e5ket, inklusive yrken och arbetsplatsrelaterat ordf\u00f6rr\u00e5d. I denna artikel\",\"breadcrumb\":{\"@id\":\"https:\/\/talkpal.ai\/sv\/vocabulary\/yrken-och-arbetsplatsordforrad-pa-katalanska\/#breadcrumb\"},\"inLanguage\":\"sv-SE\",\"potentialAction\":[{\"@type\":\"ReadAction\",\"target\":[\"https:\/\/talkpal.ai\/sv\/vocabulary\/yrken-och-arbetsplatsordforrad-pa-katalanska\/\"]}]},{\"@type\":\"ImageObject\",\"inLanguage\":\"sv-SE\",\"@id\":\"https:\/\/talkpal.ai\/sv\/vocabulary\/yrken-och-arbetsplatsordforrad-pa-katalanska\/#primaryimage\",\"url\":\"https:\/\/talkpal.ai\/wp-content\/uploads\/2025\/12\/three-people-with-laptop-learning-languages.webp\",\"contentUrl\":\"https:\/\/talkpal.ai\/wp-content\/uploads\/2025\/12\/three-people-with-laptop-learning-languages.webp\",\"width\":1200,\"height\":896,\"caption\":\"An older man and two students look at a laptop screen together for learning languages.\"},{\"@type\":\"BreadcrumbList\",\"@id\":\"https:\/\/talkpal.ai\/sv\/vocabulary\/yrken-och-arbetsplatsordforrad-pa-katalanska\/#breadcrumb\",\"itemListElement\":[{\"@type\":\"ListItem\",\"position\":1,\"name\":\"Homepage\",\"item\":\"https:\/\/talkpal.ai\/sv\/\"},{\"@type\":\"ListItem\",\"position\":2,\"name\":\"Yrken och arbetsplatsordf\u00f6rr\u00e5d p\u00e5 katalanska\"}]},{\"@type\":\"WebSite\",\"@id\":\"https:\/\/talkpal.ai\/sv\/#website\",\"url\":\"https:\/\/talkpal.ai\/sv\/\",\"name\":\"Talkpal\",\"description\":\"AI Language Learning\",\"publisher\":{\"@id\":\"https:\/\/talkpal.ai\/sv\/#organization\"},\"alternateName\":\"Talkpal AI\",\"potentialAction\":[{\"@type\":\"SearchAction\",\"target\":{\"@type\":\"EntryPoint\",\"urlTemplate\":\"https:\/\/talkpal.ai\/sv\/?s={search_term_string}\"},\"query-input\":{\"@type\":\"PropertyValueSpecification\",\"valueRequired\":true,\"valueName\":\"search_term_string\"}}],\"inLanguage\":\"sv-SE\"},{\"@type\":\"Organization\",\"@id\":\"https:\/\/talkpal.ai\/sv\/#organization\",\"name\":\"Talkpal, Inc.\",\"alternateName\":\"Talkpal AI\",\"url\":\"https:\/\/talkpal.ai\/sv\/\",\"logo\":{\"@type\":\"ImageObject\",\"inLanguage\":\"sv-SE\",\"@id\":\"https:\/\/talkpal.ai\/sv\/#\/schema\/logo\/image\/\",\"url\":\"https:\/\/talkpal.ai\/wp-content\/uploads\/2024\/03\/Talkpal-Logo-Icon.png\",\"contentUrl\":\"https:\/\/talkpal.ai\/wp-content\/uploads\/2024\/03\/Talkpal-Logo-Icon.png\",\"width\":2880,\"height\":2880,\"caption\":\"Talkpal, Inc.\"},\"image\":{\"@id\":\"https:\/\/talkpal.ai\/sv\/#\/schema\/logo\/image\/\"},\"sameAs\":[\"https:\/\/www.facebook.com\/profile.php?id=100090733639311\",\"https:\/\/x.com\/talkpalai\",\"https:\/\/www.linkedin.com\/company\/talkpal\/\",\"https:\/\/www.youtube.com\/@TalkPal\/\",\"https:\/\/www.tiktok.com\/@talkpal\",\"https:\/\/www.instagram.com\/talkpal_ai\/\",\"https:\/\/www.crunchbase.com\/organization\/talkpal-9cde\",\"https:\/\/www.g2.com\/products\/talkpal-for-business\/\",\"https:\/\/www.trustpilot.com\/review\/talkpal.ai\",\"https:\/\/www.capterra.com\/p\/10006800\/TalkPal\/\"],\"description\":\"Talkpal is a language learning web and mobile education app, powered by the latest AI technologies, that provides engaging experiences to its customers in many different languages to help them improve their language skills. Users can chat about unlimited amount of topics with the app and use other modes to practice their language learning.\",\"email\":\"support@talkpal.ai\",\"legalName\":\"Talkpal, Inc.\",\"foundingDate\":\"2023-04-03\",\"duns\":\"118989042\",\"numberOfEmployees\":{\"@type\":\"QuantitativeValue\",\"minValue\":\"11\",\"maxValue\":\"50\"},\"publishingPrinciples\":\"https:\/\/talkpal.ai\/publishing-principles\/\",\"actionableFeedbackPolicy\":\"https:\/\/talkpal.ai\/actionable-feedback-policy\/\",\"correctionsPolicy\":\"https:\/\/talkpal.ai\/corrections-policy\/\",\"ethicsPolicy\":\"https:\/\/talkpal.ai\/ethics-policy\/\",\"diversityPolicy\":\"https:\/\/talkpal.ai\/diversity-policy\/\",\"diversityStaffingReport\":\"https:\/\/talkpal.ai\/diversity-policy\/\"}]}<\/script>\n<!-- \/ Yoast SEO Premium plugin. -->","yoast_head_json":{"title":"Yrken och arbetsplatsordf\u00f6rr\u00e5d p\u00e5 katalanska - Talkpal","description":"Att l\u00e4ra sig ett nytt spr\u00e5k inneb\u00e4r att f\u00f6rdjupa sig i olika aspekter av spr\u00e5ket, inklusive yrken och arbetsplatsrelaterat ordf\u00f6rr\u00e5d. I denna artikel","robots":{"index":"index","follow":"follow","max-snippet":"max-snippet:-1","max-image-preview":"max-image-preview:large","max-video-preview":"max-video-preview:-1"},"canonical":"https:\/\/talkpal.ai\/sv\/vocabulary\/yrken-och-arbetsplatsordforrad-pa-katalanska\/","og_locale":"sv_SE","og_type":"article","og_title":"Yrken och arbetsplatsordf\u00f6rr\u00e5d p\u00e5 katalanska","og_description":"Att l\u00e4ra sig ett nytt spr\u00e5k inneb\u00e4r att f\u00f6rdjupa sig i olika aspekter av spr\u00e5ket, inklusive yrken och arbetsplatsrelaterat ordf\u00f6rr\u00e5d. I denna artikel","og_url":"https:\/\/talkpal.ai\/sv\/vocabulary\/yrken-och-arbetsplatsordforrad-pa-katalanska\/","og_site_name":"Talkpal","article_publisher":"https:\/\/www.facebook.com\/profile.php?id=100090733639311","og_image":[{"width":1024,"height":1024,"url":"https:\/\/talkpal.ai\/wp-content\/uploads\/2024\/10\/talkpal_flat_illustration_of_a_employees_working_together_happi_c674ff77-e477-4e09-835a-01d30e561e99.png","type":"image\/png"}],"twitter_card":"summary_large_image","twitter_site":"@talkpalai","twitter_misc":{"Ber\u00e4knad l\u00e4stid":"5 minuter"},"schema":{"@context":"https:\/\/schema.org","@graph":[{"@type":"WebPage","@id":"https:\/\/talkpal.ai\/sv\/vocabulary\/yrken-och-arbetsplatsordforrad-pa-katalanska\/","url":"https:\/\/talkpal.ai\/sv\/vocabulary\/yrken-och-arbetsplatsordforrad-pa-katalanska\/","name":"Yrken och arbetsplatsordf\u00f6rr\u00e5d p\u00e5 katalanska - Talkpal","isPartOf":{"@id":"https:\/\/talkpal.ai\/sv\/#website"},"primaryImageOfPage":{"@id":"https:\/\/talkpal.ai\/sv\/vocabulary\/yrken-och-arbetsplatsordforrad-pa-katalanska\/#primaryimage"},"image":{"@id":"https:\/\/talkpal.ai\/sv\/vocabulary\/yrken-och-arbetsplatsordforrad-pa-katalanska\/#primaryimage"},"thumbnailUrl":"https:\/\/talkpal.ai\/wp-content\/uploads\/2025\/12\/three-people-with-laptop-learning-languages.webp","datePublished":"2024-06-08T18:29:55+00:00","description":"Att l\u00e4ra sig ett nytt spr\u00e5k inneb\u00e4r att f\u00f6rdjupa sig i olika aspekter av spr\u00e5ket, inklusive yrken och arbetsplatsrelaterat ordf\u00f6rr\u00e5d. I denna artikel","breadcrumb":{"@id":"https:\/\/talkpal.ai\/sv\/vocabulary\/yrken-och-arbetsplatsordforrad-pa-katalanska\/#breadcrumb"},"inLanguage":"sv-SE","potentialAction":[{"@type":"ReadAction","target":["https:\/\/talkpal.ai\/sv\/vocabulary\/yrken-och-arbetsplatsordforrad-pa-katalanska\/"]}]},{"@type":"ImageObject","inLanguage":"sv-SE","@id":"https:\/\/talkpal.ai\/sv\/vocabulary\/yrken-och-arbetsplatsordforrad-pa-katalanska\/#primaryimage","url":"https:\/\/talkpal.ai\/wp-content\/uploads\/2025\/12\/three-people-with-laptop-learning-languages.webp","contentUrl":"https:\/\/talkpal.ai\/wp-content\/uploads\/2025\/12\/three-people-with-laptop-learning-languages.webp","width":1200,"height":896,"caption":"An older man and two students look at a laptop screen together for learning languages."},{"@type":"BreadcrumbList","@id":"https:\/\/talkpal.ai\/sv\/vocabulary\/yrken-och-arbetsplatsordforrad-pa-katalanska\/#breadcrumb","itemListElement":[{"@type":"ListItem","position":1,"name":"Homepage","item":"https:\/\/talkpal.ai\/sv\/"},{"@type":"ListItem","position":2,"name":"Yrken och arbetsplatsordf\u00f6rr\u00e5d p\u00e5 katalanska"}]},{"@type":"WebSite","@id":"https:\/\/talkpal.ai\/sv\/#website","url":"https:\/\/talkpal.ai\/sv\/","name":"Talkpal","description":"AI Language Learning","publisher":{"@id":"https:\/\/talkpal.ai\/sv\/#organization"},"alternateName":"Talkpal AI","potentialAction":[{"@type":"SearchAction","target":{"@type":"EntryPoint","urlTemplate":"https:\/\/talkpal.ai\/sv\/?s={search_term_string}"},"query-input":{"@type":"PropertyValueSpecification","valueRequired":true,"valueName":"search_term_string"}}],"inLanguage":"sv-SE"},{"@type":"Organization","@id":"https:\/\/talkpal.ai\/sv\/#organization","name":"Talkpal, Inc.","alternateName":"Talkpal AI","url":"https:\/\/talkpal.ai\/sv\/","logo":{"@type":"ImageObject","inLanguage":"sv-SE","@id":"https:\/\/talkpal.ai\/sv\/#\/schema\/logo\/image\/","url":"https:\/\/talkpal.ai\/wp-content\/uploads\/2024\/03\/Talkpal-Logo-Icon.png","contentUrl":"https:\/\/talkpal.ai\/wp-content\/uploads\/2024\/03\/Talkpal-Logo-Icon.png","width":2880,"height":2880,"caption":"Talkpal, Inc."},"image":{"@id":"https:\/\/talkpal.ai\/sv\/#\/schema\/logo\/image\/"},"sameAs":["https:\/\/www.facebook.com\/profile.php?id=100090733639311","https:\/\/x.com\/talkpalai","https:\/\/www.linkedin.com\/company\/talkpal\/","https:\/\/www.youtube.com\/@TalkPal\/","https:\/\/www.tiktok.com\/@talkpal","https:\/\/www.instagram.com\/talkpal_ai\/","https:\/\/www.crunchbase.com\/organization\/talkpal-9cde","https:\/\/www.g2.com\/products\/talkpal-for-business\/","https:\/\/www.trustpilot.com\/review\/talkpal.ai","https:\/\/www.capterra.com\/p\/10006800\/TalkPal\/"],"description":"Talkpal is a language learning web and mobile education app, powered by the latest AI technologies, that provides engaging experiences to its customers in many different languages to help them improve their language skills. Users can chat about unlimited amount of topics with the app and use other modes to practice their language learning.","email":"support@talkpal.ai","legalName":"Talkpal, Inc.","foundingDate":"2023-04-03","duns":"118989042","numberOfEmployees":{"@type":"QuantitativeValue","minValue":"11","maxValue":"50"},"publishingPrinciples":"https:\/\/talkpal.ai\/publishing-principles\/","actionableFeedbackPolicy":"https:\/\/talkpal.ai\/actionable-feedback-policy\/","correctionsPolicy":"https:\/\/talkpal.ai\/corrections-policy\/","ethicsPolicy":"https:\/\/talkpal.ai\/ethics-policy\/","diversityPolicy":"https:\/\/talkpal.ai\/diversity-policy\/","diversityStaffingReport":"https:\/\/talkpal.ai\/diversity-policy\/"}]}},"_links":{"self":[{"href":"https:\/\/talkpal.ai\/sv\/wp-json\/wp\/v2\/vocabulary\/716670","targetHints":{"allow":["GET"]}}],"collection":[{"href":"https:\/\/talkpal.ai\/sv\/wp-json\/wp\/v2\/vocabulary"}],"about":[{"href":"https:\/\/talkpal.ai\/sv\/wp-json\/wp\/v2\/types\/vocabulary"}],"wp:featuredmedia":[{"embeddable":true,"href":"https:\/\/talkpal.ai\/sv\/wp-json\/wp\/v2\/media\/1528832"}],"wp:attachment":[{"href":"https:\/\/talkpal.ai\/sv\/wp-json\/wp\/v2\/media?parent=716670"}],"wp:term":[{"taxonomy":"vocabulary_language","embeddable":true,"href":"https:\/\/talkpal.ai\/sv\/wp-json\/wp\/v2\/vocabulary_language?post=716670"}],"curies":[{"name":"wp","href":"https:\/\/api.w.org\/{rel}","templated":true}]}}