{"id":716666,"date":"2024-06-08T18:29:37","date_gmt":"2024-06-08T18:29:37","guid":{"rendered":"https:\/\/talkpal.ai\/vocabulary\/beskriva-utseende-adjektiv-pa-katalanska\/"},"modified":"2024-06-08T18:29:37","modified_gmt":"2024-06-08T18:29:37","slug":"beskriva-utseende-adjektiv-pa-katalanska","status":"publish","type":"vocabulary","link":"https:\/\/talkpal.ai\/sv\/vocabulary\/beskriva-utseende-adjektiv-pa-katalanska\/","title":{"rendered":"Beskriva utseende: Adjektiv p\u00e5 katalanska"},"content":{"rendered":"<p>Att l\u00e4ra sig ett nytt spr\u00e5k handlar inte bara om att memorera ord och <a href=\"https:\/\/talkpal.ai\/fr\/les\/\">grammatik<\/a>; det handlar ocks\u00e5 om att kunna beskriva v\u00e4rlden omkring <a href=\"https:\/\/talkpal.ai\/locations\/language-courses-in-oss\/\">oss<\/a>. En viktig del av detta \u00e4r att kunna beskriva m\u00e4nniskors utseende. I denna artikel kommer vi att fokusera p\u00e5 adjektiv p\u00e5 <a href=\"https:\/\/talkpal.ai\/learn-catalan\/\">katalanska<\/a> som anv\u00e4nds f\u00f6r att beskriva utseende. Genom att l\u00e4ra dig dessa ord kommer du att kunna g\u00f6ra mer detaljerade och exakta beskrivningar p\u00e5 katalanska. <\/p>\n<h2>Adjektiv f\u00f6r att beskriva kroppsbyggnad<\/h2>\n<p><b>Alt<\/b> &#8211; l\u00e5ng (om personer)<br \/>\nN\u00e4r vi talar om en persons l\u00e4ngd och s\u00e4ger att n\u00e5gon \u00e4r l\u00e5ng, anv\u00e4nder vi ordet <b>alt<\/b>.<\/p>\n<p><font color=\"#2D3AC7\">Ell \u00e9s molt alt.<\/font><\/p>\n<p><b>Baix<\/b> &#8211; kort (om personer)<br \/>\nF\u00f6r att beskriva n\u00e5gon som inte \u00e4r l\u00e5ng, anv\u00e4nder vi ordet <b>baix<\/b>.<\/p>\n<p><font color=\"#2D3AC7\">La meva germana \u00e9s baixa.<\/font><\/p>\n<p><b>Prim<\/b> &#8211; smal<br \/>\nOm n\u00e5gon \u00e4r tunn eller smal, kan vi beskriva dem som <b>prim<\/b>.<\/p>\n<p><font color=\"#2D3AC7\">El noi \u00e9s prim i alt.<\/font><\/p>\n<p><b>Gros<\/b> &#8211; stor<br \/>\nOrdet <b>gros<\/b> anv\u00e4nds f\u00f6r att beskriva n\u00e5gon som \u00e4r stor eller kraftig.<\/p>\n<p><font color=\"#2D3AC7\">El meu oncle \u00e9s gros.<\/font><\/p>\n<h2>Adjektiv f\u00f6r att beskriva h\u00e5r<\/h2>\n<p><b>Ros<\/b> &#8211; blond<br \/>\nN\u00e4r vi talar om n\u00e5gon med blont h\u00e5r, anv\u00e4nder vi ordet <b>ros<\/b>.<\/p>\n<p><font color=\"#2D3AC7\">La nena t\u00e9 el cabell ros.<\/font><\/p>\n<p><b>Moreno<\/b> &#8211; m\u00f6rkh\u00e5rig<br \/>\nF\u00f6r att beskriva n\u00e5gon med m\u00f6rkt h\u00e5r, anv\u00e4nder vi ordet <b>moreno<\/b>.<\/p>\n<p><font color=\"#2D3AC7\">Ell \u00e9s <a href=\"https:\/\/talkpal.ai\/pt-pt\/locations\/cursos-de-idiomas-em-moreno\/\">moreno<\/a> i t\u00e9 els ulls marrons.<\/font><\/p>\n<p><b>Calb<\/b> &#8211; skallig<br \/>\nOm n\u00e5gon inte har n\u00e5got h\u00e5r, kallar vi dem f\u00f6r <b>calb<\/b>.<\/p>\n<p><font color=\"#2D3AC7\">El meu avi \u00e9s calb.<\/font><\/p>\n<p><b>Arrissat<\/b> &#8211; lockigt<br \/>\nF\u00f6r att beskriva n\u00e5gon med lockigt h\u00e5r, anv\u00e4nder vi ordet <b>arrissat<\/b>.<\/p>\n<p><font color=\"#2D3AC7\">Ella t\u00e9 el cabell arrissat.<\/font><\/p>\n<p><b>Llisa<\/b> &#8211; rakt<br \/>\nN\u00e4r vi talar om n\u00e5gon med rakt h\u00e5r, anv\u00e4nder vi ordet <b>llisa<\/b>.<\/p>\n<p><font color=\"#2D3AC7\">La seva cabell \u00e9s llisa i llarga.<\/font><\/p>\n<h2>Adjektiv f\u00f6r att beskriva ansikte och \u00f6gon<\/h2>\n<p><b>Guapo<\/b> &#8211; snygg<br \/>\nOm vi vill s\u00e4ga att n\u00e5gon \u00e4r snygg, anv\u00e4nder vi ordet <b>guapo<\/b>.<\/p>\n<p><font color=\"#2D3AC7\">El noi \u00e9s molt guapo.<\/font><\/p>\n<p><b>Lletja<\/b> &#8211; ful<br \/>\nF\u00f6r att beskriva n\u00e5gon som inte \u00e4r attraktiv, anv\u00e4nder vi ordet <b>lletja<\/b>.<\/p>\n<p><font color=\"#2D3AC7\">La bruixa \u00e9s lletja.<\/font><\/p>\n<p><b>Ulls blaus<\/b> &#8211; bl\u00e5a \u00f6gon<br \/>\nN\u00e4r vi talar om n\u00e5gon med bl\u00e5a \u00f6gon, s\u00e4ger vi <b>ulls blaus<\/b>.<\/p>\n<p><font color=\"#2D3AC7\">Ella t\u00e9 els ulls blaus.<\/font><\/p>\n<p><b>Ulls verds<\/b> &#8211; gr\u00f6na \u00f6gon<br \/>\nOm n\u00e5gon har gr\u00f6na \u00f6gon, anv\u00e4nder vi uttrycket <b>ulls verds<\/b>.<\/p>\n<p><font color=\"#2D3AC7\">Ell t\u00e9 els ulls verds com l&#8217;herba.<\/font><\/p>\n<p><b>Ulls marrons<\/b> &#8211; bruna \u00f6gon<br \/>\nF\u00f6r att beskriva n\u00e5gon med bruna \u00f6gon, s\u00e4ger vi <b>ulls marrons<\/b>.<\/p>\n<p><font color=\"#2D3AC7\">La meva mare t\u00e9 els ulls marrons.<\/font><\/p>\n<h2>Adjektiv f\u00f6r att beskriva hudf\u00e4rg<\/h2>\n<p><b>Pell clara<\/b> &#8211; ljus hud<br \/>\nN\u00e4r vi talar om n\u00e5gon med ljus hud, anv\u00e4nder vi uttrycket <b>pell clara<\/b>.<\/p>\n<p><font color=\"#2D3AC7\">Ella t\u00e9 la pell clara.<\/font><\/p>\n<p><b>Pell fosca<\/b> &#8211; m\u00f6rk hud<br \/>\nF\u00f6r att beskriva n\u00e5gon med m\u00f6rk hud, anv\u00e4nder vi uttrycket <b>pell fosca<\/b>.<\/p>\n<p><font color=\"#2D3AC7\">Ell t\u00e9 la pell fosca.<\/font><\/p>\n<p><b>Bronzejat<\/b> &#8211; solbr\u00e4nd<br \/>\nOm n\u00e5gon har f\u00e5tt f\u00e4rg fr\u00e5n solen, kallar vi dem f\u00f6r <b>bronzejat<\/b>.<\/p>\n<p><font color=\"#2D3AC7\">Despr\u00e9s de l&#8217;estiu, estic molt bronzejat.<\/font><\/p>\n<h2>Adjektiv f\u00f6r att beskriva \u00e5lder<\/h2>\n<p><b>Jove<\/b> &#8211; ung<br \/>\nN\u00e4r vi vill s\u00e4ga att n\u00e5gon \u00e4r ung, anv\u00e4nder vi ordet <b>jove<\/b>.<\/p>\n<p><font color=\"#2D3AC7\">Ell \u00e9s molt jove.<\/font><\/p>\n<p><b>Vell<\/b> &#8211; gammal<br \/>\nF\u00f6r att beskriva n\u00e5gon som \u00e4r \u00e4ldre, anv\u00e4nder vi ordet <b>vell<\/b>.<\/p>\n<p><font color=\"#2D3AC7\">El meu avi \u00e9s vell.<\/font><\/p>\n<p><b>Infantil<\/b> &#8211; barnslig<br \/>\nOm n\u00e5gon beter sig som ett barn eller ser ut som ett barn, kan vi beskriva dem som <b>infantil<\/b>.<\/p>\n<p><font color=\"#2D3AC7\">Ella t\u00e9 un somriure infantil.<\/font><\/p>\n<h2>Adjektiv f\u00f6r att beskriva kl\u00e4dstil<\/h2>\n<p><b>Elegant<\/b> &#8211; elegant<br \/>\nN\u00e4r vi talar om n\u00e5gon som kl\u00e4r sig snyggt och sofistikerat, anv\u00e4nder vi ordet <b>elegant<\/b>.<\/p>\n<p><font color=\"#2D3AC7\">Ella sempre es vesteix elegant.<\/font><\/p>\n<p><b>Casual<\/b> &#8211; avslappnad<br \/>\nF\u00f6r att beskriva n\u00e5gon som kl\u00e4r sig p\u00e5 ett avslappnat s\u00e4tt, anv\u00e4nder vi ordet <b>casual<\/b>.<\/p>\n<p><font color=\"#2D3AC7\">Ell prefereix un estil casual.<\/font><\/p>\n<p><b>Esportiu<\/b> &#8211; sportig<br \/>\nOm n\u00e5gon kl\u00e4r sig i sportkl\u00e4der eller har en sportig stil, anv\u00e4nder vi ordet <b>esportiu<\/b>.<\/p>\n<p><font color=\"#2D3AC7\">Li agrada vestir-se de manera esportiva.<\/font><\/p>\n<p><b>Tradicional<\/b> &#8211; <a href=\"https:\/\/talkpal.ai\/will-ai-kill-traditional-language-learning\/\">traditionell<\/a><br \/>\nF\u00f6r att beskriva n\u00e5gon som kl\u00e4r sig p\u00e5 ett traditionellt s\u00e4tt, anv\u00e4nder vi ordet <b>tradicional<\/b>.<\/p>\n<p><font color=\"#2D3AC7\">El meu avi sempre porta roba <a href=\"https:\/\/talkpal.ai\/will-ai-kill-traditional-language-learning\/\">tradicional<\/a>.<\/font><\/p>\n<h2>Slutsats<\/h2>\n<p>Att kunna beskriva n\u00e5gons utseende p\u00e5 katalanska \u00e4r en viktig f\u00e4rdighet som kan berika ditt spr\u00e5kbruk och g\u00f6ra dina beskrivningar mer levande och detaljerade. Genom att l\u00e4ra dig och \u00f6va p\u00e5 dessa adjektiv kan du bli mer exakt och m\u00e5ngsidig i dina katalanska konversationer. Forts\u00e4tt att \u00f6va och anv\u00e4nd dessa ord i dina dagliga samtal f\u00f6r att f\u00f6rst\u00e4rka ditt ordf\u00f6rr\u00e5d och f\u00f6rb\u00e4ttra din katalanska.<\/p>\n","protected":false},"featured_media":1528113,"template":"","vocabulary_language":[4179],"class_list":["post-716666","vocabulary","type-vocabulary","status-publish","has-post-thumbnail","hentry","vocabulary_language-katalanska"],"acf":[],"yoast_head":"<!-- This site is optimized with the Yoast SEO Premium plugin v27.2 (Yoast SEO v27.2) - https:\/\/yoast.com\/product\/yoast-seo-premium-wordpress\/ -->\n<title>Beskriva utseende: Adjektiv p\u00e5 katalanska - Talkpal<\/title>\n<meta name=\"description\" content=\"Att l\u00e4ra sig ett nytt spr\u00e5k handlar inte bara om att memorera ord och grammatik; det handlar ocks\u00e5 om att kunna beskriva v\u00e4rlden omkring oss. En viktig\" \/>\n<meta name=\"robots\" content=\"index, follow, max-snippet:-1, max-image-preview:large, max-video-preview:-1\" \/>\n<link rel=\"canonical\" href=\"https:\/\/talkpal.ai\/sv\/vocabulary\/beskriva-utseende-adjektiv-pa-katalanska\/\" \/>\n<meta property=\"og:locale\" content=\"sv_SE\" \/>\n<meta property=\"og:type\" content=\"article\" \/>\n<meta property=\"og:title\" content=\"Beskriva utseende: Adjektiv p\u00e5 katalanska\" \/>\n<meta property=\"og:description\" content=\"Att l\u00e4ra sig ett nytt spr\u00e5k handlar inte bara om att memorera ord och grammatik; det handlar ocks\u00e5 om att kunna beskriva v\u00e4rlden omkring oss. En viktig\" \/>\n<meta property=\"og:url\" content=\"https:\/\/talkpal.ai\/sv\/vocabulary\/beskriva-utseende-adjektiv-pa-katalanska\/\" \/>\n<meta property=\"og:site_name\" content=\"Talkpal\" \/>\n<meta property=\"article:publisher\" content=\"https:\/\/www.facebook.com\/profile.php?id=100090733639311\" \/>\n<meta property=\"og:image\" content=\"https:\/\/talkpal.ai\/wp-content\/uploads\/2024\/10\/talkpal_flat_illustration_of_a_employees_working_together_happi_c674ff77-e477-4e09-835a-01d30e561e99.png\" \/>\n\t<meta property=\"og:image:width\" content=\"1024\" \/>\n\t<meta property=\"og:image:height\" content=\"1024\" \/>\n\t<meta property=\"og:image:type\" content=\"image\/png\" \/>\n<meta name=\"twitter:card\" content=\"summary_large_image\" \/>\n<meta name=\"twitter:site\" content=\"@talkpalai\" \/>\n<meta name=\"twitter:label1\" content=\"Ber\u00e4knad l\u00e4stid\" \/>\n\t<meta name=\"twitter:data1\" content=\"4 minuter\" \/>\n<script type=\"application\/ld+json\" class=\"yoast-schema-graph\">{\"@context\":\"https:\/\/schema.org\",\"@graph\":[{\"@type\":\"WebPage\",\"@id\":\"https:\/\/talkpal.ai\/sv\/vocabulary\/beskriva-utseende-adjektiv-pa-katalanska\/\",\"url\":\"https:\/\/talkpal.ai\/sv\/vocabulary\/beskriva-utseende-adjektiv-pa-katalanska\/\",\"name\":\"Beskriva utseende: Adjektiv p\u00e5 katalanska - Talkpal\",\"isPartOf\":{\"@id\":\"https:\/\/talkpal.ai\/sv\/#website\"},\"primaryImageOfPage\":{\"@id\":\"https:\/\/talkpal.ai\/sv\/vocabulary\/beskriva-utseende-adjektiv-pa-katalanska\/#primaryimage\"},\"image\":{\"@id\":\"https:\/\/talkpal.ai\/sv\/vocabulary\/beskriva-utseende-adjektiv-pa-katalanska\/#primaryimage\"},\"thumbnailUrl\":\"https:\/\/talkpal.ai\/wp-content\/uploads\/2025\/12\/workspace-is-shared-learning-languages.webp\",\"datePublished\":\"2024-06-08T18:29:37+00:00\",\"description\":\"Att l\u00e4ra sig ett nytt spr\u00e5k handlar inte bara om att memorera ord och grammatik; det handlar ocks\u00e5 om att kunna beskriva v\u00e4rlden omkring oss. En viktig\",\"breadcrumb\":{\"@id\":\"https:\/\/talkpal.ai\/sv\/vocabulary\/beskriva-utseende-adjektiv-pa-katalanska\/#breadcrumb\"},\"inLanguage\":\"sv-SE\",\"potentialAction\":[{\"@type\":\"ReadAction\",\"target\":[\"https:\/\/talkpal.ai\/sv\/vocabulary\/beskriva-utseende-adjektiv-pa-katalanska\/\"]}]},{\"@type\":\"ImageObject\",\"inLanguage\":\"sv-SE\",\"@id\":\"https:\/\/talkpal.ai\/sv\/vocabulary\/beskriva-utseende-adjektiv-pa-katalanska\/#primaryimage\",\"url\":\"https:\/\/talkpal.ai\/wp-content\/uploads\/2025\/12\/workspace-is-shared-learning-languages.webp\",\"contentUrl\":\"https:\/\/talkpal.ai\/wp-content\/uploads\/2025\/12\/workspace-is-shared-learning-languages.webp\",\"width\":1200,\"height\":896,\"caption\":\"A library workspace is shared by three students as they use a laptop for learning languages.\"},{\"@type\":\"BreadcrumbList\",\"@id\":\"https:\/\/talkpal.ai\/sv\/vocabulary\/beskriva-utseende-adjektiv-pa-katalanska\/#breadcrumb\",\"itemListElement\":[{\"@type\":\"ListItem\",\"position\":1,\"name\":\"Homepage\",\"item\":\"https:\/\/talkpal.ai\/sv\/\"},{\"@type\":\"ListItem\",\"position\":2,\"name\":\"Beskriva utseende: Adjektiv p\u00e5 katalanska\"}]},{\"@type\":\"WebSite\",\"@id\":\"https:\/\/talkpal.ai\/sv\/#website\",\"url\":\"https:\/\/talkpal.ai\/sv\/\",\"name\":\"Talkpal\",\"description\":\"AI Language Learning\",\"publisher\":{\"@id\":\"https:\/\/talkpal.ai\/sv\/#organization\"},\"alternateName\":\"Talkpal AI\",\"potentialAction\":[{\"@type\":\"SearchAction\",\"target\":{\"@type\":\"EntryPoint\",\"urlTemplate\":\"https:\/\/talkpal.ai\/sv\/?s={search_term_string}\"},\"query-input\":{\"@type\":\"PropertyValueSpecification\",\"valueRequired\":true,\"valueName\":\"search_term_string\"}}],\"inLanguage\":\"sv-SE\"},{\"@type\":\"Organization\",\"@id\":\"https:\/\/talkpal.ai\/sv\/#organization\",\"name\":\"Talkpal, Inc.\",\"alternateName\":\"Talkpal AI\",\"url\":\"https:\/\/talkpal.ai\/sv\/\",\"logo\":{\"@type\":\"ImageObject\",\"inLanguage\":\"sv-SE\",\"@id\":\"https:\/\/talkpal.ai\/sv\/#\/schema\/logo\/image\/\",\"url\":\"https:\/\/talkpal.ai\/wp-content\/uploads\/2024\/03\/Talkpal-Logo-Icon.png\",\"contentUrl\":\"https:\/\/talkpal.ai\/wp-content\/uploads\/2024\/03\/Talkpal-Logo-Icon.png\",\"width\":2880,\"height\":2880,\"caption\":\"Talkpal, Inc.\"},\"image\":{\"@id\":\"https:\/\/talkpal.ai\/sv\/#\/schema\/logo\/image\/\"},\"sameAs\":[\"https:\/\/www.facebook.com\/profile.php?id=100090733639311\",\"https:\/\/x.com\/talkpalai\",\"https:\/\/www.linkedin.com\/company\/talkpal\/\",\"https:\/\/www.youtube.com\/@TalkPal\/\",\"https:\/\/www.tiktok.com\/@talkpal\",\"https:\/\/www.instagram.com\/talkpal_ai\/\",\"https:\/\/www.crunchbase.com\/organization\/talkpal-9cde\",\"https:\/\/www.g2.com\/products\/talkpal-for-business\/\",\"https:\/\/www.trustpilot.com\/review\/talkpal.ai\",\"https:\/\/www.capterra.com\/p\/10006800\/TalkPal\/\"],\"description\":\"Talkpal is a language learning web and mobile education app, powered by the latest AI technologies, that provides engaging experiences to its customers in many different languages to help them improve their language skills. Users can chat about unlimited amount of topics with the app and use other modes to practice their language learning.\",\"email\":\"support@talkpal.ai\",\"legalName\":\"Talkpal, Inc.\",\"foundingDate\":\"2023-04-03\",\"duns\":\"118989042\",\"numberOfEmployees\":{\"@type\":\"QuantitativeValue\",\"minValue\":\"11\",\"maxValue\":\"50\"},\"publishingPrinciples\":\"https:\/\/talkpal.ai\/publishing-principles\/\",\"actionableFeedbackPolicy\":\"https:\/\/talkpal.ai\/actionable-feedback-policy\/\",\"correctionsPolicy\":\"https:\/\/talkpal.ai\/corrections-policy\/\",\"ethicsPolicy\":\"https:\/\/talkpal.ai\/ethics-policy\/\",\"diversityPolicy\":\"https:\/\/talkpal.ai\/diversity-policy\/\",\"diversityStaffingReport\":\"https:\/\/talkpal.ai\/diversity-policy\/\"}]}<\/script>\n<!-- \/ Yoast SEO Premium plugin. -->","yoast_head_json":{"title":"Beskriva utseende: Adjektiv p\u00e5 katalanska - Talkpal","description":"Att l\u00e4ra sig ett nytt spr\u00e5k handlar inte bara om att memorera ord och grammatik; det handlar ocks\u00e5 om att kunna beskriva v\u00e4rlden omkring oss. En viktig","robots":{"index":"index","follow":"follow","max-snippet":"max-snippet:-1","max-image-preview":"max-image-preview:large","max-video-preview":"max-video-preview:-1"},"canonical":"https:\/\/talkpal.ai\/sv\/vocabulary\/beskriva-utseende-adjektiv-pa-katalanska\/","og_locale":"sv_SE","og_type":"article","og_title":"Beskriva utseende: Adjektiv p\u00e5 katalanska","og_description":"Att l\u00e4ra sig ett nytt spr\u00e5k handlar inte bara om att memorera ord och grammatik; det handlar ocks\u00e5 om att kunna beskriva v\u00e4rlden omkring oss. En viktig","og_url":"https:\/\/talkpal.ai\/sv\/vocabulary\/beskriva-utseende-adjektiv-pa-katalanska\/","og_site_name":"Talkpal","article_publisher":"https:\/\/www.facebook.com\/profile.php?id=100090733639311","og_image":[{"width":1024,"height":1024,"url":"https:\/\/talkpal.ai\/wp-content\/uploads\/2024\/10\/talkpal_flat_illustration_of_a_employees_working_together_happi_c674ff77-e477-4e09-835a-01d30e561e99.png","type":"image\/png"}],"twitter_card":"summary_large_image","twitter_site":"@talkpalai","twitter_misc":{"Ber\u00e4knad l\u00e4stid":"4 minuter"},"schema":{"@context":"https:\/\/schema.org","@graph":[{"@type":"WebPage","@id":"https:\/\/talkpal.ai\/sv\/vocabulary\/beskriva-utseende-adjektiv-pa-katalanska\/","url":"https:\/\/talkpal.ai\/sv\/vocabulary\/beskriva-utseende-adjektiv-pa-katalanska\/","name":"Beskriva utseende: Adjektiv p\u00e5 katalanska - Talkpal","isPartOf":{"@id":"https:\/\/talkpal.ai\/sv\/#website"},"primaryImageOfPage":{"@id":"https:\/\/talkpal.ai\/sv\/vocabulary\/beskriva-utseende-adjektiv-pa-katalanska\/#primaryimage"},"image":{"@id":"https:\/\/talkpal.ai\/sv\/vocabulary\/beskriva-utseende-adjektiv-pa-katalanska\/#primaryimage"},"thumbnailUrl":"https:\/\/talkpal.ai\/wp-content\/uploads\/2025\/12\/workspace-is-shared-learning-languages.webp","datePublished":"2024-06-08T18:29:37+00:00","description":"Att l\u00e4ra sig ett nytt spr\u00e5k handlar inte bara om att memorera ord och grammatik; det handlar ocks\u00e5 om att kunna beskriva v\u00e4rlden omkring oss. En viktig","breadcrumb":{"@id":"https:\/\/talkpal.ai\/sv\/vocabulary\/beskriva-utseende-adjektiv-pa-katalanska\/#breadcrumb"},"inLanguage":"sv-SE","potentialAction":[{"@type":"ReadAction","target":["https:\/\/talkpal.ai\/sv\/vocabulary\/beskriva-utseende-adjektiv-pa-katalanska\/"]}]},{"@type":"ImageObject","inLanguage":"sv-SE","@id":"https:\/\/talkpal.ai\/sv\/vocabulary\/beskriva-utseende-adjektiv-pa-katalanska\/#primaryimage","url":"https:\/\/talkpal.ai\/wp-content\/uploads\/2025\/12\/workspace-is-shared-learning-languages.webp","contentUrl":"https:\/\/talkpal.ai\/wp-content\/uploads\/2025\/12\/workspace-is-shared-learning-languages.webp","width":1200,"height":896,"caption":"A library workspace is shared by three students as they use a laptop for learning languages."},{"@type":"BreadcrumbList","@id":"https:\/\/talkpal.ai\/sv\/vocabulary\/beskriva-utseende-adjektiv-pa-katalanska\/#breadcrumb","itemListElement":[{"@type":"ListItem","position":1,"name":"Homepage","item":"https:\/\/talkpal.ai\/sv\/"},{"@type":"ListItem","position":2,"name":"Beskriva utseende: Adjektiv p\u00e5 katalanska"}]},{"@type":"WebSite","@id":"https:\/\/talkpal.ai\/sv\/#website","url":"https:\/\/talkpal.ai\/sv\/","name":"Talkpal","description":"AI Language Learning","publisher":{"@id":"https:\/\/talkpal.ai\/sv\/#organization"},"alternateName":"Talkpal AI","potentialAction":[{"@type":"SearchAction","target":{"@type":"EntryPoint","urlTemplate":"https:\/\/talkpal.ai\/sv\/?s={search_term_string}"},"query-input":{"@type":"PropertyValueSpecification","valueRequired":true,"valueName":"search_term_string"}}],"inLanguage":"sv-SE"},{"@type":"Organization","@id":"https:\/\/talkpal.ai\/sv\/#organization","name":"Talkpal, Inc.","alternateName":"Talkpal AI","url":"https:\/\/talkpal.ai\/sv\/","logo":{"@type":"ImageObject","inLanguage":"sv-SE","@id":"https:\/\/talkpal.ai\/sv\/#\/schema\/logo\/image\/","url":"https:\/\/talkpal.ai\/wp-content\/uploads\/2024\/03\/Talkpal-Logo-Icon.png","contentUrl":"https:\/\/talkpal.ai\/wp-content\/uploads\/2024\/03\/Talkpal-Logo-Icon.png","width":2880,"height":2880,"caption":"Talkpal, Inc."},"image":{"@id":"https:\/\/talkpal.ai\/sv\/#\/schema\/logo\/image\/"},"sameAs":["https:\/\/www.facebook.com\/profile.php?id=100090733639311","https:\/\/x.com\/talkpalai","https:\/\/www.linkedin.com\/company\/talkpal\/","https:\/\/www.youtube.com\/@TalkPal\/","https:\/\/www.tiktok.com\/@talkpal","https:\/\/www.instagram.com\/talkpal_ai\/","https:\/\/www.crunchbase.com\/organization\/talkpal-9cde","https:\/\/www.g2.com\/products\/talkpal-for-business\/","https:\/\/www.trustpilot.com\/review\/talkpal.ai","https:\/\/www.capterra.com\/p\/10006800\/TalkPal\/"],"description":"Talkpal is a language learning web and mobile education app, powered by the latest AI technologies, that provides engaging experiences to its customers in many different languages to help them improve their language skills. Users can chat about unlimited amount of topics with the app and use other modes to practice their language learning.","email":"support@talkpal.ai","legalName":"Talkpal, Inc.","foundingDate":"2023-04-03","duns":"118989042","numberOfEmployees":{"@type":"QuantitativeValue","minValue":"11","maxValue":"50"},"publishingPrinciples":"https:\/\/talkpal.ai\/publishing-principles\/","actionableFeedbackPolicy":"https:\/\/talkpal.ai\/actionable-feedback-policy\/","correctionsPolicy":"https:\/\/talkpal.ai\/corrections-policy\/","ethicsPolicy":"https:\/\/talkpal.ai\/ethics-policy\/","diversityPolicy":"https:\/\/talkpal.ai\/diversity-policy\/","diversityStaffingReport":"https:\/\/talkpal.ai\/diversity-policy\/"}]}},"_links":{"self":[{"href":"https:\/\/talkpal.ai\/sv\/wp-json\/wp\/v2\/vocabulary\/716666","targetHints":{"allow":["GET"]}}],"collection":[{"href":"https:\/\/talkpal.ai\/sv\/wp-json\/wp\/v2\/vocabulary"}],"about":[{"href":"https:\/\/talkpal.ai\/sv\/wp-json\/wp\/v2\/types\/vocabulary"}],"wp:featuredmedia":[{"embeddable":true,"href":"https:\/\/talkpal.ai\/sv\/wp-json\/wp\/v2\/media\/1528113"}],"wp:attachment":[{"href":"https:\/\/talkpal.ai\/sv\/wp-json\/wp\/v2\/media?parent=716666"}],"wp:term":[{"taxonomy":"vocabulary_language","embeddable":true,"href":"https:\/\/talkpal.ai\/sv\/wp-json\/wp\/v2\/vocabulary_language?post=716666"}],"curies":[{"name":"wp","href":"https:\/\/api.w.org\/{rel}","templated":true}]}}