{"id":716665,"date":"2024-06-08T18:29:28","date_gmt":"2024-06-08T18:29:28","guid":{"rendered":"https:\/\/talkpal.ai\/vocabulary\/daglig-anvandning-av-katalanska-ordforrad\/"},"modified":"2024-06-08T18:29:28","modified_gmt":"2024-06-08T18:29:28","slug":"daglig-anvandning-av-katalanska-ordforrad","status":"publish","type":"vocabulary","link":"https:\/\/talkpal.ai\/sv\/vocabulary\/daglig-anvandning-av-katalanska-ordforrad\/","title":{"rendered":"Daglig anv\u00e4ndning av katalanska ordf\u00f6rr\u00e5d"},"content":{"rendered":"<p>Att l\u00e4ra sig ett nytt spr\u00e5k kan vara en sp\u00e4nnande och utmanande resa. <a href=\"https:\/\/talkpal.ai\/learn-catalan\/\">Katalanska<\/a>, som <a href=\"https:\/\/talkpal.ai\/locations\/language-courses-in-talas\/\">talas<\/a> fr\u00e4mst i Katalonien, en region i nord\u00f6stra Spanien, \u00e4r ett av de spr\u00e5k som erbjuder en rik kultur och historia att utforska. F\u00f6r att hj\u00e4lpa dig att integrera katalanskt ordf\u00f6rr\u00e5d i din dagliga anv\u00e4ndning, har vi sammanst\u00e4llt en lista med anv\u00e4ndbara ord och fraser. Dessa ord \u00e4r inte bara vanliga utan ocks\u00e5 viktiga f\u00f6r att f\u00f6rst\u00e5 och kommunicera effektivt p\u00e5 <a href=\"https:\/\/talkpal.ai\/learn-catalan\/\">katalanska<\/a>.<\/p>\n<h2>Grundl\u00e4ggande ord och fraser<\/h2>\n<p><b>Hola<\/b> \u2013 Hej<br \/>\n<font color=\"#2D3AC7\">Hola, com est\u00e0s?<\/font><br \/>\nDetta \u00e4r en enkel och vanlig h\u00e4lsning som anv\u00e4nds f\u00f6r att s\u00e4ga &#8221;hej&#8221;. Det kan anv\u00e4ndas b\u00e5de formellt och informellt.<\/p>\n<p><b>Ad\u00e9u<\/b> \u2013 Hejd\u00e5<br \/>\n<font color=\"#2D3AC7\">Ad\u00e9u, <a href=\"https:\/\/talkpal.ai\/learn-finnish\/\">fins<\/a> dem\u00e0!<\/font><br \/>\nDetta \u00e4r ett vanligt s\u00e4tt att s\u00e4ga farv\u00e4l p\u00e5 katalanska. Det anv\u00e4nds i alla typer av situationer.<\/p>\n<p><b>Si us plau<\/b> \u2013 Sn\u00e4lla<br \/>\n<font color=\"#2D3AC7\">Podries passar-me la sal, si us plau?<\/font><br \/>\nAnv\u00e4nds f\u00f6r att uttrycka artighet n\u00e4r du ber om n\u00e5got.<\/p>\n<p><b>Gr\u00e0cies<\/b> \u2013 Tack<br \/>\n<font color=\"#2D3AC7\">Gr\u00e0cies per la teva ajuda.<\/font><br \/>\nDetta \u00e4r ett vanligt s\u00e4tt att uttrycka tacksamhet.<\/p>\n<p><b>Perd\u00f3<\/b> \u2013 F\u00f6rl\u00e5t<br \/>\n<font color=\"#2D3AC7\">Perd\u00f3, no volia molestar-te.<\/font><br \/>\nAnv\u00e4nds f\u00f6r att be om urs\u00e4kt eller uttrycka \u00e5nger.<\/p>\n<h2>Dagliga aktiviteter<\/h2>\n<p><b>Menjar<\/b> \u2013 \u00c4ta<br \/>\n<font color=\"#2D3AC7\">Vull menjar una pizza.<\/font><br \/>\nDetta verb anv\u00e4nds f\u00f6r att beskriva handlingen att \u00e4ta.<\/p>\n<p><b>Beure<\/b> \u2013 Dricka<br \/>\n<font color=\"#2D3AC7\">Vull beure una mica d&#8217;aigua.<\/font><br \/>\nDetta verb anv\u00e4nds f\u00f6r att beskriva handlingen att dricka.<\/p>\n<p><b>Dormir<\/b> \u2013 Sova<br \/>\n<font color=\"#2D3AC7\">Necessito dormir m\u00e9s hores.<\/font><br \/>\nAnv\u00e4nds f\u00f6r att beskriva handlingen att sova.<\/p>\n<p><b>Treballar<\/b> \u2013 Arbeta<br \/>\n<font color=\"#2D3AC7\">Treballo en una oficina.<\/font><br \/>\nDetta verb beskriver handlingen att arbeta.<\/p>\n<p><b>Estudiar<\/b> \u2013 Studera<br \/>\n<font color=\"#2D3AC7\">Estudio catal\u00e0 a la <a href=\"https:\/\/talkpal.ai\/mt\/skont-talkpal-ghall-istaff-tal-universita\/\">universitat<\/a>.<\/font><br \/>\nAnv\u00e4nds f\u00f6r att beskriva handlingen att studera.<\/p>\n<h2>Familj och v\u00e4nner<\/h2>\n<p><b>Amic<\/b> \u2013 V\u00e4n<br \/>\n<font color=\"#2D3AC7\">El meu amic viu a <a href=\"https:\/\/talkpal.ai\/locations\/language-courses-in-barcelona\/\">Barcelona<\/a>.<\/font><br \/>\nAnv\u00e4nds f\u00f6r att beskriva en v\u00e4n av manligt k\u00f6n.<\/p>\n<p><b>Amiga<\/b> \u2013 V\u00e4n (kvinnlig)<br \/>\n<font color=\"#2D3AC7\">La meva amiga \u00e9s molt simp\u00e0tica.<\/font><br \/>\nAnv\u00e4nds f\u00f6r att beskriva en v\u00e4n av kvinnligt k\u00f6n.<\/p>\n<p><b>Pare<\/b> \u2013 Far<br \/>\n<font color=\"#2D3AC7\">El meu pare \u00e9s metge.<\/font><br \/>\nAnv\u00e4nds f\u00f6r att beskriva ens far.<\/p>\n<p><b>Mare<\/b> \u2013 Mor<br \/>\n<font color=\"#2D3AC7\">La meva mare cuina molt b\u00e9.<\/font><br \/>\nAnv\u00e4nds f\u00f6r att beskriva ens mor.<\/p>\n<p><b>Germ\u00e0<\/b> \u2013 Bror<br \/>\n<font color=\"#2D3AC7\">El meu germ\u00e0 juga a futbol.<\/font><br \/>\nAnv\u00e4nds f\u00f6r att beskriva ens bror.<\/p>\n<p><b>Germana<\/b> \u2013 Syster<br \/>\n<font color=\"#2D3AC7\">La meva germana estudia a <a href=\"https:\/\/talkpal.ai\/fr\/locations\/apprendre-langlais-a-londres\/\">Londres<\/a>.<\/font><br \/>\nAnv\u00e4nds f\u00f6r att beskriva ens syster.<\/p>\n<h2>Mat och dryck<\/h2>\n<p><b>Pa<\/b> \u2013 Br\u00f6d<br \/>\n<font color=\"#2D3AC7\">M&#8217;agrada molt el <a href=\"https:\/\/talkpal.ai\/culture\/what-is-pa-amb-tomaquet\/\">pa amb tom\u00e0quet<\/a>.<\/font><br \/>\nDetta ord anv\u00e4nds f\u00f6r att beskriva br\u00f6d.<\/p>\n<p><b>Vi<\/b> \u2013 Vin<br \/>\n<font color=\"#2D3AC7\">El vi negre \u00e9s el meu preferit.<\/font><br \/>\nAnv\u00e4nds f\u00f6r att beskriva vin.<\/p>\n<p><b>Aigua<\/b> \u2013 Vatten<br \/>\n<font color=\"#2D3AC7\">Beu molta aigua cada dia.<\/font><br \/>\nDetta ord anv\u00e4nds f\u00f6r att beskriva vatten.<\/p>\n<p><b>Suc<\/b> \u2013 Juice<br \/>\n<font color=\"#2D3AC7\">Prefereixo el suc de taronja.<\/font><br \/>\nAnv\u00e4nds f\u00f6r att beskriva juice.<\/p>\n<p><b>Caf\u00e8<\/b> \u2013 Kaffe<br \/>\n<font color=\"#2D3AC7\">Necessito un caf\u00e8 per despertar-me.<\/font><br \/>\nDetta ord anv\u00e4nds f\u00f6r att beskriva kaffe.<\/p>\n<h2>Platser och transporter<\/h2>\n<p><b>Casa<\/b> \u2013 Hem<br \/>\n<font color=\"#2D3AC7\">Vull anar a casa despr\u00e9s de la feina.<\/font><br \/>\nAnv\u00e4nds f\u00f6r att beskriva ett hem.<\/p>\n<p><b>Oficina<\/b> \u2013 Kontor<br \/>\n<font color=\"#2D3AC7\">Treballo a una oficina al centre de la ciutat.<\/font><br \/>\nDetta ord anv\u00e4nds f\u00f6r att beskriva ett kontor.<\/p>\n<p><b>Escola<\/b> \u2013 Skola<br \/>\n<font color=\"#2D3AC7\">Els nens <a href=\"https:\/\/talkpal.ai\/locations\/language-courses-in-van\/\">van<\/a> a l&#8217;escola cada mat\u00ed.<\/font><br \/>\nAnv\u00e4nds f\u00f6r att beskriva en skola.<\/p>\n<p><b>Parc<\/b> \u2013 Park<br \/>\n<font color=\"#2D3AC7\">M&#8217;agrada passejar pel parc.<\/font><br \/>\nDetta ord anv\u00e4nds f\u00f6r att beskriva en park.<\/p>\n<p><b>Autob\u00fas<\/b> \u2013 Buss<br \/>\n<font color=\"#2D3AC7\">Prenc l&#8217;autob\u00fas per anar a la feina.<\/font><br \/>\nAnv\u00e4nds f\u00f6r att beskriva en buss.<\/p>\n<p><b>Metro<\/b> \u2013 Tunnelbana<br \/>\n<font color=\"#2D3AC7\">El metro \u00e9s molt r\u00e0pid i convenient.<\/font><br \/>\nDetta ord anv\u00e4nds f\u00f6r att beskriva tunnelbanan.<\/p>\n<h2>V\u00e4der och natur<\/h2>\n<p><b>Sol<\/b> \u2013 Sol<br \/>\n<font color=\"#2D3AC7\">Avui fa molt sol.<\/font><br \/>\nDetta ord anv\u00e4nds f\u00f6r att beskriva solen.<\/p>\n<p><b>Pluja<\/b> \u2013 Regn<br \/>\n<font color=\"#2D3AC7\">M&#8217;agrada escoltar la pluja.<\/font><br \/>\nAnv\u00e4nds f\u00f6r att beskriva regn.<\/p>\n<p><b>Neu<\/b> \u2013 Sn\u00f6<br \/>\n<font color=\"#2D3AC7\">La neu cobreix les muntanyes a l&#8217;hivern.<\/font><br \/>\nDetta ord anv\u00e4nds f\u00f6r att beskriva sn\u00f6.<\/p>\n<p><b>Vent<\/b> \u2013 Vind<br \/>\n<font color=\"#2D3AC7\">El vent bufa fort avui.<\/font><br \/>\nAnv\u00e4nds f\u00f6r att beskriva vinden.<\/p>\n<p><b>Mar<\/b> \u2013 Hav<br \/>\n<font color=\"#2D3AC7\">M&#8217;agrada nedar al mar.<\/font><br \/>\nDetta ord anv\u00e4nds f\u00f6r att beskriva havet.<\/p>\n<h2>K\u00e4nslor och tillst\u00e5nd<\/h2>\n<p><b>Feli\u00e7<\/b> \u2013 Glad<br \/>\n<font color=\"#2D3AC7\">Estic molt feli\u00e7 avui.<\/font><br \/>\nDetta ord anv\u00e4nds f\u00f6r att beskriva k\u00e4nslan av att vara glad.<\/p>\n<p><b>Trist<\/b> \u2013 Ledsen<br \/>\n<font color=\"#2D3AC7\">Em sento trist per la not\u00edcia.<\/font><br \/>\nAnv\u00e4nds f\u00f6r att beskriva k\u00e4nslan av att vara ledsen.<\/p>\n<p><b>Enfadat<\/b> \u2013 Arg<br \/>\n<font color=\"#2D3AC7\">Estic enfadat amb tu.<\/font><br \/>\nDetta ord anv\u00e4nds f\u00f6r att beskriva k\u00e4nslan av att vara arg.<\/p>\n<p><b>Cansat<\/b> \u2013 Tr\u00f6tt<br \/>\n<font color=\"#2D3AC7\">Estic molt cansat despr\u00e9s de treballar tot el dia.<\/font><br \/>\nAnv\u00e4nds f\u00f6r att beskriva k\u00e4nslan av att vara tr\u00f6tt.<\/p>\n<p><b>Preocupat<\/b> \u2013 Orolig<br \/>\n<font color=\"#2D3AC7\">Estic preocupat pel meu examen.<\/font><br \/>\nDetta ord anv\u00e4nds f\u00f6r att beskriva k\u00e4nslan av att vara orolig.<\/p>\n<h2>Handlingar och r\u00f6relser<\/h2>\n<p><b>C\u00f3rrer<\/b> \u2013 Springa<br \/>\n<font color=\"#2D3AC7\">M&#8217;agrada c\u00f3rrer al mat\u00ed.<\/font><br \/>\nDetta verb anv\u00e4nds f\u00f6r att beskriva handlingen att springa.<\/p>\n<p><b>Caminar<\/b> \u2013 G\u00e5<br \/>\n<font color=\"#2D3AC7\">Camino cada dia al parc.<\/font><br \/>\nAnv\u00e4nds f\u00f6r att beskriva handlingen att g\u00e5.<\/p>\n<p><b>Saltar<\/b> \u2013 Hoppa<br \/>\n<font color=\"#2D3AC7\">Els nens salten a la corda.<\/font><br \/>\nDetta verb anv\u00e4nds f\u00f6r att beskriva handlingen att hoppa.<\/p>\n<p><b>Nedar<\/b> \u2013 Simma<br \/>\n<font color=\"#2D3AC7\">M&#8217;agrada nedar a la piscina.<\/font><br \/>\nAnv\u00e4nds f\u00f6r att beskriva handlingen att simma.<\/p>\n<p><b>Conduir<\/b> \u2013 K\u00f6ra<br \/>\n<font color=\"#2D3AC7\">Vaig a conduir fins a la platja.<\/font><br \/>\nDetta verb anv\u00e4nds f\u00f6r att beskriva handlingen att k\u00f6ra.<\/p>\n<h2>Vanliga fr\u00e5gor och svar<\/h2>\n<p><b>Qu\u00e8?<\/b> \u2013 Vad?<br \/>\n<font color=\"#2D3AC7\">Qu\u00e8 vols per sopar?<\/font><br \/>\nAnv\u00e4nds f\u00f6r att st\u00e4lla en fr\u00e5ga om n\u00e5got.<\/p>\n<p><b>Qui?<\/b> \u2013 Vem?<br \/>\n<font color=\"#2D3AC7\">Qui ve a la festa?<\/font><br \/>\nDetta ord anv\u00e4nds f\u00f6r att fr\u00e5ga om n\u00e5gon.<\/p>\n<p><b>On?<\/b> \u2013 Var?<br \/>\n<font color=\"#2D3AC7\">On \u00e9s el lavabo?<\/font><br \/>\nAnv\u00e4nds f\u00f6r att fr\u00e5ga om en plats.<\/p>\n<p><b>Quan?<\/b> \u2013 N\u00e4r?<br \/>\n<font color=\"#2D3AC7\">Quan comen\u00e7a la pel\u00b7l\u00edcula?<\/font><br \/>\nDetta ord anv\u00e4nds f\u00f6r att fr\u00e5ga om tid.<\/p>\n<p><b>Per qu\u00e8?<\/b> \u2013 Varf\u00f6r?<br \/>\n<font color=\"#2D3AC7\">Per qu\u00e8 est\u00e0s trist?<\/font><br \/>\nAnv\u00e4nds f\u00f6r att fr\u00e5ga om orsaken till n\u00e5got.<\/p>\n<p>Att l\u00e4ra sig dessa ord och fraser \u00e4r ett bra steg mot att f\u00f6rb\u00e4ttra din katalanska. Genom att anv\u00e4nda dem i din dagliga kommunikation kommer du att bli mer bekv\u00e4m med spr\u00e5ket och kunna uttrycka dig b\u00e4ttre. Lycka till med dina studier och njut av att utforska det katalanska spr\u00e5ket och kulturen!<\/p>\n","protected":false},"featured_media":1527967,"template":"","vocabulary_language":[4179],"class_list":["post-716665","vocabulary","type-vocabulary","status-publish","has-post-thumbnail","hentry","vocabulary_language-katalanska"],"acf":[],"yoast_head":"<!-- This site is optimized with the Yoast SEO Premium plugin v27.2 (Yoast SEO v27.2) - https:\/\/yoast.com\/product\/yoast-seo-premium-wordpress\/ -->\n<title>Daglig anv\u00e4ndning av katalanska ordf\u00f6rr\u00e5d - Talkpal<\/title>\n<meta name=\"description\" content=\"Att l\u00e4ra sig ett nytt spr\u00e5k kan vara en sp\u00e4nnande och utmanande resa. Katalanska, som talas fr\u00e4mst i Katalonien, en region i nord\u00f6stra Spanien, \u00e4r ett av\" \/>\n<meta name=\"robots\" content=\"index, follow, max-snippet:-1, max-image-preview:large, max-video-preview:-1\" \/>\n<link rel=\"canonical\" href=\"https:\/\/talkpal.ai\/sv\/vocabulary\/daglig-anvandning-av-katalanska-ordforrad\/\" \/>\n<meta property=\"og:locale\" content=\"sv_SE\" \/>\n<meta property=\"og:type\" content=\"article\" \/>\n<meta property=\"og:title\" content=\"Daglig anv\u00e4ndning av katalanska ordf\u00f6rr\u00e5d\" \/>\n<meta property=\"og:description\" content=\"Att l\u00e4ra sig ett nytt spr\u00e5k kan vara en sp\u00e4nnande och utmanande resa. Katalanska, som talas fr\u00e4mst i Katalonien, en region i nord\u00f6stra Spanien, \u00e4r ett av\" \/>\n<meta property=\"og:url\" content=\"https:\/\/talkpal.ai\/sv\/vocabulary\/daglig-anvandning-av-katalanska-ordforrad\/\" \/>\n<meta property=\"og:site_name\" content=\"Talkpal\" \/>\n<meta property=\"article:publisher\" content=\"https:\/\/www.facebook.com\/profile.php?id=100090733639311\" \/>\n<meta property=\"og:image\" content=\"https:\/\/talkpal.ai\/wp-content\/uploads\/2024\/10\/talkpal_flat_illustration_of_a_employees_working_together_happi_c674ff77-e477-4e09-835a-01d30e561e99.png\" \/>\n\t<meta property=\"og:image:width\" content=\"1024\" \/>\n\t<meta property=\"og:image:height\" content=\"1024\" \/>\n\t<meta property=\"og:image:type\" content=\"image\/png\" \/>\n<meta name=\"twitter:card\" content=\"summary_large_image\" \/>\n<meta name=\"twitter:site\" content=\"@talkpalai\" \/>\n<meta name=\"twitter:label1\" content=\"Ber\u00e4knad l\u00e4stid\" \/>\n\t<meta name=\"twitter:data1\" content=\"5 minuter\" \/>\n<script type=\"application\/ld+json\" class=\"yoast-schema-graph\">{\"@context\":\"https:\/\/schema.org\",\"@graph\":[{\"@type\":\"WebPage\",\"@id\":\"https:\/\/talkpal.ai\/sv\/vocabulary\/daglig-anvandning-av-katalanska-ordforrad\/\",\"url\":\"https:\/\/talkpal.ai\/sv\/vocabulary\/daglig-anvandning-av-katalanska-ordforrad\/\",\"name\":\"Daglig anv\u00e4ndning av katalanska ordf\u00f6rr\u00e5d - Talkpal\",\"isPartOf\":{\"@id\":\"https:\/\/talkpal.ai\/sv\/#website\"},\"primaryImageOfPage\":{\"@id\":\"https:\/\/talkpal.ai\/sv\/vocabulary\/daglig-anvandning-av-katalanska-ordforrad\/#primaryimage\"},\"image\":{\"@id\":\"https:\/\/talkpal.ai\/sv\/vocabulary\/daglig-anvandning-av-katalanska-ordforrad\/#primaryimage\"},\"thumbnailUrl\":\"https:\/\/talkpal.ai\/wp-content\/uploads\/2025\/12\/students-sharing-notes-to-learn-languages.webp\",\"datePublished\":\"2024-06-08T18:29:28+00:00\",\"description\":\"Att l\u00e4ra sig ett nytt spr\u00e5k kan vara en sp\u00e4nnande och utmanande resa. Katalanska, som talas fr\u00e4mst i Katalonien, en region i nord\u00f6stra Spanien, \u00e4r ett av\",\"breadcrumb\":{\"@id\":\"https:\/\/talkpal.ai\/sv\/vocabulary\/daglig-anvandning-av-katalanska-ordforrad\/#breadcrumb\"},\"inLanguage\":\"sv-SE\",\"potentialAction\":[{\"@type\":\"ReadAction\",\"target\":[\"https:\/\/talkpal.ai\/sv\/vocabulary\/daglig-anvandning-av-katalanska-ordforrad\/\"]}]},{\"@type\":\"ImageObject\",\"inLanguage\":\"sv-SE\",\"@id\":\"https:\/\/talkpal.ai\/sv\/vocabulary\/daglig-anvandning-av-katalanska-ordforrad\/#primaryimage\",\"url\":\"https:\/\/talkpal.ai\/wp-content\/uploads\/2025\/12\/students-sharing-notes-to-learn-languages.webp\",\"contentUrl\":\"https:\/\/talkpal.ai\/wp-content\/uploads\/2025\/12\/students-sharing-notes-to-learn-languages.webp\",\"width\":1200,\"height\":896,\"caption\":\"Diverse students sit together at a table and share notes while focused on learning languages.\"},{\"@type\":\"BreadcrumbList\",\"@id\":\"https:\/\/talkpal.ai\/sv\/vocabulary\/daglig-anvandning-av-katalanska-ordforrad\/#breadcrumb\",\"itemListElement\":[{\"@type\":\"ListItem\",\"position\":1,\"name\":\"Homepage\",\"item\":\"https:\/\/talkpal.ai\/sv\/\"},{\"@type\":\"ListItem\",\"position\":2,\"name\":\"Daglig anv\u00e4ndning av katalanska ordf\u00f6rr\u00e5d\"}]},{\"@type\":\"WebSite\",\"@id\":\"https:\/\/talkpal.ai\/sv\/#website\",\"url\":\"https:\/\/talkpal.ai\/sv\/\",\"name\":\"Talkpal\",\"description\":\"AI Language Learning\",\"publisher\":{\"@id\":\"https:\/\/talkpal.ai\/sv\/#organization\"},\"alternateName\":\"Talkpal AI\",\"potentialAction\":[{\"@type\":\"SearchAction\",\"target\":{\"@type\":\"EntryPoint\",\"urlTemplate\":\"https:\/\/talkpal.ai\/sv\/?s={search_term_string}\"},\"query-input\":{\"@type\":\"PropertyValueSpecification\",\"valueRequired\":true,\"valueName\":\"search_term_string\"}}],\"inLanguage\":\"sv-SE\"},{\"@type\":\"Organization\",\"@id\":\"https:\/\/talkpal.ai\/sv\/#organization\",\"name\":\"Talkpal, Inc.\",\"alternateName\":\"Talkpal AI\",\"url\":\"https:\/\/talkpal.ai\/sv\/\",\"logo\":{\"@type\":\"ImageObject\",\"inLanguage\":\"sv-SE\",\"@id\":\"https:\/\/talkpal.ai\/sv\/#\/schema\/logo\/image\/\",\"url\":\"https:\/\/talkpal.ai\/wp-content\/uploads\/2024\/03\/Talkpal-Logo-Icon.png\",\"contentUrl\":\"https:\/\/talkpal.ai\/wp-content\/uploads\/2024\/03\/Talkpal-Logo-Icon.png\",\"width\":2880,\"height\":2880,\"caption\":\"Talkpal, Inc.\"},\"image\":{\"@id\":\"https:\/\/talkpal.ai\/sv\/#\/schema\/logo\/image\/\"},\"sameAs\":[\"https:\/\/www.facebook.com\/profile.php?id=100090733639311\",\"https:\/\/x.com\/talkpalai\",\"https:\/\/www.linkedin.com\/company\/talkpal\/\",\"https:\/\/www.youtube.com\/@TalkPal\/\",\"https:\/\/www.tiktok.com\/@talkpal\",\"https:\/\/www.instagram.com\/talkpal_ai\/\",\"https:\/\/www.crunchbase.com\/organization\/talkpal-9cde\",\"https:\/\/www.g2.com\/products\/talkpal-for-business\/\",\"https:\/\/www.trustpilot.com\/review\/talkpal.ai\",\"https:\/\/www.capterra.com\/p\/10006800\/TalkPal\/\"],\"description\":\"Talkpal is a language learning web and mobile education app, powered by the latest AI technologies, that provides engaging experiences to its customers in many different languages to help them improve their language skills. Users can chat about unlimited amount of topics with the app and use other modes to practice their language learning.\",\"email\":\"support@talkpal.ai\",\"legalName\":\"Talkpal, Inc.\",\"foundingDate\":\"2023-04-03\",\"duns\":\"118989042\",\"numberOfEmployees\":{\"@type\":\"QuantitativeValue\",\"minValue\":\"11\",\"maxValue\":\"50\"},\"publishingPrinciples\":\"https:\/\/talkpal.ai\/publishing-principles\/\",\"actionableFeedbackPolicy\":\"https:\/\/talkpal.ai\/actionable-feedback-policy\/\",\"correctionsPolicy\":\"https:\/\/talkpal.ai\/corrections-policy\/\",\"ethicsPolicy\":\"https:\/\/talkpal.ai\/ethics-policy\/\",\"diversityPolicy\":\"https:\/\/talkpal.ai\/diversity-policy\/\",\"diversityStaffingReport\":\"https:\/\/talkpal.ai\/diversity-policy\/\"}]}<\/script>\n<!-- \/ Yoast SEO Premium plugin. -->","yoast_head_json":{"title":"Daglig anv\u00e4ndning av katalanska ordf\u00f6rr\u00e5d - Talkpal","description":"Att l\u00e4ra sig ett nytt spr\u00e5k kan vara en sp\u00e4nnande och utmanande resa. Katalanska, som talas fr\u00e4mst i Katalonien, en region i nord\u00f6stra Spanien, \u00e4r ett av","robots":{"index":"index","follow":"follow","max-snippet":"max-snippet:-1","max-image-preview":"max-image-preview:large","max-video-preview":"max-video-preview:-1"},"canonical":"https:\/\/talkpal.ai\/sv\/vocabulary\/daglig-anvandning-av-katalanska-ordforrad\/","og_locale":"sv_SE","og_type":"article","og_title":"Daglig anv\u00e4ndning av katalanska ordf\u00f6rr\u00e5d","og_description":"Att l\u00e4ra sig ett nytt spr\u00e5k kan vara en sp\u00e4nnande och utmanande resa. Katalanska, som talas fr\u00e4mst i Katalonien, en region i nord\u00f6stra Spanien, \u00e4r ett av","og_url":"https:\/\/talkpal.ai\/sv\/vocabulary\/daglig-anvandning-av-katalanska-ordforrad\/","og_site_name":"Talkpal","article_publisher":"https:\/\/www.facebook.com\/profile.php?id=100090733639311","og_image":[{"width":1024,"height":1024,"url":"https:\/\/talkpal.ai\/wp-content\/uploads\/2024\/10\/talkpal_flat_illustration_of_a_employees_working_together_happi_c674ff77-e477-4e09-835a-01d30e561e99.png","type":"image\/png"}],"twitter_card":"summary_large_image","twitter_site":"@talkpalai","twitter_misc":{"Ber\u00e4knad l\u00e4stid":"5 minuter"},"schema":{"@context":"https:\/\/schema.org","@graph":[{"@type":"WebPage","@id":"https:\/\/talkpal.ai\/sv\/vocabulary\/daglig-anvandning-av-katalanska-ordforrad\/","url":"https:\/\/talkpal.ai\/sv\/vocabulary\/daglig-anvandning-av-katalanska-ordforrad\/","name":"Daglig anv\u00e4ndning av katalanska ordf\u00f6rr\u00e5d - Talkpal","isPartOf":{"@id":"https:\/\/talkpal.ai\/sv\/#website"},"primaryImageOfPage":{"@id":"https:\/\/talkpal.ai\/sv\/vocabulary\/daglig-anvandning-av-katalanska-ordforrad\/#primaryimage"},"image":{"@id":"https:\/\/talkpal.ai\/sv\/vocabulary\/daglig-anvandning-av-katalanska-ordforrad\/#primaryimage"},"thumbnailUrl":"https:\/\/talkpal.ai\/wp-content\/uploads\/2025\/12\/students-sharing-notes-to-learn-languages.webp","datePublished":"2024-06-08T18:29:28+00:00","description":"Att l\u00e4ra sig ett nytt spr\u00e5k kan vara en sp\u00e4nnande och utmanande resa. Katalanska, som talas fr\u00e4mst i Katalonien, en region i nord\u00f6stra Spanien, \u00e4r ett av","breadcrumb":{"@id":"https:\/\/talkpal.ai\/sv\/vocabulary\/daglig-anvandning-av-katalanska-ordforrad\/#breadcrumb"},"inLanguage":"sv-SE","potentialAction":[{"@type":"ReadAction","target":["https:\/\/talkpal.ai\/sv\/vocabulary\/daglig-anvandning-av-katalanska-ordforrad\/"]}]},{"@type":"ImageObject","inLanguage":"sv-SE","@id":"https:\/\/talkpal.ai\/sv\/vocabulary\/daglig-anvandning-av-katalanska-ordforrad\/#primaryimage","url":"https:\/\/talkpal.ai\/wp-content\/uploads\/2025\/12\/students-sharing-notes-to-learn-languages.webp","contentUrl":"https:\/\/talkpal.ai\/wp-content\/uploads\/2025\/12\/students-sharing-notes-to-learn-languages.webp","width":1200,"height":896,"caption":"Diverse students sit together at a table and share notes while focused on learning languages."},{"@type":"BreadcrumbList","@id":"https:\/\/talkpal.ai\/sv\/vocabulary\/daglig-anvandning-av-katalanska-ordforrad\/#breadcrumb","itemListElement":[{"@type":"ListItem","position":1,"name":"Homepage","item":"https:\/\/talkpal.ai\/sv\/"},{"@type":"ListItem","position":2,"name":"Daglig anv\u00e4ndning av katalanska ordf\u00f6rr\u00e5d"}]},{"@type":"WebSite","@id":"https:\/\/talkpal.ai\/sv\/#website","url":"https:\/\/talkpal.ai\/sv\/","name":"Talkpal","description":"AI Language Learning","publisher":{"@id":"https:\/\/talkpal.ai\/sv\/#organization"},"alternateName":"Talkpal AI","potentialAction":[{"@type":"SearchAction","target":{"@type":"EntryPoint","urlTemplate":"https:\/\/talkpal.ai\/sv\/?s={search_term_string}"},"query-input":{"@type":"PropertyValueSpecification","valueRequired":true,"valueName":"search_term_string"}}],"inLanguage":"sv-SE"},{"@type":"Organization","@id":"https:\/\/talkpal.ai\/sv\/#organization","name":"Talkpal, Inc.","alternateName":"Talkpal AI","url":"https:\/\/talkpal.ai\/sv\/","logo":{"@type":"ImageObject","inLanguage":"sv-SE","@id":"https:\/\/talkpal.ai\/sv\/#\/schema\/logo\/image\/","url":"https:\/\/talkpal.ai\/wp-content\/uploads\/2024\/03\/Talkpal-Logo-Icon.png","contentUrl":"https:\/\/talkpal.ai\/wp-content\/uploads\/2024\/03\/Talkpal-Logo-Icon.png","width":2880,"height":2880,"caption":"Talkpal, Inc."},"image":{"@id":"https:\/\/talkpal.ai\/sv\/#\/schema\/logo\/image\/"},"sameAs":["https:\/\/www.facebook.com\/profile.php?id=100090733639311","https:\/\/x.com\/talkpalai","https:\/\/www.linkedin.com\/company\/talkpal\/","https:\/\/www.youtube.com\/@TalkPal\/","https:\/\/www.tiktok.com\/@talkpal","https:\/\/www.instagram.com\/talkpal_ai\/","https:\/\/www.crunchbase.com\/organization\/talkpal-9cde","https:\/\/www.g2.com\/products\/talkpal-for-business\/","https:\/\/www.trustpilot.com\/review\/talkpal.ai","https:\/\/www.capterra.com\/p\/10006800\/TalkPal\/"],"description":"Talkpal is a language learning web and mobile education app, powered by the latest AI technologies, that provides engaging experiences to its customers in many different languages to help them improve their language skills. Users can chat about unlimited amount of topics with the app and use other modes to practice their language learning.","email":"support@talkpal.ai","legalName":"Talkpal, Inc.","foundingDate":"2023-04-03","duns":"118989042","numberOfEmployees":{"@type":"QuantitativeValue","minValue":"11","maxValue":"50"},"publishingPrinciples":"https:\/\/talkpal.ai\/publishing-principles\/","actionableFeedbackPolicy":"https:\/\/talkpal.ai\/actionable-feedback-policy\/","correctionsPolicy":"https:\/\/talkpal.ai\/corrections-policy\/","ethicsPolicy":"https:\/\/talkpal.ai\/ethics-policy\/","diversityPolicy":"https:\/\/talkpal.ai\/diversity-policy\/","diversityStaffingReport":"https:\/\/talkpal.ai\/diversity-policy\/"}]}},"_links":{"self":[{"href":"https:\/\/talkpal.ai\/sv\/wp-json\/wp\/v2\/vocabulary\/716665","targetHints":{"allow":["GET"]}}],"collection":[{"href":"https:\/\/talkpal.ai\/sv\/wp-json\/wp\/v2\/vocabulary"}],"about":[{"href":"https:\/\/talkpal.ai\/sv\/wp-json\/wp\/v2\/types\/vocabulary"}],"wp:featuredmedia":[{"embeddable":true,"href":"https:\/\/talkpal.ai\/sv\/wp-json\/wp\/v2\/media\/1527967"}],"wp:attachment":[{"href":"https:\/\/talkpal.ai\/sv\/wp-json\/wp\/v2\/media?parent=716665"}],"wp:term":[{"taxonomy":"vocabulary_language","embeddable":true,"href":"https:\/\/talkpal.ai\/sv\/wp-json\/wp\/v2\/vocabulary_language?post=716665"}],"curies":[{"name":"wp","href":"https:\/\/api.w.org\/{rel}","templated":true}]}}