{"id":716661,"date":"2024-06-08T18:29:09","date_gmt":"2024-06-08T18:29:09","guid":{"rendered":"https:\/\/talkpal.ai\/vocabulary\/vadervillkor-pa-katalanska\/"},"modified":"2024-06-08T18:29:09","modified_gmt":"2024-06-08T18:29:09","slug":"vadervillkor-pa-katalanska","status":"publish","type":"vocabulary","link":"https:\/\/talkpal.ai\/sv\/vocabulary\/vadervillkor-pa-katalanska\/","title":{"rendered":"V\u00e4dervillkor p\u00e5 katalanska"},"content":{"rendered":"<p>Att l\u00e4ra sig ett nytt spr\u00e5k kan vara b\u00e5de utmanande och givande, s\u00e4rskilt n\u00e4r det g\u00e4ller att f\u00f6rst\u00e5 och anv\u00e4nda v\u00e4dervillkor. V\u00e4der \u00e4r n\u00e5got som p\u00e5verkar <a href=\"https:\/\/talkpal.ai\/locations\/language-courses-in-oss\/\">oss<\/a> alla och att kunna <a href=\"https:\/\/talkpal.ai\/locations\/language-courses-in-prata\/\">prata<\/a> om det p\u00e5 ett nytt spr\u00e5k \u00f6ppnar upp nya m\u00f6jligheter till samtal och f\u00f6rst\u00e5else. I <a href=\"https:\/\/talkpal.ai\/culture\/how-do-i-use-den-har-and-det-har\/\">den h\u00e4r<\/a> artikeln kommer vi att utforska n\u00e5gra vanliga v\u00e4dervillkor p\u00e5 <a href=\"https:\/\/talkpal.ai\/learn-catalan\/\">katalanska<\/a>, s\u00e5 att du kan k\u00e4nna dig tryggare och mer sj\u00e4lvs\u00e4ker n\u00e4r du diskuterar v\u00e4dret med katalansktalande personer.<\/p>\n<h2>Grundl\u00e4ggande v\u00e4deruttryck<\/h2>\n<p><b>Sol<\/b> &#8211; sol<br \/>\nN\u00e4r solen skiner och himlen \u00e4r klar, anv\u00e4nder vi ordet <b>sol<\/b> p\u00e5 katalanska.<br \/>\n<font color=\"#2D3AC7\">La <b>sol<\/b> brilla avui.<\/font><\/p>\n<p><b>Pluja<\/b> &#8211; regn<br \/>\nN\u00e4r det regnar, s\u00e4ger vi <b>pluja<\/b> p\u00e5 katalanska.<br \/>\n<font color=\"#2D3AC7\">Avui hi ha molta <b>pluja<\/b>.<\/font><\/p>\n<p><b>Neu<\/b> &#8211; sn\u00f6<br \/>\nP\u00e5 vintern, n\u00e4r sn\u00f6n faller, anv\u00e4nder vi ordet <b>neu<\/b> p\u00e5 katalanska.<br \/>\n<font color=\"#2D3AC7\">La <b>neu<\/b> cau a les muntanyes.<\/font><\/p>\n<p><b>Vent<\/b> &#8211; vind<br \/>\nN\u00e4r det bl\u00e5ser, anv\u00e4nder vi ordet <b>vent<\/b> p\u00e5 katalanska.<br \/>\n<font color=\"#2D3AC7\">El <b>vent<\/b> \u00e9s molt fort avui.<\/font><\/p>\n<h2>Beskrivande v\u00e4deruttryck<\/h2>\n<p><b>Ennuvolat<\/b> &#8211; molnigt<br \/>\nOm himlen \u00e4r t\u00e4ckt av moln, s\u00e4ger vi <b>ennuvolat<\/b> p\u00e5 katalanska.<br \/>\n<font color=\"#2D3AC7\">El cel est\u00e0 <b>ennuvolat<\/b> avui.<\/font><\/p>\n<p><b>Fred<\/b> &#8211; kallt<br \/>\nN\u00e4r temperaturen \u00e4r l\u00e5g, anv\u00e4nder vi ordet <b>fred<\/b> p\u00e5 katalanska.<br \/>\n<font color=\"#2D3AC7\">Fa molt <b>fred<\/b> aquest mat\u00ed.<\/font><\/p>\n<p><b>Calor<\/b> &#8211; varmt<br \/>\nN\u00e4r temperaturen \u00e4r h\u00f6g, s\u00e4ger vi <b>calor<\/b> p\u00e5 katalanska.<br \/>\n<font color=\"#2D3AC7\">Fa molta <b>calor<\/b> a l&#8217;estiu.<\/font><\/p>\n<p><b>Humitat<\/b> &#8211; fuktighet<br \/>\nN\u00e4r luften \u00e4r fuktig, anv\u00e4nder vi ordet <b>humitat<\/b> p\u00e5 katalanska.<br \/>\n<font color=\"#2D3AC7\">Hi ha molta <b>humitat<\/b> avui.<\/font><\/p>\n<h3>Specifika v\u00e4derfenomen<\/h3>\n<p><b>Tempesta<\/b> &#8211; storm<br \/>\nN\u00e4r det \u00e4r stormigt, s\u00e4ger vi <b>tempesta<\/b> p\u00e5 katalanska.<br \/>\n<font color=\"#2D3AC7\">Hi ha una <b>tempesta<\/b> aquesta nit.<\/font><\/p>\n<p><b>Boira<\/b> &#8211; dimma<br \/>\nN\u00e4r det \u00e4r dimmigt, anv\u00e4nder vi ordet <b>boira<\/b> p\u00e5 katalanska.<br \/>\n<font color=\"#2D3AC7\">La <b>boira<\/b> \u00e9s molt espessa aquest mat\u00ed.<\/font><\/p>\n<p><b>Arc de Sant Mart\u00ed<\/b> &#8211; regnb\u00e5ge<br \/>\nEfter regn, kan vi ibland se en <b>arc de Sant Mart\u00ed<\/b> p\u00e5 himlen.<br \/>\n<font color=\"#2D3AC7\">Hi ha un <b>arc de Sant Mart\u00ed<\/b> despr\u00e9s de la pluja.<\/font><\/p>\n<p><b>Gla\u00e7<\/b> &#8211; is<br \/>\nN\u00e4r vattnet fryser, s\u00e4ger vi <b>gla\u00e7<\/b> p\u00e5 katalanska.<br \/>\n<font color=\"#2D3AC7\">Hi ha <b>gla\u00e7<\/b> al carrer.<\/font><\/p>\n<h2>Uttryck och fraser<\/h2>\n<p><b>Quin temps fa?<\/b> &#8211; Hur \u00e4r v\u00e4dret?<br \/>\nF\u00f6r att fr\u00e5ga om v\u00e4dret, anv\u00e4nder vi frasen <b>Quin temps fa?<\/b> p\u00e5 katalanska.<br \/>\n<font color=\"#2D3AC7\"><b>Quin temps fa?<\/b><\/font><\/p>\n<p><b>Fa bon temps<\/b> &#8211; Det \u00e4r fint v\u00e4der<br \/>\nN\u00e4r v\u00e4dret \u00e4r <a href=\"https:\/\/talkpal.ai\/locations\/learn-english-in-bra\/\">bra<\/a>, s\u00e4ger vi <b>fa bon temps<\/b> p\u00e5 katalanska.<br \/>\n<font color=\"#2D3AC7\"><b>Fa bon temps<\/b> avui.<\/font><\/p>\n<p><b>Fa mal temps<\/b> &#8211; Det \u00e4r d\u00e5ligt v\u00e4der<br \/>\nN\u00e4r v\u00e4dret \u00e4r d\u00e5ligt, anv\u00e4nder vi frasen <b>fa mal temps<\/b> p\u00e5 katalanska.<br \/>\n<font color=\"#2D3AC7\"><b>Fa mal temps<\/b> aquesta setmana.<\/font><\/p>\n<p><b>Est\u00e0 plovent<\/b> &#8211; Det regnar<br \/>\nN\u00e4r det regnar, s\u00e4ger vi <b>est\u00e0 plovent<\/b> p\u00e5 katalanska.<br \/>\n<font color=\"#2D3AC7\"><b>Est\u00e0 plovent<\/b> molt fort.<\/font><\/p>\n<p><b>Est\u00e0 nevant<\/b> &#8211; Det sn\u00f6ar<br \/>\nN\u00e4r det sn\u00f6ar, anv\u00e4nder vi frasen <b>est\u00e0 nevant<\/b> p\u00e5 katalanska.<br \/>\n<font color=\"#2D3AC7\"><b>Est\u00e0 nevant<\/b> a la muntanya.<\/font><\/p>\n<p><b>Fa sol<\/b> &#8211; Det \u00e4r soligt<br \/>\nN\u00e4r solen skiner, s\u00e4ger vi <b>fa sol<\/b> p\u00e5 katalanska.<br \/>\n<font color=\"#2D3AC7\"><b>Fa sol<\/b> avui.<\/font><\/p>\n<h3>V\u00e4derrelaterade aktiviteter<\/h3>\n<p><b>Prendre el sol<\/b> &#8211; <a href=\"https:\/\/talkpal.ai\/locations\/language-courses-in-sola\/\">sola<\/a> sig<br \/>\nN\u00e4r vi vill sola oss, anv\u00e4nder vi frasen <b>prendre el sol<\/b> p\u00e5 katalanska.<br \/>\n<font color=\"#2D3AC7\">M&#8217;agrada <b>prendre el sol<\/b> a la platja.<\/font><\/p>\n<p><b>Fer un ninot de neu<\/b> &#8211; g\u00f6ra en sn\u00f6gubbe<br \/>\nN\u00e4r vi vill g\u00f6ra en sn\u00f6gubbe, s\u00e4ger vi <b>fer un ninot de neu<\/b> p\u00e5 katalanska.<br \/>\n<font color=\"#2D3AC7\">Els nens volen <b>fer un ninot de neu<\/b>.<\/font><\/p>\n<p><b>Fer una passejada<\/b> &#8211; ta en promenad<br \/>\nN\u00e4r vi vill ta en promenad, anv\u00e4nder vi frasen <b>fer una passejada<\/b> p\u00e5 katalanska.<br \/>\n<font color=\"#2D3AC7\">Anem a <b>fer una passejada<\/b> pel parc.<\/font><\/p>\n<p><b>Esquiar<\/b> &#8211; \u00e5ka skidor<br \/>\nN\u00e4r vi vill \u00e5ka skidor, s\u00e4ger vi <b>esquiar<\/b> p\u00e5 katalanska.<br \/>\n<font color=\"#2D3AC7\">M&#8217;agrada <b>esquiar<\/b> a l&#8217;hivern.<\/font><\/p>\n<h2>V\u00e4derprognoser<\/h2>\n<p><b>Previsi\u00f3 del temps<\/b> &#8211; v\u00e4derprognos<br \/>\nF\u00f6r att tala om v\u00e4derprognosen, anv\u00e4nder vi frasen <b>previsi\u00f3 del temps<\/b> p\u00e5 katalanska.<br \/>\n<font color=\"#2D3AC7\">La <b>previsi\u00f3 del temps<\/b> diu que plour\u00e0 dem\u00e0.<\/font><\/p>\n<p><b>Temperatura<\/b> &#8211; temperatur<br \/>\nN\u00e4r vi talar om temperaturen, s\u00e4ger vi <b>temperatura<\/b> p\u00e5 katalanska.<br \/>\n<font color=\"#2D3AC7\">La <b>temperatura<\/b> \u00e9s molt baixa avui.<\/font><\/p>\n<p><b>Probabilitat de precipitaci\u00f3<\/b> &#8211; nederb\u00f6rdsrisk<br \/>\nF\u00f6r att tala om risken f\u00f6r nederb\u00f6rd, anv\u00e4nder vi frasen <b>probabilitat de precipitaci\u00f3<\/b> p\u00e5 katalanska.<br \/>\n<font color=\"#2D3AC7\">Hi ha una alta <b>probabilitat de precipitaci\u00f3<\/b>.<\/font><\/p>\n<p><b>Rafegues de vent<\/b> &#8211; vindbyar<br \/>\nN\u00e4r vi talar om vindbyar, s\u00e4ger vi <b>rafegues de vent<\/b> p\u00e5 katalanska.<br \/>\n<font color=\"#2D3AC7\">Hi haur\u00e0 <b>rafegues de vent<\/b> aquesta tarda.<\/font><\/p>\n<p><b>Cel clar<\/b> &#8211; klar himmel<br \/>\nN\u00e4r himlen \u00e4r klar, anv\u00e4nder vi frasen <b>cel clar<\/b> p\u00e5 katalanska.<br \/>\n<font color=\"#2D3AC7\">Dem\u00e0 tindrem <b>cel clar<\/b>.<\/font><\/p>\n<p>Genom att l\u00e4ra dig dessa katalanska v\u00e4deruttryck och fraser, kommer du att kunna prata om v\u00e4dret med st\u00f6rre sj\u00e4lvf\u00f6rtroende. Oavsett om du planerar en resa till Katalonien eller bara vill f\u00f6rb\u00e4ttra din spr\u00e5kf\u00f6rm\u00e5ga, \u00e4r det att kunna tala om v\u00e4der ett viktigt steg i din spr\u00e5kinl\u00e4rning. Forts\u00e4tt att \u00f6va och anv\u00e4nda dessa ord i dina samtal, s\u00e5 kommer du snart att k\u00e4nna dig bekv\u00e4m med att diskutera v\u00e4der p\u00e5 katalanska.<\/p>\n","protected":false},"featured_media":1527828,"template":"","vocabulary_language":[4179],"class_list":["post-716661","vocabulary","type-vocabulary","status-publish","has-post-thumbnail","hentry","vocabulary_language-katalanska"],"acf":[],"yoast_head":"<!-- This site is optimized with the Yoast SEO Premium plugin v27.2 (Yoast SEO v27.2) - https:\/\/yoast.com\/product\/yoast-seo-premium-wordpress\/ -->\n<title>V\u00e4dervillkor p\u00e5 katalanska - Talkpal<\/title>\n<meta name=\"description\" content=\"Att l\u00e4ra sig ett nytt spr\u00e5k kan vara b\u00e5de utmanande och givande, s\u00e4rskilt n\u00e4r det g\u00e4ller att f\u00f6rst\u00e5 och anv\u00e4nda v\u00e4dervillkor. V\u00e4der \u00e4r n\u00e5got som p\u00e5verkar\" \/>\n<meta name=\"robots\" content=\"index, follow, max-snippet:-1, max-image-preview:large, max-video-preview:-1\" \/>\n<link rel=\"canonical\" href=\"https:\/\/talkpal.ai\/sv\/vocabulary\/vadervillkor-pa-katalanska\/\" \/>\n<meta property=\"og:locale\" content=\"sv_SE\" \/>\n<meta property=\"og:type\" content=\"article\" \/>\n<meta property=\"og:title\" content=\"V\u00e4dervillkor p\u00e5 katalanska\" \/>\n<meta property=\"og:description\" content=\"Att l\u00e4ra sig ett nytt spr\u00e5k kan vara b\u00e5de utmanande och givande, s\u00e4rskilt n\u00e4r det g\u00e4ller att f\u00f6rst\u00e5 och anv\u00e4nda v\u00e4dervillkor. V\u00e4der \u00e4r n\u00e5got som p\u00e5verkar\" \/>\n<meta property=\"og:url\" content=\"https:\/\/talkpal.ai\/sv\/vocabulary\/vadervillkor-pa-katalanska\/\" \/>\n<meta property=\"og:site_name\" content=\"Talkpal\" \/>\n<meta property=\"article:publisher\" content=\"https:\/\/www.facebook.com\/profile.php?id=100090733639311\" \/>\n<meta property=\"og:image\" content=\"https:\/\/talkpal.ai\/wp-content\/uploads\/2024\/10\/talkpal_flat_illustration_of_a_employees_working_together_happi_c674ff77-e477-4e09-835a-01d30e561e99.png\" \/>\n\t<meta property=\"og:image:width\" content=\"1024\" \/>\n\t<meta property=\"og:image:height\" content=\"1024\" \/>\n\t<meta property=\"og:image:type\" content=\"image\/png\" \/>\n<meta name=\"twitter:card\" content=\"summary_large_image\" \/>\n<meta name=\"twitter:site\" content=\"@talkpalai\" \/>\n<meta name=\"twitter:label1\" content=\"Ber\u00e4knad l\u00e4stid\" \/>\n\t<meta name=\"twitter:data1\" content=\"4 minuter\" \/>\n<script type=\"application\/ld+json\" class=\"yoast-schema-graph\">{\"@context\":\"https:\/\/schema.org\",\"@graph\":[{\"@type\":\"WebPage\",\"@id\":\"https:\/\/talkpal.ai\/sv\/vocabulary\/vadervillkor-pa-katalanska\/\",\"url\":\"https:\/\/talkpal.ai\/sv\/vocabulary\/vadervillkor-pa-katalanska\/\",\"name\":\"V\u00e4dervillkor p\u00e5 katalanska - Talkpal\",\"isPartOf\":{\"@id\":\"https:\/\/talkpal.ai\/sv\/#website\"},\"primaryImageOfPage\":{\"@id\":\"https:\/\/talkpal.ai\/sv\/vocabulary\/vadervillkor-pa-katalanska\/#primaryimage\"},\"image\":{\"@id\":\"https:\/\/talkpal.ai\/sv\/vocabulary\/vadervillkor-pa-katalanska\/#primaryimage\"},\"thumbnailUrl\":\"https:\/\/talkpal.ai\/wp-content\/uploads\/2025\/12\/paper-is-signed-while-learning-languages.webp\",\"datePublished\":\"2024-06-08T18:29:09+00:00\",\"description\":\"Att l\u00e4ra sig ett nytt spr\u00e5k kan vara b\u00e5de utmanande och givande, s\u00e4rskilt n\u00e4r det g\u00e4ller att f\u00f6rst\u00e5 och anv\u00e4nda v\u00e4dervillkor. V\u00e4der \u00e4r n\u00e5got som p\u00e5verkar\",\"breadcrumb\":{\"@id\":\"https:\/\/talkpal.ai\/sv\/vocabulary\/vadervillkor-pa-katalanska\/#breadcrumb\"},\"inLanguage\":\"sv-SE\",\"potentialAction\":[{\"@type\":\"ReadAction\",\"target\":[\"https:\/\/talkpal.ai\/sv\/vocabulary\/vadervillkor-pa-katalanska\/\"]}]},{\"@type\":\"ImageObject\",\"inLanguage\":\"sv-SE\",\"@id\":\"https:\/\/talkpal.ai\/sv\/vocabulary\/vadervillkor-pa-katalanska\/#primaryimage\",\"url\":\"https:\/\/talkpal.ai\/wp-content\/uploads\/2025\/12\/paper-is-signed-while-learning-languages.webp\",\"contentUrl\":\"https:\/\/talkpal.ai\/wp-content\/uploads\/2025\/12\/paper-is-signed-while-learning-languages.webp\",\"width\":1200,\"height\":896,\"caption\":\"A student takes notes to learn languages at a long desk with a view of a city campus at sunset.\"},{\"@type\":\"BreadcrumbList\",\"@id\":\"https:\/\/talkpal.ai\/sv\/vocabulary\/vadervillkor-pa-katalanska\/#breadcrumb\",\"itemListElement\":[{\"@type\":\"ListItem\",\"position\":1,\"name\":\"Homepage\",\"item\":\"https:\/\/talkpal.ai\/sv\/\"},{\"@type\":\"ListItem\",\"position\":2,\"name\":\"V\u00e4dervillkor p\u00e5 katalanska\"}]},{\"@type\":\"WebSite\",\"@id\":\"https:\/\/talkpal.ai\/sv\/#website\",\"url\":\"https:\/\/talkpal.ai\/sv\/\",\"name\":\"Talkpal\",\"description\":\"AI Language Learning\",\"publisher\":{\"@id\":\"https:\/\/talkpal.ai\/sv\/#organization\"},\"alternateName\":\"Talkpal AI\",\"potentialAction\":[{\"@type\":\"SearchAction\",\"target\":{\"@type\":\"EntryPoint\",\"urlTemplate\":\"https:\/\/talkpal.ai\/sv\/?s={search_term_string}\"},\"query-input\":{\"@type\":\"PropertyValueSpecification\",\"valueRequired\":true,\"valueName\":\"search_term_string\"}}],\"inLanguage\":\"sv-SE\"},{\"@type\":\"Organization\",\"@id\":\"https:\/\/talkpal.ai\/sv\/#organization\",\"name\":\"Talkpal, Inc.\",\"alternateName\":\"Talkpal AI\",\"url\":\"https:\/\/talkpal.ai\/sv\/\",\"logo\":{\"@type\":\"ImageObject\",\"inLanguage\":\"sv-SE\",\"@id\":\"https:\/\/talkpal.ai\/sv\/#\/schema\/logo\/image\/\",\"url\":\"https:\/\/talkpal.ai\/wp-content\/uploads\/2024\/03\/Talkpal-Logo-Icon.png\",\"contentUrl\":\"https:\/\/talkpal.ai\/wp-content\/uploads\/2024\/03\/Talkpal-Logo-Icon.png\",\"width\":2880,\"height\":2880,\"caption\":\"Talkpal, Inc.\"},\"image\":{\"@id\":\"https:\/\/talkpal.ai\/sv\/#\/schema\/logo\/image\/\"},\"sameAs\":[\"https:\/\/www.facebook.com\/profile.php?id=100090733639311\",\"https:\/\/x.com\/talkpalai\",\"https:\/\/www.linkedin.com\/company\/talkpal\/\",\"https:\/\/www.youtube.com\/@TalkPal\/\",\"https:\/\/www.tiktok.com\/@talkpal\",\"https:\/\/www.instagram.com\/talkpal_ai\/\",\"https:\/\/www.crunchbase.com\/organization\/talkpal-9cde\",\"https:\/\/www.g2.com\/products\/talkpal-for-business\/\",\"https:\/\/www.trustpilot.com\/review\/talkpal.ai\",\"https:\/\/www.capterra.com\/p\/10006800\/TalkPal\/\"],\"description\":\"Talkpal is a language learning web and mobile education app, powered by the latest AI technologies, that provides engaging experiences to its customers in many different languages to help them improve their language skills. Users can chat about unlimited amount of topics with the app and use other modes to practice their language learning.\",\"email\":\"support@talkpal.ai\",\"legalName\":\"Talkpal, Inc.\",\"foundingDate\":\"2023-04-03\",\"duns\":\"118989042\",\"numberOfEmployees\":{\"@type\":\"QuantitativeValue\",\"minValue\":\"11\",\"maxValue\":\"50\"},\"publishingPrinciples\":\"https:\/\/talkpal.ai\/publishing-principles\/\",\"actionableFeedbackPolicy\":\"https:\/\/talkpal.ai\/actionable-feedback-policy\/\",\"correctionsPolicy\":\"https:\/\/talkpal.ai\/corrections-policy\/\",\"ethicsPolicy\":\"https:\/\/talkpal.ai\/ethics-policy\/\",\"diversityPolicy\":\"https:\/\/talkpal.ai\/diversity-policy\/\",\"diversityStaffingReport\":\"https:\/\/talkpal.ai\/diversity-policy\/\"}]}<\/script>\n<!-- \/ Yoast SEO Premium plugin. -->","yoast_head_json":{"title":"V\u00e4dervillkor p\u00e5 katalanska - Talkpal","description":"Att l\u00e4ra sig ett nytt spr\u00e5k kan vara b\u00e5de utmanande och givande, s\u00e4rskilt n\u00e4r det g\u00e4ller att f\u00f6rst\u00e5 och anv\u00e4nda v\u00e4dervillkor. V\u00e4der \u00e4r n\u00e5got som p\u00e5verkar","robots":{"index":"index","follow":"follow","max-snippet":"max-snippet:-1","max-image-preview":"max-image-preview:large","max-video-preview":"max-video-preview:-1"},"canonical":"https:\/\/talkpal.ai\/sv\/vocabulary\/vadervillkor-pa-katalanska\/","og_locale":"sv_SE","og_type":"article","og_title":"V\u00e4dervillkor p\u00e5 katalanska","og_description":"Att l\u00e4ra sig ett nytt spr\u00e5k kan vara b\u00e5de utmanande och givande, s\u00e4rskilt n\u00e4r det g\u00e4ller att f\u00f6rst\u00e5 och anv\u00e4nda v\u00e4dervillkor. V\u00e4der \u00e4r n\u00e5got som p\u00e5verkar","og_url":"https:\/\/talkpal.ai\/sv\/vocabulary\/vadervillkor-pa-katalanska\/","og_site_name":"Talkpal","article_publisher":"https:\/\/www.facebook.com\/profile.php?id=100090733639311","og_image":[{"width":1024,"height":1024,"url":"https:\/\/talkpal.ai\/wp-content\/uploads\/2024\/10\/talkpal_flat_illustration_of_a_employees_working_together_happi_c674ff77-e477-4e09-835a-01d30e561e99.png","type":"image\/png"}],"twitter_card":"summary_large_image","twitter_site":"@talkpalai","twitter_misc":{"Ber\u00e4knad l\u00e4stid":"4 minuter"},"schema":{"@context":"https:\/\/schema.org","@graph":[{"@type":"WebPage","@id":"https:\/\/talkpal.ai\/sv\/vocabulary\/vadervillkor-pa-katalanska\/","url":"https:\/\/talkpal.ai\/sv\/vocabulary\/vadervillkor-pa-katalanska\/","name":"V\u00e4dervillkor p\u00e5 katalanska - Talkpal","isPartOf":{"@id":"https:\/\/talkpal.ai\/sv\/#website"},"primaryImageOfPage":{"@id":"https:\/\/talkpal.ai\/sv\/vocabulary\/vadervillkor-pa-katalanska\/#primaryimage"},"image":{"@id":"https:\/\/talkpal.ai\/sv\/vocabulary\/vadervillkor-pa-katalanska\/#primaryimage"},"thumbnailUrl":"https:\/\/talkpal.ai\/wp-content\/uploads\/2025\/12\/paper-is-signed-while-learning-languages.webp","datePublished":"2024-06-08T18:29:09+00:00","description":"Att l\u00e4ra sig ett nytt spr\u00e5k kan vara b\u00e5de utmanande och givande, s\u00e4rskilt n\u00e4r det g\u00e4ller att f\u00f6rst\u00e5 och anv\u00e4nda v\u00e4dervillkor. V\u00e4der \u00e4r n\u00e5got som p\u00e5verkar","breadcrumb":{"@id":"https:\/\/talkpal.ai\/sv\/vocabulary\/vadervillkor-pa-katalanska\/#breadcrumb"},"inLanguage":"sv-SE","potentialAction":[{"@type":"ReadAction","target":["https:\/\/talkpal.ai\/sv\/vocabulary\/vadervillkor-pa-katalanska\/"]}]},{"@type":"ImageObject","inLanguage":"sv-SE","@id":"https:\/\/talkpal.ai\/sv\/vocabulary\/vadervillkor-pa-katalanska\/#primaryimage","url":"https:\/\/talkpal.ai\/wp-content\/uploads\/2025\/12\/paper-is-signed-while-learning-languages.webp","contentUrl":"https:\/\/talkpal.ai\/wp-content\/uploads\/2025\/12\/paper-is-signed-while-learning-languages.webp","width":1200,"height":896,"caption":"A student takes notes to learn languages at a long desk with a view of a city campus at sunset."},{"@type":"BreadcrumbList","@id":"https:\/\/talkpal.ai\/sv\/vocabulary\/vadervillkor-pa-katalanska\/#breadcrumb","itemListElement":[{"@type":"ListItem","position":1,"name":"Homepage","item":"https:\/\/talkpal.ai\/sv\/"},{"@type":"ListItem","position":2,"name":"V\u00e4dervillkor p\u00e5 katalanska"}]},{"@type":"WebSite","@id":"https:\/\/talkpal.ai\/sv\/#website","url":"https:\/\/talkpal.ai\/sv\/","name":"Talkpal","description":"AI Language Learning","publisher":{"@id":"https:\/\/talkpal.ai\/sv\/#organization"},"alternateName":"Talkpal AI","potentialAction":[{"@type":"SearchAction","target":{"@type":"EntryPoint","urlTemplate":"https:\/\/talkpal.ai\/sv\/?s={search_term_string}"},"query-input":{"@type":"PropertyValueSpecification","valueRequired":true,"valueName":"search_term_string"}}],"inLanguage":"sv-SE"},{"@type":"Organization","@id":"https:\/\/talkpal.ai\/sv\/#organization","name":"Talkpal, Inc.","alternateName":"Talkpal AI","url":"https:\/\/talkpal.ai\/sv\/","logo":{"@type":"ImageObject","inLanguage":"sv-SE","@id":"https:\/\/talkpal.ai\/sv\/#\/schema\/logo\/image\/","url":"https:\/\/talkpal.ai\/wp-content\/uploads\/2024\/03\/Talkpal-Logo-Icon.png","contentUrl":"https:\/\/talkpal.ai\/wp-content\/uploads\/2024\/03\/Talkpal-Logo-Icon.png","width":2880,"height":2880,"caption":"Talkpal, Inc."},"image":{"@id":"https:\/\/talkpal.ai\/sv\/#\/schema\/logo\/image\/"},"sameAs":["https:\/\/www.facebook.com\/profile.php?id=100090733639311","https:\/\/x.com\/talkpalai","https:\/\/www.linkedin.com\/company\/talkpal\/","https:\/\/www.youtube.com\/@TalkPal\/","https:\/\/www.tiktok.com\/@talkpal","https:\/\/www.instagram.com\/talkpal_ai\/","https:\/\/www.crunchbase.com\/organization\/talkpal-9cde","https:\/\/www.g2.com\/products\/talkpal-for-business\/","https:\/\/www.trustpilot.com\/review\/talkpal.ai","https:\/\/www.capterra.com\/p\/10006800\/TalkPal\/"],"description":"Talkpal is a language learning web and mobile education app, powered by the latest AI technologies, that provides engaging experiences to its customers in many different languages to help them improve their language skills. Users can chat about unlimited amount of topics with the app and use other modes to practice their language learning.","email":"support@talkpal.ai","legalName":"Talkpal, Inc.","foundingDate":"2023-04-03","duns":"118989042","numberOfEmployees":{"@type":"QuantitativeValue","minValue":"11","maxValue":"50"},"publishingPrinciples":"https:\/\/talkpal.ai\/publishing-principles\/","actionableFeedbackPolicy":"https:\/\/talkpal.ai\/actionable-feedback-policy\/","correctionsPolicy":"https:\/\/talkpal.ai\/corrections-policy\/","ethicsPolicy":"https:\/\/talkpal.ai\/ethics-policy\/","diversityPolicy":"https:\/\/talkpal.ai\/diversity-policy\/","diversityStaffingReport":"https:\/\/talkpal.ai\/diversity-policy\/"}]}},"_links":{"self":[{"href":"https:\/\/talkpal.ai\/sv\/wp-json\/wp\/v2\/vocabulary\/716661","targetHints":{"allow":["GET"]}}],"collection":[{"href":"https:\/\/talkpal.ai\/sv\/wp-json\/wp\/v2\/vocabulary"}],"about":[{"href":"https:\/\/talkpal.ai\/sv\/wp-json\/wp\/v2\/types\/vocabulary"}],"wp:featuredmedia":[{"embeddable":true,"href":"https:\/\/talkpal.ai\/sv\/wp-json\/wp\/v2\/media\/1527828"}],"wp:attachment":[{"href":"https:\/\/talkpal.ai\/sv\/wp-json\/wp\/v2\/media?parent=716661"}],"wp:term":[{"taxonomy":"vocabulary_language","embeddable":true,"href":"https:\/\/talkpal.ai\/sv\/wp-json\/wp\/v2\/vocabulary_language?post=716661"}],"curies":[{"name":"wp","href":"https:\/\/api.w.org\/{rel}","templated":true}]}}