{"id":716660,"date":"2024-06-08T18:29:05","date_gmt":"2024-06-08T18:29:05","guid":{"rendered":"https:\/\/talkpal.ai\/vocabulary\/viktiga-ord-for-att-resa-i-katalansktalande-regioner\/"},"modified":"2024-06-08T18:29:05","modified_gmt":"2024-06-08T18:29:05","slug":"viktiga-ord-for-att-resa-i-katalansktalande-regioner","status":"publish","type":"vocabulary","link":"https:\/\/talkpal.ai\/sv\/vocabulary\/viktiga-ord-for-att-resa-i-katalansktalande-regioner\/","title":{"rendered":"Viktiga ord f\u00f6r att resa i katalansktalande regioner"},"content":{"rendered":"<p>Att resa till katalansktalande regioner som Katalonien, <a href=\"https:\/\/talkpal.ai\/locations\/language-courses-in-valencia\/\">Valencia<\/a> eller Balearerna kan vara en fantastisk upplevelse, men det kan ocks\u00e5 vara lite \u00f6verv\u00e4ldigande om du inte f\u00f6rst\u00e5r spr\u00e5ket. H\u00e4r \u00e4r en lista \u00f6ver viktiga ord och fraser p\u00e5 <a href=\"https:\/\/talkpal.ai\/learn-catalan\/\">katalanska<\/a> som kan hj\u00e4lpa dig att navigera och g\u00f6ra din resa mer njutbar. Att l\u00e4ra sig dessa ord kommer inte bara att hj\u00e4lpa dig att kommunicera b\u00e4ttre, utan det kommer ocks\u00e5 att visa lokalbefolkningen att du uppskattar deras kultur och spr\u00e5k.<\/p>\n<h2>Grundl\u00e4ggande H\u00e4lsningsfraser<\/h2>\n<p><b>Hola<\/b> &#8211; Hej<br \/>\n<font color=\"#2D3AC7\">Hola, com est\u00e0s?<\/font><\/p>\n<p><b>Ad\u00e9u<\/b> &#8211; Hejd\u00e5<br \/>\n<font color=\"#2D3AC7\">Ad\u00e9u, <a href=\"https:\/\/talkpal.ai\/learn-finnish\/\">fins<\/a> dem\u00e0!<\/font><\/p>\n<p><b>Bon dia<\/b> &#8211; <a href=\"https:\/\/talkpal.ai\/culture\/what-is-the-difference-between-god-morgon-and-god-dag\/\">God morgon<\/a> \/ God dag<br \/>\n<font color=\"#2D3AC7\"><a href=\"https:\/\/talkpal.ai\/culture\/what-is-the-difference-between-bon-dia-and-bona-tarda\/\">Bon dia<\/a>, com ha anat la nit?<\/font><\/p>\n<p><b>Bona nit<\/b> &#8211; <a href=\"https:\/\/talkpal.ai\/culture\/how-do-you-say-good-night-in-norwegian\/\">God natt<\/a><br \/>\n<font color=\"#2D3AC7\">Bona nit i somnis dol\u00e7os.<\/font><\/p>\n<p><b>Si us plau<\/b> &#8211; Sn\u00e4lla<br \/>\n<font color=\"#2D3AC7\">Em pots passar la sal, si us plau?<\/font><\/p>\n<p><b>Gr\u00e0cies<\/b> &#8211; Tack<br \/>\n<font color=\"#2D3AC7\">Gr\u00e0cies per la teva ajuda.<\/font><\/p>\n<p><b>De res<\/b> &#8211; Vars\u00e5god<br \/>\n<font color=\"#2D3AC7\">De res, ha estat un plaer.<\/font><\/p>\n<h2>Fr\u00e5geord<\/h2>\n<p><b>Qu\u00e8<\/b> &#8211; Vad<br \/>\n<font color=\"#2D3AC7\">Qu\u00e8 fas dem\u00e0?<\/font><\/p>\n<p><b>Qui<\/b> &#8211; Vem<br \/>\n<font color=\"#2D3AC7\">Qui \u00e9s el teu amic?<\/font><\/p>\n<p><b>On<\/b> &#8211; Var<br \/>\n<font color=\"#2D3AC7\">On \u00e9s el bany?<\/font><\/p>\n<p><b>Quan<\/b> &#8211; N\u00e4r<br \/>\n<font color=\"#2D3AC7\">Quan arriba el tren?<\/font><\/p>\n<p><b>Per qu\u00e8<\/b> &#8211; Varf\u00f6r<br \/>\n<font color=\"#2D3AC7\">Per qu\u00e8 est\u00e0s trist?<\/font><\/p>\n<p><b>Com<\/b> &#8211; Hur<br \/>\n<font color=\"#2D3AC7\">Com et dius?<\/font><\/p>\n<h2>Riktningar och Transport<\/h2>\n<p><b>Estaci\u00f3<\/b> &#8211; Station<br \/>\n<font color=\"#2D3AC7\">On \u00e9s l&#8217;estaci\u00f3 de tren?<\/font><\/p>\n<p><b>Autob\u00fas<\/b> &#8211; Buss<br \/>\n<font color=\"#2D3AC7\">Quan arriba l&#8217;autob\u00fas?<\/font><\/p>\n<p><b>Tren<\/b> &#8211; T\u00e5g<br \/>\n<font color=\"#2D3AC7\">El tren surt a les <a href=\"https:\/\/talkpal.ai\/talkpal-new-years-discount\/\">nou<\/a>.<\/font><\/p>\n<p><b>Metro<\/b> &#8211; Tunnelbana<br \/>\n<font color=\"#2D3AC7\">Agafa el metro fins a la pla\u00e7a Catalunya.<\/font><\/p>\n<p><b>Taxi<\/b> &#8211; Taxi<br \/>\n<font color=\"#2D3AC7\">Necessito un taxi, si us plau.<\/font><\/p>\n<p><b>Carrer<\/b> &#8211; Gata<br \/>\n<font color=\"#2D3AC7\">El restaurant \u00e9s al carrer Balmes.<\/font><\/p>\n<p><b>Plaza<\/b> &#8211; Torg<br \/>\n<font color=\"#2D3AC7\">Ens trobem a la pla\u00e7a Major.<\/font><\/p>\n<p><b>Mapa<\/b> &#8211; Karta<br \/>\n<font color=\"#2D3AC7\">Tens un mapa de la ciutat?<\/font><\/p>\n<h2>Mat och Dryck<\/h2>\n<p><b>Restaurant<\/b> &#8211; Restaurang<br \/>\n<font color=\"#2D3AC7\">Vull reservar una taula al restaurant.<\/font><\/p>\n<p><b>Men\u00fa<\/b> &#8211; Meny<br \/>\n<font color=\"#2D3AC7\">Puc veure el men\u00fa, si us plau?<\/font><\/p>\n<p><b>Aigua<\/b> &#8211; Vatten<br \/>\n<font color=\"#2D3AC7\">Podria portar-me una ampolla d&#8217;aigua, si us plau?<\/font><\/p>\n<p><b>Vi<\/b> &#8211; Vin<br \/>\n<font color=\"#2D3AC7\">Un got de vi negre, si us plau.<\/font><\/p>\n<p><b>Cervesa<\/b> &#8211; \u00d6l<br \/>\n<font color=\"#2D3AC7\">Una cervesa freda, si us plau.<\/font><\/p>\n<p><b>Pa<\/b> &#8211; Br\u00f6d<br \/>\n<font color=\"#2D3AC7\">Podem tenir m\u00e9s pa, si us plau?<\/font><\/p>\n<p><b>Compte<\/b> &#8211; Notan<br \/>\n<font color=\"#2D3AC7\">El compte, si us plau.<\/font><\/p>\n<h2>N\u00f6duttryck<\/h2>\n<p><b>Ajuda<\/b> &#8211; Hj\u00e4lp<br \/>\n<font color=\"#2D3AC7\">Ajuda, si us plau!<\/font><\/p>\n<p><b>Policia<\/b> &#8211; Polis<br \/>\n<font color=\"#2D3AC7\">Truca a la policia!<\/font><\/p>\n<p><b>Metge<\/b> &#8211; L\u00e4kare<br \/>\n<font color=\"#2D3AC7\">Necessito veure un metge.<\/font><\/p>\n<p><b>Farm\u00e0cia<\/b> &#8211; Apotek<br \/>\n<font color=\"#2D3AC7\">On \u00e9s la farm\u00e0cia m\u00e9s propera?<\/font><\/p>\n<p><b>Emerg\u00e8ncia<\/b> &#8211; N\u00f6dsituation<br \/>\n<font color=\"#2D3AC7\">\u00c9s una emerg\u00e8ncia!<\/font><\/p>\n<h2>Shopping och Handel<\/h2>\n<p><b>Botiga<\/b> &#8211; Butik<br \/>\n<font color=\"#2D3AC7\">Vull anar a una botiga de roba.<\/font><\/p>\n<p><b>Mercat<\/b> &#8211; Marknad<br \/>\n<font color=\"#2D3AC7\">El mercat obre a les vuit del mat\u00ed.<\/font><\/p>\n<p><b>Preu<\/b> &#8211; Pris<br \/>\n<font color=\"#2D3AC7\">Quin \u00e9s el preu d&#8217;aquest article?<\/font><\/p>\n<p><b>Descompte<\/b> &#8211; Rabatt<br \/>\n<font color=\"#2D3AC7\">Hi ha algun descompte disponible?<\/font><\/p>\n<p><b>Targeta de cr\u00e8dit<\/b> &#8211; Kreditkort<br \/>\n<font color=\"#2D3AC7\">Puc pagar amb targeta de cr\u00e8dit?<\/font><\/p>\n<p><b>Rebuts<\/b> &#8211; Kvitto<br \/>\n<font color=\"#2D3AC7\">Podria donar-me un rebut, si us plau?<\/font><\/p>\n<h2>Boende<\/h2>\n<p><b>Hotel<\/b> &#8211; Hotell<br \/>\n<font color=\"#2D3AC7\">Tinc una <a href=\"https:\/\/talkpal.ai\/locations\/language-courses-in-reserva\/\">reserva<\/a> a aquest hotel.<\/font><\/p>\n<p><b>Habitaci\u00f3<\/b> &#8211; Rum<br \/>\n<font color=\"#2D3AC7\">Necessito una habitaci\u00f3 per dues nits.<\/font><\/p>\n<p><b>Clau<\/b> &#8211; Nyckel<br \/>\n<font color=\"#2D3AC7\">Podria donar-me la clau de l&#8217;habitaci\u00f3, si us plau?<\/font><\/p>\n<p><b>Ascensor<\/b> &#8211; Hiss<br \/>\n<font color=\"#2D3AC7\">On \u00e9s l&#8217;ascensor?<\/font><\/p>\n<p><b>Recepci\u00f3<\/b> &#8211; Reception<br \/>\n<font color=\"#2D3AC7\">La recepci\u00f3 \u00e9s oberta les 24 hores?<\/font><\/p>\n<p><b>Reservar<\/b> &#8211; Boka<br \/>\n<font color=\"#2D3AC7\">Vull reservar una habitaci\u00f3 amb vista al mar.<\/font><\/p>\n<h2>Turism och Fritid<\/h2>\n<p><b>Monument<\/b> &#8211; Monument<br \/>\n<font color=\"#2D3AC7\">El monument \u00e9s molt impressionant.<\/font><\/p>\n<p><b>Museu<\/b> &#8211; Museum<br \/>\n<font color=\"#2D3AC7\">El museu tanca a les sis de la tarda.<\/font><\/p>\n<p><b>Platja<\/b> &#8211; Strand<br \/>\n<font color=\"#2D3AC7\">Avui anem a la platja.<\/font><\/p>\n<p><b>Parc<\/b> &#8211; Park<br \/>\n<font color=\"#2D3AC7\">El parc \u00e9s un lloc bonic per fer un passeig.<\/font><\/p>\n<p><b>Espectacle<\/b> &#8211; Show<br \/>\n<font color=\"#2D3AC7\">El espectacle comen\u00e7a a les vuit del vespre.<\/font><\/p>\n<p><b>Entrada<\/b> &#8211; Biljett<br \/>\n<font color=\"#2D3AC7\">Necessitem comprar entrades per al concert.<\/font><\/p>\n<p><b>Guia<\/b> &#8211; Guide<br \/>\n<font color=\"#2D3AC7\">La guia tur\u00edstica era molt informativa.<\/font><\/p>\n<h2>V\u00e4der<\/h2>\n<p><b>Sol<\/b> &#8211; Sol<br \/>\n<font color=\"#2D3AC7\">Avui fa sol.<\/font><\/p>\n<p><b>Pluja<\/b> &#8211; Regn<br \/>\n<font color=\"#2D3AC7\">Dem\u00e0 plour\u00e0.<\/font><\/p>\n<p><b>Neu<\/b> &#8211; Sn\u00f6<br \/>\n<font color=\"#2D3AC7\">A l&#8217;hivern, neva sovint a la muntanya.<\/font><\/p>\n<p><b>Vent<\/b> &#8211; Vind<br \/>\n<font color=\"#2D3AC7\">Hi ha molt de vent avui.<\/font><\/p>\n<p><b>Calor<\/b> &#8211; V\u00e4rme<br \/>\n<font color=\"#2D3AC7\">Fa molta calor aquest estiu.<\/font><\/p>\n<p><b>Fred<\/b> &#8211; Kyla<br \/>\n<font color=\"#2D3AC7\">A l&#8217;hivern fa molt de fred.<\/font><\/p>\n<p>Att l\u00e4ra sig dessa grundl\u00e4ggande ord och fraser kommer att hj\u00e4lpa dig att navigera i katalansktalande regioner med st\u00f6rre sj\u00e4lvf\u00f6rtroende. Dessutom kommer lokalbefolkningen att uppskatta din anstr\u00e4ngning att tala deras spr\u00e5k, vilket kan leda till en mer berikande reseupplevelse. Lycka till med din spr\u00e5kinl\u00e4rning och ha en fantastisk resa!<\/p>\n","protected":false},"featured_media":1527655,"template":"","vocabulary_language":[4179],"class_list":["post-716660","vocabulary","type-vocabulary","status-publish","has-post-thumbnail","hentry","vocabulary_language-katalanska"],"acf":[],"yoast_head":"<!-- This site is optimized with the Yoast SEO Premium plugin v27.2 (Yoast SEO v27.2) - https:\/\/yoast.com\/product\/yoast-seo-premium-wordpress\/ -->\n<title>Viktiga ord f\u00f6r att resa i katalansktalande regioner - Talkpal<\/title>\n<meta name=\"description\" content=\"Att resa till katalansktalande regioner som Katalonien, Valencia eller Balearerna kan vara en fantastisk upplevelse, men det kan ocks\u00e5 vara lite\" \/>\n<meta name=\"robots\" content=\"index, follow, max-snippet:-1, max-image-preview:large, max-video-preview:-1\" \/>\n<link rel=\"canonical\" href=\"https:\/\/talkpal.ai\/sv\/vocabulary\/viktiga-ord-for-att-resa-i-katalansktalande-regioner\/\" \/>\n<meta property=\"og:locale\" content=\"sv_SE\" \/>\n<meta property=\"og:type\" content=\"article\" \/>\n<meta property=\"og:title\" content=\"Viktiga ord f\u00f6r att resa i katalansktalande regioner\" \/>\n<meta property=\"og:description\" content=\"Att resa till katalansktalande regioner som Katalonien, Valencia eller Balearerna kan vara en fantastisk upplevelse, men det kan ocks\u00e5 vara lite\" \/>\n<meta property=\"og:url\" content=\"https:\/\/talkpal.ai\/sv\/vocabulary\/viktiga-ord-for-att-resa-i-katalansktalande-regioner\/\" \/>\n<meta property=\"og:site_name\" content=\"Talkpal\" \/>\n<meta property=\"article:publisher\" content=\"https:\/\/www.facebook.com\/profile.php?id=100090733639311\" \/>\n<meta property=\"og:image\" content=\"https:\/\/talkpal.ai\/wp-content\/uploads\/2024\/10\/talkpal_flat_illustration_of_a_employees_working_together_happi_c674ff77-e477-4e09-835a-01d30e561e99.png\" \/>\n\t<meta property=\"og:image:width\" content=\"1024\" \/>\n\t<meta property=\"og:image:height\" content=\"1024\" \/>\n\t<meta property=\"og:image:type\" content=\"image\/png\" \/>\n<meta name=\"twitter:card\" content=\"summary_large_image\" \/>\n<meta name=\"twitter:site\" content=\"@talkpalai\" \/>\n<meta name=\"twitter:label1\" content=\"Ber\u00e4knad l\u00e4stid\" \/>\n\t<meta name=\"twitter:data1\" content=\"4 minuter\" \/>\n<script type=\"application\/ld+json\" class=\"yoast-schema-graph\">{\"@context\":\"https:\/\/schema.org\",\"@graph\":[{\"@type\":\"WebPage\",\"@id\":\"https:\/\/talkpal.ai\/sv\/vocabulary\/viktiga-ord-for-att-resa-i-katalansktalande-regioner\/\",\"url\":\"https:\/\/talkpal.ai\/sv\/vocabulary\/viktiga-ord-for-att-resa-i-katalansktalande-regioner\/\",\"name\":\"Viktiga ord f\u00f6r att resa i katalansktalande regioner - Talkpal\",\"isPartOf\":{\"@id\":\"https:\/\/talkpal.ai\/sv\/#website\"},\"primaryImageOfPage\":{\"@id\":\"https:\/\/talkpal.ai\/sv\/vocabulary\/viktiga-ord-for-att-resa-i-katalansktalande-regioner\/#primaryimage\"},\"image\":{\"@id\":\"https:\/\/talkpal.ai\/sv\/vocabulary\/viktiga-ord-for-att-resa-i-katalansktalande-regioner\/#primaryimage\"},\"thumbnailUrl\":\"https:\/\/talkpal.ai\/wp-content\/uploads\/2025\/12\/four-students-collaborating-to-learn-languages.webp\",\"datePublished\":\"2024-06-08T18:29:05+00:00\",\"description\":\"Att resa till katalansktalande regioner som Katalonien, Valencia eller Balearerna kan vara en fantastisk upplevelse, men det kan ocks\u00e5 vara lite\",\"breadcrumb\":{\"@id\":\"https:\/\/talkpal.ai\/sv\/vocabulary\/viktiga-ord-for-att-resa-i-katalansktalande-regioner\/#breadcrumb\"},\"inLanguage\":\"sv-SE\",\"potentialAction\":[{\"@type\":\"ReadAction\",\"target\":[\"https:\/\/talkpal.ai\/sv\/vocabulary\/viktiga-ord-for-att-resa-i-katalansktalande-regioner\/\"]}]},{\"@type\":\"ImageObject\",\"inLanguage\":\"sv-SE\",\"@id\":\"https:\/\/talkpal.ai\/sv\/vocabulary\/viktiga-ord-for-att-resa-i-katalansktalande-regioner\/#primaryimage\",\"url\":\"https:\/\/talkpal.ai\/wp-content\/uploads\/2025\/12\/four-students-collaborating-to-learn-languages.webp\",\"contentUrl\":\"https:\/\/talkpal.ai\/wp-content\/uploads\/2025\/12\/four-students-collaborating-to-learn-languages.webp\",\"width\":1200,\"height\":896,\"caption\":\"Four students gather around a laptop screen while learning languages and discussing their work.\"},{\"@type\":\"BreadcrumbList\",\"@id\":\"https:\/\/talkpal.ai\/sv\/vocabulary\/viktiga-ord-for-att-resa-i-katalansktalande-regioner\/#breadcrumb\",\"itemListElement\":[{\"@type\":\"ListItem\",\"position\":1,\"name\":\"Homepage\",\"item\":\"https:\/\/talkpal.ai\/sv\/\"},{\"@type\":\"ListItem\",\"position\":2,\"name\":\"Viktiga ord f\u00f6r att resa i katalansktalande regioner\"}]},{\"@type\":\"WebSite\",\"@id\":\"https:\/\/talkpal.ai\/sv\/#website\",\"url\":\"https:\/\/talkpal.ai\/sv\/\",\"name\":\"Talkpal\",\"description\":\"AI Language Learning\",\"publisher\":{\"@id\":\"https:\/\/talkpal.ai\/sv\/#organization\"},\"alternateName\":\"Talkpal AI\",\"potentialAction\":[{\"@type\":\"SearchAction\",\"target\":{\"@type\":\"EntryPoint\",\"urlTemplate\":\"https:\/\/talkpal.ai\/sv\/?s={search_term_string}\"},\"query-input\":{\"@type\":\"PropertyValueSpecification\",\"valueRequired\":true,\"valueName\":\"search_term_string\"}}],\"inLanguage\":\"sv-SE\"},{\"@type\":\"Organization\",\"@id\":\"https:\/\/talkpal.ai\/sv\/#organization\",\"name\":\"Talkpal, Inc.\",\"alternateName\":\"Talkpal AI\",\"url\":\"https:\/\/talkpal.ai\/sv\/\",\"logo\":{\"@type\":\"ImageObject\",\"inLanguage\":\"sv-SE\",\"@id\":\"https:\/\/talkpal.ai\/sv\/#\/schema\/logo\/image\/\",\"url\":\"https:\/\/talkpal.ai\/wp-content\/uploads\/2024\/03\/Talkpal-Logo-Icon.png\",\"contentUrl\":\"https:\/\/talkpal.ai\/wp-content\/uploads\/2024\/03\/Talkpal-Logo-Icon.png\",\"width\":2880,\"height\":2880,\"caption\":\"Talkpal, Inc.\"},\"image\":{\"@id\":\"https:\/\/talkpal.ai\/sv\/#\/schema\/logo\/image\/\"},\"sameAs\":[\"https:\/\/www.facebook.com\/profile.php?id=100090733639311\",\"https:\/\/x.com\/talkpalai\",\"https:\/\/www.linkedin.com\/company\/talkpal\/\",\"https:\/\/www.youtube.com\/@TalkPal\/\",\"https:\/\/www.tiktok.com\/@talkpal\",\"https:\/\/www.instagram.com\/talkpal_ai\/\",\"https:\/\/www.crunchbase.com\/organization\/talkpal-9cde\",\"https:\/\/www.g2.com\/products\/talkpal-for-business\/\",\"https:\/\/www.trustpilot.com\/review\/talkpal.ai\",\"https:\/\/www.capterra.com\/p\/10006800\/TalkPal\/\"],\"description\":\"Talkpal is a language learning web and mobile education app, powered by the latest AI technologies, that provides engaging experiences to its customers in many different languages to help them improve their language skills. Users can chat about unlimited amount of topics with the app and use other modes to practice their language learning.\",\"email\":\"support@talkpal.ai\",\"legalName\":\"Talkpal, Inc.\",\"foundingDate\":\"2023-04-03\",\"duns\":\"118989042\",\"numberOfEmployees\":{\"@type\":\"QuantitativeValue\",\"minValue\":\"11\",\"maxValue\":\"50\"},\"publishingPrinciples\":\"https:\/\/talkpal.ai\/publishing-principles\/\",\"actionableFeedbackPolicy\":\"https:\/\/talkpal.ai\/actionable-feedback-policy\/\",\"correctionsPolicy\":\"https:\/\/talkpal.ai\/corrections-policy\/\",\"ethicsPolicy\":\"https:\/\/talkpal.ai\/ethics-policy\/\",\"diversityPolicy\":\"https:\/\/talkpal.ai\/diversity-policy\/\",\"diversityStaffingReport\":\"https:\/\/talkpal.ai\/diversity-policy\/\"}]}<\/script>\n<!-- \/ Yoast SEO Premium plugin. -->","yoast_head_json":{"title":"Viktiga ord f\u00f6r att resa i katalansktalande regioner - Talkpal","description":"Att resa till katalansktalande regioner som Katalonien, Valencia eller Balearerna kan vara en fantastisk upplevelse, men det kan ocks\u00e5 vara lite","robots":{"index":"index","follow":"follow","max-snippet":"max-snippet:-1","max-image-preview":"max-image-preview:large","max-video-preview":"max-video-preview:-1"},"canonical":"https:\/\/talkpal.ai\/sv\/vocabulary\/viktiga-ord-for-att-resa-i-katalansktalande-regioner\/","og_locale":"sv_SE","og_type":"article","og_title":"Viktiga ord f\u00f6r att resa i katalansktalande regioner","og_description":"Att resa till katalansktalande regioner som Katalonien, Valencia eller Balearerna kan vara en fantastisk upplevelse, men det kan ocks\u00e5 vara lite","og_url":"https:\/\/talkpal.ai\/sv\/vocabulary\/viktiga-ord-for-att-resa-i-katalansktalande-regioner\/","og_site_name":"Talkpal","article_publisher":"https:\/\/www.facebook.com\/profile.php?id=100090733639311","og_image":[{"width":1024,"height":1024,"url":"https:\/\/talkpal.ai\/wp-content\/uploads\/2024\/10\/talkpal_flat_illustration_of_a_employees_working_together_happi_c674ff77-e477-4e09-835a-01d30e561e99.png","type":"image\/png"}],"twitter_card":"summary_large_image","twitter_site":"@talkpalai","twitter_misc":{"Ber\u00e4knad l\u00e4stid":"4 minuter"},"schema":{"@context":"https:\/\/schema.org","@graph":[{"@type":"WebPage","@id":"https:\/\/talkpal.ai\/sv\/vocabulary\/viktiga-ord-for-att-resa-i-katalansktalande-regioner\/","url":"https:\/\/talkpal.ai\/sv\/vocabulary\/viktiga-ord-for-att-resa-i-katalansktalande-regioner\/","name":"Viktiga ord f\u00f6r att resa i katalansktalande regioner - Talkpal","isPartOf":{"@id":"https:\/\/talkpal.ai\/sv\/#website"},"primaryImageOfPage":{"@id":"https:\/\/talkpal.ai\/sv\/vocabulary\/viktiga-ord-for-att-resa-i-katalansktalande-regioner\/#primaryimage"},"image":{"@id":"https:\/\/talkpal.ai\/sv\/vocabulary\/viktiga-ord-for-att-resa-i-katalansktalande-regioner\/#primaryimage"},"thumbnailUrl":"https:\/\/talkpal.ai\/wp-content\/uploads\/2025\/12\/four-students-collaborating-to-learn-languages.webp","datePublished":"2024-06-08T18:29:05+00:00","description":"Att resa till katalansktalande regioner som Katalonien, Valencia eller Balearerna kan vara en fantastisk upplevelse, men det kan ocks\u00e5 vara lite","breadcrumb":{"@id":"https:\/\/talkpal.ai\/sv\/vocabulary\/viktiga-ord-for-att-resa-i-katalansktalande-regioner\/#breadcrumb"},"inLanguage":"sv-SE","potentialAction":[{"@type":"ReadAction","target":["https:\/\/talkpal.ai\/sv\/vocabulary\/viktiga-ord-for-att-resa-i-katalansktalande-regioner\/"]}]},{"@type":"ImageObject","inLanguage":"sv-SE","@id":"https:\/\/talkpal.ai\/sv\/vocabulary\/viktiga-ord-for-att-resa-i-katalansktalande-regioner\/#primaryimage","url":"https:\/\/talkpal.ai\/wp-content\/uploads\/2025\/12\/four-students-collaborating-to-learn-languages.webp","contentUrl":"https:\/\/talkpal.ai\/wp-content\/uploads\/2025\/12\/four-students-collaborating-to-learn-languages.webp","width":1200,"height":896,"caption":"Four students gather around a laptop screen while learning languages and discussing their work."},{"@type":"BreadcrumbList","@id":"https:\/\/talkpal.ai\/sv\/vocabulary\/viktiga-ord-for-att-resa-i-katalansktalande-regioner\/#breadcrumb","itemListElement":[{"@type":"ListItem","position":1,"name":"Homepage","item":"https:\/\/talkpal.ai\/sv\/"},{"@type":"ListItem","position":2,"name":"Viktiga ord f\u00f6r att resa i katalansktalande regioner"}]},{"@type":"WebSite","@id":"https:\/\/talkpal.ai\/sv\/#website","url":"https:\/\/talkpal.ai\/sv\/","name":"Talkpal","description":"AI Language Learning","publisher":{"@id":"https:\/\/talkpal.ai\/sv\/#organization"},"alternateName":"Talkpal AI","potentialAction":[{"@type":"SearchAction","target":{"@type":"EntryPoint","urlTemplate":"https:\/\/talkpal.ai\/sv\/?s={search_term_string}"},"query-input":{"@type":"PropertyValueSpecification","valueRequired":true,"valueName":"search_term_string"}}],"inLanguage":"sv-SE"},{"@type":"Organization","@id":"https:\/\/talkpal.ai\/sv\/#organization","name":"Talkpal, Inc.","alternateName":"Talkpal AI","url":"https:\/\/talkpal.ai\/sv\/","logo":{"@type":"ImageObject","inLanguage":"sv-SE","@id":"https:\/\/talkpal.ai\/sv\/#\/schema\/logo\/image\/","url":"https:\/\/talkpal.ai\/wp-content\/uploads\/2024\/03\/Talkpal-Logo-Icon.png","contentUrl":"https:\/\/talkpal.ai\/wp-content\/uploads\/2024\/03\/Talkpal-Logo-Icon.png","width":2880,"height":2880,"caption":"Talkpal, Inc."},"image":{"@id":"https:\/\/talkpal.ai\/sv\/#\/schema\/logo\/image\/"},"sameAs":["https:\/\/www.facebook.com\/profile.php?id=100090733639311","https:\/\/x.com\/talkpalai","https:\/\/www.linkedin.com\/company\/talkpal\/","https:\/\/www.youtube.com\/@TalkPal\/","https:\/\/www.tiktok.com\/@talkpal","https:\/\/www.instagram.com\/talkpal_ai\/","https:\/\/www.crunchbase.com\/organization\/talkpal-9cde","https:\/\/www.g2.com\/products\/talkpal-for-business\/","https:\/\/www.trustpilot.com\/review\/talkpal.ai","https:\/\/www.capterra.com\/p\/10006800\/TalkPal\/"],"description":"Talkpal is a language learning web and mobile education app, powered by the latest AI technologies, that provides engaging experiences to its customers in many different languages to help them improve their language skills. Users can chat about unlimited amount of topics with the app and use other modes to practice their language learning.","email":"support@talkpal.ai","legalName":"Talkpal, Inc.","foundingDate":"2023-04-03","duns":"118989042","numberOfEmployees":{"@type":"QuantitativeValue","minValue":"11","maxValue":"50"},"publishingPrinciples":"https:\/\/talkpal.ai\/publishing-principles\/","actionableFeedbackPolicy":"https:\/\/talkpal.ai\/actionable-feedback-policy\/","correctionsPolicy":"https:\/\/talkpal.ai\/corrections-policy\/","ethicsPolicy":"https:\/\/talkpal.ai\/ethics-policy\/","diversityPolicy":"https:\/\/talkpal.ai\/diversity-policy\/","diversityStaffingReport":"https:\/\/talkpal.ai\/diversity-policy\/"}]}},"_links":{"self":[{"href":"https:\/\/talkpal.ai\/sv\/wp-json\/wp\/v2\/vocabulary\/716660","targetHints":{"allow":["GET"]}}],"collection":[{"href":"https:\/\/talkpal.ai\/sv\/wp-json\/wp\/v2\/vocabulary"}],"about":[{"href":"https:\/\/talkpal.ai\/sv\/wp-json\/wp\/v2\/types\/vocabulary"}],"wp:featuredmedia":[{"embeddable":true,"href":"https:\/\/talkpal.ai\/sv\/wp-json\/wp\/v2\/media\/1527655"}],"wp:attachment":[{"href":"https:\/\/talkpal.ai\/sv\/wp-json\/wp\/v2\/media?parent=716660"}],"wp:term":[{"taxonomy":"vocabulary_language","embeddable":true,"href":"https:\/\/talkpal.ai\/sv\/wp-json\/wp\/v2\/vocabulary_language?post=716660"}],"curies":[{"name":"wp","href":"https:\/\/api.w.org\/{rel}","templated":true}]}}