{"id":716607,"date":"2024-06-08T18:24:34","date_gmt":"2024-06-08T18:24:34","guid":{"rendered":"https:\/\/talkpal.ai\/vocabulary\/bosniska-ordforrad-for-kaffe-och-cafekultur\/"},"modified":"2024-06-08T18:24:34","modified_gmt":"2024-06-08T18:24:34","slug":"bosniska-ordforrad-for-kaffe-och-cafekultur","status":"publish","type":"vocabulary","link":"https:\/\/talkpal.ai\/sv\/vocabulary\/bosniska-ordforrad-for-kaffe-och-cafekultur\/","title":{"rendered":"Bosniska ordf\u00f6rr\u00e5d f\u00f6r kaffe- och caf\u00e9kultur"},"content":{"rendered":"<p>Att l\u00e4ra sig ett nytt spr\u00e5k inneb\u00e4r ofta mer \u00e4n att bara f\u00f6rst\u00e5 <a href=\"https:\/\/talkpal.ai\/fr\/les\/\">grammatik<\/a> och grundl\u00e4ggande ordf\u00f6rr\u00e5d. Det inneb\u00e4r ocks\u00e5 att f\u00f6rst\u00e5 kulturen och de sociala sammanhang d\u00e4r spr\u00e5ket anv\u00e4nds. I Bosnien och Hercegovina \u00e4r kaffe- och caf\u00e9kultur en viktig del av det sociala livet. F\u00f6r att hj\u00e4lpa dig att navigera denna fascinerande del av <a href=\"https:\/\/talkpal.ai\/learn-bosnian\/\">bosnisk<\/a> kultur, har vi sammanst\u00e4llt en lista med viktiga <a href=\"https:\/\/talkpal.ai\/learn-bosnian\/\">bosniska<\/a> ord och fraser relaterade till kaffe och kaf\u00e9er.<\/p>\n<h2>Kaffe och relaterade drycker<\/h2>\n<p><b>Kafa<\/b> \u2013 Kaffe. Detta \u00e4r grunden f\u00f6r m\u00e5nga sociala interaktioner i Bosnien.<br \/>\n<font color=\"#2D3AC7\">Volim piti jutarnju kafu u miru.<\/font><\/p>\n<p><b>Espresso<\/b> \u2013 Espresso. En stark kaffedryck serverad i sm\u00e5 koppar.<br \/>\n<font color=\"#2D3AC7\">Narud\u017eba jednog espressa je uobi\u010dajena u ve\u0107ini bosanskih kafi\u0107a.<\/font><\/p>\n<p><b>Kapu\u010dino<\/b> \u2013 Cappuccino. En popul\u00e4r kaffedryck med \u00e5ngad mj\u00f6lk och ofta toppad med mj\u00f6lkskum.<br \/>\n<font color=\"#2D3AC7\">Kapu\u010dino je savr\u0161en za jutarnje dru\u017eenje s prijateljima.<\/font><\/p>\n<p><b>Latte<\/b> \u2013 Latte. En kaffedryck med mer mj\u00f6lk \u00e4n en cappuccino.<br \/>\n<font color=\"#2D3AC7\">Volim piti latte dok \u010ditam knjigu.<\/font><\/p>\n<p><b>Moka<\/b> \u2013 Mocha. En kaffedryck som kombinerar espresso, choklad och mj\u00f6lk.<br \/>\n<font color=\"#2D3AC7\">Moka je idealna za ljubitelje \u010dokolade i kafe.<\/font><\/p>\n<p><b>\u010caj<\/b> \u2013 Te. \u00c4ven om kaffe \u00e4r mer popul\u00e4rt, dricks te ocks\u00e5 ofta.<br \/>\n<font color=\"#2D3AC7\">Nekada volim zamijeniti kafu sa toplim \u010dajem.<\/font><\/p>\n<h2>Kaf\u00e9er och deras milj\u00f6<\/h2>\n<p><b>Kafi\u0107<\/b> \u2013 Kaf\u00e9. En plats d\u00e4r man kan njuta av kaffe och andra drycker, ofta i en avslappnad atmosf\u00e4r.<br \/>\n<font color=\"#2D3AC7\">U kafi\u0107u se mo\u017ee provesti cijelo poslijepodne uz dobru knjigu.<\/font><\/p>\n<p><b>Konobar<\/b> \u2013 Servit\u00f6r. Personen som serverar dig p\u00e5 kaf\u00e9et.<br \/>\n<font color=\"#2D3AC7\">Konobar je bio vrlo ljubazan i brzo nam je donio pi\u0107e.<\/font><\/p>\n<p><b>Ra\u010dun<\/b> \u2013 Nota. R\u00e4kningen du f\u00e5r efter att ha best\u00e4llt.<br \/>\n<font color=\"#2D3AC7\">Molim vas, donesite mi ra\u010dun.<\/font><\/p>\n<p><b>Meni<\/b> \u2013 Meny. Listan \u00f6ver tillg\u00e4ngliga drycker och mat p\u00e5 kaf\u00e9et.<br \/>\n<font color=\"#2D3AC7\">Meni je bio bogat raznim vrstama kafe i \u010dajeva.<\/font><\/p>\n<p><b>\u0160e\u0107er<\/b> \u2013 Socker. Anv\u00e4nds f\u00f6r att s\u00f6ta kaffe.<br \/>\n<font color=\"#2D3AC7\">Mo\u017eete li mi donijeti \u0161e\u0107er za kafu?<\/font><\/p>\n<p><b>\u0160oljica<\/b> \u2013 Kopp. Beh\u00e5llaren som anv\u00e4nds f\u00f6r att servera kaffe.<br \/>\n<font color=\"#2D3AC7\">Moja \u0161oljica kafe je bila prelijepo ukra\u0161ena.<\/font><\/p>\n<h2>Sociala interaktioner p\u00e5 kaf\u00e9et<\/h2>\n<p><b>Prijatelj<\/b> \u2013 V\u00e4n. N\u00e5gon du ofta tr\u00e4ffar p\u00e5 kaf\u00e9et.<br \/>\n<font color=\"#2D3AC7\">Volim provoditi vrijeme s prijateljima u kafi\u0107u.<\/font><\/p>\n<p><b>Razgovor<\/b> \u2013 Konversation. N\u00e5got som ofta h\u00e4nder \u00f6ver en kopp kaffe.<br \/>\n<font color=\"#2D3AC7\">Razgovor uz kafu mo\u017ee trajati satima.<\/font><\/p>\n<p><b>Sastanak<\/b> \u2013 M\u00f6te. M\u00e5nga aff\u00e4rsm\u00f6ten h\u00e5lls p\u00e5 kaf\u00e9er.<br \/>\n<font color=\"#2D3AC7\">Imam va\u017ean sastanak u kafi\u0107u danas popodne.<\/font><\/p>\n<p><b>Opu\u0161tanje<\/b> \u2013 Avkoppling. En av de st\u00f6rsta f\u00f6rdelarna med att bes\u00f6ka ett kaf\u00e9.<br \/>\n<font color=\"#2D3AC7\">Kafi\u0107i su savr\u0161eni za opu\u0161tanje nakon napornog dana.<\/font><\/p>\n<p><b>Dru\u017eenje<\/b> \u2013 Umg\u00e4nge. Social interaktion med v\u00e4nner eller familj.<br \/>\n<font color=\"#2D3AC7\">Dru\u017eenje uz kafu je omiljena aktivnost mnogih ljudi.<\/font><\/p>\n<h2>Vanliga fraser och fr\u00e5gor<\/h2>\n<p><b>\u0160ta \u017eelite da pijete?<\/b> \u2013 Vad vill du dricka? En vanlig fr\u00e5ga fr\u00e5n servit\u00f6ren.<br \/>\n<font color=\"#2D3AC7\">\u0160ta \u017eelite da pijete? Imamo odli\u010dan espresso.<\/font><\/p>\n<p><b>Mo\u017eete li mi preporu\u010diti ne\u0161to?<\/b> \u2013 Kan du rekommendera n\u00e5got? N\u00e4r du \u00e4r os\u00e4ker p\u00e5 vad du ska best\u00e4lla.<br \/>\n<font color=\"#2D3AC7\">Mo\u017eete li mi preporu\u010diti ne\u0161to? Volim blage kafe.<\/font><\/p>\n<p><b>Koliko ko\u0161ta?<\/b> \u2013 Hur mycket kostar det? F\u00f6r att fr\u00e5ga om priset p\u00e5 en dryck.<br \/>\n<font color=\"#2D3AC7\">Koliko ko\u0161ta ovaj kapu\u010dino?<\/font><\/p>\n<p><b>Da li primate kartice?<\/b> \u2013 Tar ni kort? F\u00f6r att fr\u00e5ga om betalningsmetoder.<br \/>\n<font color=\"#2D3AC7\"><a href=\"https:\/\/talkpal.ai\/culture\/what-is-the-difference-between-da-li-and-je-li-in-forming-questions\/\">Da li<\/a> primate kartice ili samo ke\u0161?<\/font><\/p>\n<p><b>Gdje je najbli\u017ei kafi\u0107?<\/b> \u2013 Var \u00e4r det n\u00e4rmaste kaf\u00e9et? F\u00f6r att hitta ett kaf\u00e9 i n\u00e4rheten.<br \/>\n<font color=\"#2D3AC7\">Gdje je najbli\u017ei kafi\u0107? \u017delim popiti dobru kafu.<\/font><\/p>\n<h3>Specifika kaffeord<\/h3>\n<p><b>Turska kafa<\/b> \u2013 Turkiskt kaffe. En mycket popul\u00e4r kaffetyp i Bosnien, tillagad p\u00e5 ett speciellt s\u00e4tt.<br \/>\n<font color=\"#2D3AC7\">Turska kafa je vrlo popularna u Bosni i Hercegovini.<\/font><\/p>\n<p><b>Kafa sa \u0161lagom<\/b> \u2013 Kaffe med gr\u00e4dde. En lyxigare variant av kaffe.<br \/>\n<font color=\"#2D3AC7\">Volim piti kafu sa \u0161lagom poslijepodne.<\/font><\/p>\n<p><b>Kafa za ponijeti<\/b> \u2013 Kaffe att ta med. Perfekt n\u00e4r du \u00e4r p\u00e5 spr\u00e5ng.<br \/>\n<font color=\"#2D3AC7\">Molim vas, jednu kafu za ponijeti.<\/font><\/p>\n<p><b>Bez kofeina<\/b> \u2013 Koffeinfritt. F\u00f6r de som vill undvika koffein.<br \/>\n<font color=\"#2D3AC7\">Da li imate kafu bez kofeina?<\/font><\/p>\n<p><b>Kafa sa mlijekom<\/b> \u2013 Kaffe med mj\u00f6lk. En enkel men popul\u00e4r variant.<br \/>\n<font color=\"#2D3AC7\">Kafa sa mlijekom je moj omiljeni napitak ujutro.<\/font><\/p>\n<h3>Kaf\u00e9kultur och traditioner<\/h3>\n<p>Kaffekulturen i Bosnien och Hercegovina \u00e4r djupt rotad i traditioner och sociala sedv\u00e4njor. Att f\u00f6rst\u00e5 dessa kan ge dig en djupare inblick i det bosniska samh\u00e4llet.<\/p>\n<p><b>Sjede\u0107i na kahvi<\/b> \u2013 Sitta p\u00e5 kaffe. Ett uttryck som betyder att man spenderar tid p\u00e5 ett kaf\u00e9, ofta i flera timmar.<br \/>\n<font color=\"#2D3AC7\">Sjede\u0107i na kahvi sa prijateljima je omiljeni hobi mnogih ljudi.<\/font><\/p>\n<p><b>Kafana<\/b> \u2013 Tavern. En <a href=\"https:\/\/talkpal.ai\/will-ai-kill-traditional-language-learning\/\">traditionell<\/a> plats d\u00e4r kaffe serveras tillsammans med alkoholhaltiga drycker.<br \/>\n<font color=\"#2D3AC7\">Kafana je idealno mjesto za ve\u010dernji izlazak.<\/font><\/p>\n<p><b>Kahva<\/b> \u2013 Ett annat ord f\u00f6r kaffe, ofta anv\u00e4nt i traditionella sammanhang.<br \/>\n<font color=\"#2D3AC7\">Baka uvijek pravi najbolju kahvu.<\/font><\/p>\n<p><b>Meze<\/b> \u2013 Sm\u00e5r\u00e4tter. Ofta serverade tillsammans med kaffe eller alkoholhaltiga drycker.<br \/>\n<font color=\"#2D3AC7\">Uz kafu su nam poslu\u017eili ukusne meze.<\/font><\/p>\n<p><b>Rahatluk<\/b> \u2013 <a href=\"https:\/\/talkpal.ai\/learn-turkish\/\">Turkisk<\/a> konfekt, ofta serverad med kaffe.<br \/>\n<font color=\"#2D3AC7\">Uz tursku kafu uvijek dolazi rahatluk.<\/font><\/p>\n<h2>Avslutande tankar<\/h2>\n<p>Att f\u00f6rst\u00e5 och anv\u00e4nda dessa ord och fraser kommer inte bara att f\u00f6rb\u00e4ttra din bosniska, utan ocks\u00e5 ge dig en djupare f\u00f6rst\u00e5else f\u00f6r den rika kaffekulturen i Bosnien och Hercegovina. N\u00e4sta g\u00e5ng du bes\u00f6ker ett kaf\u00e9, oavsett om det \u00e4r i <a href=\"https:\/\/talkpal.ai\/locations\/learn-english-in-sarajevo\/\">Sarajevo<\/a>, <a href=\"https:\/\/talkpal.ai\/locations\/learn-english-in-mostar\/\">Mostar<\/a> eller n\u00e5gon annan stad, kommer du att kunna best\u00e4lla ditt kaffe med sj\u00e4lvf\u00f6rtroende och kanske till och med <a href=\"https:\/\/talkpal.ai\/locations\/language-courses-in-delta\/\">delta<\/a> i n\u00e5gra intressanta konversationer.<\/p>\n<p>Kom ih\u00e5g att spr\u00e5k \u00e4r mer \u00e4n bara ord; det \u00e4r en d\u00f6rr till en annans persons v\u00e4rld. Genom att l\u00e4ra dig dessa termer och fraser, \u00f6ppnar du d\u00f6rren till den bosniska kulturen och dess unika s\u00e4tt att njuta av en enkel kopp kaffe.<\/p>\n","protected":false},"featured_media":1527915,"template":"","vocabulary_language":[4177],"class_list":["post-716607","vocabulary","type-vocabulary","status-publish","has-post-thumbnail","hentry","vocabulary_language-bosniska"],"acf":[],"yoast_head":"<!-- This site is optimized with the Yoast SEO Premium plugin v27.2 (Yoast SEO v27.2) - https:\/\/yoast.com\/product\/yoast-seo-premium-wordpress\/ -->\n<title>Bosniska ordf\u00f6rr\u00e5d f\u00f6r kaffe- och caf\u00e9kultur - Talkpal<\/title>\n<meta name=\"description\" content=\"Att l\u00e4ra sig ett nytt spr\u00e5k inneb\u00e4r ofta mer \u00e4n att bara f\u00f6rst\u00e5 grammatik och grundl\u00e4ggande ordf\u00f6rr\u00e5d. Det inneb\u00e4r ocks\u00e5 att f\u00f6rst\u00e5 kulturen och de\" \/>\n<meta name=\"robots\" content=\"index, follow, max-snippet:-1, max-image-preview:large, max-video-preview:-1\" \/>\n<link rel=\"canonical\" href=\"https:\/\/talkpal.ai\/sv\/vocabulary\/bosniska-ordforrad-for-kaffe-och-cafekultur\/\" \/>\n<meta property=\"og:locale\" content=\"sv_SE\" \/>\n<meta property=\"og:type\" content=\"article\" \/>\n<meta property=\"og:title\" content=\"Bosniska ordf\u00f6rr\u00e5d f\u00f6r kaffe- och caf\u00e9kultur\" \/>\n<meta property=\"og:description\" content=\"Att l\u00e4ra sig ett nytt spr\u00e5k inneb\u00e4r ofta mer \u00e4n att bara f\u00f6rst\u00e5 grammatik och grundl\u00e4ggande ordf\u00f6rr\u00e5d. Det inneb\u00e4r ocks\u00e5 att f\u00f6rst\u00e5 kulturen och de\" \/>\n<meta property=\"og:url\" content=\"https:\/\/talkpal.ai\/sv\/vocabulary\/bosniska-ordforrad-for-kaffe-och-cafekultur\/\" \/>\n<meta property=\"og:site_name\" content=\"Talkpal\" \/>\n<meta property=\"article:publisher\" content=\"https:\/\/www.facebook.com\/profile.php?id=100090733639311\" \/>\n<meta property=\"og:image\" content=\"https:\/\/talkpal.ai\/wp-content\/uploads\/2024\/10\/talkpal_flat_illustration_of_a_employees_working_together_happi_c674ff77-e477-4e09-835a-01d30e561e99.png\" \/>\n\t<meta property=\"og:image:width\" content=\"1024\" \/>\n\t<meta property=\"og:image:height\" content=\"1024\" \/>\n\t<meta property=\"og:image:type\" content=\"image\/png\" \/>\n<meta name=\"twitter:card\" content=\"summary_large_image\" \/>\n<meta name=\"twitter:site\" content=\"@talkpalai\" \/>\n<meta name=\"twitter:label1\" content=\"Ber\u00e4knad l\u00e4stid\" \/>\n\t<meta name=\"twitter:data1\" content=\"5 minuter\" \/>\n<script type=\"application\/ld+json\" class=\"yoast-schema-graph\">{\"@context\":\"https:\/\/schema.org\",\"@graph\":[{\"@type\":\"WebPage\",\"@id\":\"https:\/\/talkpal.ai\/sv\/vocabulary\/bosniska-ordforrad-for-kaffe-och-cafekultur\/\",\"url\":\"https:\/\/talkpal.ai\/sv\/vocabulary\/bosniska-ordforrad-for-kaffe-och-cafekultur\/\",\"name\":\"Bosniska ordf\u00f6rr\u00e5d f\u00f6r kaffe- och caf\u00e9kultur - Talkpal\",\"isPartOf\":{\"@id\":\"https:\/\/talkpal.ai\/sv\/#website\"},\"primaryImageOfPage\":{\"@id\":\"https:\/\/talkpal.ai\/sv\/vocabulary\/bosniska-ordforrad-for-kaffe-och-cafekultur\/#primaryimage\"},\"image\":{\"@id\":\"https:\/\/talkpal.ai\/sv\/vocabulary\/bosniska-ordforrad-for-kaffe-och-cafekultur\/#primaryimage\"},\"thumbnailUrl\":\"https:\/\/talkpal.ai\/wp-content\/uploads\/2025\/12\/student-researching-syntax-learning-languages.webp\",\"datePublished\":\"2024-06-08T18:24:34+00:00\",\"description\":\"Att l\u00e4ra sig ett nytt spr\u00e5k inneb\u00e4r ofta mer \u00e4n att bara f\u00f6rst\u00e5 grammatik och grundl\u00e4ggande ordf\u00f6rr\u00e5d. Det inneb\u00e4r ocks\u00e5 att f\u00f6rst\u00e5 kulturen och de\",\"breadcrumb\":{\"@id\":\"https:\/\/talkpal.ai\/sv\/vocabulary\/bosniska-ordforrad-for-kaffe-och-cafekultur\/#breadcrumb\"},\"inLanguage\":\"sv-SE\",\"potentialAction\":[{\"@type\":\"ReadAction\",\"target\":[\"https:\/\/talkpal.ai\/sv\/vocabulary\/bosniska-ordforrad-for-kaffe-och-cafekultur\/\"]}]},{\"@type\":\"ImageObject\",\"inLanguage\":\"sv-SE\",\"@id\":\"https:\/\/talkpal.ai\/sv\/vocabulary\/bosniska-ordforrad-for-kaffe-och-cafekultur\/#primaryimage\",\"url\":\"https:\/\/talkpal.ai\/wp-content\/uploads\/2025\/12\/student-researching-syntax-learning-languages.webp\",\"contentUrl\":\"https:\/\/talkpal.ai\/wp-content\/uploads\/2025\/12\/student-researching-syntax-learning-languages.webp\",\"width\":1200,\"height\":896,\"caption\":\"A student in a blue hoodie writes notes for learning languages at a long library table.\"},{\"@type\":\"BreadcrumbList\",\"@id\":\"https:\/\/talkpal.ai\/sv\/vocabulary\/bosniska-ordforrad-for-kaffe-och-cafekultur\/#breadcrumb\",\"itemListElement\":[{\"@type\":\"ListItem\",\"position\":1,\"name\":\"Homepage\",\"item\":\"https:\/\/talkpal.ai\/sv\/\"},{\"@type\":\"ListItem\",\"position\":2,\"name\":\"Bosniska ordf\u00f6rr\u00e5d f\u00f6r kaffe- och caf\u00e9kultur\"}]},{\"@type\":\"WebSite\",\"@id\":\"https:\/\/talkpal.ai\/sv\/#website\",\"url\":\"https:\/\/talkpal.ai\/sv\/\",\"name\":\"Talkpal\",\"description\":\"AI Language Learning\",\"publisher\":{\"@id\":\"https:\/\/talkpal.ai\/sv\/#organization\"},\"alternateName\":\"Talkpal AI\",\"potentialAction\":[{\"@type\":\"SearchAction\",\"target\":{\"@type\":\"EntryPoint\",\"urlTemplate\":\"https:\/\/talkpal.ai\/sv\/?s={search_term_string}\"},\"query-input\":{\"@type\":\"PropertyValueSpecification\",\"valueRequired\":true,\"valueName\":\"search_term_string\"}}],\"inLanguage\":\"sv-SE\"},{\"@type\":\"Organization\",\"@id\":\"https:\/\/talkpal.ai\/sv\/#organization\",\"name\":\"Talkpal, Inc.\",\"alternateName\":\"Talkpal AI\",\"url\":\"https:\/\/talkpal.ai\/sv\/\",\"logo\":{\"@type\":\"ImageObject\",\"inLanguage\":\"sv-SE\",\"@id\":\"https:\/\/talkpal.ai\/sv\/#\/schema\/logo\/image\/\",\"url\":\"https:\/\/talkpal.ai\/wp-content\/uploads\/2024\/03\/Talkpal-Logo-Icon.png\",\"contentUrl\":\"https:\/\/talkpal.ai\/wp-content\/uploads\/2024\/03\/Talkpal-Logo-Icon.png\",\"width\":2880,\"height\":2880,\"caption\":\"Talkpal, Inc.\"},\"image\":{\"@id\":\"https:\/\/talkpal.ai\/sv\/#\/schema\/logo\/image\/\"},\"sameAs\":[\"https:\/\/www.facebook.com\/profile.php?id=100090733639311\",\"https:\/\/x.com\/talkpalai\",\"https:\/\/www.linkedin.com\/company\/talkpal\/\",\"https:\/\/www.youtube.com\/@TalkPal\/\",\"https:\/\/www.tiktok.com\/@talkpal\",\"https:\/\/www.instagram.com\/talkpal_ai\/\",\"https:\/\/www.crunchbase.com\/organization\/talkpal-9cde\",\"https:\/\/www.g2.com\/products\/talkpal-for-business\/\",\"https:\/\/www.trustpilot.com\/review\/talkpal.ai\",\"https:\/\/www.capterra.com\/p\/10006800\/TalkPal\/\"],\"description\":\"Talkpal is a language learning web and mobile education app, powered by the latest AI technologies, that provides engaging experiences to its customers in many different languages to help them improve their language skills. Users can chat about unlimited amount of topics with the app and use other modes to practice their language learning.\",\"email\":\"support@talkpal.ai\",\"legalName\":\"Talkpal, Inc.\",\"foundingDate\":\"2023-04-03\",\"duns\":\"118989042\",\"numberOfEmployees\":{\"@type\":\"QuantitativeValue\",\"minValue\":\"11\",\"maxValue\":\"50\"},\"publishingPrinciples\":\"https:\/\/talkpal.ai\/publishing-principles\/\",\"actionableFeedbackPolicy\":\"https:\/\/talkpal.ai\/actionable-feedback-policy\/\",\"correctionsPolicy\":\"https:\/\/talkpal.ai\/corrections-policy\/\",\"ethicsPolicy\":\"https:\/\/talkpal.ai\/ethics-policy\/\",\"diversityPolicy\":\"https:\/\/talkpal.ai\/diversity-policy\/\",\"diversityStaffingReport\":\"https:\/\/talkpal.ai\/diversity-policy\/\"}]}<\/script>\n<!-- \/ Yoast SEO Premium plugin. -->","yoast_head_json":{"title":"Bosniska ordf\u00f6rr\u00e5d f\u00f6r kaffe- och caf\u00e9kultur - Talkpal","description":"Att l\u00e4ra sig ett nytt spr\u00e5k inneb\u00e4r ofta mer \u00e4n att bara f\u00f6rst\u00e5 grammatik och grundl\u00e4ggande ordf\u00f6rr\u00e5d. Det inneb\u00e4r ocks\u00e5 att f\u00f6rst\u00e5 kulturen och de","robots":{"index":"index","follow":"follow","max-snippet":"max-snippet:-1","max-image-preview":"max-image-preview:large","max-video-preview":"max-video-preview:-1"},"canonical":"https:\/\/talkpal.ai\/sv\/vocabulary\/bosniska-ordforrad-for-kaffe-och-cafekultur\/","og_locale":"sv_SE","og_type":"article","og_title":"Bosniska ordf\u00f6rr\u00e5d f\u00f6r kaffe- och caf\u00e9kultur","og_description":"Att l\u00e4ra sig ett nytt spr\u00e5k inneb\u00e4r ofta mer \u00e4n att bara f\u00f6rst\u00e5 grammatik och grundl\u00e4ggande ordf\u00f6rr\u00e5d. Det inneb\u00e4r ocks\u00e5 att f\u00f6rst\u00e5 kulturen och de","og_url":"https:\/\/talkpal.ai\/sv\/vocabulary\/bosniska-ordforrad-for-kaffe-och-cafekultur\/","og_site_name":"Talkpal","article_publisher":"https:\/\/www.facebook.com\/profile.php?id=100090733639311","og_image":[{"width":1024,"height":1024,"url":"https:\/\/talkpal.ai\/wp-content\/uploads\/2024\/10\/talkpal_flat_illustration_of_a_employees_working_together_happi_c674ff77-e477-4e09-835a-01d30e561e99.png","type":"image\/png"}],"twitter_card":"summary_large_image","twitter_site":"@talkpalai","twitter_misc":{"Ber\u00e4knad l\u00e4stid":"5 minuter"},"schema":{"@context":"https:\/\/schema.org","@graph":[{"@type":"WebPage","@id":"https:\/\/talkpal.ai\/sv\/vocabulary\/bosniska-ordforrad-for-kaffe-och-cafekultur\/","url":"https:\/\/talkpal.ai\/sv\/vocabulary\/bosniska-ordforrad-for-kaffe-och-cafekultur\/","name":"Bosniska ordf\u00f6rr\u00e5d f\u00f6r kaffe- och caf\u00e9kultur - Talkpal","isPartOf":{"@id":"https:\/\/talkpal.ai\/sv\/#website"},"primaryImageOfPage":{"@id":"https:\/\/talkpal.ai\/sv\/vocabulary\/bosniska-ordforrad-for-kaffe-och-cafekultur\/#primaryimage"},"image":{"@id":"https:\/\/talkpal.ai\/sv\/vocabulary\/bosniska-ordforrad-for-kaffe-och-cafekultur\/#primaryimage"},"thumbnailUrl":"https:\/\/talkpal.ai\/wp-content\/uploads\/2025\/12\/student-researching-syntax-learning-languages.webp","datePublished":"2024-06-08T18:24:34+00:00","description":"Att l\u00e4ra sig ett nytt spr\u00e5k inneb\u00e4r ofta mer \u00e4n att bara f\u00f6rst\u00e5 grammatik och grundl\u00e4ggande ordf\u00f6rr\u00e5d. Det inneb\u00e4r ocks\u00e5 att f\u00f6rst\u00e5 kulturen och de","breadcrumb":{"@id":"https:\/\/talkpal.ai\/sv\/vocabulary\/bosniska-ordforrad-for-kaffe-och-cafekultur\/#breadcrumb"},"inLanguage":"sv-SE","potentialAction":[{"@type":"ReadAction","target":["https:\/\/talkpal.ai\/sv\/vocabulary\/bosniska-ordforrad-for-kaffe-och-cafekultur\/"]}]},{"@type":"ImageObject","inLanguage":"sv-SE","@id":"https:\/\/talkpal.ai\/sv\/vocabulary\/bosniska-ordforrad-for-kaffe-och-cafekultur\/#primaryimage","url":"https:\/\/talkpal.ai\/wp-content\/uploads\/2025\/12\/student-researching-syntax-learning-languages.webp","contentUrl":"https:\/\/talkpal.ai\/wp-content\/uploads\/2025\/12\/student-researching-syntax-learning-languages.webp","width":1200,"height":896,"caption":"A student in a blue hoodie writes notes for learning languages at a long library table."},{"@type":"BreadcrumbList","@id":"https:\/\/talkpal.ai\/sv\/vocabulary\/bosniska-ordforrad-for-kaffe-och-cafekultur\/#breadcrumb","itemListElement":[{"@type":"ListItem","position":1,"name":"Homepage","item":"https:\/\/talkpal.ai\/sv\/"},{"@type":"ListItem","position":2,"name":"Bosniska ordf\u00f6rr\u00e5d f\u00f6r kaffe- och caf\u00e9kultur"}]},{"@type":"WebSite","@id":"https:\/\/talkpal.ai\/sv\/#website","url":"https:\/\/talkpal.ai\/sv\/","name":"Talkpal","description":"AI Language Learning","publisher":{"@id":"https:\/\/talkpal.ai\/sv\/#organization"},"alternateName":"Talkpal AI","potentialAction":[{"@type":"SearchAction","target":{"@type":"EntryPoint","urlTemplate":"https:\/\/talkpal.ai\/sv\/?s={search_term_string}"},"query-input":{"@type":"PropertyValueSpecification","valueRequired":true,"valueName":"search_term_string"}}],"inLanguage":"sv-SE"},{"@type":"Organization","@id":"https:\/\/talkpal.ai\/sv\/#organization","name":"Talkpal, Inc.","alternateName":"Talkpal AI","url":"https:\/\/talkpal.ai\/sv\/","logo":{"@type":"ImageObject","inLanguage":"sv-SE","@id":"https:\/\/talkpal.ai\/sv\/#\/schema\/logo\/image\/","url":"https:\/\/talkpal.ai\/wp-content\/uploads\/2024\/03\/Talkpal-Logo-Icon.png","contentUrl":"https:\/\/talkpal.ai\/wp-content\/uploads\/2024\/03\/Talkpal-Logo-Icon.png","width":2880,"height":2880,"caption":"Talkpal, Inc."},"image":{"@id":"https:\/\/talkpal.ai\/sv\/#\/schema\/logo\/image\/"},"sameAs":["https:\/\/www.facebook.com\/profile.php?id=100090733639311","https:\/\/x.com\/talkpalai","https:\/\/www.linkedin.com\/company\/talkpal\/","https:\/\/www.youtube.com\/@TalkPal\/","https:\/\/www.tiktok.com\/@talkpal","https:\/\/www.instagram.com\/talkpal_ai\/","https:\/\/www.crunchbase.com\/organization\/talkpal-9cde","https:\/\/www.g2.com\/products\/talkpal-for-business\/","https:\/\/www.trustpilot.com\/review\/talkpal.ai","https:\/\/www.capterra.com\/p\/10006800\/TalkPal\/"],"description":"Talkpal is a language learning web and mobile education app, powered by the latest AI technologies, that provides engaging experiences to its customers in many different languages to help them improve their language skills. Users can chat about unlimited amount of topics with the app and use other modes to practice their language learning.","email":"support@talkpal.ai","legalName":"Talkpal, Inc.","foundingDate":"2023-04-03","duns":"118989042","numberOfEmployees":{"@type":"QuantitativeValue","minValue":"11","maxValue":"50"},"publishingPrinciples":"https:\/\/talkpal.ai\/publishing-principles\/","actionableFeedbackPolicy":"https:\/\/talkpal.ai\/actionable-feedback-policy\/","correctionsPolicy":"https:\/\/talkpal.ai\/corrections-policy\/","ethicsPolicy":"https:\/\/talkpal.ai\/ethics-policy\/","diversityPolicy":"https:\/\/talkpal.ai\/diversity-policy\/","diversityStaffingReport":"https:\/\/talkpal.ai\/diversity-policy\/"}]}},"_links":{"self":[{"href":"https:\/\/talkpal.ai\/sv\/wp-json\/wp\/v2\/vocabulary\/716607","targetHints":{"allow":["GET"]}}],"collection":[{"href":"https:\/\/talkpal.ai\/sv\/wp-json\/wp\/v2\/vocabulary"}],"about":[{"href":"https:\/\/talkpal.ai\/sv\/wp-json\/wp\/v2\/types\/vocabulary"}],"wp:featuredmedia":[{"embeddable":true,"href":"https:\/\/talkpal.ai\/sv\/wp-json\/wp\/v2\/media\/1527915"}],"wp:attachment":[{"href":"https:\/\/talkpal.ai\/sv\/wp-json\/wp\/v2\/media?parent=716607"}],"wp:term":[{"taxonomy":"vocabulary_language","embeddable":true,"href":"https:\/\/talkpal.ai\/sv\/wp-json\/wp\/v2\/vocabulary_language?post=716607"}],"curies":[{"name":"wp","href":"https:\/\/api.w.org\/{rel}","templated":true}]}}