{"id":716591,"date":"2024-06-08T18:23:25","date_gmt":"2024-06-08T18:23:25","guid":{"rendered":"https:\/\/talkpal.ai\/vocabulary\/bosniska-ordforrad-specifikt-for-helgdagar-och-hogtider\/"},"modified":"2024-06-08T18:23:25","modified_gmt":"2024-06-08T18:23:25","slug":"bosniska-ordforrad-specifikt-for-helgdagar-och-hogtider","status":"publish","type":"vocabulary","link":"https:\/\/talkpal.ai\/sv\/vocabulary\/bosniska-ordforrad-specifikt-for-helgdagar-och-hogtider\/","title":{"rendered":"Bosniska ordf\u00f6rr\u00e5d specifikt f\u00f6r helgdagar och h\u00f6gtider"},"content":{"rendered":"<p>Att l\u00e4ra sig ett nytt spr\u00e5k inneb\u00e4r ofta att f\u00f6rst\u00e5 och anv\u00e4nda ord och uttryck som \u00e4r specifika f\u00f6r olika situationer och sammanhang. Ett s\u00e5dant viktigt sammanhang \u00e4r helgdagar och h\u00f6gtider. Dessa tillf\u00e4llen \u00e4r ofta fyllda med traditioner och kulturella nyanser som kan vara unika f\u00f6r varje spr\u00e5k. I denna artikel kommer vi att fokusera p\u00e5 <a href=\"https:\/\/talkpal.ai\/learn-bosnian\/\">bosniska<\/a> ord och uttryck som \u00e4r specifika f\u00f6r helgdagar och h\u00f6gtider, och vi kommer att ge exempel p\u00e5 hur dessa anv\u00e4nds i meningar.<\/p>\n<h2>Viktiga ord och uttryck f\u00f6r helgdagar och h\u00f6gtider<\/h2>\n<p><b>Nova Godina<\/b> &#8211; Ny\u00e5r. Denna h\u00f6gtid firas den 1 januari och \u00e4r en av de mest firade helgdagarna i Bosnien och Hercegovina.<br \/>\n<font color=\"#2D3AC7\">Svi slavimo <b>Novu Godinu<\/b> s vatrometom i zabavom.<\/font><\/p>\n<p><b>Bo\u017ei\u0107<\/b> &#8211; <a href=\"https:\/\/talkpal.ai\/talkpal-christmas-discount\/\">Jul<\/a>. En kristen h\u00f6gtid som firas f\u00f6r att minnas Jesu f\u00f6delse, vanligtvis den 25 december eller 7 januari, beroende p\u00e5 vilken kyrka man tillh\u00f6r.<br \/>\n<font color=\"#2D3AC7\">Na <b>Bo\u017ei\u0107<\/b> pe\u010demo kola\u010de i ukra\u0161avamo jelku.<\/font><\/p>\n<p><b>Bajram<\/b> &#8211; Eid. En viktig muslimsk h\u00f6gtid som markerar slutet p\u00e5 fastem\u00e5naden Ramadan (Ramazanski Bajram) eller firandet efter pilgrimsf\u00e4rden Hajj (Kurban Bajram).<br \/>\n<font color=\"#2D3AC7\">Za <b>Bajram<\/b> se okupljamo sa porodicom i prijateljima.<\/font><\/p>\n<p><b>Vaskrs<\/b> &#8211; <a href=\"https:\/\/talkpal.ai\/talkpal-easter-discount\/\">P\u00e5sk<\/a>. En kristen h\u00f6gtid som firar Jesu uppst\u00e5ndelse fr\u00e5n de d\u00f6da.<br \/>\n<font color=\"#2D3AC7\">Na <b>Vaskrs<\/b> bojimo jaja i idemo na crkvenu slu\u017ebu.<\/font><\/p>\n<p><b>Sveti Nikola<\/b> &#8211; Sankt Nikolaus. En helgdag som firas den 19 december, s\u00e4rskilt bland ortodoxa kristna i Bosnien och Hercegovina.<br \/>\n<font color=\"#2D3AC7\">Djeca dobijaju poklone za <b>Svetog Nikolu<\/b>.<\/font><\/p>\n<p><b>Dan dr\u017eavnosti<\/b> &#8211; Nationaldagen. Firas den 25 november till minne av Bosnien och Hercegovinas sj\u00e4lvst\u00e4ndighet.<br \/>\n<font color=\"#2D3AC7\">Za <b>Dan dr\u017eavnosti<\/b> odr\u017eavaju se razne sve\u010danosti i parade.<\/font><\/p>\n<h3>Traditioner och aktiviteter<\/h3>\n<p><b>kol\u00e1\u010d<\/b> &#8211; <a href=\"https:\/\/talkpal.ai\/locations\/language-courses-in-kaka\/\">Kaka<\/a>. En s\u00f6t bakelse som ofta bakas och \u00e4ts under olika h\u00f6gtider.<br \/>\n<font color=\"#2D3AC7\">Moja baka pravi najbolji <b>kola\u010d<\/b> za <a href=\"https:\/\/talkpal.ai\/talkpal-christmas-discount\/\">Bo\u017ei\u0107<\/a>.<\/font><\/p>\n<p><b>pokloni<\/b> &#8211; Presenter. N\u00e5got som ges som en g\u00e5va, s\u00e4rskilt under helgdagar.<br \/>\n<font color=\"#2D3AC7\">Za Novu Godinu razmenjujemo <b>poklone<\/b>.<\/font><\/p>\n<p><b>svetkovina<\/b> &#8211; Festlighet. En social sammankomst f\u00f6r att fira en speciell h\u00e4ndelse eller helgdag.<br \/>\n<font color=\"#2D3AC7\">Organizujemo veliku <b>svetkovinu<\/b> za Vaskrs.<\/font><\/p>\n<p><b>porodica<\/b> &#8211; Familj. En grupp av m\u00e4nniskor som \u00e4r relaterade till varandra, vanligtvis genom blod eller \u00e4ktenskap.<br \/>\n<font color=\"#2D3AC7\">Za Bajram se okupljamo sa <b>porodicom<\/b>.<\/font><\/p>\n<p><b>prijatelji<\/b> &#8211; V\u00e4nner. M\u00e4nniskor som man har en n\u00e4ra och tillitsfull relation med.<br \/>\n<font color=\"#2D3AC7\">Proslavljamo Novu Godinu sa <b>prijateljima<\/b>.<\/font><\/p>\n<p><b>bogoslu\u017eenje<\/b> &#8211; Gudstj\u00e4nst. En religi\u00f6s ceremoni som h\u00e5lls i en kyrka eller mosk\u00e9.<br \/>\n<font color=\"#2D3AC7\">Idemo na <b>bogoslu\u017eenje<\/b> za Bo\u017ei\u0107.<\/font><\/p>\n<h3>Mat och dryck<\/h3>\n<p><b>pite<\/b> &#8211; Piroger. En typ av bakverk som ofta fylls med k\u00f6tt, ost eller spenat.<br \/>\n<font color=\"#2D3AC7\">Pravimo <b>pite<\/b> za sve va\u017ene praznike.<\/font><\/p>\n<p><b>rakija<\/b> &#8211; En stark alkoholhaltig dryck, ofta hemlagad, som vanligtvis dricks under festligheter.<br \/>\n<font color=\"#2D3AC7\">Ded pije <b>rakiju<\/b> za svaku priliku.<\/font><\/p>\n<p><b>kahva<\/b> &#8211; Kaffe. En popul\u00e4r dryck som ofta serveras under sociala sammankomster.<br \/>\n<font color=\"#2D3AC7\">Poslu\u017eujemo <b>kahvu<\/b> gostima za Bajram.<\/font><\/p>\n<p><b>janjetina<\/b> &#8211; Lamm. En matr\u00e4tt som ofta serveras under viktiga h\u00f6gtider.<br \/>\n<font color=\"#2D3AC7\">Za Kurban Bajram pripremamo <b>janjetinu<\/b>.<\/font><\/p>\n<h2>H\u00e4lsningar och \u00f6nskningar<\/h2>\n<p><b>Sretna Nova Godina<\/b> &#8211; Gott Nytt \u00c5r. En h\u00e4lsning som anv\u00e4nds f\u00f6r att \u00f6nska n\u00e5gon ett gott nytt \u00e5r.<br \/>\n<font color=\"#2D3AC7\">Svima \u017eelimo <b>Sretnu Novu Godinu<\/b>!<\/font><\/p>\n<p><b>Sretan Bo\u017ei\u0107<\/b> &#8211; God Jul. En h\u00e4lsning som anv\u00e4nds f\u00f6r att \u00f6nska n\u00e5gon en god jul.<br \/>\n<font color=\"#2D3AC7\">Svim prijateljima \u017eelimo <b>Sretan Bo\u017ei\u0107<\/b>.<\/font><\/p>\n<p><b>Bajram \u0160erif Mubarek Olsun<\/b> &#8211; En h\u00e4lsning som anv\u00e4nds under Eid f\u00f6r att \u00f6nska n\u00e5gon en v\u00e4lsignad Eid.<br \/>\n<font color=\"#2D3AC7\">Svima \u017eelimo <b>Bajram \u0160erif Mubarek Olsun<\/b>.<\/font><\/p>\n<p><b>Sretan Vaskrs<\/b> &#8211; Glad P\u00e5sk. En h\u00e4lsning som anv\u00e4nds f\u00f6r att \u00f6nska n\u00e5gon en glad p\u00e5sk.<br \/>\n<font color=\"#2D3AC7\">Kom\u0161ijama \u017eelimo <b>Sretan Vaskrs<\/b>.<\/font><\/p>\n<p><b>Sretan Dan dr\u017eavnosti<\/b> &#8211; Glad Nationaldag. En h\u00e4lsning som anv\u00e4nds f\u00f6r att \u00f6nska n\u00e5gon en glad nationaldag.<br \/>\n<font color=\"#2D3AC7\">Svima \u017eelimo <b>Sretan Dan dr\u017eavnosti<\/b>.<\/font><\/p>\n<h2>Kulturella skillnader och likheter<\/h2>\n<p>\u00c4ven om m\u00e5nga av dessa helgdagar och h\u00f6gtider har sina motsvarigheter i andra kulturer, finns det unika aspekter av varje som \u00e4r specifika f\u00f6r Bosnien och Hercegovina. Till exempel \u00e4r <b>Bajram<\/b> en h\u00f6gtid som firas av muslimer \u00f6ver hela v\u00e4rlden, men de specifika traditionerna kan variera fr\u00e5n land till land. I Bosnien och Hercegovina \u00e4r det vanligt att familjer samlas f\u00f6r stora m\u00e5ltider och att man bes\u00f6ker gravarna av avlidna sl\u00e4ktingar.<\/p>\n<p>P\u00e5 samma s\u00e4tt kan firandet av <b>Bo\u017ei\u0107<\/b> och <b>Vaskrs<\/b> variera beroende p\u00e5 om man tillh\u00f6r den katolska eller ortodoxa kyrkan. Katoliker i Bosnien firar jul den 25 december, medan ortodoxa kristna firar den 7 januari. P\u00e5sken firas ocks\u00e5 vid olika tidpunkter beroende p\u00e5 vilken kalender som anv\u00e4nds (gregoriansk eller juliansk).<\/p>\n<p>En annan viktig aspekt av bosniska h\u00f6gtider \u00e4r den starka betoningen p\u00e5 gemenskap och familj. Oavsett vilken helgdag som firas \u00e4r det vanligt att familjer och v\u00e4nner samlas f\u00f6r att dela m\u00e5ltider och tillbringa tid tillsammans. Detta \u00e4r en tid f\u00f6r att st\u00e4rka band och skapa minnen som varar livet ut.<\/p>\n<h3>Avslutande tankar<\/h3>\n<p>Att f\u00f6rst\u00e5 och anv\u00e4nda ord och uttryck som \u00e4r specifika f\u00f6r helgdagar och h\u00f6gtider kan inte bara f\u00f6rb\u00e4ttra dina spr\u00e5kkunskaper, utan ocks\u00e5 ge dig en djupare f\u00f6rst\u00e5else f\u00f6r den kultur d\u00e4r spr\u00e5ket <a href=\"https:\/\/talkpal.ai\/locations\/language-courses-in-talas\/\">talas<\/a>. Genom att l\u00e4ra dig dessa ord och deras betydelser kan du b\u00e4ttre delta i firandet och uppskatta de traditioner som \u00e4r viktiga f\u00f6r m\u00e4nniskor i Bosnien och Hercegovina.<\/p>\n<p>S\u00e5 n\u00e4sta g\u00e5ng du firar <b>Novu Godinu<\/b>, <b>Bo\u017ei\u0107<\/b> eller <b>Bajram<\/b>, kom ih\u00e5g att anv\u00e4nda dessa ord och uttryck f\u00f6r att fullt ut njuta av upplevelsen och visa din uppskattning f\u00f6r den rika kulturella traditionen i Bosnien och Hercegovina.<\/p>\n","protected":false},"featured_media":1527815,"template":"","vocabulary_language":[4177],"class_list":["post-716591","vocabulary","type-vocabulary","status-publish","has-post-thumbnail","hentry","vocabulary_language-bosniska"],"acf":[],"yoast_head":"<!-- This site is optimized with the Yoast SEO Premium plugin v27.2 (Yoast SEO v27.2) - https:\/\/yoast.com\/product\/yoast-seo-premium-wordpress\/ -->\n<title>Bosniska ordf\u00f6rr\u00e5d specifikt f\u00f6r helgdagar och h\u00f6gtider - Talkpal<\/title>\n<meta name=\"description\" content=\"Att l\u00e4ra sig ett nytt spr\u00e5k inneb\u00e4r ofta att f\u00f6rst\u00e5 och anv\u00e4nda ord och uttryck som \u00e4r specifika f\u00f6r olika situationer och sammanhang. Ett s\u00e5dant viktigt\" \/>\n<meta name=\"robots\" content=\"index, follow, max-snippet:-1, max-image-preview:large, max-video-preview:-1\" \/>\n<link rel=\"canonical\" href=\"https:\/\/talkpal.ai\/sv\/vocabulary\/bosniska-ordforrad-specifikt-for-helgdagar-och-hogtider\/\" \/>\n<meta property=\"og:locale\" content=\"sv_SE\" \/>\n<meta property=\"og:type\" content=\"article\" \/>\n<meta property=\"og:title\" content=\"Bosniska ordf\u00f6rr\u00e5d specifikt f\u00f6r helgdagar och h\u00f6gtider\" \/>\n<meta property=\"og:description\" content=\"Att l\u00e4ra sig ett nytt spr\u00e5k inneb\u00e4r ofta att f\u00f6rst\u00e5 och anv\u00e4nda ord och uttryck som \u00e4r specifika f\u00f6r olika situationer och sammanhang. Ett s\u00e5dant viktigt\" \/>\n<meta property=\"og:url\" content=\"https:\/\/talkpal.ai\/sv\/vocabulary\/bosniska-ordforrad-specifikt-for-helgdagar-och-hogtider\/\" \/>\n<meta property=\"og:site_name\" content=\"Talkpal\" \/>\n<meta property=\"article:publisher\" content=\"https:\/\/www.facebook.com\/profile.php?id=100090733639311\" \/>\n<meta property=\"og:image\" content=\"https:\/\/talkpal.ai\/wp-content\/uploads\/2024\/10\/talkpal_flat_illustration_of_a_employees_working_together_happi_c674ff77-e477-4e09-835a-01d30e561e99.png\" \/>\n\t<meta property=\"og:image:width\" content=\"1024\" \/>\n\t<meta property=\"og:image:height\" content=\"1024\" \/>\n\t<meta property=\"og:image:type\" content=\"image\/png\" \/>\n<meta name=\"twitter:card\" content=\"summary_large_image\" \/>\n<meta name=\"twitter:site\" content=\"@talkpalai\" \/>\n<meta name=\"twitter:label1\" content=\"Ber\u00e4knad l\u00e4stid\" \/>\n\t<meta name=\"twitter:data1\" content=\"5 minuter\" \/>\n<script type=\"application\/ld+json\" class=\"yoast-schema-graph\">{\"@context\":\"https:\/\/schema.org\",\"@graph\":[{\"@type\":\"WebPage\",\"@id\":\"https:\/\/talkpal.ai\/sv\/vocabulary\/bosniska-ordforrad-specifikt-for-helgdagar-och-hogtider\/\",\"url\":\"https:\/\/talkpal.ai\/sv\/vocabulary\/bosniska-ordforrad-specifikt-for-helgdagar-och-hogtider\/\",\"name\":\"Bosniska ordf\u00f6rr\u00e5d specifikt f\u00f6r helgdagar och h\u00f6gtider - Talkpal\",\"isPartOf\":{\"@id\":\"https:\/\/talkpal.ai\/sv\/#website\"},\"primaryImageOfPage\":{\"@id\":\"https:\/\/talkpal.ai\/sv\/vocabulary\/bosniska-ordforrad-specifikt-for-helgdagar-och-hogtider\/#primaryimage\"},\"image\":{\"@id\":\"https:\/\/talkpal.ai\/sv\/vocabulary\/bosniska-ordforrad-specifikt-for-helgdagar-och-hogtider\/#primaryimage\"},\"thumbnailUrl\":\"https:\/\/talkpal.ai\/wp-content\/uploads\/2025\/12\/notes-are-taken-while-learning-languages.webp\",\"datePublished\":\"2024-06-08T18:23:25+00:00\",\"description\":\"Att l\u00e4ra sig ett nytt spr\u00e5k inneb\u00e4r ofta att f\u00f6rst\u00e5 och anv\u00e4nda ord och uttryck som \u00e4r specifika f\u00f6r olika situationer och sammanhang. Ett s\u00e5dant viktigt\",\"breadcrumb\":{\"@id\":\"https:\/\/talkpal.ai\/sv\/vocabulary\/bosniska-ordforrad-specifikt-for-helgdagar-och-hogtider\/#breadcrumb\"},\"inLanguage\":\"sv-SE\",\"potentialAction\":[{\"@type\":\"ReadAction\",\"target\":[\"https:\/\/talkpal.ai\/sv\/vocabulary\/bosniska-ordforrad-specifikt-for-helgdagar-och-hogtider\/\"]}]},{\"@type\":\"ImageObject\",\"inLanguage\":\"sv-SE\",\"@id\":\"https:\/\/talkpal.ai\/sv\/vocabulary\/bosniska-ordforrad-specifikt-for-helgdagar-och-hogtider\/#primaryimage\",\"url\":\"https:\/\/talkpal.ai\/wp-content\/uploads\/2025\/12\/notes-are-taken-while-learning-languages.webp\",\"contentUrl\":\"https:\/\/talkpal.ai\/wp-content\/uploads\/2025\/12\/notes-are-taken-while-learning-languages.webp\",\"width\":1200,\"height\":896,\"caption\":\"A woman in a blue hoodie writes in a notebook while learning languages at a table with coffee.\"},{\"@type\":\"BreadcrumbList\",\"@id\":\"https:\/\/talkpal.ai\/sv\/vocabulary\/bosniska-ordforrad-specifikt-for-helgdagar-och-hogtider\/#breadcrumb\",\"itemListElement\":[{\"@type\":\"ListItem\",\"position\":1,\"name\":\"Homepage\",\"item\":\"https:\/\/talkpal.ai\/sv\/\"},{\"@type\":\"ListItem\",\"position\":2,\"name\":\"Bosniska ordf\u00f6rr\u00e5d specifikt f\u00f6r helgdagar och h\u00f6gtider\"}]},{\"@type\":\"WebSite\",\"@id\":\"https:\/\/talkpal.ai\/sv\/#website\",\"url\":\"https:\/\/talkpal.ai\/sv\/\",\"name\":\"Talkpal\",\"description\":\"AI Language Learning\",\"publisher\":{\"@id\":\"https:\/\/talkpal.ai\/sv\/#organization\"},\"alternateName\":\"Talkpal AI\",\"potentialAction\":[{\"@type\":\"SearchAction\",\"target\":{\"@type\":\"EntryPoint\",\"urlTemplate\":\"https:\/\/talkpal.ai\/sv\/?s={search_term_string}\"},\"query-input\":{\"@type\":\"PropertyValueSpecification\",\"valueRequired\":true,\"valueName\":\"search_term_string\"}}],\"inLanguage\":\"sv-SE\"},{\"@type\":\"Organization\",\"@id\":\"https:\/\/talkpal.ai\/sv\/#organization\",\"name\":\"Talkpal, Inc.\",\"alternateName\":\"Talkpal AI\",\"url\":\"https:\/\/talkpal.ai\/sv\/\",\"logo\":{\"@type\":\"ImageObject\",\"inLanguage\":\"sv-SE\",\"@id\":\"https:\/\/talkpal.ai\/sv\/#\/schema\/logo\/image\/\",\"url\":\"https:\/\/talkpal.ai\/wp-content\/uploads\/2024\/03\/Talkpal-Logo-Icon.png\",\"contentUrl\":\"https:\/\/talkpal.ai\/wp-content\/uploads\/2024\/03\/Talkpal-Logo-Icon.png\",\"width\":2880,\"height\":2880,\"caption\":\"Talkpal, Inc.\"},\"image\":{\"@id\":\"https:\/\/talkpal.ai\/sv\/#\/schema\/logo\/image\/\"},\"sameAs\":[\"https:\/\/www.facebook.com\/profile.php?id=100090733639311\",\"https:\/\/x.com\/talkpalai\",\"https:\/\/www.linkedin.com\/company\/talkpal\/\",\"https:\/\/www.youtube.com\/@TalkPal\/\",\"https:\/\/www.tiktok.com\/@talkpal\",\"https:\/\/www.instagram.com\/talkpal_ai\/\",\"https:\/\/www.crunchbase.com\/organization\/talkpal-9cde\",\"https:\/\/www.g2.com\/products\/talkpal-for-business\/\",\"https:\/\/www.trustpilot.com\/review\/talkpal.ai\",\"https:\/\/www.capterra.com\/p\/10006800\/TalkPal\/\"],\"description\":\"Talkpal is a language learning web and mobile education app, powered by the latest AI technologies, that provides engaging experiences to its customers in many different languages to help them improve their language skills. Users can chat about unlimited amount of topics with the app and use other modes to practice their language learning.\",\"email\":\"support@talkpal.ai\",\"legalName\":\"Talkpal, Inc.\",\"foundingDate\":\"2023-04-03\",\"duns\":\"118989042\",\"numberOfEmployees\":{\"@type\":\"QuantitativeValue\",\"minValue\":\"11\",\"maxValue\":\"50\"},\"publishingPrinciples\":\"https:\/\/talkpal.ai\/publishing-principles\/\",\"actionableFeedbackPolicy\":\"https:\/\/talkpal.ai\/actionable-feedback-policy\/\",\"correctionsPolicy\":\"https:\/\/talkpal.ai\/corrections-policy\/\",\"ethicsPolicy\":\"https:\/\/talkpal.ai\/ethics-policy\/\",\"diversityPolicy\":\"https:\/\/talkpal.ai\/diversity-policy\/\",\"diversityStaffingReport\":\"https:\/\/talkpal.ai\/diversity-policy\/\"}]}<\/script>\n<!-- \/ Yoast SEO Premium plugin. -->","yoast_head_json":{"title":"Bosniska ordf\u00f6rr\u00e5d specifikt f\u00f6r helgdagar och h\u00f6gtider - Talkpal","description":"Att l\u00e4ra sig ett nytt spr\u00e5k inneb\u00e4r ofta att f\u00f6rst\u00e5 och anv\u00e4nda ord och uttryck som \u00e4r specifika f\u00f6r olika situationer och sammanhang. Ett s\u00e5dant viktigt","robots":{"index":"index","follow":"follow","max-snippet":"max-snippet:-1","max-image-preview":"max-image-preview:large","max-video-preview":"max-video-preview:-1"},"canonical":"https:\/\/talkpal.ai\/sv\/vocabulary\/bosniska-ordforrad-specifikt-for-helgdagar-och-hogtider\/","og_locale":"sv_SE","og_type":"article","og_title":"Bosniska ordf\u00f6rr\u00e5d specifikt f\u00f6r helgdagar och h\u00f6gtider","og_description":"Att l\u00e4ra sig ett nytt spr\u00e5k inneb\u00e4r ofta att f\u00f6rst\u00e5 och anv\u00e4nda ord och uttryck som \u00e4r specifika f\u00f6r olika situationer och sammanhang. Ett s\u00e5dant viktigt","og_url":"https:\/\/talkpal.ai\/sv\/vocabulary\/bosniska-ordforrad-specifikt-for-helgdagar-och-hogtider\/","og_site_name":"Talkpal","article_publisher":"https:\/\/www.facebook.com\/profile.php?id=100090733639311","og_image":[{"width":1024,"height":1024,"url":"https:\/\/talkpal.ai\/wp-content\/uploads\/2024\/10\/talkpal_flat_illustration_of_a_employees_working_together_happi_c674ff77-e477-4e09-835a-01d30e561e99.png","type":"image\/png"}],"twitter_card":"summary_large_image","twitter_site":"@talkpalai","twitter_misc":{"Ber\u00e4knad l\u00e4stid":"5 minuter"},"schema":{"@context":"https:\/\/schema.org","@graph":[{"@type":"WebPage","@id":"https:\/\/talkpal.ai\/sv\/vocabulary\/bosniska-ordforrad-specifikt-for-helgdagar-och-hogtider\/","url":"https:\/\/talkpal.ai\/sv\/vocabulary\/bosniska-ordforrad-specifikt-for-helgdagar-och-hogtider\/","name":"Bosniska ordf\u00f6rr\u00e5d specifikt f\u00f6r helgdagar och h\u00f6gtider - Talkpal","isPartOf":{"@id":"https:\/\/talkpal.ai\/sv\/#website"},"primaryImageOfPage":{"@id":"https:\/\/talkpal.ai\/sv\/vocabulary\/bosniska-ordforrad-specifikt-for-helgdagar-och-hogtider\/#primaryimage"},"image":{"@id":"https:\/\/talkpal.ai\/sv\/vocabulary\/bosniska-ordforrad-specifikt-for-helgdagar-och-hogtider\/#primaryimage"},"thumbnailUrl":"https:\/\/talkpal.ai\/wp-content\/uploads\/2025\/12\/notes-are-taken-while-learning-languages.webp","datePublished":"2024-06-08T18:23:25+00:00","description":"Att l\u00e4ra sig ett nytt spr\u00e5k inneb\u00e4r ofta att f\u00f6rst\u00e5 och anv\u00e4nda ord och uttryck som \u00e4r specifika f\u00f6r olika situationer och sammanhang. Ett s\u00e5dant viktigt","breadcrumb":{"@id":"https:\/\/talkpal.ai\/sv\/vocabulary\/bosniska-ordforrad-specifikt-for-helgdagar-och-hogtider\/#breadcrumb"},"inLanguage":"sv-SE","potentialAction":[{"@type":"ReadAction","target":["https:\/\/talkpal.ai\/sv\/vocabulary\/bosniska-ordforrad-specifikt-for-helgdagar-och-hogtider\/"]}]},{"@type":"ImageObject","inLanguage":"sv-SE","@id":"https:\/\/talkpal.ai\/sv\/vocabulary\/bosniska-ordforrad-specifikt-for-helgdagar-och-hogtider\/#primaryimage","url":"https:\/\/talkpal.ai\/wp-content\/uploads\/2025\/12\/notes-are-taken-while-learning-languages.webp","contentUrl":"https:\/\/talkpal.ai\/wp-content\/uploads\/2025\/12\/notes-are-taken-while-learning-languages.webp","width":1200,"height":896,"caption":"A woman in a blue hoodie writes in a notebook while learning languages at a table with coffee."},{"@type":"BreadcrumbList","@id":"https:\/\/talkpal.ai\/sv\/vocabulary\/bosniska-ordforrad-specifikt-for-helgdagar-och-hogtider\/#breadcrumb","itemListElement":[{"@type":"ListItem","position":1,"name":"Homepage","item":"https:\/\/talkpal.ai\/sv\/"},{"@type":"ListItem","position":2,"name":"Bosniska ordf\u00f6rr\u00e5d specifikt f\u00f6r helgdagar och h\u00f6gtider"}]},{"@type":"WebSite","@id":"https:\/\/talkpal.ai\/sv\/#website","url":"https:\/\/talkpal.ai\/sv\/","name":"Talkpal","description":"AI Language Learning","publisher":{"@id":"https:\/\/talkpal.ai\/sv\/#organization"},"alternateName":"Talkpal AI","potentialAction":[{"@type":"SearchAction","target":{"@type":"EntryPoint","urlTemplate":"https:\/\/talkpal.ai\/sv\/?s={search_term_string}"},"query-input":{"@type":"PropertyValueSpecification","valueRequired":true,"valueName":"search_term_string"}}],"inLanguage":"sv-SE"},{"@type":"Organization","@id":"https:\/\/talkpal.ai\/sv\/#organization","name":"Talkpal, Inc.","alternateName":"Talkpal AI","url":"https:\/\/talkpal.ai\/sv\/","logo":{"@type":"ImageObject","inLanguage":"sv-SE","@id":"https:\/\/talkpal.ai\/sv\/#\/schema\/logo\/image\/","url":"https:\/\/talkpal.ai\/wp-content\/uploads\/2024\/03\/Talkpal-Logo-Icon.png","contentUrl":"https:\/\/talkpal.ai\/wp-content\/uploads\/2024\/03\/Talkpal-Logo-Icon.png","width":2880,"height":2880,"caption":"Talkpal, Inc."},"image":{"@id":"https:\/\/talkpal.ai\/sv\/#\/schema\/logo\/image\/"},"sameAs":["https:\/\/www.facebook.com\/profile.php?id=100090733639311","https:\/\/x.com\/talkpalai","https:\/\/www.linkedin.com\/company\/talkpal\/","https:\/\/www.youtube.com\/@TalkPal\/","https:\/\/www.tiktok.com\/@talkpal","https:\/\/www.instagram.com\/talkpal_ai\/","https:\/\/www.crunchbase.com\/organization\/talkpal-9cde","https:\/\/www.g2.com\/products\/talkpal-for-business\/","https:\/\/www.trustpilot.com\/review\/talkpal.ai","https:\/\/www.capterra.com\/p\/10006800\/TalkPal\/"],"description":"Talkpal is a language learning web and mobile education app, powered by the latest AI technologies, that provides engaging experiences to its customers in many different languages to help them improve their language skills. Users can chat about unlimited amount of topics with the app and use other modes to practice their language learning.","email":"support@talkpal.ai","legalName":"Talkpal, Inc.","foundingDate":"2023-04-03","duns":"118989042","numberOfEmployees":{"@type":"QuantitativeValue","minValue":"11","maxValue":"50"},"publishingPrinciples":"https:\/\/talkpal.ai\/publishing-principles\/","actionableFeedbackPolicy":"https:\/\/talkpal.ai\/actionable-feedback-policy\/","correctionsPolicy":"https:\/\/talkpal.ai\/corrections-policy\/","ethicsPolicy":"https:\/\/talkpal.ai\/ethics-policy\/","diversityPolicy":"https:\/\/talkpal.ai\/diversity-policy\/","diversityStaffingReport":"https:\/\/talkpal.ai\/diversity-policy\/"}]}},"_links":{"self":[{"href":"https:\/\/talkpal.ai\/sv\/wp-json\/wp\/v2\/vocabulary\/716591","targetHints":{"allow":["GET"]}}],"collection":[{"href":"https:\/\/talkpal.ai\/sv\/wp-json\/wp\/v2\/vocabulary"}],"about":[{"href":"https:\/\/talkpal.ai\/sv\/wp-json\/wp\/v2\/types\/vocabulary"}],"wp:featuredmedia":[{"embeddable":true,"href":"https:\/\/talkpal.ai\/sv\/wp-json\/wp\/v2\/media\/1527815"}],"wp:attachment":[{"href":"https:\/\/talkpal.ai\/sv\/wp-json\/wp\/v2\/media?parent=716591"}],"wp:term":[{"taxonomy":"vocabulary_language","embeddable":true,"href":"https:\/\/talkpal.ai\/sv\/wp-json\/wp\/v2\/vocabulary_language?post=716591"}],"curies":[{"name":"wp","href":"https:\/\/api.w.org\/{rel}","templated":true}]}}