{"id":716578,"date":"2024-06-08T18:22:16","date_gmt":"2024-06-08T18:22:16","guid":{"rendered":"https:\/\/talkpal.ai\/vocabulary\/bosniska-termer-for-politiska-och-sociala-fragor\/"},"modified":"2024-06-08T18:22:16","modified_gmt":"2024-06-08T18:22:16","slug":"bosniska-termer-for-politiska-och-sociala-fragor","status":"publish","type":"vocabulary","link":"https:\/\/talkpal.ai\/sv\/vocabulary\/bosniska-termer-for-politiska-och-sociala-fragor\/","title":{"rendered":"Bosniska termer f\u00f6r politiska och sociala fr\u00e5gor"},"content":{"rendered":"<p>Att l\u00e4ra sig ett nytt spr\u00e5k inneb\u00e4r mer \u00e4n att bara f\u00f6rst\u00e5 <a href=\"https:\/\/talkpal.ai\/fr\/les\/\">grammatik<\/a> och ordf\u00f6rr\u00e5d. Det inneb\u00e4r ocks\u00e5 att f\u00f6rst\u00e5 de kulturella och sociala sammanhangen d\u00e4r spr\u00e5ket anv\u00e4nds. F\u00f6r dem som \u00e4r intresserade av politiska och sociala fr\u00e5gor kan det vara s\u00e4rskilt anv\u00e4ndbart att k\u00e4nna till specifika termer och fraser p\u00e5 <a href=\"https:\/\/talkpal.ai\/learn-bosnian\/\">bosniska<\/a>. H\u00e4r \u00e4r en omfattande guide till n\u00e5gra av de viktigaste termerna inom detta omr\u00e5de, tillsammans med definitioner och exempelmeningar.<\/p>\n<h2>Politik<\/h2>\n<p><b>Politi\u010dar<\/b> &#8211; Politisk ledare eller medlem av en regering.<br \/>\n<font color=\"#2D3AC7\">Politi\u010dar je odr\u017eao govor u parlamentu.<\/font><\/p>\n<p><b>Izbori<\/b> &#8211; Processen d\u00e4r medborgare r\u00f6star f\u00f6r att v\u00e4lja sina representanter.<br \/>\n<font color=\"#2D3AC7\">Izbori \u0107e se odr\u017eati sljede\u0107eg mjeseca.<\/font><\/p>\n<p><b>Parlament<\/b> &#8211; Lagstiftande f\u00f6rsamling som best\u00e5r av valda representanter.<br \/>\n<font color=\"#2D3AC7\">Parlament je usvojio <a href=\"https:\/\/talkpal.ai\/locations\/language-courses-in-novi\/\">novi<\/a> zakon o obrazovanju.<\/font><\/p>\n<p><b>Stranka<\/b> &#8211; En organiserad grupp m\u00e4nniskor som delar liknande politiska \u00e5sikter och arbetar tillsammans f\u00f6r att p\u00e5verka eller kontrollera regeringen.<br \/>\n<font color=\"#2D3AC7\">Nova politi\u010dka stranka dobila je mnogo podr\u0161ke na posljednjim izborima.<\/font><\/p>\n<p><b>Predsjednik<\/b> &#8211; Stats\u00f6verhuvud i en republik.<br \/>\n<font color=\"#2D3AC7\">Predsjednik je najavio nove ekonomske reforme.<\/font><\/p>\n<p><b>Ministar<\/b> &#8211; Medlem av en regering som ansvarar f\u00f6r ett specifikt omr\u00e5de, s\u00e5som <a href=\"https:\/\/talkpal.ai\/talkpal-for-education\/\">utbildning<\/a> eller h\u00e4lsa.<br \/>\n<font color=\"#2D3AC7\">Ministar zdravstva objavio je planove za reformu zdravstvenog sustava.<\/font><\/p>\n<p><b>Ustav<\/b> &#8211; Grundl\u00e4ggande lagar och principer som styr ett land.<br \/>\n<font color=\"#2D3AC7\">Ustav garantira slobodu govora i okupljanja.<\/font><\/p>\n<p><b>Demokratija<\/b> &#8211; Regeringsform d\u00e4r makten ligger hos folket, som ut\u00f6var den direkt eller genom valda representanter.<br \/>\n<font color=\"#2D3AC7\">Demokratija omogu\u0107ava gra\u0111anima da biraju svoje predstavnike.<\/font><\/p>\n<p><b>Mandat<\/b> &#8211; Period under vilken en vald representant eller regering innehar sitt \u00e4mbete.<br \/>\n<font color=\"#2D3AC7\">Mandat trenutne vlade isti\u010de sljede\u0107e godine.<\/font><\/p>\n<h2>Sociala fr\u00e5gor<\/h2>\n<p><b>Siroma\u0161tvo<\/b> &#8211; Tillst\u00e5nd av att sakna tillr\u00e4ckliga medel f\u00f6r att tillgodose grundl\u00e4ggande behov.<br \/>\n<font color=\"#2D3AC7\">Siroma\u0161tvo je veliki problem u ruralnim podru\u010djima.<\/font><\/p>\n<p><b>Obrazovanje<\/b> &#8211; Processen att undervisa och l\u00e4ra sig, vanligtvis i skolor och <a href=\"https:\/\/talkpal.ai\/mt\/skont-talkpal-ghall-istaff-tal-universita\/\">universitet<\/a>.<br \/>\n<font color=\"#2D3AC7\"><a href=\"https:\/\/talkpal.ai\/talkpal-for-education\/\">Obrazovanje<\/a> je klju\u010d za bolju budu\u0107nost.<\/font><\/p>\n<p><b>Zdravstvo<\/b> &#8211; System och tj\u00e4nster som syftar till att bevara och f\u00f6rb\u00e4ttra m\u00e4nniskors h\u00e4lsa.<br \/>\n<font color=\"#2D3AC7\">Zdravstvo treba biti dostupno svima, bez obzira na financijsku situaciju.<\/font><\/p>\n<p><b>Ravnopravnost<\/b> &#8211; Tillst\u00e5nd av att vara lika, s\u00e4rskilt n\u00e4r det g\u00e4ller r\u00e4ttigheter och m\u00f6jligheter.<br \/>\n<font color=\"#2D3AC7\">Ravnopravnost spolova je va\u017ean cilj za svako dru\u0161tvo.<\/font><\/p>\n<p><b>Socijalna pravda<\/b> &#8211; Princip om r\u00e4ttvisa i f\u00f6rdelningen av resurser och m\u00f6jligheter inom ett samh\u00e4lle.<br \/>\n<font color=\"#2D3AC7\">Socijalna pravda zna\u010di da svi gra\u0111ani imaju pravo na dostojanstven \u017eivot.<\/font><\/p>\n<p><b>Migracija<\/b> &#8211; R\u00f6relse av m\u00e4nniskor fr\u00e5n en plats till en annan, ofta f\u00f6r att s\u00f6ka b\u00e4ttre levnadsvillkor.<br \/>\n<font color=\"#2D3AC7\">Migracija mo\u017ee biti izazov za dru\u0161tvo, ali i prilika za razvoj.<\/font><\/p>\n<p><b>Diskriminacija<\/b> &#8211; Or\u00e4ttvis eller skadlig behandling av m\u00e4nniskor baserat p\u00e5 deras tillh\u00f6righet till en viss grupp, s\u00e5som k\u00f6n, ras eller religion.<br \/>\n<font color=\"#2D3AC7\">Diskriminacija je zabranjena zakonom.<\/font><\/p>\n<p><b>Rodna ravnopravnost<\/b> &#8211; Tillst\u00e5nd d\u00e4r m\u00e4nniskor av alla k\u00f6n har samma r\u00e4ttigheter, skyldigheter och m\u00f6jligheter.<br \/>\n<font color=\"#2D3AC7\">Rodna ravnopravnost je va\u017ena za postizanje pravednog dru\u0161tva.<\/font><\/p>\n<p><b>Socijalna inkluzija<\/b> &#8211; Processen att f\u00f6rb\u00e4ttra villkoren f\u00f6r individer och grupper som riskerar social utest\u00e4ngning.<br \/>\n<font color=\"#2D3AC7\">Socijalna inkluzija poma\u017ee u stvaranju kohezivnog dru\u0161tva.<\/font><\/p>\n<h2>Ekonomi<\/h2>\n<p><b>Ekonomija<\/b> &#8211; System f\u00f6r produktion, distribution och konsumtion av varor och tj\u00e4nster.<br \/>\n<font color=\"#2D3AC7\">Ekonomija zemlje raste zahvaljuju\u0107i novim investicijama.<\/font><\/p>\n<p><b>Banka<\/b> &#8211; Finansiell institution som tar emot ins\u00e4ttningar och beviljar l\u00e5n.<br \/>\n<font color=\"#2D3AC7\">Banka je odobrila kredit za kupovinu ku\u0107e.<\/font><\/p>\n<p><b>Inflacija<\/b> &#8211; \u00d6kning av prisniv\u00e5n p\u00e5 varor och tj\u00e4nster \u00f6ver tid, vilket minskar k\u00f6pkraften.<br \/>\n<font color=\"#2D3AC7\">Inflacija je uzrokovala rast cijena osnovnih proizvoda.<\/font><\/p>\n<p><b>Nezaposlenost<\/b> &#8211; Tillst\u00e5nd av att vara utan arbete, trots att man aktivt s\u00f6ker jobb.<br \/>\n<font color=\"#2D3AC7\">Nezaposlenost me\u0111u mladima je i dalje visok.<\/font><\/p>\n<p><b>Porez<\/b> &#8211; Obligatorisk avgift som medborgare och f\u00f6retag betalar till staten.<br \/>\n<font color=\"#2D3AC7\">Porez na dohodak je jedan od glavnih izvora prihoda za vladu.<\/font><\/p>\n<p><b>Subvencija<\/b> &#8211; Finansiellt st\u00f6d fr\u00e5n regeringen till f\u00f6retag eller individer f\u00f6r att st\u00f6dja ekonomisk verksamhet.<br \/>\n<font color=\"#2D3AC7\">Subvencija za poljoprivrednike poma\u017ee u o\u010duvanju ruralnih podru\u010dja.<\/font><\/p>\n<p><b>Bud\u017eet<\/b> &#8211; Plan f\u00f6r hur inkomster och utgifter ska f\u00f6rdelas under en viss period.<br \/>\n<font color=\"#2D3AC7\">Bud\u017eet za idu\u0107u godinu uklju\u010duje pove\u0107anje ulaganja u obrazovanje.<\/font><\/p>\n<p><b>Investicija<\/b> &#8211; Placering av kapital i syfte att f\u00e5 avkastning eller vinst.<br \/>\n<font color=\"#2D3AC7\">Investicija u obnovljive izvore energije donijet \u0107e dugoro\u010dne koristi.<\/font><\/p>\n<p><b>Tr\u017ei\u0161te<\/b> &#8211; Plats eller system d\u00e4r varor och tj\u00e4nster k\u00f6ps och s\u00e4ljs.<br \/>\n<font color=\"#2D3AC7\">Tr\u017ei\u0161te nekretnina je trenutno vrlo aktivno.<\/font><\/p>\n<p><b>Finansijska kriza<\/b> &#8211; Allvarlig st\u00f6rning i det finansiella systemet som leder till ekonomiska problem.<br \/>\n<font color=\"#2D3AC7\">Finansijska kriza iz 2008. godine imala je globalne posljedice.<\/font><\/p>\n<h2>R\u00e4ttigheter och friheter<\/h2>\n<p><b>Ljudska prava<\/b> &#8211; Grundl\u00e4ggande r\u00e4ttigheter och friheter som varje m\u00e4nniska har r\u00e4tt till.<br \/>\n<font color=\"#2D3AC7\">Ljudska prava su univerzalna i nepovrediva.<\/font><\/p>\n<p><b>Sloboda govora<\/b> &#8211; R\u00e4tten att uttrycka sina \u00e5sikter och id\u00e9er utan r\u00e4dsla f\u00f6r repressalier.<br \/>\n<font color=\"#2D3AC7\">Sloboda govora je temelj svakog demokratskog dru\u0161tva.<\/font><\/p>\n<p><b>Pravo na obrazovanje<\/b> &#8211; R\u00e4ttigheten f\u00f6r varje individ att f\u00e5 tillg\u00e5ng till utbildning.<br \/>\n<font color=\"#2D3AC7\">Pravo na obrazovanje je klju\u010dno za razvoj pojedinca i dru\u0161tva.<\/font><\/p>\n<p><b>Pravo na zdravlje<\/b> &#8211; R\u00e4tten till b\u00e4sta m\u00f6jliga h\u00e4lsa och tillg\u00e5ng till medicinsk v\u00e5rd.<br \/>\n<font color=\"#2D3AC7\">Pravo na zdravlje uklju\u010duje pristup \u010distoj vodi i zdravstvenim uslugama.<\/font><\/p>\n<p><b>Ravnopravnost pred zakonom<\/b> &#8211; Principen att alla individer \u00e4r lika inf\u00f6r lagen och har r\u00e4tt till r\u00e4ttvis behandling.<br \/>\n<font color=\"#2D3AC7\">Ravnopravnost pred zakonom je osnovni princip pravde.<\/font><\/p>\n<p><b>Azil<\/b> &#8211; Skydd som erbjuds av en stat till en person som flyr fr\u00e5n f\u00f6rf\u00f6ljelse i sitt hemland.<br \/>\n<font color=\"#2D3AC7\">Mnogi <a href=\"https:\/\/talkpal.ai\/talkpal-discount-for-refugees\/\">izbjeglice<\/a> tra\u017ee azil u sigurnijim zemljama.<\/font><\/p>\n<p><b>Pravo na rad<\/b> &#8211; R\u00e4tten f\u00f6r varje individ att s\u00f6ka och utf\u00f6ra arbete under r\u00e4ttvisa och s\u00e4kra f\u00f6rh\u00e5llanden.<br \/>\n<font color=\"#2D3AC7\">Pravo na rad osigurava da svi imaju priliku za dostojanstven \u017eivot.<\/font><\/p>\n<p><b>Pravo na stanovanje<\/b> &#8211; R\u00e4tten till en s\u00e4ker och anst\u00e4ndig bostad.<br \/>\n<font color=\"#2D3AC7\">Pravo na stanovanje je osnovno ljudsko pravo.<\/font><\/p>\n<p><b>Pravo na privatnost<\/b> &#8211; R\u00e4tten att skydda sitt privatliv och sina personliga uppgifter.<br \/>\n<font color=\"#2D3AC7\">Pravo na privatnost je posebno va\u017eno u digitalnom dobu.<\/font><\/p>\n<p><b>Ravnopravnost spolova<\/b> &#8211; Principen att kvinnor och m\u00e4n ska ha samma r\u00e4ttigheter och m\u00f6jligheter.<br \/>\n<font color=\"#2D3AC7\">Ravnopravnost spolova je klju\u010dna za dru\u0161tveni napredak.<\/font><\/p>\n<p>Sammanfattningsvis \u00e4r det viktigt att beh\u00e4rska dessa termer f\u00f6r att b\u00e4ttre f\u00f6rst\u00e5 och <a href=\"https:\/\/talkpal.ai\/locations\/language-courses-in-delta\/\">delta<\/a> i diskussioner om politiska och sociala fr\u00e5gor p\u00e5 bosniska. Genom att l\u00e4ra sig dessa ord och deras betydelser kan man inte bara f\u00f6rb\u00e4ttra sina spr\u00e5kkunskaper utan ocks\u00e5 f\u00e5 en djupare insikt i de fr\u00e5gor som p\u00e5verkar samh\u00e4llet.<\/p>\n","protected":false},"featured_media":1527701,"template":"","vocabulary_language":[4177],"class_list":["post-716578","vocabulary","type-vocabulary","status-publish","has-post-thumbnail","hentry","vocabulary_language-bosniska"],"acf":[],"yoast_head":"<!-- This site is optimized with the Yoast SEO Premium plugin v27.2 (Yoast SEO v27.2) - https:\/\/yoast.com\/product\/yoast-seo-premium-wordpress\/ -->\n<title>Bosniska termer f\u00f6r politiska och sociala fr\u00e5gor - Talkpal<\/title>\n<meta name=\"description\" content=\"Att l\u00e4ra sig ett nytt spr\u00e5k inneb\u00e4r mer \u00e4n att bara f\u00f6rst\u00e5 grammatik och ordf\u00f6rr\u00e5d. Det inneb\u00e4r ocks\u00e5 att f\u00f6rst\u00e5 de kulturella och sociala sammanhangen\" \/>\n<meta name=\"robots\" content=\"index, follow, max-snippet:-1, max-image-preview:large, max-video-preview:-1\" \/>\n<link rel=\"canonical\" href=\"https:\/\/talkpal.ai\/sv\/vocabulary\/bosniska-termer-for-politiska-och-sociala-fragor\/\" \/>\n<meta property=\"og:locale\" content=\"sv_SE\" \/>\n<meta property=\"og:type\" content=\"article\" \/>\n<meta property=\"og:title\" content=\"Bosniska termer f\u00f6r politiska och sociala fr\u00e5gor\" \/>\n<meta property=\"og:description\" content=\"Att l\u00e4ra sig ett nytt spr\u00e5k inneb\u00e4r mer \u00e4n att bara f\u00f6rst\u00e5 grammatik och ordf\u00f6rr\u00e5d. Det inneb\u00e4r ocks\u00e5 att f\u00f6rst\u00e5 de kulturella och sociala sammanhangen\" \/>\n<meta property=\"og:url\" content=\"https:\/\/talkpal.ai\/sv\/vocabulary\/bosniska-termer-for-politiska-och-sociala-fragor\/\" \/>\n<meta property=\"og:site_name\" content=\"Talkpal\" \/>\n<meta property=\"article:publisher\" content=\"https:\/\/www.facebook.com\/profile.php?id=100090733639311\" \/>\n<meta property=\"og:image\" content=\"https:\/\/talkpal.ai\/wp-content\/uploads\/2024\/10\/talkpal_flat_illustration_of_a_employees_working_together_happi_c674ff77-e477-4e09-835a-01d30e561e99.png\" \/>\n\t<meta property=\"og:image:width\" content=\"1024\" \/>\n\t<meta property=\"og:image:height\" content=\"1024\" \/>\n\t<meta property=\"og:image:type\" content=\"image\/png\" \/>\n<meta name=\"twitter:card\" content=\"summary_large_image\" \/>\n<meta name=\"twitter:site\" content=\"@talkpalai\" \/>\n<meta name=\"twitter:label1\" content=\"Ber\u00e4knad l\u00e4stid\" \/>\n\t<meta name=\"twitter:data1\" content=\"6 minuter\" \/>\n<script type=\"application\/ld+json\" class=\"yoast-schema-graph\">{\"@context\":\"https:\/\/schema.org\",\"@graph\":[{\"@type\":\"WebPage\",\"@id\":\"https:\/\/talkpal.ai\/sv\/vocabulary\/bosniska-termer-for-politiska-och-sociala-fragor\/\",\"url\":\"https:\/\/talkpal.ai\/sv\/vocabulary\/bosniska-termer-for-politiska-och-sociala-fragor\/\",\"name\":\"Bosniska termer f\u00f6r politiska och sociala fr\u00e5gor - Talkpal\",\"isPartOf\":{\"@id\":\"https:\/\/talkpal.ai\/sv\/#website\"},\"primaryImageOfPage\":{\"@id\":\"https:\/\/talkpal.ai\/sv\/vocabulary\/bosniska-termer-for-politiska-och-sociala-fragor\/#primaryimage\"},\"image\":{\"@id\":\"https:\/\/talkpal.ai\/sv\/vocabulary\/bosniska-termer-for-politiska-och-sociala-fragor\/#primaryimage\"},\"thumbnailUrl\":\"https:\/\/talkpal.ai\/wp-content\/uploads\/2025\/12\/hall-is-occupied-while-learning-languages.webp\",\"datePublished\":\"2024-06-08T18:22:16+00:00\",\"description\":\"Att l\u00e4ra sig ett nytt spr\u00e5k inneb\u00e4r mer \u00e4n att bara f\u00f6rst\u00e5 grammatik och ordf\u00f6rr\u00e5d. Det inneb\u00e4r ocks\u00e5 att f\u00f6rst\u00e5 de kulturella och sociala sammanhangen\",\"breadcrumb\":{\"@id\":\"https:\/\/talkpal.ai\/sv\/vocabulary\/bosniska-termer-for-politiska-och-sociala-fragor\/#breadcrumb\"},\"inLanguage\":\"sv-SE\",\"potentialAction\":[{\"@type\":\"ReadAction\",\"target\":[\"https:\/\/talkpal.ai\/sv\/vocabulary\/bosniska-termer-for-politiska-och-sociala-fragor\/\"]}]},{\"@type\":\"ImageObject\",\"inLanguage\":\"sv-SE\",\"@id\":\"https:\/\/talkpal.ai\/sv\/vocabulary\/bosniska-termer-for-politiska-och-sociala-fragor\/#primaryimage\",\"url\":\"https:\/\/talkpal.ai\/wp-content\/uploads\/2025\/12\/hall-is-occupied-while-learning-languages.webp\",\"contentUrl\":\"https:\/\/talkpal.ai\/wp-content\/uploads\/2025\/12\/hall-is-occupied-while-learning-languages.webp\",\"width\":1200,\"height\":896,\"caption\":\"Focused people sit at long tables with notebooks and computers for learning languages in a grand library.\"},{\"@type\":\"BreadcrumbList\",\"@id\":\"https:\/\/talkpal.ai\/sv\/vocabulary\/bosniska-termer-for-politiska-och-sociala-fragor\/#breadcrumb\",\"itemListElement\":[{\"@type\":\"ListItem\",\"position\":1,\"name\":\"Homepage\",\"item\":\"https:\/\/talkpal.ai\/sv\/\"},{\"@type\":\"ListItem\",\"position\":2,\"name\":\"Bosniska termer f\u00f6r politiska och sociala fr\u00e5gor\"}]},{\"@type\":\"WebSite\",\"@id\":\"https:\/\/talkpal.ai\/sv\/#website\",\"url\":\"https:\/\/talkpal.ai\/sv\/\",\"name\":\"Talkpal\",\"description\":\"AI Language Learning\",\"publisher\":{\"@id\":\"https:\/\/talkpal.ai\/sv\/#organization\"},\"alternateName\":\"Talkpal AI\",\"potentialAction\":[{\"@type\":\"SearchAction\",\"target\":{\"@type\":\"EntryPoint\",\"urlTemplate\":\"https:\/\/talkpal.ai\/sv\/?s={search_term_string}\"},\"query-input\":{\"@type\":\"PropertyValueSpecification\",\"valueRequired\":true,\"valueName\":\"search_term_string\"}}],\"inLanguage\":\"sv-SE\"},{\"@type\":\"Organization\",\"@id\":\"https:\/\/talkpal.ai\/sv\/#organization\",\"name\":\"Talkpal, Inc.\",\"alternateName\":\"Talkpal AI\",\"url\":\"https:\/\/talkpal.ai\/sv\/\",\"logo\":{\"@type\":\"ImageObject\",\"inLanguage\":\"sv-SE\",\"@id\":\"https:\/\/talkpal.ai\/sv\/#\/schema\/logo\/image\/\",\"url\":\"https:\/\/talkpal.ai\/wp-content\/uploads\/2024\/03\/Talkpal-Logo-Icon.png\",\"contentUrl\":\"https:\/\/talkpal.ai\/wp-content\/uploads\/2024\/03\/Talkpal-Logo-Icon.png\",\"width\":2880,\"height\":2880,\"caption\":\"Talkpal, Inc.\"},\"image\":{\"@id\":\"https:\/\/talkpal.ai\/sv\/#\/schema\/logo\/image\/\"},\"sameAs\":[\"https:\/\/www.facebook.com\/profile.php?id=100090733639311\",\"https:\/\/x.com\/talkpalai\",\"https:\/\/www.linkedin.com\/company\/talkpal\/\",\"https:\/\/www.youtube.com\/@TalkPal\/\",\"https:\/\/www.tiktok.com\/@talkpal\",\"https:\/\/www.instagram.com\/talkpal_ai\/\",\"https:\/\/www.crunchbase.com\/organization\/talkpal-9cde\",\"https:\/\/www.g2.com\/products\/talkpal-for-business\/\",\"https:\/\/www.trustpilot.com\/review\/talkpal.ai\",\"https:\/\/www.capterra.com\/p\/10006800\/TalkPal\/\"],\"description\":\"Talkpal is a language learning web and mobile education app, powered by the latest AI technologies, that provides engaging experiences to its customers in many different languages to help them improve their language skills. Users can chat about unlimited amount of topics with the app and use other modes to practice their language learning.\",\"email\":\"support@talkpal.ai\",\"legalName\":\"Talkpal, Inc.\",\"foundingDate\":\"2023-04-03\",\"duns\":\"118989042\",\"numberOfEmployees\":{\"@type\":\"QuantitativeValue\",\"minValue\":\"11\",\"maxValue\":\"50\"},\"publishingPrinciples\":\"https:\/\/talkpal.ai\/publishing-principles\/\",\"actionableFeedbackPolicy\":\"https:\/\/talkpal.ai\/actionable-feedback-policy\/\",\"correctionsPolicy\":\"https:\/\/talkpal.ai\/corrections-policy\/\",\"ethicsPolicy\":\"https:\/\/talkpal.ai\/ethics-policy\/\",\"diversityPolicy\":\"https:\/\/talkpal.ai\/diversity-policy\/\",\"diversityStaffingReport\":\"https:\/\/talkpal.ai\/diversity-policy\/\"}]}<\/script>\n<!-- \/ Yoast SEO Premium plugin. -->","yoast_head_json":{"title":"Bosniska termer f\u00f6r politiska och sociala fr\u00e5gor - Talkpal","description":"Att l\u00e4ra sig ett nytt spr\u00e5k inneb\u00e4r mer \u00e4n att bara f\u00f6rst\u00e5 grammatik och ordf\u00f6rr\u00e5d. Det inneb\u00e4r ocks\u00e5 att f\u00f6rst\u00e5 de kulturella och sociala sammanhangen","robots":{"index":"index","follow":"follow","max-snippet":"max-snippet:-1","max-image-preview":"max-image-preview:large","max-video-preview":"max-video-preview:-1"},"canonical":"https:\/\/talkpal.ai\/sv\/vocabulary\/bosniska-termer-for-politiska-och-sociala-fragor\/","og_locale":"sv_SE","og_type":"article","og_title":"Bosniska termer f\u00f6r politiska och sociala fr\u00e5gor","og_description":"Att l\u00e4ra sig ett nytt spr\u00e5k inneb\u00e4r mer \u00e4n att bara f\u00f6rst\u00e5 grammatik och ordf\u00f6rr\u00e5d. Det inneb\u00e4r ocks\u00e5 att f\u00f6rst\u00e5 de kulturella och sociala sammanhangen","og_url":"https:\/\/talkpal.ai\/sv\/vocabulary\/bosniska-termer-for-politiska-och-sociala-fragor\/","og_site_name":"Talkpal","article_publisher":"https:\/\/www.facebook.com\/profile.php?id=100090733639311","og_image":[{"width":1024,"height":1024,"url":"https:\/\/talkpal.ai\/wp-content\/uploads\/2024\/10\/talkpal_flat_illustration_of_a_employees_working_together_happi_c674ff77-e477-4e09-835a-01d30e561e99.png","type":"image\/png"}],"twitter_card":"summary_large_image","twitter_site":"@talkpalai","twitter_misc":{"Ber\u00e4knad l\u00e4stid":"6 minuter"},"schema":{"@context":"https:\/\/schema.org","@graph":[{"@type":"WebPage","@id":"https:\/\/talkpal.ai\/sv\/vocabulary\/bosniska-termer-for-politiska-och-sociala-fragor\/","url":"https:\/\/talkpal.ai\/sv\/vocabulary\/bosniska-termer-for-politiska-och-sociala-fragor\/","name":"Bosniska termer f\u00f6r politiska och sociala fr\u00e5gor - Talkpal","isPartOf":{"@id":"https:\/\/talkpal.ai\/sv\/#website"},"primaryImageOfPage":{"@id":"https:\/\/talkpal.ai\/sv\/vocabulary\/bosniska-termer-for-politiska-och-sociala-fragor\/#primaryimage"},"image":{"@id":"https:\/\/talkpal.ai\/sv\/vocabulary\/bosniska-termer-for-politiska-och-sociala-fragor\/#primaryimage"},"thumbnailUrl":"https:\/\/talkpal.ai\/wp-content\/uploads\/2025\/12\/hall-is-occupied-while-learning-languages.webp","datePublished":"2024-06-08T18:22:16+00:00","description":"Att l\u00e4ra sig ett nytt spr\u00e5k inneb\u00e4r mer \u00e4n att bara f\u00f6rst\u00e5 grammatik och ordf\u00f6rr\u00e5d. Det inneb\u00e4r ocks\u00e5 att f\u00f6rst\u00e5 de kulturella och sociala sammanhangen","breadcrumb":{"@id":"https:\/\/talkpal.ai\/sv\/vocabulary\/bosniska-termer-for-politiska-och-sociala-fragor\/#breadcrumb"},"inLanguage":"sv-SE","potentialAction":[{"@type":"ReadAction","target":["https:\/\/talkpal.ai\/sv\/vocabulary\/bosniska-termer-for-politiska-och-sociala-fragor\/"]}]},{"@type":"ImageObject","inLanguage":"sv-SE","@id":"https:\/\/talkpal.ai\/sv\/vocabulary\/bosniska-termer-for-politiska-och-sociala-fragor\/#primaryimage","url":"https:\/\/talkpal.ai\/wp-content\/uploads\/2025\/12\/hall-is-occupied-while-learning-languages.webp","contentUrl":"https:\/\/talkpal.ai\/wp-content\/uploads\/2025\/12\/hall-is-occupied-while-learning-languages.webp","width":1200,"height":896,"caption":"Focused people sit at long tables with notebooks and computers for learning languages in a grand library."},{"@type":"BreadcrumbList","@id":"https:\/\/talkpal.ai\/sv\/vocabulary\/bosniska-termer-for-politiska-och-sociala-fragor\/#breadcrumb","itemListElement":[{"@type":"ListItem","position":1,"name":"Homepage","item":"https:\/\/talkpal.ai\/sv\/"},{"@type":"ListItem","position":2,"name":"Bosniska termer f\u00f6r politiska och sociala fr\u00e5gor"}]},{"@type":"WebSite","@id":"https:\/\/talkpal.ai\/sv\/#website","url":"https:\/\/talkpal.ai\/sv\/","name":"Talkpal","description":"AI Language Learning","publisher":{"@id":"https:\/\/talkpal.ai\/sv\/#organization"},"alternateName":"Talkpal AI","potentialAction":[{"@type":"SearchAction","target":{"@type":"EntryPoint","urlTemplate":"https:\/\/talkpal.ai\/sv\/?s={search_term_string}"},"query-input":{"@type":"PropertyValueSpecification","valueRequired":true,"valueName":"search_term_string"}}],"inLanguage":"sv-SE"},{"@type":"Organization","@id":"https:\/\/talkpal.ai\/sv\/#organization","name":"Talkpal, Inc.","alternateName":"Talkpal AI","url":"https:\/\/talkpal.ai\/sv\/","logo":{"@type":"ImageObject","inLanguage":"sv-SE","@id":"https:\/\/talkpal.ai\/sv\/#\/schema\/logo\/image\/","url":"https:\/\/talkpal.ai\/wp-content\/uploads\/2024\/03\/Talkpal-Logo-Icon.png","contentUrl":"https:\/\/talkpal.ai\/wp-content\/uploads\/2024\/03\/Talkpal-Logo-Icon.png","width":2880,"height":2880,"caption":"Talkpal, Inc."},"image":{"@id":"https:\/\/talkpal.ai\/sv\/#\/schema\/logo\/image\/"},"sameAs":["https:\/\/www.facebook.com\/profile.php?id=100090733639311","https:\/\/x.com\/talkpalai","https:\/\/www.linkedin.com\/company\/talkpal\/","https:\/\/www.youtube.com\/@TalkPal\/","https:\/\/www.tiktok.com\/@talkpal","https:\/\/www.instagram.com\/talkpal_ai\/","https:\/\/www.crunchbase.com\/organization\/talkpal-9cde","https:\/\/www.g2.com\/products\/talkpal-for-business\/","https:\/\/www.trustpilot.com\/review\/talkpal.ai","https:\/\/www.capterra.com\/p\/10006800\/TalkPal\/"],"description":"Talkpal is a language learning web and mobile education app, powered by the latest AI technologies, that provides engaging experiences to its customers in many different languages to help them improve their language skills. Users can chat about unlimited amount of topics with the app and use other modes to practice their language learning.","email":"support@talkpal.ai","legalName":"Talkpal, Inc.","foundingDate":"2023-04-03","duns":"118989042","numberOfEmployees":{"@type":"QuantitativeValue","minValue":"11","maxValue":"50"},"publishingPrinciples":"https:\/\/talkpal.ai\/publishing-principles\/","actionableFeedbackPolicy":"https:\/\/talkpal.ai\/actionable-feedback-policy\/","correctionsPolicy":"https:\/\/talkpal.ai\/corrections-policy\/","ethicsPolicy":"https:\/\/talkpal.ai\/ethics-policy\/","diversityPolicy":"https:\/\/talkpal.ai\/diversity-policy\/","diversityStaffingReport":"https:\/\/talkpal.ai\/diversity-policy\/"}]}},"_links":{"self":[{"href":"https:\/\/talkpal.ai\/sv\/wp-json\/wp\/v2\/vocabulary\/716578","targetHints":{"allow":["GET"]}}],"collection":[{"href":"https:\/\/talkpal.ai\/sv\/wp-json\/wp\/v2\/vocabulary"}],"about":[{"href":"https:\/\/talkpal.ai\/sv\/wp-json\/wp\/v2\/types\/vocabulary"}],"wp:featuredmedia":[{"embeddable":true,"href":"https:\/\/talkpal.ai\/sv\/wp-json\/wp\/v2\/media\/1527701"}],"wp:attachment":[{"href":"https:\/\/talkpal.ai\/sv\/wp-json\/wp\/v2\/media?parent=716578"}],"wp:term":[{"taxonomy":"vocabulary_language","embeddable":true,"href":"https:\/\/talkpal.ai\/sv\/wp-json\/wp\/v2\/vocabulary_language?post=716578"}],"curies":[{"name":"wp","href":"https:\/\/api.w.org\/{rel}","templated":true}]}}