{"id":716571,"date":"2024-06-08T18:21:59","date_gmt":"2024-06-08T18:21:59","guid":{"rendered":"https:\/\/talkpal.ai\/vocabulary\/ord-och-fraser-for-bosniska-festivaler\/"},"modified":"2024-06-08T18:21:59","modified_gmt":"2024-06-08T18:21:59","slug":"ord-och-fraser-for-bosniska-festivaler","status":"publish","type":"vocabulary","link":"https:\/\/talkpal.ai\/sv\/vocabulary\/ord-och-fraser-for-bosniska-festivaler\/","title":{"rendered":"Ord och fraser f\u00f6r bosniska festivaler"},"content":{"rendered":"<p><a href=\"https:\/\/talkpal.ai\/learn-bosnian\/\">Bosniska<\/a> festivaler \u00e4r en fascinerande del av landets kultur och traditioner. Att <a href=\"https:\/\/talkpal.ai\/locations\/language-courses-in-delta\/\">delta<\/a> i dessa festivaler ger en inblick i Bosniens rika historia och m\u00e5ngfald. F\u00f6r att verkligen kunna njuta av och f\u00f6rst\u00e5 dessa festivaler \u00e4r det viktigt att k\u00e4nna till n\u00e5gra grundl\u00e4ggande ord och fraser p\u00e5 <a href=\"https:\/\/talkpal.ai\/learn-bosnian\/\">bosniska<\/a>. H\u00e4r \u00e4r en omfattande guide till n\u00e5gra av de mest anv\u00e4ndbara orden och fraserna som kan hj\u00e4lpa dig att navigera och uppskatta bosniska festivaler.<\/p>\n<h2>Vanliga ord och fraser f\u00f6r festivaler<\/h2>\n<p><b>Festival<\/b> &#8211; Festival<br \/>\nEn festival \u00e4r en organiserad serie av evenemang, ofta med musik, dans och andra former av underh\u00e5llning.<br \/>\n<font color=\"#2D3AC7\">Ovaj grad ima najbolju ljetnu <b>festival<\/b> na Balkanu.<\/font><\/p>\n<p><b>Proslava<\/b> &#8211; Firande<br \/>\nEn proslava \u00e4r en fest eller h\u00f6gtid f\u00f6r att fira n\u00e5got speciellt.<br \/>\n<font color=\"#2D3AC7\">Na\u0161a <b>proslava<\/b> Nove godine je uvijek nezaboravna.<\/font><\/p>\n<p><b>Tradicija<\/b> &#8211; Tradition<br \/>\nEn tradition \u00e4r en sedv\u00e4nja eller praxis som har \u00f6verf\u00f6rts genom generationer.<br \/>\n<font color=\"#2D3AC7\">Ovo je stara <b>tradicija<\/b> na\u0161eg naroda.<\/font><\/p>\n<p><b>Obi\u010daj<\/b> &#8211; Sed<br \/>\nEtt obi\u010daj \u00e4r en etablerad vana eller praxis i en kultur.<br \/>\n<font color=\"#2D3AC7\">To je na\u0161 stari <b>obi\u010daj<\/b> za vrijeme festivala.<\/font><\/p>\n<p><b>Manifestacija<\/b> &#8211; Evenemang<br \/>\nEn manifestacija \u00e4r en organiserad h\u00e4ndelse, ofta med offentliga aktiviteter.<br \/>\n<font color=\"#2D3AC7\">Ova <b>manifestacija<\/b> privla\u010di hiljade posjetitelja svake godine.<\/font><\/p>\n<h2>Mat och dryck<\/h2>\n<p><b>Hrana<\/b> &#8211; Mat<br \/>\nHrana \u00e4r det vi \u00e4ter f\u00f6r att f\u00e5 n\u00e4ring och energi.<br \/>\n<font color=\"#2D3AC7\">Na festivalu ima <a href=\"https:\/\/talkpal.ai\/locations\/language-courses-in-puno\/\">puno<\/a> ukusne <b>hrane<\/b>.<\/font><\/p>\n<p><b>Pi\u0107e<\/b> &#8211; Dryck<br \/>\nPi\u0107e \u00e4r v\u00e4tskor som vi dricker f\u00f6r att sl\u00e4cka t\u00f6rsten eller f\u00f6r njutning.<br \/>\n<font color=\"#2D3AC7\">Poku\u0161aj ovo <a href=\"https:\/\/talkpal.ai\/will-ai-kill-traditional-language-learning\/\">tradicionalno<\/a> <b>pi\u0107e<\/b>, vrlo je ukusno.<\/font><\/p>\n<p><b>Specijalitet<\/b> &#8211; Specialitet<br \/>\nEn specijalitet \u00e4r en unik eller speciell matr\u00e4tt som \u00e4r typisk f\u00f6r en viss region eller kultur.<br \/>\n<font color=\"#2D3AC7\">Ovo je na\u0161 lokalni <b>specijalitet<\/b>, mora\u0161 ga <a href=\"https:\/\/talkpal.ai\/ko\/ai-%ec%96%b8%ec%96%b4-%ea%b5%90%ec%82%ac\/\">probati<\/a>.<\/font><\/p>\n<p><b>Slatki\u0161i<\/b> &#8211; S\u00f6tsaker<br \/>\nSlatki\u0161i \u00e4r godis eller desserter som ofta \u00e4r s\u00f6ta.<br \/>\n<font color=\"#2D3AC7\">Na festivalu ima puno raznih <b>slatki\u0161a<\/b>.<\/font><\/p>\n<p><b>Ro\u0161tilj<\/b> &#8211; Grill<br \/>\nRo\u0161tilj \u00e4r en metod f\u00f6r matlagning d\u00e4r man grillar maten \u00f6ver en \u00f6ppen eld.<br \/>\n<font color=\"#2D3AC7\">Volim miris <b>ro\u0161tilja<\/b> na festivalima.<\/font><\/p>\n<h2>Musik och dans<\/h2>\n<p><b>Muzika<\/b> &#8211; Musik<br \/>\nMuzika \u00e4r konstformen att kombinera ljud f\u00f6r att skapa harmonier och rytmer.<br \/>\n<font color=\"#2D3AC7\">Na festivalu svira tradicionalna <b>muzika<\/b>.<\/font><\/p>\n<p><b>Ples<\/b> &#8211; Dans<br \/>\nPles \u00e4r en konstform d\u00e4r man r\u00f6r sig rytmiskt till musik.<br \/>\n<font color=\"#2D3AC7\">Nau\u010dio sam <a href=\"https:\/\/talkpal.ai\/locations\/language-courses-in-novi\/\">novi<\/a> <b>ples<\/b> na festivalu.<\/font><\/p>\n<p><b>Pjeva\u010d<\/b> &#8211; S\u00e5ngare<br \/>\nEn pjeva\u010d \u00e4r en person som sjunger, ofta offentligt.<br \/>\n<font color=\"#2D3AC7\">Ovaj <b>pjeva\u010d<\/b> ima predivan glas.<\/font><\/p>\n<p><b>Instrument<\/b> &#8211; Instrument<br \/>\nEtt instrument \u00e4r ett verktyg som anv\u00e4nds f\u00f6r att skapa musik.<br \/>\n<font color=\"#2D3AC7\">Moj omiljeni <b>instrument<\/b> je gitara.<\/font><\/p>\n<p><b>Orkestar<\/b> &#8211; Orkester<br \/>\nEn orkestar \u00e4r en stor grupp musiker som spelar tillsammans.<br \/>\n<font color=\"#2D3AC7\">Orkestar je svirao cijelu no\u0107 na festivalu.<\/font><\/p>\n<h2>Aktiviteter och upplevelser<\/h2>\n<p><b>U\u010destvovati<\/b> &#8211; <a href=\"https:\/\/talkpal.ai\/locations\/language-courses-in-delta\/\">Delta<\/a><br \/>\nAtt u\u010destvovati inneb\u00e4r att vara med i eller ta del av n\u00e5got.<br \/>\n<font color=\"#2D3AC7\">Volim <b>u\u010destvovati<\/b> u tradicionalnim igrama.<\/font><\/p>\n<p><b>Posjetiti<\/b> &#8211; Bes\u00f6ka<br \/>\nAtt posjetiti inneb\u00e4r att g\u00e5 till eller komma till en plats f\u00f6r att se eller uppleva den.<br \/>\n<font color=\"#2D3AC7\">Planiramo <b>posjetiti<\/b> festival ovog vikenda.<\/font><\/p>\n<p><b>Gledati<\/b> &#8211; Titta<br \/>\nAtt gledati inneb\u00e4r att anv\u00e4nda \u00f6gonen f\u00f6r att se n\u00e5got.<br \/>\n<font color=\"#2D3AC7\">Volim <b>gledati<\/b> vatromet na festivalu.<\/font><\/p>\n<p><b>\u0160etati<\/b> &#8211; Promenera<br \/>\nAtt \u0161etati inneb\u00e4r att g\u00e5 l\u00e5ngsamt f\u00f6r n\u00f6jes skull.<br \/>\n<font color=\"#2D3AC7\">Volim <b>\u0161etati<\/b> kroz festivalski sajam.<\/font><\/p>\n<p><b>Fotografisati<\/b> &#8211; Fotografera<br \/>\nAtt fotografisati inneb\u00e4r att ta bilder med en kamera.<br \/>\n<font color=\"#2D3AC7\">Volim <b>fotografisati<\/b> posebne trenutke na festivalu.<\/font><\/p>\n<h2>Sociala interaktioner<\/h2>\n<p><b>Prijatelj<\/b> &#8211; V\u00e4n<br \/>\nEn prijatelj \u00e4r en person som man har en n\u00e4ra och f\u00f6rtrolig relation med.<br \/>\n<font color=\"#2D3AC7\">Idem na festival sa svojim <b>prijateljima<\/b>.<\/font><\/p>\n<p><b>Porodica<\/b> &#8211; Familj<br \/>\nPorodica \u00e4r en grupp av personer som \u00e4r sl\u00e4kt med varandra, ofta boende tillsammans.<br \/>\n<font color=\"#2D3AC7\">Moja <b>porodica<\/b> voli i\u0107i na festival zajedno.<\/font><\/p>\n<p><b>Kom\u0161ija<\/b> &#8211; Granne<br \/>\nEn kom\u0161ija \u00e4r en person som <a href=\"https:\/\/talkpal.ai\/locations\/language-courses-in-bor\/\">bor<\/a> n\u00e4ra en annan person.<br \/>\n<font color=\"#2D3AC7\">Moj <b>kom\u0161ija<\/b> uvijek ide na ovaj festival.<\/font><\/p>\n<p><b>Dobrodo\u0161lica<\/b> &#8211; V\u00e4lkomnande<br \/>\nEn dobrodo\u0161lica \u00e4r en v\u00e4nlig mottagning n\u00e4r n\u00e5gon anl\u00e4nder.<br \/>\n<font color=\"#2D3AC7\">Osje\u0107am se tako <b>dobrodo\u0161lo<\/b> na ovom festivalu.<\/font><\/p>\n<p><b>Upoznati<\/b> &#8211; L\u00e4ra k\u00e4nna<br \/>\nAtt upoznati inneb\u00e4r att tr\u00e4ffa och l\u00e4ra k\u00e4nna n\u00e5gon ny.<br \/>\n<font color=\"#2D3AC7\">Volim <b>upoznati<\/b> nove ljude na festivalima.<\/font><\/p>\n<h2>Uttryck av gl\u00e4dje och uppskattning<\/h2>\n<p><b>Sretan<\/b> &#8211; Glad<br \/>\nAtt vara sretan inneb\u00e4r att k\u00e4nna lycka och gl\u00e4dje.<br \/>\n<font color=\"#2D3AC7\">Osje\u0107am se <b>sretno<\/b> kada sam na festivalu.<\/font><\/p>\n<p><b>U\u017eivati<\/b> &#8211; Njuta<br \/>\nAtt u\u017eivati inneb\u00e4r att ha gl\u00e4dje eller n\u00f6je av n\u00e5got.<br \/>\n<font color=\"#2D3AC7\">Uvijek <b>u\u017eivam<\/b> u festivalima.<\/font><\/p>\n<p><b>Predivan<\/b> &#8211; Underbar<br \/>\nAtt n\u00e5got \u00e4r predivan inneb\u00e4r att det \u00e4r mycket vackert eller fantastiskt.<br \/>\n<font color=\"#2D3AC7\">Ovaj festival je <b>predivan<\/b>.<\/font><\/p>\n<p><b>Fantasti\u010dan<\/b> &#8211; Fantastisk<br \/>\nAtt n\u00e5got \u00e4r fantasti\u010dan inneb\u00e4r att det \u00e4r otroligt bra eller imponerande.<br \/>\n<font color=\"#2D3AC7\">Ovo je bio <b>fantasti\u010dan<\/b> doga\u0111aj.<\/font><\/p>\n<p><b>Nezaboravan<\/b> &#8211; Of\u00f6rgl\u00f6mlig<br \/>\nAtt n\u00e5got \u00e4r nezaboravan inneb\u00e4r att det \u00e4r s\u00e5 speciellt att man aldrig kommer att gl\u00f6mma det.<br \/>\n<font color=\"#2D3AC7\">Ovaj festival je bio <b>nezaboravan<\/b>.<\/font><\/p>\n<h2>F\u00f6rberedelser och planering<\/h2>\n<p><b>Planirati<\/b> &#8211; Planera<br \/>\nAtt planirati inneb\u00e4r att f\u00f6rbereda eller arrangera n\u00e5got i f\u00f6rv\u00e4g.<br \/>\n<font color=\"#2D3AC7\">Moramo <b>planirati<\/b> na\u0161 posjet festivalu.<\/font><\/p>\n<p><b>Rezervisati<\/b> &#8211; Reservera<br \/>\nAtt rezervisati inneb\u00e4r att boka n\u00e5got i f\u00f6rv\u00e4g, som biljetter eller boende.<br \/>\n<font color=\"#2D3AC7\">Trebamo <b>rezervisati<\/b> karte za festival.<\/font><\/p>\n<p><b>Spremiti<\/b> &#8211; F\u00f6rbereda<br \/>\nAtt spremiti inneb\u00e4r att g\u00f6ra n\u00e5got redo eller klart f\u00f6r anv\u00e4ndning.<br \/>\n<font color=\"#2D3AC7\">Moramo <b>spremiti<\/b> sve za na\u0161 izlet na festival.<\/font><\/p>\n<p><b>Organizovati<\/b> &#8211; Organisera<br \/>\nAtt organizovati inneb\u00e4r att arrangera eller s\u00e4tta ihop n\u00e5got p\u00e5 ett strukturerat s\u00e4tt.<br \/>\n<font color=\"#2D3AC7\">Oni <b>organizuju<\/b> najbolji festival u gradu.<\/font><\/p>\n<p><b>Informisati<\/b> &#8211; Informera<br \/>\nAtt informisati inneb\u00e4r att ge n\u00e5gon information eller upplysningar.<br \/>\n<font color=\"#2D3AC7\">Molim te, <b>informi\u0161i<\/b> me o ta\u010dnom vremenu festivala.<\/font><\/p>\n<h2>Vanliga fraser<\/h2>\n<p><b>Kako se zove ovaj festival?<\/b> &#8211; Vad heter denna festival?<br \/>\nDenna fras anv\u00e4nds f\u00f6r att fr\u00e5ga om namnet p\u00e5 en festival.<br \/>\n<font color=\"#2D3AC7\"><b>Kako se zove ovaj festival?<\/b><\/font><\/p>\n<p><b>Kada po\u010dinje festival?<\/b> &#8211; N\u00e4r b\u00f6rjar festivalen?<br \/>\nDenna fras anv\u00e4nds f\u00f6r att fr\u00e5ga om starttiden f\u00f6r festivalen.<br \/>\n<font color=\"#2D3AC7\"><b>Kada po\u010dinje festival?<\/b><\/font><\/p>\n<p><b>Gdje se odr\u017eava festival?<\/b> &#8211; Var h\u00e5lls festivalen?<br \/>\nDenna fras anv\u00e4nds f\u00f6r att fr\u00e5ga om platsen f\u00f6r festivalen.<br \/>\n<font color=\"#2D3AC7\"><b>Gdje se odr\u017eava festival?<\/b><\/font><\/p>\n<p><b>Koliko ko\u0161ta ulaznica?<\/b> &#8211; Hur mycket kostar biljetten?<br \/>\nDenna fras anv\u00e4nds f\u00f6r att fr\u00e5ga om priset p\u00e5 en biljett.<br \/>\n<font color=\"#2D3AC7\"><b>Koliko ko\u0161ta ulaznica?<\/b><\/font><\/p>\n<p><b>Mo\u017eete li mi preporu\u010diti neki doga\u0111aj?<\/b> &#8211; Kan ni rekommendera ett evenemang?<br \/>\nDenna fras anv\u00e4nds f\u00f6r att be om rekommendationer f\u00f6r evenemang.<br \/>\n<font color=\"#2D3AC7\"><b>Mo\u017eete li mi preporu\u010diti neki doga\u0111aj?<\/b><\/font><\/p>\n<p>Att delta i bosniska festivaler kan vara en otrolig upplevelse, och genom att l\u00e4ra dig dessa ord och fraser kommer du att kunna njuta \u00e4nnu mer av alla aspekter av festivalerna. Ta chansen att anv\u00e4nda spr\u00e5ket och f\u00f6rdjupa dig i den rika kulturen och traditionerna som Bosnien har att erbjuda.<\/p>\n","protected":false},"featured_media":1527875,"template":"","vocabulary_language":[4177],"class_list":["post-716571","vocabulary","type-vocabulary","status-publish","has-post-thumbnail","hentry","vocabulary_language-bosniska"],"acf":[],"yoast_head":"<!-- This site is optimized with the Yoast SEO Premium plugin v27.2 (Yoast SEO v27.2) - https:\/\/yoast.com\/product\/yoast-seo-premium-wordpress\/ -->\n<title>Ord och fraser f\u00f6r bosniska festivaler - Talkpal<\/title>\n<meta name=\"description\" content=\"Bosniska festivaler \u00e4r en fascinerande del av landets kultur och traditioner. Att delta i dessa festivaler ger en inblick i Bosniens rika historia och\" \/>\n<meta name=\"robots\" content=\"index, follow, max-snippet:-1, max-image-preview:large, max-video-preview:-1\" \/>\n<link rel=\"canonical\" href=\"https:\/\/talkpal.ai\/sv\/vocabulary\/ord-och-fraser-for-bosniska-festivaler\/\" \/>\n<meta property=\"og:locale\" content=\"sv_SE\" \/>\n<meta property=\"og:type\" content=\"article\" \/>\n<meta property=\"og:title\" content=\"Ord och fraser f\u00f6r bosniska festivaler\" \/>\n<meta property=\"og:description\" content=\"Bosniska festivaler \u00e4r en fascinerande del av landets kultur och traditioner. Att delta i dessa festivaler ger en inblick i Bosniens rika historia och\" \/>\n<meta property=\"og:url\" content=\"https:\/\/talkpal.ai\/sv\/vocabulary\/ord-och-fraser-for-bosniska-festivaler\/\" \/>\n<meta property=\"og:site_name\" content=\"Talkpal\" \/>\n<meta property=\"article:publisher\" content=\"https:\/\/www.facebook.com\/profile.php?id=100090733639311\" \/>\n<meta property=\"og:image\" content=\"https:\/\/talkpal.ai\/wp-content\/uploads\/2024\/10\/talkpal_flat_illustration_of_a_employees_working_together_happi_c674ff77-e477-4e09-835a-01d30e561e99.png\" \/>\n\t<meta property=\"og:image:width\" content=\"1024\" \/>\n\t<meta property=\"og:image:height\" content=\"1024\" \/>\n\t<meta property=\"og:image:type\" content=\"image\/png\" \/>\n<meta name=\"twitter:card\" content=\"summary_large_image\" \/>\n<meta name=\"twitter:site\" content=\"@talkpalai\" \/>\n<meta name=\"twitter:label1\" content=\"Ber\u00e4knad l\u00e4stid\" \/>\n\t<meta name=\"twitter:data1\" content=\"6 minuter\" \/>\n<script type=\"application\/ld+json\" class=\"yoast-schema-graph\">{\"@context\":\"https:\/\/schema.org\",\"@graph\":[{\"@type\":\"WebPage\",\"@id\":\"https:\/\/talkpal.ai\/sv\/vocabulary\/ord-och-fraser-for-bosniska-festivaler\/\",\"url\":\"https:\/\/talkpal.ai\/sv\/vocabulary\/ord-och-fraser-for-bosniska-festivaler\/\",\"name\":\"Ord och fraser f\u00f6r bosniska festivaler - Talkpal\",\"isPartOf\":{\"@id\":\"https:\/\/talkpal.ai\/sv\/#website\"},\"primaryImageOfPage\":{\"@id\":\"https:\/\/talkpal.ai\/sv\/vocabulary\/ord-och-fraser-for-bosniska-festivaler\/#primaryimage\"},\"image\":{\"@id\":\"https:\/\/talkpal.ai\/sv\/vocabulary\/ord-och-fraser-for-bosniska-festivaler\/#primaryimage\"},\"thumbnailUrl\":\"https:\/\/talkpal.ai\/wp-content\/uploads\/2025\/12\/rows-are-filled-while-learning-languages.webp\",\"datePublished\":\"2024-06-08T18:21:59+00:00\",\"description\":\"Bosniska festivaler \u00e4r en fascinerande del av landets kultur och traditioner. Att delta i dessa festivaler ger en inblick i Bosniens rika historia och\",\"breadcrumb\":{\"@id\":\"https:\/\/talkpal.ai\/sv\/vocabulary\/ord-och-fraser-for-bosniska-festivaler\/#breadcrumb\"},\"inLanguage\":\"sv-SE\",\"potentialAction\":[{\"@type\":\"ReadAction\",\"target\":[\"https:\/\/talkpal.ai\/sv\/vocabulary\/ord-och-fraser-for-bosniska-festivaler\/\"]}]},{\"@type\":\"ImageObject\",\"inLanguage\":\"sv-SE\",\"@id\":\"https:\/\/talkpal.ai\/sv\/vocabulary\/ord-och-fraser-for-bosniska-festivaler\/#primaryimage\",\"url\":\"https:\/\/talkpal.ai\/wp-content\/uploads\/2025\/12\/rows-are-filled-while-learning-languages.webp\",\"contentUrl\":\"https:\/\/talkpal.ai\/wp-content\/uploads\/2025\/12\/rows-are-filled-while-learning-languages.webp\",\"width\":1200,\"height\":896,\"caption\":\"Many students occupy rows of long desks in a bright, modern library hall for learning languages.\"},{\"@type\":\"BreadcrumbList\",\"@id\":\"https:\/\/talkpal.ai\/sv\/vocabulary\/ord-och-fraser-for-bosniska-festivaler\/#breadcrumb\",\"itemListElement\":[{\"@type\":\"ListItem\",\"position\":1,\"name\":\"Homepage\",\"item\":\"https:\/\/talkpal.ai\/sv\/\"},{\"@type\":\"ListItem\",\"position\":2,\"name\":\"Ord och fraser f\u00f6r bosniska festivaler\"}]},{\"@type\":\"WebSite\",\"@id\":\"https:\/\/talkpal.ai\/sv\/#website\",\"url\":\"https:\/\/talkpal.ai\/sv\/\",\"name\":\"Talkpal\",\"description\":\"AI Language Learning\",\"publisher\":{\"@id\":\"https:\/\/talkpal.ai\/sv\/#organization\"},\"alternateName\":\"Talkpal AI\",\"potentialAction\":[{\"@type\":\"SearchAction\",\"target\":{\"@type\":\"EntryPoint\",\"urlTemplate\":\"https:\/\/talkpal.ai\/sv\/?s={search_term_string}\"},\"query-input\":{\"@type\":\"PropertyValueSpecification\",\"valueRequired\":true,\"valueName\":\"search_term_string\"}}],\"inLanguage\":\"sv-SE\"},{\"@type\":\"Organization\",\"@id\":\"https:\/\/talkpal.ai\/sv\/#organization\",\"name\":\"Talkpal, Inc.\",\"alternateName\":\"Talkpal AI\",\"url\":\"https:\/\/talkpal.ai\/sv\/\",\"logo\":{\"@type\":\"ImageObject\",\"inLanguage\":\"sv-SE\",\"@id\":\"https:\/\/talkpal.ai\/sv\/#\/schema\/logo\/image\/\",\"url\":\"https:\/\/talkpal.ai\/wp-content\/uploads\/2024\/03\/Talkpal-Logo-Icon.png\",\"contentUrl\":\"https:\/\/talkpal.ai\/wp-content\/uploads\/2024\/03\/Talkpal-Logo-Icon.png\",\"width\":2880,\"height\":2880,\"caption\":\"Talkpal, Inc.\"},\"image\":{\"@id\":\"https:\/\/talkpal.ai\/sv\/#\/schema\/logo\/image\/\"},\"sameAs\":[\"https:\/\/www.facebook.com\/profile.php?id=100090733639311\",\"https:\/\/x.com\/talkpalai\",\"https:\/\/www.linkedin.com\/company\/talkpal\/\",\"https:\/\/www.youtube.com\/@TalkPal\/\",\"https:\/\/www.tiktok.com\/@talkpal\",\"https:\/\/www.instagram.com\/talkpal_ai\/\",\"https:\/\/www.crunchbase.com\/organization\/talkpal-9cde\",\"https:\/\/www.g2.com\/products\/talkpal-for-business\/\",\"https:\/\/www.trustpilot.com\/review\/talkpal.ai\",\"https:\/\/www.capterra.com\/p\/10006800\/TalkPal\/\"],\"description\":\"Talkpal is a language learning web and mobile education app, powered by the latest AI technologies, that provides engaging experiences to its customers in many different languages to help them improve their language skills. Users can chat about unlimited amount of topics with the app and use other modes to practice their language learning.\",\"email\":\"support@talkpal.ai\",\"legalName\":\"Talkpal, Inc.\",\"foundingDate\":\"2023-04-03\",\"duns\":\"118989042\",\"numberOfEmployees\":{\"@type\":\"QuantitativeValue\",\"minValue\":\"11\",\"maxValue\":\"50\"},\"publishingPrinciples\":\"https:\/\/talkpal.ai\/publishing-principles\/\",\"actionableFeedbackPolicy\":\"https:\/\/talkpal.ai\/actionable-feedback-policy\/\",\"correctionsPolicy\":\"https:\/\/talkpal.ai\/corrections-policy\/\",\"ethicsPolicy\":\"https:\/\/talkpal.ai\/ethics-policy\/\",\"diversityPolicy\":\"https:\/\/talkpal.ai\/diversity-policy\/\",\"diversityStaffingReport\":\"https:\/\/talkpal.ai\/diversity-policy\/\"}]}<\/script>\n<!-- \/ Yoast SEO Premium plugin. -->","yoast_head_json":{"title":"Ord och fraser f\u00f6r bosniska festivaler - Talkpal","description":"Bosniska festivaler \u00e4r en fascinerande del av landets kultur och traditioner. Att delta i dessa festivaler ger en inblick i Bosniens rika historia och","robots":{"index":"index","follow":"follow","max-snippet":"max-snippet:-1","max-image-preview":"max-image-preview:large","max-video-preview":"max-video-preview:-1"},"canonical":"https:\/\/talkpal.ai\/sv\/vocabulary\/ord-och-fraser-for-bosniska-festivaler\/","og_locale":"sv_SE","og_type":"article","og_title":"Ord och fraser f\u00f6r bosniska festivaler","og_description":"Bosniska festivaler \u00e4r en fascinerande del av landets kultur och traditioner. Att delta i dessa festivaler ger en inblick i Bosniens rika historia och","og_url":"https:\/\/talkpal.ai\/sv\/vocabulary\/ord-och-fraser-for-bosniska-festivaler\/","og_site_name":"Talkpal","article_publisher":"https:\/\/www.facebook.com\/profile.php?id=100090733639311","og_image":[{"width":1024,"height":1024,"url":"https:\/\/talkpal.ai\/wp-content\/uploads\/2024\/10\/talkpal_flat_illustration_of_a_employees_working_together_happi_c674ff77-e477-4e09-835a-01d30e561e99.png","type":"image\/png"}],"twitter_card":"summary_large_image","twitter_site":"@talkpalai","twitter_misc":{"Ber\u00e4knad l\u00e4stid":"6 minuter"},"schema":{"@context":"https:\/\/schema.org","@graph":[{"@type":"WebPage","@id":"https:\/\/talkpal.ai\/sv\/vocabulary\/ord-och-fraser-for-bosniska-festivaler\/","url":"https:\/\/talkpal.ai\/sv\/vocabulary\/ord-och-fraser-for-bosniska-festivaler\/","name":"Ord och fraser f\u00f6r bosniska festivaler - Talkpal","isPartOf":{"@id":"https:\/\/talkpal.ai\/sv\/#website"},"primaryImageOfPage":{"@id":"https:\/\/talkpal.ai\/sv\/vocabulary\/ord-och-fraser-for-bosniska-festivaler\/#primaryimage"},"image":{"@id":"https:\/\/talkpal.ai\/sv\/vocabulary\/ord-och-fraser-for-bosniska-festivaler\/#primaryimage"},"thumbnailUrl":"https:\/\/talkpal.ai\/wp-content\/uploads\/2025\/12\/rows-are-filled-while-learning-languages.webp","datePublished":"2024-06-08T18:21:59+00:00","description":"Bosniska festivaler \u00e4r en fascinerande del av landets kultur och traditioner. Att delta i dessa festivaler ger en inblick i Bosniens rika historia och","breadcrumb":{"@id":"https:\/\/talkpal.ai\/sv\/vocabulary\/ord-och-fraser-for-bosniska-festivaler\/#breadcrumb"},"inLanguage":"sv-SE","potentialAction":[{"@type":"ReadAction","target":["https:\/\/talkpal.ai\/sv\/vocabulary\/ord-och-fraser-for-bosniska-festivaler\/"]}]},{"@type":"ImageObject","inLanguage":"sv-SE","@id":"https:\/\/talkpal.ai\/sv\/vocabulary\/ord-och-fraser-for-bosniska-festivaler\/#primaryimage","url":"https:\/\/talkpal.ai\/wp-content\/uploads\/2025\/12\/rows-are-filled-while-learning-languages.webp","contentUrl":"https:\/\/talkpal.ai\/wp-content\/uploads\/2025\/12\/rows-are-filled-while-learning-languages.webp","width":1200,"height":896,"caption":"Many students occupy rows of long desks in a bright, modern library hall for learning languages."},{"@type":"BreadcrumbList","@id":"https:\/\/talkpal.ai\/sv\/vocabulary\/ord-och-fraser-for-bosniska-festivaler\/#breadcrumb","itemListElement":[{"@type":"ListItem","position":1,"name":"Homepage","item":"https:\/\/talkpal.ai\/sv\/"},{"@type":"ListItem","position":2,"name":"Ord och fraser f\u00f6r bosniska festivaler"}]},{"@type":"WebSite","@id":"https:\/\/talkpal.ai\/sv\/#website","url":"https:\/\/talkpal.ai\/sv\/","name":"Talkpal","description":"AI Language Learning","publisher":{"@id":"https:\/\/talkpal.ai\/sv\/#organization"},"alternateName":"Talkpal AI","potentialAction":[{"@type":"SearchAction","target":{"@type":"EntryPoint","urlTemplate":"https:\/\/talkpal.ai\/sv\/?s={search_term_string}"},"query-input":{"@type":"PropertyValueSpecification","valueRequired":true,"valueName":"search_term_string"}}],"inLanguage":"sv-SE"},{"@type":"Organization","@id":"https:\/\/talkpal.ai\/sv\/#organization","name":"Talkpal, Inc.","alternateName":"Talkpal AI","url":"https:\/\/talkpal.ai\/sv\/","logo":{"@type":"ImageObject","inLanguage":"sv-SE","@id":"https:\/\/talkpal.ai\/sv\/#\/schema\/logo\/image\/","url":"https:\/\/talkpal.ai\/wp-content\/uploads\/2024\/03\/Talkpal-Logo-Icon.png","contentUrl":"https:\/\/talkpal.ai\/wp-content\/uploads\/2024\/03\/Talkpal-Logo-Icon.png","width":2880,"height":2880,"caption":"Talkpal, Inc."},"image":{"@id":"https:\/\/talkpal.ai\/sv\/#\/schema\/logo\/image\/"},"sameAs":["https:\/\/www.facebook.com\/profile.php?id=100090733639311","https:\/\/x.com\/talkpalai","https:\/\/www.linkedin.com\/company\/talkpal\/","https:\/\/www.youtube.com\/@TalkPal\/","https:\/\/www.tiktok.com\/@talkpal","https:\/\/www.instagram.com\/talkpal_ai\/","https:\/\/www.crunchbase.com\/organization\/talkpal-9cde","https:\/\/www.g2.com\/products\/talkpal-for-business\/","https:\/\/www.trustpilot.com\/review\/talkpal.ai","https:\/\/www.capterra.com\/p\/10006800\/TalkPal\/"],"description":"Talkpal is a language learning web and mobile education app, powered by the latest AI technologies, that provides engaging experiences to its customers in many different languages to help them improve their language skills. Users can chat about unlimited amount of topics with the app and use other modes to practice their language learning.","email":"support@talkpal.ai","legalName":"Talkpal, Inc.","foundingDate":"2023-04-03","duns":"118989042","numberOfEmployees":{"@type":"QuantitativeValue","minValue":"11","maxValue":"50"},"publishingPrinciples":"https:\/\/talkpal.ai\/publishing-principles\/","actionableFeedbackPolicy":"https:\/\/talkpal.ai\/actionable-feedback-policy\/","correctionsPolicy":"https:\/\/talkpal.ai\/corrections-policy\/","ethicsPolicy":"https:\/\/talkpal.ai\/ethics-policy\/","diversityPolicy":"https:\/\/talkpal.ai\/diversity-policy\/","diversityStaffingReport":"https:\/\/talkpal.ai\/diversity-policy\/"}]}},"_links":{"self":[{"href":"https:\/\/talkpal.ai\/sv\/wp-json\/wp\/v2\/vocabulary\/716571","targetHints":{"allow":["GET"]}}],"collection":[{"href":"https:\/\/talkpal.ai\/sv\/wp-json\/wp\/v2\/vocabulary"}],"about":[{"href":"https:\/\/talkpal.ai\/sv\/wp-json\/wp\/v2\/types\/vocabulary"}],"wp:featuredmedia":[{"embeddable":true,"href":"https:\/\/talkpal.ai\/sv\/wp-json\/wp\/v2\/media\/1527875"}],"wp:attachment":[{"href":"https:\/\/talkpal.ai\/sv\/wp-json\/wp\/v2\/media?parent=716571"}],"wp:term":[{"taxonomy":"vocabulary_language","embeddable":true,"href":"https:\/\/talkpal.ai\/sv\/wp-json\/wp\/v2\/vocabulary_language?post=716571"}],"curies":[{"name":"wp","href":"https:\/\/api.w.org\/{rel}","templated":true}]}}