{"id":716420,"date":"2024-06-08T18:09:07","date_gmt":"2024-06-08T18:09:07","guid":{"rendered":"https:\/\/talkpal.ai\/vocabulary\/tids-och-datumrelaterade-fraser-pa-afrikaans\/"},"modified":"2024-06-08T18:09:07","modified_gmt":"2024-06-08T18:09:07","slug":"tids-och-datumrelaterade-fraser-pa-afrikaans","status":"publish","type":"vocabulary","link":"https:\/\/talkpal.ai\/sv\/vocabulary\/tids-och-datumrelaterade-fraser-pa-afrikaans\/","title":{"rendered":"Tids- och datumrelaterade fraser p\u00e5 afrikaans"},"content":{"rendered":"<p>Att l\u00e4ra sig ett nytt spr\u00e5k kan vara b\u00e5de utmanande och bel\u00f6nande. En viktig del av spr\u00e5kstudiet \u00e4r att kunna uttrycka tid och datum korrekt. I <a href=\"https:\/\/talkpal.ai\/culture\/how-do-i-use-den-har-and-det-har\/\">den h\u00e4r<\/a> artikeln kommer vi att utforska n\u00e5gra grundl\u00e4ggande tids- och datumrelaterade fraser p\u00e5 <a href=\"https:\/\/talkpal.ai\/learn-afrikaans\/\">afrikaans<\/a>. Vi kommer att g\u00e5 igenom ord och fraser som \u00e4r anv\u00e4ndbara f\u00f6r att <a href=\"https:\/\/talkpal.ai\/locations\/language-courses-in-tala\/\">tala<\/a> om dagar, m\u00e5nader, \u00e5r och tidpunkter. L\u00e5t <a href=\"https:\/\/talkpal.ai\/locations\/language-courses-in-oss\/\">oss<\/a> b\u00f6rja med n\u00e5gra viktiga ord och fraser.<\/p>\n<h2>Grundl\u00e4ggande tidsrelaterade ord<\/h2>\n<p><b>dag<\/b> &#8211; Dag \u00e4r en av de mest grundl\u00e4ggande tidsenheterna. P\u00e5 afrikaans heter det &#8221;dag&#8221;.<br \/>\n<font color=\"#2D3AC7\">Ek het &#8217;n besige dag gehad.<\/font><\/p>\n<p><b>week<\/b> &#8211; En vecka best\u00e5r av sju dagar. P\u00e5 afrikaans heter det &#8221;week&#8221;.<br \/>\n<font color=\"#2D3AC7\">Ons gaan volgende week na die strand toe.<\/font><\/p>\n<p><b>maand<\/b> &#8211; En m\u00e5nad best\u00e5r av ungef\u00e4r fyra veckor. P\u00e5 afrikaans heter det &#8221;maand&#8221;.<br \/>\n<font color=\"#2D3AC7\">April is my gunsteling maand.<\/font><\/p>\n<p><b>jaar<\/b> &#8211; Ett \u00e5r best\u00e5r av tolv m\u00e5nader. P\u00e5 afrikaans heter det &#8221;jaar&#8221;.<br \/>\n<font color=\"#2D3AC7\">Ek gaan volgende jaar na Europa reis.<\/font><\/p>\n<p><b>uur<\/b> &#8211; Ett dygn best\u00e5r av 24 timmar. P\u00e5 afrikaans heter det &#8221;uur&#8221;.<br \/>\n<font color=\"#2D3AC7\">Dit neem een uur om daar te kom.<\/font><\/p>\n<h2>Dagar i veckan<\/h2>\n<p>L\u00e5t oss nu titta p\u00e5 vad dagarna i veckan heter p\u00e5 afrikaans.<\/p>\n<p><b>maandag<\/b> &#8211; M\u00e5ndag \u00e4r den f\u00f6rsta dagen i veckan. P\u00e5 afrikaans heter det &#8221;maandag&#8221;.<br \/>\n<font color=\"#2D3AC7\">Ek <a href=\"https:\/\/talkpal.ai\/ko\/ai-%ec%96%b8%ec%96%b4-%ea%b5%90%ec%82%ac\/\">begin<\/a> my <a href=\"https:\/\/talkpal.ai\/talkpal-new-years-discount\/\">nuwe<\/a> werk op Maandag.<\/font><\/p>\n<p><b>dinsdag<\/b> &#8211; Tisdag \u00e4r den andra dagen i veckan. P\u00e5 afrikaans heter det &#8221;dinsdag&#8221;.<br \/>\n<font color=\"#2D3AC7\">Ons het &#8217;n vergadering op Dinsdag.<\/font><\/p>\n<p><b>woensdag<\/b> &#8211; Onsdag \u00e4r den tredje dagen i veckan. P\u00e5 afrikaans heter det &#8221;woensdag&#8221;.<br \/>\n<font color=\"#2D3AC7\">Ek het klas op Woensdag.<\/font><\/p>\n<p><b>donderdag<\/b> &#8211; Torsdag \u00e4r den fj\u00e4rde dagen i veckan. P\u00e5 afrikaans heter det &#8221;donderdag&#8221;.<br \/>\n<font color=\"#2D3AC7\">Ek gaan fliek op Donderdag.<\/font><\/p>\n<p><b>vrydag<\/b> &#8211; Fredag \u00e4r den femte dagen i veckan. P\u00e5 afrikaans heter det &#8221;vrydag&#8221;.<br \/>\n<font color=\"#2D3AC7\">Vrydag is my gunsteling dag.<\/font><\/p>\n<p><b>saterdag<\/b> &#8211; L\u00f6rdag \u00e4r den sj\u00e4tte dagen i veckan. P\u00e5 afrikaans heter det &#8221;saterdag&#8221;.<br \/>\n<font color=\"#2D3AC7\">Ons hou &#8217;n partytjie op Saterdag.<\/font><\/p>\n<p><b>sondag<\/b> &#8211; S\u00f6ndag \u00e4r den sjunde och sista dagen i veckan. P\u00e5 afrikaans heter det &#8221;sondag&#8221;.<br \/>\n<font color=\"#2D3AC7\">Ek <a href=\"https:\/\/talkpal.ai\/learn-russian\/\">rus<\/a> gewoonlik op Sondag.<\/font><\/p>\n<h2>M\u00e5nader p\u00e5 \u00e5ret<\/h2>\n<p>Nu ska vi g\u00e5 igenom vad m\u00e5naderna heter p\u00e5 afrikaans.<\/p>\n<p><b>januarie<\/b> &#8211; Januari \u00e4r den f\u00f6rsta m\u00e5naden p\u00e5 \u00e5ret. P\u00e5 afrikaans heter det &#8221;januarie&#8221;.<br \/>\n<font color=\"#2D3AC7\">Ek het in Januarie my verjaarsdag.<\/font><\/p>\n<p><b>februarie<\/b> &#8211; Februari \u00e4r den andra m\u00e5naden p\u00e5 \u00e5ret. P\u00e5 afrikaans heter det &#8221;februarie&#8221;.<br \/>\n<font color=\"#2D3AC7\">Februarie het 28 of 29 dae.<\/font><\/p>\n<p><b>maart<\/b> &#8211; Mars \u00e4r den tredje m\u00e5naden p\u00e5 \u00e5ret. P\u00e5 afrikaans heter det &#8221;maart&#8221;.<br \/>\n<font color=\"#2D3AC7\">Die lente begin in Maart.<\/font><\/p>\n<p><b>april<\/b> &#8211; April \u00e4r den fj\u00e4rde m\u00e5naden p\u00e5 \u00e5ret. P\u00e5 afrikaans heter det &#8221;april&#8221;.<br \/>\n<font color=\"#2D3AC7\">Ek hou van die weer in April.<\/font><\/p>\n<p><b>mei<\/b> &#8211; Maj \u00e4r den femte m\u00e5naden p\u00e5 \u00e5ret. P\u00e5 afrikaans heter det &#8221;mei&#8221;.<br \/>\n<font color=\"#2D3AC7\">Mei is &#8217;n mooi maand.<\/font><\/p>\n<p><b>junie<\/b> &#8211; Juni \u00e4r den sj\u00e4tte m\u00e5naden p\u00e5 \u00e5ret. P\u00e5 afrikaans heter det &#8221;junie&#8221;.<br \/>\n<font color=\"#2D3AC7\">Ons gaan vakansie in Junie.<\/font><\/p>\n<p><b>julie<\/b> &#8211; Juli \u00e4r den sjunde m\u00e5naden p\u00e5 \u00e5ret. P\u00e5 afrikaans heter det &#8221;julie&#8221;.<br \/>\n<font color=\"#2D3AC7\">Dit is baie warm in Julie.<\/font><\/p>\n<p><b>augustus<\/b> &#8211; Augusti \u00e4r den \u00e5ttonde m\u00e5naden p\u00e5 \u00e5ret. P\u00e5 afrikaans heter det &#8221;augustus&#8221;.<br \/>\n<font color=\"#2D3AC7\">Skole begin weer in Augustus.<\/font><\/p>\n<p><b>september<\/b> &#8211; September \u00e4r den nionde m\u00e5naden p\u00e5 \u00e5ret. P\u00e5 afrikaans heter det &#8221;september&#8221;.<br \/>\n<font color=\"#2D3AC7\">Die herfs begin in September.<\/font><\/p>\n<p><b>oktober<\/b> &#8211; Oktober \u00e4r den tionde m\u00e5naden p\u00e5 \u00e5ret. P\u00e5 afrikaans heter det &#8221;oktober&#8221;.<br \/>\n<font color=\"#2D3AC7\">Halloween word in Oktober gevier.<\/font><\/p>\n<p><b>november<\/b> &#8211; November \u00e4r den elfte m\u00e5naden p\u00e5 \u00e5ret. P\u00e5 afrikaans heter det &#8221;november&#8221;.<br \/>\n<font color=\"#2D3AC7\">November is &#8217;n koue maand.<\/font><\/p>\n<p><b>desember<\/b> &#8211; December \u00e4r den tolfte och sista m\u00e5naden p\u00e5 \u00e5ret. P\u00e5 afrikaans heter det &#8221;desember&#8221;.<br \/>\n<font color=\"#2D3AC7\">Kersfees is in Desember.<\/font><\/p>\n<h2>Tid p\u00e5 dagen<\/h2>\n<p>F\u00f6r att uttrycka olika tidpunkter p\u00e5 dagen, kan f\u00f6ljande ord vara anv\u00e4ndbara.<\/p>\n<p><b>oggend<\/b> &#8211; Morgon. P\u00e5 afrikaans heter det &#8221;oggend&#8221;.<br \/>\n<font color=\"#2D3AC7\">Ek staan vroeg in die oggend op.<\/font><\/p>\n<p><b>middag<\/b> &#8211; Eftermiddag. P\u00e5 afrikaans heter det &#8221;middag&#8221;.<br \/>\n<font color=\"#2D3AC7\">Ons eet middagete om 12:00.<\/font><\/p>\n<p><b>aand<\/b> &#8211; Kv\u00e4ll. P\u00e5 afrikaans heter det &#8221;aand&#8221;.<br \/>\n<font color=\"#2D3AC7\">Ek gaan stap in die aand.<\/font><\/p>\n<p><b>nag<\/b> &#8211; Natt. P\u00e5 afrikaans heter det &#8221;nag&#8221;.<br \/>\n<font color=\"#2D3AC7\">Ek slaap diep in die nag.<\/font><\/p>\n<h2>Vanliga fraser f\u00f6r tid och datum<\/h2>\n<p>H\u00e4r \u00e4r n\u00e5gra vanliga fraser f\u00f6r att uttrycka tid och datum p\u00e5 afrikaans.<\/p>\n<p><b>Wat is die tyd?<\/b> &#8211; Vad \u00e4r klockan? P\u00e5 afrikaans heter det &#8221;Wat is die tyd?&#8221;.<br \/>\n<font color=\"#2D3AC7\">Wat is die tyd nou?<\/font><\/p>\n<p><b>Hoe laat is dit?<\/b> &#8211; Hur mycket \u00e4r klockan? P\u00e5 afrikaans heter det &#8221;Hoe laat is dit?&#8221;.<br \/>\n<font color=\"#2D3AC7\">Hoe laat is dit nou?<\/font><\/p>\n<p><b>Wanneer is jou verjaarsdag?<\/b> &#8211; N\u00e4r \u00e4r din f\u00f6delsedag? P\u00e5 afrikaans heter det &#8221;Wanneer is jou verjaarsdag?&#8221;.<br \/>\n<font color=\"#2D3AC7\">Wanneer is jou verjaarsdag hierdie jaar?<\/font><\/p>\n<p><b>Op watter dag is dit?<\/b> &#8211; P\u00e5 vilken dag \u00e4r det? P\u00e5 afrikaans heter det &#8221;Op watter dag is dit?&#8221;.<br \/>\n<font color=\"#2D3AC7\">Op watter dag is die partytjie?<\/font><\/p>\n<p><b>Watter datum is dit vandag?<\/b> &#8211; Vilket datum \u00e4r det idag? P\u00e5 afrikaans heter det &#8221;Watter datum is dit vandag?&#8221;.<br \/>\n<font color=\"#2D3AC7\">Watter datum is dit vandag?<\/font><\/p>\n<p><b>Hoe lank sal dit neem?<\/b> &#8211; Hur l\u00e5ng tid kommer det att ta? P\u00e5 afrikaans heter det &#8221;Hoe lank sal dit neem?&#8221;.<br \/>\n<font color=\"#2D3AC7\">Hoe lank sal dit neem om daar te kom?<\/font><\/p>\n<p><b>Hoe laat begin dit?<\/b> &#8211; N\u00e4r b\u00f6rjar det? P\u00e5 afrikaans heter det &#8221;Hoe laat begin dit?&#8221;.<br \/>\n<font color=\"#2D3AC7\">Hoe laat begin die konsert?<\/font><\/p>\n<p><b>Hoe laat eindig dit?<\/b> &#8211; N\u00e4r slutar det? P\u00e5 afrikaans heter det &#8221;Hoe laat eindig dit?&#8221;.<br \/>\n<font color=\"#2D3AC7\">Hoe laat eindig die vergadering?<\/font><\/p>\n<h3>Specifika tidpunkter<\/h3>\n<p>F\u00f6r att uttrycka specifika tidpunkter p\u00e5 afrikaans, anv\u00e4nds oftast ett 12-timmarsformat med &#8221;voormiddag&#8221; (f\u00f6rmiddag) och &#8221;namiddag&#8221; (eftermiddag).<\/p>\n<p><b>nege-uur voormiddag<\/b> &#8211; 09:00 p\u00e5 morgonen. P\u00e5 afrikaans heter det &#8221;nege-uur voormiddag&#8221;.<br \/>\n<font color=\"#2D3AC7\">Ek het &#8217;n afspraak om nege-uur voormiddag.<\/font><\/p>\n<p><b>drie-uur namiddag<\/b> &#8211; 15:00 p\u00e5 eftermiddagen. P\u00e5 afrikaans heter det &#8221;drie-uur namiddag&#8221;.<br \/>\n<font color=\"#2D3AC7\">Ons vergadering is om drie-uur namiddag.<\/font><\/p>\n<p><b>tien-uur in die aand<\/b> &#8211; 22:00 p\u00e5 kv\u00e4llen. P\u00e5 afrikaans he<\/p>\n","protected":false},"featured_media":1527943,"template":"","vocabulary_language":[4173],"class_list":["post-716420","vocabulary","type-vocabulary","status-publish","has-post-thumbnail","hentry","vocabulary_language-afrikaans-sv"],"acf":[],"yoast_head":"<!-- This site is optimized with the Yoast SEO Premium plugin v27.2 (Yoast SEO v27.2) - https:\/\/yoast.com\/product\/yoast-seo-premium-wordpress\/ -->\n<title>Tids- och datumrelaterade fraser p\u00e5 afrikaans - Talkpal<\/title>\n<meta name=\"description\" content=\"Att l\u00e4ra sig ett nytt spr\u00e5k kan vara b\u00e5de utmanande och bel\u00f6nande. En viktig del av spr\u00e5kstudiet \u00e4r att kunna uttrycka tid och datum korrekt. I den h\u00e4r\" \/>\n<meta name=\"robots\" content=\"index, follow, max-snippet:-1, max-image-preview:large, max-video-preview:-1\" \/>\n<link rel=\"canonical\" href=\"https:\/\/talkpal.ai\/sv\/vocabulary\/tids-och-datumrelaterade-fraser-pa-afrikaans\/\" \/>\n<meta property=\"og:locale\" content=\"sv_SE\" \/>\n<meta property=\"og:type\" content=\"article\" \/>\n<meta property=\"og:title\" content=\"Tids- och datumrelaterade fraser p\u00e5 afrikaans\" \/>\n<meta property=\"og:description\" content=\"Att l\u00e4ra sig ett nytt spr\u00e5k kan vara b\u00e5de utmanande och bel\u00f6nande. En viktig del av spr\u00e5kstudiet \u00e4r att kunna uttrycka tid och datum korrekt. I den h\u00e4r\" \/>\n<meta property=\"og:url\" content=\"https:\/\/talkpal.ai\/sv\/vocabulary\/tids-och-datumrelaterade-fraser-pa-afrikaans\/\" \/>\n<meta property=\"og:site_name\" content=\"Talkpal\" \/>\n<meta property=\"article:publisher\" content=\"https:\/\/www.facebook.com\/profile.php?id=100090733639311\" \/>\n<meta property=\"og:image\" content=\"https:\/\/talkpal.ai\/wp-content\/uploads\/2024\/10\/talkpal_flat_illustration_of_a_employees_working_together_happi_c674ff77-e477-4e09-835a-01d30e561e99.png\" \/>\n\t<meta property=\"og:image:width\" content=\"1024\" \/>\n\t<meta property=\"og:image:height\" content=\"1024\" \/>\n\t<meta property=\"og:image:type\" content=\"image\/png\" \/>\n<meta name=\"twitter:card\" content=\"summary_large_image\" \/>\n<meta name=\"twitter:site\" content=\"@talkpalai\" \/>\n<meta name=\"twitter:label1\" content=\"Ber\u00e4knad l\u00e4stid\" \/>\n\t<meta name=\"twitter:data1\" content=\"5 minuter\" \/>\n<script type=\"application\/ld+json\" class=\"yoast-schema-graph\">{\"@context\":\"https:\/\/schema.org\",\"@graph\":[{\"@type\":\"WebPage\",\"@id\":\"https:\/\/talkpal.ai\/sv\/vocabulary\/tids-och-datumrelaterade-fraser-pa-afrikaans\/\",\"url\":\"https:\/\/talkpal.ai\/sv\/vocabulary\/tids-och-datumrelaterade-fraser-pa-afrikaans\/\",\"name\":\"Tids- och datumrelaterade fraser p\u00e5 afrikaans - Talkpal\",\"isPartOf\":{\"@id\":\"https:\/\/talkpal.ai\/sv\/#website\"},\"primaryImageOfPage\":{\"@id\":\"https:\/\/talkpal.ai\/sv\/vocabulary\/tids-och-datumrelaterade-fraser-pa-afrikaans\/#primaryimage\"},\"image\":{\"@id\":\"https:\/\/talkpal.ai\/sv\/vocabulary\/tids-och-datumrelaterade-fraser-pa-afrikaans\/#primaryimage\"},\"thumbnailUrl\":\"https:\/\/talkpal.ai\/wp-content\/uploads\/2025\/12\/students-in-grand-hall-learning-languages.webp\",\"datePublished\":\"2024-06-08T18:09:07+00:00\",\"description\":\"Att l\u00e4ra sig ett nytt spr\u00e5k kan vara b\u00e5de utmanande och bel\u00f6nande. En viktig del av spr\u00e5kstudiet \u00e4r att kunna uttrycka tid och datum korrekt. I den h\u00e4r\",\"breadcrumb\":{\"@id\":\"https:\/\/talkpal.ai\/sv\/vocabulary\/tids-och-datumrelaterade-fraser-pa-afrikaans\/#breadcrumb\"},\"inLanguage\":\"sv-SE\",\"potentialAction\":[{\"@type\":\"ReadAction\",\"target\":[\"https:\/\/talkpal.ai\/sv\/vocabulary\/tids-och-datumrelaterade-fraser-pa-afrikaans\/\"]}]},{\"@type\":\"ImageObject\",\"inLanguage\":\"sv-SE\",\"@id\":\"https:\/\/talkpal.ai\/sv\/vocabulary\/tids-och-datumrelaterade-fraser-pa-afrikaans\/#primaryimage\",\"url\":\"https:\/\/talkpal.ai\/wp-content\/uploads\/2025\/12\/students-in-grand-hall-learning-languages.webp\",\"contentUrl\":\"https:\/\/talkpal.ai\/wp-content\/uploads\/2025\/12\/students-in-grand-hall-learning-languages.webp\",\"width\":1200,\"height\":896,\"caption\":\"Diverse students sit at a library table with books and laptops while focused on learning languages.\"},{\"@type\":\"BreadcrumbList\",\"@id\":\"https:\/\/talkpal.ai\/sv\/vocabulary\/tids-och-datumrelaterade-fraser-pa-afrikaans\/#breadcrumb\",\"itemListElement\":[{\"@type\":\"ListItem\",\"position\":1,\"name\":\"Homepage\",\"item\":\"https:\/\/talkpal.ai\/sv\/\"},{\"@type\":\"ListItem\",\"position\":2,\"name\":\"Tids- och datumrelaterade fraser p\u00e5 afrikaans\"}]},{\"@type\":\"WebSite\",\"@id\":\"https:\/\/talkpal.ai\/sv\/#website\",\"url\":\"https:\/\/talkpal.ai\/sv\/\",\"name\":\"Talkpal\",\"description\":\"AI Language Learning\",\"publisher\":{\"@id\":\"https:\/\/talkpal.ai\/sv\/#organization\"},\"alternateName\":\"Talkpal AI\",\"potentialAction\":[{\"@type\":\"SearchAction\",\"target\":{\"@type\":\"EntryPoint\",\"urlTemplate\":\"https:\/\/talkpal.ai\/sv\/?s={search_term_string}\"},\"query-input\":{\"@type\":\"PropertyValueSpecification\",\"valueRequired\":true,\"valueName\":\"search_term_string\"}}],\"inLanguage\":\"sv-SE\"},{\"@type\":\"Organization\",\"@id\":\"https:\/\/talkpal.ai\/sv\/#organization\",\"name\":\"Talkpal, Inc.\",\"alternateName\":\"Talkpal AI\",\"url\":\"https:\/\/talkpal.ai\/sv\/\",\"logo\":{\"@type\":\"ImageObject\",\"inLanguage\":\"sv-SE\",\"@id\":\"https:\/\/talkpal.ai\/sv\/#\/schema\/logo\/image\/\",\"url\":\"https:\/\/talkpal.ai\/wp-content\/uploads\/2024\/03\/Talkpal-Logo-Icon.png\",\"contentUrl\":\"https:\/\/talkpal.ai\/wp-content\/uploads\/2024\/03\/Talkpal-Logo-Icon.png\",\"width\":2880,\"height\":2880,\"caption\":\"Talkpal, Inc.\"},\"image\":{\"@id\":\"https:\/\/talkpal.ai\/sv\/#\/schema\/logo\/image\/\"},\"sameAs\":[\"https:\/\/www.facebook.com\/profile.php?id=100090733639311\",\"https:\/\/x.com\/talkpalai\",\"https:\/\/www.linkedin.com\/company\/talkpal\/\",\"https:\/\/www.youtube.com\/@TalkPal\/\",\"https:\/\/www.tiktok.com\/@talkpal\",\"https:\/\/www.instagram.com\/talkpal_ai\/\",\"https:\/\/www.crunchbase.com\/organization\/talkpal-9cde\",\"https:\/\/www.g2.com\/products\/talkpal-for-business\/\",\"https:\/\/www.trustpilot.com\/review\/talkpal.ai\",\"https:\/\/www.capterra.com\/p\/10006800\/TalkPal\/\"],\"description\":\"Talkpal is a language learning web and mobile education app, powered by the latest AI technologies, that provides engaging experiences to its customers in many different languages to help them improve their language skills. Users can chat about unlimited amount of topics with the app and use other modes to practice their language learning.\",\"email\":\"support@talkpal.ai\",\"legalName\":\"Talkpal, Inc.\",\"foundingDate\":\"2023-04-03\",\"duns\":\"118989042\",\"numberOfEmployees\":{\"@type\":\"QuantitativeValue\",\"minValue\":\"11\",\"maxValue\":\"50\"},\"publishingPrinciples\":\"https:\/\/talkpal.ai\/publishing-principles\/\",\"actionableFeedbackPolicy\":\"https:\/\/talkpal.ai\/actionable-feedback-policy\/\",\"correctionsPolicy\":\"https:\/\/talkpal.ai\/corrections-policy\/\",\"ethicsPolicy\":\"https:\/\/talkpal.ai\/ethics-policy\/\",\"diversityPolicy\":\"https:\/\/talkpal.ai\/diversity-policy\/\",\"diversityStaffingReport\":\"https:\/\/talkpal.ai\/diversity-policy\/\"}]}<\/script>\n<!-- \/ Yoast SEO Premium plugin. -->","yoast_head_json":{"title":"Tids- och datumrelaterade fraser p\u00e5 afrikaans - Talkpal","description":"Att l\u00e4ra sig ett nytt spr\u00e5k kan vara b\u00e5de utmanande och bel\u00f6nande. En viktig del av spr\u00e5kstudiet \u00e4r att kunna uttrycka tid och datum korrekt. I den h\u00e4r","robots":{"index":"index","follow":"follow","max-snippet":"max-snippet:-1","max-image-preview":"max-image-preview:large","max-video-preview":"max-video-preview:-1"},"canonical":"https:\/\/talkpal.ai\/sv\/vocabulary\/tids-och-datumrelaterade-fraser-pa-afrikaans\/","og_locale":"sv_SE","og_type":"article","og_title":"Tids- och datumrelaterade fraser p\u00e5 afrikaans","og_description":"Att l\u00e4ra sig ett nytt spr\u00e5k kan vara b\u00e5de utmanande och bel\u00f6nande. En viktig del av spr\u00e5kstudiet \u00e4r att kunna uttrycka tid och datum korrekt. I den h\u00e4r","og_url":"https:\/\/talkpal.ai\/sv\/vocabulary\/tids-och-datumrelaterade-fraser-pa-afrikaans\/","og_site_name":"Talkpal","article_publisher":"https:\/\/www.facebook.com\/profile.php?id=100090733639311","og_image":[{"width":1024,"height":1024,"url":"https:\/\/talkpal.ai\/wp-content\/uploads\/2024\/10\/talkpal_flat_illustration_of_a_employees_working_together_happi_c674ff77-e477-4e09-835a-01d30e561e99.png","type":"image\/png"}],"twitter_card":"summary_large_image","twitter_site":"@talkpalai","twitter_misc":{"Ber\u00e4knad l\u00e4stid":"5 minuter"},"schema":{"@context":"https:\/\/schema.org","@graph":[{"@type":"WebPage","@id":"https:\/\/talkpal.ai\/sv\/vocabulary\/tids-och-datumrelaterade-fraser-pa-afrikaans\/","url":"https:\/\/talkpal.ai\/sv\/vocabulary\/tids-och-datumrelaterade-fraser-pa-afrikaans\/","name":"Tids- och datumrelaterade fraser p\u00e5 afrikaans - Talkpal","isPartOf":{"@id":"https:\/\/talkpal.ai\/sv\/#website"},"primaryImageOfPage":{"@id":"https:\/\/talkpal.ai\/sv\/vocabulary\/tids-och-datumrelaterade-fraser-pa-afrikaans\/#primaryimage"},"image":{"@id":"https:\/\/talkpal.ai\/sv\/vocabulary\/tids-och-datumrelaterade-fraser-pa-afrikaans\/#primaryimage"},"thumbnailUrl":"https:\/\/talkpal.ai\/wp-content\/uploads\/2025\/12\/students-in-grand-hall-learning-languages.webp","datePublished":"2024-06-08T18:09:07+00:00","description":"Att l\u00e4ra sig ett nytt spr\u00e5k kan vara b\u00e5de utmanande och bel\u00f6nande. En viktig del av spr\u00e5kstudiet \u00e4r att kunna uttrycka tid och datum korrekt. I den h\u00e4r","breadcrumb":{"@id":"https:\/\/talkpal.ai\/sv\/vocabulary\/tids-och-datumrelaterade-fraser-pa-afrikaans\/#breadcrumb"},"inLanguage":"sv-SE","potentialAction":[{"@type":"ReadAction","target":["https:\/\/talkpal.ai\/sv\/vocabulary\/tids-och-datumrelaterade-fraser-pa-afrikaans\/"]}]},{"@type":"ImageObject","inLanguage":"sv-SE","@id":"https:\/\/talkpal.ai\/sv\/vocabulary\/tids-och-datumrelaterade-fraser-pa-afrikaans\/#primaryimage","url":"https:\/\/talkpal.ai\/wp-content\/uploads\/2025\/12\/students-in-grand-hall-learning-languages.webp","contentUrl":"https:\/\/talkpal.ai\/wp-content\/uploads\/2025\/12\/students-in-grand-hall-learning-languages.webp","width":1200,"height":896,"caption":"Diverse students sit at a library table with books and laptops while focused on learning languages."},{"@type":"BreadcrumbList","@id":"https:\/\/talkpal.ai\/sv\/vocabulary\/tids-och-datumrelaterade-fraser-pa-afrikaans\/#breadcrumb","itemListElement":[{"@type":"ListItem","position":1,"name":"Homepage","item":"https:\/\/talkpal.ai\/sv\/"},{"@type":"ListItem","position":2,"name":"Tids- och datumrelaterade fraser p\u00e5 afrikaans"}]},{"@type":"WebSite","@id":"https:\/\/talkpal.ai\/sv\/#website","url":"https:\/\/talkpal.ai\/sv\/","name":"Talkpal","description":"AI Language Learning","publisher":{"@id":"https:\/\/talkpal.ai\/sv\/#organization"},"alternateName":"Talkpal AI","potentialAction":[{"@type":"SearchAction","target":{"@type":"EntryPoint","urlTemplate":"https:\/\/talkpal.ai\/sv\/?s={search_term_string}"},"query-input":{"@type":"PropertyValueSpecification","valueRequired":true,"valueName":"search_term_string"}}],"inLanguage":"sv-SE"},{"@type":"Organization","@id":"https:\/\/talkpal.ai\/sv\/#organization","name":"Talkpal, Inc.","alternateName":"Talkpal AI","url":"https:\/\/talkpal.ai\/sv\/","logo":{"@type":"ImageObject","inLanguage":"sv-SE","@id":"https:\/\/talkpal.ai\/sv\/#\/schema\/logo\/image\/","url":"https:\/\/talkpal.ai\/wp-content\/uploads\/2024\/03\/Talkpal-Logo-Icon.png","contentUrl":"https:\/\/talkpal.ai\/wp-content\/uploads\/2024\/03\/Talkpal-Logo-Icon.png","width":2880,"height":2880,"caption":"Talkpal, Inc."},"image":{"@id":"https:\/\/talkpal.ai\/sv\/#\/schema\/logo\/image\/"},"sameAs":["https:\/\/www.facebook.com\/profile.php?id=100090733639311","https:\/\/x.com\/talkpalai","https:\/\/www.linkedin.com\/company\/talkpal\/","https:\/\/www.youtube.com\/@TalkPal\/","https:\/\/www.tiktok.com\/@talkpal","https:\/\/www.instagram.com\/talkpal_ai\/","https:\/\/www.crunchbase.com\/organization\/talkpal-9cde","https:\/\/www.g2.com\/products\/talkpal-for-business\/","https:\/\/www.trustpilot.com\/review\/talkpal.ai","https:\/\/www.capterra.com\/p\/10006800\/TalkPal\/"],"description":"Talkpal is a language learning web and mobile education app, powered by the latest AI technologies, that provides engaging experiences to its customers in many different languages to help them improve their language skills. Users can chat about unlimited amount of topics with the app and use other modes to practice their language learning.","email":"support@talkpal.ai","legalName":"Talkpal, Inc.","foundingDate":"2023-04-03","duns":"118989042","numberOfEmployees":{"@type":"QuantitativeValue","minValue":"11","maxValue":"50"},"publishingPrinciples":"https:\/\/talkpal.ai\/publishing-principles\/","actionableFeedbackPolicy":"https:\/\/talkpal.ai\/actionable-feedback-policy\/","correctionsPolicy":"https:\/\/talkpal.ai\/corrections-policy\/","ethicsPolicy":"https:\/\/talkpal.ai\/ethics-policy\/","diversityPolicy":"https:\/\/talkpal.ai\/diversity-policy\/","diversityStaffingReport":"https:\/\/talkpal.ai\/diversity-policy\/"}]}},"_links":{"self":[{"href":"https:\/\/talkpal.ai\/sv\/wp-json\/wp\/v2\/vocabulary\/716420","targetHints":{"allow":["GET"]}}],"collection":[{"href":"https:\/\/talkpal.ai\/sv\/wp-json\/wp\/v2\/vocabulary"}],"about":[{"href":"https:\/\/talkpal.ai\/sv\/wp-json\/wp\/v2\/types\/vocabulary"}],"wp:featuredmedia":[{"embeddable":true,"href":"https:\/\/talkpal.ai\/sv\/wp-json\/wp\/v2\/media\/1527943"}],"wp:attachment":[{"href":"https:\/\/talkpal.ai\/sv\/wp-json\/wp\/v2\/media?parent=716420"}],"wp:term":[{"taxonomy":"vocabulary_language","embeddable":true,"href":"https:\/\/talkpal.ai\/sv\/wp-json\/wp\/v2\/vocabulary_language?post=716420"}],"curies":[{"name":"wp","href":"https:\/\/api.w.org\/{rel}","templated":true}]}}