{"id":305789,"date":"2024-05-14T22:43:58","date_gmt":"2024-05-14T22:43:58","guid":{"rendered":"https:\/\/talkpal.ai\/vocabulary\/%e9%bb%92-vs-%e9%bb%92%e3%81%84-svart-pa-japanska-forsta-nyanser-i-fargbeskrivningar\/"},"modified":"2024-05-14T22:43:58","modified_gmt":"2024-05-14T22:43:58","slug":"%e9%bb%92-vs-%e9%bb%92%e3%81%84-svart-pa-japanska-forsta-nyanser-i-fargbeskrivningar","status":"publish","type":"vocabulary","link":"https:\/\/talkpal.ai\/sv\/vocabulary\/%e9%bb%92-vs-%e9%bb%92%e3%81%84-svart-pa-japanska-forsta-nyanser-i-fargbeskrivningar\/","title":{"rendered":"\u9ed2 vs \u9ed2\u3044 &#8211; Svart p\u00e5 japanska: F\u00f6rst\u00e5 nyanser i f\u00e4rgbeskrivningar"},"content":{"rendered":"<p>Att l\u00e4ra sig beskriva f\u00e4rger p\u00e5 <a href=\"https:\/\/talkpal.ai\/learn-japanese\/\">japanska<\/a> kan verka som en enkel uppgift, men <a href=\"https:\/\/talkpal.ai\/culture\/how-do-i-use-det-finns-correctly\/\">det finns<\/a> subtila nyanser som kan g\u00f6ra det komplicerat. I det japanska spr\u00e5ket finns det specifika ord f\u00f6r att beskriva f\u00e4rger och dess tillst\u00e5nd. I <a href=\"https:\/\/talkpal.ai\/culture\/how-do-i-use-den-har-and-det-har\/\">den h\u00e4r<\/a> artikeln kommer vi att fokusera p\u00e5 hur man anv\u00e4nder <b>\u9ed2<\/b> (kuro) och <b>\u9ed2\u3044<\/b> (kuroi) f\u00f6r att beskriva svart f\u00e4rg p\u00e5 japanska, och hur dessa tv\u00e5 termer skiljer sig \u00e5t.<\/p>\n<h3>Grundl\u00e4ggande f\u00f6rst\u00e5else av \u9ed2 och \u9ed2\u3044<\/h3>\n<p>I japanska \u00e4r <b>\u9ed2<\/b> och <b>\u9ed2\u3044<\/b> b\u00e5da adjektiv, men de anv\u00e4nds i olika sammanhang. <b>\u9ed2<\/b> (kuro) \u00e4r ett substantiverat adjektiv och anv\u00e4nds oftast f\u00f6r att <a href=\"https:\/\/talkpal.ai\/locations\/language-courses-in-prata\/\">prata<\/a> om svart som ett substantiv eller en abstrakt id\u00e9. \u00c5 <a href=\"https:\/\/talkpal.ai\/culture\/what-does-a-andra-sidan-mean\/\">andra sidan<\/a> \u00e4r <b>\u9ed2\u3044<\/b> (kuroi) ett i-adjectiv och anv\u00e4nds f\u00f6r att beskriva n\u00e5got som har egenskapen att vara svart.<\/p>\n<p>\u9ed2\u3044\u732b\u304c\u3044\u307e\u3059\u3002 (Kuroi neko ga imasu.) &#8211; <a href=\"https:\/\/talkpal.ai\/culture\/how-do-i-use-det-finns-correctly\/\">Det finns<\/a> en svart katt.<\/p>\n<h3>Anv\u00e4ndningen av \u9ed2 och \u9ed2\u3044 i meningar<\/h3>\n<p>N\u00e4r du anv\u00e4nder <b>\u9ed2<\/b> och <b>\u9ed2\u3044<\/b>, \u00e4r det viktigt att veta n\u00e4r och hur de ska anv\u00e4ndas f\u00f6r att korrekt beskriva f\u00f6rem\u00e5l eller situationer. <b>\u9ed2\u3044<\/b> anv\u00e4nds n\u00e4r man direkt beskriver f\u00e4rgen p\u00e5 ett objekt, medan <b>\u9ed2<\/b> kan anv\u00e4ndas f\u00f6r att <a href=\"https:\/\/talkpal.ai\/locations\/language-courses-in-tala\/\">tala<\/a> om sv\u00e4rta som ett koncept eller i mer abstrakta termer.<\/p>\n<p>\u3053\u306e\u8eca\u306f\u9ed2\u3067\u3059\u3002 (Kono kuruma wa kuro desu.) &#8211; <a href=\"https:\/\/talkpal.ai\/culture\/how-do-i-use-den-har-and-det-har\/\">Den h\u00e4r<\/a> bilen \u00e4r svart.<\/p>\n<p>\u5f7c\u306e\u9aea\u306f\u9ed2\u3044\u3067\u3059\u3002 (Kare no <a href=\"https:\/\/talkpal.ai\/locations\/language-courses-in-kami\/\">kami<\/a> wa kuroi desu.) &#8211; Hans h\u00e5r \u00e4r svart.<\/p>\n<h3>Kulturella konnotationer av \u9ed2 och \u9ed2\u3044<\/h3>\n<p>I japansk kultur b\u00e4r f\u00e4rgerna p\u00e5 olika betydelser och kan p\u00e5verka hur ord anv\u00e4nds i spr\u00e5ket. Svart kan associeras med elegans och formalitet men ocks\u00e5 med d\u00f6d och olycka beroende p\u00e5 sammanhanget. Det \u00e4r d\u00e4rf\u00f6r viktigt att f\u00f6rst\u00e5 dessa kulturella nyanser n\u00e4r man anv\u00e4nder <b>\u9ed2<\/b> och <b>\u9ed2\u3044<\/b> i tal och skrift.<\/p>\n<p><b>\u9ed2<\/b> har ofta en starkare k\u00e4nslom\u00e4ssig laddning \u00e4n <b>\u9ed2\u3044<\/b>, vilket g\u00f6r det l\u00e4mpligt i vissa litter\u00e4ra eller poetiska sammanhang.<\/p>\n<p><b>\u9ed2<\/b>\u306e\u30c9\u30ec\u30b9\u3092\u7740\u3066\u3044\u308b\u5973\u6027\u304c\u7f8e\u3057\u3044\u3067\u3059\u3002 (Kuro no doresu wo kite iru josei ga utsukushii desu.) &#8211; Kvinnan som b\u00e4r en svart kl\u00e4nning \u00e4r vacker.<\/p>\n<h3>Praktiska tips f\u00f6r att anv\u00e4nda \u9ed2 och \u9ed2\u3044<\/h3>\n<p>N\u00e4r du l\u00e4r dig att anv\u00e4nda <b>\u9ed2<\/b> och <b>\u9ed2\u3044<\/b> korrekt, \u00e4r det bra att praktisera med exempel och f\u00f6rs\u00f6ka bilda egna meningar. Att f\u00f6rst\u00e5 skillnaden mellan dessa tv\u00e5 kan f\u00f6rb\u00e4ttra din f\u00f6rm\u00e5ga att uttrycka dig mer exakt p\u00e5 japanska.<\/p>\n<p>\u9ed2\u3044\u670d\u3092\u8cb7\u3044\u307e\u3057\u305f\u3002 (Kuroi fuku wo kaimashita.) &#8211; Jag k\u00f6pte svarta kl\u00e4der.<\/p>\n<p>\u5f7c\u306f\u9ed2\u3092\u7740\u3066\u3044\u307e\u3059\u3002 (Kare wa kuro wo kite imasu.) &#8211; Han b\u00e4r svart.<\/p>\n<h3>Sammanfattning<\/h3>\n<p>Att f\u00f6rst\u00e5 skillnaden mellan <b>\u9ed2<\/b> och <b>\u9ed2\u3044<\/b> \u00e4r viktigt f\u00f6r alla som l\u00e4r sig japanska. Medan <b>\u9ed2<\/b> kan anv\u00e4ndas mer abstrakt och kulturellt laddat, \u00e4r <b>\u9ed2\u3044<\/b> mer direkt och beskrivande. Genom att \u00f6va och anv\u00e4nda dessa ord i olika sammanhang kan du f\u00f6rb\u00e4ttra din japanska och bli mer skicklig i att uttrycka subtila nyanser av f\u00e4rg och mening.<\/p>\n","protected":false},"featured_media":1527632,"template":"","vocabulary_language":[3487],"class_list":["post-305789","vocabulary","type-vocabulary","status-publish","has-post-thumbnail","hentry","vocabulary_language-japanska"],"acf":[],"yoast_head":"<!-- This site is optimized with the Yoast SEO Premium plugin v27.2 (Yoast SEO v27.2) - https:\/\/yoast.com\/product\/yoast-seo-premium-wordpress\/ -->\n<title>\u9ed2 vs \u9ed2\u3044 - Svart p\u00e5 japanska: F\u00f6rst\u00e5 nyanser i f\u00e4rgbeskrivningar - Talkpal<\/title>\n<meta name=\"description\" content=\"Att l\u00e4ra sig beskriva f\u00e4rger p\u00e5 japanska kan verka som en enkel uppgift, men det finns subtila nyanser som kan g\u00f6ra det komplicerat. I det japanska\" \/>\n<meta name=\"robots\" content=\"index, follow, max-snippet:-1, max-image-preview:large, max-video-preview:-1\" \/>\n<link rel=\"canonical\" href=\"https:\/\/talkpal.ai\/sv\/vocabulary\/%e9%bb%92-vs-%e9%bb%92%e3%81%84-svart-pa-japanska-forsta-nyanser-i-fargbeskrivningar\/\" \/>\n<meta property=\"og:locale\" content=\"sv_SE\" \/>\n<meta property=\"og:type\" content=\"article\" \/>\n<meta property=\"og:title\" content=\"\u9ed2 vs \u9ed2\u3044 - Svart p\u00e5 japanska: F\u00f6rst\u00e5 nyanser i f\u00e4rgbeskrivningar\" \/>\n<meta property=\"og:description\" content=\"Att l\u00e4ra sig beskriva f\u00e4rger p\u00e5 japanska kan verka som en enkel uppgift, men det finns subtila nyanser som kan g\u00f6ra det komplicerat. I det japanska\" \/>\n<meta property=\"og:url\" content=\"https:\/\/talkpal.ai\/sv\/vocabulary\/%e9%bb%92-vs-%e9%bb%92%e3%81%84-svart-pa-japanska-forsta-nyanser-i-fargbeskrivningar\/\" \/>\n<meta property=\"og:site_name\" content=\"Talkpal\" \/>\n<meta property=\"article:publisher\" content=\"https:\/\/www.facebook.com\/profile.php?id=100090733639311\" \/>\n<meta property=\"og:image\" content=\"https:\/\/talkpal.ai\/wp-content\/uploads\/2024\/10\/talkpal_flat_illustration_of_a_employees_working_together_happi_c674ff77-e477-4e09-835a-01d30e561e99.png\" \/>\n\t<meta property=\"og:image:width\" content=\"1024\" \/>\n\t<meta property=\"og:image:height\" content=\"1024\" \/>\n\t<meta property=\"og:image:type\" content=\"image\/png\" \/>\n<meta name=\"twitter:card\" content=\"summary_large_image\" \/>\n<meta name=\"twitter:site\" content=\"@talkpalai\" \/>\n<meta name=\"twitter:label1\" content=\"Ber\u00e4knad l\u00e4stid\" \/>\n\t<meta name=\"twitter:data1\" content=\"2 minuter\" \/>\n<script type=\"application\/ld+json\" class=\"yoast-schema-graph\">{\"@context\":\"https:\/\/schema.org\",\"@graph\":[{\"@type\":\"WebPage\",\"@id\":\"https:\/\/talkpal.ai\/sv\/vocabulary\/%e9%bb%92-vs-%e9%bb%92%e3%81%84-svart-pa-japanska-forsta-nyanser-i-fargbeskrivningar\/\",\"url\":\"https:\/\/talkpal.ai\/sv\/vocabulary\/%e9%bb%92-vs-%e9%bb%92%e3%81%84-svart-pa-japanska-forsta-nyanser-i-fargbeskrivningar\/\",\"name\":\"\u9ed2 vs \u9ed2\u3044 - Svart p\u00e5 japanska: F\u00f6rst\u00e5 nyanser i f\u00e4rgbeskrivningar - Talkpal\",\"isPartOf\":{\"@id\":\"https:\/\/talkpal.ai\/sv\/#website\"},\"primaryImageOfPage\":{\"@id\":\"https:\/\/talkpal.ai\/sv\/vocabulary\/%e9%bb%92-vs-%e9%bb%92%e3%81%84-svart-pa-japanska-forsta-nyanser-i-fargbeskrivningar\/#primaryimage\"},\"image\":{\"@id\":\"https:\/\/talkpal.ai\/sv\/vocabulary\/%e9%bb%92-vs-%e9%bb%92%e3%81%84-svart-pa-japanska-forsta-nyanser-i-fargbeskrivningar\/#primaryimage\"},\"thumbnailUrl\":\"https:\/\/talkpal.ai\/wp-content\/uploads\/2025\/12\/dialogue-is-shared-learning-languages.webp\",\"datePublished\":\"2024-05-14T22:43:58+00:00\",\"description\":\"Att l\u00e4ra sig beskriva f\u00e4rger p\u00e5 japanska kan verka som en enkel uppgift, men det finns subtila nyanser som kan g\u00f6ra det komplicerat. I det japanska\",\"breadcrumb\":{\"@id\":\"https:\/\/talkpal.ai\/sv\/vocabulary\/%e9%bb%92-vs-%e9%bb%92%e3%81%84-svart-pa-japanska-forsta-nyanser-i-fargbeskrivningar\/#breadcrumb\"},\"inLanguage\":\"sv-SE\",\"potentialAction\":[{\"@type\":\"ReadAction\",\"target\":[\"https:\/\/talkpal.ai\/sv\/vocabulary\/%e9%bb%92-vs-%e9%bb%92%e3%81%84-svart-pa-japanska-forsta-nyanser-i-fargbeskrivningar\/\"]}]},{\"@type\":\"ImageObject\",\"inLanguage\":\"sv-SE\",\"@id\":\"https:\/\/talkpal.ai\/sv\/vocabulary\/%e9%bb%92-vs-%e9%bb%92%e3%81%84-svart-pa-japanska-forsta-nyanser-i-fargbeskrivningar\/#primaryimage\",\"url\":\"https:\/\/talkpal.ai\/wp-content\/uploads\/2025\/12\/dialogue-is-shared-learning-languages.webp\",\"contentUrl\":\"https:\/\/talkpal.ai\/wp-content\/uploads\/2025\/12\/dialogue-is-shared-learning-languages.webp\",\"width\":1200,\"height\":896,\"caption\":\"A group conversation is shared by three students at a laptop while learning languages.\"},{\"@type\":\"BreadcrumbList\",\"@id\":\"https:\/\/talkpal.ai\/sv\/vocabulary\/%e9%bb%92-vs-%e9%bb%92%e3%81%84-svart-pa-japanska-forsta-nyanser-i-fargbeskrivningar\/#breadcrumb\",\"itemListElement\":[{\"@type\":\"ListItem\",\"position\":1,\"name\":\"Homepage\",\"item\":\"https:\/\/talkpal.ai\/sv\/\"},{\"@type\":\"ListItem\",\"position\":2,\"name\":\"\u9ed2 vs \u9ed2\u3044 &#8211; Svart p\u00e5 japanska: F\u00f6rst\u00e5 nyanser i f\u00e4rgbeskrivningar\"}]},{\"@type\":\"WebSite\",\"@id\":\"https:\/\/talkpal.ai\/sv\/#website\",\"url\":\"https:\/\/talkpal.ai\/sv\/\",\"name\":\"Talkpal\",\"description\":\"AI Language Learning\",\"publisher\":{\"@id\":\"https:\/\/talkpal.ai\/sv\/#organization\"},\"alternateName\":\"Talkpal AI\",\"potentialAction\":[{\"@type\":\"SearchAction\",\"target\":{\"@type\":\"EntryPoint\",\"urlTemplate\":\"https:\/\/talkpal.ai\/sv\/?s={search_term_string}\"},\"query-input\":{\"@type\":\"PropertyValueSpecification\",\"valueRequired\":true,\"valueName\":\"search_term_string\"}}],\"inLanguage\":\"sv-SE\"},{\"@type\":\"Organization\",\"@id\":\"https:\/\/talkpal.ai\/sv\/#organization\",\"name\":\"Talkpal, Inc.\",\"alternateName\":\"Talkpal AI\",\"url\":\"https:\/\/talkpal.ai\/sv\/\",\"logo\":{\"@type\":\"ImageObject\",\"inLanguage\":\"sv-SE\",\"@id\":\"https:\/\/talkpal.ai\/sv\/#\/schema\/logo\/image\/\",\"url\":\"https:\/\/talkpal.ai\/wp-content\/uploads\/2024\/03\/Talkpal-Logo-Icon.png\",\"contentUrl\":\"https:\/\/talkpal.ai\/wp-content\/uploads\/2024\/03\/Talkpal-Logo-Icon.png\",\"width\":2880,\"height\":2880,\"caption\":\"Talkpal, Inc.\"},\"image\":{\"@id\":\"https:\/\/talkpal.ai\/sv\/#\/schema\/logo\/image\/\"},\"sameAs\":[\"https:\/\/www.facebook.com\/profile.php?id=100090733639311\",\"https:\/\/x.com\/talkpalai\",\"https:\/\/www.linkedin.com\/company\/talkpal\/\",\"https:\/\/www.youtube.com\/@TalkPal\/\",\"https:\/\/www.tiktok.com\/@talkpal\",\"https:\/\/www.instagram.com\/talkpal_ai\/\",\"https:\/\/www.crunchbase.com\/organization\/talkpal-9cde\",\"https:\/\/www.g2.com\/products\/talkpal-for-business\/\",\"https:\/\/www.trustpilot.com\/review\/talkpal.ai\",\"https:\/\/www.capterra.com\/p\/10006800\/TalkPal\/\"],\"description\":\"Talkpal is a language learning web and mobile education app, powered by the latest AI technologies, that provides engaging experiences to its customers in many different languages to help them improve their language skills. Users can chat about unlimited amount of topics with the app and use other modes to practice their language learning.\",\"email\":\"support@talkpal.ai\",\"legalName\":\"Talkpal, Inc.\",\"foundingDate\":\"2023-04-03\",\"duns\":\"118989042\",\"numberOfEmployees\":{\"@type\":\"QuantitativeValue\",\"minValue\":\"11\",\"maxValue\":\"50\"},\"publishingPrinciples\":\"https:\/\/talkpal.ai\/publishing-principles\/\",\"actionableFeedbackPolicy\":\"https:\/\/talkpal.ai\/actionable-feedback-policy\/\",\"correctionsPolicy\":\"https:\/\/talkpal.ai\/corrections-policy\/\",\"ethicsPolicy\":\"https:\/\/talkpal.ai\/ethics-policy\/\",\"diversityPolicy\":\"https:\/\/talkpal.ai\/diversity-policy\/\",\"diversityStaffingReport\":\"https:\/\/talkpal.ai\/diversity-policy\/\"}]}<\/script>\n<!-- \/ Yoast SEO Premium plugin. -->","yoast_head_json":{"title":"\u9ed2 vs \u9ed2\u3044 - Svart p\u00e5 japanska: F\u00f6rst\u00e5 nyanser i f\u00e4rgbeskrivningar - Talkpal","description":"Att l\u00e4ra sig beskriva f\u00e4rger p\u00e5 japanska kan verka som en enkel uppgift, men det finns subtila nyanser som kan g\u00f6ra det komplicerat. I det japanska","robots":{"index":"index","follow":"follow","max-snippet":"max-snippet:-1","max-image-preview":"max-image-preview:large","max-video-preview":"max-video-preview:-1"},"canonical":"https:\/\/talkpal.ai\/sv\/vocabulary\/%e9%bb%92-vs-%e9%bb%92%e3%81%84-svart-pa-japanska-forsta-nyanser-i-fargbeskrivningar\/","og_locale":"sv_SE","og_type":"article","og_title":"\u9ed2 vs \u9ed2\u3044 - Svart p\u00e5 japanska: F\u00f6rst\u00e5 nyanser i f\u00e4rgbeskrivningar","og_description":"Att l\u00e4ra sig beskriva f\u00e4rger p\u00e5 japanska kan verka som en enkel uppgift, men det finns subtila nyanser som kan g\u00f6ra det komplicerat. I det japanska","og_url":"https:\/\/talkpal.ai\/sv\/vocabulary\/%e9%bb%92-vs-%e9%bb%92%e3%81%84-svart-pa-japanska-forsta-nyanser-i-fargbeskrivningar\/","og_site_name":"Talkpal","article_publisher":"https:\/\/www.facebook.com\/profile.php?id=100090733639311","og_image":[{"width":1024,"height":1024,"url":"https:\/\/talkpal.ai\/wp-content\/uploads\/2024\/10\/talkpal_flat_illustration_of_a_employees_working_together_happi_c674ff77-e477-4e09-835a-01d30e561e99.png","type":"image\/png"}],"twitter_card":"summary_large_image","twitter_site":"@talkpalai","twitter_misc":{"Ber\u00e4knad l\u00e4stid":"2 minuter"},"schema":{"@context":"https:\/\/schema.org","@graph":[{"@type":"WebPage","@id":"https:\/\/talkpal.ai\/sv\/vocabulary\/%e9%bb%92-vs-%e9%bb%92%e3%81%84-svart-pa-japanska-forsta-nyanser-i-fargbeskrivningar\/","url":"https:\/\/talkpal.ai\/sv\/vocabulary\/%e9%bb%92-vs-%e9%bb%92%e3%81%84-svart-pa-japanska-forsta-nyanser-i-fargbeskrivningar\/","name":"\u9ed2 vs \u9ed2\u3044 - Svart p\u00e5 japanska: F\u00f6rst\u00e5 nyanser i f\u00e4rgbeskrivningar - Talkpal","isPartOf":{"@id":"https:\/\/talkpal.ai\/sv\/#website"},"primaryImageOfPage":{"@id":"https:\/\/talkpal.ai\/sv\/vocabulary\/%e9%bb%92-vs-%e9%bb%92%e3%81%84-svart-pa-japanska-forsta-nyanser-i-fargbeskrivningar\/#primaryimage"},"image":{"@id":"https:\/\/talkpal.ai\/sv\/vocabulary\/%e9%bb%92-vs-%e9%bb%92%e3%81%84-svart-pa-japanska-forsta-nyanser-i-fargbeskrivningar\/#primaryimage"},"thumbnailUrl":"https:\/\/talkpal.ai\/wp-content\/uploads\/2025\/12\/dialogue-is-shared-learning-languages.webp","datePublished":"2024-05-14T22:43:58+00:00","description":"Att l\u00e4ra sig beskriva f\u00e4rger p\u00e5 japanska kan verka som en enkel uppgift, men det finns subtila nyanser som kan g\u00f6ra det komplicerat. I det japanska","breadcrumb":{"@id":"https:\/\/talkpal.ai\/sv\/vocabulary\/%e9%bb%92-vs-%e9%bb%92%e3%81%84-svart-pa-japanska-forsta-nyanser-i-fargbeskrivningar\/#breadcrumb"},"inLanguage":"sv-SE","potentialAction":[{"@type":"ReadAction","target":["https:\/\/talkpal.ai\/sv\/vocabulary\/%e9%bb%92-vs-%e9%bb%92%e3%81%84-svart-pa-japanska-forsta-nyanser-i-fargbeskrivningar\/"]}]},{"@type":"ImageObject","inLanguage":"sv-SE","@id":"https:\/\/talkpal.ai\/sv\/vocabulary\/%e9%bb%92-vs-%e9%bb%92%e3%81%84-svart-pa-japanska-forsta-nyanser-i-fargbeskrivningar\/#primaryimage","url":"https:\/\/talkpal.ai\/wp-content\/uploads\/2025\/12\/dialogue-is-shared-learning-languages.webp","contentUrl":"https:\/\/talkpal.ai\/wp-content\/uploads\/2025\/12\/dialogue-is-shared-learning-languages.webp","width":1200,"height":896,"caption":"A group conversation is shared by three students at a laptop while learning languages."},{"@type":"BreadcrumbList","@id":"https:\/\/talkpal.ai\/sv\/vocabulary\/%e9%bb%92-vs-%e9%bb%92%e3%81%84-svart-pa-japanska-forsta-nyanser-i-fargbeskrivningar\/#breadcrumb","itemListElement":[{"@type":"ListItem","position":1,"name":"Homepage","item":"https:\/\/talkpal.ai\/sv\/"},{"@type":"ListItem","position":2,"name":"\u9ed2 vs \u9ed2\u3044 &#8211; Svart p\u00e5 japanska: F\u00f6rst\u00e5 nyanser i f\u00e4rgbeskrivningar"}]},{"@type":"WebSite","@id":"https:\/\/talkpal.ai\/sv\/#website","url":"https:\/\/talkpal.ai\/sv\/","name":"Talkpal","description":"AI Language Learning","publisher":{"@id":"https:\/\/talkpal.ai\/sv\/#organization"},"alternateName":"Talkpal AI","potentialAction":[{"@type":"SearchAction","target":{"@type":"EntryPoint","urlTemplate":"https:\/\/talkpal.ai\/sv\/?s={search_term_string}"},"query-input":{"@type":"PropertyValueSpecification","valueRequired":true,"valueName":"search_term_string"}}],"inLanguage":"sv-SE"},{"@type":"Organization","@id":"https:\/\/talkpal.ai\/sv\/#organization","name":"Talkpal, Inc.","alternateName":"Talkpal AI","url":"https:\/\/talkpal.ai\/sv\/","logo":{"@type":"ImageObject","inLanguage":"sv-SE","@id":"https:\/\/talkpal.ai\/sv\/#\/schema\/logo\/image\/","url":"https:\/\/talkpal.ai\/wp-content\/uploads\/2024\/03\/Talkpal-Logo-Icon.png","contentUrl":"https:\/\/talkpal.ai\/wp-content\/uploads\/2024\/03\/Talkpal-Logo-Icon.png","width":2880,"height":2880,"caption":"Talkpal, Inc."},"image":{"@id":"https:\/\/talkpal.ai\/sv\/#\/schema\/logo\/image\/"},"sameAs":["https:\/\/www.facebook.com\/profile.php?id=100090733639311","https:\/\/x.com\/talkpalai","https:\/\/www.linkedin.com\/company\/talkpal\/","https:\/\/www.youtube.com\/@TalkPal\/","https:\/\/www.tiktok.com\/@talkpal","https:\/\/www.instagram.com\/talkpal_ai\/","https:\/\/www.crunchbase.com\/organization\/talkpal-9cde","https:\/\/www.g2.com\/products\/talkpal-for-business\/","https:\/\/www.trustpilot.com\/review\/talkpal.ai","https:\/\/www.capterra.com\/p\/10006800\/TalkPal\/"],"description":"Talkpal is a language learning web and mobile education app, powered by the latest AI technologies, that provides engaging experiences to its customers in many different languages to help them improve their language skills. Users can chat about unlimited amount of topics with the app and use other modes to practice their language learning.","email":"support@talkpal.ai","legalName":"Talkpal, Inc.","foundingDate":"2023-04-03","duns":"118989042","numberOfEmployees":{"@type":"QuantitativeValue","minValue":"11","maxValue":"50"},"publishingPrinciples":"https:\/\/talkpal.ai\/publishing-principles\/","actionableFeedbackPolicy":"https:\/\/talkpal.ai\/actionable-feedback-policy\/","correctionsPolicy":"https:\/\/talkpal.ai\/corrections-policy\/","ethicsPolicy":"https:\/\/talkpal.ai\/ethics-policy\/","diversityPolicy":"https:\/\/talkpal.ai\/diversity-policy\/","diversityStaffingReport":"https:\/\/talkpal.ai\/diversity-policy\/"}]}},"_links":{"self":[{"href":"https:\/\/talkpal.ai\/sv\/wp-json\/wp\/v2\/vocabulary\/305789","targetHints":{"allow":["GET"]}}],"collection":[{"href":"https:\/\/talkpal.ai\/sv\/wp-json\/wp\/v2\/vocabulary"}],"about":[{"href":"https:\/\/talkpal.ai\/sv\/wp-json\/wp\/v2\/types\/vocabulary"}],"wp:featuredmedia":[{"embeddable":true,"href":"https:\/\/talkpal.ai\/sv\/wp-json\/wp\/v2\/media\/1527632"}],"wp:attachment":[{"href":"https:\/\/talkpal.ai\/sv\/wp-json\/wp\/v2\/media?parent=305789"}],"wp:term":[{"taxonomy":"vocabulary_language","embeddable":true,"href":"https:\/\/talkpal.ai\/sv\/wp-json\/wp\/v2\/vocabulary_language?post=305789"}],"curies":[{"name":"wp","href":"https:\/\/api.w.org\/{rel}","templated":true}]}}