{"id":305779,"date":"2024-05-14T22:42:41","date_gmt":"2024-05-14T22:42:41","guid":{"rendered":"https:\/\/talkpal.ai\/vocabulary\/%e5%85%88-vs-%e5%89%8d-fore-pa-japanska-temporal-vs-spatial-nyance\/"},"modified":"2024-05-14T22:42:41","modified_gmt":"2024-05-14T22:42:41","slug":"%e5%85%88-vs-%e5%89%8d-fore-pa-japanska-temporal-vs-spatial-nyance","status":"publish","type":"vocabulary","link":"https:\/\/talkpal.ai\/sv\/vocabulary\/%e5%85%88-vs-%e5%89%8d-fore-pa-japanska-temporal-vs-spatial-nyance\/","title":{"rendered":"\u5148 vs \u524d &#8211; F\u00f6re p\u00e5 japanska: Temporal vs Spatial Nyance"},"content":{"rendered":"<p>I <a href=\"https:\/\/talkpal.ai\/no\/laer-japansk\/\">japansk grammatik<\/a> \u00e4r det ofta skillnad p\u00e5 hur man uttrycker tid och rum, \u00e4ven n\u00e4r orden vid f\u00f6rsta anblicken verkar ha liknande betydelser. Tv\u00e5 s\u00e5dana ord \u00e4r <b>\u5148 (saki)<\/b> och <b>\u524d (mae)<\/b>. Dessa ord kan f\u00f6rvirra nya spr\u00e5kl\u00e4rande n\u00e4r de ska anv\u00e4ndas i olika sammanhang. I <a href=\"https:\/\/talkpal.ai\/culture\/how-do-i-use-den-har-and-det-har\/\">den h\u00e4r<\/a> artikeln ska vi utforska dessa tv\u00e5 ord, deras anv\u00e4ndningsomr\u00e5den och de nyanser de b\u00e4r p\u00e5 i <a href=\"https:\/\/talkpal.ai\/learn-japanese\/\">japanska<\/a>.<\/p>\n<h3>Grundl\u00e4ggande betydelser och anv\u00e4ndning<\/h3>\n<p><b>\u524d (mae)<\/b> betyder fr\u00e4mst &#8217;f\u00f6re&#8217; eller &#8217;framf\u00f6r&#8217; och anv\u00e4nds b\u00e5de i tidsliga och rumsliga sammanhang. Det syftar p\u00e5 n\u00e5got som \u00e4r framf\u00f6r i rummet eller tidigare i tiden. <\/p>\n<p><b>\u5148 (saki)<\/b>, \u00e5 <a href=\"https:\/\/talkpal.ai\/culture\/what-does-a-andra-sidan-mean\/\">andra sidan<\/a>, anv\u00e4nds vanligtvis f\u00f6r att referera till n\u00e5got som har h\u00e4nt tidigare eller n\u00e5got som \u00e4r l\u00e4ngre fram i en sekvens eller ett riktning.<\/p>\n<h3>Tidslig anv\u00e4ndning av \u524d (mae)<\/h3>\n<p>N\u00e4r <b>\u524d (mae)<\/b> anv\u00e4nds f\u00f6r att <a href=\"https:\/\/talkpal.ai\/locations\/language-courses-in-prata\/\">prata<\/a> om tidsaspekter, placerar det en h\u00e4ndelse f\u00f6re en annan i tiden. Det kan \u00f6vers\u00e4ttas till &#8217;innan&#8217; eller &#8217;f\u00f6re&#8217;.<\/p>\n<p>\u98df\u4e8b\u306e<b>\u524d<\/b>\u306b\u624b\u3092\u6d17\u3044\u307e\u3059\u3002<br \/>\n(Shokuji no <b>mae<\/b> ni te wo araimasu.)<br \/>\n&#8221;Jag tv\u00e4ttar h\u00e4nderna innan m\u00e5ltiden.&#8221;<\/p>\n<p>\u3053\u306e\u6620\u753b\u3092\u898b\u308b<b>\u524d<\/b>\u306b\u3001\u30c1\u30b1\u30c3\u30c8\u3092\u8cb7\u308f\u306a\u3051\u308c\u3070\u306a\u308a\u307e\u305b\u3093\u3002<br \/>\n(Kono eiga wo miru <b>mae<\/b> ni, chiketto wo kawanakereba narimasen.)<br \/>\n&#8221;Jag m\u00e5ste k\u00f6pa biljetter innan jag ser denna film.&#8221;<\/p>\n<h3>Tidslig anv\u00e4ndning av \u5148 (saki)<\/h3>\n<p><b>\u5148 (saki)<\/b> anv\u00e4nds ofta i situationer d\u00e4r n\u00e5got har skett tidigare, men med en nyans av att det har en fortsatt relevans eller inverkan p\u00e5 nuet eller framtiden.<\/p>\n<p>\u5f7c\u306f\u4e00\u9031\u9593<b>\u5148<\/b>\u306b\u65e5\u672c\u3078\u884c\u304d\u307e\u3059\u3002<br \/>\n(Kare wa isshuukan <b>saki<\/b> ni Nihon e ikimasu.)<br \/>\n&#8221;Han \u00e5ker till <a href=\"https:\/\/talkpal.ai\/locations\/language-courses-in-japan\/\">Japan<\/a> om en vecka.&#8221;<\/p>\n<p>\u5148\u9031\u3001\u7f8e\u8853\u9928\u306b\u884c\u304d\u307e\u3057\u305f\u3002<br \/>\n(Senshuu, bijutsukan ni ikimashita.)<br \/>\n&#8221;Jag gick till museet f\u00f6rra veckan.&#8221;<\/p>\n<h3>Rumslig anv\u00e4ndning av \u524d (mae)<\/h3>\n<p>I rumsliga sammanhang pekar <b>\u524d (mae)<\/b> p\u00e5 en fysisk position framf\u00f6r n\u00e5got.<\/p>\n<p>\u8eca\u306e<b>\u524d<\/b>\u306b\u7acb\u3063\u3066\u304f\u3060\u3055\u3044\u3002<br \/>\n(Kuruma no <b>mae<\/b> ni tatte kudasai.)<br \/>\n&#8221;St\u00e5 framf\u00f6r bilen.&#8221;<\/p>\n<p>\u5f7c\u306f\u6559\u5ba4\u306e<b>\u524d<\/b>\u3067\u53cb\u9054\u3068\u8a71\u3057\u3066\u3044\u307e\u3059\u3002<br \/>\n(Kare wa kyoushitsu no <b>mae<\/b> de tomodachi to hanashite imasu.)<br \/>\n&#8221;Han pratar med en v\u00e4n framf\u00f6r klassrummet.&#8221;<\/p>\n<h3>Rumslig anv\u00e4ndning av \u5148 (saki)<\/h3>\n<p>N\u00e4r det kommer till rumsliga referenser, anv\u00e4nds <b>\u5148 (saki)<\/b> f\u00f6r att beskriva n\u00e5got som \u00e4r l\u00e4ngre bort i en viss riktning eller sekvens.<\/p>\n<p>\u9053\u306e<b>\u5148<\/b>\u306b\u516c\u5712\u304c\u3042\u308a\u307e\u3059\u3002<br \/>\n(Michi no <b>saki<\/b> ni kouen ga arimasu.)<br \/>\n&#8221;Det finns en park l\u00e4ngre fram l\u00e4ngs v\u00e4gen.&#8221;<\/p>\n<p>\u3053\u306e\u901a\u308a\u3092\u307e\u3063\u3059\u3050\u884c\u304f\u3068\u3001\u90f5\u4fbf\u5c40\u304c<b>\u5148<\/b>\u306b\u898b\u3048\u307e\u3059\u3002<br \/>\n(Kono toori wo massugu iku to, yuubinkyoku ga <b>saki<\/b> ni miemasu.)<br \/>\n&#8221;Om du forts\u00e4tter rakt p\u00e5 denna gata kommer du att se postkontoret l\u00e4ngre fram.&#8221;<\/p>\n<h3>Slutsats<\/h3>\n<p>Att f\u00f6rst\u00e5 nyanserna mellan <b>\u5148 (saki)<\/b> och <b>\u524d (mae)<\/b> kan verka utmanande, men det \u00e4r avg\u00f6rande f\u00f6r att korrekt kunna uttrycka b\u00e5de tid och rum p\u00e5 japanska. Genom att exempel och regelbunden \u00f6vning kan man f\u00e5 en djupare f\u00f6rst\u00e5else f\u00f6r dessa ord och hur de anv\u00e4nds i olika sammanhang. \u00d6vning g\u00f6r m\u00e4stare, och med tiden blir dessa subtila nyanser en naturlig del av ditt japanska spr\u00e5kbruk.<\/p>\n","protected":false},"featured_media":1527955,"template":"","vocabulary_language":[3487],"class_list":["post-305779","vocabulary","type-vocabulary","status-publish","has-post-thumbnail","hentry","vocabulary_language-japanska"],"acf":[],"yoast_head":"<!-- This site is optimized with the Yoast SEO Premium plugin v27.2 (Yoast SEO v27.2) - https:\/\/yoast.com\/product\/yoast-seo-premium-wordpress\/ -->\n<title>\u5148 vs \u524d - F\u00f6re p\u00e5 japanska: Temporal vs Spatial Nyance - Talkpal<\/title>\n<meta name=\"description\" content=\"I japansk grammatik \u00e4r det ofta skillnad p\u00e5 hur man uttrycker tid och rum, \u00e4ven n\u00e4r orden vid f\u00f6rsta anblicken verkar ha liknande betydelser. Tv\u00e5 s\u00e5dana\" \/>\n<meta name=\"robots\" content=\"index, follow, max-snippet:-1, max-image-preview:large, max-video-preview:-1\" \/>\n<link rel=\"canonical\" href=\"https:\/\/talkpal.ai\/sv\/vocabulary\/%e5%85%88-vs-%e5%89%8d-fore-pa-japanska-temporal-vs-spatial-nyance\/\" \/>\n<meta property=\"og:locale\" content=\"sv_SE\" \/>\n<meta property=\"og:type\" content=\"article\" \/>\n<meta property=\"og:title\" content=\"\u5148 vs \u524d - F\u00f6re p\u00e5 japanska: Temporal vs Spatial Nyance\" \/>\n<meta property=\"og:description\" content=\"I japansk grammatik \u00e4r det ofta skillnad p\u00e5 hur man uttrycker tid och rum, \u00e4ven n\u00e4r orden vid f\u00f6rsta anblicken verkar ha liknande betydelser. Tv\u00e5 s\u00e5dana\" \/>\n<meta property=\"og:url\" content=\"https:\/\/talkpal.ai\/sv\/vocabulary\/%e5%85%88-vs-%e5%89%8d-fore-pa-japanska-temporal-vs-spatial-nyance\/\" \/>\n<meta property=\"og:site_name\" content=\"Talkpal\" \/>\n<meta property=\"article:publisher\" content=\"https:\/\/www.facebook.com\/profile.php?id=100090733639311\" \/>\n<meta property=\"og:image\" content=\"https:\/\/talkpal.ai\/wp-content\/uploads\/2024\/10\/talkpal_flat_illustration_of_a_employees_working_together_happi_c674ff77-e477-4e09-835a-01d30e561e99.png\" \/>\n\t<meta property=\"og:image:width\" content=\"1024\" \/>\n\t<meta property=\"og:image:height\" content=\"1024\" \/>\n\t<meta property=\"og:image:type\" content=\"image\/png\" \/>\n<meta name=\"twitter:card\" content=\"summary_large_image\" \/>\n<meta name=\"twitter:site\" content=\"@talkpalai\" \/>\n<meta name=\"twitter:label1\" content=\"Ber\u00e4knad l\u00e4stid\" \/>\n\t<meta name=\"twitter:data1\" content=\"2 minuter\" \/>\n<script type=\"application\/ld+json\" class=\"yoast-schema-graph\">{\"@context\":\"https:\/\/schema.org\",\"@graph\":[{\"@type\":\"WebPage\",\"@id\":\"https:\/\/talkpal.ai\/sv\/vocabulary\/%e5%85%88-vs-%e5%89%8d-fore-pa-japanska-temporal-vs-spatial-nyance\/\",\"url\":\"https:\/\/talkpal.ai\/sv\/vocabulary\/%e5%85%88-vs-%e5%89%8d-fore-pa-japanska-temporal-vs-spatial-nyance\/\",\"name\":\"\u5148 vs \u524d - F\u00f6re p\u00e5 japanska: Temporal vs Spatial Nyance - Talkpal\",\"isPartOf\":{\"@id\":\"https:\/\/talkpal.ai\/sv\/#website\"},\"primaryImageOfPage\":{\"@id\":\"https:\/\/talkpal.ai\/sv\/vocabulary\/%e5%85%88-vs-%e5%89%8d-fore-pa-japanska-temporal-vs-spatial-nyance\/#primaryimage\"},\"image\":{\"@id\":\"https:\/\/talkpal.ai\/sv\/vocabulary\/%e5%85%88-vs-%e5%89%8d-fore-pa-japanska-temporal-vs-spatial-nyance\/#primaryimage\"},\"thumbnailUrl\":\"https:\/\/talkpal.ai\/wp-content\/uploads\/2025\/12\/students-read-on-sofa-learning-languages.webp\",\"datePublished\":\"2024-05-14T22:42:41+00:00\",\"description\":\"I japansk grammatik \u00e4r det ofta skillnad p\u00e5 hur man uttrycker tid och rum, \u00e4ven n\u00e4r orden vid f\u00f6rsta anblicken verkar ha liknande betydelser. Tv\u00e5 s\u00e5dana\",\"breadcrumb\":{\"@id\":\"https:\/\/talkpal.ai\/sv\/vocabulary\/%e5%85%88-vs-%e5%89%8d-fore-pa-japanska-temporal-vs-spatial-nyance\/#breadcrumb\"},\"inLanguage\":\"sv-SE\",\"potentialAction\":[{\"@type\":\"ReadAction\",\"target\":[\"https:\/\/talkpal.ai\/sv\/vocabulary\/%e5%85%88-vs-%e5%89%8d-fore-pa-japanska-temporal-vs-spatial-nyance\/\"]}]},{\"@type\":\"ImageObject\",\"inLanguage\":\"sv-SE\",\"@id\":\"https:\/\/talkpal.ai\/sv\/vocabulary\/%e5%85%88-vs-%e5%89%8d-fore-pa-japanska-temporal-vs-spatial-nyance\/#primaryimage\",\"url\":\"https:\/\/talkpal.ai\/wp-content\/uploads\/2025\/12\/students-read-on-sofa-learning-languages.webp\",\"contentUrl\":\"https:\/\/talkpal.ai\/wp-content\/uploads\/2025\/12\/students-read-on-sofa-learning-languages.webp\",\"width\":1200,\"height\":896,\"caption\":\"Three students sit on a sofa reading books while learning languages at home.\"},{\"@type\":\"BreadcrumbList\",\"@id\":\"https:\/\/talkpal.ai\/sv\/vocabulary\/%e5%85%88-vs-%e5%89%8d-fore-pa-japanska-temporal-vs-spatial-nyance\/#breadcrumb\",\"itemListElement\":[{\"@type\":\"ListItem\",\"position\":1,\"name\":\"Homepage\",\"item\":\"https:\/\/talkpal.ai\/sv\/\"},{\"@type\":\"ListItem\",\"position\":2,\"name\":\"\u5148 vs \u524d &#8211; F\u00f6re p\u00e5 japanska: Temporal vs Spatial Nyance\"}]},{\"@type\":\"WebSite\",\"@id\":\"https:\/\/talkpal.ai\/sv\/#website\",\"url\":\"https:\/\/talkpal.ai\/sv\/\",\"name\":\"Talkpal\",\"description\":\"AI Language Learning\",\"publisher\":{\"@id\":\"https:\/\/talkpal.ai\/sv\/#organization\"},\"alternateName\":\"Talkpal AI\",\"potentialAction\":[{\"@type\":\"SearchAction\",\"target\":{\"@type\":\"EntryPoint\",\"urlTemplate\":\"https:\/\/talkpal.ai\/sv\/?s={search_term_string}\"},\"query-input\":{\"@type\":\"PropertyValueSpecification\",\"valueRequired\":true,\"valueName\":\"search_term_string\"}}],\"inLanguage\":\"sv-SE\"},{\"@type\":\"Organization\",\"@id\":\"https:\/\/talkpal.ai\/sv\/#organization\",\"name\":\"Talkpal, Inc.\",\"alternateName\":\"Talkpal AI\",\"url\":\"https:\/\/talkpal.ai\/sv\/\",\"logo\":{\"@type\":\"ImageObject\",\"inLanguage\":\"sv-SE\",\"@id\":\"https:\/\/talkpal.ai\/sv\/#\/schema\/logo\/image\/\",\"url\":\"https:\/\/talkpal.ai\/wp-content\/uploads\/2024\/03\/Talkpal-Logo-Icon.png\",\"contentUrl\":\"https:\/\/talkpal.ai\/wp-content\/uploads\/2024\/03\/Talkpal-Logo-Icon.png\",\"width\":2880,\"height\":2880,\"caption\":\"Talkpal, Inc.\"},\"image\":{\"@id\":\"https:\/\/talkpal.ai\/sv\/#\/schema\/logo\/image\/\"},\"sameAs\":[\"https:\/\/www.facebook.com\/profile.php?id=100090733639311\",\"https:\/\/x.com\/talkpalai\",\"https:\/\/www.linkedin.com\/company\/talkpal\/\",\"https:\/\/www.youtube.com\/@TalkPal\/\",\"https:\/\/www.tiktok.com\/@talkpal\",\"https:\/\/www.instagram.com\/talkpal_ai\/\",\"https:\/\/www.crunchbase.com\/organization\/talkpal-9cde\",\"https:\/\/www.g2.com\/products\/talkpal-for-business\/\",\"https:\/\/www.trustpilot.com\/review\/talkpal.ai\",\"https:\/\/www.capterra.com\/p\/10006800\/TalkPal\/\"],\"description\":\"Talkpal is a language learning web and mobile education app, powered by the latest AI technologies, that provides engaging experiences to its customers in many different languages to help them improve their language skills. Users can chat about unlimited amount of topics with the app and use other modes to practice their language learning.\",\"email\":\"support@talkpal.ai\",\"legalName\":\"Talkpal, Inc.\",\"foundingDate\":\"2023-04-03\",\"duns\":\"118989042\",\"numberOfEmployees\":{\"@type\":\"QuantitativeValue\",\"minValue\":\"11\",\"maxValue\":\"50\"},\"publishingPrinciples\":\"https:\/\/talkpal.ai\/publishing-principles\/\",\"actionableFeedbackPolicy\":\"https:\/\/talkpal.ai\/actionable-feedback-policy\/\",\"correctionsPolicy\":\"https:\/\/talkpal.ai\/corrections-policy\/\",\"ethicsPolicy\":\"https:\/\/talkpal.ai\/ethics-policy\/\",\"diversityPolicy\":\"https:\/\/talkpal.ai\/diversity-policy\/\",\"diversityStaffingReport\":\"https:\/\/talkpal.ai\/diversity-policy\/\"}]}<\/script>\n<!-- \/ Yoast SEO Premium plugin. -->","yoast_head_json":{"title":"\u5148 vs \u524d - F\u00f6re p\u00e5 japanska: Temporal vs Spatial Nyance - Talkpal","description":"I japansk grammatik \u00e4r det ofta skillnad p\u00e5 hur man uttrycker tid och rum, \u00e4ven n\u00e4r orden vid f\u00f6rsta anblicken verkar ha liknande betydelser. Tv\u00e5 s\u00e5dana","robots":{"index":"index","follow":"follow","max-snippet":"max-snippet:-1","max-image-preview":"max-image-preview:large","max-video-preview":"max-video-preview:-1"},"canonical":"https:\/\/talkpal.ai\/sv\/vocabulary\/%e5%85%88-vs-%e5%89%8d-fore-pa-japanska-temporal-vs-spatial-nyance\/","og_locale":"sv_SE","og_type":"article","og_title":"\u5148 vs \u524d - F\u00f6re p\u00e5 japanska: Temporal vs Spatial Nyance","og_description":"I japansk grammatik \u00e4r det ofta skillnad p\u00e5 hur man uttrycker tid och rum, \u00e4ven n\u00e4r orden vid f\u00f6rsta anblicken verkar ha liknande betydelser. Tv\u00e5 s\u00e5dana","og_url":"https:\/\/talkpal.ai\/sv\/vocabulary\/%e5%85%88-vs-%e5%89%8d-fore-pa-japanska-temporal-vs-spatial-nyance\/","og_site_name":"Talkpal","article_publisher":"https:\/\/www.facebook.com\/profile.php?id=100090733639311","og_image":[{"width":1024,"height":1024,"url":"https:\/\/talkpal.ai\/wp-content\/uploads\/2024\/10\/talkpal_flat_illustration_of_a_employees_working_together_happi_c674ff77-e477-4e09-835a-01d30e561e99.png","type":"image\/png"}],"twitter_card":"summary_large_image","twitter_site":"@talkpalai","twitter_misc":{"Ber\u00e4knad l\u00e4stid":"2 minuter"},"schema":{"@context":"https:\/\/schema.org","@graph":[{"@type":"WebPage","@id":"https:\/\/talkpal.ai\/sv\/vocabulary\/%e5%85%88-vs-%e5%89%8d-fore-pa-japanska-temporal-vs-spatial-nyance\/","url":"https:\/\/talkpal.ai\/sv\/vocabulary\/%e5%85%88-vs-%e5%89%8d-fore-pa-japanska-temporal-vs-spatial-nyance\/","name":"\u5148 vs \u524d - F\u00f6re p\u00e5 japanska: Temporal vs Spatial Nyance - Talkpal","isPartOf":{"@id":"https:\/\/talkpal.ai\/sv\/#website"},"primaryImageOfPage":{"@id":"https:\/\/talkpal.ai\/sv\/vocabulary\/%e5%85%88-vs-%e5%89%8d-fore-pa-japanska-temporal-vs-spatial-nyance\/#primaryimage"},"image":{"@id":"https:\/\/talkpal.ai\/sv\/vocabulary\/%e5%85%88-vs-%e5%89%8d-fore-pa-japanska-temporal-vs-spatial-nyance\/#primaryimage"},"thumbnailUrl":"https:\/\/talkpal.ai\/wp-content\/uploads\/2025\/12\/students-read-on-sofa-learning-languages.webp","datePublished":"2024-05-14T22:42:41+00:00","description":"I japansk grammatik \u00e4r det ofta skillnad p\u00e5 hur man uttrycker tid och rum, \u00e4ven n\u00e4r orden vid f\u00f6rsta anblicken verkar ha liknande betydelser. Tv\u00e5 s\u00e5dana","breadcrumb":{"@id":"https:\/\/talkpal.ai\/sv\/vocabulary\/%e5%85%88-vs-%e5%89%8d-fore-pa-japanska-temporal-vs-spatial-nyance\/#breadcrumb"},"inLanguage":"sv-SE","potentialAction":[{"@type":"ReadAction","target":["https:\/\/talkpal.ai\/sv\/vocabulary\/%e5%85%88-vs-%e5%89%8d-fore-pa-japanska-temporal-vs-spatial-nyance\/"]}]},{"@type":"ImageObject","inLanguage":"sv-SE","@id":"https:\/\/talkpal.ai\/sv\/vocabulary\/%e5%85%88-vs-%e5%89%8d-fore-pa-japanska-temporal-vs-spatial-nyance\/#primaryimage","url":"https:\/\/talkpal.ai\/wp-content\/uploads\/2025\/12\/students-read-on-sofa-learning-languages.webp","contentUrl":"https:\/\/talkpal.ai\/wp-content\/uploads\/2025\/12\/students-read-on-sofa-learning-languages.webp","width":1200,"height":896,"caption":"Three students sit on a sofa reading books while learning languages at home."},{"@type":"BreadcrumbList","@id":"https:\/\/talkpal.ai\/sv\/vocabulary\/%e5%85%88-vs-%e5%89%8d-fore-pa-japanska-temporal-vs-spatial-nyance\/#breadcrumb","itemListElement":[{"@type":"ListItem","position":1,"name":"Homepage","item":"https:\/\/talkpal.ai\/sv\/"},{"@type":"ListItem","position":2,"name":"\u5148 vs \u524d &#8211; F\u00f6re p\u00e5 japanska: Temporal vs Spatial Nyance"}]},{"@type":"WebSite","@id":"https:\/\/talkpal.ai\/sv\/#website","url":"https:\/\/talkpal.ai\/sv\/","name":"Talkpal","description":"AI Language Learning","publisher":{"@id":"https:\/\/talkpal.ai\/sv\/#organization"},"alternateName":"Talkpal AI","potentialAction":[{"@type":"SearchAction","target":{"@type":"EntryPoint","urlTemplate":"https:\/\/talkpal.ai\/sv\/?s={search_term_string}"},"query-input":{"@type":"PropertyValueSpecification","valueRequired":true,"valueName":"search_term_string"}}],"inLanguage":"sv-SE"},{"@type":"Organization","@id":"https:\/\/talkpal.ai\/sv\/#organization","name":"Talkpal, Inc.","alternateName":"Talkpal AI","url":"https:\/\/talkpal.ai\/sv\/","logo":{"@type":"ImageObject","inLanguage":"sv-SE","@id":"https:\/\/talkpal.ai\/sv\/#\/schema\/logo\/image\/","url":"https:\/\/talkpal.ai\/wp-content\/uploads\/2024\/03\/Talkpal-Logo-Icon.png","contentUrl":"https:\/\/talkpal.ai\/wp-content\/uploads\/2024\/03\/Talkpal-Logo-Icon.png","width":2880,"height":2880,"caption":"Talkpal, Inc."},"image":{"@id":"https:\/\/talkpal.ai\/sv\/#\/schema\/logo\/image\/"},"sameAs":["https:\/\/www.facebook.com\/profile.php?id=100090733639311","https:\/\/x.com\/talkpalai","https:\/\/www.linkedin.com\/company\/talkpal\/","https:\/\/www.youtube.com\/@TalkPal\/","https:\/\/www.tiktok.com\/@talkpal","https:\/\/www.instagram.com\/talkpal_ai\/","https:\/\/www.crunchbase.com\/organization\/talkpal-9cde","https:\/\/www.g2.com\/products\/talkpal-for-business\/","https:\/\/www.trustpilot.com\/review\/talkpal.ai","https:\/\/www.capterra.com\/p\/10006800\/TalkPal\/"],"description":"Talkpal is a language learning web and mobile education app, powered by the latest AI technologies, that provides engaging experiences to its customers in many different languages to help them improve their language skills. Users can chat about unlimited amount of topics with the app and use other modes to practice their language learning.","email":"support@talkpal.ai","legalName":"Talkpal, Inc.","foundingDate":"2023-04-03","duns":"118989042","numberOfEmployees":{"@type":"QuantitativeValue","minValue":"11","maxValue":"50"},"publishingPrinciples":"https:\/\/talkpal.ai\/publishing-principles\/","actionableFeedbackPolicy":"https:\/\/talkpal.ai\/actionable-feedback-policy\/","correctionsPolicy":"https:\/\/talkpal.ai\/corrections-policy\/","ethicsPolicy":"https:\/\/talkpal.ai\/ethics-policy\/","diversityPolicy":"https:\/\/talkpal.ai\/diversity-policy\/","diversityStaffingReport":"https:\/\/talkpal.ai\/diversity-policy\/"}]}},"_links":{"self":[{"href":"https:\/\/talkpal.ai\/sv\/wp-json\/wp\/v2\/vocabulary\/305779","targetHints":{"allow":["GET"]}}],"collection":[{"href":"https:\/\/talkpal.ai\/sv\/wp-json\/wp\/v2\/vocabulary"}],"about":[{"href":"https:\/\/talkpal.ai\/sv\/wp-json\/wp\/v2\/types\/vocabulary"}],"wp:featuredmedia":[{"embeddable":true,"href":"https:\/\/talkpal.ai\/sv\/wp-json\/wp\/v2\/media\/1527955"}],"wp:attachment":[{"href":"https:\/\/talkpal.ai\/sv\/wp-json\/wp\/v2\/media?parent=305779"}],"wp:term":[{"taxonomy":"vocabulary_language","embeddable":true,"href":"https:\/\/talkpal.ai\/sv\/wp-json\/wp\/v2\/vocabulary_language?post=305779"}],"curies":[{"name":"wp","href":"https:\/\/api.w.org\/{rel}","templated":true}]}}