{"id":305521,"date":"2024-05-14T22:12:26","date_gmt":"2024-05-14T22:12:26","guid":{"rendered":"https:\/\/talkpal.ai\/vocabulary\/%d8%b5%d8%af%d9%8a%d9%82-sadiq-vs-%d8%a3%d8%b5%d8%af%d9%82%d8%a7%d8%a1-asdiqa-van-och-vanner-pa-arabiska-individuell-vs-kollektiv\/"},"modified":"2024-05-14T22:12:26","modified_gmt":"2024-05-14T22:12:26","slug":"%d8%b5%d8%af%d9%8a%d9%82-sadiq-vs-%d8%a3%d8%b5%d8%af%d9%82%d8%a7%d8%a1-asdiqa-van-och-vanner-pa-arabiska-individuell-vs-kollektiv","status":"publish","type":"vocabulary","link":"https:\/\/talkpal.ai\/sv\/vocabulary\/%d8%b5%d8%af%d9%8a%d9%82-sadiq-vs-%d8%a3%d8%b5%d8%af%d9%82%d8%a7%d8%a1-asdiqa-van-och-vanner-pa-arabiska-individuell-vs-kollektiv\/","title":{"rendered":"\u0635\u062f\u064a\u0642 (Sadiq) vs \u0623\u0635\u062f\u0642\u0627\u0621 (Asdiqa&#8217;) &#8211; V\u00e4n och v\u00e4nner p\u00e5 arabiska: Individuell vs kollektiv"},"content":{"rendered":"<p>Arabiskan \u00e4r ett spr\u00e5k som \u00e4r rikt p\u00e5 kulturella nyanser och grammatiska strukturer, vilket g\u00f6r det sp\u00e4nnande men ocks\u00e5 utmanande att l\u00e4ra sig. Ett intressant exempel p\u00e5 detta \u00e4r hur arabiskan hanterar begreppen om enskilda personer j\u00e4mf\u00f6rt med grupper av m\u00e4nniskor, vilket kan ses i orden f\u00f6r &#8221;v\u00e4n&#8221; och &#8221;v\u00e4nner&#8221;. I det h\u00e4r fallet <b>\u0635\u062f\u064a\u0642 (Sadiq)<\/b> som betyder &#8221;v\u00e4n&#8221; och <b>\u0623\u0635\u062f\u0642\u0627\u0621 (Asdiqa&#8217;)<\/b> som betyder &#8221;v\u00e4nner&#8221;.<\/p>\n<h3>Grundl\u00e4ggande Grammatik<\/h3>\n<p>I arabiskan \u00e4r substantiv och adjektiv alltid antingen singular, dual eller plural. Singularformen anv\u00e4nds n\u00e4r man talar om en person, dualformen f\u00f6r tv\u00e5 personer och plural f\u00f6r flera personer. Det \u00e4r viktigt att notera att plural kan vara b\u00e5de maskulin och feminin.<\/p>\n<p><b>\u0635\u062f\u064a\u0642<\/b> \u00e4r singular maskulin form av &#8221;v\u00e4n&#8221;, medan <b>\u0623\u0635\u062f\u0642\u0627\u0621<\/b> \u00e4r plural maskulin form av &#8221;v\u00e4nner&#8221;. Dessa ord kan modifieras ytterligare f\u00f6r att matcha genus och antal av personer man refererar till.<\/p>\n<h3>Anv\u00e4ndning i meningar<\/h3>\n<p>\u0644\u062f\u064a \u0635\u062f\u064a\u0642 \u064a\u0639\u064a\u0634 \u0641\u064a \u0627\u0644\u0633\u0648\u064a\u062f.<br \/>\n&#8221;Jag har en v\u00e4n som <a href=\"https:\/\/talkpal.ai\/locations\/language-courses-in-bor\/\">bor<\/a> i Sverige.&#8221;<\/p>\n<p>\u0647\u0630\u0627 \u0635\u062f\u064a\u0642\u064a\u060c \u062c\u0648\u0631\u062c.<br \/>\n&#8221;Det h\u00e4r \u00e4r min v\u00e4n, <a href=\"https:\/\/talkpal.ai\/locations\/language-courses-in-george\/\">George<\/a>.&#8221;<\/p>\n<p>\u0641\u064a \u062d\u0641\u0644\u062a\u064a\u060c \u062f\u0639\u0648\u062a \u062c\u0645\u064a\u0639 \u0623\u0635\u062f\u0642\u0627\u0626\u064a.<br \/>\n&#8221;P\u00e5 min fest bj\u00f6d jag alla mina v\u00e4nner.&#8221;<\/p>\n<p>\u0623\u0635\u062f\u0642\u0627\u0626\u064a \u0645\u062a\u0646\u0648\u0639\u0648\u0646 \u0641\u064a \u0627\u0644\u062c\u0646\u0633\u064a\u0627\u062a.<br \/>\n&#8221;Mina v\u00e4nner \u00e4r av olika nationaliteter.&#8221;<\/p>\n<h3>Kulturella aspekter<\/h3>\n<p>I det arabiska samh\u00e4llet \u00e4r v\u00e4nskapsband ofta mycket starka och viktiga. Att ha en <b>\u0635\u062f\u064a\u0642<\/b> \u00e4r mer \u00e4n bara att ha en bekant; det inneb\u00e4r att ha en person som du delar djupa band och personlig tillit med. \u00c5 <a href=\"https:\/\/talkpal.ai\/culture\/what-does-a-andra-sidan-mean\/\">andra sidan<\/a>, n\u00e4r man talar om <b>\u0623\u0635\u062f\u0642\u0627\u0621<\/b>, kan det referera till en bredare grupp av m\u00e4nniskor som inte n\u00f6dv\u00e4ndigtvis har samma djupa personliga band som en &#8221;\u0635\u062f\u064a\u0642&#8221; men som fortfarande anses vara v\u00e4nner.<\/p>\n<h3>Pluralbildning och dess komplexitet<\/h3>\n<p>Arabiska pluraler kan vara ganska komplicerade. <a href=\"https:\/\/talkpal.ai\/culture\/how-do-i-use-det-finns-correctly\/\">Det finns<\/a> tv\u00e5 huvudtyper av pluraler: sund (regelbunden) och bruten (oregelbunden). Ord som <b>\u0635\u062f\u064a\u0642<\/b> f\u00f6ljer ett m\u00f6nster av bruten plural, d\u00e4r pluralformen inte bara \u00e4r en enkel till\u00e4gg av en \u00e4ndelse.<\/p>\n<p>\u0623\u0635\u062f\u0642\u0627\u0621 \u00e4r ett exempel p\u00e5 en bruten plural, d\u00e4r basordet har \u00e4ndrats fr\u00e5n sin ursprungliga form. Detta kan g\u00f6ra det sv\u00e5rare f\u00f6r spr\u00e5kstudenter att direkt koppla pluralformen till dess singularform utan att ha l\u00e4rt sig specifika m\u00f6nster och undantag.<\/p>\n<h3>Slutsats<\/h3>\n<p>F\u00f6rst\u00e5elsen av ord som <b>\u0635\u062f\u064a\u0642<\/b> och <b>\u0623\u0635\u062f\u0642\u0627\u0621<\/b> ger inte bara insikt i spr\u00e5kets struktur utan ocks\u00e5 i de kulturella aspekterna av v\u00e4nskap inom den arabisktalande v\u00e4rlden. Det \u00e4r viktigt f\u00f6r spr\u00e5kstudenter att inte bara l\u00e4ra sig ordens betydelser utan ocks\u00e5 hur de anv\u00e4nds i olika sammanhang f\u00f6r att fullt ut f\u00f6rst\u00e5 och uppskatta spr\u00e5kets rikedom.<\/p>\n<p>Genom att utforska dessa nyanser och hur de anv\u00e4nds i vardagligt tal kan spr\u00e5kstudenter f\u00f6rb\u00e4ttra sin f\u00f6rst\u00e5else f\u00f6r arabiska och dess kulturella kontext, vilket \u00e4r avg\u00f6rande f\u00f6r att bli flytande och kulturellt medveten i spr\u00e5ket.<\/p>\n","protected":false},"featured_media":1527850,"template":"","vocabulary_language":[3484],"class_list":["post-305521","vocabulary","type-vocabulary","status-publish","has-post-thumbnail","hentry","vocabulary_language-arabiska"],"acf":[],"yoast_head":"<!-- This site is optimized with the Yoast SEO Premium plugin v27.2 (Yoast SEO v27.2) - https:\/\/yoast.com\/product\/yoast-seo-premium-wordpress\/ -->\n<title>\u0635\u062f\u064a\u0642 (Sadiq) vs \u0623\u0635\u062f\u0642\u0627\u0621 (Asdiqa&#039;) - V\u00e4n och v\u00e4nner p\u00e5 arabiska: Individuell vs kollektiv - Talkpal<\/title>\n<meta name=\"description\" content=\"Arabiskan \u00e4r ett spr\u00e5k som \u00e4r rikt p\u00e5 kulturella nyanser och grammatiska strukturer, vilket g\u00f6r det sp\u00e4nnande men ocks\u00e5 utmanande att l\u00e4ra sig. Ett\" \/>\n<meta name=\"robots\" content=\"index, follow, max-snippet:-1, max-image-preview:large, max-video-preview:-1\" \/>\n<link rel=\"canonical\" href=\"https:\/\/talkpal.ai\/sv\/vocabulary\/%d8%b5%d8%af%d9%8a%d9%82-sadiq-vs-%d8%a3%d8%b5%d8%af%d9%82%d8%a7%d8%a1-asdiqa-van-och-vanner-pa-arabiska-individuell-vs-kollektiv\/\" \/>\n<meta property=\"og:locale\" content=\"sv_SE\" \/>\n<meta property=\"og:type\" content=\"article\" \/>\n<meta property=\"og:title\" content=\"\u0635\u062f\u064a\u0642 (Sadiq) vs \u0623\u0635\u062f\u0642\u0627\u0621 (Asdiqa&#039;) - V\u00e4n och v\u00e4nner p\u00e5 arabiska: Individuell vs kollektiv\" \/>\n<meta property=\"og:description\" content=\"Arabiskan \u00e4r ett spr\u00e5k som \u00e4r rikt p\u00e5 kulturella nyanser och grammatiska strukturer, vilket g\u00f6r det sp\u00e4nnande men ocks\u00e5 utmanande att l\u00e4ra sig. Ett\" \/>\n<meta property=\"og:url\" content=\"https:\/\/talkpal.ai\/sv\/vocabulary\/%d8%b5%d8%af%d9%8a%d9%82-sadiq-vs-%d8%a3%d8%b5%d8%af%d9%82%d8%a7%d8%a1-asdiqa-van-och-vanner-pa-arabiska-individuell-vs-kollektiv\/\" \/>\n<meta property=\"og:site_name\" content=\"Talkpal\" \/>\n<meta property=\"article:publisher\" content=\"https:\/\/www.facebook.com\/profile.php?id=100090733639311\" \/>\n<meta property=\"og:image\" content=\"https:\/\/talkpal.ai\/wp-content\/uploads\/2024\/10\/talkpal_flat_illustration_of_a_employees_working_together_happi_c674ff77-e477-4e09-835a-01d30e561e99.png\" \/>\n\t<meta property=\"og:image:width\" content=\"1024\" \/>\n\t<meta property=\"og:image:height\" content=\"1024\" \/>\n\t<meta property=\"og:image:type\" content=\"image\/png\" \/>\n<meta name=\"twitter:card\" content=\"summary_large_image\" \/>\n<meta name=\"twitter:site\" content=\"@talkpalai\" \/>\n<meta name=\"twitter:label1\" content=\"Ber\u00e4knad l\u00e4stid\" \/>\n\t<meta name=\"twitter:data1\" content=\"2 minuter\" \/>\n<script type=\"application\/ld+json\" class=\"yoast-schema-graph\">{\"@context\":\"https:\/\/schema.org\",\"@graph\":[{\"@type\":\"WebPage\",\"@id\":\"https:\/\/talkpal.ai\/sv\/vocabulary\/%d8%b5%d8%af%d9%8a%d9%82-sadiq-vs-%d8%a3%d8%b5%d8%af%d9%82%d8%a7%d8%a1-asdiqa-van-och-vanner-pa-arabiska-individuell-vs-kollektiv\/\",\"url\":\"https:\/\/talkpal.ai\/sv\/vocabulary\/%d8%b5%d8%af%d9%8a%d9%82-sadiq-vs-%d8%a3%d8%b5%d8%af%d9%82%d8%a7%d8%a1-asdiqa-van-och-vanner-pa-arabiska-individuell-vs-kollektiv\/\",\"name\":\"\u0635\u062f\u064a\u0642 (Sadiq) vs \u0623\u0635\u062f\u0642\u0627\u0621 (Asdiqa') - V\u00e4n och v\u00e4nner p\u00e5 arabiska: Individuell vs kollektiv - Talkpal\",\"isPartOf\":{\"@id\":\"https:\/\/talkpal.ai\/sv\/#website\"},\"primaryImageOfPage\":{\"@id\":\"https:\/\/talkpal.ai\/sv\/vocabulary\/%d8%b5%d8%af%d9%8a%d9%82-sadiq-vs-%d8%a3%d8%b5%d8%af%d9%82%d8%a7%d8%a1-asdiqa-van-och-vanner-pa-arabiska-individuell-vs-kollektiv\/#primaryimage\"},\"image\":{\"@id\":\"https:\/\/talkpal.ai\/sv\/vocabulary\/%d8%b5%d8%af%d9%8a%d9%82-sadiq-vs-%d8%a3%d8%b5%d8%af%d9%82%d8%a7%d8%a1-asdiqa-van-och-vanner-pa-arabiska-individuell-vs-kollektiv\/#primaryimage\"},\"thumbnailUrl\":\"https:\/\/talkpal.ai\/wp-content\/uploads\/2025\/12\/person-at-sunny-desk-learning-languages.webp\",\"datePublished\":\"2024-05-14T22:12:26+00:00\",\"description\":\"Arabiskan \u00e4r ett spr\u00e5k som \u00e4r rikt p\u00e5 kulturella nyanser och grammatiska strukturer, vilket g\u00f6r det sp\u00e4nnande men ocks\u00e5 utmanande att l\u00e4ra sig. Ett\",\"breadcrumb\":{\"@id\":\"https:\/\/talkpal.ai\/sv\/vocabulary\/%d8%b5%d8%af%d9%8a%d9%82-sadiq-vs-%d8%a3%d8%b5%d8%af%d9%82%d8%a7%d8%a1-asdiqa-van-och-vanner-pa-arabiska-individuell-vs-kollektiv\/#breadcrumb\"},\"inLanguage\":\"sv-SE\",\"potentialAction\":[{\"@type\":\"ReadAction\",\"target\":[\"https:\/\/talkpal.ai\/sv\/vocabulary\/%d8%b5%d8%af%d9%8a%d9%82-sadiq-vs-%d8%a3%d8%b5%d8%af%d9%82%d8%a7%d8%a1-asdiqa-van-och-vanner-pa-arabiska-individuell-vs-kollektiv\/\"]}]},{\"@type\":\"ImageObject\",\"inLanguage\":\"sv-SE\",\"@id\":\"https:\/\/talkpal.ai\/sv\/vocabulary\/%d8%b5%d8%af%d9%8a%d9%82-sadiq-vs-%d8%a3%d8%b5%d8%af%d9%82%d8%a7%d8%a1-asdiqa-van-och-vanner-pa-arabiska-individuell-vs-kollektiv\/#primaryimage\",\"url\":\"https:\/\/talkpal.ai\/wp-content\/uploads\/2025\/12\/person-at-sunny-desk-learning-languages.webp\",\"contentUrl\":\"https:\/\/talkpal.ai\/wp-content\/uploads\/2025\/12\/person-at-sunny-desk-learning-languages.webp\",\"width\":1200,\"height\":896,\"caption\":\"A person sits at a sunny desk by a window while learning languages in a quiet library.\"},{\"@type\":\"BreadcrumbList\",\"@id\":\"https:\/\/talkpal.ai\/sv\/vocabulary\/%d8%b5%d8%af%d9%8a%d9%82-sadiq-vs-%d8%a3%d8%b5%d8%af%d9%82%d8%a7%d8%a1-asdiqa-van-och-vanner-pa-arabiska-individuell-vs-kollektiv\/#breadcrumb\",\"itemListElement\":[{\"@type\":\"ListItem\",\"position\":1,\"name\":\"Homepage\",\"item\":\"https:\/\/talkpal.ai\/sv\/\"},{\"@type\":\"ListItem\",\"position\":2,\"name\":\"\u0635\u062f\u064a\u0642 (Sadiq) vs \u0623\u0635\u062f\u0642\u0627\u0621 (Asdiqa&#8217;) &#8211; V\u00e4n och v\u00e4nner p\u00e5 arabiska: Individuell vs kollektiv\"}]},{\"@type\":\"WebSite\",\"@id\":\"https:\/\/talkpal.ai\/sv\/#website\",\"url\":\"https:\/\/talkpal.ai\/sv\/\",\"name\":\"Talkpal\",\"description\":\"AI Language Learning\",\"publisher\":{\"@id\":\"https:\/\/talkpal.ai\/sv\/#organization\"},\"alternateName\":\"Talkpal AI\",\"potentialAction\":[{\"@type\":\"SearchAction\",\"target\":{\"@type\":\"EntryPoint\",\"urlTemplate\":\"https:\/\/talkpal.ai\/sv\/?s={search_term_string}\"},\"query-input\":{\"@type\":\"PropertyValueSpecification\",\"valueRequired\":true,\"valueName\":\"search_term_string\"}}],\"inLanguage\":\"sv-SE\"},{\"@type\":\"Organization\",\"@id\":\"https:\/\/talkpal.ai\/sv\/#organization\",\"name\":\"Talkpal, Inc.\",\"alternateName\":\"Talkpal AI\",\"url\":\"https:\/\/talkpal.ai\/sv\/\",\"logo\":{\"@type\":\"ImageObject\",\"inLanguage\":\"sv-SE\",\"@id\":\"https:\/\/talkpal.ai\/sv\/#\/schema\/logo\/image\/\",\"url\":\"https:\/\/talkpal.ai\/wp-content\/uploads\/2024\/03\/Talkpal-Logo-Icon.png\",\"contentUrl\":\"https:\/\/talkpal.ai\/wp-content\/uploads\/2024\/03\/Talkpal-Logo-Icon.png\",\"width\":2880,\"height\":2880,\"caption\":\"Talkpal, Inc.\"},\"image\":{\"@id\":\"https:\/\/talkpal.ai\/sv\/#\/schema\/logo\/image\/\"},\"sameAs\":[\"https:\/\/www.facebook.com\/profile.php?id=100090733639311\",\"https:\/\/x.com\/talkpalai\",\"https:\/\/www.linkedin.com\/company\/talkpal\/\",\"https:\/\/www.youtube.com\/@TalkPal\/\",\"https:\/\/www.tiktok.com\/@talkpal\",\"https:\/\/www.instagram.com\/talkpal_ai\/\",\"https:\/\/www.crunchbase.com\/organization\/talkpal-9cde\",\"https:\/\/www.g2.com\/products\/talkpal-for-business\/\",\"https:\/\/www.trustpilot.com\/review\/talkpal.ai\",\"https:\/\/www.capterra.com\/p\/10006800\/TalkPal\/\"],\"description\":\"Talkpal is a language learning web and mobile education app, powered by the latest AI technologies, that provides engaging experiences to its customers in many different languages to help them improve their language skills. Users can chat about unlimited amount of topics with the app and use other modes to practice their language learning.\",\"email\":\"support@talkpal.ai\",\"legalName\":\"Talkpal, Inc.\",\"foundingDate\":\"2023-04-03\",\"duns\":\"118989042\",\"numberOfEmployees\":{\"@type\":\"QuantitativeValue\",\"minValue\":\"11\",\"maxValue\":\"50\"},\"publishingPrinciples\":\"https:\/\/talkpal.ai\/publishing-principles\/\",\"actionableFeedbackPolicy\":\"https:\/\/talkpal.ai\/actionable-feedback-policy\/\",\"correctionsPolicy\":\"https:\/\/talkpal.ai\/corrections-policy\/\",\"ethicsPolicy\":\"https:\/\/talkpal.ai\/ethics-policy\/\",\"diversityPolicy\":\"https:\/\/talkpal.ai\/diversity-policy\/\",\"diversityStaffingReport\":\"https:\/\/talkpal.ai\/diversity-policy\/\"}]}<\/script>\n<!-- \/ Yoast SEO Premium plugin. -->","yoast_head_json":{"title":"\u0635\u062f\u064a\u0642 (Sadiq) vs \u0623\u0635\u062f\u0642\u0627\u0621 (Asdiqa') - V\u00e4n och v\u00e4nner p\u00e5 arabiska: Individuell vs kollektiv - Talkpal","description":"Arabiskan \u00e4r ett spr\u00e5k som \u00e4r rikt p\u00e5 kulturella nyanser och grammatiska strukturer, vilket g\u00f6r det sp\u00e4nnande men ocks\u00e5 utmanande att l\u00e4ra sig. Ett","robots":{"index":"index","follow":"follow","max-snippet":"max-snippet:-1","max-image-preview":"max-image-preview:large","max-video-preview":"max-video-preview:-1"},"canonical":"https:\/\/talkpal.ai\/sv\/vocabulary\/%d8%b5%d8%af%d9%8a%d9%82-sadiq-vs-%d8%a3%d8%b5%d8%af%d9%82%d8%a7%d8%a1-asdiqa-van-och-vanner-pa-arabiska-individuell-vs-kollektiv\/","og_locale":"sv_SE","og_type":"article","og_title":"\u0635\u062f\u064a\u0642 (Sadiq) vs \u0623\u0635\u062f\u0642\u0627\u0621 (Asdiqa') - V\u00e4n och v\u00e4nner p\u00e5 arabiska: Individuell vs kollektiv","og_description":"Arabiskan \u00e4r ett spr\u00e5k som \u00e4r rikt p\u00e5 kulturella nyanser och grammatiska strukturer, vilket g\u00f6r det sp\u00e4nnande men ocks\u00e5 utmanande att l\u00e4ra sig. Ett","og_url":"https:\/\/talkpal.ai\/sv\/vocabulary\/%d8%b5%d8%af%d9%8a%d9%82-sadiq-vs-%d8%a3%d8%b5%d8%af%d9%82%d8%a7%d8%a1-asdiqa-van-och-vanner-pa-arabiska-individuell-vs-kollektiv\/","og_site_name":"Talkpal","article_publisher":"https:\/\/www.facebook.com\/profile.php?id=100090733639311","og_image":[{"width":1024,"height":1024,"url":"https:\/\/talkpal.ai\/wp-content\/uploads\/2024\/10\/talkpal_flat_illustration_of_a_employees_working_together_happi_c674ff77-e477-4e09-835a-01d30e561e99.png","type":"image\/png"}],"twitter_card":"summary_large_image","twitter_site":"@talkpalai","twitter_misc":{"Ber\u00e4knad l\u00e4stid":"2 minuter"},"schema":{"@context":"https:\/\/schema.org","@graph":[{"@type":"WebPage","@id":"https:\/\/talkpal.ai\/sv\/vocabulary\/%d8%b5%d8%af%d9%8a%d9%82-sadiq-vs-%d8%a3%d8%b5%d8%af%d9%82%d8%a7%d8%a1-asdiqa-van-och-vanner-pa-arabiska-individuell-vs-kollektiv\/","url":"https:\/\/talkpal.ai\/sv\/vocabulary\/%d8%b5%d8%af%d9%8a%d9%82-sadiq-vs-%d8%a3%d8%b5%d8%af%d9%82%d8%a7%d8%a1-asdiqa-van-och-vanner-pa-arabiska-individuell-vs-kollektiv\/","name":"\u0635\u062f\u064a\u0642 (Sadiq) vs \u0623\u0635\u062f\u0642\u0627\u0621 (Asdiqa') - V\u00e4n och v\u00e4nner p\u00e5 arabiska: Individuell vs kollektiv - Talkpal","isPartOf":{"@id":"https:\/\/talkpal.ai\/sv\/#website"},"primaryImageOfPage":{"@id":"https:\/\/talkpal.ai\/sv\/vocabulary\/%d8%b5%d8%af%d9%8a%d9%82-sadiq-vs-%d8%a3%d8%b5%d8%af%d9%82%d8%a7%d8%a1-asdiqa-van-och-vanner-pa-arabiska-individuell-vs-kollektiv\/#primaryimage"},"image":{"@id":"https:\/\/talkpal.ai\/sv\/vocabulary\/%d8%b5%d8%af%d9%8a%d9%82-sadiq-vs-%d8%a3%d8%b5%d8%af%d9%82%d8%a7%d8%a1-asdiqa-van-och-vanner-pa-arabiska-individuell-vs-kollektiv\/#primaryimage"},"thumbnailUrl":"https:\/\/talkpal.ai\/wp-content\/uploads\/2025\/12\/person-at-sunny-desk-learning-languages.webp","datePublished":"2024-05-14T22:12:26+00:00","description":"Arabiskan \u00e4r ett spr\u00e5k som \u00e4r rikt p\u00e5 kulturella nyanser och grammatiska strukturer, vilket g\u00f6r det sp\u00e4nnande men ocks\u00e5 utmanande att l\u00e4ra sig. Ett","breadcrumb":{"@id":"https:\/\/talkpal.ai\/sv\/vocabulary\/%d8%b5%d8%af%d9%8a%d9%82-sadiq-vs-%d8%a3%d8%b5%d8%af%d9%82%d8%a7%d8%a1-asdiqa-van-och-vanner-pa-arabiska-individuell-vs-kollektiv\/#breadcrumb"},"inLanguage":"sv-SE","potentialAction":[{"@type":"ReadAction","target":["https:\/\/talkpal.ai\/sv\/vocabulary\/%d8%b5%d8%af%d9%8a%d9%82-sadiq-vs-%d8%a3%d8%b5%d8%af%d9%82%d8%a7%d8%a1-asdiqa-van-och-vanner-pa-arabiska-individuell-vs-kollektiv\/"]}]},{"@type":"ImageObject","inLanguage":"sv-SE","@id":"https:\/\/talkpal.ai\/sv\/vocabulary\/%d8%b5%d8%af%d9%8a%d9%82-sadiq-vs-%d8%a3%d8%b5%d8%af%d9%82%d8%a7%d8%a1-asdiqa-van-och-vanner-pa-arabiska-individuell-vs-kollektiv\/#primaryimage","url":"https:\/\/talkpal.ai\/wp-content\/uploads\/2025\/12\/person-at-sunny-desk-learning-languages.webp","contentUrl":"https:\/\/talkpal.ai\/wp-content\/uploads\/2025\/12\/person-at-sunny-desk-learning-languages.webp","width":1200,"height":896,"caption":"A person sits at a sunny desk by a window while learning languages in a quiet library."},{"@type":"BreadcrumbList","@id":"https:\/\/talkpal.ai\/sv\/vocabulary\/%d8%b5%d8%af%d9%8a%d9%82-sadiq-vs-%d8%a3%d8%b5%d8%af%d9%82%d8%a7%d8%a1-asdiqa-van-och-vanner-pa-arabiska-individuell-vs-kollektiv\/#breadcrumb","itemListElement":[{"@type":"ListItem","position":1,"name":"Homepage","item":"https:\/\/talkpal.ai\/sv\/"},{"@type":"ListItem","position":2,"name":"\u0635\u062f\u064a\u0642 (Sadiq) vs \u0623\u0635\u062f\u0642\u0627\u0621 (Asdiqa&#8217;) &#8211; V\u00e4n och v\u00e4nner p\u00e5 arabiska: Individuell vs kollektiv"}]},{"@type":"WebSite","@id":"https:\/\/talkpal.ai\/sv\/#website","url":"https:\/\/talkpal.ai\/sv\/","name":"Talkpal","description":"AI Language Learning","publisher":{"@id":"https:\/\/talkpal.ai\/sv\/#organization"},"alternateName":"Talkpal AI","potentialAction":[{"@type":"SearchAction","target":{"@type":"EntryPoint","urlTemplate":"https:\/\/talkpal.ai\/sv\/?s={search_term_string}"},"query-input":{"@type":"PropertyValueSpecification","valueRequired":true,"valueName":"search_term_string"}}],"inLanguage":"sv-SE"},{"@type":"Organization","@id":"https:\/\/talkpal.ai\/sv\/#organization","name":"Talkpal, Inc.","alternateName":"Talkpal AI","url":"https:\/\/talkpal.ai\/sv\/","logo":{"@type":"ImageObject","inLanguage":"sv-SE","@id":"https:\/\/talkpal.ai\/sv\/#\/schema\/logo\/image\/","url":"https:\/\/talkpal.ai\/wp-content\/uploads\/2024\/03\/Talkpal-Logo-Icon.png","contentUrl":"https:\/\/talkpal.ai\/wp-content\/uploads\/2024\/03\/Talkpal-Logo-Icon.png","width":2880,"height":2880,"caption":"Talkpal, Inc."},"image":{"@id":"https:\/\/talkpal.ai\/sv\/#\/schema\/logo\/image\/"},"sameAs":["https:\/\/www.facebook.com\/profile.php?id=100090733639311","https:\/\/x.com\/talkpalai","https:\/\/www.linkedin.com\/company\/talkpal\/","https:\/\/www.youtube.com\/@TalkPal\/","https:\/\/www.tiktok.com\/@talkpal","https:\/\/www.instagram.com\/talkpal_ai\/","https:\/\/www.crunchbase.com\/organization\/talkpal-9cde","https:\/\/www.g2.com\/products\/talkpal-for-business\/","https:\/\/www.trustpilot.com\/review\/talkpal.ai","https:\/\/www.capterra.com\/p\/10006800\/TalkPal\/"],"description":"Talkpal is a language learning web and mobile education app, powered by the latest AI technologies, that provides engaging experiences to its customers in many different languages to help them improve their language skills. Users can chat about unlimited amount of topics with the app and use other modes to practice their language learning.","email":"support@talkpal.ai","legalName":"Talkpal, Inc.","foundingDate":"2023-04-03","duns":"118989042","numberOfEmployees":{"@type":"QuantitativeValue","minValue":"11","maxValue":"50"},"publishingPrinciples":"https:\/\/talkpal.ai\/publishing-principles\/","actionableFeedbackPolicy":"https:\/\/talkpal.ai\/actionable-feedback-policy\/","correctionsPolicy":"https:\/\/talkpal.ai\/corrections-policy\/","ethicsPolicy":"https:\/\/talkpal.ai\/ethics-policy\/","diversityPolicy":"https:\/\/talkpal.ai\/diversity-policy\/","diversityStaffingReport":"https:\/\/talkpal.ai\/diversity-policy\/"}]}},"_links":{"self":[{"href":"https:\/\/talkpal.ai\/sv\/wp-json\/wp\/v2\/vocabulary\/305521","targetHints":{"allow":["GET"]}}],"collection":[{"href":"https:\/\/talkpal.ai\/sv\/wp-json\/wp\/v2\/vocabulary"}],"about":[{"href":"https:\/\/talkpal.ai\/sv\/wp-json\/wp\/v2\/types\/vocabulary"}],"wp:featuredmedia":[{"embeddable":true,"href":"https:\/\/talkpal.ai\/sv\/wp-json\/wp\/v2\/media\/1527850"}],"wp:attachment":[{"href":"https:\/\/talkpal.ai\/sv\/wp-json\/wp\/v2\/media?parent=305521"}],"wp:term":[{"taxonomy":"vocabulary_language","embeddable":true,"href":"https:\/\/talkpal.ai\/sv\/wp-json\/wp\/v2\/vocabulary_language?post=305521"}],"curies":[{"name":"wp","href":"https:\/\/api.w.org\/{rel}","templated":true}]}}