{"id":305050,"date":"2024-05-14T21:17:05","date_gmt":"2024-05-14T21:17:05","guid":{"rendered":"https:\/\/talkpal.ai\/vocabulary\/couleur-vs-colorer-farg-substantiv-vs-verb-pa-franska\/"},"modified":"2024-05-14T21:17:05","modified_gmt":"2024-05-14T21:17:05","slug":"couleur-vs-colorer-farg-substantiv-vs-verb-pa-franska","status":"publish","type":"vocabulary","link":"https:\/\/talkpal.ai\/sv\/vocabulary\/couleur-vs-colorer-farg-substantiv-vs-verb-pa-franska\/","title":{"rendered":"Couleur vs Colorer &#8211; F\u00e4rg substantiv vs verb p\u00e5 franska"},"content":{"rendered":"<p>Att l\u00e4ra sig ett nytt spr\u00e5k inneb\u00e4r ofta att man beh\u00f6ver f\u00f6rst\u00e5 de m\u00e5nga nyanser som finns i spr\u00e5kets ord och uttryck. I <a href=\"https:\/\/talkpal.ai\/learn-french\/\">franska<\/a>, ett spr\u00e5k k\u00e4nt f\u00f6r sin rikedom p\u00e5 nyanser och subtiliteter, kan detta vara s\u00e4rskilt utmanande. En intressant aspekt \u00e4r anv\u00e4ndningen av ordet &#8221;couleur&#8221; j\u00e4mf\u00f6rt med verbet &#8221;colorer&#8221;. B\u00e5da termerna relaterar till f\u00e4rg, men anv\u00e4nds p\u00e5 olika s\u00e4tt. I denna artikel kommer vi att utforska dessa skillnader, hur de anv\u00e4nds i meningar och varf\u00f6r det \u00e4r viktigt att f\u00f6rst\u00e5 skillnaden f\u00f6r att beh\u00e4rska franska.<\/p>\n<h3>Grundl\u00e4ggande definitioner<\/h3>\n<p><b>Couleur<\/b> \u00e4r ett substantiv p\u00e5 franska och \u00f6vers\u00e4tts direkt till &#8221;f\u00e4rg&#8221; p\u00e5 <a href=\"https:\/\/talkpal.ai\/learn-swedish\/\">svenska<\/a>. Det refererar till f\u00e4rgen p\u00e5 n\u00e5got, som kan ses och observeras. Exempelvis:<\/p>\n<blockquote><p>\n&#8221;La rose a une belle couleur.&#8221; (Rosen har en vacker f\u00e4rg.)\n<\/p><\/blockquote>\n<p><b>Colorer<\/b>, \u00e5 <a href=\"https:\/\/talkpal.ai\/culture\/what-does-a-andra-sidan-mean\/\">andra sidan<\/a>, \u00e4r ett verb som betyder &#8221;att f\u00e4rga&#8221; eller &#8221;att m\u00e5la&#8221; p\u00e5 svenska. Det anv\u00e4nds f\u00f6r att beskriva handlingen att ge eller \u00e4ndra f\u00e4rg p\u00e5 n\u00e5got. Till exempel:<\/p>\n<blockquote><p>\n&#8221;Il faut colorer les dessins avec des crayons de couleur.&#8221; (Du m\u00e5ste f\u00e4rgl\u00e4gga ritningarna med f\u00e4rgpennor.)\n<\/p><\/blockquote>\n<h3>N\u00e4r anv\u00e4nder man &#8221;couleur&#8221;?<\/h3>\n<p><b>Couleur<\/b> som substantiv anv\u00e4nds f\u00f6r att <a href=\"https:\/\/talkpal.ai\/locations\/language-courses-in-prata\/\">prata<\/a> om specifika f\u00e4rger eller n\u00e4r man beskriver objektets f\u00e4rg. Det kan ocks\u00e5 anv\u00e4ndas i \u00f6verf\u00f6rd betydelse, inte bara f\u00f6r att beskriva fysiska f\u00e4rger. Till exempel:<\/p>\n<blockquote><p>\n&#8221;Chaque couleur a sa signification.&#8221; (Varje f\u00e4rg har sin betydelse.)\n<\/p><\/blockquote>\n<p>Det kan \u00e4ven anv\u00e4ndas f\u00f6r att betona variation eller m\u00e5ngfald:<\/p>\n<blockquote><p>\n&#8221;Nous avons des chemises de diff\u00e9rentes couleurs.&#8221; (Vi har skjortor i olika f\u00e4rger.)\n<\/p><\/blockquote>\n<h3>N\u00e4r anv\u00e4nder man &#8221;colorer&#8221;?<\/h3>\n<p><b>Colorer<\/b> anv\u00e4nds i situationer d\u00e4r en f\u00e4rgl\u00e4ggning eller m\u00e5lning \u00e4ger rum. Det kan vara allt fr\u00e5n barn som f\u00e4rgl\u00e4gger en teckning till en konstn\u00e4r som skapar ett verk. Verbformen anv\u00e4nds ocks\u00e5 metaforiskt i franska f\u00f6r att beskriva till exempel att ge liv \u00e5t n\u00e5got genom att l\u00e4gga till f\u00e4rg:<\/p>\n<blockquote><p>\n&#8221;Ce po\u00e8te sait comment colorer ses mots.&#8221; (<a href=\"https:\/\/talkpal.ai\/culture\/how-do-i-use-den-har-and-det-har\/\">Den h\u00e4r<\/a> poeten vet hur man f\u00e4rgl\u00e4gger sina ord.)\n<\/p><\/blockquote>\n<h3>Vikten av kontext<\/h3>\n<p>Att f\u00f6rst\u00e5 n\u00e4r man ska anv\u00e4nda <b>couleur<\/b> j\u00e4mf\u00f6rt med <b>colorer<\/b> handlar mycket om att f\u00f6rst\u00e5 kontexten de anv\u00e4nds i. Spr\u00e5ket blir mer levande och autentiskt n\u00e4r man kan skilja p\u00e5 dessa tv\u00e5. Att k\u00e4nna till skillnaden hj\u00e4lper \u00e4ven till i tolkningen av texter och i konversationer. Det \u00e4r en del av att l\u00e4ra sig att &#8221;t\u00e4nka&#8221; p\u00e5 franska, vilket \u00e4r avg\u00f6rande f\u00f6r flytande spr\u00e5kf\u00e4rdighet.<\/p>\n<h3>\u00d6vningar f\u00f6r att \u00f6va skillnaden<\/h3>\n<p>F\u00f6r att bem\u00e4stra anv\u00e4ndningen av &#8221;couleur&#8221; och &#8221;colorer&#8221;, kan det vara nyttigt med praktiska \u00f6vningar. N\u00e5gra f\u00f6rslag inkluderar:<br \/>\n1. Skapa meningar d\u00e4r du anv\u00e4nder b\u00e5de &#8221;couleur&#8221; och &#8221;colorer&#8221; korrekt.<br \/>\n2. \u00d6vers\u00e4tt meningar fr\u00e5n svenska till franska, d\u00e4r du fokuserar p\u00e5 att anv\u00e4nda &#8221;couleur&#8221; och &#8221;colorer&#8221; korrekt.<br \/>\n3. L\u00e4s franska texter och identifiera anv\u00e4ndningen av dessa ord.<\/p>\n<h3>Sammanfattning<\/h3>\n<p>Att f\u00f6rst\u00e5 skillnaden mellan <b>couleur<\/b> och <b>colorer<\/b> \u00e4r mer \u00e4n en spr\u00e5klig teknikalitet; det \u00e4r en ing\u00e5ng till djupare f\u00f6rst\u00e5else av franska. Genom att l\u00e4ra dig n\u00e4r och hur dessa ord anv\u00e4nds kan du f\u00f6rb\u00e4ttra din f\u00f6rm\u00e5ga att uttrycka dig p\u00e5 franska och \u00f6ka din f\u00f6rst\u00e5else f\u00f6r spr\u00e5kets subtiliteter. Efter att ha bem\u00e4strat dessa grundl\u00e4ggande skillnader kommer din kommunikation p\u00e5 franska att bli mer exakt och nyanserad, vilket ger dig f\u00f6rtroendet att utforska och njuta av det rika <a href=\"https:\/\/talkpal.ai\/sv\/kurser-i-franska-spraket\/\">franska spr\u00e5ket<\/a>.<\/p>\n","protected":false},"featured_media":1528098,"template":"","vocabulary_language":[3479],"class_list":["post-305050","vocabulary","type-vocabulary","status-publish","has-post-thumbnail","hentry","vocabulary_language-franska"],"acf":[],"yoast_head":"<!-- This site is optimized with the Yoast SEO Premium plugin v27.2 (Yoast SEO v27.2) - https:\/\/yoast.com\/product\/yoast-seo-premium-wordpress\/ -->\n<title>Couleur vs Colorer - F\u00e4rg substantiv vs verb p\u00e5 franska - Talkpal<\/title>\n<meta name=\"description\" content=\"Att l\u00e4ra sig ett nytt spr\u00e5k inneb\u00e4r ofta att man beh\u00f6ver f\u00f6rst\u00e5 de m\u00e5nga nyanser som finns i spr\u00e5kets ord och uttryck. I franska, ett spr\u00e5k k\u00e4nt f\u00f6r sin\" \/>\n<meta name=\"robots\" content=\"index, follow, max-snippet:-1, max-image-preview:large, max-video-preview:-1\" \/>\n<link rel=\"canonical\" href=\"https:\/\/talkpal.ai\/sv\/vocabulary\/couleur-vs-colorer-farg-substantiv-vs-verb-pa-franska\/\" \/>\n<meta property=\"og:locale\" content=\"sv_SE\" \/>\n<meta property=\"og:type\" content=\"article\" \/>\n<meta property=\"og:title\" content=\"Couleur vs Colorer - F\u00e4rg substantiv vs verb p\u00e5 franska\" \/>\n<meta property=\"og:description\" content=\"Att l\u00e4ra sig ett nytt spr\u00e5k inneb\u00e4r ofta att man beh\u00f6ver f\u00f6rst\u00e5 de m\u00e5nga nyanser som finns i spr\u00e5kets ord och uttryck. I franska, ett spr\u00e5k k\u00e4nt f\u00f6r sin\" \/>\n<meta property=\"og:url\" content=\"https:\/\/talkpal.ai\/sv\/vocabulary\/couleur-vs-colorer-farg-substantiv-vs-verb-pa-franska\/\" \/>\n<meta property=\"og:site_name\" content=\"Talkpal\" \/>\n<meta property=\"article:publisher\" content=\"https:\/\/www.facebook.com\/profile.php?id=100090733639311\" \/>\n<meta property=\"og:image\" content=\"https:\/\/talkpal.ai\/wp-content\/uploads\/2024\/10\/talkpal_flat_illustration_of_a_employees_working_together_happi_c674ff77-e477-4e09-835a-01d30e561e99.png\" \/>\n\t<meta property=\"og:image:width\" content=\"1024\" \/>\n\t<meta property=\"og:image:height\" content=\"1024\" \/>\n\t<meta property=\"og:image:type\" content=\"image\/png\" \/>\n<meta name=\"twitter:card\" content=\"summary_large_image\" \/>\n<meta name=\"twitter:site\" content=\"@talkpalai\" \/>\n<meta name=\"twitter:label1\" content=\"Ber\u00e4knad l\u00e4stid\" \/>\n\t<meta name=\"twitter:data1\" content=\"3 minuter\" \/>\n<script type=\"application\/ld+json\" class=\"yoast-schema-graph\">{\"@context\":\"https:\/\/schema.org\",\"@graph\":[{\"@type\":\"WebPage\",\"@id\":\"https:\/\/talkpal.ai\/sv\/vocabulary\/couleur-vs-colorer-farg-substantiv-vs-verb-pa-franska\/\",\"url\":\"https:\/\/talkpal.ai\/sv\/vocabulary\/couleur-vs-colorer-farg-substantiv-vs-verb-pa-franska\/\",\"name\":\"Couleur vs Colorer - F\u00e4rg substantiv vs verb p\u00e5 franska - Talkpal\",\"isPartOf\":{\"@id\":\"https:\/\/talkpal.ai\/sv\/#website\"},\"primaryImageOfPage\":{\"@id\":\"https:\/\/talkpal.ai\/sv\/vocabulary\/couleur-vs-colorer-farg-substantiv-vs-verb-pa-franska\/#primaryimage\"},\"image\":{\"@id\":\"https:\/\/talkpal.ai\/sv\/vocabulary\/couleur-vs-colorer-farg-substantiv-vs-verb-pa-franska\/#primaryimage\"},\"thumbnailUrl\":\"https:\/\/talkpal.ai\/wp-content\/uploads\/2025\/12\/woman-studies-hard-to-learn-languages.webp\",\"datePublished\":\"2024-05-14T21:17:05+00:00\",\"description\":\"Att l\u00e4ra sig ett nytt spr\u00e5k inneb\u00e4r ofta att man beh\u00f6ver f\u00f6rst\u00e5 de m\u00e5nga nyanser som finns i spr\u00e5kets ord och uttryck. I franska, ett spr\u00e5k k\u00e4nt f\u00f6r sin\",\"breadcrumb\":{\"@id\":\"https:\/\/talkpal.ai\/sv\/vocabulary\/couleur-vs-colorer-farg-substantiv-vs-verb-pa-franska\/#breadcrumb\"},\"inLanguage\":\"sv-SE\",\"potentialAction\":[{\"@type\":\"ReadAction\",\"target\":[\"https:\/\/talkpal.ai\/sv\/vocabulary\/couleur-vs-colorer-farg-substantiv-vs-verb-pa-franska\/\"]}]},{\"@type\":\"ImageObject\",\"inLanguage\":\"sv-SE\",\"@id\":\"https:\/\/talkpal.ai\/sv\/vocabulary\/couleur-vs-colorer-farg-substantiv-vs-verb-pa-franska\/#primaryimage\",\"url\":\"https:\/\/talkpal.ai\/wp-content\/uploads\/2025\/12\/woman-studies-hard-to-learn-languages.webp\",\"contentUrl\":\"https:\/\/talkpal.ai\/wp-content\/uploads\/2025\/12\/woman-studies-hard-to-learn-languages.webp\",\"width\":1200,\"height\":896,\"caption\":\"A young woman writes in a notebook while learning languages at a desk.\"},{\"@type\":\"BreadcrumbList\",\"@id\":\"https:\/\/talkpal.ai\/sv\/vocabulary\/couleur-vs-colorer-farg-substantiv-vs-verb-pa-franska\/#breadcrumb\",\"itemListElement\":[{\"@type\":\"ListItem\",\"position\":1,\"name\":\"Homepage\",\"item\":\"https:\/\/talkpal.ai\/sv\/\"},{\"@type\":\"ListItem\",\"position\":2,\"name\":\"Couleur vs Colorer &#8211; F\u00e4rg substantiv vs verb p\u00e5 franska\"}]},{\"@type\":\"WebSite\",\"@id\":\"https:\/\/talkpal.ai\/sv\/#website\",\"url\":\"https:\/\/talkpal.ai\/sv\/\",\"name\":\"Talkpal\",\"description\":\"AI Language Learning\",\"publisher\":{\"@id\":\"https:\/\/talkpal.ai\/sv\/#organization\"},\"alternateName\":\"Talkpal AI\",\"potentialAction\":[{\"@type\":\"SearchAction\",\"target\":{\"@type\":\"EntryPoint\",\"urlTemplate\":\"https:\/\/talkpal.ai\/sv\/?s={search_term_string}\"},\"query-input\":{\"@type\":\"PropertyValueSpecification\",\"valueRequired\":true,\"valueName\":\"search_term_string\"}}],\"inLanguage\":\"sv-SE\"},{\"@type\":\"Organization\",\"@id\":\"https:\/\/talkpal.ai\/sv\/#organization\",\"name\":\"Talkpal, Inc.\",\"alternateName\":\"Talkpal AI\",\"url\":\"https:\/\/talkpal.ai\/sv\/\",\"logo\":{\"@type\":\"ImageObject\",\"inLanguage\":\"sv-SE\",\"@id\":\"https:\/\/talkpal.ai\/sv\/#\/schema\/logo\/image\/\",\"url\":\"https:\/\/talkpal.ai\/wp-content\/uploads\/2024\/03\/Talkpal-Logo-Icon.png\",\"contentUrl\":\"https:\/\/talkpal.ai\/wp-content\/uploads\/2024\/03\/Talkpal-Logo-Icon.png\",\"width\":2880,\"height\":2880,\"caption\":\"Talkpal, Inc.\"},\"image\":{\"@id\":\"https:\/\/talkpal.ai\/sv\/#\/schema\/logo\/image\/\"},\"sameAs\":[\"https:\/\/www.facebook.com\/profile.php?id=100090733639311\",\"https:\/\/x.com\/talkpalai\",\"https:\/\/www.linkedin.com\/company\/talkpal\/\",\"https:\/\/www.youtube.com\/@TalkPal\/\",\"https:\/\/www.tiktok.com\/@talkpal\",\"https:\/\/www.instagram.com\/talkpal_ai\/\",\"https:\/\/www.crunchbase.com\/organization\/talkpal-9cde\",\"https:\/\/www.g2.com\/products\/talkpal-for-business\/\",\"https:\/\/www.trustpilot.com\/review\/talkpal.ai\",\"https:\/\/www.capterra.com\/p\/10006800\/TalkPal\/\"],\"description\":\"Talkpal is a language learning web and mobile education app, powered by the latest AI technologies, that provides engaging experiences to its customers in many different languages to help them improve their language skills. Users can chat about unlimited amount of topics with the app and use other modes to practice their language learning.\",\"email\":\"support@talkpal.ai\",\"legalName\":\"Talkpal, Inc.\",\"foundingDate\":\"2023-04-03\",\"duns\":\"118989042\",\"numberOfEmployees\":{\"@type\":\"QuantitativeValue\",\"minValue\":\"11\",\"maxValue\":\"50\"},\"publishingPrinciples\":\"https:\/\/talkpal.ai\/publishing-principles\/\",\"actionableFeedbackPolicy\":\"https:\/\/talkpal.ai\/actionable-feedback-policy\/\",\"correctionsPolicy\":\"https:\/\/talkpal.ai\/corrections-policy\/\",\"ethicsPolicy\":\"https:\/\/talkpal.ai\/ethics-policy\/\",\"diversityPolicy\":\"https:\/\/talkpal.ai\/diversity-policy\/\",\"diversityStaffingReport\":\"https:\/\/talkpal.ai\/diversity-policy\/\"}]}<\/script>\n<!-- \/ Yoast SEO Premium plugin. -->","yoast_head_json":{"title":"Couleur vs Colorer - F\u00e4rg substantiv vs verb p\u00e5 franska - Talkpal","description":"Att l\u00e4ra sig ett nytt spr\u00e5k inneb\u00e4r ofta att man beh\u00f6ver f\u00f6rst\u00e5 de m\u00e5nga nyanser som finns i spr\u00e5kets ord och uttryck. I franska, ett spr\u00e5k k\u00e4nt f\u00f6r sin","robots":{"index":"index","follow":"follow","max-snippet":"max-snippet:-1","max-image-preview":"max-image-preview:large","max-video-preview":"max-video-preview:-1"},"canonical":"https:\/\/talkpal.ai\/sv\/vocabulary\/couleur-vs-colorer-farg-substantiv-vs-verb-pa-franska\/","og_locale":"sv_SE","og_type":"article","og_title":"Couleur vs Colorer - F\u00e4rg substantiv vs verb p\u00e5 franska","og_description":"Att l\u00e4ra sig ett nytt spr\u00e5k inneb\u00e4r ofta att man beh\u00f6ver f\u00f6rst\u00e5 de m\u00e5nga nyanser som finns i spr\u00e5kets ord och uttryck. I franska, ett spr\u00e5k k\u00e4nt f\u00f6r sin","og_url":"https:\/\/talkpal.ai\/sv\/vocabulary\/couleur-vs-colorer-farg-substantiv-vs-verb-pa-franska\/","og_site_name":"Talkpal","article_publisher":"https:\/\/www.facebook.com\/profile.php?id=100090733639311","og_image":[{"width":1024,"height":1024,"url":"https:\/\/talkpal.ai\/wp-content\/uploads\/2024\/10\/talkpal_flat_illustration_of_a_employees_working_together_happi_c674ff77-e477-4e09-835a-01d30e561e99.png","type":"image\/png"}],"twitter_card":"summary_large_image","twitter_site":"@talkpalai","twitter_misc":{"Ber\u00e4knad l\u00e4stid":"3 minuter"},"schema":{"@context":"https:\/\/schema.org","@graph":[{"@type":"WebPage","@id":"https:\/\/talkpal.ai\/sv\/vocabulary\/couleur-vs-colorer-farg-substantiv-vs-verb-pa-franska\/","url":"https:\/\/talkpal.ai\/sv\/vocabulary\/couleur-vs-colorer-farg-substantiv-vs-verb-pa-franska\/","name":"Couleur vs Colorer - F\u00e4rg substantiv vs verb p\u00e5 franska - Talkpal","isPartOf":{"@id":"https:\/\/talkpal.ai\/sv\/#website"},"primaryImageOfPage":{"@id":"https:\/\/talkpal.ai\/sv\/vocabulary\/couleur-vs-colorer-farg-substantiv-vs-verb-pa-franska\/#primaryimage"},"image":{"@id":"https:\/\/talkpal.ai\/sv\/vocabulary\/couleur-vs-colorer-farg-substantiv-vs-verb-pa-franska\/#primaryimage"},"thumbnailUrl":"https:\/\/talkpal.ai\/wp-content\/uploads\/2025\/12\/woman-studies-hard-to-learn-languages.webp","datePublished":"2024-05-14T21:17:05+00:00","description":"Att l\u00e4ra sig ett nytt spr\u00e5k inneb\u00e4r ofta att man beh\u00f6ver f\u00f6rst\u00e5 de m\u00e5nga nyanser som finns i spr\u00e5kets ord och uttryck. I franska, ett spr\u00e5k k\u00e4nt f\u00f6r sin","breadcrumb":{"@id":"https:\/\/talkpal.ai\/sv\/vocabulary\/couleur-vs-colorer-farg-substantiv-vs-verb-pa-franska\/#breadcrumb"},"inLanguage":"sv-SE","potentialAction":[{"@type":"ReadAction","target":["https:\/\/talkpal.ai\/sv\/vocabulary\/couleur-vs-colorer-farg-substantiv-vs-verb-pa-franska\/"]}]},{"@type":"ImageObject","inLanguage":"sv-SE","@id":"https:\/\/talkpal.ai\/sv\/vocabulary\/couleur-vs-colorer-farg-substantiv-vs-verb-pa-franska\/#primaryimage","url":"https:\/\/talkpal.ai\/wp-content\/uploads\/2025\/12\/woman-studies-hard-to-learn-languages.webp","contentUrl":"https:\/\/talkpal.ai\/wp-content\/uploads\/2025\/12\/woman-studies-hard-to-learn-languages.webp","width":1200,"height":896,"caption":"A young woman writes in a notebook while learning languages at a desk."},{"@type":"BreadcrumbList","@id":"https:\/\/talkpal.ai\/sv\/vocabulary\/couleur-vs-colorer-farg-substantiv-vs-verb-pa-franska\/#breadcrumb","itemListElement":[{"@type":"ListItem","position":1,"name":"Homepage","item":"https:\/\/talkpal.ai\/sv\/"},{"@type":"ListItem","position":2,"name":"Couleur vs Colorer &#8211; F\u00e4rg substantiv vs verb p\u00e5 franska"}]},{"@type":"WebSite","@id":"https:\/\/talkpal.ai\/sv\/#website","url":"https:\/\/talkpal.ai\/sv\/","name":"Talkpal","description":"AI Language Learning","publisher":{"@id":"https:\/\/talkpal.ai\/sv\/#organization"},"alternateName":"Talkpal AI","potentialAction":[{"@type":"SearchAction","target":{"@type":"EntryPoint","urlTemplate":"https:\/\/talkpal.ai\/sv\/?s={search_term_string}"},"query-input":{"@type":"PropertyValueSpecification","valueRequired":true,"valueName":"search_term_string"}}],"inLanguage":"sv-SE"},{"@type":"Organization","@id":"https:\/\/talkpal.ai\/sv\/#organization","name":"Talkpal, Inc.","alternateName":"Talkpal AI","url":"https:\/\/talkpal.ai\/sv\/","logo":{"@type":"ImageObject","inLanguage":"sv-SE","@id":"https:\/\/talkpal.ai\/sv\/#\/schema\/logo\/image\/","url":"https:\/\/talkpal.ai\/wp-content\/uploads\/2024\/03\/Talkpal-Logo-Icon.png","contentUrl":"https:\/\/talkpal.ai\/wp-content\/uploads\/2024\/03\/Talkpal-Logo-Icon.png","width":2880,"height":2880,"caption":"Talkpal, Inc."},"image":{"@id":"https:\/\/talkpal.ai\/sv\/#\/schema\/logo\/image\/"},"sameAs":["https:\/\/www.facebook.com\/profile.php?id=100090733639311","https:\/\/x.com\/talkpalai","https:\/\/www.linkedin.com\/company\/talkpal\/","https:\/\/www.youtube.com\/@TalkPal\/","https:\/\/www.tiktok.com\/@talkpal","https:\/\/www.instagram.com\/talkpal_ai\/","https:\/\/www.crunchbase.com\/organization\/talkpal-9cde","https:\/\/www.g2.com\/products\/talkpal-for-business\/","https:\/\/www.trustpilot.com\/review\/talkpal.ai","https:\/\/www.capterra.com\/p\/10006800\/TalkPal\/"],"description":"Talkpal is a language learning web and mobile education app, powered by the latest AI technologies, that provides engaging experiences to its customers in many different languages to help them improve their language skills. Users can chat about unlimited amount of topics with the app and use other modes to practice their language learning.","email":"support@talkpal.ai","legalName":"Talkpal, Inc.","foundingDate":"2023-04-03","duns":"118989042","numberOfEmployees":{"@type":"QuantitativeValue","minValue":"11","maxValue":"50"},"publishingPrinciples":"https:\/\/talkpal.ai\/publishing-principles\/","actionableFeedbackPolicy":"https:\/\/talkpal.ai\/actionable-feedback-policy\/","correctionsPolicy":"https:\/\/talkpal.ai\/corrections-policy\/","ethicsPolicy":"https:\/\/talkpal.ai\/ethics-policy\/","diversityPolicy":"https:\/\/talkpal.ai\/diversity-policy\/","diversityStaffingReport":"https:\/\/talkpal.ai\/diversity-policy\/"}]}},"_links":{"self":[{"href":"https:\/\/talkpal.ai\/sv\/wp-json\/wp\/v2\/vocabulary\/305050","targetHints":{"allow":["GET"]}}],"collection":[{"href":"https:\/\/talkpal.ai\/sv\/wp-json\/wp\/v2\/vocabulary"}],"about":[{"href":"https:\/\/talkpal.ai\/sv\/wp-json\/wp\/v2\/types\/vocabulary"}],"wp:featuredmedia":[{"embeddable":true,"href":"https:\/\/talkpal.ai\/sv\/wp-json\/wp\/v2\/media\/1528098"}],"wp:attachment":[{"href":"https:\/\/talkpal.ai\/sv\/wp-json\/wp\/v2\/media?parent=305050"}],"wp:term":[{"taxonomy":"vocabulary_language","embeddable":true,"href":"https:\/\/talkpal.ai\/sv\/wp-json\/wp\/v2\/vocabulary_language?post=305050"}],"curies":[{"name":"wp","href":"https:\/\/api.w.org\/{rel}","templated":true}]}}