{"id":304996,"date":"2024-05-14T21:11:02","date_gmt":"2024-05-14T21:11:02","guid":{"rendered":"https:\/\/talkpal.ai\/vocabulary\/photo-vs-photographie-fortydligande-bildsprak-pa-franska\/"},"modified":"2024-05-14T21:11:02","modified_gmt":"2024-05-14T21:11:02","slug":"photo-vs-photographie-fortydligande-bildsprak-pa-franska","status":"publish","type":"vocabulary","link":"https:\/\/talkpal.ai\/sv\/vocabulary\/photo-vs-photographie-fortydligande-bildsprak-pa-franska\/","title":{"rendered":"Photo vs Photographie &#8211; F\u00f6rtydligande bildspr\u00e5k p\u00e5 franska"},"content":{"rendered":"<p>I den <a href=\"https:\/\/talkpal.ai\/learn-french\/\">franska<\/a> spr\u00e5kv\u00e4rlden, precis som i m\u00e5nga andra spr\u00e5k, \u00e4r det viktigt att k\u00e4nna till de olika termerna f\u00f6r att beskriva bilder. Tv\u00e5 ord som ofta kan f\u00f6rv\u00e4xlas \u00e4r <b>&#8221;photo&#8221;<\/b> och <b>&#8221;photographie&#8221;<\/b>. Dessa tv\u00e5 termer \u00e4r n\u00e4ra relaterade men anv\u00e4nds i olika sammanhang och har olika nyanser i betydelsen. F\u00f6r att f\u00f6rst\u00e5 och anv\u00e4nda dem korrekt, \u00e4r det viktigt att g\u00f6ra en djupdykning i deras definitioner och anv\u00e4ndningsomr\u00e5den.<\/p>\n<h3>Grundl\u00e4ggande Definitioner<\/h3>\n<p>Ordet <b>&#8221;photo&#8221;<\/b> \u00e4r en f\u00f6rkortning av &#8221;photographie&#8221;, vilket \u00e4r det fullst\u00e4ndiga franska ordet f\u00f6r fotografi. &#8221;Photo&#8221; anv\u00e4nds ofta i vardagligt tal n\u00e4r man refererar till en bild eller ett fotografi. Exempelvis kan man s\u00e4ga:<br \/>\n<b>&#8221;Peux-tu prendre une photo de moi ?&#8221;<\/b> (Kan du ta en bild av mig?)<\/p>\n<p><b>&#8221;Photographie&#8221;<\/b>, \u00e5 <a href=\"https:\/\/talkpal.ai\/culture\/what-does-a-andra-sidan-mean\/\">andra sidan<\/a>, anv\u00e4nds f\u00f6r att referera till fotografi som konstform eller teknik. Det kan ocks\u00e5 anv\u00e4ndas i mer formella eller tekniska sammanhang. Ett exempel p\u00e5 detta \u00e4r:<br \/>\n<b>&#8221;La photographie en noir et blanc a un certain charme.&#8221;<\/b> (Svartvit fotografi har en viss charm.)<\/p>\n<h3>Anv\u00e4ndning i Sammanhang<\/h3>\n<p>Det \u00e4r viktigt att f\u00f6rst\u00e5 n\u00e4r och hur man anv\u00e4nder dessa ord korrekt f\u00f6r att inte bara f\u00f6rb\u00e4ttra sin franska utan \u00e4ven f\u00f6r att kunna kommunicera mer effektivt. &#8221;Photo&#8221; anv\u00e4nds generellt n\u00e4r man talar om en enskild bild. Om du till exempel \u00e4r p\u00e5 semester och vill visa dina v\u00e4nner bilder fr\u00e5n resan, skulle du s\u00e4ga:<br \/>\n<b>&#8221;J&#8217;ai pris beaucoup de belles photos pendant mes vacances.&#8221;<\/b> (Jag tog m\u00e5nga fina bilder under min semester.)<\/p>\n<p>&#8221;Photographie&#8221;, \u00e5 andra sidan, anv\u00e4nds f\u00f6r att diskutera fotografi p\u00e5 en mer abstrakt eller professionell niv\u00e5. Om du diskuterar din passion f\u00f6r fotografi som hobby eller yrke, skulle du anv\u00e4nda detta ord:<br \/>\n<b>&#8221;Je m&#8217;int\u00e9resse \u00e0 la photographie depuis de nombreuses ann\u00e9es.&#8221;<\/b> (Jag <a href=\"https:\/\/talkpal.ai\/culture\/when-do-i-use-har-varit-versus-var\/\">har varit<\/a> intresserad av fotografi i m\u00e5nga \u00e5r.)<\/p>\n<h3>Uttryck och Idiomatiska Anv\u00e4ndningar<\/h3>\n<p>Franskan \u00e4r rik p\u00e5 uttryck och ofta kan dessa ge ytterligare insikt i hur ord anv\u00e4nds. <a href=\"https:\/\/talkpal.ai\/culture\/how-do-i-use-det-finns-correctly\/\">Det finns<\/a> flera idiomatiska uttryck som anv\u00e4nder ordet &#8221;photo&#8221;, som till exempel:<br \/>\n<b>&#8221;\u00c7a va faire une belle photo !&#8221;<\/b> (Det kommer bli en <a href=\"https:\/\/talkpal.ai\/learn-finnish\/\">fin<\/a> bild!)<\/p>\n<p>Det \u00e4r mindre vanligt att hitta idiomatiska uttryck som anv\u00e4nder &#8221;photographie&#8221;, eftersom det \u00e4r mer formellt, men det kan f\u00f6rekomma i diskussioner relaterade till teknik eller konst.<\/p>\n<h3>Felaktig Anv\u00e4ndning och Vanliga Misstag<\/h3>\n<p>Ett vanligt misstag bland franska spr\u00e5kstudenter \u00e4r att anv\u00e4nda &#8221;photographie&#8221; n\u00e4r man faktiskt menar &#8221;photo&#8221;. Detta kan leda till f\u00f6rvirring, s\u00e4rskilt i vardagliga situationer. Om du till exempel s\u00e4ger:<br \/>\n<b>&#8221;Peux-tu prendre une photographie de moi ?&#8221;<\/b><br \/>\nDetta \u00e4r inte felaktigt, men det l\u00e5ter \u00f6verdrivet formellt och kan uppfattas som onaturligt i en avslappnad situation.<\/p>\n<h3>Sammanfattning och Tips f\u00f6r Spr\u00e5kinl\u00e4rning<\/h3>\n<p>Att l\u00e4ra sig n\u00e4r och hur man anv\u00e4nder &#8221;photo&#8221; och &#8221;photographie&#8221; kan verkligen f\u00f6rb\u00e4ttra din f\u00f6rm\u00e5ga att uttrycka dig p\u00e5 franska. Kom ih\u00e5g att &#8221;photo&#8221; oftast anv\u00e4nds i vardagliga sammanhang f\u00f6r att <a href=\"https:\/\/talkpal.ai\/locations\/language-courses-in-prata\/\">prata<\/a> om enskilda bilder, medan &#8221;photographie&#8221; anv\u00e4nds f\u00f6r att prata om fotografi som konst eller teknik. Ett bra tips \u00e4r att lyssna p\u00e5 inf\u00f6dda talare och notera i vilka sammanhang de anv\u00e4nder dessa ord. Detta kan ge dig en djupare f\u00f6rst\u00e5else f\u00f6r deras anv\u00e4ndning och hj\u00e4lpa dig att undvika vanliga misstag.<\/p>\n<p>Genom att f\u00f6rst\u00e5 dessa nyanser i franska bildspr\u00e5ket kan du inte bara f\u00f6rb\u00e4ttra din spr\u00e5kf\u00e4rdighet men ocks\u00e5 din f\u00f6rm\u00e5ga att kommunicera mer exakt och effektivt. Oavsett om du \u00e4r en aspirerande fotograf eller bara vill kunna prata om dina semesterbilder, \u00e4r en korrekt anv\u00e4ndning av dessa termer avg\u00f6rande.<\/p>\n","protected":false},"featured_media":1528114,"template":"","vocabulary_language":[3479],"class_list":["post-304996","vocabulary","type-vocabulary","status-publish","has-post-thumbnail","hentry","vocabulary_language-franska"],"acf":[],"yoast_head":"<!-- This site is optimized with the Yoast SEO Premium plugin v27.2 (Yoast SEO v27.2) - https:\/\/yoast.com\/product\/yoast-seo-premium-wordpress\/ -->\n<title>Photo vs Photographie - F\u00f6rtydligande bildspr\u00e5k p\u00e5 franska - Talkpal<\/title>\n<meta name=\"description\" content=\"I den franska spr\u00e5kv\u00e4rlden, precis som i m\u00e5nga andra spr\u00e5k, \u00e4r det viktigt att k\u00e4nna till de olika termerna f\u00f6r att beskriva bilder. Tv\u00e5 ord som ofta kan\" \/>\n<meta name=\"robots\" content=\"index, follow, max-snippet:-1, max-image-preview:large, max-video-preview:-1\" \/>\n<link rel=\"canonical\" href=\"https:\/\/talkpal.ai\/sv\/vocabulary\/photo-vs-photographie-fortydligande-bildsprak-pa-franska\/\" \/>\n<meta property=\"og:locale\" content=\"sv_SE\" \/>\n<meta property=\"og:type\" content=\"article\" \/>\n<meta property=\"og:title\" content=\"Photo vs Photographie - F\u00f6rtydligande bildspr\u00e5k p\u00e5 franska\" \/>\n<meta property=\"og:description\" content=\"I den franska spr\u00e5kv\u00e4rlden, precis som i m\u00e5nga andra spr\u00e5k, \u00e4r det viktigt att k\u00e4nna till de olika termerna f\u00f6r att beskriva bilder. Tv\u00e5 ord som ofta kan\" \/>\n<meta property=\"og:url\" content=\"https:\/\/talkpal.ai\/sv\/vocabulary\/photo-vs-photographie-fortydligande-bildsprak-pa-franska\/\" \/>\n<meta property=\"og:site_name\" content=\"Talkpal\" \/>\n<meta property=\"article:publisher\" content=\"https:\/\/www.facebook.com\/profile.php?id=100090733639311\" \/>\n<meta property=\"og:image\" content=\"https:\/\/talkpal.ai\/wp-content\/uploads\/2024\/10\/talkpal_flat_illustration_of_a_employees_working_together_happi_c674ff77-e477-4e09-835a-01d30e561e99.png\" \/>\n\t<meta property=\"og:image:width\" content=\"1024\" \/>\n\t<meta property=\"og:image:height\" content=\"1024\" \/>\n\t<meta property=\"og:image:type\" content=\"image\/png\" \/>\n<meta name=\"twitter:card\" content=\"summary_large_image\" \/>\n<meta name=\"twitter:site\" content=\"@talkpalai\" \/>\n<meta name=\"twitter:label1\" content=\"Ber\u00e4knad l\u00e4stid\" \/>\n\t<meta name=\"twitter:data1\" content=\"3 minuter\" \/>\n<script type=\"application\/ld+json\" class=\"yoast-schema-graph\">{\"@context\":\"https:\/\/schema.org\",\"@graph\":[{\"@type\":\"WebPage\",\"@id\":\"https:\/\/talkpal.ai\/sv\/vocabulary\/photo-vs-photographie-fortydligande-bildsprak-pa-franska\/\",\"url\":\"https:\/\/talkpal.ai\/sv\/vocabulary\/photo-vs-photographie-fortydligande-bildsprak-pa-franska\/\",\"name\":\"Photo vs Photographie - F\u00f6rtydligande bildspr\u00e5k p\u00e5 franska - Talkpal\",\"isPartOf\":{\"@id\":\"https:\/\/talkpal.ai\/sv\/#website\"},\"primaryImageOfPage\":{\"@id\":\"https:\/\/talkpal.ai\/sv\/vocabulary\/photo-vs-photographie-fortydligande-bildsprak-pa-franska\/#primaryimage\"},\"image\":{\"@id\":\"https:\/\/talkpal.ai\/sv\/vocabulary\/photo-vs-photographie-fortydligande-bildsprak-pa-franska\/#primaryimage\"},\"thumbnailUrl\":\"https:\/\/talkpal.ai\/wp-content\/uploads\/2025\/12\/workspace-is-used-to-learn-languages.webp\",\"datePublished\":\"2024-05-14T21:11:02+00:00\",\"description\":\"I den franska spr\u00e5kv\u00e4rlden, precis som i m\u00e5nga andra spr\u00e5k, \u00e4r det viktigt att k\u00e4nna till de olika termerna f\u00f6r att beskriva bilder. Tv\u00e5 ord som ofta kan\",\"breadcrumb\":{\"@id\":\"https:\/\/talkpal.ai\/sv\/vocabulary\/photo-vs-photographie-fortydligande-bildsprak-pa-franska\/#breadcrumb\"},\"inLanguage\":\"sv-SE\",\"potentialAction\":[{\"@type\":\"ReadAction\",\"target\":[\"https:\/\/talkpal.ai\/sv\/vocabulary\/photo-vs-photographie-fortydligande-bildsprak-pa-franska\/\"]}]},{\"@type\":\"ImageObject\",\"inLanguage\":\"sv-SE\",\"@id\":\"https:\/\/talkpal.ai\/sv\/vocabulary\/photo-vs-photographie-fortydligande-bildsprak-pa-franska\/#primaryimage\",\"url\":\"https:\/\/talkpal.ai\/wp-content\/uploads\/2025\/12\/workspace-is-used-to-learn-languages.webp\",\"contentUrl\":\"https:\/\/talkpal.ai\/wp-content\/uploads\/2025\/12\/workspace-is-used-to-learn-languages.webp\",\"width\":1200,\"height\":896,\"caption\":\"People sit at wooden tables using laptops for learning languages in a modern office with sunset views.\"},{\"@type\":\"BreadcrumbList\",\"@id\":\"https:\/\/talkpal.ai\/sv\/vocabulary\/photo-vs-photographie-fortydligande-bildsprak-pa-franska\/#breadcrumb\",\"itemListElement\":[{\"@type\":\"ListItem\",\"position\":1,\"name\":\"Homepage\",\"item\":\"https:\/\/talkpal.ai\/sv\/\"},{\"@type\":\"ListItem\",\"position\":2,\"name\":\"Photo vs Photographie &#8211; F\u00f6rtydligande bildspr\u00e5k p\u00e5 franska\"}]},{\"@type\":\"WebSite\",\"@id\":\"https:\/\/talkpal.ai\/sv\/#website\",\"url\":\"https:\/\/talkpal.ai\/sv\/\",\"name\":\"Talkpal\",\"description\":\"AI Language Learning\",\"publisher\":{\"@id\":\"https:\/\/talkpal.ai\/sv\/#organization\"},\"alternateName\":\"Talkpal AI\",\"potentialAction\":[{\"@type\":\"SearchAction\",\"target\":{\"@type\":\"EntryPoint\",\"urlTemplate\":\"https:\/\/talkpal.ai\/sv\/?s={search_term_string}\"},\"query-input\":{\"@type\":\"PropertyValueSpecification\",\"valueRequired\":true,\"valueName\":\"search_term_string\"}}],\"inLanguage\":\"sv-SE\"},{\"@type\":\"Organization\",\"@id\":\"https:\/\/talkpal.ai\/sv\/#organization\",\"name\":\"Talkpal, Inc.\",\"alternateName\":\"Talkpal AI\",\"url\":\"https:\/\/talkpal.ai\/sv\/\",\"logo\":{\"@type\":\"ImageObject\",\"inLanguage\":\"sv-SE\",\"@id\":\"https:\/\/talkpal.ai\/sv\/#\/schema\/logo\/image\/\",\"url\":\"https:\/\/talkpal.ai\/wp-content\/uploads\/2024\/03\/Talkpal-Logo-Icon.png\",\"contentUrl\":\"https:\/\/talkpal.ai\/wp-content\/uploads\/2024\/03\/Talkpal-Logo-Icon.png\",\"width\":2880,\"height\":2880,\"caption\":\"Talkpal, Inc.\"},\"image\":{\"@id\":\"https:\/\/talkpal.ai\/sv\/#\/schema\/logo\/image\/\"},\"sameAs\":[\"https:\/\/www.facebook.com\/profile.php?id=100090733639311\",\"https:\/\/x.com\/talkpalai\",\"https:\/\/www.linkedin.com\/company\/talkpal\/\",\"https:\/\/www.youtube.com\/@TalkPal\/\",\"https:\/\/www.tiktok.com\/@talkpal\",\"https:\/\/www.instagram.com\/talkpal_ai\/\",\"https:\/\/www.crunchbase.com\/organization\/talkpal-9cde\",\"https:\/\/www.g2.com\/products\/talkpal-for-business\/\",\"https:\/\/www.trustpilot.com\/review\/talkpal.ai\",\"https:\/\/www.capterra.com\/p\/10006800\/TalkPal\/\"],\"description\":\"Talkpal is a language learning web and mobile education app, powered by the latest AI technologies, that provides engaging experiences to its customers in many different languages to help them improve their language skills. Users can chat about unlimited amount of topics with the app and use other modes to practice their language learning.\",\"email\":\"support@talkpal.ai\",\"legalName\":\"Talkpal, Inc.\",\"foundingDate\":\"2023-04-03\",\"duns\":\"118989042\",\"numberOfEmployees\":{\"@type\":\"QuantitativeValue\",\"minValue\":\"11\",\"maxValue\":\"50\"},\"publishingPrinciples\":\"https:\/\/talkpal.ai\/publishing-principles\/\",\"actionableFeedbackPolicy\":\"https:\/\/talkpal.ai\/actionable-feedback-policy\/\",\"correctionsPolicy\":\"https:\/\/talkpal.ai\/corrections-policy\/\",\"ethicsPolicy\":\"https:\/\/talkpal.ai\/ethics-policy\/\",\"diversityPolicy\":\"https:\/\/talkpal.ai\/diversity-policy\/\",\"diversityStaffingReport\":\"https:\/\/talkpal.ai\/diversity-policy\/\"}]}<\/script>\n<!-- \/ Yoast SEO Premium plugin. -->","yoast_head_json":{"title":"Photo vs Photographie - F\u00f6rtydligande bildspr\u00e5k p\u00e5 franska - Talkpal","description":"I den franska spr\u00e5kv\u00e4rlden, precis som i m\u00e5nga andra spr\u00e5k, \u00e4r det viktigt att k\u00e4nna till de olika termerna f\u00f6r att beskriva bilder. Tv\u00e5 ord som ofta kan","robots":{"index":"index","follow":"follow","max-snippet":"max-snippet:-1","max-image-preview":"max-image-preview:large","max-video-preview":"max-video-preview:-1"},"canonical":"https:\/\/talkpal.ai\/sv\/vocabulary\/photo-vs-photographie-fortydligande-bildsprak-pa-franska\/","og_locale":"sv_SE","og_type":"article","og_title":"Photo vs Photographie - F\u00f6rtydligande bildspr\u00e5k p\u00e5 franska","og_description":"I den franska spr\u00e5kv\u00e4rlden, precis som i m\u00e5nga andra spr\u00e5k, \u00e4r det viktigt att k\u00e4nna till de olika termerna f\u00f6r att beskriva bilder. Tv\u00e5 ord som ofta kan","og_url":"https:\/\/talkpal.ai\/sv\/vocabulary\/photo-vs-photographie-fortydligande-bildsprak-pa-franska\/","og_site_name":"Talkpal","article_publisher":"https:\/\/www.facebook.com\/profile.php?id=100090733639311","og_image":[{"width":1024,"height":1024,"url":"https:\/\/talkpal.ai\/wp-content\/uploads\/2024\/10\/talkpal_flat_illustration_of_a_employees_working_together_happi_c674ff77-e477-4e09-835a-01d30e561e99.png","type":"image\/png"}],"twitter_card":"summary_large_image","twitter_site":"@talkpalai","twitter_misc":{"Ber\u00e4knad l\u00e4stid":"3 minuter"},"schema":{"@context":"https:\/\/schema.org","@graph":[{"@type":"WebPage","@id":"https:\/\/talkpal.ai\/sv\/vocabulary\/photo-vs-photographie-fortydligande-bildsprak-pa-franska\/","url":"https:\/\/talkpal.ai\/sv\/vocabulary\/photo-vs-photographie-fortydligande-bildsprak-pa-franska\/","name":"Photo vs Photographie - F\u00f6rtydligande bildspr\u00e5k p\u00e5 franska - Talkpal","isPartOf":{"@id":"https:\/\/talkpal.ai\/sv\/#website"},"primaryImageOfPage":{"@id":"https:\/\/talkpal.ai\/sv\/vocabulary\/photo-vs-photographie-fortydligande-bildsprak-pa-franska\/#primaryimage"},"image":{"@id":"https:\/\/talkpal.ai\/sv\/vocabulary\/photo-vs-photographie-fortydligande-bildsprak-pa-franska\/#primaryimage"},"thumbnailUrl":"https:\/\/talkpal.ai\/wp-content\/uploads\/2025\/12\/workspace-is-used-to-learn-languages.webp","datePublished":"2024-05-14T21:11:02+00:00","description":"I den franska spr\u00e5kv\u00e4rlden, precis som i m\u00e5nga andra spr\u00e5k, \u00e4r det viktigt att k\u00e4nna till de olika termerna f\u00f6r att beskriva bilder. Tv\u00e5 ord som ofta kan","breadcrumb":{"@id":"https:\/\/talkpal.ai\/sv\/vocabulary\/photo-vs-photographie-fortydligande-bildsprak-pa-franska\/#breadcrumb"},"inLanguage":"sv-SE","potentialAction":[{"@type":"ReadAction","target":["https:\/\/talkpal.ai\/sv\/vocabulary\/photo-vs-photographie-fortydligande-bildsprak-pa-franska\/"]}]},{"@type":"ImageObject","inLanguage":"sv-SE","@id":"https:\/\/talkpal.ai\/sv\/vocabulary\/photo-vs-photographie-fortydligande-bildsprak-pa-franska\/#primaryimage","url":"https:\/\/talkpal.ai\/wp-content\/uploads\/2025\/12\/workspace-is-used-to-learn-languages.webp","contentUrl":"https:\/\/talkpal.ai\/wp-content\/uploads\/2025\/12\/workspace-is-used-to-learn-languages.webp","width":1200,"height":896,"caption":"People sit at wooden tables using laptops for learning languages in a modern office with sunset views."},{"@type":"BreadcrumbList","@id":"https:\/\/talkpal.ai\/sv\/vocabulary\/photo-vs-photographie-fortydligande-bildsprak-pa-franska\/#breadcrumb","itemListElement":[{"@type":"ListItem","position":1,"name":"Homepage","item":"https:\/\/talkpal.ai\/sv\/"},{"@type":"ListItem","position":2,"name":"Photo vs Photographie &#8211; F\u00f6rtydligande bildspr\u00e5k p\u00e5 franska"}]},{"@type":"WebSite","@id":"https:\/\/talkpal.ai\/sv\/#website","url":"https:\/\/talkpal.ai\/sv\/","name":"Talkpal","description":"AI Language Learning","publisher":{"@id":"https:\/\/talkpal.ai\/sv\/#organization"},"alternateName":"Talkpal AI","potentialAction":[{"@type":"SearchAction","target":{"@type":"EntryPoint","urlTemplate":"https:\/\/talkpal.ai\/sv\/?s={search_term_string}"},"query-input":{"@type":"PropertyValueSpecification","valueRequired":true,"valueName":"search_term_string"}}],"inLanguage":"sv-SE"},{"@type":"Organization","@id":"https:\/\/talkpal.ai\/sv\/#organization","name":"Talkpal, Inc.","alternateName":"Talkpal AI","url":"https:\/\/talkpal.ai\/sv\/","logo":{"@type":"ImageObject","inLanguage":"sv-SE","@id":"https:\/\/talkpal.ai\/sv\/#\/schema\/logo\/image\/","url":"https:\/\/talkpal.ai\/wp-content\/uploads\/2024\/03\/Talkpal-Logo-Icon.png","contentUrl":"https:\/\/talkpal.ai\/wp-content\/uploads\/2024\/03\/Talkpal-Logo-Icon.png","width":2880,"height":2880,"caption":"Talkpal, Inc."},"image":{"@id":"https:\/\/talkpal.ai\/sv\/#\/schema\/logo\/image\/"},"sameAs":["https:\/\/www.facebook.com\/profile.php?id=100090733639311","https:\/\/x.com\/talkpalai","https:\/\/www.linkedin.com\/company\/talkpal\/","https:\/\/www.youtube.com\/@TalkPal\/","https:\/\/www.tiktok.com\/@talkpal","https:\/\/www.instagram.com\/talkpal_ai\/","https:\/\/www.crunchbase.com\/organization\/talkpal-9cde","https:\/\/www.g2.com\/products\/talkpal-for-business\/","https:\/\/www.trustpilot.com\/review\/talkpal.ai","https:\/\/www.capterra.com\/p\/10006800\/TalkPal\/"],"description":"Talkpal is a language learning web and mobile education app, powered by the latest AI technologies, that provides engaging experiences to its customers in many different languages to help them improve their language skills. Users can chat about unlimited amount of topics with the app and use other modes to practice their language learning.","email":"support@talkpal.ai","legalName":"Talkpal, Inc.","foundingDate":"2023-04-03","duns":"118989042","numberOfEmployees":{"@type":"QuantitativeValue","minValue":"11","maxValue":"50"},"publishingPrinciples":"https:\/\/talkpal.ai\/publishing-principles\/","actionableFeedbackPolicy":"https:\/\/talkpal.ai\/actionable-feedback-policy\/","correctionsPolicy":"https:\/\/talkpal.ai\/corrections-policy\/","ethicsPolicy":"https:\/\/talkpal.ai\/ethics-policy\/","diversityPolicy":"https:\/\/talkpal.ai\/diversity-policy\/","diversityStaffingReport":"https:\/\/talkpal.ai\/diversity-policy\/"}]}},"_links":{"self":[{"href":"https:\/\/talkpal.ai\/sv\/wp-json\/wp\/v2\/vocabulary\/304996","targetHints":{"allow":["GET"]}}],"collection":[{"href":"https:\/\/talkpal.ai\/sv\/wp-json\/wp\/v2\/vocabulary"}],"about":[{"href":"https:\/\/talkpal.ai\/sv\/wp-json\/wp\/v2\/types\/vocabulary"}],"wp:featuredmedia":[{"embeddable":true,"href":"https:\/\/talkpal.ai\/sv\/wp-json\/wp\/v2\/media\/1528114"}],"wp:attachment":[{"href":"https:\/\/talkpal.ai\/sv\/wp-json\/wp\/v2\/media?parent=304996"}],"wp:term":[{"taxonomy":"vocabulary_language","embeddable":true,"href":"https:\/\/talkpal.ai\/sv\/wp-json\/wp\/v2\/vocabulary_language?post=304996"}],"curies":[{"name":"wp","href":"https:\/\/api.w.org\/{rel}","templated":true}]}}