{"id":304975,"date":"2024-05-14T21:08:25","date_gmt":"2024-05-14T21:08:25","guid":{"rendered":"https:\/\/talkpal.ai\/vocabulary\/matin-vs-matinee-forsta-tidsrelaterade-franska-substantiv\/"},"modified":"2024-05-14T21:08:25","modified_gmt":"2024-05-14T21:08:25","slug":"matin-vs-matinee-forsta-tidsrelaterade-franska-substantiv","status":"publish","type":"vocabulary","link":"https:\/\/talkpal.ai\/sv\/vocabulary\/matin-vs-matinee-forsta-tidsrelaterade-franska-substantiv\/","title":{"rendered":"Matin vs Matin\u00e9e &#8211; F\u00f6rst\u00e5 tidsrelaterade franska substantiv"},"content":{"rendered":"<p>N\u00e4r man l\u00e4r sig <a href=\"https:\/\/talkpal.ai\/learn-french\/\">franska<\/a> st\u00f6ter man ofta p\u00e5 sm\u00e5 nyanser som kan f\u00f6rvirra. Tv\u00e5 s\u00e5dana ord som ofta blandas ihop \u00e4r <b>&#8221;matin&#8221;<\/b> och <b>&#8221;matin\u00e9e&#8221;<\/b>. Trots att de l\u00e5ter liknande och b\u00e5da har att g\u00f6ra med dagens f\u00f6rsta del, anv\u00e4nds de i olika sammanhang och har olika betydelser.<\/p>\n<h3>Grundl\u00e4ggande Skillnader<\/h3>\n<p>Ordet <b>&#8221;matin&#8221;<\/b> anv\u00e4nds f\u00f6r att referera till morgontiden, allts\u00e5 den tid p\u00e5 dagen som str\u00e4cker sig fr\u00e5n gryningen till mitt p\u00e5 dagen. Det kan \u00f6vers\u00e4ttas som &#8221;morgon&#8221; p\u00e5 <a href=\"https:\/\/talkpal.ai\/learn-swedish\/\">svenska<\/a>. <b>&#8221;Matin\u00e9e&#8221;<\/b>, \u00e5 <a href=\"https:\/\/talkpal.ai\/culture\/what-does-a-andra-sidan-mean\/\">andra sidan<\/a>, har en bredare tidsspann och refererar till hela f\u00f6rmiddagen fram till tidig eftermiddag. Detta ord kan \u00f6vers\u00e4ttas som &#8221;f\u00f6rmiddag&#8221;.<\/p>\n<h3>Anv\u00e4ndning av &#8221;Matin&#8221;<\/h3>\n<p><b>&#8221;Matin&#8221;<\/b> anv\u00e4nds oftast i mer formella eller litter\u00e4ra sammanhang. Det kan ocks\u00e5 dyka upp i vardagligt tal, s\u00e4rskilt n\u00e4r man pratar om rutiner eller specifika h\u00e4ndelser som sker p\u00e5 morgonen.<\/p>\n<p><b>Je me l\u00e8ve toujours t\u00f4t le matin.<\/b> &#8211; Jag stiger alltid upp tidigt p\u00e5 morgonen.<\/p>\n<p>Detta visar p\u00e5 anv\u00e4ndningen av &#8221;matin&#8221; f\u00f6r att specificera en vanlig morgonaktivitet. Ordet \u00e4r anv\u00e4ndbart n\u00e4r man vill betona tidpunkten p\u00e5 dagen utan att g\u00e5 in p\u00e5 detaljer om exakt hur l\u00e5ng perioden str\u00e4cker sig.<\/p>\n<h3>Anv\u00e4ndning av &#8221;Matin\u00e9e&#8221;<\/h3>\n<p><b>&#8221;Matin\u00e9e&#8221;<\/b> \u00e4r anv\u00e4ndbart n\u00e4r man refererar till aktiviteter som str\u00e4cker sig \u00f6ver en l\u00e4ngre period under dagen, och inte enbart den tidiga morgonen.<\/p>\n<p><b>Nous avons assist\u00e9 \u00e0 une matin\u00e9e th\u00e9\u00e2trale.<\/b> &#8211; Vi deltog i en teaterf\u00f6rest\u00e4llning p\u00e5 f\u00f6rmiddagen.<\/p>\n<p>I detta fall str\u00e4cker sig aktiviteten sannolikt \u00f6ver flera timmar, och &#8221;matin\u00e9e&#8221; hj\u00e4lper till att ge en f\u00f6rst\u00e5else f\u00f6r att det handlar om en f\u00f6rl\u00e4ngd period under dagens f\u00f6rsta h\u00e4lft.<\/p>\n<h3>Kulturella Kontexter<\/h3>\n<p>I fransktalande l\u00e4nder \u00e4r det inte bara spr\u00e5kligt som <b>&#8221;matin&#8221;<\/b> och <b>&#8221;matin\u00e9e&#8221;<\/b> skiljer sig \u00e5t, utan \u00e4ven kulturellt. &#8221;Matin\u00e9e&#8221; kan ofta associeras med sociala eller kulturella evenemang som \u00e4ger rum under f\u00f6rmiddagen, vilket \u00e4r vanligt p\u00e5 helger eller lediga dagar.<\/p>\n<p><b>La matin\u00e9e sera occup\u00e9e par des activit\u00e9s culturelles.<\/b> &#8211; F\u00f6rmiddagen kommer att upptas av kulturella aktiviteter.<\/p>\n<p>Detta understryker hur &#8221;matin\u00e9e&#8221; kan anv\u00e4ndas f\u00f6r att planera eller beskriva aktiviteter som tar st\u00f6rre del av f\u00f6rmiddagen och ibland str\u00e4cker sig in i tidig eftermiddag.<\/p>\n<h3>Sammanfattning av Nyckelskillnader<\/h3>\n<p>Att f\u00f6rst\u00e5 skillnaden mellan &#8221;matin&#8221; och &#8221;matin\u00e9e&#8221; \u00e4r viktigt f\u00f6r att kunna kommunicera korrekt p\u00e5 franska. &#8221;Matin&#8221; \u00e4r mer specifikt och riktar sig mot den tidiga delen av dagen, medan &#8221;matin\u00e9e&#8221; \u00e4r mer omfattande och inkluderar en st\u00f6rre del av dagens ljusa timmar.<\/p>\n<p>Genom att anv\u00e4nda dessa ord korrekt kan man f\u00f6rb\u00e4ttra sin f\u00f6rm\u00e5ga att beskriva och planera dagliga aktiviteter p\u00e5 franska, samt f\u00f6rb\u00e4ttra sin f\u00f6rst\u00e5else f\u00f6r spr\u00e5kets subtiliteter.<\/p>\n<h3>Praktiska \u00d6vningar<\/h3>\n<p>F\u00f6r att ytterligare bef\u00e4sta kunskapen om dessa ord kan det vara hj\u00e4lpsamt att \u00f6va med riktiga meningar. F\u00f6rs\u00f6k att skapa egna meningar med &#8221;matin&#8221; och &#8221;matin\u00e9e&#8221; baserat p\u00e5 din dagliga rutin eller planera en fiktiv dag i en fransktalande stad med hj\u00e4lp av dessa ord. Diskutera ocks\u00e5 med andra som l\u00e4r sig franska f\u00f6r att se hur de anv\u00e4nder dessa ord i sina meningar.<\/p>\n<p>Att f\u00f6rst\u00e5 och korrekt anv\u00e4nda <b>&#8221;matin&#8221;<\/b> och <b>&#8221;matin\u00e9e&#8221;<\/b> berikar din franska och g\u00f6r det m\u00f6jligt att mer exakt och detaljerat kommunicera om dagliga h\u00e4ndelser och planer.<\/p>\n","protected":false},"featured_media":1528352,"template":"","vocabulary_language":[3479],"class_list":["post-304975","vocabulary","type-vocabulary","status-publish","has-post-thumbnail","hentry","vocabulary_language-franska"],"acf":[],"yoast_head":"<!-- This site is optimized with the Yoast SEO Premium plugin v27.2 (Yoast SEO v27.2) - https:\/\/yoast.com\/product\/yoast-seo-premium-wordpress\/ -->\n<title>Matin vs Matin\u00e9e - F\u00f6rst\u00e5 tidsrelaterade franska substantiv - Talkpal<\/title>\n<meta name=\"description\" content=\"N\u00e4r man l\u00e4r sig franska st\u00f6ter man ofta p\u00e5 sm\u00e5 nyanser som kan f\u00f6rvirra. Tv\u00e5 s\u00e5dana ord som ofta blandas ihop \u00e4r &quot;matin&quot; och &quot;matin\u00e9e&quot;. Trots att de l\u00e5ter\" \/>\n<meta name=\"robots\" content=\"index, follow, max-snippet:-1, max-image-preview:large, max-video-preview:-1\" \/>\n<link rel=\"canonical\" href=\"https:\/\/talkpal.ai\/sv\/vocabulary\/matin-vs-matinee-forsta-tidsrelaterade-franska-substantiv\/\" \/>\n<meta property=\"og:locale\" content=\"sv_SE\" \/>\n<meta property=\"og:type\" content=\"article\" \/>\n<meta property=\"og:title\" content=\"Matin vs Matin\u00e9e - F\u00f6rst\u00e5 tidsrelaterade franska substantiv\" \/>\n<meta property=\"og:description\" content=\"N\u00e4r man l\u00e4r sig franska st\u00f6ter man ofta p\u00e5 sm\u00e5 nyanser som kan f\u00f6rvirra. Tv\u00e5 s\u00e5dana ord som ofta blandas ihop \u00e4r &quot;matin&quot; och &quot;matin\u00e9e&quot;. Trots att de l\u00e5ter\" \/>\n<meta property=\"og:url\" content=\"https:\/\/talkpal.ai\/sv\/vocabulary\/matin-vs-matinee-forsta-tidsrelaterade-franska-substantiv\/\" \/>\n<meta property=\"og:site_name\" content=\"Talkpal\" \/>\n<meta property=\"article:publisher\" content=\"https:\/\/www.facebook.com\/profile.php?id=100090733639311\" \/>\n<meta property=\"og:image\" content=\"https:\/\/talkpal.ai\/wp-content\/uploads\/2024\/10\/talkpal_flat_illustration_of_a_employees_working_together_happi_c674ff77-e477-4e09-835a-01d30e561e99.png\" \/>\n\t<meta property=\"og:image:width\" content=\"1024\" \/>\n\t<meta property=\"og:image:height\" content=\"1024\" \/>\n\t<meta property=\"og:image:type\" content=\"image\/png\" \/>\n<meta name=\"twitter:card\" content=\"summary_large_image\" \/>\n<meta name=\"twitter:site\" content=\"@talkpalai\" \/>\n<meta name=\"twitter:label1\" content=\"Ber\u00e4knad l\u00e4stid\" \/>\n\t<meta name=\"twitter:data1\" content=\"3 minuter\" \/>\n<script type=\"application\/ld+json\" class=\"yoast-schema-graph\">{\"@context\":\"https:\/\/schema.org\",\"@graph\":[{\"@type\":\"WebPage\",\"@id\":\"https:\/\/talkpal.ai\/sv\/vocabulary\/matin-vs-matinee-forsta-tidsrelaterade-franska-substantiv\/\",\"url\":\"https:\/\/talkpal.ai\/sv\/vocabulary\/matin-vs-matinee-forsta-tidsrelaterade-franska-substantiv\/\",\"name\":\"Matin vs Matin\u00e9e - F\u00f6rst\u00e5 tidsrelaterade franska substantiv - Talkpal\",\"isPartOf\":{\"@id\":\"https:\/\/talkpal.ai\/sv\/#website\"},\"primaryImageOfPage\":{\"@id\":\"https:\/\/talkpal.ai\/sv\/vocabulary\/matin-vs-matinee-forsta-tidsrelaterade-franska-substantiv\/#primaryimage\"},\"image\":{\"@id\":\"https:\/\/talkpal.ai\/sv\/vocabulary\/matin-vs-matinee-forsta-tidsrelaterade-franska-substantiv\/#primaryimage\"},\"thumbnailUrl\":\"https:\/\/talkpal.ai\/wp-content\/uploads\/2025\/12\/trio-manages-laptops-to-learn-languages.webp\",\"datePublished\":\"2024-05-14T21:08:25+00:00\",\"description\":\"N\u00e4r man l\u00e4r sig franska st\u00f6ter man ofta p\u00e5 sm\u00e5 nyanser som kan f\u00f6rvirra. Tv\u00e5 s\u00e5dana ord som ofta blandas ihop \u00e4r \\\"matin\\\" och \\\"matin\u00e9e\\\". Trots att de l\u00e5ter\",\"breadcrumb\":{\"@id\":\"https:\/\/talkpal.ai\/sv\/vocabulary\/matin-vs-matinee-forsta-tidsrelaterade-franska-substantiv\/#breadcrumb\"},\"inLanguage\":\"sv-SE\",\"potentialAction\":[{\"@type\":\"ReadAction\",\"target\":[\"https:\/\/talkpal.ai\/sv\/vocabulary\/matin-vs-matinee-forsta-tidsrelaterade-franska-substantiv\/\"]}]},{\"@type\":\"ImageObject\",\"inLanguage\":\"sv-SE\",\"@id\":\"https:\/\/talkpal.ai\/sv\/vocabulary\/matin-vs-matinee-forsta-tidsrelaterade-franska-substantiv\/#primaryimage\",\"url\":\"https:\/\/talkpal.ai\/wp-content\/uploads\/2025\/12\/trio-manages-laptops-to-learn-languages.webp\",\"contentUrl\":\"https:\/\/talkpal.ai\/wp-content\/uploads\/2025\/12\/trio-manages-laptops-to-learn-languages.webp\",\"width\":1200,\"height\":896,\"caption\":\"A trio of students manages multiple laptops and papers while focused on learning languages.\"},{\"@type\":\"BreadcrumbList\",\"@id\":\"https:\/\/talkpal.ai\/sv\/vocabulary\/matin-vs-matinee-forsta-tidsrelaterade-franska-substantiv\/#breadcrumb\",\"itemListElement\":[{\"@type\":\"ListItem\",\"position\":1,\"name\":\"Homepage\",\"item\":\"https:\/\/talkpal.ai\/sv\/\"},{\"@type\":\"ListItem\",\"position\":2,\"name\":\"Matin vs Matin\u00e9e &#8211; F\u00f6rst\u00e5 tidsrelaterade franska substantiv\"}]},{\"@type\":\"WebSite\",\"@id\":\"https:\/\/talkpal.ai\/sv\/#website\",\"url\":\"https:\/\/talkpal.ai\/sv\/\",\"name\":\"Talkpal\",\"description\":\"AI Language Learning\",\"publisher\":{\"@id\":\"https:\/\/talkpal.ai\/sv\/#organization\"},\"alternateName\":\"Talkpal AI\",\"potentialAction\":[{\"@type\":\"SearchAction\",\"target\":{\"@type\":\"EntryPoint\",\"urlTemplate\":\"https:\/\/talkpal.ai\/sv\/?s={search_term_string}\"},\"query-input\":{\"@type\":\"PropertyValueSpecification\",\"valueRequired\":true,\"valueName\":\"search_term_string\"}}],\"inLanguage\":\"sv-SE\"},{\"@type\":\"Organization\",\"@id\":\"https:\/\/talkpal.ai\/sv\/#organization\",\"name\":\"Talkpal, Inc.\",\"alternateName\":\"Talkpal AI\",\"url\":\"https:\/\/talkpal.ai\/sv\/\",\"logo\":{\"@type\":\"ImageObject\",\"inLanguage\":\"sv-SE\",\"@id\":\"https:\/\/talkpal.ai\/sv\/#\/schema\/logo\/image\/\",\"url\":\"https:\/\/talkpal.ai\/wp-content\/uploads\/2024\/03\/Talkpal-Logo-Icon.png\",\"contentUrl\":\"https:\/\/talkpal.ai\/wp-content\/uploads\/2024\/03\/Talkpal-Logo-Icon.png\",\"width\":2880,\"height\":2880,\"caption\":\"Talkpal, Inc.\"},\"image\":{\"@id\":\"https:\/\/talkpal.ai\/sv\/#\/schema\/logo\/image\/\"},\"sameAs\":[\"https:\/\/www.facebook.com\/profile.php?id=100090733639311\",\"https:\/\/x.com\/talkpalai\",\"https:\/\/www.linkedin.com\/company\/talkpal\/\",\"https:\/\/www.youtube.com\/@TalkPal\/\",\"https:\/\/www.tiktok.com\/@talkpal\",\"https:\/\/www.instagram.com\/talkpal_ai\/\",\"https:\/\/www.crunchbase.com\/organization\/talkpal-9cde\",\"https:\/\/www.g2.com\/products\/talkpal-for-business\/\",\"https:\/\/www.trustpilot.com\/review\/talkpal.ai\",\"https:\/\/www.capterra.com\/p\/10006800\/TalkPal\/\"],\"description\":\"Talkpal is a language learning web and mobile education app, powered by the latest AI technologies, that provides engaging experiences to its customers in many different languages to help them improve their language skills. Users can chat about unlimited amount of topics with the app and use other modes to practice their language learning.\",\"email\":\"support@talkpal.ai\",\"legalName\":\"Talkpal, Inc.\",\"foundingDate\":\"2023-04-03\",\"duns\":\"118989042\",\"numberOfEmployees\":{\"@type\":\"QuantitativeValue\",\"minValue\":\"11\",\"maxValue\":\"50\"},\"publishingPrinciples\":\"https:\/\/talkpal.ai\/publishing-principles\/\",\"actionableFeedbackPolicy\":\"https:\/\/talkpal.ai\/actionable-feedback-policy\/\",\"correctionsPolicy\":\"https:\/\/talkpal.ai\/corrections-policy\/\",\"ethicsPolicy\":\"https:\/\/talkpal.ai\/ethics-policy\/\",\"diversityPolicy\":\"https:\/\/talkpal.ai\/diversity-policy\/\",\"diversityStaffingReport\":\"https:\/\/talkpal.ai\/diversity-policy\/\"}]}<\/script>\n<!-- \/ Yoast SEO Premium plugin. -->","yoast_head_json":{"title":"Matin vs Matin\u00e9e - F\u00f6rst\u00e5 tidsrelaterade franska substantiv - Talkpal","description":"N\u00e4r man l\u00e4r sig franska st\u00f6ter man ofta p\u00e5 sm\u00e5 nyanser som kan f\u00f6rvirra. Tv\u00e5 s\u00e5dana ord som ofta blandas ihop \u00e4r \"matin\" och \"matin\u00e9e\". Trots att de l\u00e5ter","robots":{"index":"index","follow":"follow","max-snippet":"max-snippet:-1","max-image-preview":"max-image-preview:large","max-video-preview":"max-video-preview:-1"},"canonical":"https:\/\/talkpal.ai\/sv\/vocabulary\/matin-vs-matinee-forsta-tidsrelaterade-franska-substantiv\/","og_locale":"sv_SE","og_type":"article","og_title":"Matin vs Matin\u00e9e - F\u00f6rst\u00e5 tidsrelaterade franska substantiv","og_description":"N\u00e4r man l\u00e4r sig franska st\u00f6ter man ofta p\u00e5 sm\u00e5 nyanser som kan f\u00f6rvirra. Tv\u00e5 s\u00e5dana ord som ofta blandas ihop \u00e4r \"matin\" och \"matin\u00e9e\". Trots att de l\u00e5ter","og_url":"https:\/\/talkpal.ai\/sv\/vocabulary\/matin-vs-matinee-forsta-tidsrelaterade-franska-substantiv\/","og_site_name":"Talkpal","article_publisher":"https:\/\/www.facebook.com\/profile.php?id=100090733639311","og_image":[{"width":1024,"height":1024,"url":"https:\/\/talkpal.ai\/wp-content\/uploads\/2024\/10\/talkpal_flat_illustration_of_a_employees_working_together_happi_c674ff77-e477-4e09-835a-01d30e561e99.png","type":"image\/png"}],"twitter_card":"summary_large_image","twitter_site":"@talkpalai","twitter_misc":{"Ber\u00e4knad l\u00e4stid":"3 minuter"},"schema":{"@context":"https:\/\/schema.org","@graph":[{"@type":"WebPage","@id":"https:\/\/talkpal.ai\/sv\/vocabulary\/matin-vs-matinee-forsta-tidsrelaterade-franska-substantiv\/","url":"https:\/\/talkpal.ai\/sv\/vocabulary\/matin-vs-matinee-forsta-tidsrelaterade-franska-substantiv\/","name":"Matin vs Matin\u00e9e - F\u00f6rst\u00e5 tidsrelaterade franska substantiv - Talkpal","isPartOf":{"@id":"https:\/\/talkpal.ai\/sv\/#website"},"primaryImageOfPage":{"@id":"https:\/\/talkpal.ai\/sv\/vocabulary\/matin-vs-matinee-forsta-tidsrelaterade-franska-substantiv\/#primaryimage"},"image":{"@id":"https:\/\/talkpal.ai\/sv\/vocabulary\/matin-vs-matinee-forsta-tidsrelaterade-franska-substantiv\/#primaryimage"},"thumbnailUrl":"https:\/\/talkpal.ai\/wp-content\/uploads\/2025\/12\/trio-manages-laptops-to-learn-languages.webp","datePublished":"2024-05-14T21:08:25+00:00","description":"N\u00e4r man l\u00e4r sig franska st\u00f6ter man ofta p\u00e5 sm\u00e5 nyanser som kan f\u00f6rvirra. Tv\u00e5 s\u00e5dana ord som ofta blandas ihop \u00e4r \"matin\" och \"matin\u00e9e\". Trots att de l\u00e5ter","breadcrumb":{"@id":"https:\/\/talkpal.ai\/sv\/vocabulary\/matin-vs-matinee-forsta-tidsrelaterade-franska-substantiv\/#breadcrumb"},"inLanguage":"sv-SE","potentialAction":[{"@type":"ReadAction","target":["https:\/\/talkpal.ai\/sv\/vocabulary\/matin-vs-matinee-forsta-tidsrelaterade-franska-substantiv\/"]}]},{"@type":"ImageObject","inLanguage":"sv-SE","@id":"https:\/\/talkpal.ai\/sv\/vocabulary\/matin-vs-matinee-forsta-tidsrelaterade-franska-substantiv\/#primaryimage","url":"https:\/\/talkpal.ai\/wp-content\/uploads\/2025\/12\/trio-manages-laptops-to-learn-languages.webp","contentUrl":"https:\/\/talkpal.ai\/wp-content\/uploads\/2025\/12\/trio-manages-laptops-to-learn-languages.webp","width":1200,"height":896,"caption":"A trio of students manages multiple laptops and papers while focused on learning languages."},{"@type":"BreadcrumbList","@id":"https:\/\/talkpal.ai\/sv\/vocabulary\/matin-vs-matinee-forsta-tidsrelaterade-franska-substantiv\/#breadcrumb","itemListElement":[{"@type":"ListItem","position":1,"name":"Homepage","item":"https:\/\/talkpal.ai\/sv\/"},{"@type":"ListItem","position":2,"name":"Matin vs Matin\u00e9e &#8211; F\u00f6rst\u00e5 tidsrelaterade franska substantiv"}]},{"@type":"WebSite","@id":"https:\/\/talkpal.ai\/sv\/#website","url":"https:\/\/talkpal.ai\/sv\/","name":"Talkpal","description":"AI Language Learning","publisher":{"@id":"https:\/\/talkpal.ai\/sv\/#organization"},"alternateName":"Talkpal AI","potentialAction":[{"@type":"SearchAction","target":{"@type":"EntryPoint","urlTemplate":"https:\/\/talkpal.ai\/sv\/?s={search_term_string}"},"query-input":{"@type":"PropertyValueSpecification","valueRequired":true,"valueName":"search_term_string"}}],"inLanguage":"sv-SE"},{"@type":"Organization","@id":"https:\/\/talkpal.ai\/sv\/#organization","name":"Talkpal, Inc.","alternateName":"Talkpal AI","url":"https:\/\/talkpal.ai\/sv\/","logo":{"@type":"ImageObject","inLanguage":"sv-SE","@id":"https:\/\/talkpal.ai\/sv\/#\/schema\/logo\/image\/","url":"https:\/\/talkpal.ai\/wp-content\/uploads\/2024\/03\/Talkpal-Logo-Icon.png","contentUrl":"https:\/\/talkpal.ai\/wp-content\/uploads\/2024\/03\/Talkpal-Logo-Icon.png","width":2880,"height":2880,"caption":"Talkpal, Inc."},"image":{"@id":"https:\/\/talkpal.ai\/sv\/#\/schema\/logo\/image\/"},"sameAs":["https:\/\/www.facebook.com\/profile.php?id=100090733639311","https:\/\/x.com\/talkpalai","https:\/\/www.linkedin.com\/company\/talkpal\/","https:\/\/www.youtube.com\/@TalkPal\/","https:\/\/www.tiktok.com\/@talkpal","https:\/\/www.instagram.com\/talkpal_ai\/","https:\/\/www.crunchbase.com\/organization\/talkpal-9cde","https:\/\/www.g2.com\/products\/talkpal-for-business\/","https:\/\/www.trustpilot.com\/review\/talkpal.ai","https:\/\/www.capterra.com\/p\/10006800\/TalkPal\/"],"description":"Talkpal is a language learning web and mobile education app, powered by the latest AI technologies, that provides engaging experiences to its customers in many different languages to help them improve their language skills. Users can chat about unlimited amount of topics with the app and use other modes to practice their language learning.","email":"support@talkpal.ai","legalName":"Talkpal, Inc.","foundingDate":"2023-04-03","duns":"118989042","numberOfEmployees":{"@type":"QuantitativeValue","minValue":"11","maxValue":"50"},"publishingPrinciples":"https:\/\/talkpal.ai\/publishing-principles\/","actionableFeedbackPolicy":"https:\/\/talkpal.ai\/actionable-feedback-policy\/","correctionsPolicy":"https:\/\/talkpal.ai\/corrections-policy\/","ethicsPolicy":"https:\/\/talkpal.ai\/ethics-policy\/","diversityPolicy":"https:\/\/talkpal.ai\/diversity-policy\/","diversityStaffingReport":"https:\/\/talkpal.ai\/diversity-policy\/"}]}},"_links":{"self":[{"href":"https:\/\/talkpal.ai\/sv\/wp-json\/wp\/v2\/vocabulary\/304975","targetHints":{"allow":["GET"]}}],"collection":[{"href":"https:\/\/talkpal.ai\/sv\/wp-json\/wp\/v2\/vocabulary"}],"about":[{"href":"https:\/\/talkpal.ai\/sv\/wp-json\/wp\/v2\/types\/vocabulary"}],"wp:featuredmedia":[{"embeddable":true,"href":"https:\/\/talkpal.ai\/sv\/wp-json\/wp\/v2\/media\/1528352"}],"wp:attachment":[{"href":"https:\/\/talkpal.ai\/sv\/wp-json\/wp\/v2\/media?parent=304975"}],"wp:term":[{"taxonomy":"vocabulary_language","embeddable":true,"href":"https:\/\/talkpal.ai\/sv\/wp-json\/wp\/v2\/vocabulary_language?post=304975"}],"curies":[{"name":"wp","href":"https:\/\/api.w.org\/{rel}","templated":true}]}}