{"id":284125,"date":"2024-05-09T19:00:16","date_gmt":"2024-05-09T19:00:16","guid":{"rendered":"https:\/\/talkpal.ai\/vocabulary\/tyska-fraser-som-anvands-inom-skonhet-och-personlig-vard\/"},"modified":"2024-05-09T19:00:16","modified_gmt":"2024-05-09T19:00:16","slug":"tyska-fraser-som-anvands-inom-skonhet-och-personlig-vard","status":"publish","type":"vocabulary","link":"https:\/\/talkpal.ai\/sv\/vocabulary\/tyska-fraser-som-anvands-inom-skonhet-och-personlig-vard\/","title":{"rendered":"Tyska fraser som anv\u00e4nds inom sk\u00f6nhet och personlig v\u00e5rd"},"content":{"rendered":"<p>Tyskland \u00e4r k\u00e4nt f\u00f6r sin precision och kvalitet, inte bara inom teknik och bilar utan \u00e4ven n\u00e4r det g\u00e4ller sk\u00f6nhet och personlig v\u00e5rd. F\u00f6r den som \u00e4r intresserad av sk\u00f6nhet, eller kanske arbetar inom branschen, kan det vara anv\u00e4ndbart att k\u00e4nna till n\u00e5gra grundl\u00e4ggande <a href=\"https:\/\/talkpal.ai\/german-phrases-and-daily-expressions\/\">tyska fraser<\/a> och termer. H\u00e4r f\u00f6ljer en lista \u00f6ver anv\u00e4ndbara <a href=\"https:\/\/talkpal.ai\/50-funny-german-words\/\">tyska ord<\/a> inom sk\u00f6nhet och personlig v\u00e5rd.<\/p>\n<p><b>Sch\u00f6nheitssalon<\/b> &#8211; Sk\u00f6nhetssalong<br \/>\n<font color=\"#2D3AC7\">Ich habe einen Termin im Sch\u00f6nheitssalon um drei Uhr.<\/font><br \/>\nDetta \u00e4r platsen d\u00e4r sk\u00f6nhetstj\u00e4nster som h\u00e5rklippning, manikyr och ansiktsbehandlingar utf\u00f6rs.<\/p>\n<p><b>Kosmetik<\/b> &#8211; Kosmetika<br \/>\n<font color=\"#2D3AC7\">Sie verwendet nur nat\u00fcrliche Kosmetik f\u00fcr ihre Hautpflege.<\/font><br \/>\nDetta ord anv\u00e4nds f\u00f6r att beskriva produkter som anv\u00e4nds f\u00f6r att f\u00f6rb\u00e4ttra eller \u00e4ndra en persons utseende.<\/p>\n<p><b>Hautpflege<\/b> &#8211; Hudv\u00e5rd<br \/>\n<font color=\"#2D3AC7\">Hautpflege ist wichtig, um Ihre Haut gesund zu halten.<\/font><br \/>\nDetta innefattar alla rutiner eller behandlingar som \u00e4r avsedda att uppr\u00e4tth\u00e5lla hudens h\u00e4lsa och f\u00f6rb\u00e4ttra dess utseende.<\/p>\n<p><b>Feuchtigkeitscreme<\/b> &#8211; Fuktighetskr\u00e4m<br \/>\n<font color=\"#2D3AC7\">Sie tr\u00e4gt jeden Morgen Feuchtigkeitscreme auf.<\/font><br \/>\nEn produkt som anv\u00e4nds f\u00f6r att \u00e5terfukta huden och skydda den fr\u00e5n uttorkning.<\/p>\n<p><b>Anti-Aging-Creme<\/b> &#8211; Anti-aging kr\u00e4m<br \/>\n<font color=\"#2D3AC7\">Viele Menschen beginnen in ihren Drei\u00dfigern, Anti-Aging-Creme zu verwenden.<\/font><br \/>\nEn kr\u00e4m som anv\u00e4nds f\u00f6r att minska tecken p\u00e5 \u00e5ldrande, s\u00e5som rynkor och fina linjer.<\/p>\n<p><b>Make-up-Entferner<\/b> &#8211; Sminkborttagare<br \/>\n<font color=\"#2D3AC7\">Sie benutzt immer einen Make-up-Entferner, bevor sie ins Bett geht.<\/font><br \/>\nEn produkt som anv\u00e4nds f\u00f6r att ta bort kosmetika fr\u00e5n huden.<\/p>\n<p><b>Haarpflege<\/b> &#8211; H\u00e5rv\u00e5rd<br \/>\n<font color=\"#2D3AC7\">Regelm\u00e4\u00dfige Haarpflege ist notwendig, um gesundes Haar zu erhalten.<\/font><br \/>\nDetta omfattar alla rutiner eller behandlingar f\u00f6r att uppr\u00e4tth\u00e5lla h\u00e5rets h\u00e4lsa.<\/p>\n<p><b>Shampoo<\/b> &#8211; Schampo<br \/>\n<font color=\"#2D3AC7\">K\u00f6nnen Sie mir ein gutes Shampoo f\u00fcr trockenes Haar empfehlen?<\/font><br \/>\nEn h\u00e5rreng\u00f6ringsprodukt som anv\u00e4nds f\u00f6r att ta bort smuts, oljor och andra f\u00f6roreningar.<\/p>\n<p><b>Conditioner<\/b> &#8211; Balsam<br \/>\n<font color=\"#2D3AC7\">Ich benutze nach dem Waschen immer einen Conditioner, um mein Haar zu pflegen.<\/font><br \/>\nEn h\u00e5rv\u00e5rdsprodukt som anv\u00e4nds f\u00f6r att g\u00f6ra h\u00e5ret mjukare och l\u00e4ttare att hantera.<\/p>\n<p><b>Parf\u00fcm<\/b> &#8211; Parfym<br \/>\n<font color=\"#2D3AC7\">Sie tr\u00e4gt immer Parf\u00fcm, wenn sie ausgeht.<\/font><br \/>\nEn doftprodukt som anv\u00e4nds f\u00f6r att ge en behaglig lukt.<\/p>\n<p><b>Manik\u00fcre<\/b> &#8211; Manikyr<br \/>\n<font color=\"#2D3AC7\">Eine Manik\u00fcre kann Ihre H\u00e4nde sch\u00f6n aussehen lassen.<\/font><br \/>\nEn sk\u00f6nhetsbehandling f\u00f6r h\u00e4nderna och naglarna.<\/p>\n<p><b>Pedik\u00fcre<\/b> &#8211; Pedikyr<br \/>\n<font color=\"#2D3AC7\">Ich habe einen Termin f\u00fcr eine Pedik\u00fcre n\u00e4chste Woche.<\/font><br \/>\nEn sk\u00f6nhetsbehandling f\u00f6r f\u00f6tterna och t\u00e5naglarna.<\/p>\n<p><b>Gesichtsbehandlung<\/b> &#8211; Ansiktsbehandling<br \/>\n<font color=\"#2D3AC7\">Eine Gesichtsbehandlung kann helfen, Ihre Haut zu verj\u00fcngen.<\/font><br \/>\nEn behandling avsedd att f\u00f6rb\u00e4ttra och underh\u00e5lla hudens utseende i ansiktet.<\/p>\n<p><b>Make-up<\/b> &#8211; Smink<br \/>\n<font color=\"#2D3AC7\">Sie tr\u00e4gt jeden Tag Make-up zur Arbeit.<\/font><br \/>\nKosmetika som appliceras p\u00e5 ansiktet f\u00f6r att f\u00f6rb\u00e4ttra eller \u00e4ndra utseendet.<\/p>\n<p>Genom att l\u00e4ra sig dessa tyska fraser och ord kan du inte bara f\u00f6rb\u00e4ttra din spr\u00e5kf\u00f6rm\u00e5ga, utan ocks\u00e5 f\u00e5 en djupare f\u00f6rst\u00e5else f\u00f6r sk\u00f6nhets- och v\u00e5rdkulturen i tysktalande l\u00e4nder. Det \u00e4r ett utm\u00e4rkt s\u00e4tt att kombinera intressen f\u00f6r spr\u00e5k och sk\u00f6nhet, och kan vara s\u00e4rskilt f\u00f6rdelaktigt f\u00f6r de som arbetar eller planerar att arbeta inom sk\u00f6nhetsbranschen.<\/p>\n","protected":false},"featured_media":1527992,"template":"","vocabulary_language":[3478],"class_list":["post-284125","vocabulary","type-vocabulary","status-publish","has-post-thumbnail","hentry","vocabulary_language-tysk"],"acf":[],"yoast_head":"<!-- This site is optimized with the Yoast SEO Premium plugin v27.2 (Yoast SEO v27.2) - https:\/\/yoast.com\/product\/yoast-seo-premium-wordpress\/ -->\n<title>Tyska fraser som anv\u00e4nds inom sk\u00f6nhet och personlig v\u00e5rd - Talkpal<\/title>\n<meta name=\"description\" content=\"Tyskland \u00e4r k\u00e4nt f\u00f6r sin precision och kvalitet, inte bara inom teknik och bilar utan \u00e4ven n\u00e4r det g\u00e4ller sk\u00f6nhet och personlig v\u00e5rd. F\u00f6r den som \u00e4r\" \/>\n<meta name=\"robots\" content=\"index, follow, max-snippet:-1, max-image-preview:large, max-video-preview:-1\" \/>\n<link rel=\"canonical\" href=\"https:\/\/talkpal.ai\/sv\/vocabulary\/tyska-fraser-som-anvands-inom-skonhet-och-personlig-vard\/\" \/>\n<meta property=\"og:locale\" content=\"sv_SE\" \/>\n<meta property=\"og:type\" content=\"article\" \/>\n<meta property=\"og:title\" content=\"Tyska fraser som anv\u00e4nds inom sk\u00f6nhet och personlig v\u00e5rd\" \/>\n<meta property=\"og:description\" content=\"Tyskland \u00e4r k\u00e4nt f\u00f6r sin precision och kvalitet, inte bara inom teknik och bilar utan \u00e4ven n\u00e4r det g\u00e4ller sk\u00f6nhet och personlig v\u00e5rd. F\u00f6r den som \u00e4r\" \/>\n<meta property=\"og:url\" content=\"https:\/\/talkpal.ai\/sv\/vocabulary\/tyska-fraser-som-anvands-inom-skonhet-och-personlig-vard\/\" \/>\n<meta property=\"og:site_name\" content=\"Talkpal\" \/>\n<meta property=\"article:publisher\" content=\"https:\/\/www.facebook.com\/profile.php?id=100090733639311\" \/>\n<meta property=\"og:image\" content=\"https:\/\/talkpal.ai\/wp-content\/uploads\/2024\/10\/talkpal_flat_illustration_of_a_employees_working_together_happi_c674ff77-e477-4e09-835a-01d30e561e99.png\" \/>\n\t<meta property=\"og:image:width\" content=\"1024\" \/>\n\t<meta property=\"og:image:height\" content=\"1024\" \/>\n\t<meta property=\"og:image:type\" content=\"image\/png\" \/>\n<meta name=\"twitter:card\" content=\"summary_large_image\" \/>\n<meta name=\"twitter:site\" content=\"@talkpalai\" \/>\n<meta name=\"twitter:label1\" content=\"Ber\u00e4knad l\u00e4stid\" \/>\n\t<meta name=\"twitter:data1\" content=\"3 minuter\" \/>\n<script type=\"application\/ld+json\" class=\"yoast-schema-graph\">{\"@context\":\"https:\/\/schema.org\",\"@graph\":[{\"@type\":\"WebPage\",\"@id\":\"https:\/\/talkpal.ai\/sv\/vocabulary\/tyska-fraser-som-anvands-inom-skonhet-och-personlig-vard\/\",\"url\":\"https:\/\/talkpal.ai\/sv\/vocabulary\/tyska-fraser-som-anvands-inom-skonhet-och-personlig-vard\/\",\"name\":\"Tyska fraser som anv\u00e4nds inom sk\u00f6nhet och personlig v\u00e5rd - Talkpal\",\"isPartOf\":{\"@id\":\"https:\/\/talkpal.ai\/sv\/#website\"},\"primaryImageOfPage\":{\"@id\":\"https:\/\/talkpal.ai\/sv\/vocabulary\/tyska-fraser-som-anvands-inom-skonhet-och-personlig-vard\/#primaryimage\"},\"image\":{\"@id\":\"https:\/\/talkpal.ai\/sv\/vocabulary\/tyska-fraser-som-anvands-inom-skonhet-och-personlig-vard\/#primaryimage\"},\"thumbnailUrl\":\"https:\/\/talkpal.ai\/wp-content\/uploads\/2025\/12\/students-use-laptops-learning-languages.webp\",\"datePublished\":\"2024-05-09T19:00:16+00:00\",\"description\":\"Tyskland \u00e4r k\u00e4nt f\u00f6r sin precision och kvalitet, inte bara inom teknik och bilar utan \u00e4ven n\u00e4r det g\u00e4ller sk\u00f6nhet och personlig v\u00e5rd. F\u00f6r den som \u00e4r\",\"breadcrumb\":{\"@id\":\"https:\/\/talkpal.ai\/sv\/vocabulary\/tyska-fraser-som-anvands-inom-skonhet-och-personlig-vard\/#breadcrumb\"},\"inLanguage\":\"sv-SE\",\"potentialAction\":[{\"@type\":\"ReadAction\",\"target\":[\"https:\/\/talkpal.ai\/sv\/vocabulary\/tyska-fraser-som-anvands-inom-skonhet-och-personlig-vard\/\"]}]},{\"@type\":\"ImageObject\",\"inLanguage\":\"sv-SE\",\"@id\":\"https:\/\/talkpal.ai\/sv\/vocabulary\/tyska-fraser-som-anvands-inom-skonhet-och-personlig-vard\/#primaryimage\",\"url\":\"https:\/\/talkpal.ai\/wp-content\/uploads\/2025\/12\/students-use-laptops-learning-languages.webp\",\"contentUrl\":\"https:\/\/talkpal.ai\/wp-content\/uploads\/2025\/12\/students-use-laptops-learning-languages.webp\",\"width\":1200,\"height\":896,\"caption\":\"A trio of students works on laptops at a picnic table while learning languages in an autumn park.\"},{\"@type\":\"BreadcrumbList\",\"@id\":\"https:\/\/talkpal.ai\/sv\/vocabulary\/tyska-fraser-som-anvands-inom-skonhet-och-personlig-vard\/#breadcrumb\",\"itemListElement\":[{\"@type\":\"ListItem\",\"position\":1,\"name\":\"Homepage\",\"item\":\"https:\/\/talkpal.ai\/sv\/\"},{\"@type\":\"ListItem\",\"position\":2,\"name\":\"Tyska fraser som anv\u00e4nds inom sk\u00f6nhet och personlig v\u00e5rd\"}]},{\"@type\":\"WebSite\",\"@id\":\"https:\/\/talkpal.ai\/sv\/#website\",\"url\":\"https:\/\/talkpal.ai\/sv\/\",\"name\":\"Talkpal\",\"description\":\"AI Language Learning\",\"publisher\":{\"@id\":\"https:\/\/talkpal.ai\/sv\/#organization\"},\"alternateName\":\"Talkpal AI\",\"potentialAction\":[{\"@type\":\"SearchAction\",\"target\":{\"@type\":\"EntryPoint\",\"urlTemplate\":\"https:\/\/talkpal.ai\/sv\/?s={search_term_string}\"},\"query-input\":{\"@type\":\"PropertyValueSpecification\",\"valueRequired\":true,\"valueName\":\"search_term_string\"}}],\"inLanguage\":\"sv-SE\"},{\"@type\":\"Organization\",\"@id\":\"https:\/\/talkpal.ai\/sv\/#organization\",\"name\":\"Talkpal, Inc.\",\"alternateName\":\"Talkpal AI\",\"url\":\"https:\/\/talkpal.ai\/sv\/\",\"logo\":{\"@type\":\"ImageObject\",\"inLanguage\":\"sv-SE\",\"@id\":\"https:\/\/talkpal.ai\/sv\/#\/schema\/logo\/image\/\",\"url\":\"https:\/\/talkpal.ai\/wp-content\/uploads\/2024\/03\/Talkpal-Logo-Icon.png\",\"contentUrl\":\"https:\/\/talkpal.ai\/wp-content\/uploads\/2024\/03\/Talkpal-Logo-Icon.png\",\"width\":2880,\"height\":2880,\"caption\":\"Talkpal, Inc.\"},\"image\":{\"@id\":\"https:\/\/talkpal.ai\/sv\/#\/schema\/logo\/image\/\"},\"sameAs\":[\"https:\/\/www.facebook.com\/profile.php?id=100090733639311\",\"https:\/\/x.com\/talkpalai\",\"https:\/\/www.linkedin.com\/company\/talkpal\/\",\"https:\/\/www.youtube.com\/@TalkPal\/\",\"https:\/\/www.tiktok.com\/@talkpal\",\"https:\/\/www.instagram.com\/talkpal_ai\/\",\"https:\/\/www.crunchbase.com\/organization\/talkpal-9cde\",\"https:\/\/www.g2.com\/products\/talkpal-for-business\/\",\"https:\/\/www.trustpilot.com\/review\/talkpal.ai\",\"https:\/\/www.capterra.com\/p\/10006800\/TalkPal\/\"],\"description\":\"Talkpal is a language learning web and mobile education app, powered by the latest AI technologies, that provides engaging experiences to its customers in many different languages to help them improve their language skills. Users can chat about unlimited amount of topics with the app and use other modes to practice their language learning.\",\"email\":\"support@talkpal.ai\",\"legalName\":\"Talkpal, Inc.\",\"foundingDate\":\"2023-04-03\",\"duns\":\"118989042\",\"numberOfEmployees\":{\"@type\":\"QuantitativeValue\",\"minValue\":\"11\",\"maxValue\":\"50\"},\"publishingPrinciples\":\"https:\/\/talkpal.ai\/publishing-principles\/\",\"actionableFeedbackPolicy\":\"https:\/\/talkpal.ai\/actionable-feedback-policy\/\",\"correctionsPolicy\":\"https:\/\/talkpal.ai\/corrections-policy\/\",\"ethicsPolicy\":\"https:\/\/talkpal.ai\/ethics-policy\/\",\"diversityPolicy\":\"https:\/\/talkpal.ai\/diversity-policy\/\",\"diversityStaffingReport\":\"https:\/\/talkpal.ai\/diversity-policy\/\"}]}<\/script>\n<!-- \/ Yoast SEO Premium plugin. -->","yoast_head_json":{"title":"Tyska fraser som anv\u00e4nds inom sk\u00f6nhet och personlig v\u00e5rd - Talkpal","description":"Tyskland \u00e4r k\u00e4nt f\u00f6r sin precision och kvalitet, inte bara inom teknik och bilar utan \u00e4ven n\u00e4r det g\u00e4ller sk\u00f6nhet och personlig v\u00e5rd. F\u00f6r den som \u00e4r","robots":{"index":"index","follow":"follow","max-snippet":"max-snippet:-1","max-image-preview":"max-image-preview:large","max-video-preview":"max-video-preview:-1"},"canonical":"https:\/\/talkpal.ai\/sv\/vocabulary\/tyska-fraser-som-anvands-inom-skonhet-och-personlig-vard\/","og_locale":"sv_SE","og_type":"article","og_title":"Tyska fraser som anv\u00e4nds inom sk\u00f6nhet och personlig v\u00e5rd","og_description":"Tyskland \u00e4r k\u00e4nt f\u00f6r sin precision och kvalitet, inte bara inom teknik och bilar utan \u00e4ven n\u00e4r det g\u00e4ller sk\u00f6nhet och personlig v\u00e5rd. F\u00f6r den som \u00e4r","og_url":"https:\/\/talkpal.ai\/sv\/vocabulary\/tyska-fraser-som-anvands-inom-skonhet-och-personlig-vard\/","og_site_name":"Talkpal","article_publisher":"https:\/\/www.facebook.com\/profile.php?id=100090733639311","og_image":[{"width":1024,"height":1024,"url":"https:\/\/talkpal.ai\/wp-content\/uploads\/2024\/10\/talkpal_flat_illustration_of_a_employees_working_together_happi_c674ff77-e477-4e09-835a-01d30e561e99.png","type":"image\/png"}],"twitter_card":"summary_large_image","twitter_site":"@talkpalai","twitter_misc":{"Ber\u00e4knad l\u00e4stid":"3 minuter"},"schema":{"@context":"https:\/\/schema.org","@graph":[{"@type":"WebPage","@id":"https:\/\/talkpal.ai\/sv\/vocabulary\/tyska-fraser-som-anvands-inom-skonhet-och-personlig-vard\/","url":"https:\/\/talkpal.ai\/sv\/vocabulary\/tyska-fraser-som-anvands-inom-skonhet-och-personlig-vard\/","name":"Tyska fraser som anv\u00e4nds inom sk\u00f6nhet och personlig v\u00e5rd - Talkpal","isPartOf":{"@id":"https:\/\/talkpal.ai\/sv\/#website"},"primaryImageOfPage":{"@id":"https:\/\/talkpal.ai\/sv\/vocabulary\/tyska-fraser-som-anvands-inom-skonhet-och-personlig-vard\/#primaryimage"},"image":{"@id":"https:\/\/talkpal.ai\/sv\/vocabulary\/tyska-fraser-som-anvands-inom-skonhet-och-personlig-vard\/#primaryimage"},"thumbnailUrl":"https:\/\/talkpal.ai\/wp-content\/uploads\/2025\/12\/students-use-laptops-learning-languages.webp","datePublished":"2024-05-09T19:00:16+00:00","description":"Tyskland \u00e4r k\u00e4nt f\u00f6r sin precision och kvalitet, inte bara inom teknik och bilar utan \u00e4ven n\u00e4r det g\u00e4ller sk\u00f6nhet och personlig v\u00e5rd. F\u00f6r den som \u00e4r","breadcrumb":{"@id":"https:\/\/talkpal.ai\/sv\/vocabulary\/tyska-fraser-som-anvands-inom-skonhet-och-personlig-vard\/#breadcrumb"},"inLanguage":"sv-SE","potentialAction":[{"@type":"ReadAction","target":["https:\/\/talkpal.ai\/sv\/vocabulary\/tyska-fraser-som-anvands-inom-skonhet-och-personlig-vard\/"]}]},{"@type":"ImageObject","inLanguage":"sv-SE","@id":"https:\/\/talkpal.ai\/sv\/vocabulary\/tyska-fraser-som-anvands-inom-skonhet-och-personlig-vard\/#primaryimage","url":"https:\/\/talkpal.ai\/wp-content\/uploads\/2025\/12\/students-use-laptops-learning-languages.webp","contentUrl":"https:\/\/talkpal.ai\/wp-content\/uploads\/2025\/12\/students-use-laptops-learning-languages.webp","width":1200,"height":896,"caption":"A trio of students works on laptops at a picnic table while learning languages in an autumn park."},{"@type":"BreadcrumbList","@id":"https:\/\/talkpal.ai\/sv\/vocabulary\/tyska-fraser-som-anvands-inom-skonhet-och-personlig-vard\/#breadcrumb","itemListElement":[{"@type":"ListItem","position":1,"name":"Homepage","item":"https:\/\/talkpal.ai\/sv\/"},{"@type":"ListItem","position":2,"name":"Tyska fraser som anv\u00e4nds inom sk\u00f6nhet och personlig v\u00e5rd"}]},{"@type":"WebSite","@id":"https:\/\/talkpal.ai\/sv\/#website","url":"https:\/\/talkpal.ai\/sv\/","name":"Talkpal","description":"AI Language Learning","publisher":{"@id":"https:\/\/talkpal.ai\/sv\/#organization"},"alternateName":"Talkpal AI","potentialAction":[{"@type":"SearchAction","target":{"@type":"EntryPoint","urlTemplate":"https:\/\/talkpal.ai\/sv\/?s={search_term_string}"},"query-input":{"@type":"PropertyValueSpecification","valueRequired":true,"valueName":"search_term_string"}}],"inLanguage":"sv-SE"},{"@type":"Organization","@id":"https:\/\/talkpal.ai\/sv\/#organization","name":"Talkpal, Inc.","alternateName":"Talkpal AI","url":"https:\/\/talkpal.ai\/sv\/","logo":{"@type":"ImageObject","inLanguage":"sv-SE","@id":"https:\/\/talkpal.ai\/sv\/#\/schema\/logo\/image\/","url":"https:\/\/talkpal.ai\/wp-content\/uploads\/2024\/03\/Talkpal-Logo-Icon.png","contentUrl":"https:\/\/talkpal.ai\/wp-content\/uploads\/2024\/03\/Talkpal-Logo-Icon.png","width":2880,"height":2880,"caption":"Talkpal, Inc."},"image":{"@id":"https:\/\/talkpal.ai\/sv\/#\/schema\/logo\/image\/"},"sameAs":["https:\/\/www.facebook.com\/profile.php?id=100090733639311","https:\/\/x.com\/talkpalai","https:\/\/www.linkedin.com\/company\/talkpal\/","https:\/\/www.youtube.com\/@TalkPal\/","https:\/\/www.tiktok.com\/@talkpal","https:\/\/www.instagram.com\/talkpal_ai\/","https:\/\/www.crunchbase.com\/organization\/talkpal-9cde","https:\/\/www.g2.com\/products\/talkpal-for-business\/","https:\/\/www.trustpilot.com\/review\/talkpal.ai","https:\/\/www.capterra.com\/p\/10006800\/TalkPal\/"],"description":"Talkpal is a language learning web and mobile education app, powered by the latest AI technologies, that provides engaging experiences to its customers in many different languages to help them improve their language skills. Users can chat about unlimited amount of topics with the app and use other modes to practice their language learning.","email":"support@talkpal.ai","legalName":"Talkpal, Inc.","foundingDate":"2023-04-03","duns":"118989042","numberOfEmployees":{"@type":"QuantitativeValue","minValue":"11","maxValue":"50"},"publishingPrinciples":"https:\/\/talkpal.ai\/publishing-principles\/","actionableFeedbackPolicy":"https:\/\/talkpal.ai\/actionable-feedback-policy\/","correctionsPolicy":"https:\/\/talkpal.ai\/corrections-policy\/","ethicsPolicy":"https:\/\/talkpal.ai\/ethics-policy\/","diversityPolicy":"https:\/\/talkpal.ai\/diversity-policy\/","diversityStaffingReport":"https:\/\/talkpal.ai\/diversity-policy\/"}]}},"_links":{"self":[{"href":"https:\/\/talkpal.ai\/sv\/wp-json\/wp\/v2\/vocabulary\/284125","targetHints":{"allow":["GET"]}}],"collection":[{"href":"https:\/\/talkpal.ai\/sv\/wp-json\/wp\/v2\/vocabulary"}],"about":[{"href":"https:\/\/talkpal.ai\/sv\/wp-json\/wp\/v2\/types\/vocabulary"}],"wp:featuredmedia":[{"embeddable":true,"href":"https:\/\/talkpal.ai\/sv\/wp-json\/wp\/v2\/media\/1527992"}],"wp:attachment":[{"href":"https:\/\/talkpal.ai\/sv\/wp-json\/wp\/v2\/media?parent=284125"}],"wp:term":[{"taxonomy":"vocabulary_language","embeddable":true,"href":"https:\/\/talkpal.ai\/sv\/wp-json\/wp\/v2\/vocabulary_language?post=284125"}],"curies":[{"name":"wp","href":"https:\/\/api.w.org\/{rel}","templated":true}]}}