{"id":282998,"date":"2024-05-09T15:00:25","date_gmt":"2024-05-09T15:00:25","guid":{"rendered":"https:\/\/talkpal.ai\/vocabulary\/portugisiska-ordforrad-med-anknytning-till-regering-och-politik\/"},"modified":"2024-05-09T15:00:25","modified_gmt":"2024-05-09T15:00:25","slug":"portugisiska-ordforrad-med-anknytning-till-regering-och-politik","status":"publish","type":"vocabulary","link":"https:\/\/talkpal.ai\/sv\/vocabulary\/portugisiska-ordforrad-med-anknytning-till-regering-och-politik\/","title":{"rendered":"Portugisiska ordf\u00f6rr\u00e5d med anknytning till regering och politik"},"content":{"rendered":"<p>Att f\u00f6rst\u00e5 det politiska spr\u00e5ket i ett annat land kan vara en utmaning, men ocks\u00e5 mycket givande. I <a href=\"https:\/\/talkpal.ai\/culture\/how-do-i-use-den-har-and-det-har\/\">den h\u00e4r<\/a> artikeln kommer vi att utforska n\u00e5gra grundl\u00e4ggande <a href=\"https:\/\/talkpal.ai\/learn-portuguese\/\">portugisiska<\/a> ord och fraser som \u00e4r relaterade till regering och politik. Detta kommer inte bara att \u00f6ka ditt ordf\u00f6rr\u00e5d, utan ocks\u00e5 din f\u00f6rst\u00e5else f\u00f6r hur politiska processer beskrivs p\u00e5 portugisiska.<\/p>\n<p><b>governo<\/b> &#8211; regering<br \/>\n<font color=\"#2D3AC7\">O governo brasileiro anunciou novas medidas econ\u00f4micas.<\/font><\/p>\n<p><b>pol\u00edtica<\/b> &#8211; politik<br \/>\n<font color=\"#2D3AC7\">Ela tem interesse em seguir carreira na pol\u00edtica.<\/font><\/p>\n<p><b>presidente<\/b> &#8211; president<br \/>\n<font color=\"#2D3AC7\">O presidente vai discursar na televis\u00e3o esta noite.<\/font><\/p>\n<p><b>elei\u00e7\u00e3o<\/b> &#8211; val<br \/>\n<font color=\"#2D3AC7\">As pr\u00f3ximas elei\u00e7\u00f5es ser\u00e3o realizadas em outubro.<\/font><\/p>\n<p><b>partido<\/b> &#8211; parti<br \/>\n<font color=\"#2D3AC7\">Ele \u00e9 membro do partido conservador h\u00e1 muitos anos.<\/font><\/p>\n<p><b>democracia<\/b> &#8211; demokrati<br \/>\n<font color=\"#2D3AC7\">A democracia \u00e9 essencial para o desenvolvimento de qualquer na\u00e7\u00e3o.<\/font><\/p>\n<p><b>pol\u00edtico<\/b> &#8211; politiker<br \/>\n<font color=\"#2D3AC7\">O pol\u00edtico foi acusado de corrup\u00e7\u00e3o.<\/font><\/p>\n<p><b>campanha<\/b> &#8211; kampanj<br \/>\n<font color=\"#2D3AC7\">A campanha eleitoral come\u00e7ou oficialmente ontem.<\/font><\/p>\n<p><b>voto<\/b> &#8211; r\u00f6st<br \/>\n<font color=\"#2D3AC7\">Cada voto \u00e9 importante para determinar o <a href=\"https:\/\/talkpal.ai\/ja\/grammar_exercises\/futuro-%e3%82%b9%e3%83%9a%e3%82%a4%e3%83%b3%e8%aa%9e%e3%81%ae%e6%96%87%e6%b3%95%e3%81%ae%e6%bc%94%e7%bf%92\/\">futuro<\/a> do pa\u00eds.<\/font><\/p>\n<p><b>constitui\u00e7\u00e3o<\/b> &#8211; konstitution<br \/>\n<font color=\"#2D3AC7\">A constitui\u00e7\u00e3o brasileira foi promulgada em 1988.<\/font><\/p>\n<p><b>legisla\u00e7\u00e3o<\/b> &#8211; lagstiftning<br \/>\n<font color=\"#2D3AC7\">A nova legisla\u00e7\u00e3o visa melhorar a <a href=\"https:\/\/talkpal.ai\/talkpal-for-education\/\">educa\u00e7\u00e3o<\/a> p\u00fablica.<\/font><\/p>\n<p><b>parlamento<\/b> &#8211; parlament<br \/>\n<font color=\"#2D3AC7\">O parlamento \u00e9 composto por deputados eleitos pelo povo.<\/font><\/p>\n<p><b>senador<\/b> &#8211; senator<br \/>\n<font color=\"#2D3AC7\">O senador defendeu a <a href=\"https:\/\/talkpal.ai\/locations\/language-courses-in-reforma\/\">reforma<\/a> da previd\u00eancia durante seu mandato.<\/font><\/p>\n<p><b>deputado<\/b> &#8211; ledamot (i ett underhus)<br \/>\n<font color=\"#2D3AC7\">O deputado prop\u00f4s um <a href=\"https:\/\/talkpal.ai\/talkpal-new-years-discount\/\">novo<\/a> projeto de lei.<\/font><\/p>\n<p><b>ministro<\/b> &#8211; minister<br \/>\n<font color=\"#2D3AC7\">O ministro da Sa\u00fade anunciou novas diretrizes para o combate \u00e0 pandemia.<\/font><\/p>\n<p><b>supremo tribunal<\/b> &#8211; h\u00f6gsta domstolen<br \/>\n<font color=\"#2D3AC7\">O Supremo Tribunal Federal tem a \u00faltima palavra em quest\u00f5es constitucionais.<\/font><\/p>\n<p><b>pol\u00edtica externa<\/b> &#8211; utrikespolitik<br \/>\n<font color=\"#2D3AC7\">A pol\u00edtica externa do pa\u00eds tem focado em fortalecer la\u00e7os com na\u00e7\u00f5es vizinhas.<\/font><\/p>\n<p><b>corrup\u00e7\u00e3o<\/b> &#8211; korruption<br \/>\n<font color=\"#2D3AC7\">Campanhas contra a corrup\u00e7\u00e3o est\u00e3o sendo implementadas em todo o pa\u00eds.<\/font><\/p>\n<p><b>impeachment<\/b> &#8211; riksr\u00e4tt<br \/>\n<font color=\"#2D3AC7\">Houve um pedido de impeachment contra o presidente.<\/font><\/p>\n<p><b>reforma<\/b> &#8211; reform<br \/>\n<font color=\"#2D3AC7\">A reforma tribut\u00e1ria \u00e9 um tema muito discutido no congresso.<\/font><\/p>\n<p><b>alian\u00e7a<\/b> &#8211; allians<br \/>\n<font color=\"#2D3AC7\">Os partidos formaram uma <a href=\"https:\/\/talkpal.ai\/locations\/language-courses-in-alianca\/\">alian\u00e7a<\/a> para as pr\u00f3ximas elei\u00e7\u00f5es.<\/font><\/p>\n<p><b>diplomacia<\/b> &#8211; diplomati<br \/>\n<font color=\"#2D3AC7\">Diplomacia \u00e9 fundamental para manter boas rela\u00e7\u00f5es internacionais.<\/font><\/p>\n<p><b>soberania<\/b> &#8211; suver\u00e4nitet<br \/>\n<font color=\"#2D3AC7\">A soberania nacional \u00e9 um princ\u00edpio que n\u00e3o pode ser violado.<\/font><\/p>\n<p><b>tratado<\/b> &#8211; f\u00f6rdrag<br \/>\n<font color=\"#2D3AC7\">O tratado de paz foi assinado ap\u00f3s anos de negocia\u00e7\u00f5es.<\/font><\/p>\n<p><b>emenda<\/b> &#8211; \u00e4ndring (i en lagtext)<br \/>\n<font color=\"#2D3AC7\">Uma emenda \u00e0 constitui\u00e7\u00e3o foi aprovada para permitir a reelei\u00e7\u00e3o.<\/font><\/p>\n<p>Denna lista \u00f6ver portugisiska ord och fraser \u00e4r inte helt\u00e4ckande, men ger en bra grund f\u00f6r att starta eller f\u00f6rdjupa ditt intresse f\u00f6r politik p\u00e5 portugisiska. Genom att l\u00e4ra dig dessa ord kan du b\u00e4ttre f\u00f6rst\u00e5 nyheter och politiska diskussioner p\u00e5 portugisiska, vilket \u00e4r en viktig f\u00e4rdighet f\u00f6r alla som \u00e4r intresserade av spr\u00e5ket och kulturen.<\/p>\n","protected":false},"featured_media":1527722,"template":"","vocabulary_language":[3489],"class_list":["post-282998","vocabulary","type-vocabulary","status-publish","has-post-thumbnail","hentry","vocabulary_language-portugisiska"],"acf":[],"yoast_head":"<!-- This site is optimized with the Yoast SEO Premium plugin v27.2 (Yoast SEO v27.2) - https:\/\/yoast.com\/product\/yoast-seo-premium-wordpress\/ -->\n<title>Portugisiska ordf\u00f6rr\u00e5d med anknytning till regering och politik - Talkpal<\/title>\n<meta name=\"description\" content=\"Att f\u00f6rst\u00e5 det politiska spr\u00e5ket i ett annat land kan vara en utmaning, men ocks\u00e5 mycket givande. I den h\u00e4r artikeln kommer vi att utforska n\u00e5gra\" \/>\n<meta name=\"robots\" content=\"index, follow, max-snippet:-1, max-image-preview:large, max-video-preview:-1\" \/>\n<link rel=\"canonical\" href=\"https:\/\/talkpal.ai\/sv\/vocabulary\/portugisiska-ordforrad-med-anknytning-till-regering-och-politik\/\" \/>\n<meta property=\"og:locale\" content=\"sv_SE\" \/>\n<meta property=\"og:type\" content=\"article\" \/>\n<meta property=\"og:title\" content=\"Portugisiska ordf\u00f6rr\u00e5d med anknytning till regering och politik\" \/>\n<meta property=\"og:description\" content=\"Att f\u00f6rst\u00e5 det politiska spr\u00e5ket i ett annat land kan vara en utmaning, men ocks\u00e5 mycket givande. I den h\u00e4r artikeln kommer vi att utforska n\u00e5gra\" \/>\n<meta property=\"og:url\" content=\"https:\/\/talkpal.ai\/sv\/vocabulary\/portugisiska-ordforrad-med-anknytning-till-regering-och-politik\/\" \/>\n<meta property=\"og:site_name\" content=\"Talkpal\" \/>\n<meta property=\"article:publisher\" content=\"https:\/\/www.facebook.com\/profile.php?id=100090733639311\" \/>\n<meta property=\"og:image\" content=\"https:\/\/talkpal.ai\/wp-content\/uploads\/2024\/10\/talkpal_flat_illustration_of_a_employees_working_together_happi_c674ff77-e477-4e09-835a-01d30e561e99.png\" \/>\n\t<meta property=\"og:image:width\" content=\"1024\" \/>\n\t<meta property=\"og:image:height\" content=\"1024\" \/>\n\t<meta property=\"og:image:type\" content=\"image\/png\" \/>\n<meta name=\"twitter:card\" content=\"summary_large_image\" \/>\n<meta name=\"twitter:site\" content=\"@talkpalai\" \/>\n<meta name=\"twitter:label1\" content=\"Ber\u00e4knad l\u00e4stid\" \/>\n\t<meta name=\"twitter:data1\" content=\"2 minuter\" \/>\n<script type=\"application\/ld+json\" class=\"yoast-schema-graph\">{\"@context\":\"https:\/\/schema.org\",\"@graph\":[{\"@type\":\"WebPage\",\"@id\":\"https:\/\/talkpal.ai\/sv\/vocabulary\/portugisiska-ordforrad-med-anknytning-till-regering-och-politik\/\",\"url\":\"https:\/\/talkpal.ai\/sv\/vocabulary\/portugisiska-ordforrad-med-anknytning-till-regering-och-politik\/\",\"name\":\"Portugisiska ordf\u00f6rr\u00e5d med anknytning till regering och politik - Talkpal\",\"isPartOf\":{\"@id\":\"https:\/\/talkpal.ai\/sv\/#website\"},\"primaryImageOfPage\":{\"@id\":\"https:\/\/talkpal.ai\/sv\/vocabulary\/portugisiska-ordforrad-med-anknytning-till-regering-och-politik\/#primaryimage\"},\"image\":{\"@id\":\"https:\/\/talkpal.ai\/sv\/vocabulary\/portugisiska-ordforrad-med-anknytning-till-regering-och-politik\/#primaryimage\"},\"thumbnailUrl\":\"https:\/\/talkpal.ai\/wp-content\/uploads\/2025\/12\/laptops-are-active-while-learning-languages.webp\",\"datePublished\":\"2024-05-09T15:00:25+00:00\",\"description\":\"Att f\u00f6rst\u00e5 det politiska spr\u00e5ket i ett annat land kan vara en utmaning, men ocks\u00e5 mycket givande. I den h\u00e4r artikeln kommer vi att utforska n\u00e5gra\",\"breadcrumb\":{\"@id\":\"https:\/\/talkpal.ai\/sv\/vocabulary\/portugisiska-ordforrad-med-anknytning-till-regering-och-politik\/#breadcrumb\"},\"inLanguage\":\"sv-SE\",\"potentialAction\":[{\"@type\":\"ReadAction\",\"target\":[\"https:\/\/talkpal.ai\/sv\/vocabulary\/portugisiska-ordforrad-med-anknytning-till-regering-och-politik\/\"]}]},{\"@type\":\"ImageObject\",\"inLanguage\":\"sv-SE\",\"@id\":\"https:\/\/talkpal.ai\/sv\/vocabulary\/portugisiska-ordforrad-med-anknytning-till-regering-och-politik\/#primaryimage\",\"url\":\"https:\/\/talkpal.ai\/wp-content\/uploads\/2025\/12\/laptops-are-active-while-learning-languages.webp\",\"contentUrl\":\"https:\/\/talkpal.ai\/wp-content\/uploads\/2025\/12\/laptops-are-active-while-learning-languages.webp\",\"width\":1200,\"height\":896,\"caption\":\"Many students work side by side at laptops in a university library environment for learning languages.\"},{\"@type\":\"BreadcrumbList\",\"@id\":\"https:\/\/talkpal.ai\/sv\/vocabulary\/portugisiska-ordforrad-med-anknytning-till-regering-och-politik\/#breadcrumb\",\"itemListElement\":[{\"@type\":\"ListItem\",\"position\":1,\"name\":\"Homepage\",\"item\":\"https:\/\/talkpal.ai\/sv\/\"},{\"@type\":\"ListItem\",\"position\":2,\"name\":\"Portugisiska ordf\u00f6rr\u00e5d med anknytning till regering och politik\"}]},{\"@type\":\"WebSite\",\"@id\":\"https:\/\/talkpal.ai\/sv\/#website\",\"url\":\"https:\/\/talkpal.ai\/sv\/\",\"name\":\"Talkpal\",\"description\":\"AI Language Learning\",\"publisher\":{\"@id\":\"https:\/\/talkpal.ai\/sv\/#organization\"},\"alternateName\":\"Talkpal AI\",\"potentialAction\":[{\"@type\":\"SearchAction\",\"target\":{\"@type\":\"EntryPoint\",\"urlTemplate\":\"https:\/\/talkpal.ai\/sv\/?s={search_term_string}\"},\"query-input\":{\"@type\":\"PropertyValueSpecification\",\"valueRequired\":true,\"valueName\":\"search_term_string\"}}],\"inLanguage\":\"sv-SE\"},{\"@type\":\"Organization\",\"@id\":\"https:\/\/talkpal.ai\/sv\/#organization\",\"name\":\"Talkpal, Inc.\",\"alternateName\":\"Talkpal AI\",\"url\":\"https:\/\/talkpal.ai\/sv\/\",\"logo\":{\"@type\":\"ImageObject\",\"inLanguage\":\"sv-SE\",\"@id\":\"https:\/\/talkpal.ai\/sv\/#\/schema\/logo\/image\/\",\"url\":\"https:\/\/talkpal.ai\/wp-content\/uploads\/2024\/03\/Talkpal-Logo-Icon.png\",\"contentUrl\":\"https:\/\/talkpal.ai\/wp-content\/uploads\/2024\/03\/Talkpal-Logo-Icon.png\",\"width\":2880,\"height\":2880,\"caption\":\"Talkpal, Inc.\"},\"image\":{\"@id\":\"https:\/\/talkpal.ai\/sv\/#\/schema\/logo\/image\/\"},\"sameAs\":[\"https:\/\/www.facebook.com\/profile.php?id=100090733639311\",\"https:\/\/x.com\/talkpalai\",\"https:\/\/www.linkedin.com\/company\/talkpal\/\",\"https:\/\/www.youtube.com\/@TalkPal\/\",\"https:\/\/www.tiktok.com\/@talkpal\",\"https:\/\/www.instagram.com\/talkpal_ai\/\",\"https:\/\/www.crunchbase.com\/organization\/talkpal-9cde\",\"https:\/\/www.g2.com\/products\/talkpal-for-business\/\",\"https:\/\/www.trustpilot.com\/review\/talkpal.ai\",\"https:\/\/www.capterra.com\/p\/10006800\/TalkPal\/\"],\"description\":\"Talkpal is a language learning web and mobile education app, powered by the latest AI technologies, that provides engaging experiences to its customers in many different languages to help them improve their language skills. Users can chat about unlimited amount of topics with the app and use other modes to practice their language learning.\",\"email\":\"support@talkpal.ai\",\"legalName\":\"Talkpal, Inc.\",\"foundingDate\":\"2023-04-03\",\"duns\":\"118989042\",\"numberOfEmployees\":{\"@type\":\"QuantitativeValue\",\"minValue\":\"11\",\"maxValue\":\"50\"},\"publishingPrinciples\":\"https:\/\/talkpal.ai\/publishing-principles\/\",\"actionableFeedbackPolicy\":\"https:\/\/talkpal.ai\/actionable-feedback-policy\/\",\"correctionsPolicy\":\"https:\/\/talkpal.ai\/corrections-policy\/\",\"ethicsPolicy\":\"https:\/\/talkpal.ai\/ethics-policy\/\",\"diversityPolicy\":\"https:\/\/talkpal.ai\/diversity-policy\/\",\"diversityStaffingReport\":\"https:\/\/talkpal.ai\/diversity-policy\/\"}]}<\/script>\n<!-- \/ Yoast SEO Premium plugin. -->","yoast_head_json":{"title":"Portugisiska ordf\u00f6rr\u00e5d med anknytning till regering och politik - Talkpal","description":"Att f\u00f6rst\u00e5 det politiska spr\u00e5ket i ett annat land kan vara en utmaning, men ocks\u00e5 mycket givande. I den h\u00e4r artikeln kommer vi att utforska n\u00e5gra","robots":{"index":"index","follow":"follow","max-snippet":"max-snippet:-1","max-image-preview":"max-image-preview:large","max-video-preview":"max-video-preview:-1"},"canonical":"https:\/\/talkpal.ai\/sv\/vocabulary\/portugisiska-ordforrad-med-anknytning-till-regering-och-politik\/","og_locale":"sv_SE","og_type":"article","og_title":"Portugisiska ordf\u00f6rr\u00e5d med anknytning till regering och politik","og_description":"Att f\u00f6rst\u00e5 det politiska spr\u00e5ket i ett annat land kan vara en utmaning, men ocks\u00e5 mycket givande. I den h\u00e4r artikeln kommer vi att utforska n\u00e5gra","og_url":"https:\/\/talkpal.ai\/sv\/vocabulary\/portugisiska-ordforrad-med-anknytning-till-regering-och-politik\/","og_site_name":"Talkpal","article_publisher":"https:\/\/www.facebook.com\/profile.php?id=100090733639311","og_image":[{"width":1024,"height":1024,"url":"https:\/\/talkpal.ai\/wp-content\/uploads\/2024\/10\/talkpal_flat_illustration_of_a_employees_working_together_happi_c674ff77-e477-4e09-835a-01d30e561e99.png","type":"image\/png"}],"twitter_card":"summary_large_image","twitter_site":"@talkpalai","twitter_misc":{"Ber\u00e4knad l\u00e4stid":"2 minuter"},"schema":{"@context":"https:\/\/schema.org","@graph":[{"@type":"WebPage","@id":"https:\/\/talkpal.ai\/sv\/vocabulary\/portugisiska-ordforrad-med-anknytning-till-regering-och-politik\/","url":"https:\/\/talkpal.ai\/sv\/vocabulary\/portugisiska-ordforrad-med-anknytning-till-regering-och-politik\/","name":"Portugisiska ordf\u00f6rr\u00e5d med anknytning till regering och politik - Talkpal","isPartOf":{"@id":"https:\/\/talkpal.ai\/sv\/#website"},"primaryImageOfPage":{"@id":"https:\/\/talkpal.ai\/sv\/vocabulary\/portugisiska-ordforrad-med-anknytning-till-regering-och-politik\/#primaryimage"},"image":{"@id":"https:\/\/talkpal.ai\/sv\/vocabulary\/portugisiska-ordforrad-med-anknytning-till-regering-och-politik\/#primaryimage"},"thumbnailUrl":"https:\/\/talkpal.ai\/wp-content\/uploads\/2025\/12\/laptops-are-active-while-learning-languages.webp","datePublished":"2024-05-09T15:00:25+00:00","description":"Att f\u00f6rst\u00e5 det politiska spr\u00e5ket i ett annat land kan vara en utmaning, men ocks\u00e5 mycket givande. I den h\u00e4r artikeln kommer vi att utforska n\u00e5gra","breadcrumb":{"@id":"https:\/\/talkpal.ai\/sv\/vocabulary\/portugisiska-ordforrad-med-anknytning-till-regering-och-politik\/#breadcrumb"},"inLanguage":"sv-SE","potentialAction":[{"@type":"ReadAction","target":["https:\/\/talkpal.ai\/sv\/vocabulary\/portugisiska-ordforrad-med-anknytning-till-regering-och-politik\/"]}]},{"@type":"ImageObject","inLanguage":"sv-SE","@id":"https:\/\/talkpal.ai\/sv\/vocabulary\/portugisiska-ordforrad-med-anknytning-till-regering-och-politik\/#primaryimage","url":"https:\/\/talkpal.ai\/wp-content\/uploads\/2025\/12\/laptops-are-active-while-learning-languages.webp","contentUrl":"https:\/\/talkpal.ai\/wp-content\/uploads\/2025\/12\/laptops-are-active-while-learning-languages.webp","width":1200,"height":896,"caption":"Many students work side by side at laptops in a university library environment for learning languages."},{"@type":"BreadcrumbList","@id":"https:\/\/talkpal.ai\/sv\/vocabulary\/portugisiska-ordforrad-med-anknytning-till-regering-och-politik\/#breadcrumb","itemListElement":[{"@type":"ListItem","position":1,"name":"Homepage","item":"https:\/\/talkpal.ai\/sv\/"},{"@type":"ListItem","position":2,"name":"Portugisiska ordf\u00f6rr\u00e5d med anknytning till regering och politik"}]},{"@type":"WebSite","@id":"https:\/\/talkpal.ai\/sv\/#website","url":"https:\/\/talkpal.ai\/sv\/","name":"Talkpal","description":"AI Language Learning","publisher":{"@id":"https:\/\/talkpal.ai\/sv\/#organization"},"alternateName":"Talkpal AI","potentialAction":[{"@type":"SearchAction","target":{"@type":"EntryPoint","urlTemplate":"https:\/\/talkpal.ai\/sv\/?s={search_term_string}"},"query-input":{"@type":"PropertyValueSpecification","valueRequired":true,"valueName":"search_term_string"}}],"inLanguage":"sv-SE"},{"@type":"Organization","@id":"https:\/\/talkpal.ai\/sv\/#organization","name":"Talkpal, Inc.","alternateName":"Talkpal AI","url":"https:\/\/talkpal.ai\/sv\/","logo":{"@type":"ImageObject","inLanguage":"sv-SE","@id":"https:\/\/talkpal.ai\/sv\/#\/schema\/logo\/image\/","url":"https:\/\/talkpal.ai\/wp-content\/uploads\/2024\/03\/Talkpal-Logo-Icon.png","contentUrl":"https:\/\/talkpal.ai\/wp-content\/uploads\/2024\/03\/Talkpal-Logo-Icon.png","width":2880,"height":2880,"caption":"Talkpal, Inc."},"image":{"@id":"https:\/\/talkpal.ai\/sv\/#\/schema\/logo\/image\/"},"sameAs":["https:\/\/www.facebook.com\/profile.php?id=100090733639311","https:\/\/x.com\/talkpalai","https:\/\/www.linkedin.com\/company\/talkpal\/","https:\/\/www.youtube.com\/@TalkPal\/","https:\/\/www.tiktok.com\/@talkpal","https:\/\/www.instagram.com\/talkpal_ai\/","https:\/\/www.crunchbase.com\/organization\/talkpal-9cde","https:\/\/www.g2.com\/products\/talkpal-for-business\/","https:\/\/www.trustpilot.com\/review\/talkpal.ai","https:\/\/www.capterra.com\/p\/10006800\/TalkPal\/"],"description":"Talkpal is a language learning web and mobile education app, powered by the latest AI technologies, that provides engaging experiences to its customers in many different languages to help them improve their language skills. Users can chat about unlimited amount of topics with the app and use other modes to practice their language learning.","email":"support@talkpal.ai","legalName":"Talkpal, Inc.","foundingDate":"2023-04-03","duns":"118989042","numberOfEmployees":{"@type":"QuantitativeValue","minValue":"11","maxValue":"50"},"publishingPrinciples":"https:\/\/talkpal.ai\/publishing-principles\/","actionableFeedbackPolicy":"https:\/\/talkpal.ai\/actionable-feedback-policy\/","correctionsPolicy":"https:\/\/talkpal.ai\/corrections-policy\/","ethicsPolicy":"https:\/\/talkpal.ai\/ethics-policy\/","diversityPolicy":"https:\/\/talkpal.ai\/diversity-policy\/","diversityStaffingReport":"https:\/\/talkpal.ai\/diversity-policy\/"}]}},"_links":{"self":[{"href":"https:\/\/talkpal.ai\/sv\/wp-json\/wp\/v2\/vocabulary\/282998","targetHints":{"allow":["GET"]}}],"collection":[{"href":"https:\/\/talkpal.ai\/sv\/wp-json\/wp\/v2\/vocabulary"}],"about":[{"href":"https:\/\/talkpal.ai\/sv\/wp-json\/wp\/v2\/types\/vocabulary"}],"wp:featuredmedia":[{"embeddable":true,"href":"https:\/\/talkpal.ai\/sv\/wp-json\/wp\/v2\/media\/1527722"}],"wp:attachment":[{"href":"https:\/\/talkpal.ai\/sv\/wp-json\/wp\/v2\/media?parent=282998"}],"wp:term":[{"taxonomy":"vocabulary_language","embeddable":true,"href":"https:\/\/talkpal.ai\/sv\/wp-json\/wp\/v2\/vocabulary_language?post=282998"}],"curies":[{"name":"wp","href":"https:\/\/api.w.org\/{rel}","templated":true}]}}