{"id":282952,"date":"2024-05-09T14:57:30","date_gmt":"2024-05-09T14:57:30","guid":{"rendered":"https:\/\/talkpal.ai\/vocabulary\/ord-pa-koreanska-for-att-diskutera-globala-fragor\/"},"modified":"2024-05-09T14:57:30","modified_gmt":"2024-05-09T14:57:30","slug":"ord-pa-koreanska-for-att-diskutera-globala-fragor","status":"publish","type":"vocabulary","link":"https:\/\/talkpal.ai\/sv\/vocabulary\/ord-pa-koreanska-for-att-diskutera-globala-fragor\/","title":{"rendered":"Ord p\u00e5 koreanska f\u00f6r att diskutera globala fr\u00e5gor"},"content":{"rendered":"<p>N\u00e4r man diskuterar globala fr\u00e5gor \u00e4r det viktigt att ha en bred ordf\u00f6rr\u00e5d f\u00f6r att kunna uttrycka sina tankar och \u00e5sikter p\u00e5 ett effektivt s\u00e4tt. H\u00e4r kommer n\u00e5gra nyckelord p\u00e5 <a href=\"https:\/\/talkpal.ai\/learn-korean\/\">koreanska<\/a> som kan vara anv\u00e4ndbara n\u00e4r man talar om internationella \u00e4mnen, milj\u00f6, ekonomi och mer.<\/p>\n<p><b>\ud658\uacbd<\/b> (Hwan-gyeong) &#8211; Milj\u00f6<br \/>\n<font color=\"#2D3AC7\">\uc6b0\ub9ac\ub294 \ud658\uacbd \ubcf4\ud638\uc5d0 \ub354 \ub9ce\uc740 \uad00\uc2ec\uc744 \uac00\uc838\uc57c \ud569\ub2c8\ub2e4.<\/font><br \/>\nMilj\u00f6n \u00e4r <a href=\"https:\/\/talkpal.ai\/locations\/language-courses-in-central\/\">central<\/a> i m\u00e5nga globala diskussioner, s\u00e4rskilt med tanke p\u00e5 klimatf\u00f6r\u00e4ndringarna och deras effekter.<\/p>\n<p><b>\uacbd\uc81c<\/b> (Gyeong-je) &#8211; Ekonomi<br \/>\n<font color=\"#2D3AC7\">\uacbd\uc81c\uac00 \uc131\uc7a5\ud558\uba74 \uc0ac\ub78c\ub4e4\uc758 \uc0b6\uc758 \uc9c8\uc774 \ud5a5\uc0c1\ub429\ub2c8\ub2e4.<\/font><br \/>\nEkonomisk tillv\u00e4xt och stabilitet \u00e4r avg\u00f6rande f\u00f6r nationers v\u00e4lf\u00e4rd och diskuteras ofta i internationella forum.<\/p>\n<p><b>\uc9c0\uc18d \uac00\ub2a5\uc131<\/b> (Ji-sok Ga-neung-seong) &#8211; H\u00e5llbarhet<br \/>\n<font color=\"#2D3AC7\">\uc9c0\uc18d \uac00\ub2a5\uc131\uc740 \uc6b0\ub9ac \uc138\ub300\uc758 \uac00\uc7a5 \uc911\uc694\ud55c \uc774\uc288 \uc911 \ud558\ub098\uc785\ub2c8\ub2e4.<\/font><br \/>\nH\u00e5llbarhet \u00e4r en term som blivit allt viktigare i diskussioner om framtiden f\u00f6r v\u00e5r planet.<\/p>\n<p><b>\uc778\uad8c<\/b> (In-gwon) &#8211; M\u00e4nskliga r\u00e4ttigheter<br \/>\n<font color=\"#2D3AC7\">\ubaa8\ub4e0 \uc778\uac04\uc740 \uae30\ubcf8\uc801\uc778 \uc778\uad8c\uc744 \uac00\uc838\uc57c \ud569\ub2c8\ub2e4.<\/font><br \/>\nM\u00e4nskliga r\u00e4ttigheter \u00e4r en grundl\u00e4ggande aspekt av globala diskussioner, s\u00e4rskilt n\u00e4r det g\u00e4ller konflikter och lagstiftning.<\/p>\n<p><b>\ube48\uace4<\/b> (Bin-gon) &#8211; Fattigdom<br \/>\n<font color=\"#2D3AC7\">\ube48\uace4\uc740 \ub9ce\uc740 \uad6d\uac00\uc5d0\uc11c \uc2ec\uac01\ud55c \ubb38\uc81c\uc785\ub2c8\ub2e4.<\/font><br \/>\nFattigdom \u00e4r en utmaning som m\u00e5nga l\u00e4nder st\u00e5r inf\u00f6r och en viktig punkt i globala strategidiskussioner.<\/p>\n<p><b>\uae30\ud6c4 \ubcc0\ud654<\/b> (Gi-hu Byeon-hwa) &#8211; Klimatf\u00f6r\u00e4ndring<br \/>\n<font color=\"#2D3AC7\">\uae30\ud6c4 \ubcc0\ud654\ub85c \uc778\ud574 \uc5ec\ub7ec \uc790\uc5f0 \uc7ac\ud574\uac00 \ubc1c\uc0dd\ud558\uace0 \uc788\uc2b5\ub2c8\ub2e4.<\/font><br \/>\nKlimatf\u00f6r\u00e4ndringar \u00e4r en av de mest pressande fr\u00e5gorna i v\u00e4rlden idag, vilket p\u00e5verkar allt fr\u00e5n v\u00e4derm\u00f6nster till global politik.<\/p>\n<p><b>\uac1c\ubc1c<\/b> (Gae-bal) &#8211; Utveckling<br \/>\n<font color=\"#2D3AC7\">\uac1c\ubc1c\uc740 \uacbd\uc81c\uc801, \uc0ac\ud68c\uc801\uc73c\ub85c \uc911\uc694\ud569\ub2c8\ub2e4.<\/font><br \/>\nUtveckling \u00e4r central f\u00f6r att f\u00f6rb\u00e4ttra livskvaliteten i m\u00e5nga regioner och \u00e4r en st\u00e4ndig punkt i internationella relationer.<\/p>\n<p><b>\ud3c9\ud654<\/b> (Pyeong-hwa) &#8211; Fred<br \/>\n<font color=\"#2D3AC7\">\ud3c9\ud654\ub86d\uac8c \ubb38\uc81c\ub97c \ud574\uacb0\ud558\ub294 \uac83\uc774 \ucd5c\uc120\uc758 \ubc29\ubc95\uc785\ub2c8\ub2e4.<\/font><br \/>\nFred \u00e4r m\u00e5let f\u00f6r m\u00e5nga internationella anstr\u00e4ngningar, s\u00e4rskilt i konfliktomr\u00e5den.<\/p>\n<p><b>\uc5d0\ub108\uc9c0<\/b> (E-neo-ji) &#8211; Energi<br \/>\n<font color=\"#2D3AC7\">\uc7ac\uc0dd \uac00\ub2a5 \uc5d0\ub108\uc9c0 \uc0ac\uc6a9\uc744 \ub298\ub824\uc57c \ud569\ub2c8\ub2e4.<\/font><br \/>\nEnergifr\u00e5gor, s\u00e4rskilt f\u00f6rnybar energi, \u00e4r avg\u00f6rande f\u00f6r att tackla milj\u00f6utmaningar och ekonomisk utveckling.<\/p>\n<p><b>\uac70\ubc84\ub10c\uc2a4<\/b> (Geo-beo-neon-seu) &#8211; Styrning<br \/>\n<font color=\"#2D3AC7\">\ud6a8\uacfc\uc801\uc778 \uac70\ubc84\ub10c\uc2a4\ub294 \uc0ac\ud68c\ub97c \uc548\uc815\uc2dc\ud0a4\ub294 \ub370 \ud544\uc218\uc801\uc785\ub2c8\ub2e4.<\/font><br \/>\nStyrning och ledarskap \u00e4r nyckelkomponenter f\u00f6r att uppr\u00e4tth\u00e5lla ordning och fr\u00e4mja utveckling p\u00e5 b\u00e5de nationell och internationell niv\u00e5.<\/p>\n<p><b>\ud611\ub825<\/b> (Hyeob-ryeok) &#8211; Samarbete<br \/>\n<font color=\"#2D3AC7\">\uad6d\uc81c \ud611\ub825\uc744 \ud1b5\ud574 \ub9ce\uc740 \ubb38\uc81c\ub97c \ud574\uacb0\ud560 \uc218 \uc788\uc2b5\ub2c8\ub2e4.<\/font><br \/>\nSamarbete \u00e4r grundl\u00e4ggande f\u00f6r att l\u00f6sa globala problem och f\u00f6r att fr\u00e4mja internationell f\u00f6rst\u00e5else och fred.<\/p>\n<p><b>\uae30\uc220<\/b> (Gi-sul) &#8211; Teknologi<br \/>\n<font color=\"#2D3AC7\">\uae30\uc220\uc740 \uc6b0\ub9ac \uc0dd\ud65c\uc744 \ud5a5\uc0c1\uc2dc\ud0a4\ub294 \ub370 \uc911\uc694\ud55c \uc5ed\ud560\uc744 \ud569\ub2c8\ub2e4.<\/font><br \/>\nTeknologi spelar en central roll i moderna samh\u00e4llen och i l\u00f6sningen av b\u00e5de lokala och globala utmaningar.<\/p>\n<p><b>\uc778\uad6c<\/b> (In-gu) &#8211; Befolkning<br \/>\n<font color=\"#2D3AC7\">\uc778\uad6c \uc99d\uac00\ub294 \uc5ec\ub7ec \uc0ac\ud68c\uc801, \uacbd\uc81c\uc801 \ubb38\uc81c\ub97c \uc57c\uae30\ud569\ub2c8\ub2e4.<\/font><br \/>\nBefolkningsfr\u00e5gor, inklusive tillv\u00e4xt och migration, \u00e4r viktiga i diskussioner om nationell och global planering.<\/p>\n<p><b>\ubb38\ud654<\/b> (Mun-hwa) &#8211; Kultur<br \/>\n<font color=\"#2D3AC7\">\uac01\uad6d\uc758 \ubb38\ud654\ub97c \uc774\ud574\ud558\ub294 \uac83\uc740 \uad6d\uc81c \uad00\uacc4\uc5d0\uc11c \uc911\uc694\ud569\ub2c8\ub2e4.<\/font><br \/>\nKultur och dess p\u00e5verkan p\u00e5 internationella relationer \u00e4r en viktig aspekt av global interaktion och f\u00f6rst\u00e5else.<\/p>\n<p>Att beh\u00e4rska dessa ord kan ge en djupare f\u00f6rst\u00e5else f\u00f6r globala fr\u00e5gor och bidra till mer meningsfulla diskussioner p\u00e5 koreanska. Spr\u00e5ket \u00e4r en bro mellan kulturer, och att kunna kommunicera om dessa viktiga \u00e4mnen kan \u00f6ppna d\u00f6rrar till nya insikter och m\u00f6jligheter.<\/p>\n","protected":false},"featured_media":1527634,"template":"","vocabulary_language":[3488],"class_list":["post-282952","vocabulary","type-vocabulary","status-publish","has-post-thumbnail","hentry","vocabulary_language-koreanska"],"acf":[],"yoast_head":"<!-- This site is optimized with the Yoast SEO Premium plugin v27.2 (Yoast SEO v27.2) - https:\/\/yoast.com\/product\/yoast-seo-premium-wordpress\/ -->\n<title>Ord p\u00e5 koreanska f\u00f6r att diskutera globala fr\u00e5gor - Talkpal<\/title>\n<meta name=\"description\" content=\"N\u00e4r man diskuterar globala fr\u00e5gor \u00e4r det viktigt att ha en bred ordf\u00f6rr\u00e5d f\u00f6r att kunna uttrycka sina tankar och \u00e5sikter p\u00e5 ett effektivt s\u00e4tt. H\u00e4r kommer\" \/>\n<meta name=\"robots\" content=\"index, follow, max-snippet:-1, max-image-preview:large, max-video-preview:-1\" \/>\n<link rel=\"canonical\" href=\"https:\/\/talkpal.ai\/sv\/vocabulary\/ord-pa-koreanska-for-att-diskutera-globala-fragor\/\" \/>\n<meta property=\"og:locale\" content=\"sv_SE\" \/>\n<meta property=\"og:type\" content=\"article\" \/>\n<meta property=\"og:title\" content=\"Ord p\u00e5 koreanska f\u00f6r att diskutera globala fr\u00e5gor\" \/>\n<meta property=\"og:description\" content=\"N\u00e4r man diskuterar globala fr\u00e5gor \u00e4r det viktigt att ha en bred ordf\u00f6rr\u00e5d f\u00f6r att kunna uttrycka sina tankar och \u00e5sikter p\u00e5 ett effektivt s\u00e4tt. H\u00e4r kommer\" \/>\n<meta property=\"og:url\" content=\"https:\/\/talkpal.ai\/sv\/vocabulary\/ord-pa-koreanska-for-att-diskutera-globala-fragor\/\" \/>\n<meta property=\"og:site_name\" content=\"Talkpal\" \/>\n<meta property=\"article:publisher\" content=\"https:\/\/www.facebook.com\/profile.php?id=100090733639311\" \/>\n<meta property=\"og:image\" content=\"https:\/\/talkpal.ai\/wp-content\/uploads\/2024\/10\/talkpal_flat_illustration_of_a_employees_working_together_happi_c674ff77-e477-4e09-835a-01d30e561e99.png\" \/>\n\t<meta property=\"og:image:width\" content=\"1024\" \/>\n\t<meta property=\"og:image:height\" content=\"1024\" \/>\n\t<meta property=\"og:image:type\" content=\"image\/png\" \/>\n<meta name=\"twitter:card\" content=\"summary_large_image\" \/>\n<meta name=\"twitter:site\" content=\"@talkpalai\" \/>\n<meta name=\"twitter:label1\" content=\"Ber\u00e4knad l\u00e4stid\" \/>\n\t<meta name=\"twitter:data1\" content=\"2 minuter\" \/>\n<script type=\"application\/ld+json\" class=\"yoast-schema-graph\">{\"@context\":\"https:\/\/schema.org\",\"@graph\":[{\"@type\":\"WebPage\",\"@id\":\"https:\/\/talkpal.ai\/sv\/vocabulary\/ord-pa-koreanska-for-att-diskutera-globala-fragor\/\",\"url\":\"https:\/\/talkpal.ai\/sv\/vocabulary\/ord-pa-koreanska-for-att-diskutera-globala-fragor\/\",\"name\":\"Ord p\u00e5 koreanska f\u00f6r att diskutera globala fr\u00e5gor - Talkpal\",\"isPartOf\":{\"@id\":\"https:\/\/talkpal.ai\/sv\/#website\"},\"primaryImageOfPage\":{\"@id\":\"https:\/\/talkpal.ai\/sv\/vocabulary\/ord-pa-koreanska-for-att-diskutera-globala-fragor\/#primaryimage\"},\"image\":{\"@id\":\"https:\/\/talkpal.ai\/sv\/vocabulary\/ord-pa-koreanska-for-att-diskutera-globala-fragor\/#primaryimage\"},\"thumbnailUrl\":\"https:\/\/talkpal.ai\/wp-content\/uploads\/2025\/12\/digital-lessons-help-to-learn-languages.webp\",\"datePublished\":\"2024-05-09T14:57:30+00:00\",\"description\":\"N\u00e4r man diskuterar globala fr\u00e5gor \u00e4r det viktigt att ha en bred ordf\u00f6rr\u00e5d f\u00f6r att kunna uttrycka sina tankar och \u00e5sikter p\u00e5 ett effektivt s\u00e4tt. H\u00e4r kommer\",\"breadcrumb\":{\"@id\":\"https:\/\/talkpal.ai\/sv\/vocabulary\/ord-pa-koreanska-for-att-diskutera-globala-fragor\/#breadcrumb\"},\"inLanguage\":\"sv-SE\",\"potentialAction\":[{\"@type\":\"ReadAction\",\"target\":[\"https:\/\/talkpal.ai\/sv\/vocabulary\/ord-pa-koreanska-for-att-diskutera-globala-fragor\/\"]}]},{\"@type\":\"ImageObject\",\"inLanguage\":\"sv-SE\",\"@id\":\"https:\/\/talkpal.ai\/sv\/vocabulary\/ord-pa-koreanska-for-att-diskutera-globala-fragor\/#primaryimage\",\"url\":\"https:\/\/talkpal.ai\/wp-content\/uploads\/2025\/12\/digital-lessons-help-to-learn-languages.webp\",\"contentUrl\":\"https:\/\/talkpal.ai\/wp-content\/uploads\/2025\/12\/digital-lessons-help-to-learn-languages.webp\",\"width\":1200,\"height\":896,\"caption\":\"Diverse students use laptops and textbooks while learning languages in a large, brightly lit study hall.\"},{\"@type\":\"BreadcrumbList\",\"@id\":\"https:\/\/talkpal.ai\/sv\/vocabulary\/ord-pa-koreanska-for-att-diskutera-globala-fragor\/#breadcrumb\",\"itemListElement\":[{\"@type\":\"ListItem\",\"position\":1,\"name\":\"Homepage\",\"item\":\"https:\/\/talkpal.ai\/sv\/\"},{\"@type\":\"ListItem\",\"position\":2,\"name\":\"Ord p\u00e5 koreanska f\u00f6r att diskutera globala fr\u00e5gor\"}]},{\"@type\":\"WebSite\",\"@id\":\"https:\/\/talkpal.ai\/sv\/#website\",\"url\":\"https:\/\/talkpal.ai\/sv\/\",\"name\":\"Talkpal\",\"description\":\"AI Language Learning\",\"publisher\":{\"@id\":\"https:\/\/talkpal.ai\/sv\/#organization\"},\"alternateName\":\"Talkpal AI\",\"potentialAction\":[{\"@type\":\"SearchAction\",\"target\":{\"@type\":\"EntryPoint\",\"urlTemplate\":\"https:\/\/talkpal.ai\/sv\/?s={search_term_string}\"},\"query-input\":{\"@type\":\"PropertyValueSpecification\",\"valueRequired\":true,\"valueName\":\"search_term_string\"}}],\"inLanguage\":\"sv-SE\"},{\"@type\":\"Organization\",\"@id\":\"https:\/\/talkpal.ai\/sv\/#organization\",\"name\":\"Talkpal, Inc.\",\"alternateName\":\"Talkpal AI\",\"url\":\"https:\/\/talkpal.ai\/sv\/\",\"logo\":{\"@type\":\"ImageObject\",\"inLanguage\":\"sv-SE\",\"@id\":\"https:\/\/talkpal.ai\/sv\/#\/schema\/logo\/image\/\",\"url\":\"https:\/\/talkpal.ai\/wp-content\/uploads\/2024\/03\/Talkpal-Logo-Icon.png\",\"contentUrl\":\"https:\/\/talkpal.ai\/wp-content\/uploads\/2024\/03\/Talkpal-Logo-Icon.png\",\"width\":2880,\"height\":2880,\"caption\":\"Talkpal, Inc.\"},\"image\":{\"@id\":\"https:\/\/talkpal.ai\/sv\/#\/schema\/logo\/image\/\"},\"sameAs\":[\"https:\/\/www.facebook.com\/profile.php?id=100090733639311\",\"https:\/\/x.com\/talkpalai\",\"https:\/\/www.linkedin.com\/company\/talkpal\/\",\"https:\/\/www.youtube.com\/@TalkPal\/\",\"https:\/\/www.tiktok.com\/@talkpal\",\"https:\/\/www.instagram.com\/talkpal_ai\/\",\"https:\/\/www.crunchbase.com\/organization\/talkpal-9cde\",\"https:\/\/www.g2.com\/products\/talkpal-for-business\/\",\"https:\/\/www.trustpilot.com\/review\/talkpal.ai\",\"https:\/\/www.capterra.com\/p\/10006800\/TalkPal\/\"],\"description\":\"Talkpal is a language learning web and mobile education app, powered by the latest AI technologies, that provides engaging experiences to its customers in many different languages to help them improve their language skills. Users can chat about unlimited amount of topics with the app and use other modes to practice their language learning.\",\"email\":\"support@talkpal.ai\",\"legalName\":\"Talkpal, Inc.\",\"foundingDate\":\"2023-04-03\",\"duns\":\"118989042\",\"numberOfEmployees\":{\"@type\":\"QuantitativeValue\",\"minValue\":\"11\",\"maxValue\":\"50\"},\"publishingPrinciples\":\"https:\/\/talkpal.ai\/publishing-principles\/\",\"actionableFeedbackPolicy\":\"https:\/\/talkpal.ai\/actionable-feedback-policy\/\",\"correctionsPolicy\":\"https:\/\/talkpal.ai\/corrections-policy\/\",\"ethicsPolicy\":\"https:\/\/talkpal.ai\/ethics-policy\/\",\"diversityPolicy\":\"https:\/\/talkpal.ai\/diversity-policy\/\",\"diversityStaffingReport\":\"https:\/\/talkpal.ai\/diversity-policy\/\"}]}<\/script>\n<!-- \/ Yoast SEO Premium plugin. -->","yoast_head_json":{"title":"Ord p\u00e5 koreanska f\u00f6r att diskutera globala fr\u00e5gor - Talkpal","description":"N\u00e4r man diskuterar globala fr\u00e5gor \u00e4r det viktigt att ha en bred ordf\u00f6rr\u00e5d f\u00f6r att kunna uttrycka sina tankar och \u00e5sikter p\u00e5 ett effektivt s\u00e4tt. H\u00e4r kommer","robots":{"index":"index","follow":"follow","max-snippet":"max-snippet:-1","max-image-preview":"max-image-preview:large","max-video-preview":"max-video-preview:-1"},"canonical":"https:\/\/talkpal.ai\/sv\/vocabulary\/ord-pa-koreanska-for-att-diskutera-globala-fragor\/","og_locale":"sv_SE","og_type":"article","og_title":"Ord p\u00e5 koreanska f\u00f6r att diskutera globala fr\u00e5gor","og_description":"N\u00e4r man diskuterar globala fr\u00e5gor \u00e4r det viktigt att ha en bred ordf\u00f6rr\u00e5d f\u00f6r att kunna uttrycka sina tankar och \u00e5sikter p\u00e5 ett effektivt s\u00e4tt. H\u00e4r kommer","og_url":"https:\/\/talkpal.ai\/sv\/vocabulary\/ord-pa-koreanska-for-att-diskutera-globala-fragor\/","og_site_name":"Talkpal","article_publisher":"https:\/\/www.facebook.com\/profile.php?id=100090733639311","og_image":[{"width":1024,"height":1024,"url":"https:\/\/talkpal.ai\/wp-content\/uploads\/2024\/10\/talkpal_flat_illustration_of_a_employees_working_together_happi_c674ff77-e477-4e09-835a-01d30e561e99.png","type":"image\/png"}],"twitter_card":"summary_large_image","twitter_site":"@talkpalai","twitter_misc":{"Ber\u00e4knad l\u00e4stid":"2 minuter"},"schema":{"@context":"https:\/\/schema.org","@graph":[{"@type":"WebPage","@id":"https:\/\/talkpal.ai\/sv\/vocabulary\/ord-pa-koreanska-for-att-diskutera-globala-fragor\/","url":"https:\/\/talkpal.ai\/sv\/vocabulary\/ord-pa-koreanska-for-att-diskutera-globala-fragor\/","name":"Ord p\u00e5 koreanska f\u00f6r att diskutera globala fr\u00e5gor - Talkpal","isPartOf":{"@id":"https:\/\/talkpal.ai\/sv\/#website"},"primaryImageOfPage":{"@id":"https:\/\/talkpal.ai\/sv\/vocabulary\/ord-pa-koreanska-for-att-diskutera-globala-fragor\/#primaryimage"},"image":{"@id":"https:\/\/talkpal.ai\/sv\/vocabulary\/ord-pa-koreanska-for-att-diskutera-globala-fragor\/#primaryimage"},"thumbnailUrl":"https:\/\/talkpal.ai\/wp-content\/uploads\/2025\/12\/digital-lessons-help-to-learn-languages.webp","datePublished":"2024-05-09T14:57:30+00:00","description":"N\u00e4r man diskuterar globala fr\u00e5gor \u00e4r det viktigt att ha en bred ordf\u00f6rr\u00e5d f\u00f6r att kunna uttrycka sina tankar och \u00e5sikter p\u00e5 ett effektivt s\u00e4tt. H\u00e4r kommer","breadcrumb":{"@id":"https:\/\/talkpal.ai\/sv\/vocabulary\/ord-pa-koreanska-for-att-diskutera-globala-fragor\/#breadcrumb"},"inLanguage":"sv-SE","potentialAction":[{"@type":"ReadAction","target":["https:\/\/talkpal.ai\/sv\/vocabulary\/ord-pa-koreanska-for-att-diskutera-globala-fragor\/"]}]},{"@type":"ImageObject","inLanguage":"sv-SE","@id":"https:\/\/talkpal.ai\/sv\/vocabulary\/ord-pa-koreanska-for-att-diskutera-globala-fragor\/#primaryimage","url":"https:\/\/talkpal.ai\/wp-content\/uploads\/2025\/12\/digital-lessons-help-to-learn-languages.webp","contentUrl":"https:\/\/talkpal.ai\/wp-content\/uploads\/2025\/12\/digital-lessons-help-to-learn-languages.webp","width":1200,"height":896,"caption":"Diverse students use laptops and textbooks while learning languages in a large, brightly lit study hall."},{"@type":"BreadcrumbList","@id":"https:\/\/talkpal.ai\/sv\/vocabulary\/ord-pa-koreanska-for-att-diskutera-globala-fragor\/#breadcrumb","itemListElement":[{"@type":"ListItem","position":1,"name":"Homepage","item":"https:\/\/talkpal.ai\/sv\/"},{"@type":"ListItem","position":2,"name":"Ord p\u00e5 koreanska f\u00f6r att diskutera globala fr\u00e5gor"}]},{"@type":"WebSite","@id":"https:\/\/talkpal.ai\/sv\/#website","url":"https:\/\/talkpal.ai\/sv\/","name":"Talkpal","description":"AI Language Learning","publisher":{"@id":"https:\/\/talkpal.ai\/sv\/#organization"},"alternateName":"Talkpal AI","potentialAction":[{"@type":"SearchAction","target":{"@type":"EntryPoint","urlTemplate":"https:\/\/talkpal.ai\/sv\/?s={search_term_string}"},"query-input":{"@type":"PropertyValueSpecification","valueRequired":true,"valueName":"search_term_string"}}],"inLanguage":"sv-SE"},{"@type":"Organization","@id":"https:\/\/talkpal.ai\/sv\/#organization","name":"Talkpal, Inc.","alternateName":"Talkpal AI","url":"https:\/\/talkpal.ai\/sv\/","logo":{"@type":"ImageObject","inLanguage":"sv-SE","@id":"https:\/\/talkpal.ai\/sv\/#\/schema\/logo\/image\/","url":"https:\/\/talkpal.ai\/wp-content\/uploads\/2024\/03\/Talkpal-Logo-Icon.png","contentUrl":"https:\/\/talkpal.ai\/wp-content\/uploads\/2024\/03\/Talkpal-Logo-Icon.png","width":2880,"height":2880,"caption":"Talkpal, Inc."},"image":{"@id":"https:\/\/talkpal.ai\/sv\/#\/schema\/logo\/image\/"},"sameAs":["https:\/\/www.facebook.com\/profile.php?id=100090733639311","https:\/\/x.com\/talkpalai","https:\/\/www.linkedin.com\/company\/talkpal\/","https:\/\/www.youtube.com\/@TalkPal\/","https:\/\/www.tiktok.com\/@talkpal","https:\/\/www.instagram.com\/talkpal_ai\/","https:\/\/www.crunchbase.com\/organization\/talkpal-9cde","https:\/\/www.g2.com\/products\/talkpal-for-business\/","https:\/\/www.trustpilot.com\/review\/talkpal.ai","https:\/\/www.capterra.com\/p\/10006800\/TalkPal\/"],"description":"Talkpal is a language learning web and mobile education app, powered by the latest AI technologies, that provides engaging experiences to its customers in many different languages to help them improve their language skills. Users can chat about unlimited amount of topics with the app and use other modes to practice their language learning.","email":"support@talkpal.ai","legalName":"Talkpal, Inc.","foundingDate":"2023-04-03","duns":"118989042","numberOfEmployees":{"@type":"QuantitativeValue","minValue":"11","maxValue":"50"},"publishingPrinciples":"https:\/\/talkpal.ai\/publishing-principles\/","actionableFeedbackPolicy":"https:\/\/talkpal.ai\/actionable-feedback-policy\/","correctionsPolicy":"https:\/\/talkpal.ai\/corrections-policy\/","ethicsPolicy":"https:\/\/talkpal.ai\/ethics-policy\/","diversityPolicy":"https:\/\/talkpal.ai\/diversity-policy\/","diversityStaffingReport":"https:\/\/talkpal.ai\/diversity-policy\/"}]}},"_links":{"self":[{"href":"https:\/\/talkpal.ai\/sv\/wp-json\/wp\/v2\/vocabulary\/282952","targetHints":{"allow":["GET"]}}],"collection":[{"href":"https:\/\/talkpal.ai\/sv\/wp-json\/wp\/v2\/vocabulary"}],"about":[{"href":"https:\/\/talkpal.ai\/sv\/wp-json\/wp\/v2\/types\/vocabulary"}],"wp:featuredmedia":[{"embeddable":true,"href":"https:\/\/talkpal.ai\/sv\/wp-json\/wp\/v2\/media\/1527634"}],"wp:attachment":[{"href":"https:\/\/talkpal.ai\/sv\/wp-json\/wp\/v2\/media?parent=282952"}],"wp:term":[{"taxonomy":"vocabulary_language","embeddable":true,"href":"https:\/\/talkpal.ai\/sv\/wp-json\/wp\/v2\/vocabulary_language?post=282952"}],"curies":[{"name":"wp","href":"https:\/\/api.w.org\/{rel}","templated":true}]}}