{"id":282665,"date":"2024-05-09T14:31:08","date_gmt":"2024-05-09T14:31:08","guid":{"rendered":"https:\/\/talkpal.ai\/vocabulary\/hollandska-uttryck-for-arbetsplatsen-och-professionella-miljoer\/"},"modified":"2024-05-09T14:31:08","modified_gmt":"2024-05-09T14:31:08","slug":"hollandska-uttryck-for-arbetsplatsen-och-professionella-miljoer","status":"publish","type":"vocabulary","link":"https:\/\/talkpal.ai\/sv\/vocabulary\/hollandska-uttryck-for-arbetsplatsen-och-professionella-miljoer\/","title":{"rendered":"Holl\u00e4ndska uttryck f\u00f6r arbetsplatsen och professionella milj\u00f6er"},"content":{"rendered":"<p>Att kunna kommunicera effektivt p\u00e5 arbetsplatsen \u00e4r en viktig f\u00e4rdighet i alla professionella milj\u00f6er. Om du arbetar eller planerar att arbeta med <a href=\"https:\/\/talkpal.ai\/learn-dutch\/\">holl\u00e4ndska<\/a> kollegor, eller i en holl\u00e4ndsktalande milj\u00f6, finns det vissa nyckeluttryck som kan hj\u00e4lpa dig att navigera i arbetssituationer mer smidigt. H\u00e4r nedan f\u00f6ljer en lista \u00f6ver anv\u00e4ndbara holl\u00e4ndska uttryck f\u00f6r arbetsplatsen och professionella milj\u00f6er.<\/p>\n<p><b>Vergadering<\/b> &#8211; M\u00f6te<br \/>\n<font color=\"#2D3AC7\">Wanneer is de volgende vergadering gepland?<\/font><br \/>\nDetta ord anv\u00e4nds f\u00f6r att beskriva ett formellt eller informellt m\u00f6te mellan kollegor eller aff\u00e4rspartners.<\/p>\n<p><b>Baas<\/b> &#8211; Chef<br \/>\n<font color=\"#2D3AC7\">Mijn baas heeft de deadline voor het project bevestigd.<\/font><br \/>\nAnv\u00e4nds f\u00f6r att referera till personen som har h\u00f6gsta ansvaret p\u00e5 arbetsplatsen eller inom en avdelning.<\/p>\n<p><b>Deadline<\/b> &#8211; Deadline<br \/>\n<font color=\"#2D3AC7\">We moeten het rapport voor de deadline af hebben.<\/font><br \/>\nTermen beskriver den senaste tidpunkten d\u00e5 ett visst arbete eller uppgift m\u00e5ste vara f\u00e4rdigst\u00e4llt.<\/p>\n<p><b>Samenwerken<\/b> &#8211; Samarbeta<br \/>\n<font color=\"#2D3AC7\">We moeten samenwerken om dit probleem op te lossen.<\/font><br \/>\nUttrycket anv\u00e4nds n\u00e4r man beh\u00f6ver arbeta tillsammans med andra f\u00f6r att uppn\u00e5 ett gemensamt m\u00e5l.<\/p>\n<p><b>Zakenreis<\/b> &#8211; Aff\u00e4rsresa<br \/>\n<font color=\"#2D3AC7\">Hij is op zakenreis in Duitsland.<\/font><br \/>\nDetta anv\u00e4nds n\u00e4r n\u00e5gon reser i arbetsrelaterade \u00e4renden.<\/p>\n<p><b>Contract<\/b> &#8211; Kontrakt<br \/>\n<font color=\"#2D3AC7\">Heb je het contract al getekend?<\/font><br \/>\nEtt avtal mellan tv\u00e5 eller flera parter som ofta \u00e4r skriftligt och juridiskt bindande.<\/p>\n<p><b>Promotie<\/b> &#8211; Befordran<br \/>\n<font color=\"#2D3AC7\">Ze heeft een promotie gekregen vanwege haar harde werk.<\/font><br \/>\nAnv\u00e4nds n\u00e4r en person f\u00e5r en h\u00f6gre position eller status inom en <a href=\"https:\/\/talkpal.ai\/talkpal-discount-for-cultural-organization-members\/\">organisation<\/a>.<\/p>\n<p><b>Overuren<\/b> &#8211; \u00d6vertid<br \/>\n<font color=\"#2D3AC7\">Ik moet deze week veel overuren maken.<\/font><br \/>\nDetta ord anv\u00e4nds n\u00e4r man arbetar mer \u00e4n de avtalade arbetstimmarna.<\/p>\n<p><b>Netwerken<\/b> &#8211; N\u00e4tverka<br \/>\n<font color=\"#2D3AC7\">Het is belangrijk <a href=\"https:\/\/talkpal.ai\/culture\/how-do-you-use-the-construction-om-te-in-afrikaans\/\">om te<\/a> netwerken met andere professionals in jouw veld.<\/font><br \/>\nUttrycket beskriver aktiviteten d\u00e4r man skapar och underh\u00e5ller kontakter som kan vara professionellt f\u00f6rdelaktiga.<\/p>\n<p><b>Beoordeling<\/b> &#8211; Utv\u00e4rdering<br \/>\n<font color=\"#2D3AC7\">Je beoordeling zal plaatsvinden <a href=\"https:\/\/talkpal.ai\/culture\/how-do-i-use-the-construction-aan-het-infinitive\/\">aan het<\/a> einde <a href=\"https:\/\/talkpal.ai\/locations\/language-courses-in-van\/\">van<\/a> het jaar.<\/font><br \/>\nDet anv\u00e4nds f\u00f6r att beskriva en formell bed\u00f6mning av en anst\u00e4llds prestanda.<\/p>\n<p><b>Ontslag<\/b> &#8211; Avsked<br \/>\n<font color=\"#2D3AC7\">Hij is ontslagen vanwege zijn slechte prestaties.<\/font><br \/>\nDetta ord anv\u00e4nds n\u00e4r n\u00e5gon avslutar sin anst\u00e4llning, vanligtvis p\u00e5 grund av otillr\u00e4ckliga prestationer.<\/p>\n<p><b>Werknemer<\/b> &#8211; Anst\u00e4lld<br \/>\n<font color=\"#2D3AC7\">Elke werknemer moet zich aan de regels houden.<\/font><br \/>\nEn person som arbetar f\u00f6r en arbetsgivare, ofta mot l\u00f6n.<\/p>\n<p><b>Salaris<\/b> &#8211; L\u00f6n<br \/>\n<font color=\"#2D3AC7\">Wanneer ontvang ik mijn salaris?<\/font><br \/>\nDetta \u00e4r den betalning en anst\u00e4lld f\u00e5r f\u00f6r sitt arbete, vanligtvis utbetald m\u00e5nadsvis.<\/p>\n<p><b>Arbeidsvoorwaarden<\/b> &#8211; Anst\u00e4llningsvillkor<br \/>\n<font color=\"#2D3AC7\">De arbeidsvoorwaarden zijn aangepast na de laatste onderhandelingen.<\/font><br \/>\nDe villkor under vilka en anst\u00e4lld arbetar, inklusive l\u00f6n, arbetstid, och andra f\u00f6rm\u00e5ner.<\/p>\n<p><b>Verlof<\/b> &#8211; Ledighet<br \/>\n<font color=\"#2D3AC7\">Ik heb verlof aangevraagd voor volgende week.<\/font><br \/>\nAnv\u00e4nds n\u00e4r en anst\u00e4lld tar ledigt fr\u00e5n sitt arbete, detta kan vara semester, sjukledighet eller andra typer av ledighet.<\/p>\n<p>Genom att l\u00e4ra dig dessa holl\u00e4ndska uttryck och anv\u00e4nda dem korrekt i professionella sammanhang kan du f\u00f6rb\u00e4ttra din kommunikation och dina relationer p\u00e5 arbetsplatsen. Det \u00e4r ocks\u00e5 ett utm\u00e4rkt s\u00e4tt att visa respekt och f\u00f6rst\u00e5else f\u00f6r kulturen och spr\u00e5ket i din professionella milj\u00f6.<\/p>\n","protected":false},"featured_media":1527734,"template":"","vocabulary_language":[3482],"class_list":["post-282665","vocabulary","type-vocabulary","status-publish","has-post-thumbnail","hentry","vocabulary_language-hollandska"],"acf":[],"yoast_head":"<!-- This site is optimized with the Yoast SEO Premium plugin v27.2 (Yoast SEO v27.2) - https:\/\/yoast.com\/product\/yoast-seo-premium-wordpress\/ -->\n<title>Holl\u00e4ndska uttryck f\u00f6r arbetsplatsen och professionella milj\u00f6er - Talkpal<\/title>\n<meta name=\"description\" content=\"Att kunna kommunicera effektivt p\u00e5 arbetsplatsen \u00e4r en viktig f\u00e4rdighet i alla professionella milj\u00f6er. Om du arbetar eller planerar att arbeta med\" \/>\n<meta name=\"robots\" content=\"index, follow, max-snippet:-1, max-image-preview:large, max-video-preview:-1\" \/>\n<link rel=\"canonical\" href=\"https:\/\/talkpal.ai\/sv\/vocabulary\/hollandska-uttryck-for-arbetsplatsen-och-professionella-miljoer\/\" \/>\n<meta property=\"og:locale\" content=\"sv_SE\" \/>\n<meta property=\"og:type\" content=\"article\" \/>\n<meta property=\"og:title\" content=\"Holl\u00e4ndska uttryck f\u00f6r arbetsplatsen och professionella milj\u00f6er\" \/>\n<meta property=\"og:description\" content=\"Att kunna kommunicera effektivt p\u00e5 arbetsplatsen \u00e4r en viktig f\u00e4rdighet i alla professionella milj\u00f6er. Om du arbetar eller planerar att arbeta med\" \/>\n<meta property=\"og:url\" content=\"https:\/\/talkpal.ai\/sv\/vocabulary\/hollandska-uttryck-for-arbetsplatsen-och-professionella-miljoer\/\" \/>\n<meta property=\"og:site_name\" content=\"Talkpal\" \/>\n<meta property=\"article:publisher\" content=\"https:\/\/www.facebook.com\/profile.php?id=100090733639311\" \/>\n<meta property=\"og:image\" content=\"https:\/\/talkpal.ai\/wp-content\/uploads\/2024\/10\/talkpal_flat_illustration_of_a_employees_working_together_happi_c674ff77-e477-4e09-835a-01d30e561e99.png\" \/>\n\t<meta property=\"og:image:width\" content=\"1024\" \/>\n\t<meta property=\"og:image:height\" content=\"1024\" \/>\n\t<meta property=\"og:image:type\" content=\"image\/png\" \/>\n<meta name=\"twitter:card\" content=\"summary_large_image\" \/>\n<meta name=\"twitter:site\" content=\"@talkpalai\" \/>\n<meta name=\"twitter:label1\" content=\"Ber\u00e4knad l\u00e4stid\" \/>\n\t<meta name=\"twitter:data1\" content=\"3 minuter\" \/>\n<script type=\"application\/ld+json\" class=\"yoast-schema-graph\">{\"@context\":\"https:\/\/schema.org\",\"@graph\":[{\"@type\":\"WebPage\",\"@id\":\"https:\/\/talkpal.ai\/sv\/vocabulary\/hollandska-uttryck-for-arbetsplatsen-och-professionella-miljoer\/\",\"url\":\"https:\/\/talkpal.ai\/sv\/vocabulary\/hollandska-uttryck-for-arbetsplatsen-och-professionella-miljoer\/\",\"name\":\"Holl\u00e4ndska uttryck f\u00f6r arbetsplatsen och professionella milj\u00f6er - Talkpal\",\"isPartOf\":{\"@id\":\"https:\/\/talkpal.ai\/sv\/#website\"},\"primaryImageOfPage\":{\"@id\":\"https:\/\/talkpal.ai\/sv\/vocabulary\/hollandska-uttryck-for-arbetsplatsen-och-professionella-miljoer\/#primaryimage\"},\"image\":{\"@id\":\"https:\/\/talkpal.ai\/sv\/vocabulary\/hollandska-uttryck-for-arbetsplatsen-och-professionella-miljoer\/#primaryimage\"},\"thumbnailUrl\":\"https:\/\/talkpal.ai\/wp-content\/uploads\/2025\/12\/learning-languages-at-a-cafe.webp\",\"datePublished\":\"2024-05-09T14:31:08+00:00\",\"description\":\"Att kunna kommunicera effektivt p\u00e5 arbetsplatsen \u00e4r en viktig f\u00e4rdighet i alla professionella milj\u00f6er. Om du arbetar eller planerar att arbeta med\",\"breadcrumb\":{\"@id\":\"https:\/\/talkpal.ai\/sv\/vocabulary\/hollandska-uttryck-for-arbetsplatsen-och-professionella-miljoer\/#breadcrumb\"},\"inLanguage\":\"sv-SE\",\"potentialAction\":[{\"@type\":\"ReadAction\",\"target\":[\"https:\/\/talkpal.ai\/sv\/vocabulary\/hollandska-uttryck-for-arbetsplatsen-och-professionella-miljoer\/\"]}]},{\"@type\":\"ImageObject\",\"inLanguage\":\"sv-SE\",\"@id\":\"https:\/\/talkpal.ai\/sv\/vocabulary\/hollandska-uttryck-for-arbetsplatsen-och-professionella-miljoer\/#primaryimage\",\"url\":\"https:\/\/talkpal.ai\/wp-content\/uploads\/2025\/12\/learning-languages-at-a-cafe.webp\",\"contentUrl\":\"https:\/\/talkpal.ai\/wp-content\/uploads\/2025\/12\/learning-languages-at-a-cafe.webp\",\"width\":1200,\"height\":896,\"caption\":\"A man sits at a cafe table with his laptop for the purpose of learning languages.\"},{\"@type\":\"BreadcrumbList\",\"@id\":\"https:\/\/talkpal.ai\/sv\/vocabulary\/hollandska-uttryck-for-arbetsplatsen-och-professionella-miljoer\/#breadcrumb\",\"itemListElement\":[{\"@type\":\"ListItem\",\"position\":1,\"name\":\"Homepage\",\"item\":\"https:\/\/talkpal.ai\/sv\/\"},{\"@type\":\"ListItem\",\"position\":2,\"name\":\"Holl\u00e4ndska uttryck f\u00f6r arbetsplatsen och professionella milj\u00f6er\"}]},{\"@type\":\"WebSite\",\"@id\":\"https:\/\/talkpal.ai\/sv\/#website\",\"url\":\"https:\/\/talkpal.ai\/sv\/\",\"name\":\"Talkpal\",\"description\":\"AI Language Learning\",\"publisher\":{\"@id\":\"https:\/\/talkpal.ai\/sv\/#organization\"},\"alternateName\":\"Talkpal AI\",\"potentialAction\":[{\"@type\":\"SearchAction\",\"target\":{\"@type\":\"EntryPoint\",\"urlTemplate\":\"https:\/\/talkpal.ai\/sv\/?s={search_term_string}\"},\"query-input\":{\"@type\":\"PropertyValueSpecification\",\"valueRequired\":true,\"valueName\":\"search_term_string\"}}],\"inLanguage\":\"sv-SE\"},{\"@type\":\"Organization\",\"@id\":\"https:\/\/talkpal.ai\/sv\/#organization\",\"name\":\"Talkpal, Inc.\",\"alternateName\":\"Talkpal AI\",\"url\":\"https:\/\/talkpal.ai\/sv\/\",\"logo\":{\"@type\":\"ImageObject\",\"inLanguage\":\"sv-SE\",\"@id\":\"https:\/\/talkpal.ai\/sv\/#\/schema\/logo\/image\/\",\"url\":\"https:\/\/talkpal.ai\/wp-content\/uploads\/2024\/03\/Talkpal-Logo-Icon.png\",\"contentUrl\":\"https:\/\/talkpal.ai\/wp-content\/uploads\/2024\/03\/Talkpal-Logo-Icon.png\",\"width\":2880,\"height\":2880,\"caption\":\"Talkpal, Inc.\"},\"image\":{\"@id\":\"https:\/\/talkpal.ai\/sv\/#\/schema\/logo\/image\/\"},\"sameAs\":[\"https:\/\/www.facebook.com\/profile.php?id=100090733639311\",\"https:\/\/x.com\/talkpalai\",\"https:\/\/www.linkedin.com\/company\/talkpal\/\",\"https:\/\/www.youtube.com\/@TalkPal\/\",\"https:\/\/www.tiktok.com\/@talkpal\",\"https:\/\/www.instagram.com\/talkpal_ai\/\",\"https:\/\/www.crunchbase.com\/organization\/talkpal-9cde\",\"https:\/\/www.g2.com\/products\/talkpal-for-business\/\",\"https:\/\/www.trustpilot.com\/review\/talkpal.ai\",\"https:\/\/www.capterra.com\/p\/10006800\/TalkPal\/\"],\"description\":\"Talkpal is a language learning web and mobile education app, powered by the latest AI technologies, that provides engaging experiences to its customers in many different languages to help them improve their language skills. Users can chat about unlimited amount of topics with the app and use other modes to practice their language learning.\",\"email\":\"support@talkpal.ai\",\"legalName\":\"Talkpal, Inc.\",\"foundingDate\":\"2023-04-03\",\"duns\":\"118989042\",\"numberOfEmployees\":{\"@type\":\"QuantitativeValue\",\"minValue\":\"11\",\"maxValue\":\"50\"},\"publishingPrinciples\":\"https:\/\/talkpal.ai\/publishing-principles\/\",\"actionableFeedbackPolicy\":\"https:\/\/talkpal.ai\/actionable-feedback-policy\/\",\"correctionsPolicy\":\"https:\/\/talkpal.ai\/corrections-policy\/\",\"ethicsPolicy\":\"https:\/\/talkpal.ai\/ethics-policy\/\",\"diversityPolicy\":\"https:\/\/talkpal.ai\/diversity-policy\/\",\"diversityStaffingReport\":\"https:\/\/talkpal.ai\/diversity-policy\/\"}]}<\/script>\n<!-- \/ Yoast SEO Premium plugin. -->","yoast_head_json":{"title":"Holl\u00e4ndska uttryck f\u00f6r arbetsplatsen och professionella milj\u00f6er - Talkpal","description":"Att kunna kommunicera effektivt p\u00e5 arbetsplatsen \u00e4r en viktig f\u00e4rdighet i alla professionella milj\u00f6er. Om du arbetar eller planerar att arbeta med","robots":{"index":"index","follow":"follow","max-snippet":"max-snippet:-1","max-image-preview":"max-image-preview:large","max-video-preview":"max-video-preview:-1"},"canonical":"https:\/\/talkpal.ai\/sv\/vocabulary\/hollandska-uttryck-for-arbetsplatsen-och-professionella-miljoer\/","og_locale":"sv_SE","og_type":"article","og_title":"Holl\u00e4ndska uttryck f\u00f6r arbetsplatsen och professionella milj\u00f6er","og_description":"Att kunna kommunicera effektivt p\u00e5 arbetsplatsen \u00e4r en viktig f\u00e4rdighet i alla professionella milj\u00f6er. Om du arbetar eller planerar att arbeta med","og_url":"https:\/\/talkpal.ai\/sv\/vocabulary\/hollandska-uttryck-for-arbetsplatsen-och-professionella-miljoer\/","og_site_name":"Talkpal","article_publisher":"https:\/\/www.facebook.com\/profile.php?id=100090733639311","og_image":[{"width":1024,"height":1024,"url":"https:\/\/talkpal.ai\/wp-content\/uploads\/2024\/10\/talkpal_flat_illustration_of_a_employees_working_together_happi_c674ff77-e477-4e09-835a-01d30e561e99.png","type":"image\/png"}],"twitter_card":"summary_large_image","twitter_site":"@talkpalai","twitter_misc":{"Ber\u00e4knad l\u00e4stid":"3 minuter"},"schema":{"@context":"https:\/\/schema.org","@graph":[{"@type":"WebPage","@id":"https:\/\/talkpal.ai\/sv\/vocabulary\/hollandska-uttryck-for-arbetsplatsen-och-professionella-miljoer\/","url":"https:\/\/talkpal.ai\/sv\/vocabulary\/hollandska-uttryck-for-arbetsplatsen-och-professionella-miljoer\/","name":"Holl\u00e4ndska uttryck f\u00f6r arbetsplatsen och professionella milj\u00f6er - Talkpal","isPartOf":{"@id":"https:\/\/talkpal.ai\/sv\/#website"},"primaryImageOfPage":{"@id":"https:\/\/talkpal.ai\/sv\/vocabulary\/hollandska-uttryck-for-arbetsplatsen-och-professionella-miljoer\/#primaryimage"},"image":{"@id":"https:\/\/talkpal.ai\/sv\/vocabulary\/hollandska-uttryck-for-arbetsplatsen-och-professionella-miljoer\/#primaryimage"},"thumbnailUrl":"https:\/\/talkpal.ai\/wp-content\/uploads\/2025\/12\/learning-languages-at-a-cafe.webp","datePublished":"2024-05-09T14:31:08+00:00","description":"Att kunna kommunicera effektivt p\u00e5 arbetsplatsen \u00e4r en viktig f\u00e4rdighet i alla professionella milj\u00f6er. Om du arbetar eller planerar att arbeta med","breadcrumb":{"@id":"https:\/\/talkpal.ai\/sv\/vocabulary\/hollandska-uttryck-for-arbetsplatsen-och-professionella-miljoer\/#breadcrumb"},"inLanguage":"sv-SE","potentialAction":[{"@type":"ReadAction","target":["https:\/\/talkpal.ai\/sv\/vocabulary\/hollandska-uttryck-for-arbetsplatsen-och-professionella-miljoer\/"]}]},{"@type":"ImageObject","inLanguage":"sv-SE","@id":"https:\/\/talkpal.ai\/sv\/vocabulary\/hollandska-uttryck-for-arbetsplatsen-och-professionella-miljoer\/#primaryimage","url":"https:\/\/talkpal.ai\/wp-content\/uploads\/2025\/12\/learning-languages-at-a-cafe.webp","contentUrl":"https:\/\/talkpal.ai\/wp-content\/uploads\/2025\/12\/learning-languages-at-a-cafe.webp","width":1200,"height":896,"caption":"A man sits at a cafe table with his laptop for the purpose of learning languages."},{"@type":"BreadcrumbList","@id":"https:\/\/talkpal.ai\/sv\/vocabulary\/hollandska-uttryck-for-arbetsplatsen-och-professionella-miljoer\/#breadcrumb","itemListElement":[{"@type":"ListItem","position":1,"name":"Homepage","item":"https:\/\/talkpal.ai\/sv\/"},{"@type":"ListItem","position":2,"name":"Holl\u00e4ndska uttryck f\u00f6r arbetsplatsen och professionella milj\u00f6er"}]},{"@type":"WebSite","@id":"https:\/\/talkpal.ai\/sv\/#website","url":"https:\/\/talkpal.ai\/sv\/","name":"Talkpal","description":"AI Language Learning","publisher":{"@id":"https:\/\/talkpal.ai\/sv\/#organization"},"alternateName":"Talkpal AI","potentialAction":[{"@type":"SearchAction","target":{"@type":"EntryPoint","urlTemplate":"https:\/\/talkpal.ai\/sv\/?s={search_term_string}"},"query-input":{"@type":"PropertyValueSpecification","valueRequired":true,"valueName":"search_term_string"}}],"inLanguage":"sv-SE"},{"@type":"Organization","@id":"https:\/\/talkpal.ai\/sv\/#organization","name":"Talkpal, Inc.","alternateName":"Talkpal AI","url":"https:\/\/talkpal.ai\/sv\/","logo":{"@type":"ImageObject","inLanguage":"sv-SE","@id":"https:\/\/talkpal.ai\/sv\/#\/schema\/logo\/image\/","url":"https:\/\/talkpal.ai\/wp-content\/uploads\/2024\/03\/Talkpal-Logo-Icon.png","contentUrl":"https:\/\/talkpal.ai\/wp-content\/uploads\/2024\/03\/Talkpal-Logo-Icon.png","width":2880,"height":2880,"caption":"Talkpal, Inc."},"image":{"@id":"https:\/\/talkpal.ai\/sv\/#\/schema\/logo\/image\/"},"sameAs":["https:\/\/www.facebook.com\/profile.php?id=100090733639311","https:\/\/x.com\/talkpalai","https:\/\/www.linkedin.com\/company\/talkpal\/","https:\/\/www.youtube.com\/@TalkPal\/","https:\/\/www.tiktok.com\/@talkpal","https:\/\/www.instagram.com\/talkpal_ai\/","https:\/\/www.crunchbase.com\/organization\/talkpal-9cde","https:\/\/www.g2.com\/products\/talkpal-for-business\/","https:\/\/www.trustpilot.com\/review\/talkpal.ai","https:\/\/www.capterra.com\/p\/10006800\/TalkPal\/"],"description":"Talkpal is a language learning web and mobile education app, powered by the latest AI technologies, that provides engaging experiences to its customers in many different languages to help them improve their language skills. Users can chat about unlimited amount of topics with the app and use other modes to practice their language learning.","email":"support@talkpal.ai","legalName":"Talkpal, Inc.","foundingDate":"2023-04-03","duns":"118989042","numberOfEmployees":{"@type":"QuantitativeValue","minValue":"11","maxValue":"50"},"publishingPrinciples":"https:\/\/talkpal.ai\/publishing-principles\/","actionableFeedbackPolicy":"https:\/\/talkpal.ai\/actionable-feedback-policy\/","correctionsPolicy":"https:\/\/talkpal.ai\/corrections-policy\/","ethicsPolicy":"https:\/\/talkpal.ai\/ethics-policy\/","diversityPolicy":"https:\/\/talkpal.ai\/diversity-policy\/","diversityStaffingReport":"https:\/\/talkpal.ai\/diversity-policy\/"}]}},"_links":{"self":[{"href":"https:\/\/talkpal.ai\/sv\/wp-json\/wp\/v2\/vocabulary\/282665","targetHints":{"allow":["GET"]}}],"collection":[{"href":"https:\/\/talkpal.ai\/sv\/wp-json\/wp\/v2\/vocabulary"}],"about":[{"href":"https:\/\/talkpal.ai\/sv\/wp-json\/wp\/v2\/types\/vocabulary"}],"wp:featuredmedia":[{"embeddable":true,"href":"https:\/\/talkpal.ai\/sv\/wp-json\/wp\/v2\/media\/1527734"}],"wp:attachment":[{"href":"https:\/\/talkpal.ai\/sv\/wp-json\/wp\/v2\/media?parent=282665"}],"wp:term":[{"taxonomy":"vocabulary_language","embeddable":true,"href":"https:\/\/talkpal.ai\/sv\/wp-json\/wp\/v2\/vocabulary_language?post=282665"}],"curies":[{"name":"wp","href":"https:\/\/api.w.org\/{rel}","templated":true}]}}