{"id":282365,"date":"2024-05-09T14:13:30","date_gmt":"2024-05-09T14:13:30","guid":{"rendered":"https:\/\/talkpal.ai\/vocabulary\/centrala-franska-uttryck-som-anvands-i-argument-och-debatter\/"},"modified":"2024-05-09T14:13:30","modified_gmt":"2024-05-09T14:13:30","slug":"centrala-franska-uttryck-som-anvands-i-argument-och-debatter","status":"publish","type":"vocabulary","link":"https:\/\/talkpal.ai\/sv\/vocabulary\/centrala-franska-uttryck-som-anvands-i-argument-och-debatter\/","title":{"rendered":"Centrala franska uttryck som anv\u00e4nds i argument och debatter"},"content":{"rendered":"<p>Att kunna argumentera och debattera p\u00e5 <a href=\"https:\/\/talkpal.ai\/learn-french\/\">franska<\/a> \u00e4r en viktig f\u00e4rdighet f\u00f6r den som vill f\u00f6rdjupa sina kunskaper i spr\u00e5ket. I <a href=\"https:\/\/talkpal.ai\/culture\/how-do-i-use-den-har-and-det-har\/\">den h\u00e4r<\/a> artikeln kommer vi att g\u00e5 igenom n\u00e5gra centrala uttryck som ofta anv\u00e4nds i argument och debatter. Dessa fraser kommer att hj\u00e4lpa dig att uttrycka dina \u00e5sikter, argumentera f\u00f6r din st\u00e5ndpunkt och engagera dig i meningsfulla diskussioner p\u00e5 franska.<\/p>\n<p><b>En fait<\/b> \u2013 Faktiskt, i sj\u00e4lva verket<br \/>\n<font color=\"#2D3AC7\"><a href=\"https:\/\/talkpal.ai\/culture\/how-do-i-use-en-fait-as-a-common-discourse-marker\/\">En fait<\/a>, je ne suis pas d&#8217;accord avec toi.<\/font><br \/>\nDetta uttryck anv\u00e4nds f\u00f6r att inf\u00f6ra en korrigering eller en motsatt \u00e5sikt i en diskussion. Det \u00e4r anv\u00e4ndbart n\u00e4r du vill klarg\u00f6ra eller starkt betona din st\u00e5ndpunkt.<\/p>\n<p><b>Cependant<\/b> \u2013 Dock, emellertid<br \/>\n<font color=\"#2D3AC7\">Il veut venir, cependant il doit travailler.<\/font><br \/>\nAnv\u00e4nds f\u00f6r att introducera en kontrast eller ett motargument i en diskussion. Det \u00e4r ett <a href=\"https:\/\/talkpal.ai\/locations\/learn-english-in-bra\/\">bra<\/a> s\u00e4tt att visa att du erk\u00e4nner en punkt men \u00e4nd\u00e5 h\u00e5ller fast vid din egen \u00e5sikt.<\/p>\n<p><b>Par ailleurs<\/b> \u2013 Dessutom, f\u00f6r \u00f6vrigt<br \/>\n<font color=\"#2D3AC7\">Il est tr\u00e8s intelligent, par ailleurs, il est aussi tr\u00e8s gentil.<\/font><br \/>\nDetta \u00e4r ett anv\u00e4ndbart uttryck f\u00f6r att l\u00e4gga till ytterligare information som st\u00e4rker ditt argument eller din ber\u00e4ttelse.<\/p>\n<p><b>N\u00e9anmoins<\/b> \u2013 \u00c4nd\u00e5, dock<br \/>\n<font color=\"#2D3AC7\">Il fait tr\u00e8s froid, n\u00e9anmoins, nous irons \u00e0 la plage.<\/font><br \/>\nDetta ord anv\u00e4nds f\u00f6r att framh\u00e4va en beslutsamhet att forts\u00e4tta trots sv\u00e5righeter eller mots\u00e4gelser.<\/p>\n<p><b>En outre<\/b> \u2013 Dessutom<br \/>\n<font color=\"#2D3AC7\">Elle parle <a href=\"https:\/\/talkpal.ai\/learn-english-with-ai\/\">anglais<\/a> et, en outre, elle apprend le fran\u00e7ais.<\/font><br \/>\nLiksom &#8221;par ailleurs&#8221;, anv\u00e4nds &#8221;en outre&#8221; f\u00f6r att tillf\u00f6ra ytterligare argument eller fakta som st\u00f6djer det du <a href=\"https:\/\/talkpal.ai\/locations\/learn-english-in-redan\/\">redan<\/a> har sagt.<\/p>\n<p><b>Pourtant<\/b> \u2013 \u00c4nd\u00e5, dock<br \/>\n<font color=\"#2D3AC7\">Il est tard, pourtant, il ne semble pas fatigu\u00e9.<\/font><br \/>\nAnv\u00e4nds f\u00f6r att uttrycka en kontrast mellan f\u00f6rv\u00e4ntningar och den aktuella situationen.<\/p>\n<p><b>Toutefois<\/b> \u2013 Dock, \u00e4nd\u00e5<br \/>\n<font color=\"#2D3AC7\">Je voudrais y aller, toutefois, je dois finir mon travail.<\/font><br \/>\n&#8221;Toutefois&#8221; anv\u00e4nds f\u00f6r att inf\u00f6ra ett motst\u00e5ende perspektiv eller f\u00f6rbeh\u00e5ll i en diskussion.<\/p>\n<p><b>De plus<\/b> \u2013 Dessutom<br \/>\n<font color=\"#2D3AC7\">Il est tr\u00e8s comp\u00e9tent en musique, de plus, il joue de trois instruments.<\/font><br \/>\nDetta \u00e4r ytterligare ett s\u00e4tt att l\u00e4gga till information som st\u00e4rker ett argument eller en \u00e5sikt.<\/p>\n<p><b>Selon<\/b> \u2013 Enligt<br \/>\n<font color=\"#2D3AC7\">Selon le professeur, cette th\u00e9orie est correcte.<\/font><br \/>\nAnv\u00e4nds f\u00f6r att referera till en k\u00e4lla eller en annan persons \u00e5sikt som st\u00f6d f\u00f6r ditt argument.<\/p>\n<p><b>Par cons\u00e9quent<\/b> \u2013 F\u00f6ljaktligen, s\u00e5ledes<br \/>\n<font color=\"#2D3AC7\">Il n&#8217;a pas \u00e9tudi\u00e9, par cons\u00e9quent, il a \u00e9chou\u00e9 \u00e0 l&#8217;examen.<\/font><br \/>\nDetta uttryck anv\u00e4nds f\u00f6r att visa orsakssamband mellan tv\u00e5 h\u00e4ndelser eller fakta, vilket \u00e4r anv\u00e4ndbart i argumentation f\u00f6r att visa konsekvenser av vissa handlingar eller beslut.<\/p>\n<p><b>Donc<\/b> \u2013 S\u00e5, allts\u00e5<br \/>\n<font color=\"#2D3AC7\">Tu ne veux pas venir, donc je irai seul.<\/font><br \/>\nEtt mycket vanligt s\u00e4tt att dra en slutsats eller sammanfatta en punkt i en argumentation.<\/p>\n<p><b>Autrement dit<\/b> \u2013 Med andra ord<br \/>\n<font color=\"#2D3AC7\">Il a r\u00e9ussi son examen, autrement dit, il a bien \u00e9tudi\u00e9.<\/font><br \/>\nAnv\u00e4nds f\u00f6r att omformulera eller klarg\u00f6ra en tidigare gjord punkt p\u00e5 ett tydligare s\u00e4tt.<\/p>\n<p>Att beh\u00e4rska dessa uttryck kommer inte bara att f\u00f6rb\u00e4ttra din f\u00f6rm\u00e5ga att argumentera och debattera p\u00e5 franska, utan ocks\u00e5 att f\u00f6rst\u00e5 nyanserna i spr\u00e5ket b\u00e4ttre. Det \u00e4r viktigt att \u00f6va p\u00e5 dessa fraser i verkliga sammanhang f\u00f6r att kunna anv\u00e4nda dem flytande och korrekt. Engagera dig i diskussioner, <a href=\"https:\/\/talkpal.ai\/locations\/language-courses-in-delta\/\">delta<\/a> i debatter och pr\u00f6va att inf\u00f6rliva dessa uttryck i dina dagliga konversationer. Med tiden kommer ditt spr\u00e5k att bli mer \u00f6vertygande och ditt uttryckss\u00e4tt mer sofistikerat.<\/p>\n","protected":false},"featured_media":1527771,"template":"","vocabulary_language":[3479],"class_list":["post-282365","vocabulary","type-vocabulary","status-publish","has-post-thumbnail","hentry","vocabulary_language-franska"],"acf":[],"yoast_head":"<!-- This site is optimized with the Yoast SEO Premium plugin v27.2 (Yoast SEO v27.2) - https:\/\/yoast.com\/product\/yoast-seo-premium-wordpress\/ -->\n<title>Centrala franska uttryck som anv\u00e4nds i argument och debatter - Talkpal<\/title>\n<meta name=\"description\" content=\"Att kunna argumentera och debattera p\u00e5 franska \u00e4r en viktig f\u00e4rdighet f\u00f6r den som vill f\u00f6rdjupa sina kunskaper i spr\u00e5ket. I den h\u00e4r artikeln kommer vi att\" \/>\n<meta name=\"robots\" content=\"index, follow, max-snippet:-1, max-image-preview:large, max-video-preview:-1\" \/>\n<link rel=\"canonical\" href=\"https:\/\/talkpal.ai\/sv\/vocabulary\/centrala-franska-uttryck-som-anvands-i-argument-och-debatter\/\" \/>\n<meta property=\"og:locale\" content=\"sv_SE\" \/>\n<meta property=\"og:type\" content=\"article\" \/>\n<meta property=\"og:title\" content=\"Centrala franska uttryck som anv\u00e4nds i argument och debatter\" \/>\n<meta property=\"og:description\" content=\"Att kunna argumentera och debattera p\u00e5 franska \u00e4r en viktig f\u00e4rdighet f\u00f6r den som vill f\u00f6rdjupa sina kunskaper i spr\u00e5ket. I den h\u00e4r artikeln kommer vi att\" \/>\n<meta property=\"og:url\" content=\"https:\/\/talkpal.ai\/sv\/vocabulary\/centrala-franska-uttryck-som-anvands-i-argument-och-debatter\/\" \/>\n<meta property=\"og:site_name\" content=\"Talkpal\" \/>\n<meta property=\"article:publisher\" content=\"https:\/\/www.facebook.com\/profile.php?id=100090733639311\" \/>\n<meta property=\"og:image\" content=\"https:\/\/talkpal.ai\/wp-content\/uploads\/2024\/10\/talkpal_flat_illustration_of_a_employees_working_together_happi_c674ff77-e477-4e09-835a-01d30e561e99.png\" \/>\n\t<meta property=\"og:image:width\" content=\"1024\" \/>\n\t<meta property=\"og:image:height\" content=\"1024\" \/>\n\t<meta property=\"og:image:type\" content=\"image\/png\" \/>\n<meta name=\"twitter:card\" content=\"summary_large_image\" \/>\n<meta name=\"twitter:site\" content=\"@talkpalai\" \/>\n<meta name=\"twitter:label1\" content=\"Ber\u00e4knad l\u00e4stid\" \/>\n\t<meta name=\"twitter:data1\" content=\"3 minuter\" \/>\n<script type=\"application\/ld+json\" class=\"yoast-schema-graph\">{\"@context\":\"https:\/\/schema.org\",\"@graph\":[{\"@type\":\"WebPage\",\"@id\":\"https:\/\/talkpal.ai\/sv\/vocabulary\/centrala-franska-uttryck-som-anvands-i-argument-och-debatter\/\",\"url\":\"https:\/\/talkpal.ai\/sv\/vocabulary\/centrala-franska-uttryck-som-anvands-i-argument-och-debatter\/\",\"name\":\"Centrala franska uttryck som anv\u00e4nds i argument och debatter - Talkpal\",\"isPartOf\":{\"@id\":\"https:\/\/talkpal.ai\/sv\/#website\"},\"primaryImageOfPage\":{\"@id\":\"https:\/\/talkpal.ai\/sv\/vocabulary\/centrala-franska-uttryck-som-anvands-i-argument-och-debatter\/#primaryimage\"},\"image\":{\"@id\":\"https:\/\/talkpal.ai\/sv\/vocabulary\/centrala-franska-uttryck-som-anvands-i-argument-och-debatter\/#primaryimage\"},\"thumbnailUrl\":\"https:\/\/talkpal.ai\/wp-content\/uploads\/2025\/12\/man-is-smiling-to-learn-languages.webp\",\"datePublished\":\"2024-05-09T14:13:30+00:00\",\"description\":\"Att kunna argumentera och debattera p\u00e5 franska \u00e4r en viktig f\u00e4rdighet f\u00f6r den som vill f\u00f6rdjupa sina kunskaper i spr\u00e5ket. I den h\u00e4r artikeln kommer vi att\",\"breadcrumb\":{\"@id\":\"https:\/\/talkpal.ai\/sv\/vocabulary\/centrala-franska-uttryck-som-anvands-i-argument-och-debatter\/#breadcrumb\"},\"inLanguage\":\"sv-SE\",\"potentialAction\":[{\"@type\":\"ReadAction\",\"target\":[\"https:\/\/talkpal.ai\/sv\/vocabulary\/centrala-franska-uttryck-som-anvands-i-argument-och-debatter\/\"]}]},{\"@type\":\"ImageObject\",\"inLanguage\":\"sv-SE\",\"@id\":\"https:\/\/talkpal.ai\/sv\/vocabulary\/centrala-franska-uttryck-som-anvands-i-argument-och-debatter\/#primaryimage\",\"url\":\"https:\/\/talkpal.ai\/wp-content\/uploads\/2025\/12\/man-is-smiling-to-learn-languages.webp\",\"contentUrl\":\"https:\/\/talkpal.ai\/wp-content\/uploads\/2025\/12\/man-is-smiling-to-learn-languages.webp\",\"width\":1200,\"height\":896,\"caption\":\"A young man smiles at his laptop screen while learning languages at a library desk.\"},{\"@type\":\"BreadcrumbList\",\"@id\":\"https:\/\/talkpal.ai\/sv\/vocabulary\/centrala-franska-uttryck-som-anvands-i-argument-och-debatter\/#breadcrumb\",\"itemListElement\":[{\"@type\":\"ListItem\",\"position\":1,\"name\":\"Homepage\",\"item\":\"https:\/\/talkpal.ai\/sv\/\"},{\"@type\":\"ListItem\",\"position\":2,\"name\":\"Centrala franska uttryck som anv\u00e4nds i argument och debatter\"}]},{\"@type\":\"WebSite\",\"@id\":\"https:\/\/talkpal.ai\/sv\/#website\",\"url\":\"https:\/\/talkpal.ai\/sv\/\",\"name\":\"Talkpal\",\"description\":\"AI Language Learning\",\"publisher\":{\"@id\":\"https:\/\/talkpal.ai\/sv\/#organization\"},\"alternateName\":\"Talkpal AI\",\"potentialAction\":[{\"@type\":\"SearchAction\",\"target\":{\"@type\":\"EntryPoint\",\"urlTemplate\":\"https:\/\/talkpal.ai\/sv\/?s={search_term_string}\"},\"query-input\":{\"@type\":\"PropertyValueSpecification\",\"valueRequired\":true,\"valueName\":\"search_term_string\"}}],\"inLanguage\":\"sv-SE\"},{\"@type\":\"Organization\",\"@id\":\"https:\/\/talkpal.ai\/sv\/#organization\",\"name\":\"Talkpal, Inc.\",\"alternateName\":\"Talkpal AI\",\"url\":\"https:\/\/talkpal.ai\/sv\/\",\"logo\":{\"@type\":\"ImageObject\",\"inLanguage\":\"sv-SE\",\"@id\":\"https:\/\/talkpal.ai\/sv\/#\/schema\/logo\/image\/\",\"url\":\"https:\/\/talkpal.ai\/wp-content\/uploads\/2024\/03\/Talkpal-Logo-Icon.png\",\"contentUrl\":\"https:\/\/talkpal.ai\/wp-content\/uploads\/2024\/03\/Talkpal-Logo-Icon.png\",\"width\":2880,\"height\":2880,\"caption\":\"Talkpal, Inc.\"},\"image\":{\"@id\":\"https:\/\/talkpal.ai\/sv\/#\/schema\/logo\/image\/\"},\"sameAs\":[\"https:\/\/www.facebook.com\/profile.php?id=100090733639311\",\"https:\/\/x.com\/talkpalai\",\"https:\/\/www.linkedin.com\/company\/talkpal\/\",\"https:\/\/www.youtube.com\/@TalkPal\/\",\"https:\/\/www.tiktok.com\/@talkpal\",\"https:\/\/www.instagram.com\/talkpal_ai\/\",\"https:\/\/www.crunchbase.com\/organization\/talkpal-9cde\",\"https:\/\/www.g2.com\/products\/talkpal-for-business\/\",\"https:\/\/www.trustpilot.com\/review\/talkpal.ai\",\"https:\/\/www.capterra.com\/p\/10006800\/TalkPal\/\"],\"description\":\"Talkpal is a language learning web and mobile education app, powered by the latest AI technologies, that provides engaging experiences to its customers in many different languages to help them improve their language skills. Users can chat about unlimited amount of topics with the app and use other modes to practice their language learning.\",\"email\":\"support@talkpal.ai\",\"legalName\":\"Talkpal, Inc.\",\"foundingDate\":\"2023-04-03\",\"duns\":\"118989042\",\"numberOfEmployees\":{\"@type\":\"QuantitativeValue\",\"minValue\":\"11\",\"maxValue\":\"50\"},\"publishingPrinciples\":\"https:\/\/talkpal.ai\/publishing-principles\/\",\"actionableFeedbackPolicy\":\"https:\/\/talkpal.ai\/actionable-feedback-policy\/\",\"correctionsPolicy\":\"https:\/\/talkpal.ai\/corrections-policy\/\",\"ethicsPolicy\":\"https:\/\/talkpal.ai\/ethics-policy\/\",\"diversityPolicy\":\"https:\/\/talkpal.ai\/diversity-policy\/\",\"diversityStaffingReport\":\"https:\/\/talkpal.ai\/diversity-policy\/\"}]}<\/script>\n<!-- \/ Yoast SEO Premium plugin. -->","yoast_head_json":{"title":"Centrala franska uttryck som anv\u00e4nds i argument och debatter - Talkpal","description":"Att kunna argumentera och debattera p\u00e5 franska \u00e4r en viktig f\u00e4rdighet f\u00f6r den som vill f\u00f6rdjupa sina kunskaper i spr\u00e5ket. I den h\u00e4r artikeln kommer vi att","robots":{"index":"index","follow":"follow","max-snippet":"max-snippet:-1","max-image-preview":"max-image-preview:large","max-video-preview":"max-video-preview:-1"},"canonical":"https:\/\/talkpal.ai\/sv\/vocabulary\/centrala-franska-uttryck-som-anvands-i-argument-och-debatter\/","og_locale":"sv_SE","og_type":"article","og_title":"Centrala franska uttryck som anv\u00e4nds i argument och debatter","og_description":"Att kunna argumentera och debattera p\u00e5 franska \u00e4r en viktig f\u00e4rdighet f\u00f6r den som vill f\u00f6rdjupa sina kunskaper i spr\u00e5ket. I den h\u00e4r artikeln kommer vi att","og_url":"https:\/\/talkpal.ai\/sv\/vocabulary\/centrala-franska-uttryck-som-anvands-i-argument-och-debatter\/","og_site_name":"Talkpal","article_publisher":"https:\/\/www.facebook.com\/profile.php?id=100090733639311","og_image":[{"width":1024,"height":1024,"url":"https:\/\/talkpal.ai\/wp-content\/uploads\/2024\/10\/talkpal_flat_illustration_of_a_employees_working_together_happi_c674ff77-e477-4e09-835a-01d30e561e99.png","type":"image\/png"}],"twitter_card":"summary_large_image","twitter_site":"@talkpalai","twitter_misc":{"Ber\u00e4knad l\u00e4stid":"3 minuter"},"schema":{"@context":"https:\/\/schema.org","@graph":[{"@type":"WebPage","@id":"https:\/\/talkpal.ai\/sv\/vocabulary\/centrala-franska-uttryck-som-anvands-i-argument-och-debatter\/","url":"https:\/\/talkpal.ai\/sv\/vocabulary\/centrala-franska-uttryck-som-anvands-i-argument-och-debatter\/","name":"Centrala franska uttryck som anv\u00e4nds i argument och debatter - Talkpal","isPartOf":{"@id":"https:\/\/talkpal.ai\/sv\/#website"},"primaryImageOfPage":{"@id":"https:\/\/talkpal.ai\/sv\/vocabulary\/centrala-franska-uttryck-som-anvands-i-argument-och-debatter\/#primaryimage"},"image":{"@id":"https:\/\/talkpal.ai\/sv\/vocabulary\/centrala-franska-uttryck-som-anvands-i-argument-och-debatter\/#primaryimage"},"thumbnailUrl":"https:\/\/talkpal.ai\/wp-content\/uploads\/2025\/12\/man-is-smiling-to-learn-languages.webp","datePublished":"2024-05-09T14:13:30+00:00","description":"Att kunna argumentera och debattera p\u00e5 franska \u00e4r en viktig f\u00e4rdighet f\u00f6r den som vill f\u00f6rdjupa sina kunskaper i spr\u00e5ket. I den h\u00e4r artikeln kommer vi att","breadcrumb":{"@id":"https:\/\/talkpal.ai\/sv\/vocabulary\/centrala-franska-uttryck-som-anvands-i-argument-och-debatter\/#breadcrumb"},"inLanguage":"sv-SE","potentialAction":[{"@type":"ReadAction","target":["https:\/\/talkpal.ai\/sv\/vocabulary\/centrala-franska-uttryck-som-anvands-i-argument-och-debatter\/"]}]},{"@type":"ImageObject","inLanguage":"sv-SE","@id":"https:\/\/talkpal.ai\/sv\/vocabulary\/centrala-franska-uttryck-som-anvands-i-argument-och-debatter\/#primaryimage","url":"https:\/\/talkpal.ai\/wp-content\/uploads\/2025\/12\/man-is-smiling-to-learn-languages.webp","contentUrl":"https:\/\/talkpal.ai\/wp-content\/uploads\/2025\/12\/man-is-smiling-to-learn-languages.webp","width":1200,"height":896,"caption":"A young man smiles at his laptop screen while learning languages at a library desk."},{"@type":"BreadcrumbList","@id":"https:\/\/talkpal.ai\/sv\/vocabulary\/centrala-franska-uttryck-som-anvands-i-argument-och-debatter\/#breadcrumb","itemListElement":[{"@type":"ListItem","position":1,"name":"Homepage","item":"https:\/\/talkpal.ai\/sv\/"},{"@type":"ListItem","position":2,"name":"Centrala franska uttryck som anv\u00e4nds i argument och debatter"}]},{"@type":"WebSite","@id":"https:\/\/talkpal.ai\/sv\/#website","url":"https:\/\/talkpal.ai\/sv\/","name":"Talkpal","description":"AI Language Learning","publisher":{"@id":"https:\/\/talkpal.ai\/sv\/#organization"},"alternateName":"Talkpal AI","potentialAction":[{"@type":"SearchAction","target":{"@type":"EntryPoint","urlTemplate":"https:\/\/talkpal.ai\/sv\/?s={search_term_string}"},"query-input":{"@type":"PropertyValueSpecification","valueRequired":true,"valueName":"search_term_string"}}],"inLanguage":"sv-SE"},{"@type":"Organization","@id":"https:\/\/talkpal.ai\/sv\/#organization","name":"Talkpal, Inc.","alternateName":"Talkpal AI","url":"https:\/\/talkpal.ai\/sv\/","logo":{"@type":"ImageObject","inLanguage":"sv-SE","@id":"https:\/\/talkpal.ai\/sv\/#\/schema\/logo\/image\/","url":"https:\/\/talkpal.ai\/wp-content\/uploads\/2024\/03\/Talkpal-Logo-Icon.png","contentUrl":"https:\/\/talkpal.ai\/wp-content\/uploads\/2024\/03\/Talkpal-Logo-Icon.png","width":2880,"height":2880,"caption":"Talkpal, Inc."},"image":{"@id":"https:\/\/talkpal.ai\/sv\/#\/schema\/logo\/image\/"},"sameAs":["https:\/\/www.facebook.com\/profile.php?id=100090733639311","https:\/\/x.com\/talkpalai","https:\/\/www.linkedin.com\/company\/talkpal\/","https:\/\/www.youtube.com\/@TalkPal\/","https:\/\/www.tiktok.com\/@talkpal","https:\/\/www.instagram.com\/talkpal_ai\/","https:\/\/www.crunchbase.com\/organization\/talkpal-9cde","https:\/\/www.g2.com\/products\/talkpal-for-business\/","https:\/\/www.trustpilot.com\/review\/talkpal.ai","https:\/\/www.capterra.com\/p\/10006800\/TalkPal\/"],"description":"Talkpal is a language learning web and mobile education app, powered by the latest AI technologies, that provides engaging experiences to its customers in many different languages to help them improve their language skills. Users can chat about unlimited amount of topics with the app and use other modes to practice their language learning.","email":"support@talkpal.ai","legalName":"Talkpal, Inc.","foundingDate":"2023-04-03","duns":"118989042","numberOfEmployees":{"@type":"QuantitativeValue","minValue":"11","maxValue":"50"},"publishingPrinciples":"https:\/\/talkpal.ai\/publishing-principles\/","actionableFeedbackPolicy":"https:\/\/talkpal.ai\/actionable-feedback-policy\/","correctionsPolicy":"https:\/\/talkpal.ai\/corrections-policy\/","ethicsPolicy":"https:\/\/talkpal.ai\/ethics-policy\/","diversityPolicy":"https:\/\/talkpal.ai\/diversity-policy\/","diversityStaffingReport":"https:\/\/talkpal.ai\/diversity-policy\/"}]}},"_links":{"self":[{"href":"https:\/\/talkpal.ai\/sv\/wp-json\/wp\/v2\/vocabulary\/282365","targetHints":{"allow":["GET"]}}],"collection":[{"href":"https:\/\/talkpal.ai\/sv\/wp-json\/wp\/v2\/vocabulary"}],"about":[{"href":"https:\/\/talkpal.ai\/sv\/wp-json\/wp\/v2\/types\/vocabulary"}],"wp:featuredmedia":[{"embeddable":true,"href":"https:\/\/talkpal.ai\/sv\/wp-json\/wp\/v2\/media\/1527771"}],"wp:attachment":[{"href":"https:\/\/talkpal.ai\/sv\/wp-json\/wp\/v2\/media?parent=282365"}],"wp:term":[{"taxonomy":"vocabulary_language","embeddable":true,"href":"https:\/\/talkpal.ai\/sv\/wp-json\/wp\/v2\/vocabulary_language?post=282365"}],"curies":[{"name":"wp","href":"https:\/\/api.w.org\/{rel}","templated":true}]}}