{"id":282353,"date":"2024-05-09T14:11:33","date_gmt":"2024-05-09T14:11:33","guid":{"rendered":"https:\/\/talkpal.ai\/vocabulary\/ord-pa-franska-for-olika-farger-och-former\/"},"modified":"2024-05-09T14:11:33","modified_gmt":"2024-05-09T14:11:33","slug":"ord-pa-franska-for-olika-farger-och-former","status":"publish","type":"vocabulary","link":"https:\/\/talkpal.ai\/sv\/vocabulary\/ord-pa-franska-for-olika-farger-och-former\/","title":{"rendered":"Ord p\u00e5 franska f\u00f6r olika f\u00e4rger och former"},"content":{"rendered":"<p>Att l\u00e4ra sig f\u00e4rger och former p\u00e5 <a href=\"https:\/\/talkpal.ai\/learn-french\/\">franska<\/a> \u00e4r en grundl\u00e4ggande del av att f\u00f6rst\u00e5 och kommunicera p\u00e5 spr\u00e5ket. Detta \u00e4r s\u00e4rskilt viktigt f\u00f6r nyb\u00f6rjare som vill uttrycka sig om vardagliga saker och beskriva sin omgivning. H\u00e4r presenterar vi n\u00e5gra av de mest anv\u00e4ndbara orden f\u00f6r f\u00e4rger och former p\u00e5 franska.<\/p>\n<p><b>Couleur<\/b> &#8211; F\u00e4rg<br \/>\n<font color=\"#2D3AC7\">Quelle est votre couleur pr\u00e9f\u00e9r\u00e9e?<\/font><\/p>\n<p><b>Rouge<\/b> &#8211; R\u00f6d<br \/>\n<font color=\"#2D3AC7\">La pomme est rouge.<\/font><\/p>\n<p><b>Bleu<\/b> &#8211; Bl\u00e5<br \/>\n<font color=\"#2D3AC7\">Le ciel est bleu.<\/font><\/p>\n<p><b>Vert<\/b> &#8211; Gr\u00f6n<br \/>\n<font color=\"#2D3AC7\">L&#8217;herbe est verte.<\/font><\/p>\n<p><b>Jaune<\/b> &#8211; Gul<br \/>\n<font color=\"#2D3AC7\">Le soleil est jaune.<\/font><\/p>\n<p><b>Noir<\/b> &#8211; Svart<br \/>\n<font color=\"#2D3AC7\">La nuit est noire.<\/font><\/p>\n<p><b>Blanc<\/b> &#8211; Vit<br \/>\n<font color=\"#2D3AC7\">La neige est blanche.<\/font><\/p>\n<p><b>Orange<\/b> &#8211; <a href=\"https:\/\/talkpal.ai\/locations\/language-courses-in-orange\/\">Orange<\/a><br \/>\n<font color=\"#2D3AC7\">La citrouille est orange.<\/font><\/p>\n<p><b>Violet<\/b> &#8211; Lila<br \/>\n<font color=\"#2D3AC7\">Les fleurs sont violettes.<\/font><\/p>\n<p><b>Gris<\/b> &#8211; Gr\u00e5<br \/>\n<font color=\"#2D3AC7\">Le chat est gris.<\/font><\/p>\n<p><b>Rose<\/b> &#8211; Rosa<br \/>\n<font color=\"#2D3AC7\">Le flamant est rose.<\/font><\/p>\n<p><b>Brun<\/b> &#8211; Brun<br \/>\n<font color=\"#2D3AC7\">Le bois est brun.<\/font><\/p>\n<p>N\u00e4r det g\u00e4ller former \u00e4r det ocks\u00e5 anv\u00e4ndbart att kunna beskriva olika objekt och strukturer man ser runt omkring sig.<\/p>\n<p><b>Forme<\/b> &#8211; Form<br \/>\n<font color=\"#2D3AC7\">Quelle est la forme de cette bo\u00eete?<\/font><\/p>\n<p><b>Carr\u00e9<\/b> &#8211; Kvadrat<br \/>\n<font color=\"#2D3AC7\">La fen\u00eatre est carr\u00e9e.<\/font><\/p>\n<p><b>Rectangle<\/b> &#8211; Rektangel<br \/>\n<font color=\"#2D3AC7\">La porte est rectangulaire.<\/font><\/p>\n<p><b>Cercle<\/b> &#8211; Cirkel<br \/>\n<font color=\"#2D3AC7\">La table est circulaire.<\/font><\/p>\n<p><b>Ovale<\/b> &#8211; Oval<br \/>\n<font color=\"#2D3AC7\">Le miroir est ovale.<\/font><\/p>\n<p><b>Triangle<\/b> &#8211; Triangel<br \/>\n<font color=\"#2D3AC7\">Le panneau est triangulaire.<\/font><\/p>\n<p><b>Losange<\/b> &#8211; Romb<br \/>\n<font color=\"#2D3AC7\">Le kite est en forme de losange.<\/font><\/p>\n<p><b>Sph\u00e8re<\/b> &#8211; Sf\u00e4r<br \/>\n<font color=\"#2D3AC7\">La terre est une sph\u00e8re.<\/font><\/p>\n<p><b>Cube<\/b> &#8211; Kub<br \/>\n<font color=\"#2D3AC7\">Le <a href=\"https:\/\/talkpal.ai\/blog\/\">bloc<\/a> de glace est cubique.<\/font><\/p>\n<p><b>Cylindre<\/b> &#8211; Cylinder<br \/>\n<font color=\"#2D3AC7\">Le vase est cylindrique.<\/font><\/p>\n<p>Det \u00e4r anv\u00e4ndbart att kunna dessa grundl\u00e4ggande ord f\u00f6r f\u00e4rger och former p\u00e5 franska eftersom de ofta anv\u00e4nds i dagligt tal. Att ha en god f\u00f6rst\u00e5else f\u00f6r dessa ord kommer att f\u00f6rb\u00e4ttra din f\u00f6rm\u00e5ga att beskriva saker p\u00e5 ett mer exakt s\u00e4tt samt hj\u00e4lpa dig att f\u00f6rst\u00e5 och bli f\u00f6rst\u00e5dd i samtal.<\/p>\n<p>Att l\u00e4ra sig f\u00e4rger och former p\u00e5 franska \u00e4r inte bara anv\u00e4ndbart f\u00f6r att f\u00f6rb\u00e4ttra ditt ordf\u00f6rr\u00e5d, men det kan ocks\u00e5 ge en djupare f\u00f6rst\u00e5else f\u00f6r kulturen. F\u00e4rger och former \u00e4r ofta associerade med olika kulturella symboler och traditioner, vilket g\u00f6r det till en v\u00e4rdefull del i att l\u00e4ra sig och uppskatta det <a href=\"https:\/\/talkpal.ai\/sv\/kurser-i-franska-spraket\/\">franska spr\u00e5ket<\/a> och kulturen.<\/p>\n<p>Genom att \u00f6va p\u00e5 dessa ord kan du b\u00f6rja k\u00e4nna dig mer bekv\u00e4m i att anv\u00e4nda franska i olika situationer. Vare sig du beskriver en person, en plats eller ett f\u00f6rem\u00e5l, \u00e4r kunskapen om dessa grundl\u00e4ggande ord ov\u00e4rderlig. \u00d6vning g\u00f6r m\u00e4stare, s\u00e5 forts\u00e4tt att anv\u00e4nda dessa nya ord i ditt dagliga tal och skrivande f\u00f6r att f\u00f6rb\u00e4ttra din franska.<\/p>\n","protected":false},"featured_media":1528142,"template":"","vocabulary_language":[3479],"class_list":["post-282353","vocabulary","type-vocabulary","status-publish","has-post-thumbnail","hentry","vocabulary_language-franska"],"acf":[],"yoast_head":"<!-- This site is optimized with the Yoast SEO Premium plugin v27.2 (Yoast SEO v27.2) - https:\/\/yoast.com\/product\/yoast-seo-premium-wordpress\/ -->\n<title>Ord p\u00e5 franska f\u00f6r olika f\u00e4rger och former - Talkpal<\/title>\n<meta name=\"description\" content=\"Att l\u00e4ra sig f\u00e4rger och former p\u00e5 franska \u00e4r en grundl\u00e4ggande del av att f\u00f6rst\u00e5 och kommunicera p\u00e5 spr\u00e5ket. Detta \u00e4r s\u00e4rskilt viktigt f\u00f6r nyb\u00f6rjare som\" \/>\n<meta name=\"robots\" content=\"index, follow, max-snippet:-1, max-image-preview:large, max-video-preview:-1\" \/>\n<link rel=\"canonical\" href=\"https:\/\/talkpal.ai\/sv\/vocabulary\/ord-pa-franska-for-olika-farger-och-former\/\" \/>\n<meta property=\"og:locale\" content=\"sv_SE\" \/>\n<meta property=\"og:type\" content=\"article\" \/>\n<meta property=\"og:title\" content=\"Ord p\u00e5 franska f\u00f6r olika f\u00e4rger och former\" \/>\n<meta property=\"og:description\" content=\"Att l\u00e4ra sig f\u00e4rger och former p\u00e5 franska \u00e4r en grundl\u00e4ggande del av att f\u00f6rst\u00e5 och kommunicera p\u00e5 spr\u00e5ket. Detta \u00e4r s\u00e4rskilt viktigt f\u00f6r nyb\u00f6rjare som\" \/>\n<meta property=\"og:url\" content=\"https:\/\/talkpal.ai\/sv\/vocabulary\/ord-pa-franska-for-olika-farger-och-former\/\" \/>\n<meta property=\"og:site_name\" content=\"Talkpal\" \/>\n<meta property=\"article:publisher\" content=\"https:\/\/www.facebook.com\/profile.php?id=100090733639311\" \/>\n<meta property=\"og:image\" content=\"https:\/\/talkpal.ai\/wp-content\/uploads\/2024\/10\/talkpal_flat_illustration_of_a_employees_working_together_happi_c674ff77-e477-4e09-835a-01d30e561e99.png\" \/>\n\t<meta property=\"og:image:width\" content=\"1024\" \/>\n\t<meta property=\"og:image:height\" content=\"1024\" \/>\n\t<meta property=\"og:image:type\" content=\"image\/png\" \/>\n<meta name=\"twitter:card\" content=\"summary_large_image\" \/>\n<meta name=\"twitter:site\" content=\"@talkpalai\" \/>\n<meta name=\"twitter:label1\" content=\"Ber\u00e4knad l\u00e4stid\" \/>\n\t<meta name=\"twitter:data1\" content=\"2 minuter\" \/>\n<script type=\"application\/ld+json\" class=\"yoast-schema-graph\">{\"@context\":\"https:\/\/schema.org\",\"@graph\":[{\"@type\":\"WebPage\",\"@id\":\"https:\/\/talkpal.ai\/sv\/vocabulary\/ord-pa-franska-for-olika-farger-och-former\/\",\"url\":\"https:\/\/talkpal.ai\/sv\/vocabulary\/ord-pa-franska-for-olika-farger-och-former\/\",\"name\":\"Ord p\u00e5 franska f\u00f6r olika f\u00e4rger och former - Talkpal\",\"isPartOf\":{\"@id\":\"https:\/\/talkpal.ai\/sv\/#website\"},\"primaryImageOfPage\":{\"@id\":\"https:\/\/talkpal.ai\/sv\/vocabulary\/ord-pa-franska-for-olika-farger-och-former\/#primaryimage\"},\"image\":{\"@id\":\"https:\/\/talkpal.ai\/sv\/vocabulary\/ord-pa-franska-for-olika-farger-och-former\/#primaryimage\"},\"thumbnailUrl\":\"https:\/\/talkpal.ai\/wp-content\/uploads\/2025\/12\/trio-studies-on-balcony-learning-languages.webp\",\"datePublished\":\"2024-05-09T14:11:33+00:00\",\"description\":\"Att l\u00e4ra sig f\u00e4rger och former p\u00e5 franska \u00e4r en grundl\u00e4ggande del av att f\u00f6rst\u00e5 och kommunicera p\u00e5 spr\u00e5ket. Detta \u00e4r s\u00e4rskilt viktigt f\u00f6r nyb\u00f6rjare som\",\"breadcrumb\":{\"@id\":\"https:\/\/talkpal.ai\/sv\/vocabulary\/ord-pa-franska-for-olika-farger-och-former\/#breadcrumb\"},\"inLanguage\":\"sv-SE\",\"potentialAction\":[{\"@type\":\"ReadAction\",\"target\":[\"https:\/\/talkpal.ai\/sv\/vocabulary\/ord-pa-franska-for-olika-farger-och-former\/\"]}]},{\"@type\":\"ImageObject\",\"inLanguage\":\"sv-SE\",\"@id\":\"https:\/\/talkpal.ai\/sv\/vocabulary\/ord-pa-franska-for-olika-farger-och-former\/#primaryimage\",\"url\":\"https:\/\/talkpal.ai\/wp-content\/uploads\/2025\/12\/trio-studies-on-balcony-learning-languages.webp\",\"contentUrl\":\"https:\/\/talkpal.ai\/wp-content\/uploads\/2025\/12\/trio-studies-on-balcony-learning-languages.webp\",\"width\":1200,\"height\":896,\"caption\":\"Three people work on laptops at a balcony table while learning languages against a scenic mountain backdrop.\"},{\"@type\":\"BreadcrumbList\",\"@id\":\"https:\/\/talkpal.ai\/sv\/vocabulary\/ord-pa-franska-for-olika-farger-och-former\/#breadcrumb\",\"itemListElement\":[{\"@type\":\"ListItem\",\"position\":1,\"name\":\"Homepage\",\"item\":\"https:\/\/talkpal.ai\/sv\/\"},{\"@type\":\"ListItem\",\"position\":2,\"name\":\"Ord p\u00e5 franska f\u00f6r olika f\u00e4rger och former\"}]},{\"@type\":\"WebSite\",\"@id\":\"https:\/\/talkpal.ai\/sv\/#website\",\"url\":\"https:\/\/talkpal.ai\/sv\/\",\"name\":\"Talkpal\",\"description\":\"AI Language Learning\",\"publisher\":{\"@id\":\"https:\/\/talkpal.ai\/sv\/#organization\"},\"alternateName\":\"Talkpal AI\",\"potentialAction\":[{\"@type\":\"SearchAction\",\"target\":{\"@type\":\"EntryPoint\",\"urlTemplate\":\"https:\/\/talkpal.ai\/sv\/?s={search_term_string}\"},\"query-input\":{\"@type\":\"PropertyValueSpecification\",\"valueRequired\":true,\"valueName\":\"search_term_string\"}}],\"inLanguage\":\"sv-SE\"},{\"@type\":\"Organization\",\"@id\":\"https:\/\/talkpal.ai\/sv\/#organization\",\"name\":\"Talkpal, Inc.\",\"alternateName\":\"Talkpal AI\",\"url\":\"https:\/\/talkpal.ai\/sv\/\",\"logo\":{\"@type\":\"ImageObject\",\"inLanguage\":\"sv-SE\",\"@id\":\"https:\/\/talkpal.ai\/sv\/#\/schema\/logo\/image\/\",\"url\":\"https:\/\/talkpal.ai\/wp-content\/uploads\/2024\/03\/Talkpal-Logo-Icon.png\",\"contentUrl\":\"https:\/\/talkpal.ai\/wp-content\/uploads\/2024\/03\/Talkpal-Logo-Icon.png\",\"width\":2880,\"height\":2880,\"caption\":\"Talkpal, Inc.\"},\"image\":{\"@id\":\"https:\/\/talkpal.ai\/sv\/#\/schema\/logo\/image\/\"},\"sameAs\":[\"https:\/\/www.facebook.com\/profile.php?id=100090733639311\",\"https:\/\/x.com\/talkpalai\",\"https:\/\/www.linkedin.com\/company\/talkpal\/\",\"https:\/\/www.youtube.com\/@TalkPal\/\",\"https:\/\/www.tiktok.com\/@talkpal\",\"https:\/\/www.instagram.com\/talkpal_ai\/\",\"https:\/\/www.crunchbase.com\/organization\/talkpal-9cde\",\"https:\/\/www.g2.com\/products\/talkpal-for-business\/\",\"https:\/\/www.trustpilot.com\/review\/talkpal.ai\",\"https:\/\/www.capterra.com\/p\/10006800\/TalkPal\/\"],\"description\":\"Talkpal is a language learning web and mobile education app, powered by the latest AI technologies, that provides engaging experiences to its customers in many different languages to help them improve their language skills. Users can chat about unlimited amount of topics with the app and use other modes to practice their language learning.\",\"email\":\"support@talkpal.ai\",\"legalName\":\"Talkpal, Inc.\",\"foundingDate\":\"2023-04-03\",\"duns\":\"118989042\",\"numberOfEmployees\":{\"@type\":\"QuantitativeValue\",\"minValue\":\"11\",\"maxValue\":\"50\"},\"publishingPrinciples\":\"https:\/\/talkpal.ai\/publishing-principles\/\",\"actionableFeedbackPolicy\":\"https:\/\/talkpal.ai\/actionable-feedback-policy\/\",\"correctionsPolicy\":\"https:\/\/talkpal.ai\/corrections-policy\/\",\"ethicsPolicy\":\"https:\/\/talkpal.ai\/ethics-policy\/\",\"diversityPolicy\":\"https:\/\/talkpal.ai\/diversity-policy\/\",\"diversityStaffingReport\":\"https:\/\/talkpal.ai\/diversity-policy\/\"}]}<\/script>\n<!-- \/ Yoast SEO Premium plugin. -->","yoast_head_json":{"title":"Ord p\u00e5 franska f\u00f6r olika f\u00e4rger och former - Talkpal","description":"Att l\u00e4ra sig f\u00e4rger och former p\u00e5 franska \u00e4r en grundl\u00e4ggande del av att f\u00f6rst\u00e5 och kommunicera p\u00e5 spr\u00e5ket. Detta \u00e4r s\u00e4rskilt viktigt f\u00f6r nyb\u00f6rjare som","robots":{"index":"index","follow":"follow","max-snippet":"max-snippet:-1","max-image-preview":"max-image-preview:large","max-video-preview":"max-video-preview:-1"},"canonical":"https:\/\/talkpal.ai\/sv\/vocabulary\/ord-pa-franska-for-olika-farger-och-former\/","og_locale":"sv_SE","og_type":"article","og_title":"Ord p\u00e5 franska f\u00f6r olika f\u00e4rger och former","og_description":"Att l\u00e4ra sig f\u00e4rger och former p\u00e5 franska \u00e4r en grundl\u00e4ggande del av att f\u00f6rst\u00e5 och kommunicera p\u00e5 spr\u00e5ket. Detta \u00e4r s\u00e4rskilt viktigt f\u00f6r nyb\u00f6rjare som","og_url":"https:\/\/talkpal.ai\/sv\/vocabulary\/ord-pa-franska-for-olika-farger-och-former\/","og_site_name":"Talkpal","article_publisher":"https:\/\/www.facebook.com\/profile.php?id=100090733639311","og_image":[{"width":1024,"height":1024,"url":"https:\/\/talkpal.ai\/wp-content\/uploads\/2024\/10\/talkpal_flat_illustration_of_a_employees_working_together_happi_c674ff77-e477-4e09-835a-01d30e561e99.png","type":"image\/png"}],"twitter_card":"summary_large_image","twitter_site":"@talkpalai","twitter_misc":{"Ber\u00e4knad l\u00e4stid":"2 minuter"},"schema":{"@context":"https:\/\/schema.org","@graph":[{"@type":"WebPage","@id":"https:\/\/talkpal.ai\/sv\/vocabulary\/ord-pa-franska-for-olika-farger-och-former\/","url":"https:\/\/talkpal.ai\/sv\/vocabulary\/ord-pa-franska-for-olika-farger-och-former\/","name":"Ord p\u00e5 franska f\u00f6r olika f\u00e4rger och former - Talkpal","isPartOf":{"@id":"https:\/\/talkpal.ai\/sv\/#website"},"primaryImageOfPage":{"@id":"https:\/\/talkpal.ai\/sv\/vocabulary\/ord-pa-franska-for-olika-farger-och-former\/#primaryimage"},"image":{"@id":"https:\/\/talkpal.ai\/sv\/vocabulary\/ord-pa-franska-for-olika-farger-och-former\/#primaryimage"},"thumbnailUrl":"https:\/\/talkpal.ai\/wp-content\/uploads\/2025\/12\/trio-studies-on-balcony-learning-languages.webp","datePublished":"2024-05-09T14:11:33+00:00","description":"Att l\u00e4ra sig f\u00e4rger och former p\u00e5 franska \u00e4r en grundl\u00e4ggande del av att f\u00f6rst\u00e5 och kommunicera p\u00e5 spr\u00e5ket. Detta \u00e4r s\u00e4rskilt viktigt f\u00f6r nyb\u00f6rjare som","breadcrumb":{"@id":"https:\/\/talkpal.ai\/sv\/vocabulary\/ord-pa-franska-for-olika-farger-och-former\/#breadcrumb"},"inLanguage":"sv-SE","potentialAction":[{"@type":"ReadAction","target":["https:\/\/talkpal.ai\/sv\/vocabulary\/ord-pa-franska-for-olika-farger-och-former\/"]}]},{"@type":"ImageObject","inLanguage":"sv-SE","@id":"https:\/\/talkpal.ai\/sv\/vocabulary\/ord-pa-franska-for-olika-farger-och-former\/#primaryimage","url":"https:\/\/talkpal.ai\/wp-content\/uploads\/2025\/12\/trio-studies-on-balcony-learning-languages.webp","contentUrl":"https:\/\/talkpal.ai\/wp-content\/uploads\/2025\/12\/trio-studies-on-balcony-learning-languages.webp","width":1200,"height":896,"caption":"Three people work on laptops at a balcony table while learning languages against a scenic mountain backdrop."},{"@type":"BreadcrumbList","@id":"https:\/\/talkpal.ai\/sv\/vocabulary\/ord-pa-franska-for-olika-farger-och-former\/#breadcrumb","itemListElement":[{"@type":"ListItem","position":1,"name":"Homepage","item":"https:\/\/talkpal.ai\/sv\/"},{"@type":"ListItem","position":2,"name":"Ord p\u00e5 franska f\u00f6r olika f\u00e4rger och former"}]},{"@type":"WebSite","@id":"https:\/\/talkpal.ai\/sv\/#website","url":"https:\/\/talkpal.ai\/sv\/","name":"Talkpal","description":"AI Language Learning","publisher":{"@id":"https:\/\/talkpal.ai\/sv\/#organization"},"alternateName":"Talkpal AI","potentialAction":[{"@type":"SearchAction","target":{"@type":"EntryPoint","urlTemplate":"https:\/\/talkpal.ai\/sv\/?s={search_term_string}"},"query-input":{"@type":"PropertyValueSpecification","valueRequired":true,"valueName":"search_term_string"}}],"inLanguage":"sv-SE"},{"@type":"Organization","@id":"https:\/\/talkpal.ai\/sv\/#organization","name":"Talkpal, Inc.","alternateName":"Talkpal AI","url":"https:\/\/talkpal.ai\/sv\/","logo":{"@type":"ImageObject","inLanguage":"sv-SE","@id":"https:\/\/talkpal.ai\/sv\/#\/schema\/logo\/image\/","url":"https:\/\/talkpal.ai\/wp-content\/uploads\/2024\/03\/Talkpal-Logo-Icon.png","contentUrl":"https:\/\/talkpal.ai\/wp-content\/uploads\/2024\/03\/Talkpal-Logo-Icon.png","width":2880,"height":2880,"caption":"Talkpal, Inc."},"image":{"@id":"https:\/\/talkpal.ai\/sv\/#\/schema\/logo\/image\/"},"sameAs":["https:\/\/www.facebook.com\/profile.php?id=100090733639311","https:\/\/x.com\/talkpalai","https:\/\/www.linkedin.com\/company\/talkpal\/","https:\/\/www.youtube.com\/@TalkPal\/","https:\/\/www.tiktok.com\/@talkpal","https:\/\/www.instagram.com\/talkpal_ai\/","https:\/\/www.crunchbase.com\/organization\/talkpal-9cde","https:\/\/www.g2.com\/products\/talkpal-for-business\/","https:\/\/www.trustpilot.com\/review\/talkpal.ai","https:\/\/www.capterra.com\/p\/10006800\/TalkPal\/"],"description":"Talkpal is a language learning web and mobile education app, powered by the latest AI technologies, that provides engaging experiences to its customers in many different languages to help them improve their language skills. Users can chat about unlimited amount of topics with the app and use other modes to practice their language learning.","email":"support@talkpal.ai","legalName":"Talkpal, Inc.","foundingDate":"2023-04-03","duns":"118989042","numberOfEmployees":{"@type":"QuantitativeValue","minValue":"11","maxValue":"50"},"publishingPrinciples":"https:\/\/talkpal.ai\/publishing-principles\/","actionableFeedbackPolicy":"https:\/\/talkpal.ai\/actionable-feedback-policy\/","correctionsPolicy":"https:\/\/talkpal.ai\/corrections-policy\/","ethicsPolicy":"https:\/\/talkpal.ai\/ethics-policy\/","diversityPolicy":"https:\/\/talkpal.ai\/diversity-policy\/","diversityStaffingReport":"https:\/\/talkpal.ai\/diversity-policy\/"}]}},"_links":{"self":[{"href":"https:\/\/talkpal.ai\/sv\/wp-json\/wp\/v2\/vocabulary\/282353","targetHints":{"allow":["GET"]}}],"collection":[{"href":"https:\/\/talkpal.ai\/sv\/wp-json\/wp\/v2\/vocabulary"}],"about":[{"href":"https:\/\/talkpal.ai\/sv\/wp-json\/wp\/v2\/types\/vocabulary"}],"wp:featuredmedia":[{"embeddable":true,"href":"https:\/\/talkpal.ai\/sv\/wp-json\/wp\/v2\/media\/1528142"}],"wp:attachment":[{"href":"https:\/\/talkpal.ai\/sv\/wp-json\/wp\/v2\/media?parent=282353"}],"wp:term":[{"taxonomy":"vocabulary_language","embeddable":true,"href":"https:\/\/talkpal.ai\/sv\/wp-json\/wp\/v2\/vocabulary_language?post=282353"}],"curies":[{"name":"wp","href":"https:\/\/api.w.org\/{rel}","templated":true}]}}