{"id":282348,"date":"2024-05-09T14:10:45","date_gmt":"2024-05-09T14:10:45","guid":{"rendered":"https:\/\/talkpal.ai\/vocabulary\/franska-uttryck-relaterade-till-historia-och-historiska-handelser\/"},"modified":"2024-05-09T14:10:45","modified_gmt":"2024-05-09T14:10:45","slug":"franska-uttryck-relaterade-till-historia-och-historiska-handelser","status":"publish","type":"vocabulary","link":"https:\/\/talkpal.ai\/sv\/vocabulary\/franska-uttryck-relaterade-till-historia-och-historiska-handelser\/","title":{"rendered":"Franska uttryck relaterade till historia och historiska h\u00e4ndelser"},"content":{"rendered":"<p>Att <a href=\"https:\/\/talkpal.ai\/learn-french-with-ai\/\">l\u00e4ra sig franska<\/a> kan vara en sp\u00e4nnande resa, speciellt n\u00e4r det g\u00e4ller att utforska spr\u00e5kets kopplingar till historia och historiska h\u00e4ndelser. I <a href=\"https:\/\/talkpal.ai\/culture\/how-do-i-use-den-har-and-det-har\/\">den h\u00e4r<\/a> artikeln ska vi dyka in i n\u00e5gra intressanta <a href=\"https:\/\/talkpal.ai\/learn-french\/\">franska<\/a> uttryck som \u00e4r relaterade till just dessa teman. <\/p>\n<p><b>La R\u00e9volution fran\u00e7aise<\/b> \u2013 Den franska revolutionen<br \/>\nDetta uttryck syftar p\u00e5 den period i Frankrikes historia som str\u00e4ckte sig fr\u00e5n 1789 till 1799, vilken radikalt f\u00f6r\u00e4ndrade det franska samh\u00e4llet och hade l\u00e5ngtg\u00e5ende effekter p\u00e5 resten av v\u00e4rlden.<br \/>\n<font color=\"#2D3AC7\">La <a href=\"https:\/\/talkpal.ai\/fr\/culture\/la-revolution-francaise-expliquee-en-francais\/\">R\u00e9volution fran\u00e7aise<\/a> a commenc\u00e9 en 1789.<\/font><\/p>\n<p><b>L\u2019Ancien R\u00e9gime<\/b> \u2013 Det gamla styret<br \/>\nTermen anv\u00e4nds f\u00f6r att beskriva det politiska och sociala systemet i Frankrike f\u00f6re revolutionen 1789.<br \/>\n<font color=\"#2D3AC7\">L\u2019Ancien R\u00e9gime \u00e9tait caract\u00e9ris\u00e9 par une soci\u00e9t\u00e9 de classes.<\/font><\/p>\n<p><b>Le Moyen \u00c2ge<\/b> \u2013 Medeltiden<br \/>\n<a href=\"https:\/\/talkpal.ai\/culture\/how-do-i-use-den-har-and-det-har\/\">Den h\u00e4r<\/a> perioden i europeisk historia str\u00e4cker sig ungef\u00e4r fr\u00e5n det femte till det femtonde \u00e5rhundradet.<br \/>\n<font color=\"#2D3AC7\">Le Moyen \u00c2ge est souvent d\u00e9crit comme une \u00e9poque de chevaliers et de ch\u00e2teaux.<\/font><\/p>\n<p><b>La Renaissance<\/b> \u2013 Ren\u00e4ssansen<br \/>\nEn kulturell och vetenskaplig r\u00f6relse som b\u00f6rjade i <a href=\"https:\/\/talkpal.ai\/learn-italian\/\">Italien<\/a> p\u00e5 1400-talet och senare spred sig till resten av Europa.<br \/>\n<font color=\"#2D3AC7\">La Renaissance a vu l&#8217;\u00e9mergence de nombreux artistes c\u00e9l\u00e8bres.<\/font><\/p>\n<p><b>Les Lumi\u00e8res<\/b> \u2013 Upplysningstiden<br \/>\nEn intellektuell r\u00f6relse i Europa under 1700-talet som betonade f\u00f6rnuft, vetenskap och individens r\u00e4ttigheter.<br \/>\n<font color=\"#2D3AC7\">Les Lumi\u00e8res ont jou\u00e9 un r\u00f4le crucial dans le d\u00e9veloppement des id\u00e9es modernes.<\/font><\/p>\n<p><b>La guillotine<\/b> \u2013 Giljotinen<br \/>\nEn avr\u00e4ttningsmetod som blev ber\u00f6md under den franska revolutionen.<br \/>\n<font color=\"#2D3AC7\">La guillotine est devenue le symbole de la Terreur pendant la R\u00e9volution fran\u00e7aise.<\/font><\/p>\n<p><b>Le ch\u00e2teau<\/b> \u2013 Slottet<br \/>\nEn stor och imponerande byggnad som ofta anv\u00e4ndes som bostad f\u00f6r adeln eller kungligheter i Europa.<br \/>\n<font color=\"#2D3AC7\">Le ch\u00e2teau de <a href=\"https:\/\/talkpal.ai\/locations\/language-courses-in-versailles\/\">Versailles<\/a> est l&#8217;un des plus c\u00e9l\u00e8bres en <a href=\"https:\/\/talkpal.ai\/locations\/learn-english-in-france\/\">France.<\/a><\/font><\/p>\n<p><b>La chute de l&#8217;Empire<\/b> \u2013 Kejsard\u00f6mets fall<br \/>\nAnv\u00e4nds ofta f\u00f6r att referera till nedg\u00e5ngen och slutet p\u00e5 det Napoleoniska imperiet i Frankrike efter 1815.<br \/>\n<font color=\"#2D3AC7\">La chute de l&#8217;Empire a marqu\u00e9 la fin de l&#8217;\u00e8re napol\u00e9onienne en Europe.<\/font><\/p>\n<p><b>La d\u00e9claration des droits de l&#8217;homme et du citoyen<\/b> \u2013 M\u00e4nniskans och medborgarens r\u00e4ttigheter<br \/>\nEtt dokument fr\u00e5n 1789 som proklamerar de individuella och kollektiva r\u00e4ttigheterna f\u00f6r alla m\u00e4nniskor.<br \/>\n<font color=\"#2D3AC7\">La d\u00e9claration des droits de l&#8217;homme et du citoyen a \u00e9t\u00e9 un tournant dans l&#8217;histoire des droits humains.<\/font><\/p>\n<p><b>Le trait\u00e9<\/b> \u2013 F\u00f6rdraget<br \/>\nEtt officiellt avtal mellan tv\u00e5 eller flera parter, ofta mellan l\u00e4nder.<br \/>\n<font color=\"#2D3AC7\">Le trait\u00e9 de Versailles a \u00e9t\u00e9 sign\u00e9 apr\u00e8s la Premi\u00e8re Guerre mondiale.<\/font><\/p>\n<p>Att f\u00f6rst\u00e5 dessa uttryck ger en djupare inblick i hur franska spr\u00e5ket inte bara \u00e4r ett kommunikationsmedel utan ocks\u00e5 en b\u00e4rare av rik historia och kultur. Genom att beh\u00e4rska dessa historiska termer kan man inte bara f\u00f6rb\u00e4ttra sitt franska spr\u00e5k utan ocks\u00e5 f\u00e5 en b\u00e4ttre f\u00f6rst\u00e5else f\u00f6r de historiska sammanhang som har formade den moderna v\u00e4rlden.<\/p>\n","protected":false},"featured_media":1527797,"template":"","vocabulary_language":[3479],"class_list":["post-282348","vocabulary","type-vocabulary","status-publish","has-post-thumbnail","hentry","vocabulary_language-franska"],"acf":[],"yoast_head":"<!-- This site is optimized with the Yoast SEO Premium plugin v27.2 (Yoast SEO v27.2) - https:\/\/yoast.com\/product\/yoast-seo-premium-wordpress\/ -->\n<title>Franska uttryck relaterade till historia och historiska h\u00e4ndelser - Talkpal<\/title>\n<meta name=\"description\" content=\"Att l\u00e4ra sig franska kan vara en sp\u00e4nnande resa, speciellt n\u00e4r det g\u00e4ller att utforska spr\u00e5kets kopplingar till historia och historiska h\u00e4ndelser. I den\" \/>\n<meta name=\"robots\" content=\"index, follow, max-snippet:-1, max-image-preview:large, max-video-preview:-1\" \/>\n<link rel=\"canonical\" href=\"https:\/\/talkpal.ai\/sv\/vocabulary\/franska-uttryck-relaterade-till-historia-och-historiska-handelser\/\" \/>\n<meta property=\"og:locale\" content=\"sv_SE\" \/>\n<meta property=\"og:type\" content=\"article\" \/>\n<meta property=\"og:title\" content=\"Franska uttryck relaterade till historia och historiska h\u00e4ndelser\" \/>\n<meta property=\"og:description\" content=\"Att l\u00e4ra sig franska kan vara en sp\u00e4nnande resa, speciellt n\u00e4r det g\u00e4ller att utforska spr\u00e5kets kopplingar till historia och historiska h\u00e4ndelser. I den\" \/>\n<meta property=\"og:url\" content=\"https:\/\/talkpal.ai\/sv\/vocabulary\/franska-uttryck-relaterade-till-historia-och-historiska-handelser\/\" \/>\n<meta property=\"og:site_name\" content=\"Talkpal\" \/>\n<meta property=\"article:publisher\" content=\"https:\/\/www.facebook.com\/profile.php?id=100090733639311\" \/>\n<meta property=\"og:image\" content=\"https:\/\/talkpal.ai\/wp-content\/uploads\/2024\/10\/talkpal_flat_illustration_of_a_employees_working_together_happi_c674ff77-e477-4e09-835a-01d30e561e99.png\" \/>\n\t<meta property=\"og:image:width\" content=\"1024\" \/>\n\t<meta property=\"og:image:height\" content=\"1024\" \/>\n\t<meta property=\"og:image:type\" content=\"image\/png\" \/>\n<meta name=\"twitter:card\" content=\"summary_large_image\" \/>\n<meta name=\"twitter:site\" content=\"@talkpalai\" \/>\n<meta name=\"twitter:label1\" content=\"Ber\u00e4knad l\u00e4stid\" \/>\n\t<meta name=\"twitter:data1\" content=\"3 minuter\" \/>\n<script type=\"application\/ld+json\" class=\"yoast-schema-graph\">{\"@context\":\"https:\/\/schema.org\",\"@graph\":[{\"@type\":\"WebPage\",\"@id\":\"https:\/\/talkpal.ai\/sv\/vocabulary\/franska-uttryck-relaterade-till-historia-och-historiska-handelser\/\",\"url\":\"https:\/\/talkpal.ai\/sv\/vocabulary\/franska-uttryck-relaterade-till-historia-och-historiska-handelser\/\",\"name\":\"Franska uttryck relaterade till historia och historiska h\u00e4ndelser - Talkpal\",\"isPartOf\":{\"@id\":\"https:\/\/talkpal.ai\/sv\/#website\"},\"primaryImageOfPage\":{\"@id\":\"https:\/\/talkpal.ai\/sv\/vocabulary\/franska-uttryck-relaterade-till-historia-och-historiska-handelser\/#primaryimage\"},\"image\":{\"@id\":\"https:\/\/talkpal.ai\/sv\/vocabulary\/franska-uttryck-relaterade-till-historia-och-historiska-handelser\/#primaryimage\"},\"thumbnailUrl\":\"https:\/\/talkpal.ai\/wp-content\/uploads\/2025\/12\/man-writing-notes-to-learn-languages.webp\",\"datePublished\":\"2024-05-09T14:10:45+00:00\",\"description\":\"Att l\u00e4ra sig franska kan vara en sp\u00e4nnande resa, speciellt n\u00e4r det g\u00e4ller att utforska spr\u00e5kets kopplingar till historia och historiska h\u00e4ndelser. I den\",\"breadcrumb\":{\"@id\":\"https:\/\/talkpal.ai\/sv\/vocabulary\/franska-uttryck-relaterade-till-historia-och-historiska-handelser\/#breadcrumb\"},\"inLanguage\":\"sv-SE\",\"potentialAction\":[{\"@type\":\"ReadAction\",\"target\":[\"https:\/\/talkpal.ai\/sv\/vocabulary\/franska-uttryck-relaterade-till-historia-och-historiska-handelser\/\"]}]},{\"@type\":\"ImageObject\",\"inLanguage\":\"sv-SE\",\"@id\":\"https:\/\/talkpal.ai\/sv\/vocabulary\/franska-uttryck-relaterade-till-historia-och-historiska-handelser\/#primaryimage\",\"url\":\"https:\/\/talkpal.ai\/wp-content\/uploads\/2025\/12\/man-writing-notes-to-learn-languages.webp\",\"contentUrl\":\"https:\/\/talkpal.ai\/wp-content\/uploads\/2025\/12\/man-writing-notes-to-learn-languages.webp\",\"width\":1200,\"height\":896,\"caption\":\"A young man focuses on his notes while learning languages at a sunny desk near a large window.\"},{\"@type\":\"BreadcrumbList\",\"@id\":\"https:\/\/talkpal.ai\/sv\/vocabulary\/franska-uttryck-relaterade-till-historia-och-historiska-handelser\/#breadcrumb\",\"itemListElement\":[{\"@type\":\"ListItem\",\"position\":1,\"name\":\"Homepage\",\"item\":\"https:\/\/talkpal.ai\/sv\/\"},{\"@type\":\"ListItem\",\"position\":2,\"name\":\"Franska uttryck relaterade till historia och historiska h\u00e4ndelser\"}]},{\"@type\":\"WebSite\",\"@id\":\"https:\/\/talkpal.ai\/sv\/#website\",\"url\":\"https:\/\/talkpal.ai\/sv\/\",\"name\":\"Talkpal\",\"description\":\"AI Language Learning\",\"publisher\":{\"@id\":\"https:\/\/talkpal.ai\/sv\/#organization\"},\"alternateName\":\"Talkpal AI\",\"potentialAction\":[{\"@type\":\"SearchAction\",\"target\":{\"@type\":\"EntryPoint\",\"urlTemplate\":\"https:\/\/talkpal.ai\/sv\/?s={search_term_string}\"},\"query-input\":{\"@type\":\"PropertyValueSpecification\",\"valueRequired\":true,\"valueName\":\"search_term_string\"}}],\"inLanguage\":\"sv-SE\"},{\"@type\":\"Organization\",\"@id\":\"https:\/\/talkpal.ai\/sv\/#organization\",\"name\":\"Talkpal, Inc.\",\"alternateName\":\"Talkpal AI\",\"url\":\"https:\/\/talkpal.ai\/sv\/\",\"logo\":{\"@type\":\"ImageObject\",\"inLanguage\":\"sv-SE\",\"@id\":\"https:\/\/talkpal.ai\/sv\/#\/schema\/logo\/image\/\",\"url\":\"https:\/\/talkpal.ai\/wp-content\/uploads\/2024\/03\/Talkpal-Logo-Icon.png\",\"contentUrl\":\"https:\/\/talkpal.ai\/wp-content\/uploads\/2024\/03\/Talkpal-Logo-Icon.png\",\"width\":2880,\"height\":2880,\"caption\":\"Talkpal, Inc.\"},\"image\":{\"@id\":\"https:\/\/talkpal.ai\/sv\/#\/schema\/logo\/image\/\"},\"sameAs\":[\"https:\/\/www.facebook.com\/profile.php?id=100090733639311\",\"https:\/\/x.com\/talkpalai\",\"https:\/\/www.linkedin.com\/company\/talkpal\/\",\"https:\/\/www.youtube.com\/@TalkPal\/\",\"https:\/\/www.tiktok.com\/@talkpal\",\"https:\/\/www.instagram.com\/talkpal_ai\/\",\"https:\/\/www.crunchbase.com\/organization\/talkpal-9cde\",\"https:\/\/www.g2.com\/products\/talkpal-for-business\/\",\"https:\/\/www.trustpilot.com\/review\/talkpal.ai\",\"https:\/\/www.capterra.com\/p\/10006800\/TalkPal\/\"],\"description\":\"Talkpal is a language learning web and mobile education app, powered by the latest AI technologies, that provides engaging experiences to its customers in many different languages to help them improve their language skills. Users can chat about unlimited amount of topics with the app and use other modes to practice their language learning.\",\"email\":\"support@talkpal.ai\",\"legalName\":\"Talkpal, Inc.\",\"foundingDate\":\"2023-04-03\",\"duns\":\"118989042\",\"numberOfEmployees\":{\"@type\":\"QuantitativeValue\",\"minValue\":\"11\",\"maxValue\":\"50\"},\"publishingPrinciples\":\"https:\/\/talkpal.ai\/publishing-principles\/\",\"actionableFeedbackPolicy\":\"https:\/\/talkpal.ai\/actionable-feedback-policy\/\",\"correctionsPolicy\":\"https:\/\/talkpal.ai\/corrections-policy\/\",\"ethicsPolicy\":\"https:\/\/talkpal.ai\/ethics-policy\/\",\"diversityPolicy\":\"https:\/\/talkpal.ai\/diversity-policy\/\",\"diversityStaffingReport\":\"https:\/\/talkpal.ai\/diversity-policy\/\"}]}<\/script>\n<!-- \/ Yoast SEO Premium plugin. -->","yoast_head_json":{"title":"Franska uttryck relaterade till historia och historiska h\u00e4ndelser - Talkpal","description":"Att l\u00e4ra sig franska kan vara en sp\u00e4nnande resa, speciellt n\u00e4r det g\u00e4ller att utforska spr\u00e5kets kopplingar till historia och historiska h\u00e4ndelser. I den","robots":{"index":"index","follow":"follow","max-snippet":"max-snippet:-1","max-image-preview":"max-image-preview:large","max-video-preview":"max-video-preview:-1"},"canonical":"https:\/\/talkpal.ai\/sv\/vocabulary\/franska-uttryck-relaterade-till-historia-och-historiska-handelser\/","og_locale":"sv_SE","og_type":"article","og_title":"Franska uttryck relaterade till historia och historiska h\u00e4ndelser","og_description":"Att l\u00e4ra sig franska kan vara en sp\u00e4nnande resa, speciellt n\u00e4r det g\u00e4ller att utforska spr\u00e5kets kopplingar till historia och historiska h\u00e4ndelser. I den","og_url":"https:\/\/talkpal.ai\/sv\/vocabulary\/franska-uttryck-relaterade-till-historia-och-historiska-handelser\/","og_site_name":"Talkpal","article_publisher":"https:\/\/www.facebook.com\/profile.php?id=100090733639311","og_image":[{"width":1024,"height":1024,"url":"https:\/\/talkpal.ai\/wp-content\/uploads\/2024\/10\/talkpal_flat_illustration_of_a_employees_working_together_happi_c674ff77-e477-4e09-835a-01d30e561e99.png","type":"image\/png"}],"twitter_card":"summary_large_image","twitter_site":"@talkpalai","twitter_misc":{"Ber\u00e4knad l\u00e4stid":"3 minuter"},"schema":{"@context":"https:\/\/schema.org","@graph":[{"@type":"WebPage","@id":"https:\/\/talkpal.ai\/sv\/vocabulary\/franska-uttryck-relaterade-till-historia-och-historiska-handelser\/","url":"https:\/\/talkpal.ai\/sv\/vocabulary\/franska-uttryck-relaterade-till-historia-och-historiska-handelser\/","name":"Franska uttryck relaterade till historia och historiska h\u00e4ndelser - Talkpal","isPartOf":{"@id":"https:\/\/talkpal.ai\/sv\/#website"},"primaryImageOfPage":{"@id":"https:\/\/talkpal.ai\/sv\/vocabulary\/franska-uttryck-relaterade-till-historia-och-historiska-handelser\/#primaryimage"},"image":{"@id":"https:\/\/talkpal.ai\/sv\/vocabulary\/franska-uttryck-relaterade-till-historia-och-historiska-handelser\/#primaryimage"},"thumbnailUrl":"https:\/\/talkpal.ai\/wp-content\/uploads\/2025\/12\/man-writing-notes-to-learn-languages.webp","datePublished":"2024-05-09T14:10:45+00:00","description":"Att l\u00e4ra sig franska kan vara en sp\u00e4nnande resa, speciellt n\u00e4r det g\u00e4ller att utforska spr\u00e5kets kopplingar till historia och historiska h\u00e4ndelser. I den","breadcrumb":{"@id":"https:\/\/talkpal.ai\/sv\/vocabulary\/franska-uttryck-relaterade-till-historia-och-historiska-handelser\/#breadcrumb"},"inLanguage":"sv-SE","potentialAction":[{"@type":"ReadAction","target":["https:\/\/talkpal.ai\/sv\/vocabulary\/franska-uttryck-relaterade-till-historia-och-historiska-handelser\/"]}]},{"@type":"ImageObject","inLanguage":"sv-SE","@id":"https:\/\/talkpal.ai\/sv\/vocabulary\/franska-uttryck-relaterade-till-historia-och-historiska-handelser\/#primaryimage","url":"https:\/\/talkpal.ai\/wp-content\/uploads\/2025\/12\/man-writing-notes-to-learn-languages.webp","contentUrl":"https:\/\/talkpal.ai\/wp-content\/uploads\/2025\/12\/man-writing-notes-to-learn-languages.webp","width":1200,"height":896,"caption":"A young man focuses on his notes while learning languages at a sunny desk near a large window."},{"@type":"BreadcrumbList","@id":"https:\/\/talkpal.ai\/sv\/vocabulary\/franska-uttryck-relaterade-till-historia-och-historiska-handelser\/#breadcrumb","itemListElement":[{"@type":"ListItem","position":1,"name":"Homepage","item":"https:\/\/talkpal.ai\/sv\/"},{"@type":"ListItem","position":2,"name":"Franska uttryck relaterade till historia och historiska h\u00e4ndelser"}]},{"@type":"WebSite","@id":"https:\/\/talkpal.ai\/sv\/#website","url":"https:\/\/talkpal.ai\/sv\/","name":"Talkpal","description":"AI Language Learning","publisher":{"@id":"https:\/\/talkpal.ai\/sv\/#organization"},"alternateName":"Talkpal AI","potentialAction":[{"@type":"SearchAction","target":{"@type":"EntryPoint","urlTemplate":"https:\/\/talkpal.ai\/sv\/?s={search_term_string}"},"query-input":{"@type":"PropertyValueSpecification","valueRequired":true,"valueName":"search_term_string"}}],"inLanguage":"sv-SE"},{"@type":"Organization","@id":"https:\/\/talkpal.ai\/sv\/#organization","name":"Talkpal, Inc.","alternateName":"Talkpal AI","url":"https:\/\/talkpal.ai\/sv\/","logo":{"@type":"ImageObject","inLanguage":"sv-SE","@id":"https:\/\/talkpal.ai\/sv\/#\/schema\/logo\/image\/","url":"https:\/\/talkpal.ai\/wp-content\/uploads\/2024\/03\/Talkpal-Logo-Icon.png","contentUrl":"https:\/\/talkpal.ai\/wp-content\/uploads\/2024\/03\/Talkpal-Logo-Icon.png","width":2880,"height":2880,"caption":"Talkpal, Inc."},"image":{"@id":"https:\/\/talkpal.ai\/sv\/#\/schema\/logo\/image\/"},"sameAs":["https:\/\/www.facebook.com\/profile.php?id=100090733639311","https:\/\/x.com\/talkpalai","https:\/\/www.linkedin.com\/company\/talkpal\/","https:\/\/www.youtube.com\/@TalkPal\/","https:\/\/www.tiktok.com\/@talkpal","https:\/\/www.instagram.com\/talkpal_ai\/","https:\/\/www.crunchbase.com\/organization\/talkpal-9cde","https:\/\/www.g2.com\/products\/talkpal-for-business\/","https:\/\/www.trustpilot.com\/review\/talkpal.ai","https:\/\/www.capterra.com\/p\/10006800\/TalkPal\/"],"description":"Talkpal is a language learning web and mobile education app, powered by the latest AI technologies, that provides engaging experiences to its customers in many different languages to help them improve their language skills. Users can chat about unlimited amount of topics with the app and use other modes to practice their language learning.","email":"support@talkpal.ai","legalName":"Talkpal, Inc.","foundingDate":"2023-04-03","duns":"118989042","numberOfEmployees":{"@type":"QuantitativeValue","minValue":"11","maxValue":"50"},"publishingPrinciples":"https:\/\/talkpal.ai\/publishing-principles\/","actionableFeedbackPolicy":"https:\/\/talkpal.ai\/actionable-feedback-policy\/","correctionsPolicy":"https:\/\/talkpal.ai\/corrections-policy\/","ethicsPolicy":"https:\/\/talkpal.ai\/ethics-policy\/","diversityPolicy":"https:\/\/talkpal.ai\/diversity-policy\/","diversityStaffingReport":"https:\/\/talkpal.ai\/diversity-policy\/"}]}},"_links":{"self":[{"href":"https:\/\/talkpal.ai\/sv\/wp-json\/wp\/v2\/vocabulary\/282348","targetHints":{"allow":["GET"]}}],"collection":[{"href":"https:\/\/talkpal.ai\/sv\/wp-json\/wp\/v2\/vocabulary"}],"about":[{"href":"https:\/\/talkpal.ai\/sv\/wp-json\/wp\/v2\/types\/vocabulary"}],"wp:featuredmedia":[{"embeddable":true,"href":"https:\/\/talkpal.ai\/sv\/wp-json\/wp\/v2\/media\/1527797"}],"wp:attachment":[{"href":"https:\/\/talkpal.ai\/sv\/wp-json\/wp\/v2\/media?parent=282348"}],"wp:term":[{"taxonomy":"vocabulary_language","embeddable":true,"href":"https:\/\/talkpal.ai\/sv\/wp-json\/wp\/v2\/vocabulary_language?post=282348"}],"curies":[{"name":"wp","href":"https:\/\/api.w.org\/{rel}","templated":true}]}}