{"id":282321,"date":"2024-05-09T14:08:03","date_gmt":"2024-05-09T14:08:03","guid":{"rendered":"https:\/\/talkpal.ai\/vocabulary\/franska-ordforrad-for-vader-och-arstider\/"},"modified":"2024-05-09T14:08:03","modified_gmt":"2024-05-09T14:08:03","slug":"franska-ordforrad-for-vader-och-arstider","status":"publish","type":"vocabulary","link":"https:\/\/talkpal.ai\/sv\/vocabulary\/franska-ordforrad-for-vader-och-arstider\/","title":{"rendered":"Franska ordf\u00f6rr\u00e5d f\u00f6r v\u00e4der och \u00e5rstider"},"content":{"rendered":"<p>Att <a href=\"https:\/\/talkpal.ai\/learn-french-with-ai\/\">l\u00e4ra sig franska<\/a> kan vara en sp\u00e4nnande resa, och att k\u00e4nna till ord relaterade till v\u00e4der och \u00e5rstider \u00e4r en viktig del f\u00f6r att kunna kommunicera effektivt. H\u00e4r \u00e4r n\u00e5gra anv\u00e4ndbara <a href=\"https:\/\/talkpal.ai\/50-funny-french-words\/\">franska ord<\/a> och fraser som du kan anv\u00e4nda n\u00e4r du pratar om v\u00e4dret och \u00e5rstiderna.<\/p>\n<p><b>Le temps<\/b> &#8211; V\u00e4dret<br \/>\n<font color=\"#2D3AC7\">Quel <a href=\"https:\/\/talkpal.ai\/zh-hans\/grammar_exercises\/temps-%e6%b3%95%e8%af%ad%e8%af%ad%e6%b3%95%e7%bb%83%e4%b9%a0\/\">temps<\/a> fait-il aujourd&#8217;hui?<\/font><br \/>\nDetta \u00e4r ett grundl\u00e4ggande ord som anv\u00e4nds f\u00f6r att referera till v\u00e4dret i allm\u00e4nhet.<\/p>\n<p><b>La m\u00e9t\u00e9o<\/b> &#8211; V\u00e4derleken<br \/>\n<font color=\"#2D3AC7\">Consultons la m\u00e9t\u00e9o pour demain!<\/font><br \/>\nDetta ord anv\u00e4nds ofta n\u00e4r man refererar till v\u00e4derleksrapporten.<\/p>\n<p><b>Le soleil<\/b> &#8211; Solen<br \/>\n<font color=\"#2D3AC7\">Le soleil brille aujourd&#8217;hui.<\/font><br \/>\nDetta \u00e4r ordet f\u00f6r solen, n\u00e5got som \u00e4r centralt i m\u00e5nga samtal om v\u00e4dret.<\/p>\n<p><b>Ensoleill\u00e9<\/b> &#8211; Soligt<br \/>\n<font color=\"#2D3AC7\">Il annonce une journ\u00e9e ensoleill\u00e9e.<\/font><br \/>\nAnv\u00e4nds f\u00f6r att beskriva en dag d\u00e4r solen skiner starkt.<\/p>\n<p><b>La pluie<\/b> &#8211; Regnet<br \/>\n<font color=\"#2D3AC7\">La pluie commence \u00e0 tomber.<\/font><br \/>\nDetta ord anv\u00e4nds f\u00f6r att <a href=\"https:\/\/talkpal.ai\/locations\/language-courses-in-tala\/\">tala<\/a> om regn, vilket \u00e4r vanligt i m\u00e5nga fransktalande regioner.<\/p>\n<p><b>Pluvieux<\/b> &#8211; Regnigt<br \/>\n<font color=\"#2D3AC7\">Demain sera une journ\u00e9e pluvieuse.<\/font><br \/>\nBeskriver en dag d\u00e5 det \u00e4r f\u00f6rv\u00e4ntat att det ska regna.<\/p>\n<p><b>Le nuage<\/b> &#8211; Molnet<br \/>\n<font color=\"#2D3AC7\">Des nuages noirs s&#8217;approchent.<\/font><br \/>\nOrdet f\u00f6r moln, vilket \u00e4r vanligt att anv\u00e4nda n\u00e4r man beskriver himlen.<\/p>\n<p><b>Nuageux<\/b> &#8211; Molnigt<br \/>\n<font color=\"#2D3AC7\">Le ciel est tr\u00e8s nuageux aujourd&#8217;hui.<\/font><br \/>\nAnv\u00e4nds f\u00f6r att beskriva en dag d\u00e5 himlen \u00e4r t\u00e4ckt av moln.<\/p>\n<p><b>Le vent<\/b> &#8211; Vinden<br \/>\n<font color=\"#2D3AC7\">Le vent souffle fort ce matin.<\/font><br \/>\nOrdet f\u00f6r vind, en viktig faktor att k\u00e4nna till s\u00e4rskilt vid utomhusaktiviteter.<\/p>\n<p><b>Venteux<\/b> &#8211; Bl\u00e5sigt<br \/>\n<font color=\"#2D3AC7\">Il est pr\u00e9vu un temps venteux pour demain.<\/font><br \/>\nBeskriver n\u00e4r det \u00e4r mycket vind och anv\u00e4nds f\u00f6r att beskriva v\u00e4dret som bl\u00e5sigt.<\/p>\n<p><b>La neige<\/b> &#8211; Sn\u00f6n<br \/>\n<font color=\"#2D3AC7\">La neige couvre les rues.<\/font><br \/>\nDetta ord anv\u00e4nds f\u00f6r att <a href=\"https:\/\/talkpal.ai\/locations\/language-courses-in-prata\/\">prata<\/a> om sn\u00f6, vilket \u00e4r relevant under vinterm\u00e5naderna.<\/p>\n<p><b>Neigeux<\/b> &#8211; Sn\u00f6igt<br \/>\n<font color=\"#2D3AC7\">Une journ\u00e9e neigeuse commence.<\/font><br \/>\nBeskriver en dag d\u00e4r det sn\u00f6ar eller \u00e4r t\u00e4ckt av sn\u00f6.<\/p>\n<p><b>Le gel<\/b> &#8211; Frosten<br \/>\n<font color=\"#2D3AC7\">Le gel a endommag\u00e9 les cultures.<\/font><br \/>\nAnv\u00e4nds f\u00f6r att tala om frost, s\u00e4rskilt n\u00e4r det p\u00e5verkar naturen eller jordbruket.<\/p>\n<p><b>Gel\u00e9<\/b> &#8211; Frostig<br \/>\n<font color=\"#2D3AC7\">Attention, les routes sont gel\u00e9es ce matin!<\/font><br \/>\nBeskriver en situation d\u00e4r det \u00e4r frost p\u00e5 marken, vilket kan vara viktigt f\u00f6r s\u00e4kerhet.<\/p>\n<p><b>La temp\u00e9rature<\/b> &#8211; Temperaturen<br \/>\n<font color=\"#2D3AC7\">La temp\u00e9rature chute brusquement ce soir.<\/font><br \/>\nAnv\u00e4nds f\u00f6r att beskriva den specifika temperaturen, vilket \u00e4r centralt i alla v\u00e4dersammanhang.<\/p>\n<p><b>Chaud<\/b> &#8211; Varmt<br \/>\n<font color=\"#2D3AC7\">Il fait tr\u00e8s chaud en \u00e9t\u00e9.<\/font><br \/>\nAnv\u00e4nds f\u00f6r att beskriva en h\u00f6g temperatur, vanligt under sommarm\u00e5naderna.<\/p>\n<p><b>Froid<\/b> &#8211; Kallt<br \/>\n<font color=\"#2D3AC7\">Il fait froid ce matin, n&#8217;oublie pas ton manteau!<\/font><br \/>\nAnv\u00e4nds f\u00f6r att beskriva l\u00e5ga temperaturer, speciellt under vinterm\u00e5naderna.<\/p>\n<p><b>Les saisons<\/b> &#8211; \u00c5rstiderna<br \/>\n<font color=\"#2D3AC7\">Quelle est ta saison pr\u00e9f\u00e9r\u00e9e?<\/font><br \/>\nDetta \u00e4r det generella ordet f\u00f6r \u00e5rstider, och anv\u00e4nds f\u00f6r att diskutera de olika perioderna p\u00e5 \u00e5ret.<\/p>\n<p><b>Le printemps<\/b> &#8211; V\u00e5ren<br \/>\n<font color=\"#2D3AC7\">Les fleurs fleurissent au printemps.<\/font><br \/>\nDen tid p\u00e5 \u00e5ret d\u00e5 naturen b\u00f6rjar blomstra igen efter vintern.<\/p>\n<p><b>L&#8217;\u00e9t\u00e9<\/b> &#8211; Sommaren<br \/>\n<font color=\"#2D3AC7\">Nous allons \u00e0 la plage en \u00e9t\u00e9.<\/font><br \/>\nDen varmaste \u00e5rstiden, ofta f\u00f6rknippad med semester och utomhusaktiviteter.<\/p>\n<p><b>L&#8217;automne<\/b> &#8211; H\u00f6sten<br \/>\n<font color=\"#2D3AC7\">Les feuilles tombent en automne.<\/font><br \/>\nTiden p\u00e5 \u00e5ret d\u00e5 l\u00f6ven skiftar f\u00e4rg och faller, vilket leder till svalare temperaturer.<\/p>\n<p><b>L&#8217;hiver<\/b> &#8211; Vintern<br \/>\n<font color=\"#2D3AC7\">L&#8217;hiver est la saison du <a href=\"https:\/\/talkpal.ai\/locations\/language-courses-in-ski\/\">ski<\/a>.<\/font><br \/>\nDen kallaste \u00e5rstiden, k\u00e4nd f\u00f6r sn\u00f6 och olika vintersporter.<\/p>\n<p>Att l\u00e4ra sig dessa ord kan inte bara f\u00f6rb\u00e4ttra din vokabul\u00e4r utan ocks\u00e5 g\u00f6ra det l\u00e4ttare att f\u00f6rst\u00e5 och kommunicera om v\u00e4dret p\u00e5 <a href=\"https:\/\/talkpal.ai\/learn-french\/\">franska<\/a>. Oavsett om du planerar en resa till en fransktalande region eller bara vill f\u00f6rb\u00e4ttra dina spr\u00e5kkunskaper, \u00e4r dessa ord och uttryck ov\u00e4rderliga f\u00f6r din spr\u00e5kresurs.<\/p>\n","protected":false},"featured_media":1527709,"template":"","vocabulary_language":[3479],"class_list":["post-282321","vocabulary","type-vocabulary","status-publish","has-post-thumbnail","hentry","vocabulary_language-franska"],"acf":[],"yoast_head":"<!-- This site is optimized with the Yoast SEO Premium plugin v27.2 (Yoast SEO v27.2) - https:\/\/yoast.com\/product\/yoast-seo-premium-wordpress\/ -->\n<title>Franska ordf\u00f6rr\u00e5d f\u00f6r v\u00e4der och \u00e5rstider - Talkpal<\/title>\n<meta name=\"description\" content=\"Att l\u00e4ra sig franska kan vara en sp\u00e4nnande resa, och att k\u00e4nna till ord relaterade till v\u00e4der och \u00e5rstider \u00e4r en viktig del f\u00f6r att kunna kommunicera\" \/>\n<meta name=\"robots\" content=\"index, follow, max-snippet:-1, max-image-preview:large, max-video-preview:-1\" \/>\n<link rel=\"canonical\" href=\"https:\/\/talkpal.ai\/sv\/vocabulary\/franska-ordforrad-for-vader-och-arstider\/\" \/>\n<meta property=\"og:locale\" content=\"sv_SE\" \/>\n<meta property=\"og:type\" content=\"article\" \/>\n<meta property=\"og:title\" content=\"Franska ordf\u00f6rr\u00e5d f\u00f6r v\u00e4der och \u00e5rstider\" \/>\n<meta property=\"og:description\" content=\"Att l\u00e4ra sig franska kan vara en sp\u00e4nnande resa, och att k\u00e4nna till ord relaterade till v\u00e4der och \u00e5rstider \u00e4r en viktig del f\u00f6r att kunna kommunicera\" \/>\n<meta property=\"og:url\" content=\"https:\/\/talkpal.ai\/sv\/vocabulary\/franska-ordforrad-for-vader-och-arstider\/\" \/>\n<meta property=\"og:site_name\" content=\"Talkpal\" \/>\n<meta property=\"article:publisher\" content=\"https:\/\/www.facebook.com\/profile.php?id=100090733639311\" \/>\n<meta property=\"og:image\" content=\"https:\/\/talkpal.ai\/wp-content\/uploads\/2024\/10\/talkpal_flat_illustration_of_a_employees_working_together_happi_c674ff77-e477-4e09-835a-01d30e561e99.png\" \/>\n\t<meta property=\"og:image:width\" content=\"1024\" \/>\n\t<meta property=\"og:image:height\" content=\"1024\" \/>\n\t<meta property=\"og:image:type\" content=\"image\/png\" \/>\n<meta name=\"twitter:card\" content=\"summary_large_image\" \/>\n<meta name=\"twitter:site\" content=\"@talkpalai\" \/>\n<meta name=\"twitter:label1\" content=\"Ber\u00e4knad l\u00e4stid\" \/>\n\t<meta name=\"twitter:data1\" content=\"3 minuter\" \/>\n<script type=\"application\/ld+json\" class=\"yoast-schema-graph\">{\"@context\":\"https:\/\/schema.org\",\"@graph\":[{\"@type\":\"WebPage\",\"@id\":\"https:\/\/talkpal.ai\/sv\/vocabulary\/franska-ordforrad-for-vader-och-arstider\/\",\"url\":\"https:\/\/talkpal.ai\/sv\/vocabulary\/franska-ordforrad-for-vader-och-arstider\/\",\"name\":\"Franska ordf\u00f6rr\u00e5d f\u00f6r v\u00e4der och \u00e5rstider - Talkpal\",\"isPartOf\":{\"@id\":\"https:\/\/talkpal.ai\/sv\/#website\"},\"primaryImageOfPage\":{\"@id\":\"https:\/\/talkpal.ai\/sv\/vocabulary\/franska-ordforrad-for-vader-och-arstider\/#primaryimage\"},\"image\":{\"@id\":\"https:\/\/talkpal.ai\/sv\/vocabulary\/franska-ordforrad-for-vader-och-arstider\/#primaryimage\"},\"thumbnailUrl\":\"https:\/\/talkpal.ai\/wp-content\/uploads\/2025\/12\/keyboard-is-typed-learning-languages.webp\",\"datePublished\":\"2024-05-09T14:08:03+00:00\",\"description\":\"Att l\u00e4ra sig franska kan vara en sp\u00e4nnande resa, och att k\u00e4nna till ord relaterade till v\u00e4der och \u00e5rstider \u00e4r en viktig del f\u00f6r att kunna kommunicera\",\"breadcrumb\":{\"@id\":\"https:\/\/talkpal.ai\/sv\/vocabulary\/franska-ordforrad-for-vader-och-arstider\/#breadcrumb\"},\"inLanguage\":\"sv-SE\",\"potentialAction\":[{\"@type\":\"ReadAction\",\"target\":[\"https:\/\/talkpal.ai\/sv\/vocabulary\/franska-ordforrad-for-vader-och-arstider\/\"]}]},{\"@type\":\"ImageObject\",\"inLanguage\":\"sv-SE\",\"@id\":\"https:\/\/talkpal.ai\/sv\/vocabulary\/franska-ordforrad-for-vader-och-arstider\/#primaryimage\",\"url\":\"https:\/\/talkpal.ai\/wp-content\/uploads\/2025\/12\/keyboard-is-typed-learning-languages.webp\",\"contentUrl\":\"https:\/\/talkpal.ai\/wp-content\/uploads\/2025\/12\/keyboard-is-typed-learning-languages.webp\",\"width\":1200,\"height\":896,\"caption\":\"People sit in a library workspace and use computers for learning languages while looking at digital lessons.\"},{\"@type\":\"BreadcrumbList\",\"@id\":\"https:\/\/talkpal.ai\/sv\/vocabulary\/franska-ordforrad-for-vader-och-arstider\/#breadcrumb\",\"itemListElement\":[{\"@type\":\"ListItem\",\"position\":1,\"name\":\"Homepage\",\"item\":\"https:\/\/talkpal.ai\/sv\/\"},{\"@type\":\"ListItem\",\"position\":2,\"name\":\"Franska ordf\u00f6rr\u00e5d f\u00f6r v\u00e4der och \u00e5rstider\"}]},{\"@type\":\"WebSite\",\"@id\":\"https:\/\/talkpal.ai\/sv\/#website\",\"url\":\"https:\/\/talkpal.ai\/sv\/\",\"name\":\"Talkpal\",\"description\":\"AI Language Learning\",\"publisher\":{\"@id\":\"https:\/\/talkpal.ai\/sv\/#organization\"},\"alternateName\":\"Talkpal AI\",\"potentialAction\":[{\"@type\":\"SearchAction\",\"target\":{\"@type\":\"EntryPoint\",\"urlTemplate\":\"https:\/\/talkpal.ai\/sv\/?s={search_term_string}\"},\"query-input\":{\"@type\":\"PropertyValueSpecification\",\"valueRequired\":true,\"valueName\":\"search_term_string\"}}],\"inLanguage\":\"sv-SE\"},{\"@type\":\"Organization\",\"@id\":\"https:\/\/talkpal.ai\/sv\/#organization\",\"name\":\"Talkpal, Inc.\",\"alternateName\":\"Talkpal AI\",\"url\":\"https:\/\/talkpal.ai\/sv\/\",\"logo\":{\"@type\":\"ImageObject\",\"inLanguage\":\"sv-SE\",\"@id\":\"https:\/\/talkpal.ai\/sv\/#\/schema\/logo\/image\/\",\"url\":\"https:\/\/talkpal.ai\/wp-content\/uploads\/2024\/03\/Talkpal-Logo-Icon.png\",\"contentUrl\":\"https:\/\/talkpal.ai\/wp-content\/uploads\/2024\/03\/Talkpal-Logo-Icon.png\",\"width\":2880,\"height\":2880,\"caption\":\"Talkpal, Inc.\"},\"image\":{\"@id\":\"https:\/\/talkpal.ai\/sv\/#\/schema\/logo\/image\/\"},\"sameAs\":[\"https:\/\/www.facebook.com\/profile.php?id=100090733639311\",\"https:\/\/x.com\/talkpalai\",\"https:\/\/www.linkedin.com\/company\/talkpal\/\",\"https:\/\/www.youtube.com\/@TalkPal\/\",\"https:\/\/www.tiktok.com\/@talkpal\",\"https:\/\/www.instagram.com\/talkpal_ai\/\",\"https:\/\/www.crunchbase.com\/organization\/talkpal-9cde\",\"https:\/\/www.g2.com\/products\/talkpal-for-business\/\",\"https:\/\/www.trustpilot.com\/review\/talkpal.ai\",\"https:\/\/www.capterra.com\/p\/10006800\/TalkPal\/\"],\"description\":\"Talkpal is a language learning web and mobile education app, powered by the latest AI technologies, that provides engaging experiences to its customers in many different languages to help them improve their language skills. Users can chat about unlimited amount of topics with the app and use other modes to practice their language learning.\",\"email\":\"support@talkpal.ai\",\"legalName\":\"Talkpal, Inc.\",\"foundingDate\":\"2023-04-03\",\"duns\":\"118989042\",\"numberOfEmployees\":{\"@type\":\"QuantitativeValue\",\"minValue\":\"11\",\"maxValue\":\"50\"},\"publishingPrinciples\":\"https:\/\/talkpal.ai\/publishing-principles\/\",\"actionableFeedbackPolicy\":\"https:\/\/talkpal.ai\/actionable-feedback-policy\/\",\"correctionsPolicy\":\"https:\/\/talkpal.ai\/corrections-policy\/\",\"ethicsPolicy\":\"https:\/\/talkpal.ai\/ethics-policy\/\",\"diversityPolicy\":\"https:\/\/talkpal.ai\/diversity-policy\/\",\"diversityStaffingReport\":\"https:\/\/talkpal.ai\/diversity-policy\/\"}]}<\/script>\n<!-- \/ Yoast SEO Premium plugin. -->","yoast_head_json":{"title":"Franska ordf\u00f6rr\u00e5d f\u00f6r v\u00e4der och \u00e5rstider - Talkpal","description":"Att l\u00e4ra sig franska kan vara en sp\u00e4nnande resa, och att k\u00e4nna till ord relaterade till v\u00e4der och \u00e5rstider \u00e4r en viktig del f\u00f6r att kunna kommunicera","robots":{"index":"index","follow":"follow","max-snippet":"max-snippet:-1","max-image-preview":"max-image-preview:large","max-video-preview":"max-video-preview:-1"},"canonical":"https:\/\/talkpal.ai\/sv\/vocabulary\/franska-ordforrad-for-vader-och-arstider\/","og_locale":"sv_SE","og_type":"article","og_title":"Franska ordf\u00f6rr\u00e5d f\u00f6r v\u00e4der och \u00e5rstider","og_description":"Att l\u00e4ra sig franska kan vara en sp\u00e4nnande resa, och att k\u00e4nna till ord relaterade till v\u00e4der och \u00e5rstider \u00e4r en viktig del f\u00f6r att kunna kommunicera","og_url":"https:\/\/talkpal.ai\/sv\/vocabulary\/franska-ordforrad-for-vader-och-arstider\/","og_site_name":"Talkpal","article_publisher":"https:\/\/www.facebook.com\/profile.php?id=100090733639311","og_image":[{"width":1024,"height":1024,"url":"https:\/\/talkpal.ai\/wp-content\/uploads\/2024\/10\/talkpal_flat_illustration_of_a_employees_working_together_happi_c674ff77-e477-4e09-835a-01d30e561e99.png","type":"image\/png"}],"twitter_card":"summary_large_image","twitter_site":"@talkpalai","twitter_misc":{"Ber\u00e4knad l\u00e4stid":"3 minuter"},"schema":{"@context":"https:\/\/schema.org","@graph":[{"@type":"WebPage","@id":"https:\/\/talkpal.ai\/sv\/vocabulary\/franska-ordforrad-for-vader-och-arstider\/","url":"https:\/\/talkpal.ai\/sv\/vocabulary\/franska-ordforrad-for-vader-och-arstider\/","name":"Franska ordf\u00f6rr\u00e5d f\u00f6r v\u00e4der och \u00e5rstider - Talkpal","isPartOf":{"@id":"https:\/\/talkpal.ai\/sv\/#website"},"primaryImageOfPage":{"@id":"https:\/\/talkpal.ai\/sv\/vocabulary\/franska-ordforrad-for-vader-och-arstider\/#primaryimage"},"image":{"@id":"https:\/\/talkpal.ai\/sv\/vocabulary\/franska-ordforrad-for-vader-och-arstider\/#primaryimage"},"thumbnailUrl":"https:\/\/talkpal.ai\/wp-content\/uploads\/2025\/12\/keyboard-is-typed-learning-languages.webp","datePublished":"2024-05-09T14:08:03+00:00","description":"Att l\u00e4ra sig franska kan vara en sp\u00e4nnande resa, och att k\u00e4nna till ord relaterade till v\u00e4der och \u00e5rstider \u00e4r en viktig del f\u00f6r att kunna kommunicera","breadcrumb":{"@id":"https:\/\/talkpal.ai\/sv\/vocabulary\/franska-ordforrad-for-vader-och-arstider\/#breadcrumb"},"inLanguage":"sv-SE","potentialAction":[{"@type":"ReadAction","target":["https:\/\/talkpal.ai\/sv\/vocabulary\/franska-ordforrad-for-vader-och-arstider\/"]}]},{"@type":"ImageObject","inLanguage":"sv-SE","@id":"https:\/\/talkpal.ai\/sv\/vocabulary\/franska-ordforrad-for-vader-och-arstider\/#primaryimage","url":"https:\/\/talkpal.ai\/wp-content\/uploads\/2025\/12\/keyboard-is-typed-learning-languages.webp","contentUrl":"https:\/\/talkpal.ai\/wp-content\/uploads\/2025\/12\/keyboard-is-typed-learning-languages.webp","width":1200,"height":896,"caption":"People sit in a library workspace and use computers for learning languages while looking at digital lessons."},{"@type":"BreadcrumbList","@id":"https:\/\/talkpal.ai\/sv\/vocabulary\/franska-ordforrad-for-vader-och-arstider\/#breadcrumb","itemListElement":[{"@type":"ListItem","position":1,"name":"Homepage","item":"https:\/\/talkpal.ai\/sv\/"},{"@type":"ListItem","position":2,"name":"Franska ordf\u00f6rr\u00e5d f\u00f6r v\u00e4der och \u00e5rstider"}]},{"@type":"WebSite","@id":"https:\/\/talkpal.ai\/sv\/#website","url":"https:\/\/talkpal.ai\/sv\/","name":"Talkpal","description":"AI Language Learning","publisher":{"@id":"https:\/\/talkpal.ai\/sv\/#organization"},"alternateName":"Talkpal AI","potentialAction":[{"@type":"SearchAction","target":{"@type":"EntryPoint","urlTemplate":"https:\/\/talkpal.ai\/sv\/?s={search_term_string}"},"query-input":{"@type":"PropertyValueSpecification","valueRequired":true,"valueName":"search_term_string"}}],"inLanguage":"sv-SE"},{"@type":"Organization","@id":"https:\/\/talkpal.ai\/sv\/#organization","name":"Talkpal, Inc.","alternateName":"Talkpal AI","url":"https:\/\/talkpal.ai\/sv\/","logo":{"@type":"ImageObject","inLanguage":"sv-SE","@id":"https:\/\/talkpal.ai\/sv\/#\/schema\/logo\/image\/","url":"https:\/\/talkpal.ai\/wp-content\/uploads\/2024\/03\/Talkpal-Logo-Icon.png","contentUrl":"https:\/\/talkpal.ai\/wp-content\/uploads\/2024\/03\/Talkpal-Logo-Icon.png","width":2880,"height":2880,"caption":"Talkpal, Inc."},"image":{"@id":"https:\/\/talkpal.ai\/sv\/#\/schema\/logo\/image\/"},"sameAs":["https:\/\/www.facebook.com\/profile.php?id=100090733639311","https:\/\/x.com\/talkpalai","https:\/\/www.linkedin.com\/company\/talkpal\/","https:\/\/www.youtube.com\/@TalkPal\/","https:\/\/www.tiktok.com\/@talkpal","https:\/\/www.instagram.com\/talkpal_ai\/","https:\/\/www.crunchbase.com\/organization\/talkpal-9cde","https:\/\/www.g2.com\/products\/talkpal-for-business\/","https:\/\/www.trustpilot.com\/review\/talkpal.ai","https:\/\/www.capterra.com\/p\/10006800\/TalkPal\/"],"description":"Talkpal is a language learning web and mobile education app, powered by the latest AI technologies, that provides engaging experiences to its customers in many different languages to help them improve their language skills. Users can chat about unlimited amount of topics with the app and use other modes to practice their language learning.","email":"support@talkpal.ai","legalName":"Talkpal, Inc.","foundingDate":"2023-04-03","duns":"118989042","numberOfEmployees":{"@type":"QuantitativeValue","minValue":"11","maxValue":"50"},"publishingPrinciples":"https:\/\/talkpal.ai\/publishing-principles\/","actionableFeedbackPolicy":"https:\/\/talkpal.ai\/actionable-feedback-policy\/","correctionsPolicy":"https:\/\/talkpal.ai\/corrections-policy\/","ethicsPolicy":"https:\/\/talkpal.ai\/ethics-policy\/","diversityPolicy":"https:\/\/talkpal.ai\/diversity-policy\/","diversityStaffingReport":"https:\/\/talkpal.ai\/diversity-policy\/"}]}},"_links":{"self":[{"href":"https:\/\/talkpal.ai\/sv\/wp-json\/wp\/v2\/vocabulary\/282321","targetHints":{"allow":["GET"]}}],"collection":[{"href":"https:\/\/talkpal.ai\/sv\/wp-json\/wp\/v2\/vocabulary"}],"about":[{"href":"https:\/\/talkpal.ai\/sv\/wp-json\/wp\/v2\/types\/vocabulary"}],"wp:featuredmedia":[{"embeddable":true,"href":"https:\/\/talkpal.ai\/sv\/wp-json\/wp\/v2\/media\/1527709"}],"wp:attachment":[{"href":"https:\/\/talkpal.ai\/sv\/wp-json\/wp\/v2\/media?parent=282321"}],"wp:term":[{"taxonomy":"vocabulary_language","embeddable":true,"href":"https:\/\/talkpal.ai\/sv\/wp-json\/wp\/v2\/vocabulary_language?post=282321"}],"curies":[{"name":"wp","href":"https:\/\/api.w.org\/{rel}","templated":true}]}}