{"id":1262566,"date":"2025-07-09T06:47:12","date_gmt":"2025-07-09T06:47:12","guid":{"rendered":"https:\/\/talkpal.ai\/vocabulary\/att-prata-om-klimat-pa-serbiska\/"},"modified":"2025-07-09T06:47:12","modified_gmt":"2025-07-09T06:47:12","slug":"att-prata-om-klimat-pa-serbiska","status":"publish","type":"vocabulary","link":"https:\/\/talkpal.ai\/sv\/vocabulary\/att-prata-om-klimat-pa-serbiska\/","title":{"rendered":"Att prata om klimat p\u00e5 serbiska"},"content":{"rendered":"<p>Att diskutera klimatf\u00f6r\u00e4ndringar p\u00e5 olika spr\u00e5k \u00e4r avg\u00f6rande i en globaliserad v\u00e4rld d\u00e4r milj\u00f6fr\u00e5gor kr\u00e4ver internationellt samarbete. F\u00f6r svenskar som vill l\u00e4ra sig serbiska och samtidigt kunna <a href=\"https:\/\/talkpal.ai\/locations\/language-courses-in-prata\/\">prata<\/a> om klimat och milj\u00f6 \u00e4r det viktigt att beh\u00e4rska b\u00e5de vokabul\u00e4r och uttryck som \u00e4r relevanta f\u00f6r \u00e4mnet. <a href=\"https:\/\/talkpal.ai\/ko\/ai-%ec%96%b8%ec%96%b4-%ea%b5%90%ec%82%ac\/\">Talkpal<\/a> \u00e4r ett utm\u00e4rkt verktyg f\u00f6r att l\u00e4ra sig nya spr\u00e5k p\u00e5 ett interaktivt och engagerande s\u00e4tt, vilket kan underl\u00e4tta att snabbt komma in i \u00e4mnen som klimatf\u00f6r\u00e4ndringar p\u00e5 serbiska. <a href=\"https:\/\/talkpal.ai\/culture\/how-do-i-use-den-har-and-det-har\/\">Den h\u00e4r<\/a> artikeln g\u00e5r igenom centrala begrepp, anv\u00e4ndbara fraser och hur man effektivt kan prata om klimat p\u00e5 serbiska, vilket g\u00f6r det l\u00e4ttare att <a href=\"https:\/\/talkpal.ai\/locations\/language-courses-in-delta\/\">delta<\/a> i viktiga samtal om milj\u00f6n.<\/p>\n<h2>Varf\u00f6r \u00e4r det viktigt att prata om klimat p\u00e5 serbiska?<\/h2>\n<p>Serbien, liksom m\u00e5nga andra l\u00e4nder, p\u00e5verkas av klimatf\u00f6r\u00e4ndringar och har egna nationella initiativ f\u00f6r att hantera milj\u00f6fr\u00e5gor. Att kunna diskutera klimat p\u00e5 serbiska \u00f6ppnar d\u00f6rrar f\u00f6r:<\/p>\n<ul>\n<li>Engagemang i lokala milj\u00f6initiativ och projekt.<\/li>\n<li>Kommunikation med serbiska talare om globala milj\u00f6fr\u00e5gor.<\/li>\n<li>F\u00f6rst\u00e5else f\u00f6r serbiska klimatpolicys och milj\u00f6lagstiftning.<\/li>\n<li>Deltagande i <a href=\"https:\/\/talkpal.ai\/talkpal-for-education\/\">utbildning<\/a>, forskning och milj\u00f6konferenser p\u00e5 serbiska.<\/li>\n<\/ul>\n<p>Genom att bem\u00e4stra spr\u00e5ket f\u00f6r klimatdiskussioner kan du ocks\u00e5 bidra till att sprida medvetenhet och p\u00e5verka h\u00e5llbarhetsarbete b\u00e5de i Sverige och i Serbien.<\/p>\n<h2>Grundl\u00e4ggande klimatrelaterad vokabul\u00e4r p\u00e5 serbiska<\/h2>\n<p>F\u00f6r att effektivt kunna prata om klimat beh\u00f6ver du k\u00e4nna till viktiga ord och uttryck. H\u00e4r \u00e4r en lista \u00f6ver grundl\u00e4ggande klimatrelaterade termer p\u00e5 serbiska:<\/p>\n<table>\n<thead>\n<tr>\n<th>Svenska<\/th>\n<th>Serbiska (kyrilliska)<\/th>\n<th>Serbiska (latinska)<\/th>\n<th>Kommentar<\/th>\n<\/tr>\n<\/thead>\n<tbody>\n<tr>\n<td>Klimat<\/td>\n<td>\u041a\u043b\u0438\u043c\u0430\u0442<\/td>\n<td>Klimat<\/td>\n<td>Ordets betydelse \u00e4r densamma<\/td>\n<\/tr>\n<tr>\n<td>Klimatf\u00f6r\u00e4ndring<\/td>\n<td>\u041a\u043b\u0438\u043c\u0430\u0442\u0441\u043a\u0435 \u043f\u0440\u043e\u043c\u0435\u043d\u0435<\/td>\n<td>Klimatske promene<\/td>\n<td>Pluralform som anv\u00e4nds f\u00f6r klimatf\u00f6r\u00e4ndringar<\/td>\n<\/tr>\n<tr>\n<td>Global uppv\u00e4rmning<\/td>\n<td>\u0413\u043b\u043e\u0431\u0430\u043b\u043d\u043e \u0437\u0430\u0433\u0440\u0435\u0432\u0430\u045a\u0435<\/td>\n<td>Globalno zagrevanje<\/td>\n<td>En central term inom klimatdebatten<\/td>\n<\/tr>\n<tr>\n<td>H\u00e5llbar utveckling<\/td>\n<td>\u041e\u0434\u0440\u0436\u0438\u0432\u0438 \u0440\u0430\u0437\u0432\u043e\u0458<\/td>\n<td>Odr\u017eivi razvoj<\/td>\n<td>Viktigt begrepp inom milj\u00f6arbete<\/td>\n<\/tr>\n<tr>\n<td>F\u00f6rorening<\/td>\n<td>\u0417\u0430\u0433\u0430\u0452\u0435\u045a\u0435<\/td>\n<td>Zaga\u0111enje<\/td>\n<td>Kan syfta p\u00e5 luft-, vatten- eller markf\u00f6rorening<\/td>\n<\/tr>\n<tr>\n<td>V\u00e4xthusgas<\/td>\n<td>\u0413\u0430\u0441\u043e\u0432\u0438 \u0441\u0442\u0430\u043a\u043b\u0435\u043d\u0435 \u0431\u0430\u0448\u0442\u0435<\/td>\n<td>Gasovi staklene ba\u0161te<\/td>\n<td>Gas som bidrar till v\u00e4xthuseffekten<\/td>\n<\/tr>\n<tr>\n<td>Solenergi<\/td>\n<td>\u0421\u043e\u043b\u0430\u0440\u043d\u0430 \u0435\u043d\u0435\u0440\u0433\u0438\u0458\u0430<\/td>\n<td>Solarna energija<\/td>\n<td>En f\u00f6rnybar energik\u00e4lla<\/td>\n<\/tr>\n<tr>\n<td>\u00c5tervinning<\/td>\n<td>\u0420\u0435\u0446\u0438\u043a\u043b\u0438\u0440\u0430\u045a\u0435<\/td>\n<td>Recikliranje<\/td>\n<td>Viktigt f\u00f6r milj\u00f6skydd<\/td>\n<\/tr>\n<\/tbody>\n<\/table>\n<h3>Tips f\u00f6r att memorera klimatrelaterad vokabul\u00e4r<\/h3>\n<ul>\n<li>Anv\u00e4nd flashcards med b\u00e5de <a href=\"https:\/\/talkpal.ai\/learn-serbian\/\">serbisk<\/a> text och <a href=\"https:\/\/talkpal.ai\/learn-swedish\/\">svensk<\/a> \u00f6vers\u00e4ttning.<\/li>\n<li>Tr\u00e4na p\u00e5 att anv\u00e4nda orden i meningar f\u00f6r att st\u00e4rka f\u00f6rst\u00e5elsen.<\/li>\n<li>Lyssna p\u00e5 serbiska milj\u00f6podcasts eller nyheter f\u00f6r att h\u00f6ra orden i naturligt sammanhang.<\/li>\n<li>\u00d6va regelbundet med Talkpal f\u00f6r att f\u00e5 interaktiv feedback och f\u00f6rb\u00e4ttra uttal.<\/li>\n<\/ul>\n<h2>Vanliga fraser f\u00f6r att prata om klimat p\u00e5 serbiska<\/h2>\n<p>Att kunna anv\u00e4nda fraser i olika situationer g\u00f6r det enklare att delta i samtal om klimat och milj\u00f6. H\u00e4r \u00e4r n\u00e5gra anv\u00e4ndbara exempel:<\/p>\n<h3>Inledande fraser<\/h3>\n<ul>\n<li>\u041a\u0430\u043a\u043e \u043c\u043e\u0436\u0435\u043c\u043e \u0437\u0430\u0448\u0442\u0438\u0442\u0438\u0442\u0438 \u043d\u0430\u0448\u0443 \u043f\u043b\u0430\u043d\u0435\u0442\u0443? (Kako mo\u017eemo za\u0161tititi na\u0161u planetu?) \u2013 Hur kan vi skydda v\u00e5r planet?<\/li>\n<li>\u041a\u043b\u0438\u043c\u0430\u0442\u0441\u043a\u0435 \u043f\u0440\u043e\u043c\u0435\u043d\u0435 \u0441\u0443 \u0432\u0435\u043b\u0438\u043a\u0438 \u0438\u0437\u0430\u0437\u043e\u0432 \u0437\u0430 \u0441\u0432\u0435 \u043d\u0430\u0441. (Klimatske promene su veliki izazov za sve nas.) \u2013 Klimatf\u00f6r\u00e4ndringar \u00e4r en stor utmaning f\u00f6r oss alla.<\/li>\n<li>\u0412\u0435\u0440\u0443\u0458\u0435\u043c \u0434\u0430 \u0458\u0435 \u0432\u0430\u0436\u043d\u043e \u0434\u0430 \u0441\u0432\u0430\u043a\u043e \u0443\u0447\u0435\u0441\u0442\u0432\u0443\u0458\u0435 \u0443 \u043e\u0447\u0443\u0432\u0430\u045a\u0443 \u043f\u0440\u0438\u0440\u043e\u0434\u0435. (Verujem da je va\u017eno da svako u\u010destvuje u o\u010duvanju prirode.) \u2013 Jag tror att det \u00e4r viktigt att alla deltar i att bevara naturen.<\/li>\n<\/ul>\n<h3>Diskussion om orsaker och konsekvenser<\/h3>\n<ul>\n<li>\u0417\u0430\u0433\u0430\u0452\u0435\u045a\u0435 \u0432\u0430\u0437\u0434\u0443\u0445\u0430 \u0434\u043e\u043f\u0440\u0438\u043d\u043e\u0441\u0438 \u0433\u043b\u043e\u0431\u0430\u043b\u043d\u043e\u043c \u0437\u0430\u0433\u0440\u0435\u0432\u0430\u045a\u0443. (Zaga\u0111enje vazduha doprinosi globalnom zagrevanju.) \u2013 Luftf\u00f6roreningar bidrar till global uppv\u00e4rmning.<\/li>\n<li>\u0421\u043c\u0430\u045a\u0435\u045a\u0435 \u0435\u043c\u0438\u0441\u0438\u0458\u0435 \u0443\u0433\u0459\u0435\u043d-\u0434\u0438\u043e\u043a\u0441\u0438\u0434\u0430 \u0458\u0435 \u043a\u0459\u0443\u0447\u043d\u043e. (Smanjenje emisije ugljen-dioksida je klju\u010dno.) \u2013 Minskning av koldioxidutsl\u00e4pp \u00e4r avg\u00f6rande.<\/li>\n<li>\u041f\u043e\u0441\u043b\u0435\u0434\u0438\u0446\u0435 \u043a\u043b\u0438\u043c\u0430\u0442\u0441\u043a\u0438\u0445 \u043f\u0440\u043e\u043c\u0435\u043d\u0430 \u0443\u043a\u0459\u0443\u0447\u0443\u0458\u0443 \u0435\u043a\u0441\u0442\u0440\u0435\u043c\u043d\u0435 \u0432\u0440\u0435\u043c\u0435\u043d\u0441\u043a\u0435 \u0443\u0441\u043b\u043e\u0432\u0435. (Posledice klimatskih promena uklju\u010duju ekstremne vremenske uslove.) \u2013 Konsekvenserna av klimatf\u00f6r\u00e4ndringar inkluderar extrema v\u00e4derf\u00f6rh\u00e5llanden.<\/li>\n<\/ul>\n<h3>F\u00f6resl\u00e5 l\u00f6sningar och \u00e5tg\u00e4rder<\/h3>\n<ul>\n<li>\u041c\u043e\u0436\u0435\u043c\u043e \u043a\u043e\u0440\u0438\u0441\u0442\u0438\u0442\u0438 \u043e\u0431\u043d\u043e\u0432\u0459\u0438\u0432\u0435 \u0438\u0437\u0432\u043e\u0440\u0435 \u0435\u043d\u0435\u0440\u0433\u0438\u0458\u0435 \u043a\u0430\u043e \u0448\u0442\u043e \u0458\u0435 \u0441\u043e\u043b\u0430\u0440\u043d\u0430 \u0435\u043d\u0435\u0440\u0433\u0438\u0458\u0430. (Mo\u017eemo koristiti obnovljive izvore energije kao \u0161to je solarna energija.) \u2013 Vi kan anv\u00e4nda f\u00f6rnybara energik\u00e4llor s\u00e5som solenergi.<\/li>\n<li>\u0420\u0435\u0446\u0438\u043a\u043b\u0438\u0440\u0430\u045a\u0435 \u0438 \u0441\u043c\u0430\u045a\u0435\u045a\u0435 \u043e\u0442\u043f\u0430\u0434\u0430 \u0441\u0443 \u0432\u0430\u0436\u043d\u0438 \u043a\u043e\u0440\u0430\u0446\u0438. (Recikliranje i smanjenje otpada su va\u017eni koraci.) \u2013 \u00c5tervinning och avfallsminskning \u00e4r viktiga steg.<\/li>\n<li>\u041e\u0431\u0440\u0430\u0437\u043e\u0432\u0430\u045a\u0435 \u043e \u0435\u043a\u043e\u043b\u043e\u0433\u0438\u0458\u0438 \u0442\u0440\u0435\u0431\u0430 \u0434\u0430 \u0431\u0443\u0434\u0435 \u043f\u0440\u0438\u043e\u0440\u0438\u0442\u0435\u0442. (Obrazovanje o ekologiji treba da bude prioritet.) \u2013 Milj\u00f6utbildning b\u00f6r vara en prioritet.<\/li>\n<\/ul>\n<h2>Serbiska milj\u00f6organisationer och initiativ<\/h2>\n<p>Att k\u00e4nna till n\u00e5gra viktiga milj\u00f6organisationer i Serbien kan hj\u00e4lpa dig att f\u00f6rst\u00e5 lokal klimataktivism och delta i samtal p\u00e5 serbiska:<\/p>\n<ul>\n<li><strong>Ekolo\u0161ki pokret Srbije<\/strong> \u2013 En av de st\u00f6rsta milj\u00f6r\u00f6relserna i landet som arbetar f\u00f6r h\u00e5llbar utveckling.<\/li>\n<li><strong>Green Network<\/strong> \u2013 En organisation som fokuserar p\u00e5 milj\u00f6utbildning och klimatr\u00e4ttvisa.<\/li>\n<li><strong>Za\u0161tita \u017eivotne sredine<\/strong> \u2013 En statlig myndighet som ansvarar f\u00f6r milj\u00f6skydd och klimatpolitik.<\/li>\n<\/ul>\n<p>Genom att f\u00f6lja deras nyheter och kampanjer kan du b\u00e5de ut\u00f6ka ditt ordf\u00f6rr\u00e5d och f\u00e5 insikt i aktuella klimatfr\u00e5gor i Serbien.<\/p>\n<h2>Hur Talkpal kan hj\u00e4lpa dig att prata om klimat p\u00e5 serbiska<\/h2>\n<p>Talkpal \u00e4r en spr\u00e5kinl\u00e4rningsplattform som erbjuder interaktiva lektioner, konversations\u00f6vningar och anpassat inneh\u00e5ll f\u00f6r att snabbt f\u00f6rb\u00e4ttra dina spr\u00e5kkunskaper. F\u00f6r dig som vill prata om klimat p\u00e5 serbiska erbjuder Talkpal:<\/p>\n<ul>\n<li>Tematiska lektioner med fokus p\u00e5 milj\u00f6 och klimatf\u00f6r\u00e4ndringar.<\/li>\n<li>M\u00f6jlighet att \u00f6va med modersm\u00e5lstalare och f\u00e5 direkt feedback.<\/li>\n<li>Interaktiva \u00f6vningar som hj\u00e4lper dig att memorera klimatrelaterad vokabul\u00e4r och fraser.<\/li>\n<li>Flexibelt l\u00e4rande som passar b\u00e5de nyb\u00f6rjare och avancerade studenter.<\/li>\n<\/ul>\n<p>Genom regelbunden anv\u00e4ndning av Talkpal kan du bygga upp ditt sj\u00e4lvf\u00f6rtroende och bli mer flytande i att diskutera klimatfr\u00e5gor p\u00e5 serbiska.<\/p>\n<h2>Tips f\u00f6r att f\u00f6rb\u00e4ttra din f\u00f6rm\u00e5ga att prata om klimat p\u00e5 serbiska<\/h2>\n<ul>\n<li><strong>Lyssna aktivt:<\/strong> F\u00f6lj serbiska milj\u00f6nyheter, podcasts och videor f\u00f6r att h\u00f6ra autentiskt spr\u00e5kbruk.<\/li>\n<li><strong>Delta i diskussionsgrupper:<\/strong> Hitta onlinegrupper eller lokala evenemang d\u00e4r du kan prata om klimatfr\u00e5gor p\u00e5 serbiska.<\/li>\n<li><strong>Anteckna och repetera:<\/strong> Skriv ner nya ord och fraser, och repetera dem regelbundet.<\/li>\n<li><strong>Praktisera regelbundet:<\/strong> Anv\u00e4nd Talkpal eller andra spr\u00e5kappar f\u00f6r daglig tr\u00e4ning.<\/li>\n<li><strong>Var inte r\u00e4dd f\u00f6r att g\u00f6ra misstag:<\/strong> Spr\u00e5kinl\u00e4rning handlar om att \u00f6va och f\u00f6rb\u00e4ttras, s\u00e5 v\u00e5ga prata!<\/li>\n<\/ul>\n<h2>Slutsats<\/h2>\n<p>Att kunna prata om klimat p\u00e5 serbiska \u00e4r inte bara en spr\u00e5klig f\u00e4rdighet utan ocks\u00e5 ett s\u00e4tt att aktivt delta i en av v\u00e5r tids viktigaste globala fr\u00e5gor. Genom att l\u00e4ra dig relevant vokabul\u00e4r, anv\u00e4nda praktiska fraser och engagera dig i samtal kan du bidra till medvetenhet och h\u00e5llbarhet b\u00e5de lokalt och internationellt. Talkpal \u00e4r ett utm\u00e4rkt verktyg som st\u00f6djer dig p\u00e5 denna resa och g\u00f6r spr\u00e5kinl\u00e4rningen b\u00e5de effektiv och rolig. B\u00f6rja idag och ta ditt f\u00f6rsta steg mot att bli en milj\u00f6medveten serbisk talare!<\/p>\n","protected":false},"featured_media":1527870,"template":"","vocabulary_language":[4186],"class_list":["post-1262566","vocabulary","type-vocabulary","status-publish","has-post-thumbnail","hentry","vocabulary_language-hebreiska"],"acf":[],"yoast_head":"<!-- This site is optimized with the Yoast SEO Premium plugin v27.2 (Yoast SEO v27.2) - https:\/\/yoast.com\/product\/yoast-seo-premium-wordpress\/ -->\n<title>Att prata om klimat p\u00e5 serbiska - Talkpal<\/title>\n<meta name=\"description\" content=\"Att diskutera klimatf\u00f6r\u00e4ndringar p\u00e5 olika spr\u00e5k \u00e4r avg\u00f6rande i en globaliserad v\u00e4rld d\u00e4r milj\u00f6fr\u00e5gor kr\u00e4ver internationellt samarbete. F\u00f6r svenskar som\" \/>\n<meta name=\"robots\" content=\"index, follow, max-snippet:-1, max-image-preview:large, max-video-preview:-1\" \/>\n<link rel=\"canonical\" href=\"https:\/\/talkpal.ai\/sv\/vocabulary\/att-prata-om-klimat-pa-serbiska\/\" \/>\n<meta property=\"og:locale\" content=\"sv_SE\" \/>\n<meta property=\"og:type\" content=\"article\" \/>\n<meta property=\"og:title\" content=\"Att prata om klimat p\u00e5 serbiska\" \/>\n<meta property=\"og:description\" content=\"Att diskutera klimatf\u00f6r\u00e4ndringar p\u00e5 olika spr\u00e5k \u00e4r avg\u00f6rande i en globaliserad v\u00e4rld d\u00e4r milj\u00f6fr\u00e5gor kr\u00e4ver internationellt samarbete. F\u00f6r svenskar som\" \/>\n<meta property=\"og:url\" content=\"https:\/\/talkpal.ai\/sv\/vocabulary\/att-prata-om-klimat-pa-serbiska\/\" \/>\n<meta property=\"og:site_name\" content=\"Talkpal\" \/>\n<meta property=\"article:publisher\" content=\"https:\/\/www.facebook.com\/profile.php?id=100090733639311\" \/>\n<meta property=\"og:image\" content=\"https:\/\/talkpal.ai\/wp-content\/uploads\/2024\/10\/talkpal_flat_illustration_of_a_employees_working_together_happi_c674ff77-e477-4e09-835a-01d30e561e99.png\" \/>\n\t<meta property=\"og:image:width\" content=\"1024\" \/>\n\t<meta property=\"og:image:height\" content=\"1024\" \/>\n\t<meta property=\"og:image:type\" content=\"image\/png\" \/>\n<meta name=\"twitter:card\" content=\"summary_large_image\" \/>\n<meta name=\"twitter:site\" content=\"@talkpalai\" \/>\n<meta name=\"twitter:label1\" content=\"Ber\u00e4knad l\u00e4stid\" \/>\n\t<meta name=\"twitter:data1\" content=\"5 minuter\" \/>\n<script type=\"application\/ld+json\" class=\"yoast-schema-graph\">{\"@context\":\"https:\/\/schema.org\",\"@graph\":[{\"@type\":\"WebPage\",\"@id\":\"https:\/\/talkpal.ai\/sv\/vocabulary\/att-prata-om-klimat-pa-serbiska\/\",\"url\":\"https:\/\/talkpal.ai\/sv\/vocabulary\/att-prata-om-klimat-pa-serbiska\/\",\"name\":\"Att prata om klimat p\u00e5 serbiska - Talkpal\",\"isPartOf\":{\"@id\":\"https:\/\/talkpal.ai\/sv\/#website\"},\"primaryImageOfPage\":{\"@id\":\"https:\/\/talkpal.ai\/sv\/vocabulary\/att-prata-om-klimat-pa-serbiska\/#primaryimage\"},\"image\":{\"@id\":\"https:\/\/talkpal.ai\/sv\/vocabulary\/att-prata-om-klimat-pa-serbiska\/#primaryimage\"},\"thumbnailUrl\":\"https:\/\/talkpal.ai\/wp-content\/uploads\/2025\/12\/person-wearing-headphones-learning-languages.webp\",\"datePublished\":\"2025-07-09T06:47:12+00:00\",\"description\":\"Att diskutera klimatf\u00f6r\u00e4ndringar p\u00e5 olika spr\u00e5k \u00e4r avg\u00f6rande i en globaliserad v\u00e4rld d\u00e4r milj\u00f6fr\u00e5gor kr\u00e4ver internationellt samarbete. F\u00f6r svenskar som\",\"breadcrumb\":{\"@id\":\"https:\/\/talkpal.ai\/sv\/vocabulary\/att-prata-om-klimat-pa-serbiska\/#breadcrumb\"},\"inLanguage\":\"sv-SE\",\"potentialAction\":[{\"@type\":\"ReadAction\",\"target\":[\"https:\/\/talkpal.ai\/sv\/vocabulary\/att-prata-om-klimat-pa-serbiska\/\"]}]},{\"@type\":\"ImageObject\",\"inLanguage\":\"sv-SE\",\"@id\":\"https:\/\/talkpal.ai\/sv\/vocabulary\/att-prata-om-klimat-pa-serbiska\/#primaryimage\",\"url\":\"https:\/\/talkpal.ai\/wp-content\/uploads\/2025\/12\/person-wearing-headphones-learning-languages.webp\",\"contentUrl\":\"https:\/\/talkpal.ai\/wp-content\/uploads\/2025\/12\/person-wearing-headphones-learning-languages.webp\",\"width\":1200,\"height\":896,\"caption\":\"A young person wearing headphones writes in a notebook at a desk while learning languages in a bright hall.\"},{\"@type\":\"BreadcrumbList\",\"@id\":\"https:\/\/talkpal.ai\/sv\/vocabulary\/att-prata-om-klimat-pa-serbiska\/#breadcrumb\",\"itemListElement\":[{\"@type\":\"ListItem\",\"position\":1,\"name\":\"Homepage\",\"item\":\"https:\/\/talkpal.ai\/sv\/\"},{\"@type\":\"ListItem\",\"position\":2,\"name\":\"Att prata om klimat p\u00e5 serbiska\"}]},{\"@type\":\"WebSite\",\"@id\":\"https:\/\/talkpal.ai\/sv\/#website\",\"url\":\"https:\/\/talkpal.ai\/sv\/\",\"name\":\"Talkpal\",\"description\":\"AI Language Learning\",\"publisher\":{\"@id\":\"https:\/\/talkpal.ai\/sv\/#organization\"},\"alternateName\":\"Talkpal AI\",\"potentialAction\":[{\"@type\":\"SearchAction\",\"target\":{\"@type\":\"EntryPoint\",\"urlTemplate\":\"https:\/\/talkpal.ai\/sv\/?s={search_term_string}\"},\"query-input\":{\"@type\":\"PropertyValueSpecification\",\"valueRequired\":true,\"valueName\":\"search_term_string\"}}],\"inLanguage\":\"sv-SE\"},{\"@type\":\"Organization\",\"@id\":\"https:\/\/talkpal.ai\/sv\/#organization\",\"name\":\"Talkpal, Inc.\",\"alternateName\":\"Talkpal AI\",\"url\":\"https:\/\/talkpal.ai\/sv\/\",\"logo\":{\"@type\":\"ImageObject\",\"inLanguage\":\"sv-SE\",\"@id\":\"https:\/\/talkpal.ai\/sv\/#\/schema\/logo\/image\/\",\"url\":\"https:\/\/talkpal.ai\/wp-content\/uploads\/2024\/03\/Talkpal-Logo-Icon.png\",\"contentUrl\":\"https:\/\/talkpal.ai\/wp-content\/uploads\/2024\/03\/Talkpal-Logo-Icon.png\",\"width\":2880,\"height\":2880,\"caption\":\"Talkpal, Inc.\"},\"image\":{\"@id\":\"https:\/\/talkpal.ai\/sv\/#\/schema\/logo\/image\/\"},\"sameAs\":[\"https:\/\/www.facebook.com\/profile.php?id=100090733639311\",\"https:\/\/x.com\/talkpalai\",\"https:\/\/www.linkedin.com\/company\/talkpal\/\",\"https:\/\/www.youtube.com\/@TalkPal\/\",\"https:\/\/www.tiktok.com\/@talkpal\",\"https:\/\/www.instagram.com\/talkpal_ai\/\",\"https:\/\/www.crunchbase.com\/organization\/talkpal-9cde\",\"https:\/\/www.g2.com\/products\/talkpal-for-business\/\",\"https:\/\/www.trustpilot.com\/review\/talkpal.ai\",\"https:\/\/www.capterra.com\/p\/10006800\/TalkPal\/\"],\"description\":\"Talkpal is a language learning web and mobile education app, powered by the latest AI technologies, that provides engaging experiences to its customers in many different languages to help them improve their language skills. Users can chat about unlimited amount of topics with the app and use other modes to practice their language learning.\",\"email\":\"support@talkpal.ai\",\"legalName\":\"Talkpal, Inc.\",\"foundingDate\":\"2023-04-03\",\"duns\":\"118989042\",\"numberOfEmployees\":{\"@type\":\"QuantitativeValue\",\"minValue\":\"11\",\"maxValue\":\"50\"},\"publishingPrinciples\":\"https:\/\/talkpal.ai\/publishing-principles\/\",\"actionableFeedbackPolicy\":\"https:\/\/talkpal.ai\/actionable-feedback-policy\/\",\"correctionsPolicy\":\"https:\/\/talkpal.ai\/corrections-policy\/\",\"ethicsPolicy\":\"https:\/\/talkpal.ai\/ethics-policy\/\",\"diversityPolicy\":\"https:\/\/talkpal.ai\/diversity-policy\/\",\"diversityStaffingReport\":\"https:\/\/talkpal.ai\/diversity-policy\/\"}]}<\/script>\n<!-- \/ Yoast SEO Premium plugin. -->","yoast_head_json":{"title":"Att prata om klimat p\u00e5 serbiska - Talkpal","description":"Att diskutera klimatf\u00f6r\u00e4ndringar p\u00e5 olika spr\u00e5k \u00e4r avg\u00f6rande i en globaliserad v\u00e4rld d\u00e4r milj\u00f6fr\u00e5gor kr\u00e4ver internationellt samarbete. F\u00f6r svenskar som","robots":{"index":"index","follow":"follow","max-snippet":"max-snippet:-1","max-image-preview":"max-image-preview:large","max-video-preview":"max-video-preview:-1"},"canonical":"https:\/\/talkpal.ai\/sv\/vocabulary\/att-prata-om-klimat-pa-serbiska\/","og_locale":"sv_SE","og_type":"article","og_title":"Att prata om klimat p\u00e5 serbiska","og_description":"Att diskutera klimatf\u00f6r\u00e4ndringar p\u00e5 olika spr\u00e5k \u00e4r avg\u00f6rande i en globaliserad v\u00e4rld d\u00e4r milj\u00f6fr\u00e5gor kr\u00e4ver internationellt samarbete. F\u00f6r svenskar som","og_url":"https:\/\/talkpal.ai\/sv\/vocabulary\/att-prata-om-klimat-pa-serbiska\/","og_site_name":"Talkpal","article_publisher":"https:\/\/www.facebook.com\/profile.php?id=100090733639311","og_image":[{"width":1024,"height":1024,"url":"https:\/\/talkpal.ai\/wp-content\/uploads\/2024\/10\/talkpal_flat_illustration_of_a_employees_working_together_happi_c674ff77-e477-4e09-835a-01d30e561e99.png","type":"image\/png"}],"twitter_card":"summary_large_image","twitter_site":"@talkpalai","twitter_misc":{"Ber\u00e4knad l\u00e4stid":"5 minuter"},"schema":{"@context":"https:\/\/schema.org","@graph":[{"@type":"WebPage","@id":"https:\/\/talkpal.ai\/sv\/vocabulary\/att-prata-om-klimat-pa-serbiska\/","url":"https:\/\/talkpal.ai\/sv\/vocabulary\/att-prata-om-klimat-pa-serbiska\/","name":"Att prata om klimat p\u00e5 serbiska - Talkpal","isPartOf":{"@id":"https:\/\/talkpal.ai\/sv\/#website"},"primaryImageOfPage":{"@id":"https:\/\/talkpal.ai\/sv\/vocabulary\/att-prata-om-klimat-pa-serbiska\/#primaryimage"},"image":{"@id":"https:\/\/talkpal.ai\/sv\/vocabulary\/att-prata-om-klimat-pa-serbiska\/#primaryimage"},"thumbnailUrl":"https:\/\/talkpal.ai\/wp-content\/uploads\/2025\/12\/person-wearing-headphones-learning-languages.webp","datePublished":"2025-07-09T06:47:12+00:00","description":"Att diskutera klimatf\u00f6r\u00e4ndringar p\u00e5 olika spr\u00e5k \u00e4r avg\u00f6rande i en globaliserad v\u00e4rld d\u00e4r milj\u00f6fr\u00e5gor kr\u00e4ver internationellt samarbete. F\u00f6r svenskar som","breadcrumb":{"@id":"https:\/\/talkpal.ai\/sv\/vocabulary\/att-prata-om-klimat-pa-serbiska\/#breadcrumb"},"inLanguage":"sv-SE","potentialAction":[{"@type":"ReadAction","target":["https:\/\/talkpal.ai\/sv\/vocabulary\/att-prata-om-klimat-pa-serbiska\/"]}]},{"@type":"ImageObject","inLanguage":"sv-SE","@id":"https:\/\/talkpal.ai\/sv\/vocabulary\/att-prata-om-klimat-pa-serbiska\/#primaryimage","url":"https:\/\/talkpal.ai\/wp-content\/uploads\/2025\/12\/person-wearing-headphones-learning-languages.webp","contentUrl":"https:\/\/talkpal.ai\/wp-content\/uploads\/2025\/12\/person-wearing-headphones-learning-languages.webp","width":1200,"height":896,"caption":"A young person wearing headphones writes in a notebook at a desk while learning languages in a bright hall."},{"@type":"BreadcrumbList","@id":"https:\/\/talkpal.ai\/sv\/vocabulary\/att-prata-om-klimat-pa-serbiska\/#breadcrumb","itemListElement":[{"@type":"ListItem","position":1,"name":"Homepage","item":"https:\/\/talkpal.ai\/sv\/"},{"@type":"ListItem","position":2,"name":"Att prata om klimat p\u00e5 serbiska"}]},{"@type":"WebSite","@id":"https:\/\/talkpal.ai\/sv\/#website","url":"https:\/\/talkpal.ai\/sv\/","name":"Talkpal","description":"AI Language Learning","publisher":{"@id":"https:\/\/talkpal.ai\/sv\/#organization"},"alternateName":"Talkpal AI","potentialAction":[{"@type":"SearchAction","target":{"@type":"EntryPoint","urlTemplate":"https:\/\/talkpal.ai\/sv\/?s={search_term_string}"},"query-input":{"@type":"PropertyValueSpecification","valueRequired":true,"valueName":"search_term_string"}}],"inLanguage":"sv-SE"},{"@type":"Organization","@id":"https:\/\/talkpal.ai\/sv\/#organization","name":"Talkpal, Inc.","alternateName":"Talkpal AI","url":"https:\/\/talkpal.ai\/sv\/","logo":{"@type":"ImageObject","inLanguage":"sv-SE","@id":"https:\/\/talkpal.ai\/sv\/#\/schema\/logo\/image\/","url":"https:\/\/talkpal.ai\/wp-content\/uploads\/2024\/03\/Talkpal-Logo-Icon.png","contentUrl":"https:\/\/talkpal.ai\/wp-content\/uploads\/2024\/03\/Talkpal-Logo-Icon.png","width":2880,"height":2880,"caption":"Talkpal, Inc."},"image":{"@id":"https:\/\/talkpal.ai\/sv\/#\/schema\/logo\/image\/"},"sameAs":["https:\/\/www.facebook.com\/profile.php?id=100090733639311","https:\/\/x.com\/talkpalai","https:\/\/www.linkedin.com\/company\/talkpal\/","https:\/\/www.youtube.com\/@TalkPal\/","https:\/\/www.tiktok.com\/@talkpal","https:\/\/www.instagram.com\/talkpal_ai\/","https:\/\/www.crunchbase.com\/organization\/talkpal-9cde","https:\/\/www.g2.com\/products\/talkpal-for-business\/","https:\/\/www.trustpilot.com\/review\/talkpal.ai","https:\/\/www.capterra.com\/p\/10006800\/TalkPal\/"],"description":"Talkpal is a language learning web and mobile education app, powered by the latest AI technologies, that provides engaging experiences to its customers in many different languages to help them improve their language skills. Users can chat about unlimited amount of topics with the app and use other modes to practice their language learning.","email":"support@talkpal.ai","legalName":"Talkpal, Inc.","foundingDate":"2023-04-03","duns":"118989042","numberOfEmployees":{"@type":"QuantitativeValue","minValue":"11","maxValue":"50"},"publishingPrinciples":"https:\/\/talkpal.ai\/publishing-principles\/","actionableFeedbackPolicy":"https:\/\/talkpal.ai\/actionable-feedback-policy\/","correctionsPolicy":"https:\/\/talkpal.ai\/corrections-policy\/","ethicsPolicy":"https:\/\/talkpal.ai\/ethics-policy\/","diversityPolicy":"https:\/\/talkpal.ai\/diversity-policy\/","diversityStaffingReport":"https:\/\/talkpal.ai\/diversity-policy\/"}]}},"_links":{"self":[{"href":"https:\/\/talkpal.ai\/sv\/wp-json\/wp\/v2\/vocabulary\/1262566","targetHints":{"allow":["GET"]}}],"collection":[{"href":"https:\/\/talkpal.ai\/sv\/wp-json\/wp\/v2\/vocabulary"}],"about":[{"href":"https:\/\/talkpal.ai\/sv\/wp-json\/wp\/v2\/types\/vocabulary"}],"wp:featuredmedia":[{"embeddable":true,"href":"https:\/\/talkpal.ai\/sv\/wp-json\/wp\/v2\/media\/1527870"}],"wp:attachment":[{"href":"https:\/\/talkpal.ai\/sv\/wp-json\/wp\/v2\/media?parent=1262566"}],"wp:term":[{"taxonomy":"vocabulary_language","embeddable":true,"href":"https:\/\/talkpal.ai\/sv\/wp-json\/wp\/v2\/vocabulary_language?post=1262566"}],"curies":[{"name":"wp","href":"https:\/\/api.w.org\/{rel}","templated":true}]}}