{"id":1260649,"date":"2025-07-09T06:15:10","date_gmt":"2025-07-09T06:15:10","guid":{"rendered":"https:\/\/talkpal.ai\/vocabulary\/prata-om-klimat-pa-grekiska\/"},"modified":"2025-07-09T06:15:10","modified_gmt":"2025-07-09T06:15:10","slug":"prata-om-klimat-pa-grekiska","status":"publish","type":"vocabulary","link":"https:\/\/talkpal.ai\/sv\/vocabulary\/prata-om-klimat-pa-grekiska\/","title":{"rendered":"Prata om klimat p\u00e5 grekiska"},"content":{"rendered":"<p><a href=\"https:\/\/talkpal.ai\/locations\/language-courses-in-prata\/\">Prata<\/a> om klimat p\u00e5 <a href=\"https:\/\/talkpal.ai\/learn-greek\/\">grekiska<\/a> \u00e4r inte bara ett utm\u00e4rkt s\u00e4tt att f\u00f6rb\u00e4ttra dina spr\u00e5kkunskaper utan ocks\u00e5 en m\u00f6jlighet att <a href=\"https:\/\/talkpal.ai\/locations\/language-courses-in-delta\/\">delta<\/a> i en global dialog om en av v\u00e5r tids mest avg\u00f6rande fr\u00e5gor. Att kunna diskutera klimatf\u00f6r\u00e4ndringar p\u00e5 ett annat spr\u00e5k \u00f6ppnar d\u00f6rrar till nya perspektiv och internationellt samarbete. <a href=\"https:\/\/talkpal.ai\/ko\/ai-%ec%96%b8%ec%96%b4-%ea%b5%90%ec%82%ac\/\">Talkpal<\/a> \u00e4r en fantastisk resurs f\u00f6r den som vill <a href=\"https:\/\/talkpal.ai\/learn-languages-with-ai\/\">l\u00e4ra sig spr\u00e5k<\/a> p\u00e5 ett naturligt och effektivt s\u00e4tt, och kan hj\u00e4lpa dig att bem\u00e4stra b\u00e5de vardagliga samtal och mer komplexa \u00e4mnen som klimatfr\u00e5gor p\u00e5 grekiska.<\/p>\n<h2>Varf\u00f6r \u00e4r det viktigt att prata om klimat p\u00e5 grekiska?<\/h2>\n<p>Att kunna diskutera klimatf\u00f6r\u00e4ndringar p\u00e5 grekiska \u00e4r v\u00e4rdefullt av flera sk\u00e4l:<\/p>\n<ul>\n<li><strong>Globalt perspektiv:<\/strong> Grekland, liksom m\u00e5nga andra l\u00e4nder, p\u00e5verkas av klimatf\u00f6r\u00e4ndringar. Att f\u00f6rst\u00e5 och kunna <a href=\"https:\/\/talkpal.ai\/locations\/language-courses-in-prata\/\">prata<\/a> om dessa fr\u00e5gor p\u00e5 grekiska m\u00f6jligg\u00f6r kommunikation med lokalbefolkningen och experter.<\/li>\n<li><strong>Kulturell f\u00f6rst\u00e5else:<\/strong> Spr\u00e5ket speglar hur olika samh\u00e4llen ser p\u00e5 och hanterar milj\u00f6fr\u00e5gor. Genom att prata om klimat p\u00e5 grekiska f\u00e5r du insikt i grekiska milj\u00f6initiativ och politiska diskussioner.<\/li>\n<li><strong>Utvidgad spr\u00e5kanv\u00e4ndning:<\/strong> Att diskutera komplexa \u00e4mnen som klimatvetenskap och h\u00e5llbarhet f\u00f6rb\u00e4ttrar din ordf\u00f6rr\u00e5d och spr\u00e5kliga flexibilitet.<\/li>\n<\/ul>\n<h2>Grundl\u00e4ggande klimatord och fraser p\u00e5 grekiska<\/h2>\n<p>F\u00f6r att b\u00f6rja prata om klimat p\u00e5 grekiska \u00e4r det viktigt att k\u00e4nna till nyckelord och uttryck. H\u00e4r \u00e4r en lista med vanliga termer som hj\u00e4lper dig att <a href=\"https:\/\/talkpal.ai\/ko\/ai-%ec%96%b8%ec%96%b4-%ea%b5%90%ec%82%ac\/\">komma ig\u00e5ng<\/a>:<\/p>\n<ul>\n<li><strong>\u039a\u03bb\u03af\u03bc\u03b1 (Kl\u00edma)<\/strong> \u2013 Klimat<\/li>\n<li><strong>\u039a\u03bb\u03b9\u03bc\u03b1\u03c4\u03b9\u03ba\u03ae \u03b1\u03bb\u03bb\u03b1\u03b3\u03ae (Klimatik\u00ed allag\u00ed)<\/strong> \u2013 Klimatf\u00f6r\u00e4ndring<\/li>\n<li><strong>\u03a0\u03b1\u03b3\u03ba\u03cc\u03c3\u03bc\u03b9\u03b1 \u03b8\u03ad\u03c1\u03bc\u03b1\u03bd\u03c3\u03b7 (Pagk\u00f3smia th\u00e9rmansi)<\/strong> \u2013 Global uppv\u00e4rmning<\/li>\n<li><strong>\u0391\u03ad\u03c1\u03b9\u03bf \u03c4\u03bf\u03c5 \u03b8\u03b5\u03c1\u03bc\u03bf\u03ba\u03b7\u03c0\u03af\u03bf\u03c5 (A\u00e9rio tou thermokip\u00edou)<\/strong> \u2013 V\u00e4xthusgas<\/li>\n<li><strong>\u03a1\u03cd\u03c0\u03b1\u03bd\u03c3\u03b7 (R\u00fdpansi)<\/strong> \u2013 F\u00f6rorening<\/li>\n<li><strong>\u0391\u03bd\u03b1\u03bd\u03b5\u03ce\u03c3\u03b9\u03bc\u03b5\u03c2 \u03c0\u03b7\u03b3\u03ad\u03c2 \u03b5\u03bd\u03ad\u03c1\u03b3\u03b5\u03b9\u03b1\u03c2 (Anane\u00f3simes pig\u00e9s en\u00e9rgeias)<\/strong> \u2013 F\u00f6rnybara energik\u00e4llor<\/li>\n<li><strong>\u0392\u03b9\u03c9\u03c3\u03b9\u03bc\u03cc\u03c4\u03b7\u03c4\u03b1 (Viosim\u00f3tita)<\/strong> \u2013 H\u00e5llbarhet<\/li>\n<li><strong>\u03a0\u03b5\u03c1\u03b9\u03b2\u03ac\u03bb\u03bb\u03bf\u03bd (Periv\u00e1llon)<\/strong> \u2013 Milj\u00f6<\/li>\n<\/ul>\n<h3>Nyckelfraser f\u00f6r klimatdiskussioner<\/h3>\n<ul>\n<li>\u0397 \u03ba\u03bb\u03b9\u03bc\u03b1\u03c4\u03b9\u03ba\u03ae \u03b1\u03bb\u03bb\u03b1\u03b3\u03ae \u03b5\u03af\u03bd\u03b1\u03b9 \u03bc\u03b9\u03b1 \u03c3\u03bf\u03b2\u03b1\u03c1\u03ae \u03b1\u03c0\u03b5\u03b9\u03bb\u03ae \u03b3\u03b9\u03b1 \u03c4\u03bf\u03bd \u03c0\u03bb\u03b1\u03bd\u03ae\u03c4\u03b7. (I klimatik\u00ed allag\u00ed e\u00ednai mia sovar\u00ed apeit\u00ed gia ton plan\u00edti.) \u2013 Klimatf\u00f6r\u00e4ndringen \u00e4r ett allvarligt hot mot planeten.<\/li>\n<li>\u03a0\u03c1\u03ad\u03c0\u03b5\u03b9 \u03bd\u03b1 \u03bc\u03b5\u03b9\u03ce\u03c3\u03bf\u03c5\u03bc\u03b5 \u03c4\u03b9\u03c2 \u03b5\u03ba\u03c0\u03bf\u03bc\u03c0\u03ad\u03c2 \u03b1\u03b5\u03c1\u03af\u03c9\u03bd \u03c4\u03bf\u03c5 \u03b8\u03b5\u03c1\u03bc\u03bf\u03ba\u03b7\u03c0\u03af\u03bf\u03c5. (Pr\u00e9pei na mei\u00f3soume tis ekpom\u00e9s aer\u00edon tou thermokip\u00edou.) \u2013 Vi m\u00e5ste minska utsl\u00e4ppen av v\u00e4xthusgaser.<\/li>\n<li>\u0397 \u03b1\u03bd\u03b1\u03bd\u03b5\u03ce\u03c3\u03b9\u03bc\u03b7 \u03b5\u03bd\u03ad\u03c1\u03b3\u03b5\u03b9\u03b1 \u03b5\u03af\u03bd\u03b1\u03b9 \u03c4\u03bf \u03bc\u03ad\u03bb\u03bb\u03bf\u03bd. (I anane\u00f3simi en\u00e9rgeia e\u00ednai to m\u00e9llon.) \u2013 F\u00f6rnybar energi \u00e4r framtiden.<\/li>\n<li>\u0397 \u03c0\u03c1\u03bf\u03c3\u03c4\u03b1\u03c3\u03af\u03b1 \u03c4\u03bf\u03c5 \u03c0\u03b5\u03c1\u03b9\u03b2\u03ac\u03bb\u03bb\u03bf\u03bd\u03c4\u03bf\u03c2 \u03b5\u03af\u03bd\u03b1\u03b9 \u03b5\u03c5\u03b8\u03cd\u03bd\u03b7 \u03cc\u03bb\u03c9\u03bd \u03bc\u03b1\u03c2. (I prostas\u00eda tou periv\u00e1llontos e\u00ednai efth\u00fdni \u00f3lon mas.) \u2013 Skyddet av milj\u00f6n \u00e4r allas v\u00e5rt ansvar.<\/li>\n<\/ul>\n<h2>Klimatf\u00f6r\u00e4ndringar och deras p\u00e5verkan i Grekland<\/h2>\n<p>Grekland \u00e4r s\u00e4rskilt utsatt f\u00f6r klimatf\u00f6r\u00e4ndringar, vilket g\u00f6r det \u00e4n mer relevant att kunna diskutera dessa fr\u00e5gor p\u00e5 grekiska. De viktigaste klimatrelaterade utmaningarna i Grekland inkluderar:<\/p>\n<ul>\n<li><strong>\u00d6kad temperatur och hetta:<\/strong> Som ett medelhavsklimat upplever Grekland l\u00e4ngre och varmare somrar, vilket leder till h\u00e4lsorisker och p\u00e5verkar jordbruket.<\/li>\n<li><strong>Skogsbr\u00e4nder:<\/strong> Grekland har under de senaste \u00e5ren drabbats av flera allvarliga skogsbr\u00e4nder som har f\u00f6rst\u00f6rt stora naturomr\u00e5den och samh\u00e4llen.<\/li>\n<li><strong>Vattenbrist:<\/strong> Minskad nederb\u00f6rd och h\u00f6gre temperaturer leder till vattenbrist, vilket p\u00e5verkar b\u00e5de hush\u00e5ll och jordbruk.<\/li>\n<li><strong>Effekter p\u00e5 biodiversitet:<\/strong> Klimatf\u00f6r\u00e4ndringarna hotar m\u00e5nga arter och ekosystem i Grekland.<\/li>\n<\/ul>\n<h3>Exempel p\u00e5 grekiska klimatinitiativ<\/h3>\n<p>Grekland har tagit flera steg f\u00f6r att motverka klimatf\u00f6r\u00e4ndringar och fr\u00e4mja h\u00e5llbar utveckling:<\/p>\n<ul>\n<li>Investeringar i sol- och vindkraft, eftersom landet har goda f\u00f6ruts\u00e4ttningar f\u00f6r dessa f\u00f6rnybara energik\u00e4llor.<\/li>\n<li>Nationella program f\u00f6r skogsbrandsbek\u00e4mpning och \u00e5terplantering.<\/li>\n<li>Utbildningskampanjer f\u00f6r att \u00f6ka medvetenheten om milj\u00f6fr\u00e5gor bland medborgarna.<\/li>\n<li>Initiativ f\u00f6r att fr\u00e4mja h\u00e5llbar turism, en viktig sektor f\u00f6r den grekiska ekonomin.<\/li>\n<\/ul>\n<h2>Hur Talkpal kan hj\u00e4lpa dig att prata om klimat p\u00e5 grekiska<\/h2>\n<p>Talkpal \u00e4r en spr\u00e5kplattform som erbjuder interaktiva samtal med modersm\u00e5lstalare, vilket \u00e4r ov\u00e4rderligt n\u00e4r du vill l\u00e4ra dig att diskutera specialiserade \u00e4mnen som klimatf\u00f6r\u00e4ndringar. H\u00e4r \u00e4r n\u00e5gra s\u00e4tt Talkpal kan st\u00f6tta dig:<\/p>\n<ul>\n<li><strong>Personliga samtal:<\/strong> \u00d6va klimatrelaterade samtal med grekiska modersm\u00e5lstalare som kan ge feedback och r\u00e4tta din uttal.<\/li>\n<li><strong>Tematiska lektioner:<\/strong> Fokuserade lektioner om milj\u00f6 och klimat g\u00f6r att du snabbt kan l\u00e4ra dig relevant vokabul\u00e4r och fraser.<\/li>\n<li><strong>Flexibel inl\u00e4rning:<\/strong> L\u00e4r dig i din egen takt, n\u00e4r och var det passar dig <a href=\"https:\/\/talkpal.ai\/es\/la-mejor-aplicacion-de-conversacion-con-ia\/\">b\u00e4st<\/a>.<\/li>\n<li><strong>Kulturell insikt:<\/strong> L\u00e4r dig hur greker diskuterar klimat och milj\u00f6 i vardagen och i offentliga sammanhang.<\/li>\n<\/ul>\n<h2>Tips f\u00f6r att f\u00f6rb\u00e4ttra dina kunskaper i att prata om klimat p\u00e5 grekiska<\/h2>\n<p>Att bem\u00e4stra ett \u00e4mnesomr\u00e5de p\u00e5 ett fr\u00e4mmande spr\u00e5k kr\u00e4ver b\u00e5de spr\u00e5k- och \u00e4mneskunskap. H\u00e4r \u00e4r n\u00e5gra tips f\u00f6r att bli b\u00e4ttre p\u00e5 att prata om klimat p\u00e5 grekiska:<\/p>\n<ol>\n<li><strong>Bygg ett starkt ordf\u00f6rr\u00e5d:<\/strong> Anv\u00e4nd flashcards och appar f\u00f6r att memorera viktiga termer och uttryck inom klimat och milj\u00f6.<\/li>\n<li><strong>L\u00e4s grekiska artiklar om klimat:<\/strong> Nyhetswebbplatser och bloggar p\u00e5 grekiska ger aktuell information och hj\u00e4lper dig att se ord i sitt sammanhang.<\/li>\n<li><strong>Delta i diskussionsgrupper:<\/strong> Hitta onlineforum eller lokala grupper d\u00e4r du kan diskutera milj\u00f6fr\u00e5gor p\u00e5 grekiska.<\/li>\n<li><strong>\u00d6va uttal:<\/strong> Anv\u00e4nd Talkpal eller andra spr\u00e5kverktyg f\u00f6r att tr\u00e4na uttalet av sv\u00e5ra ord, s\u00e4rskilt vetenskapliga termer.<\/li>\n<li><strong>Se p\u00e5 dokument\u00e4rer och videor:<\/strong> Grekiska milj\u00f6dokument\u00e4rer kan f\u00f6rb\u00e4ttra b\u00e5de din h\u00f6rf\u00f6rst\u00e5else och ditt \u00e4mneskunskap.<\/li>\n<\/ol>\n<h2>Sammanfattning<\/h2>\n<p>Att prata om klimat p\u00e5 grekiska \u00e4r b\u00e5de en spr\u00e5klig utmaning och en chans att engagera sig i en viktig global fr\u00e5ga. Genom att l\u00e4ra dig nyckelord, fraser och klimatrelaterade \u00e4mnen kan du <a href=\"https:\/\/talkpal.ai\/locations\/language-courses-in-delta\/\">delta<\/a> i meningsfulla samtal och \u00f6ka din f\u00f6rst\u00e5else f\u00f6r hur klimatf\u00f6r\u00e4ndringar p\u00e5verkar Grekland och v\u00e4rlden. Med hj\u00e4lp av resurser som Talkpal kan du f\u00f6rb\u00e4ttra dina spr\u00e5kkunskaper effektivt och f\u00e5 en djupare inblick i klimatfr\u00e5gor genom grekiska perspektiv. B\u00f6rja idag och bli en del av den globala diskussionen om en h\u00e5llbar framtid!<\/p>\n","protected":false},"featured_media":1527637,"template":"","vocabulary_language":[4205],"class_list":["post-1260649","vocabulary","type-vocabulary","status-publish","has-post-thumbnail","hentry","vocabulary_language-slovakiska"],"acf":[],"yoast_head":"<!-- This site is optimized with the Yoast SEO Premium plugin v27.2 (Yoast SEO v27.2) - https:\/\/yoast.com\/product\/yoast-seo-premium-wordpress\/ -->\n<title>Prata om klimat p\u00e5 grekiska - Talkpal<\/title>\n<meta name=\"description\" content=\"Prata om klimat p\u00e5 grekiska \u00e4r inte bara ett utm\u00e4rkt s\u00e4tt att f\u00f6rb\u00e4ttra dina spr\u00e5kkunskaper utan ocks\u00e5 en m\u00f6jlighet att delta i en global dialog om en av\" \/>\n<meta name=\"robots\" content=\"index, follow, max-snippet:-1, max-image-preview:large, max-video-preview:-1\" \/>\n<link rel=\"canonical\" href=\"https:\/\/talkpal.ai\/sv\/vocabulary\/prata-om-klimat-pa-grekiska\/\" \/>\n<meta property=\"og:locale\" content=\"sv_SE\" \/>\n<meta property=\"og:type\" content=\"article\" \/>\n<meta property=\"og:title\" content=\"Prata om klimat p\u00e5 grekiska\" \/>\n<meta property=\"og:description\" content=\"Prata om klimat p\u00e5 grekiska \u00e4r inte bara ett utm\u00e4rkt s\u00e4tt att f\u00f6rb\u00e4ttra dina spr\u00e5kkunskaper utan ocks\u00e5 en m\u00f6jlighet att delta i en global dialog om en av\" \/>\n<meta property=\"og:url\" content=\"https:\/\/talkpal.ai\/sv\/vocabulary\/prata-om-klimat-pa-grekiska\/\" \/>\n<meta property=\"og:site_name\" content=\"Talkpal\" \/>\n<meta property=\"article:publisher\" content=\"https:\/\/www.facebook.com\/profile.php?id=100090733639311\" \/>\n<meta property=\"og:image\" content=\"https:\/\/talkpal.ai\/wp-content\/uploads\/2024\/10\/talkpal_flat_illustration_of_a_employees_working_together_happi_c674ff77-e477-4e09-835a-01d30e561e99.png\" \/>\n\t<meta property=\"og:image:width\" content=\"1024\" \/>\n\t<meta property=\"og:image:height\" content=\"1024\" \/>\n\t<meta property=\"og:image:type\" content=\"image\/png\" \/>\n<meta name=\"twitter:card\" content=\"summary_large_image\" \/>\n<meta name=\"twitter:site\" content=\"@talkpalai\" \/>\n<meta name=\"twitter:label1\" content=\"Ber\u00e4knad l\u00e4stid\" \/>\n\t<meta name=\"twitter:data1\" content=\"5 minuter\" \/>\n<script type=\"application\/ld+json\" class=\"yoast-schema-graph\">{\"@context\":\"https:\/\/schema.org\",\"@graph\":[{\"@type\":\"WebPage\",\"@id\":\"https:\/\/talkpal.ai\/sv\/vocabulary\/prata-om-klimat-pa-grekiska\/\",\"url\":\"https:\/\/talkpal.ai\/sv\/vocabulary\/prata-om-klimat-pa-grekiska\/\",\"name\":\"Prata om klimat p\u00e5 grekiska - Talkpal\",\"isPartOf\":{\"@id\":\"https:\/\/talkpal.ai\/sv\/#website\"},\"primaryImageOfPage\":{\"@id\":\"https:\/\/talkpal.ai\/sv\/vocabulary\/prata-om-klimat-pa-grekiska\/#primaryimage\"},\"image\":{\"@id\":\"https:\/\/talkpal.ai\/sv\/vocabulary\/prata-om-klimat-pa-grekiska\/#primaryimage\"},\"thumbnailUrl\":\"https:\/\/talkpal.ai\/wp-content\/uploads\/2025\/12\/diverse-group-at-library-learning-languages.webp\",\"datePublished\":\"2025-07-09T06:15:10+00:00\",\"description\":\"Prata om klimat p\u00e5 grekiska \u00e4r inte bara ett utm\u00e4rkt s\u00e4tt att f\u00f6rb\u00e4ttra dina spr\u00e5kkunskaper utan ocks\u00e5 en m\u00f6jlighet att delta i en global dialog om en av\",\"breadcrumb\":{\"@id\":\"https:\/\/talkpal.ai\/sv\/vocabulary\/prata-om-klimat-pa-grekiska\/#breadcrumb\"},\"inLanguage\":\"sv-SE\",\"potentialAction\":[{\"@type\":\"ReadAction\",\"target\":[\"https:\/\/talkpal.ai\/sv\/vocabulary\/prata-om-klimat-pa-grekiska\/\"]}]},{\"@type\":\"ImageObject\",\"inLanguage\":\"sv-SE\",\"@id\":\"https:\/\/talkpal.ai\/sv\/vocabulary\/prata-om-klimat-pa-grekiska\/#primaryimage\",\"url\":\"https:\/\/talkpal.ai\/wp-content\/uploads\/2025\/12\/diverse-group-at-library-learning-languages.webp\",\"contentUrl\":\"https:\/\/talkpal.ai\/wp-content\/uploads\/2025\/12\/diverse-group-at-library-learning-languages.webp\",\"width\":1200,\"height\":896,\"caption\":\"A large diverse group of students fills a library hall while focused on learning languages at their desks.\"},{\"@type\":\"BreadcrumbList\",\"@id\":\"https:\/\/talkpal.ai\/sv\/vocabulary\/prata-om-klimat-pa-grekiska\/#breadcrumb\",\"itemListElement\":[{\"@type\":\"ListItem\",\"position\":1,\"name\":\"Homepage\",\"item\":\"https:\/\/talkpal.ai\/sv\/\"},{\"@type\":\"ListItem\",\"position\":2,\"name\":\"Prata om klimat p\u00e5 grekiska\"}]},{\"@type\":\"WebSite\",\"@id\":\"https:\/\/talkpal.ai\/sv\/#website\",\"url\":\"https:\/\/talkpal.ai\/sv\/\",\"name\":\"Talkpal\",\"description\":\"AI Language Learning\",\"publisher\":{\"@id\":\"https:\/\/talkpal.ai\/sv\/#organization\"},\"alternateName\":\"Talkpal AI\",\"potentialAction\":[{\"@type\":\"SearchAction\",\"target\":{\"@type\":\"EntryPoint\",\"urlTemplate\":\"https:\/\/talkpal.ai\/sv\/?s={search_term_string}\"},\"query-input\":{\"@type\":\"PropertyValueSpecification\",\"valueRequired\":true,\"valueName\":\"search_term_string\"}}],\"inLanguage\":\"sv-SE\"},{\"@type\":\"Organization\",\"@id\":\"https:\/\/talkpal.ai\/sv\/#organization\",\"name\":\"Talkpal, Inc.\",\"alternateName\":\"Talkpal AI\",\"url\":\"https:\/\/talkpal.ai\/sv\/\",\"logo\":{\"@type\":\"ImageObject\",\"inLanguage\":\"sv-SE\",\"@id\":\"https:\/\/talkpal.ai\/sv\/#\/schema\/logo\/image\/\",\"url\":\"https:\/\/talkpal.ai\/wp-content\/uploads\/2024\/03\/Talkpal-Logo-Icon.png\",\"contentUrl\":\"https:\/\/talkpal.ai\/wp-content\/uploads\/2024\/03\/Talkpal-Logo-Icon.png\",\"width\":2880,\"height\":2880,\"caption\":\"Talkpal, Inc.\"},\"image\":{\"@id\":\"https:\/\/talkpal.ai\/sv\/#\/schema\/logo\/image\/\"},\"sameAs\":[\"https:\/\/www.facebook.com\/profile.php?id=100090733639311\",\"https:\/\/x.com\/talkpalai\",\"https:\/\/www.linkedin.com\/company\/talkpal\/\",\"https:\/\/www.youtube.com\/@TalkPal\/\",\"https:\/\/www.tiktok.com\/@talkpal\",\"https:\/\/www.instagram.com\/talkpal_ai\/\",\"https:\/\/www.crunchbase.com\/organization\/talkpal-9cde\",\"https:\/\/www.g2.com\/products\/talkpal-for-business\/\",\"https:\/\/www.trustpilot.com\/review\/talkpal.ai\",\"https:\/\/www.capterra.com\/p\/10006800\/TalkPal\/\"],\"description\":\"Talkpal is a language learning web and mobile education app, powered by the latest AI technologies, that provides engaging experiences to its customers in many different languages to help them improve their language skills. Users can chat about unlimited amount of topics with the app and use other modes to practice their language learning.\",\"email\":\"support@talkpal.ai\",\"legalName\":\"Talkpal, Inc.\",\"foundingDate\":\"2023-04-03\",\"duns\":\"118989042\",\"numberOfEmployees\":{\"@type\":\"QuantitativeValue\",\"minValue\":\"11\",\"maxValue\":\"50\"},\"publishingPrinciples\":\"https:\/\/talkpal.ai\/publishing-principles\/\",\"actionableFeedbackPolicy\":\"https:\/\/talkpal.ai\/actionable-feedback-policy\/\",\"correctionsPolicy\":\"https:\/\/talkpal.ai\/corrections-policy\/\",\"ethicsPolicy\":\"https:\/\/talkpal.ai\/ethics-policy\/\",\"diversityPolicy\":\"https:\/\/talkpal.ai\/diversity-policy\/\",\"diversityStaffingReport\":\"https:\/\/talkpal.ai\/diversity-policy\/\"}]}<\/script>\n<!-- \/ Yoast SEO Premium plugin. -->","yoast_head_json":{"title":"Prata om klimat p\u00e5 grekiska - Talkpal","description":"Prata om klimat p\u00e5 grekiska \u00e4r inte bara ett utm\u00e4rkt s\u00e4tt att f\u00f6rb\u00e4ttra dina spr\u00e5kkunskaper utan ocks\u00e5 en m\u00f6jlighet att delta i en global dialog om en av","robots":{"index":"index","follow":"follow","max-snippet":"max-snippet:-1","max-image-preview":"max-image-preview:large","max-video-preview":"max-video-preview:-1"},"canonical":"https:\/\/talkpal.ai\/sv\/vocabulary\/prata-om-klimat-pa-grekiska\/","og_locale":"sv_SE","og_type":"article","og_title":"Prata om klimat p\u00e5 grekiska","og_description":"Prata om klimat p\u00e5 grekiska \u00e4r inte bara ett utm\u00e4rkt s\u00e4tt att f\u00f6rb\u00e4ttra dina spr\u00e5kkunskaper utan ocks\u00e5 en m\u00f6jlighet att delta i en global dialog om en av","og_url":"https:\/\/talkpal.ai\/sv\/vocabulary\/prata-om-klimat-pa-grekiska\/","og_site_name":"Talkpal","article_publisher":"https:\/\/www.facebook.com\/profile.php?id=100090733639311","og_image":[{"width":1024,"height":1024,"url":"https:\/\/talkpal.ai\/wp-content\/uploads\/2024\/10\/talkpal_flat_illustration_of_a_employees_working_together_happi_c674ff77-e477-4e09-835a-01d30e561e99.png","type":"image\/png"}],"twitter_card":"summary_large_image","twitter_site":"@talkpalai","twitter_misc":{"Ber\u00e4knad l\u00e4stid":"5 minuter"},"schema":{"@context":"https:\/\/schema.org","@graph":[{"@type":"WebPage","@id":"https:\/\/talkpal.ai\/sv\/vocabulary\/prata-om-klimat-pa-grekiska\/","url":"https:\/\/talkpal.ai\/sv\/vocabulary\/prata-om-klimat-pa-grekiska\/","name":"Prata om klimat p\u00e5 grekiska - Talkpal","isPartOf":{"@id":"https:\/\/talkpal.ai\/sv\/#website"},"primaryImageOfPage":{"@id":"https:\/\/talkpal.ai\/sv\/vocabulary\/prata-om-klimat-pa-grekiska\/#primaryimage"},"image":{"@id":"https:\/\/talkpal.ai\/sv\/vocabulary\/prata-om-klimat-pa-grekiska\/#primaryimage"},"thumbnailUrl":"https:\/\/talkpal.ai\/wp-content\/uploads\/2025\/12\/diverse-group-at-library-learning-languages.webp","datePublished":"2025-07-09T06:15:10+00:00","description":"Prata om klimat p\u00e5 grekiska \u00e4r inte bara ett utm\u00e4rkt s\u00e4tt att f\u00f6rb\u00e4ttra dina spr\u00e5kkunskaper utan ocks\u00e5 en m\u00f6jlighet att delta i en global dialog om en av","breadcrumb":{"@id":"https:\/\/talkpal.ai\/sv\/vocabulary\/prata-om-klimat-pa-grekiska\/#breadcrumb"},"inLanguage":"sv-SE","potentialAction":[{"@type":"ReadAction","target":["https:\/\/talkpal.ai\/sv\/vocabulary\/prata-om-klimat-pa-grekiska\/"]}]},{"@type":"ImageObject","inLanguage":"sv-SE","@id":"https:\/\/talkpal.ai\/sv\/vocabulary\/prata-om-klimat-pa-grekiska\/#primaryimage","url":"https:\/\/talkpal.ai\/wp-content\/uploads\/2025\/12\/diverse-group-at-library-learning-languages.webp","contentUrl":"https:\/\/talkpal.ai\/wp-content\/uploads\/2025\/12\/diverse-group-at-library-learning-languages.webp","width":1200,"height":896,"caption":"A large diverse group of students fills a library hall while focused on learning languages at their desks."},{"@type":"BreadcrumbList","@id":"https:\/\/talkpal.ai\/sv\/vocabulary\/prata-om-klimat-pa-grekiska\/#breadcrumb","itemListElement":[{"@type":"ListItem","position":1,"name":"Homepage","item":"https:\/\/talkpal.ai\/sv\/"},{"@type":"ListItem","position":2,"name":"Prata om klimat p\u00e5 grekiska"}]},{"@type":"WebSite","@id":"https:\/\/talkpal.ai\/sv\/#website","url":"https:\/\/talkpal.ai\/sv\/","name":"Talkpal","description":"AI Language Learning","publisher":{"@id":"https:\/\/talkpal.ai\/sv\/#organization"},"alternateName":"Talkpal AI","potentialAction":[{"@type":"SearchAction","target":{"@type":"EntryPoint","urlTemplate":"https:\/\/talkpal.ai\/sv\/?s={search_term_string}"},"query-input":{"@type":"PropertyValueSpecification","valueRequired":true,"valueName":"search_term_string"}}],"inLanguage":"sv-SE"},{"@type":"Organization","@id":"https:\/\/talkpal.ai\/sv\/#organization","name":"Talkpal, Inc.","alternateName":"Talkpal AI","url":"https:\/\/talkpal.ai\/sv\/","logo":{"@type":"ImageObject","inLanguage":"sv-SE","@id":"https:\/\/talkpal.ai\/sv\/#\/schema\/logo\/image\/","url":"https:\/\/talkpal.ai\/wp-content\/uploads\/2024\/03\/Talkpal-Logo-Icon.png","contentUrl":"https:\/\/talkpal.ai\/wp-content\/uploads\/2024\/03\/Talkpal-Logo-Icon.png","width":2880,"height":2880,"caption":"Talkpal, Inc."},"image":{"@id":"https:\/\/talkpal.ai\/sv\/#\/schema\/logo\/image\/"},"sameAs":["https:\/\/www.facebook.com\/profile.php?id=100090733639311","https:\/\/x.com\/talkpalai","https:\/\/www.linkedin.com\/company\/talkpal\/","https:\/\/www.youtube.com\/@TalkPal\/","https:\/\/www.tiktok.com\/@talkpal","https:\/\/www.instagram.com\/talkpal_ai\/","https:\/\/www.crunchbase.com\/organization\/talkpal-9cde","https:\/\/www.g2.com\/products\/talkpal-for-business\/","https:\/\/www.trustpilot.com\/review\/talkpal.ai","https:\/\/www.capterra.com\/p\/10006800\/TalkPal\/"],"description":"Talkpal is a language learning web and mobile education app, powered by the latest AI technologies, that provides engaging experiences to its customers in many different languages to help them improve their language skills. Users can chat about unlimited amount of topics with the app and use other modes to practice their language learning.","email":"support@talkpal.ai","legalName":"Talkpal, Inc.","foundingDate":"2023-04-03","duns":"118989042","numberOfEmployees":{"@type":"QuantitativeValue","minValue":"11","maxValue":"50"},"publishingPrinciples":"https:\/\/talkpal.ai\/publishing-principles\/","actionableFeedbackPolicy":"https:\/\/talkpal.ai\/actionable-feedback-policy\/","correctionsPolicy":"https:\/\/talkpal.ai\/corrections-policy\/","ethicsPolicy":"https:\/\/talkpal.ai\/ethics-policy\/","diversityPolicy":"https:\/\/talkpal.ai\/diversity-policy\/","diversityStaffingReport":"https:\/\/talkpal.ai\/diversity-policy\/"}]}},"_links":{"self":[{"href":"https:\/\/talkpal.ai\/sv\/wp-json\/wp\/v2\/vocabulary\/1260649","targetHints":{"allow":["GET"]}}],"collection":[{"href":"https:\/\/talkpal.ai\/sv\/wp-json\/wp\/v2\/vocabulary"}],"about":[{"href":"https:\/\/talkpal.ai\/sv\/wp-json\/wp\/v2\/types\/vocabulary"}],"wp:featuredmedia":[{"embeddable":true,"href":"https:\/\/talkpal.ai\/sv\/wp-json\/wp\/v2\/media\/1527637"}],"wp:attachment":[{"href":"https:\/\/talkpal.ai\/sv\/wp-json\/wp\/v2\/media?parent=1260649"}],"wp:term":[{"taxonomy":"vocabulary_language","embeddable":true,"href":"https:\/\/talkpal.ai\/sv\/wp-json\/wp\/v2\/vocabulary_language?post=1260649"}],"curies":[{"name":"wp","href":"https:\/\/api.w.org\/{rel}","templated":true}]}}