{"id":1260552,"date":"2025-07-09T06:13:33","date_gmt":"2025-07-09T06:13:33","guid":{"rendered":"https:\/\/talkpal.ai\/vocabulary\/beskriva-vadret-pa-galiciska-sprak\/"},"modified":"2025-07-09T06:13:33","modified_gmt":"2025-07-09T06:13:33","slug":"beskriva-vadret-pa-galiciska-sprak","status":"publish","type":"vocabulary","link":"https:\/\/talkpal.ai\/sv\/vocabulary\/beskriva-vadret-pa-galiciska-sprak\/","title":{"rendered":"Beskriva v\u00e4dret p\u00e5 galiciska spr\u00e5k"},"content":{"rendered":"<p>Att beskriva v\u00e4dret \u00e4r en grundl\u00e4ggande f\u00e4rdighet n\u00e4r man l\u00e4r sig ett nytt spr\u00e5k, och <a href=\"https:\/\/talkpal.ai\/learn-galician\/\">galiciska<\/a> \u00e4r inget undantag. F\u00f6r den som \u00e4r intresserad av att utforska det galiciska spr\u00e5ket, oavsett om det \u00e4r f\u00f6r resor, kulturstudier eller <a href=\"https:\/\/talkpal.ai\/sv\/hur-lar-man-sig-ett-sprak-via-talkpal-chat\/\">spr\u00e5kinl\u00e4rning<\/a>, \u00e4r det viktigt att kunna uttrycka v\u00e4derf\u00f6rh\u00e5llanden p\u00e5 ett korrekt och nyanserat s\u00e4tt. Att anv\u00e4nda plattformar som <a href=\"https:\/\/talkpal.ai\/ko\/ai-%ec%96%b8%ec%96%b4-%ea%b5%90%ec%82%ac\/\">Talkpal<\/a> kan vara en effektiv metod f\u00f6r att f\u00f6rb\u00e4ttra sina spr\u00e5kkunskaper, inklusive att l\u00e4ra sig att beskriva v\u00e4dret p\u00e5 galiciska. <a href=\"https:\/\/talkpal.ai\/culture\/how-do-i-use-den-har-and-det-har\/\">Den h\u00e4r<\/a> artikeln g\u00e5r igenom grundl\u00e4ggande och avancerade s\u00e4tt att <a href=\"https:\/\/talkpal.ai\/locations\/language-courses-in-tala\/\">tala<\/a> om v\u00e4der p\u00e5 galiciska, med fokus p\u00e5 anv\u00e4ndbara fraser, vokabul\u00e4r och kulturella aspekter som kan g\u00f6ra spr\u00e5kinl\u00e4rningen b\u00e5de roligare och mer meningsfull.<\/p>\n<h2>Introduktion till galiciska spr\u00e5ket och dess relevans f\u00f6r v\u00e4derbeskrivning<\/h2>\n<p>Galiciska (galego) \u00e4r ett romanskt spr\u00e5k som <a href=\"https:\/\/talkpal.ai\/locations\/language-courses-in-talas\/\">talas<\/a> huvudsakligen i den autonoma regionen Galicien i nordv\u00e4stra Spanien. Spr\u00e5ket delar m\u00e5nga likheter med <a href=\"https:\/\/talkpal.ai\/learn-portuguese\/\">portugisiska<\/a> och har sin egen unika <a href=\"https:\/\/talkpal.ai\/fr\/les\/\">grammatik<\/a> och vokabul\u00e4r. Att kunna beskriva v\u00e4dret p\u00e5 galiciska \u00e4r inte bara anv\u00e4ndbart i vardagliga samtal utan ger ocks\u00e5 insikt i regionens kultur och natur, eftersom v\u00e4dret ofta \u00e4r en <a href=\"https:\/\/talkpal.ai\/locations\/language-courses-in-central\/\">central<\/a> del av lokalbefolkningens liv och ber\u00e4ttelser.<\/p>\n<h3>Varf\u00f6r l\u00e4ra sig v\u00e4derrelaterade uttryck p\u00e5 galiciska?<\/h3>\n<ul>\n<li><strong>Praktisk kommunikation:<\/strong> V\u00e4der \u00e4r ett vanligt samtals\u00e4mne i vardagen, perfekt f\u00f6r att inleda samtal och interagera med lokalbefolkningen.<\/li>\n<li><strong>Kulturell f\u00f6rst\u00e5else:<\/strong> V\u00e4dret p\u00e5verkar livsstilen i Galicien, med dess gr\u00f6na landskap och kustn\u00e4ra klimat.<\/li>\n<li><strong>F\u00f6rb\u00e4ttrad spr\u00e5kinl\u00e4rning:<\/strong> Att l\u00e4ra sig v\u00e4derrelaterade ord och fraser bidrar till att ut\u00f6ka ordf\u00f6rr\u00e5det och f\u00f6rb\u00e4ttra uttalet.<\/li>\n<li><strong>Anv\u00e4ndning av Talkpal:<\/strong> Talkpal erbjuder interaktiva verktyg f\u00f6r att praktisera och f\u00e5 feedback p\u00e5 uttal och anv\u00e4ndning av v\u00e4deruttryck i naturliga konversationer.<\/li>\n<\/ul>\n<h2>Grundl\u00e4ggande v\u00e4derord och fraser p\u00e5 galiciska<\/h2>\n<p>F\u00f6r att b\u00f6rja beskriva v\u00e4dret p\u00e5 galiciska \u00e4r det viktigt att f\u00f6rst l\u00e4ra sig de vanligaste v\u00e4derorden och enkla fraser. H\u00e4r f\u00f6ljer en lista \u00f6ver vanliga ord och uttryck som ofta anv\u00e4nds:<\/p>\n<h3>Vanliga v\u00e4derord<\/h3>\n<ul>\n<li><strong>O tempo<\/strong> \u2013 V\u00e4dret<\/li>\n<li><strong>Sol<\/strong> \u2013 Sol<\/li>\n<li><strong>Nube<\/strong> \u2013 Moln<\/li>\n<li><strong>Chuvia<\/strong> \u2013 Regn<\/li>\n<li><strong>Neve<\/strong> \u2013 Sn\u00f6<\/li>\n<li><strong>Vento<\/strong> \u2013 Vind<\/li>\n<li><strong>Calor<\/strong> \u2013 V\u00e4rme<\/li>\n<li><strong>Fr\u00edo<\/strong> \u2013 Kallt<\/li>\n<li><strong>Tempada<\/strong> \u2013 S\u00e4song<\/li>\n<li><strong>Tormenta<\/strong> \u2013 Storm<\/li>\n<\/ul>\n<h3>Grundl\u00e4ggande v\u00e4derfraser<\/h3>\n<ul>\n<li><em>Fai sol.<\/em> \u2013 Det \u00e4r soligt.<\/li>\n<li><em>Est\u00e1 nublado.<\/em> \u2013 Det \u00e4r mulet.<\/li>\n<li><em>Est\u00e1 chovendo.<\/em> \u2013 Det regnar.<\/li>\n<li><em>Est\u00e1 nevando.<\/em> \u2013 Det sn\u00f6ar.<\/li>\n<li><em>Hai vento.<\/em> \u2013 Det bl\u00e5ser.<\/li>\n<li><em>Fai fr\u00edo.<\/em> \u2013 Det \u00e4r kallt.<\/li>\n<li><em>Fai calor.<\/em> \u2013 Det \u00e4r varmt.<\/li>\n<\/ul>\n<h2>Att beskriva v\u00e4derf\u00f6rh\u00e5llanden mer detaljerat<\/h2>\n<p>F\u00f6r att g\u00f6ra konversationer mer levande och nyanserade \u00e4r det bra att kunna anv\u00e4nda mer komplexa uttryck och adjektiv som beskriver v\u00e4derf\u00f6rh\u00e5llanden mer detaljerat. H\u00e4r \u00e4r n\u00e5gra exempel p\u00e5 hur du kan utveckla dina beskrivningar:<\/p>\n<h3>Adjektiv och uttryck f\u00f6r v\u00e4derbeskrivning<\/h3>\n<ul>\n<li><strong>Moi soleado<\/strong> \u2013 Mycket soligt<\/li>\n<li><strong>Parcialmente nublado<\/strong> \u2013 Delvis molnigt<\/li>\n<li><strong>Chuvia intensa<\/strong> \u2013 Kraftigt regn<\/li>\n<li><strong>Neve d\u00e9bil<\/strong> \u2013 L\u00e4tt sn\u00f6fall<\/li>\n<li><strong>Vento forte<\/strong> \u2013 Stark vind<\/li>\n<li><strong>Tempo abafante<\/strong> \u2013 Kvavt v\u00e4der<\/li>\n<li><strong>Tempo soleado e agradable<\/strong> \u2013 Soligt och behagligt v\u00e4der<\/li>\n<\/ul>\n<h3>Exempel p\u00e5 mer avancerade v\u00e4derfraser<\/h3>\n<ul>\n<li><em>Hoxe o tempo est\u00e1 moi variable, con sol e nubes altern\u00e1ndose.<\/em> \u2013 Idag \u00e4r v\u00e4dret mycket omv\u00e4xlande, med sol och moln som avl\u00f6ser varandra.<\/li>\n<li><em>Ag\u00e1rdase unha tormenta forte durante a tarde.<\/em> \u2013 En kraftig storm f\u00f6rv\u00e4ntas under eftermiddagen.<\/li>\n<li><em>As temperaturas est\u00e1n a baixar e pode nevar nas zonas altas.<\/em> \u2013 Temperaturen sjunker och det kan sn\u00f6a i de h\u00f6gre omr\u00e5dena.<\/li>\n<li><em>O vento do norte traer\u00e1 un tempo fr\u00edo e seco.<\/em> \u2013 Nordanvinden kommer att f\u00f6ra med sig kallt och torrt v\u00e4der.<\/li>\n<\/ul>\n<h2>Kulturella aspekter av v\u00e4der i Galicien<\/h2>\n<p>V\u00e4dret i Galicien \u00e4r ofta fuktigt och regnigt, vilket har p\u00e5verkat b\u00e5de spr\u00e5ket och kulturen i regionen. H\u00e4r \u00e4r n\u00e5gra insikter om hur v\u00e4der och spr\u00e5k samspelar i denna del av Spanien:<\/p>\n<h3>Regn och dess roll i vardagen<\/h3>\n<p>Galicien \u00e4r k\u00e4nt f\u00f6r sina frekventa regn, vilket g\u00f6r att det finns m\u00e5nga s\u00e4tt att prata om regn och dess effekter p\u00e5 galiciska. M\u00e5nga uttryck och ord h\u00e4rstammar fr\u00e5n denna vardagliga verklighet, och det finns till och med idiom och tales\u00e4tt relaterade till regn.<\/p>\n<h3>Exempel p\u00e5 idiomatiska uttryck<\/h3>\n<ul>\n<li><em>Chove a c\u00e1ntaros.<\/em> \u2013 Det regnar som ur en hink (det \u00f6sregnar).<\/li>\n<li><em>Despois da chuvia sae o sol.<\/em> \u2013 Efter regnet kommer solen fram (anv\u00e4nds f\u00f6r att uttrycka hopp).<\/li>\n<\/ul>\n<h3>Hur v\u00e4der p\u00e5verkar sociala interaktioner<\/h3>\n<p>I Galicien \u00e4r det vanligt att inleda samtal med kommentarer om v\u00e4dret, vilket fungerar som en social isbrytare. Att kunna uttrycka sig om v\u00e4dret p\u00e5 galiciska \u00f6ppnar d\u00e4rf\u00f6r d\u00f6rrar till djupare samtal och sociala kontakter.<\/p>\n<h2>Tips f\u00f6r att l\u00e4ra sig v\u00e4derrelaterat spr\u00e5k effektivt med Talkpal<\/h2>\n<p>Talkpal \u00e4r en innovativ spr\u00e5kinl\u00e4rningsplattform som erbjuder interaktiva verktyg f\u00f6r att \u00f6va spr\u00e5k i realistiska kontexter. H\u00e4r \u00e4r n\u00e5gra tips p\u00e5 hur du kan anv\u00e4nda Talkpal f\u00f6r att f\u00f6rb\u00e4ttra dina f\u00e4rdigheter i att beskriva v\u00e4dret p\u00e5 galiciska:<\/p>\n<ul>\n<li><strong>Anv\u00e4nd dagliga v\u00e4der\u00f6vningar:<\/strong> Prata om dagens v\u00e4der varje dag f\u00f6r att bygga vana och sj\u00e4lvf\u00f6rtroende.<\/li>\n<li><strong>Spela in och lyssna p\u00e5 din egen uttal:<\/strong> Detta hj\u00e4lper dig att f\u00f6rb\u00e4ttra ditt uttal och f\u00e5 feedback.<\/li>\n<li><strong>Delta i samtalsgrupper:<\/strong> Engagera dig i grupper d\u00e4r galiciska talas f\u00f6r att \u00f6va p\u00e5 verkliga konversationer om v\u00e4der.<\/li>\n<li><strong>L\u00e4r dig genom kontext:<\/strong> Anv\u00e4nd Talkpals resurser f\u00f6r att f\u00f6rst\u00e5 hur v\u00e4derfraser anv\u00e4nds i olika sammanhang och situationer.<\/li>\n<li><strong>Anv\u00e4nd flashcards och repetition:<\/strong> Memorera viktiga ord och fraser f\u00f6r att snabbt kunna anv\u00e4nda dem i samtal.<\/li>\n<\/ul>\n<h2>Sammanfattning<\/h2>\n<p>Att kunna beskriva v\u00e4dret p\u00e5 galiciska \u00e4r en viktig f\u00e4rdighet som hj\u00e4lper b\u00e5de nyb\u00f6rjare och mer avancerade spr\u00e5kinl\u00e4rare att kommunicera effektivt och f\u00f6rst\u00e5 regionens kultur p\u00e5 djupet. Genom att l\u00e4ra sig grundl\u00e4ggande och avancerade v\u00e4derord och fraser, samt f\u00f6rst\u00e5 kulturella nyanser, kan man f\u00f6rb\u00e4ttra sin spr\u00e5kliga kompetens avsev\u00e4rt. Plattformar som Talkpal erbjuder utm\u00e4rkta m\u00f6jligheter att praktisera och finslipa dessa f\u00e4rdigheter i en interaktiv och engagerande milj\u00f6. Oavsett om du planerar att resa till Galicien, studera dess kultur eller bara ut\u00f6ka ditt spr\u00e5kf\u00f6rr\u00e5d, \u00e4r v\u00e4derbeskrivningar en fantastisk startpunkt f\u00f6r att bem\u00e4stra galiciska.<\/p>\n","protected":false},"featured_media":1527614,"template":"","vocabulary_language":[4202],"class_list":["post-1260552","vocabulary","type-vocabulary","status-publish","has-post-thumbnail","hentry","vocabulary_language-rumanska"],"acf":[],"yoast_head":"<!-- This site is optimized with the Yoast SEO Premium plugin v27.2 (Yoast SEO v27.2) - https:\/\/yoast.com\/product\/yoast-seo-premium-wordpress\/ -->\n<title>Beskriva v\u00e4dret p\u00e5 galiciska spr\u00e5k - Talkpal<\/title>\n<meta name=\"description\" content=\"Att beskriva v\u00e4dret \u00e4r en grundl\u00e4ggande f\u00e4rdighet n\u00e4r man l\u00e4r sig ett nytt spr\u00e5k, och galiciska \u00e4r inget undantag. F\u00f6r den som \u00e4r intresserad av att\" \/>\n<meta name=\"robots\" content=\"index, follow, max-snippet:-1, max-image-preview:large, max-video-preview:-1\" \/>\n<link rel=\"canonical\" href=\"https:\/\/talkpal.ai\/sv\/vocabulary\/beskriva-vadret-pa-galiciska-sprak\/\" \/>\n<meta property=\"og:locale\" content=\"sv_SE\" \/>\n<meta property=\"og:type\" content=\"article\" \/>\n<meta property=\"og:title\" content=\"Beskriva v\u00e4dret p\u00e5 galiciska spr\u00e5k\" \/>\n<meta property=\"og:description\" content=\"Att beskriva v\u00e4dret \u00e4r en grundl\u00e4ggande f\u00e4rdighet n\u00e4r man l\u00e4r sig ett nytt spr\u00e5k, och galiciska \u00e4r inget undantag. F\u00f6r den som \u00e4r intresserad av att\" \/>\n<meta property=\"og:url\" content=\"https:\/\/talkpal.ai\/sv\/vocabulary\/beskriva-vadret-pa-galiciska-sprak\/\" \/>\n<meta property=\"og:site_name\" content=\"Talkpal\" \/>\n<meta property=\"article:publisher\" content=\"https:\/\/www.facebook.com\/profile.php?id=100090733639311\" \/>\n<meta property=\"og:image\" content=\"https:\/\/talkpal.ai\/wp-content\/uploads\/2024\/10\/talkpal_flat_illustration_of_a_employees_working_together_happi_c674ff77-e477-4e09-835a-01d30e561e99.png\" \/>\n\t<meta property=\"og:image:width\" content=\"1024\" \/>\n\t<meta property=\"og:image:height\" content=\"1024\" \/>\n\t<meta property=\"og:image:type\" content=\"image\/png\" \/>\n<meta name=\"twitter:card\" content=\"summary_large_image\" \/>\n<meta name=\"twitter:site\" content=\"@talkpalai\" \/>\n<meta name=\"twitter:label1\" content=\"Ber\u00e4knad l\u00e4stid\" \/>\n\t<meta name=\"twitter:data1\" content=\"6 minuter\" \/>\n<script type=\"application\/ld+json\" class=\"yoast-schema-graph\">{\"@context\":\"https:\/\/schema.org\",\"@graph\":[{\"@type\":\"WebPage\",\"@id\":\"https:\/\/talkpal.ai\/sv\/vocabulary\/beskriva-vadret-pa-galiciska-sprak\/\",\"url\":\"https:\/\/talkpal.ai\/sv\/vocabulary\/beskriva-vadret-pa-galiciska-sprak\/\",\"name\":\"Beskriva v\u00e4dret p\u00e5 galiciska spr\u00e5k - Talkpal\",\"isPartOf\":{\"@id\":\"https:\/\/talkpal.ai\/sv\/#website\"},\"primaryImageOfPage\":{\"@id\":\"https:\/\/talkpal.ai\/sv\/vocabulary\/beskriva-vadret-pa-galiciska-sprak\/#primaryimage\"},\"image\":{\"@id\":\"https:\/\/talkpal.ai\/sv\/vocabulary\/beskriva-vadret-pa-galiciska-sprak\/#primaryimage\"},\"thumbnailUrl\":\"https:\/\/talkpal.ai\/wp-content\/uploads\/2025\/12\/clock-is-seen-while-learning-languages.webp\",\"datePublished\":\"2025-07-09T06:13:33+00:00\",\"description\":\"Att beskriva v\u00e4dret \u00e4r en grundl\u00e4ggande f\u00e4rdighet n\u00e4r man l\u00e4r sig ett nytt spr\u00e5k, och galiciska \u00e4r inget undantag. F\u00f6r den som \u00e4r intresserad av att\",\"breadcrumb\":{\"@id\":\"https:\/\/talkpal.ai\/sv\/vocabulary\/beskriva-vadret-pa-galiciska-sprak\/#breadcrumb\"},\"inLanguage\":\"sv-SE\",\"potentialAction\":[{\"@type\":\"ReadAction\",\"target\":[\"https:\/\/talkpal.ai\/sv\/vocabulary\/beskriva-vadret-pa-galiciska-sprak\/\"]}]},{\"@type\":\"ImageObject\",\"inLanguage\":\"sv-SE\",\"@id\":\"https:\/\/talkpal.ai\/sv\/vocabulary\/beskriva-vadret-pa-galiciska-sprak\/#primaryimage\",\"url\":\"https:\/\/talkpal.ai\/wp-content\/uploads\/2025\/12\/clock-is-seen-while-learning-languages.webp\",\"contentUrl\":\"https:\/\/talkpal.ai\/wp-content\/uploads\/2025\/12\/clock-is-seen-while-learning-languages.webp\",\"width\":1200,\"height\":896,\"caption\":\"Students work at separate desks in a quiet classroom with a clock on the wall while learning languages.\"},{\"@type\":\"BreadcrumbList\",\"@id\":\"https:\/\/talkpal.ai\/sv\/vocabulary\/beskriva-vadret-pa-galiciska-sprak\/#breadcrumb\",\"itemListElement\":[{\"@type\":\"ListItem\",\"position\":1,\"name\":\"Homepage\",\"item\":\"https:\/\/talkpal.ai\/sv\/\"},{\"@type\":\"ListItem\",\"position\":2,\"name\":\"Beskriva v\u00e4dret p\u00e5 galiciska spr\u00e5k\"}]},{\"@type\":\"WebSite\",\"@id\":\"https:\/\/talkpal.ai\/sv\/#website\",\"url\":\"https:\/\/talkpal.ai\/sv\/\",\"name\":\"Talkpal\",\"description\":\"AI Language Learning\",\"publisher\":{\"@id\":\"https:\/\/talkpal.ai\/sv\/#organization\"},\"alternateName\":\"Talkpal AI\",\"potentialAction\":[{\"@type\":\"SearchAction\",\"target\":{\"@type\":\"EntryPoint\",\"urlTemplate\":\"https:\/\/talkpal.ai\/sv\/?s={search_term_string}\"},\"query-input\":{\"@type\":\"PropertyValueSpecification\",\"valueRequired\":true,\"valueName\":\"search_term_string\"}}],\"inLanguage\":\"sv-SE\"},{\"@type\":\"Organization\",\"@id\":\"https:\/\/talkpal.ai\/sv\/#organization\",\"name\":\"Talkpal, Inc.\",\"alternateName\":\"Talkpal AI\",\"url\":\"https:\/\/talkpal.ai\/sv\/\",\"logo\":{\"@type\":\"ImageObject\",\"inLanguage\":\"sv-SE\",\"@id\":\"https:\/\/talkpal.ai\/sv\/#\/schema\/logo\/image\/\",\"url\":\"https:\/\/talkpal.ai\/wp-content\/uploads\/2024\/03\/Talkpal-Logo-Icon.png\",\"contentUrl\":\"https:\/\/talkpal.ai\/wp-content\/uploads\/2024\/03\/Talkpal-Logo-Icon.png\",\"width\":2880,\"height\":2880,\"caption\":\"Talkpal, Inc.\"},\"image\":{\"@id\":\"https:\/\/talkpal.ai\/sv\/#\/schema\/logo\/image\/\"},\"sameAs\":[\"https:\/\/www.facebook.com\/profile.php?id=100090733639311\",\"https:\/\/x.com\/talkpalai\",\"https:\/\/www.linkedin.com\/company\/talkpal\/\",\"https:\/\/www.youtube.com\/@TalkPal\/\",\"https:\/\/www.tiktok.com\/@talkpal\",\"https:\/\/www.instagram.com\/talkpal_ai\/\",\"https:\/\/www.crunchbase.com\/organization\/talkpal-9cde\",\"https:\/\/www.g2.com\/products\/talkpal-for-business\/\",\"https:\/\/www.trustpilot.com\/review\/talkpal.ai\",\"https:\/\/www.capterra.com\/p\/10006800\/TalkPal\/\"],\"description\":\"Talkpal is a language learning web and mobile education app, powered by the latest AI technologies, that provides engaging experiences to its customers in many different languages to help them improve their language skills. Users can chat about unlimited amount of topics with the app and use other modes to practice their language learning.\",\"email\":\"support@talkpal.ai\",\"legalName\":\"Talkpal, Inc.\",\"foundingDate\":\"2023-04-03\",\"duns\":\"118989042\",\"numberOfEmployees\":{\"@type\":\"QuantitativeValue\",\"minValue\":\"11\",\"maxValue\":\"50\"},\"publishingPrinciples\":\"https:\/\/talkpal.ai\/publishing-principles\/\",\"actionableFeedbackPolicy\":\"https:\/\/talkpal.ai\/actionable-feedback-policy\/\",\"correctionsPolicy\":\"https:\/\/talkpal.ai\/corrections-policy\/\",\"ethicsPolicy\":\"https:\/\/talkpal.ai\/ethics-policy\/\",\"diversityPolicy\":\"https:\/\/talkpal.ai\/diversity-policy\/\",\"diversityStaffingReport\":\"https:\/\/talkpal.ai\/diversity-policy\/\"}]}<\/script>\n<!-- \/ Yoast SEO Premium plugin. -->","yoast_head_json":{"title":"Beskriva v\u00e4dret p\u00e5 galiciska spr\u00e5k - Talkpal","description":"Att beskriva v\u00e4dret \u00e4r en grundl\u00e4ggande f\u00e4rdighet n\u00e4r man l\u00e4r sig ett nytt spr\u00e5k, och galiciska \u00e4r inget undantag. F\u00f6r den som \u00e4r intresserad av att","robots":{"index":"index","follow":"follow","max-snippet":"max-snippet:-1","max-image-preview":"max-image-preview:large","max-video-preview":"max-video-preview:-1"},"canonical":"https:\/\/talkpal.ai\/sv\/vocabulary\/beskriva-vadret-pa-galiciska-sprak\/","og_locale":"sv_SE","og_type":"article","og_title":"Beskriva v\u00e4dret p\u00e5 galiciska spr\u00e5k","og_description":"Att beskriva v\u00e4dret \u00e4r en grundl\u00e4ggande f\u00e4rdighet n\u00e4r man l\u00e4r sig ett nytt spr\u00e5k, och galiciska \u00e4r inget undantag. F\u00f6r den som \u00e4r intresserad av att","og_url":"https:\/\/talkpal.ai\/sv\/vocabulary\/beskriva-vadret-pa-galiciska-sprak\/","og_site_name":"Talkpal","article_publisher":"https:\/\/www.facebook.com\/profile.php?id=100090733639311","og_image":[{"width":1024,"height":1024,"url":"https:\/\/talkpal.ai\/wp-content\/uploads\/2024\/10\/talkpal_flat_illustration_of_a_employees_working_together_happi_c674ff77-e477-4e09-835a-01d30e561e99.png","type":"image\/png"}],"twitter_card":"summary_large_image","twitter_site":"@talkpalai","twitter_misc":{"Ber\u00e4knad l\u00e4stid":"6 minuter"},"schema":{"@context":"https:\/\/schema.org","@graph":[{"@type":"WebPage","@id":"https:\/\/talkpal.ai\/sv\/vocabulary\/beskriva-vadret-pa-galiciska-sprak\/","url":"https:\/\/talkpal.ai\/sv\/vocabulary\/beskriva-vadret-pa-galiciska-sprak\/","name":"Beskriva v\u00e4dret p\u00e5 galiciska spr\u00e5k - Talkpal","isPartOf":{"@id":"https:\/\/talkpal.ai\/sv\/#website"},"primaryImageOfPage":{"@id":"https:\/\/talkpal.ai\/sv\/vocabulary\/beskriva-vadret-pa-galiciska-sprak\/#primaryimage"},"image":{"@id":"https:\/\/talkpal.ai\/sv\/vocabulary\/beskriva-vadret-pa-galiciska-sprak\/#primaryimage"},"thumbnailUrl":"https:\/\/talkpal.ai\/wp-content\/uploads\/2025\/12\/clock-is-seen-while-learning-languages.webp","datePublished":"2025-07-09T06:13:33+00:00","description":"Att beskriva v\u00e4dret \u00e4r en grundl\u00e4ggande f\u00e4rdighet n\u00e4r man l\u00e4r sig ett nytt spr\u00e5k, och galiciska \u00e4r inget undantag. F\u00f6r den som \u00e4r intresserad av att","breadcrumb":{"@id":"https:\/\/talkpal.ai\/sv\/vocabulary\/beskriva-vadret-pa-galiciska-sprak\/#breadcrumb"},"inLanguage":"sv-SE","potentialAction":[{"@type":"ReadAction","target":["https:\/\/talkpal.ai\/sv\/vocabulary\/beskriva-vadret-pa-galiciska-sprak\/"]}]},{"@type":"ImageObject","inLanguage":"sv-SE","@id":"https:\/\/talkpal.ai\/sv\/vocabulary\/beskriva-vadret-pa-galiciska-sprak\/#primaryimage","url":"https:\/\/talkpal.ai\/wp-content\/uploads\/2025\/12\/clock-is-seen-while-learning-languages.webp","contentUrl":"https:\/\/talkpal.ai\/wp-content\/uploads\/2025\/12\/clock-is-seen-while-learning-languages.webp","width":1200,"height":896,"caption":"Students work at separate desks in a quiet classroom with a clock on the wall while learning languages."},{"@type":"BreadcrumbList","@id":"https:\/\/talkpal.ai\/sv\/vocabulary\/beskriva-vadret-pa-galiciska-sprak\/#breadcrumb","itemListElement":[{"@type":"ListItem","position":1,"name":"Homepage","item":"https:\/\/talkpal.ai\/sv\/"},{"@type":"ListItem","position":2,"name":"Beskriva v\u00e4dret p\u00e5 galiciska spr\u00e5k"}]},{"@type":"WebSite","@id":"https:\/\/talkpal.ai\/sv\/#website","url":"https:\/\/talkpal.ai\/sv\/","name":"Talkpal","description":"AI Language Learning","publisher":{"@id":"https:\/\/talkpal.ai\/sv\/#organization"},"alternateName":"Talkpal AI","potentialAction":[{"@type":"SearchAction","target":{"@type":"EntryPoint","urlTemplate":"https:\/\/talkpal.ai\/sv\/?s={search_term_string}"},"query-input":{"@type":"PropertyValueSpecification","valueRequired":true,"valueName":"search_term_string"}}],"inLanguage":"sv-SE"},{"@type":"Organization","@id":"https:\/\/talkpal.ai\/sv\/#organization","name":"Talkpal, Inc.","alternateName":"Talkpal AI","url":"https:\/\/talkpal.ai\/sv\/","logo":{"@type":"ImageObject","inLanguage":"sv-SE","@id":"https:\/\/talkpal.ai\/sv\/#\/schema\/logo\/image\/","url":"https:\/\/talkpal.ai\/wp-content\/uploads\/2024\/03\/Talkpal-Logo-Icon.png","contentUrl":"https:\/\/talkpal.ai\/wp-content\/uploads\/2024\/03\/Talkpal-Logo-Icon.png","width":2880,"height":2880,"caption":"Talkpal, Inc."},"image":{"@id":"https:\/\/talkpal.ai\/sv\/#\/schema\/logo\/image\/"},"sameAs":["https:\/\/www.facebook.com\/profile.php?id=100090733639311","https:\/\/x.com\/talkpalai","https:\/\/www.linkedin.com\/company\/talkpal\/","https:\/\/www.youtube.com\/@TalkPal\/","https:\/\/www.tiktok.com\/@talkpal","https:\/\/www.instagram.com\/talkpal_ai\/","https:\/\/www.crunchbase.com\/organization\/talkpal-9cde","https:\/\/www.g2.com\/products\/talkpal-for-business\/","https:\/\/www.trustpilot.com\/review\/talkpal.ai","https:\/\/www.capterra.com\/p\/10006800\/TalkPal\/"],"description":"Talkpal is a language learning web and mobile education app, powered by the latest AI technologies, that provides engaging experiences to its customers in many different languages to help them improve their language skills. Users can chat about unlimited amount of topics with the app and use other modes to practice their language learning.","email":"support@talkpal.ai","legalName":"Talkpal, Inc.","foundingDate":"2023-04-03","duns":"118989042","numberOfEmployees":{"@type":"QuantitativeValue","minValue":"11","maxValue":"50"},"publishingPrinciples":"https:\/\/talkpal.ai\/publishing-principles\/","actionableFeedbackPolicy":"https:\/\/talkpal.ai\/actionable-feedback-policy\/","correctionsPolicy":"https:\/\/talkpal.ai\/corrections-policy\/","ethicsPolicy":"https:\/\/talkpal.ai\/ethics-policy\/","diversityPolicy":"https:\/\/talkpal.ai\/diversity-policy\/","diversityStaffingReport":"https:\/\/talkpal.ai\/diversity-policy\/"}]}},"_links":{"self":[{"href":"https:\/\/talkpal.ai\/sv\/wp-json\/wp\/v2\/vocabulary\/1260552","targetHints":{"allow":["GET"]}}],"collection":[{"href":"https:\/\/talkpal.ai\/sv\/wp-json\/wp\/v2\/vocabulary"}],"about":[{"href":"https:\/\/talkpal.ai\/sv\/wp-json\/wp\/v2\/types\/vocabulary"}],"wp:featuredmedia":[{"embeddable":true,"href":"https:\/\/talkpal.ai\/sv\/wp-json\/wp\/v2\/media\/1527614"}],"wp:attachment":[{"href":"https:\/\/talkpal.ai\/sv\/wp-json\/wp\/v2\/media?parent=1260552"}],"wp:term":[{"taxonomy":"vocabulary_language","embeddable":true,"href":"https:\/\/talkpal.ai\/sv\/wp-json\/wp\/v2\/vocabulary_language?post=1260552"}],"curies":[{"name":"wp","href":"https:\/\/api.w.org\/{rel}","templated":true}]}}