{"id":1260527,"date":"2025-07-09T06:13:06","date_gmt":"2025-07-09T06:13:06","guid":{"rendered":"https:\/\/talkpal.ai\/vocabulary\/prata-om-kanslor-pa-galiciska-sprak\/"},"modified":"2025-07-09T06:13:06","modified_gmt":"2025-07-09T06:13:06","slug":"prata-om-kanslor-pa-galiciska-sprak","status":"publish","type":"vocabulary","link":"https:\/\/talkpal.ai\/sv\/vocabulary\/prata-om-kanslor-pa-galiciska-sprak\/","title":{"rendered":"Prata om k\u00e4nslor p\u00e5 galiciska spr\u00e5k"},"content":{"rendered":"<p>Att uttrycka k\u00e4nslor p\u00e5 ett fr\u00e4mmande spr\u00e5k kan vara b\u00e5de utmanande och berikande, s\u00e4rskilt n\u00e4r det g\u00e4ller ett spr\u00e5k som <a href=\"https:\/\/talkpal.ai\/learn-galician\/\">galiciska<\/a>, som b\u00e4r p\u00e5 en rik kulturell och historisk bakgrund. Att kunna <a href=\"https:\/\/talkpal.ai\/locations\/language-courses-in-prata\/\">prata<\/a> om k\u00e4nslor p\u00e5 galiciska \u00f6ppnar d\u00f6rrar till djupare kommunikation och f\u00f6rst\u00e5else, och det \u00e4r dessutom ett utm\u00e4rkt s\u00e4tt att f\u00f6rdjupa sig i denna unika spr\u00e5kstam. Med verktyg som <a href=\"https:\/\/talkpal.ai\/ko\/ai-%ec%96%b8%ec%96%b4-%ea%b5%90%ec%82%ac\/\">Talkpal<\/a> blir <a href=\"https:\/\/talkpal.ai\/sv\/hur-lar-man-sig-ett-sprak-via-talkpal-chat\/\">spr\u00e5kinl\u00e4rning<\/a> b\u00e5de engagerande och effektiv, vilket g\u00f6r det enklare att bem\u00e4stra komplexa k\u00e4nslouttryck p\u00e5 galiciska. I denna artikel kommer vi att utforska hur man kan prata om k\u00e4nslor p\u00e5 galiciska, inklusive viktiga fraser, grammatiska strukturer och kulturella nyanser som \u00e4r viktiga f\u00f6r att uttrycka sig naturligt och korrekt.<\/p>\n<h2>Varf\u00f6r \u00e4r det viktigt att kunna prata om k\u00e4nslor p\u00e5 galiciska?<\/h2>\n<p>Att kunna uttrycka k\u00e4nslor p\u00e5 galiciska \u00e4r avg\u00f6rande f\u00f6r att uppr\u00e4tta autentiska och meningsfulla relationer med galicisktalande personer. Det speglar inte bara spr\u00e5klig kompetens utan ocks\u00e5 kulturell f\u00f6rst\u00e5else. Galiciska, som <a href=\"https:\/\/talkpal.ai\/locations\/language-courses-in-talas\/\">talas<\/a> fr\u00e4mst i den autonoma regionen Galicien i nordv\u00e4stra Spanien, har sina egna idiom och uttryck f\u00f6r k\u00e4nslor som skiljer sig fr\u00e5n <a href=\"https:\/\/talkpal.ai\/learn-spanish\/\">spanska<\/a> och <a href=\"https:\/\/talkpal.ai\/learn-portuguese\/\">portugisiska<\/a>, vilket g\u00f6r det till en unik utmaning f\u00f6r spr\u00e5kinl\u00e4rare.<\/p>\n<ul>\n<li><strong>F\u00f6rb\u00e4ttrar kommunikationen:<\/strong> Att kunna anv\u00e4nda r\u00e4tt k\u00e4nslouttryck g\u00f6r samtalen mer nyanserade och genuina.<\/li>\n<li><strong>\u00d6kar kulturell f\u00f6rst\u00e5else:<\/strong> K\u00e4nslor \u00e4r djupt rotade i kultur; att f\u00f6rst\u00e5 dem p\u00e5 galiciska ger insikt i regionens traditioner och v\u00e4rderingar.<\/li>\n<li><strong>Fr\u00e4mjar personlig utveckling:<\/strong> Att l\u00e4ra sig uttrycka k\u00e4nslor p\u00e5 ett nytt spr\u00e5k hj\u00e4lper till att utveckla empati och emotionell intelligens.<\/li>\n<\/ul>\n<h2>Grundl\u00e4ggande k\u00e4nslouttryck p\u00e5 galiciska<\/h2>\n<p>F\u00f6r att b\u00f6rja prata om k\u00e4nslor p\u00e5 galiciska \u00e4r det viktigt att k\u00e4nna till grundl\u00e4ggande ord och fraser som beskriver olika emotionella tillst\u00e5nd. H\u00e4r \u00e4r n\u00e5gra av de vanligaste:<\/p>\n<table>\n<tr>\n<th>Svenska<\/th>\n<th>Galiciska<\/th>\n<th>Uttal<\/th>\n<\/tr>\n<tr>\n<td>Lycklig<\/td>\n<td>Feliz<\/td>\n<td>\/fe\u02c8lis\/<\/td>\n<\/tr>\n<tr>\n<td>Ledsen<\/td>\n<td>Triste<\/td>\n<td>\/\u02c8t\u027eiste\/<\/td>\n<\/tr>\n<tr>\n<td>Arg<\/td>\n<td>Enfadado \/ Enfadada<\/td>\n<td>\/enfa\u02c8\u00f0a\u00f0o\/<\/td>\n<\/tr>\n<tr>\n<td>R\u00e4dd<\/td>\n<td>Asustado \/ Asustada<\/td>\n<td>\/asu\u02c8stado\/<\/td>\n<\/tr>\n<tr>\n<td>F\u00f6rv\u00e5nad<\/td>\n<td>Sorprendido \/ Sorprendida<\/td>\n<td>\/sorp\u027een\u02c8di\u00f0o\/<\/td>\n<\/tr>\n<\/table>\n<h3>Adjektivets b\u00f6jning efter k\u00f6n och antal<\/h3>\n<p>I galiciska liksom i andra romanska spr\u00e5k, b\u00f6js adjektiv efter substantivets genus och numerus. Till exempel:<\/p>\n<ul>\n<li><em>Eu estou feliz<\/em> (Jag \u00e4r lycklig &#8211; maskulin eller allm\u00e4nt)<\/li>\n<li><em>Ela est\u00e1 feliz<\/em> (Hon \u00e4r lycklig &#8211; feminina)<\/li>\n<li><em>Os rapaces est\u00e1n enfadados<\/em> (Pojkarna \u00e4r arga)<\/li>\n<li><em>As rapazas est\u00e1n enfadadas<\/em> (Flickorna \u00e4r arga)<\/li>\n<\/ul>\n<h2>Vanliga fraser f\u00f6r att prata om k\u00e4nslor p\u00e5 galiciska<\/h2>\n<p>Att anv\u00e4nda hela fraser hj\u00e4lper dig att uttrycka k\u00e4nslor mer naturligt i konversation. H\u00e4r \u00e4r n\u00e5gra viktiga exempel:<\/p>\n<ul>\n<li><strong>Estou feliz hoxe.<\/strong> \u2013 Jag \u00e4r glad idag.<\/li>\n<li><strong>Estou un pouco triste.<\/strong> \u2013 Jag \u00e4r lite ledsen.<\/li>\n<li><strong>Ela est\u00e1 moi enfadada comigo.<\/strong> \u2013 Hon \u00e4r v\u00e4ldigt arg p\u00e5 mig.<\/li>\n<li><strong>Estamos preocupados polo exame.<\/strong> \u2013 Vi \u00e4r oroliga f\u00f6r provet.<\/li>\n<li><strong>\u00bfComo te sentes? <\/strong>\u2013 Hur k\u00e4nner du dig?<\/li>\n<li><strong>Te\u00f1o medo do futuro.<\/strong> \u2013 Jag \u00e4r r\u00e4dd f\u00f6r framtiden.<\/li>\n<li><strong>Estou sorprendido pola noticia.<\/strong> \u2013 Jag \u00e4r f\u00f6rv\u00e5nad \u00f6ver nyheten.<\/li>\n<\/ul>\n<h3>Uttryck med verbet &#8221;sentir&#8221; (k\u00e4nna)<\/h3>\n<p>Verbformen <em>sentir<\/em> anv\u00e4nds ofta f\u00f6r att uttrycka k\u00e4nslor och upplevelser. N\u00e5gra exempel:<\/p>\n<ul>\n<li><em>Eu sinto alegr\u00eda cando estou contigo.<\/em> \u2013 Jag k\u00e4nner gl\u00e4dje n\u00e4r jag \u00e4r med dig.<\/li>\n<li><em>Ela sente tristeza pola perda.<\/em> \u2013 Hon k\u00e4nner sorg \u00f6ver f\u00f6rlusten.<\/li>\n<li><em>Sentimos moita paix\u00f3n polo noso traballo.<\/em> \u2013 Vi k\u00e4nner mycket passion f\u00f6r v\u00e5rt arbete.<\/li>\n<\/ul>\n<h2>Kulturella nyanser i k\u00e4nsloyttringar p\u00e5 galiciska<\/h2>\n<p>F\u00f6rutom spr\u00e5kets grammatik och vokabul\u00e4r \u00e4r det viktigt att f\u00f6rst\u00e5 de kulturella aspekterna av att uttrycka k\u00e4nslor i Galicien.<\/p>\n<h3>Respekt och \u00f6dmjukhet<\/h3>\n<p>Galiciska kultur v\u00e4rderar ofta \u00f6dmjukhet och indirekta uttryck, s\u00e4rskilt n\u00e4r det g\u00e4ller negativa k\u00e4nslor. Det \u00e4r vanligt att mildra starka k\u00e4nsloyttringar f\u00f6r att undvika konflikt eller obehag.<\/p>\n<h3>Metaforer och idiomatiska uttryck<\/h3>\n<p>Galiciska anv\u00e4nder m\u00e5nga metaforer f\u00f6r att beskriva k\u00e4nslor, vilket kan vara utmanande f\u00f6r spr\u00e5kinl\u00e4rare men ocks\u00e5 mycket berikande. N\u00e5gra exempel \u00e4r:<\/p>\n<ul>\n<li><em>Ter un coraz\u00f3n de ouro<\/em> \u2013 Att ha ett hj\u00e4rta av guld (att vara sn\u00e4ll).<\/li>\n<li><em>Sentirse como un peixe f\u00f3ra da auga<\/em> \u2013 Att k\u00e4nna sig som en fisk utanf\u00f6r vattnet (att k\u00e4nna sig obekv\u00e4m).<\/li>\n<\/ul>\n<h2>Tips f\u00f6r att l\u00e4ra sig prata om k\u00e4nslor p\u00e5 galiciska med Talkpal<\/h2>\n<p>Talkpal \u00e4r en interaktiv spr\u00e5kinl\u00e4rningsplattform som erbjuder m\u00f6jligheter att \u00f6va konversation i riktiga situationer. H\u00e4r \u00e4r n\u00e5gra tips f\u00f6r att effektivt anv\u00e4nda Talkpal n\u00e4r du vill l\u00e4ra dig prata om k\u00e4nslor p\u00e5 galiciska:<\/p>\n<ul>\n<li><strong>Delta i samtalsgrupper:<\/strong> G\u00e5 med i diskussionsgrupper som fokuserar p\u00e5 emotionella \u00e4mnen f\u00f6r att \u00f6va uttryck i kontext.<\/li>\n<li><strong>Lyssna p\u00e5 modersm\u00e5lstalare:<\/strong> Anv\u00e4nd Talkpals ljud- och videomaterial f\u00f6r att h\u00f6ra autentiska k\u00e4nsloyttringar.<\/li>\n<li><strong>\u00d6va dagliga fraser:<\/strong> Anv\u00e4nd flashcards och repetera vanliga k\u00e4nslofraser regelbundet.<\/li>\n<li><strong>Spela in dig sj\u00e4lv:<\/strong> \u00d6va uttal och uttryck genom att spela in egna meningar och j\u00e4mf\u00f6ra med modersm\u00e5lstalare.<\/li>\n<li><strong>Anv\u00e4nd kontextbaserade \u00f6vningar:<\/strong> Talkpal erbjuder scenarier d\u00e4r du kan praktisera k\u00e4nslouttryck i verkliga situationer.<\/li>\n<\/ul>\n<h2>Sammanfattning<\/h2>\n<p>Att prata om k\u00e4nslor p\u00e5 galiciska \u00e4r en viktig del av spr\u00e5kinl\u00e4rningen som g\u00e5r bortom grundl\u00e4ggande grammatik och vokabul\u00e4r. Det kr\u00e4ver f\u00f6rst\u00e5else f\u00f6r b\u00e5de spr\u00e5kliga nyanser och kulturella kontexter. Genom att l\u00e4ra sig grundl\u00e4ggande k\u00e4nslouttryck, anv\u00e4nda vanliga fraser och f\u00f6rst\u00e5 kulturella subtiliteter kan du kommunicera mer effektivt och autentiskt. Plattformar som Talkpal g\u00f6r denna resa b\u00e5de l\u00e4ttare och mer engagerande, vilket hj\u00e4lper dig att n\u00e5 en h\u00f6gre niv\u00e5 i galiciska och f\u00e5 en djupare kontakt med Galiciens rika kultur och folk.<\/p>\n","protected":false},"featured_media":1527902,"template":"","vocabulary_language":[4191],"class_list":["post-1260527","vocabulary","type-vocabulary","status-publish","has-post-thumbnail","hentry","vocabulary_language-kazakiska"],"acf":[],"yoast_head":"<!-- This site is optimized with the Yoast SEO Premium plugin v27.2 (Yoast SEO v27.2) - https:\/\/yoast.com\/product\/yoast-seo-premium-wordpress\/ -->\n<title>Prata om k\u00e4nslor p\u00e5 galiciska spr\u00e5k - Talkpal<\/title>\n<meta name=\"description\" content=\"Att uttrycka k\u00e4nslor p\u00e5 ett fr\u00e4mmande spr\u00e5k kan vara b\u00e5de utmanande och berikande, s\u00e4rskilt n\u00e4r det g\u00e4ller ett spr\u00e5k som galiciska, som b\u00e4r p\u00e5 en rik\" \/>\n<meta name=\"robots\" content=\"index, follow, max-snippet:-1, max-image-preview:large, max-video-preview:-1\" \/>\n<link rel=\"canonical\" href=\"https:\/\/talkpal.ai\/sv\/vocabulary\/prata-om-kanslor-pa-galiciska-sprak\/\" \/>\n<meta property=\"og:locale\" content=\"sv_SE\" \/>\n<meta property=\"og:type\" content=\"article\" \/>\n<meta property=\"og:title\" content=\"Prata om k\u00e4nslor p\u00e5 galiciska spr\u00e5k\" \/>\n<meta property=\"og:description\" content=\"Att uttrycka k\u00e4nslor p\u00e5 ett fr\u00e4mmande spr\u00e5k kan vara b\u00e5de utmanande och berikande, s\u00e4rskilt n\u00e4r det g\u00e4ller ett spr\u00e5k som galiciska, som b\u00e4r p\u00e5 en rik\" \/>\n<meta property=\"og:url\" content=\"https:\/\/talkpal.ai\/sv\/vocabulary\/prata-om-kanslor-pa-galiciska-sprak\/\" \/>\n<meta property=\"og:site_name\" content=\"Talkpal\" \/>\n<meta property=\"article:publisher\" content=\"https:\/\/www.facebook.com\/profile.php?id=100090733639311\" \/>\n<meta property=\"og:image\" content=\"https:\/\/talkpal.ai\/wp-content\/uploads\/2024\/10\/talkpal_flat_illustration_of_a_employees_working_together_happi_c674ff77-e477-4e09-835a-01d30e561e99.png\" \/>\n\t<meta property=\"og:image:width\" content=\"1024\" \/>\n\t<meta property=\"og:image:height\" content=\"1024\" \/>\n\t<meta property=\"og:image:type\" content=\"image\/png\" \/>\n<meta name=\"twitter:card\" content=\"summary_large_image\" \/>\n<meta name=\"twitter:site\" content=\"@talkpalai\" \/>\n<meta name=\"twitter:label1\" content=\"Ber\u00e4knad l\u00e4stid\" \/>\n\t<meta name=\"twitter:data1\" content=\"5 minuter\" \/>\n<script type=\"application\/ld+json\" class=\"yoast-schema-graph\">{\"@context\":\"https:\/\/schema.org\",\"@graph\":[{\"@type\":\"WebPage\",\"@id\":\"https:\/\/talkpal.ai\/sv\/vocabulary\/prata-om-kanslor-pa-galiciska-sprak\/\",\"url\":\"https:\/\/talkpal.ai\/sv\/vocabulary\/prata-om-kanslor-pa-galiciska-sprak\/\",\"name\":\"Prata om k\u00e4nslor p\u00e5 galiciska spr\u00e5k - Talkpal\",\"isPartOf\":{\"@id\":\"https:\/\/talkpal.ai\/sv\/#website\"},\"primaryImageOfPage\":{\"@id\":\"https:\/\/talkpal.ai\/sv\/vocabulary\/prata-om-kanslor-pa-galiciska-sprak\/#primaryimage\"},\"image\":{\"@id\":\"https:\/\/talkpal.ai\/sv\/vocabulary\/prata-om-kanslor-pa-galiciska-sprak\/#primaryimage\"},\"thumbnailUrl\":\"https:\/\/talkpal.ai\/wp-content\/uploads\/2025\/12\/student-is-practicing-phonetics-to-learn-languages.webp\",\"datePublished\":\"2025-07-09T06:13:06+00:00\",\"description\":\"Att uttrycka k\u00e4nslor p\u00e5 ett fr\u00e4mmande spr\u00e5k kan vara b\u00e5de utmanande och berikande, s\u00e4rskilt n\u00e4r det g\u00e4ller ett spr\u00e5k som galiciska, som b\u00e4r p\u00e5 en rik\",\"breadcrumb\":{\"@id\":\"https:\/\/talkpal.ai\/sv\/vocabulary\/prata-om-kanslor-pa-galiciska-sprak\/#breadcrumb\"},\"inLanguage\":\"sv-SE\",\"potentialAction\":[{\"@type\":\"ReadAction\",\"target\":[\"https:\/\/talkpal.ai\/sv\/vocabulary\/prata-om-kanslor-pa-galiciska-sprak\/\"]}]},{\"@type\":\"ImageObject\",\"inLanguage\":\"sv-SE\",\"@id\":\"https:\/\/talkpal.ai\/sv\/vocabulary\/prata-om-kanslor-pa-galiciska-sprak\/#primaryimage\",\"url\":\"https:\/\/talkpal.ai\/wp-content\/uploads\/2025\/12\/student-is-practicing-phonetics-to-learn-languages.webp\",\"contentUrl\":\"https:\/\/talkpal.ai\/wp-content\/uploads\/2025\/12\/student-is-practicing-phonetics-to-learn-languages.webp\",\"width\":1200,\"height\":896,\"caption\":\"A student wearing headphones writes notes while learning languages at a library desk with twin lamps.\"},{\"@type\":\"BreadcrumbList\",\"@id\":\"https:\/\/talkpal.ai\/sv\/vocabulary\/prata-om-kanslor-pa-galiciska-sprak\/#breadcrumb\",\"itemListElement\":[{\"@type\":\"ListItem\",\"position\":1,\"name\":\"Homepage\",\"item\":\"https:\/\/talkpal.ai\/sv\/\"},{\"@type\":\"ListItem\",\"position\":2,\"name\":\"Prata om k\u00e4nslor p\u00e5 galiciska spr\u00e5k\"}]},{\"@type\":\"WebSite\",\"@id\":\"https:\/\/talkpal.ai\/sv\/#website\",\"url\":\"https:\/\/talkpal.ai\/sv\/\",\"name\":\"Talkpal\",\"description\":\"AI Language Learning\",\"publisher\":{\"@id\":\"https:\/\/talkpal.ai\/sv\/#organization\"},\"alternateName\":\"Talkpal AI\",\"potentialAction\":[{\"@type\":\"SearchAction\",\"target\":{\"@type\":\"EntryPoint\",\"urlTemplate\":\"https:\/\/talkpal.ai\/sv\/?s={search_term_string}\"},\"query-input\":{\"@type\":\"PropertyValueSpecification\",\"valueRequired\":true,\"valueName\":\"search_term_string\"}}],\"inLanguage\":\"sv-SE\"},{\"@type\":\"Organization\",\"@id\":\"https:\/\/talkpal.ai\/sv\/#organization\",\"name\":\"Talkpal, Inc.\",\"alternateName\":\"Talkpal AI\",\"url\":\"https:\/\/talkpal.ai\/sv\/\",\"logo\":{\"@type\":\"ImageObject\",\"inLanguage\":\"sv-SE\",\"@id\":\"https:\/\/talkpal.ai\/sv\/#\/schema\/logo\/image\/\",\"url\":\"https:\/\/talkpal.ai\/wp-content\/uploads\/2024\/03\/Talkpal-Logo-Icon.png\",\"contentUrl\":\"https:\/\/talkpal.ai\/wp-content\/uploads\/2024\/03\/Talkpal-Logo-Icon.png\",\"width\":2880,\"height\":2880,\"caption\":\"Talkpal, Inc.\"},\"image\":{\"@id\":\"https:\/\/talkpal.ai\/sv\/#\/schema\/logo\/image\/\"},\"sameAs\":[\"https:\/\/www.facebook.com\/profile.php?id=100090733639311\",\"https:\/\/x.com\/talkpalai\",\"https:\/\/www.linkedin.com\/company\/talkpal\/\",\"https:\/\/www.youtube.com\/@TalkPal\/\",\"https:\/\/www.tiktok.com\/@talkpal\",\"https:\/\/www.instagram.com\/talkpal_ai\/\",\"https:\/\/www.crunchbase.com\/organization\/talkpal-9cde\",\"https:\/\/www.g2.com\/products\/talkpal-for-business\/\",\"https:\/\/www.trustpilot.com\/review\/talkpal.ai\",\"https:\/\/www.capterra.com\/p\/10006800\/TalkPal\/\"],\"description\":\"Talkpal is a language learning web and mobile education app, powered by the latest AI technologies, that provides engaging experiences to its customers in many different languages to help them improve their language skills. Users can chat about unlimited amount of topics with the app and use other modes to practice their language learning.\",\"email\":\"support@talkpal.ai\",\"legalName\":\"Talkpal, Inc.\",\"foundingDate\":\"2023-04-03\",\"duns\":\"118989042\",\"numberOfEmployees\":{\"@type\":\"QuantitativeValue\",\"minValue\":\"11\",\"maxValue\":\"50\"},\"publishingPrinciples\":\"https:\/\/talkpal.ai\/publishing-principles\/\",\"actionableFeedbackPolicy\":\"https:\/\/talkpal.ai\/actionable-feedback-policy\/\",\"correctionsPolicy\":\"https:\/\/talkpal.ai\/corrections-policy\/\",\"ethicsPolicy\":\"https:\/\/talkpal.ai\/ethics-policy\/\",\"diversityPolicy\":\"https:\/\/talkpal.ai\/diversity-policy\/\",\"diversityStaffingReport\":\"https:\/\/talkpal.ai\/diversity-policy\/\"}]}<\/script>\n<!-- \/ Yoast SEO Premium plugin. -->","yoast_head_json":{"title":"Prata om k\u00e4nslor p\u00e5 galiciska spr\u00e5k - Talkpal","description":"Att uttrycka k\u00e4nslor p\u00e5 ett fr\u00e4mmande spr\u00e5k kan vara b\u00e5de utmanande och berikande, s\u00e4rskilt n\u00e4r det g\u00e4ller ett spr\u00e5k som galiciska, som b\u00e4r p\u00e5 en rik","robots":{"index":"index","follow":"follow","max-snippet":"max-snippet:-1","max-image-preview":"max-image-preview:large","max-video-preview":"max-video-preview:-1"},"canonical":"https:\/\/talkpal.ai\/sv\/vocabulary\/prata-om-kanslor-pa-galiciska-sprak\/","og_locale":"sv_SE","og_type":"article","og_title":"Prata om k\u00e4nslor p\u00e5 galiciska spr\u00e5k","og_description":"Att uttrycka k\u00e4nslor p\u00e5 ett fr\u00e4mmande spr\u00e5k kan vara b\u00e5de utmanande och berikande, s\u00e4rskilt n\u00e4r det g\u00e4ller ett spr\u00e5k som galiciska, som b\u00e4r p\u00e5 en rik","og_url":"https:\/\/talkpal.ai\/sv\/vocabulary\/prata-om-kanslor-pa-galiciska-sprak\/","og_site_name":"Talkpal","article_publisher":"https:\/\/www.facebook.com\/profile.php?id=100090733639311","og_image":[{"width":1024,"height":1024,"url":"https:\/\/talkpal.ai\/wp-content\/uploads\/2024\/10\/talkpal_flat_illustration_of_a_employees_working_together_happi_c674ff77-e477-4e09-835a-01d30e561e99.png","type":"image\/png"}],"twitter_card":"summary_large_image","twitter_site":"@talkpalai","twitter_misc":{"Ber\u00e4knad l\u00e4stid":"5 minuter"},"schema":{"@context":"https:\/\/schema.org","@graph":[{"@type":"WebPage","@id":"https:\/\/talkpal.ai\/sv\/vocabulary\/prata-om-kanslor-pa-galiciska-sprak\/","url":"https:\/\/talkpal.ai\/sv\/vocabulary\/prata-om-kanslor-pa-galiciska-sprak\/","name":"Prata om k\u00e4nslor p\u00e5 galiciska spr\u00e5k - Talkpal","isPartOf":{"@id":"https:\/\/talkpal.ai\/sv\/#website"},"primaryImageOfPage":{"@id":"https:\/\/talkpal.ai\/sv\/vocabulary\/prata-om-kanslor-pa-galiciska-sprak\/#primaryimage"},"image":{"@id":"https:\/\/talkpal.ai\/sv\/vocabulary\/prata-om-kanslor-pa-galiciska-sprak\/#primaryimage"},"thumbnailUrl":"https:\/\/talkpal.ai\/wp-content\/uploads\/2025\/12\/student-is-practicing-phonetics-to-learn-languages.webp","datePublished":"2025-07-09T06:13:06+00:00","description":"Att uttrycka k\u00e4nslor p\u00e5 ett fr\u00e4mmande spr\u00e5k kan vara b\u00e5de utmanande och berikande, s\u00e4rskilt n\u00e4r det g\u00e4ller ett spr\u00e5k som galiciska, som b\u00e4r p\u00e5 en rik","breadcrumb":{"@id":"https:\/\/talkpal.ai\/sv\/vocabulary\/prata-om-kanslor-pa-galiciska-sprak\/#breadcrumb"},"inLanguage":"sv-SE","potentialAction":[{"@type":"ReadAction","target":["https:\/\/talkpal.ai\/sv\/vocabulary\/prata-om-kanslor-pa-galiciska-sprak\/"]}]},{"@type":"ImageObject","inLanguage":"sv-SE","@id":"https:\/\/talkpal.ai\/sv\/vocabulary\/prata-om-kanslor-pa-galiciska-sprak\/#primaryimage","url":"https:\/\/talkpal.ai\/wp-content\/uploads\/2025\/12\/student-is-practicing-phonetics-to-learn-languages.webp","contentUrl":"https:\/\/talkpal.ai\/wp-content\/uploads\/2025\/12\/student-is-practicing-phonetics-to-learn-languages.webp","width":1200,"height":896,"caption":"A student wearing headphones writes notes while learning languages at a library desk with twin lamps."},{"@type":"BreadcrumbList","@id":"https:\/\/talkpal.ai\/sv\/vocabulary\/prata-om-kanslor-pa-galiciska-sprak\/#breadcrumb","itemListElement":[{"@type":"ListItem","position":1,"name":"Homepage","item":"https:\/\/talkpal.ai\/sv\/"},{"@type":"ListItem","position":2,"name":"Prata om k\u00e4nslor p\u00e5 galiciska spr\u00e5k"}]},{"@type":"WebSite","@id":"https:\/\/talkpal.ai\/sv\/#website","url":"https:\/\/talkpal.ai\/sv\/","name":"Talkpal","description":"AI Language Learning","publisher":{"@id":"https:\/\/talkpal.ai\/sv\/#organization"},"alternateName":"Talkpal AI","potentialAction":[{"@type":"SearchAction","target":{"@type":"EntryPoint","urlTemplate":"https:\/\/talkpal.ai\/sv\/?s={search_term_string}"},"query-input":{"@type":"PropertyValueSpecification","valueRequired":true,"valueName":"search_term_string"}}],"inLanguage":"sv-SE"},{"@type":"Organization","@id":"https:\/\/talkpal.ai\/sv\/#organization","name":"Talkpal, Inc.","alternateName":"Talkpal AI","url":"https:\/\/talkpal.ai\/sv\/","logo":{"@type":"ImageObject","inLanguage":"sv-SE","@id":"https:\/\/talkpal.ai\/sv\/#\/schema\/logo\/image\/","url":"https:\/\/talkpal.ai\/wp-content\/uploads\/2024\/03\/Talkpal-Logo-Icon.png","contentUrl":"https:\/\/talkpal.ai\/wp-content\/uploads\/2024\/03\/Talkpal-Logo-Icon.png","width":2880,"height":2880,"caption":"Talkpal, Inc."},"image":{"@id":"https:\/\/talkpal.ai\/sv\/#\/schema\/logo\/image\/"},"sameAs":["https:\/\/www.facebook.com\/profile.php?id=100090733639311","https:\/\/x.com\/talkpalai","https:\/\/www.linkedin.com\/company\/talkpal\/","https:\/\/www.youtube.com\/@TalkPal\/","https:\/\/www.tiktok.com\/@talkpal","https:\/\/www.instagram.com\/talkpal_ai\/","https:\/\/www.crunchbase.com\/organization\/talkpal-9cde","https:\/\/www.g2.com\/products\/talkpal-for-business\/","https:\/\/www.trustpilot.com\/review\/talkpal.ai","https:\/\/www.capterra.com\/p\/10006800\/TalkPal\/"],"description":"Talkpal is a language learning web and mobile education app, powered by the latest AI technologies, that provides engaging experiences to its customers in many different languages to help them improve their language skills. Users can chat about unlimited amount of topics with the app and use other modes to practice their language learning.","email":"support@talkpal.ai","legalName":"Talkpal, Inc.","foundingDate":"2023-04-03","duns":"118989042","numberOfEmployees":{"@type":"QuantitativeValue","minValue":"11","maxValue":"50"},"publishingPrinciples":"https:\/\/talkpal.ai\/publishing-principles\/","actionableFeedbackPolicy":"https:\/\/talkpal.ai\/actionable-feedback-policy\/","correctionsPolicy":"https:\/\/talkpal.ai\/corrections-policy\/","ethicsPolicy":"https:\/\/talkpal.ai\/ethics-policy\/","diversityPolicy":"https:\/\/talkpal.ai\/diversity-policy\/","diversityStaffingReport":"https:\/\/talkpal.ai\/diversity-policy\/"}]}},"_links":{"self":[{"href":"https:\/\/talkpal.ai\/sv\/wp-json\/wp\/v2\/vocabulary\/1260527","targetHints":{"allow":["GET"]}}],"collection":[{"href":"https:\/\/talkpal.ai\/sv\/wp-json\/wp\/v2\/vocabulary"}],"about":[{"href":"https:\/\/talkpal.ai\/sv\/wp-json\/wp\/v2\/types\/vocabulary"}],"wp:featuredmedia":[{"embeddable":true,"href":"https:\/\/talkpal.ai\/sv\/wp-json\/wp\/v2\/media\/1527902"}],"wp:attachment":[{"href":"https:\/\/talkpal.ai\/sv\/wp-json\/wp\/v2\/media?parent=1260527"}],"wp:term":[{"taxonomy":"vocabulary_language","embeddable":true,"href":"https:\/\/talkpal.ai\/sv\/wp-json\/wp\/v2\/vocabulary_language?post=1260527"}],"curies":[{"name":"wp","href":"https:\/\/api.w.org\/{rel}","templated":true}]}}