{"id":1260515,"date":"2025-07-09T06:12:54","date_gmt":"2025-07-09T06:12:54","guid":{"rendered":"https:\/\/talkpal.ai\/vocabulary\/kanda-uttryck-pa-galiciska-sprak\/"},"modified":"2025-07-09T06:12:54","modified_gmt":"2025-07-09T06:12:54","slug":"kanda-uttryck-pa-galiciska-sprak","status":"publish","type":"vocabulary","link":"https:\/\/talkpal.ai\/sv\/vocabulary\/kanda-uttryck-pa-galiciska-sprak\/","title":{"rendered":"K\u00e4nda uttryck p\u00e5 galiciska spr\u00e5k"},"content":{"rendered":"<p>Att l\u00e4ra sig nya spr\u00e5k \u00f6ppnar d\u00f6rrar till kulturer, historia och unika uttryckss\u00e4tt. <a href=\"https:\/\/talkpal.ai\/learn-galician\/\">Galiciska<\/a>, ett av de officiella spr\u00e5ken i Spanien och med r\u00f6tter i den keltiska traditionen, b\u00e4r p\u00e5 m\u00e5nga k\u00e4nda uttryck som speglar dess folks visdom och livsstil. Genom att utforska dessa uttryck f\u00e5r man inte bara en djupare f\u00f6rst\u00e5else f\u00f6r spr\u00e5ket utan ocks\u00e5 f\u00f6r det <a href=\"https:\/\/talkpal.ai\/learn-galician\/\">galiciska<\/a> samh\u00e4llets v\u00e4rderingar och humor. Med plattformar som <a href=\"https:\/\/talkpal.ai\/ko\/ai-%ec%96%b8%ec%96%b4-%ea%b5%90%ec%82%ac\/\">Talkpal<\/a> blir det enklare och roligare att ta sig an galiciska och andra spr\u00e5k, tack vare interaktiva metoder och samtal med modersm\u00e5lstalare. I denna artikel g\u00e5r vi igenom n\u00e5gra av de mest k\u00e4nda och anv\u00e4nda uttrycken p\u00e5 galiciska, deras betydelser och hur de kan anv\u00e4ndas i vardagligt tal.<\/p>\n<h2>Galiciska spr\u00e5kets bakgrund och betydelse<\/h2>\n<p>Galiciska \u00e4r ett romanskt spr\u00e5k som <a href=\"https:\/\/talkpal.ai\/locations\/language-courses-in-talas\/\">talas<\/a> fr\u00e4mst i den autonoma regionen Galicien i nordv\u00e4stra Spanien. Det \u00e4r n\u00e4ra besl\u00e4ktat med <a href=\"https:\/\/talkpal.ai\/learn-portuguese\/\">portugisiska<\/a> och delar m\u00e5nga likheter med andra iberoromanska spr\u00e5k. Med omkring 2,4 miljoner talare \u00e4r galiciska en vital del av den <a href=\"https:\/\/talkpal.ai\/learn-spanish\/\">spanska<\/a> spr\u00e5kmosaiken, med en stark kulturell identitet och en rik litter\u00e4r tradition.<\/p>\n<p>Spr\u00e5ket \u00e4r inte bara ett kommunikationsverktyg utan ocks\u00e5 en spegel av Galiciens historia, geografi och traditioner. Genom att l\u00e4ra sig galiciska kan man b\u00e4ttre f\u00f6rst\u00e5 denna region och dess folk, n\u00e5got som \u00e4ven berikar spr\u00e5kinl\u00e4rningen i stort.<\/p>\n<h2>K\u00e4nda uttryck p\u00e5 galiciska och deras betydelser<\/h2>\n<p>Galiciska uttryck \u00e4r ofta f\u00e4rgstarka och b\u00e4r p\u00e5 djupa kulturella betydelser. Nedan f\u00f6ljer en lista \u00f6ver n\u00e5gra av de mest popul\u00e4ra och vanliga uttrycken, tillsammans med f\u00f6rklaringar och exempel p\u00e5 hur de anv\u00e4nds.<\/p>\n<h3>1. \u201cA cabalo regalado non se lle mira o dentes\u201d<\/h3>\n<p>Direkt \u00f6versatt betyder detta \u201cP\u00e5 en g\u00e5va h\u00e4st tittar man inte p\u00e5 t\u00e4nderna\u201d. Det motsvarar det <a href=\"https:\/\/talkpal.ai\/learn-swedish\/\">svenska<\/a> uttrycket \u201cMan ska inte titta en given h\u00e4st i munnen\u201d och betyder att man inte ska kritisera n\u00e5got man f\u00e5r gratis eller som en g\u00e5va.<\/p>\n<ul>\n<li><strong>Anv\u00e4ndning:<\/strong> N\u00e4r n\u00e5gon f\u00e5r n\u00e5got utan att betala b\u00f6r man vara tacksam och inte klaga p\u00e5 dess kvalitet.<\/li>\n<li><strong>Exempel:<\/strong> &#8221;Non me gusta moito este libro, pero xa sabes o que din: a cabalo regalado non se lle <a href=\"https:\/\/talkpal.ai\/locations\/language-courses-in-mira\/\">mira<\/a> o dentes.&#8221;<\/li>\n<\/ul>\n<h3>2. \u201cM\u00e1is vale prego que doado\u201d<\/h3>\n<p>Detta uttryck kan \u00f6vers\u00e4ttas till \u201cB\u00e4ttre sv\u00e5rt \u00e4n l\u00e4tt\u201d och handlar om att det kan vara mer v\u00e4rdefullt eller \u00e4rligare att f\u00f6rtj\u00e4na n\u00e5got genom anstr\u00e4ngning \u00e4n att f\u00e5 det utan m\u00f6da.<\/p>\n<ul>\n<li><strong>Anv\u00e4ndning:<\/strong> Uppmuntrar till h\u00e5rt arbete och v\u00e4rderar insats framf\u00f6r enkelhet.<\/li>\n<li><strong>Exempel:<\/strong> &#8221;Se queres conseguir algo bo, lembra que m\u00e1is vale prego que doado.&#8221;<\/li>\n<\/ul>\n<h3>3. \u201cOnde vai o coraz\u00f3n, vai a boca\u201d<\/h3>\n<p>\u00d6versatt betyder det \u201cDit hj\u00e4rtat g\u00e5r, g\u00e5r munnen\u201d. Det syftar p\u00e5 att man ofta s\u00e4ger det man verkligen k\u00e4nner eller t\u00e4nker, s\u00e4rskilt n\u00e4r man \u00e4r uppriktig eller passionerad.<\/p>\n<ul>\n<li><strong>Anv\u00e4ndning:<\/strong> F\u00f6rklarar varf\u00f6r m\u00e4nniskor ibland avsl\u00f6jar sina k\u00e4nslor utan att mena det.<\/li>\n<li><strong>Exempel:<\/strong> &#8221;Non o fixo con mala intenci\u00f3n, pero onde vai o coraz\u00f3n, vai a boca.&#8221;<\/li>\n<\/ul>\n<h3>4. \u201cCada un co seu\u201d<\/h3>\n<p>Detta betyder \u201cVar och en med sitt\u201d och anv\u00e4nds f\u00f6r att uttrycka att alla har sina egna saker att ta hand om, eller att man b\u00f6r respektera var och ens val.<\/p>\n<ul>\n<li><strong>Anv\u00e4ndning:<\/strong> N\u00e4r man vill s\u00e4ga att man b\u00f6r l\u00e5ta andra g\u00f6ra som de vill eller att alla har sina personliga angel\u00e4genheter.<\/li>\n<li><strong>Exempel:<\/strong> &#8221;Non te metas na s\u00faa vida, cada un co seu.&#8221;<\/li>\n<\/ul>\n<h3>5. \u201cDeitar a casa pola fiestra\u201d<\/h3>\n<p>Detta idiom betyder bokstavligen \u201cAtt kasta huset genom f\u00f6nstret\u201d och motsvarar det svenska \u201catt sl\u00f6sa pengar\u201d eller \u201catt kasta pengar i sj\u00f6n\u201d.<\/p>\n<ul>\n<li><strong>Anv\u00e4ndning:<\/strong> Beskriver situationer d\u00e4r n\u00e5gon spenderar pengar p\u00e5 ett ogenomt\u00e4nkt eller extravagant s\u00e4tt.<\/li>\n<li><strong>Exempel:<\/strong> &#8221;Non quero deitar a casa pola fiestra, as\u00ed que vou aforrar para as vacaci\u00f3ns.&#8221;<\/li>\n<\/ul>\n<h2>Varf\u00f6r l\u00e4ra sig galiciska uttryck?<\/h2>\n<p>Att l\u00e4ra sig idiomatiska uttryck \u00e4r en viktig del av att beh\u00e4rska ett spr\u00e5k eftersom de ofta avsl\u00f6jar kulturella nyanser och skapar en mer naturlig kommunikation. F\u00f6r galiciska, som ett spr\u00e5k med en stark regional identitet, ger uttrycken en djupare inblick i folksj\u00e4len och de lokala traditionerna.<\/p>\n<ul>\n<li><strong>F\u00f6rb\u00e4ttrar spr\u00e5klig flyt:<\/strong> Genom att anv\u00e4nda autentiska uttryck blir din galiciska mer levande och f\u00f6rst\u00e5elig f\u00f6r modersm\u00e5lstalare.<\/li>\n<li><strong>Bygger kulturell f\u00f6rst\u00e5else:<\/strong> Idiom \u00e4r ofta bundna till historiska och sociala sammanhang, vilket hj\u00e4lper dig att f\u00f6rst\u00e5 galiciernas s\u00e4tt att t\u00e4nka och leva.<\/li>\n<li><strong>\u00d6kar spr\u00e5klig kreativitet:<\/strong> Att anv\u00e4nda uttryck g\u00f6r kommunikationen mer f\u00e4rgstark och uttrycksfull.<\/li>\n<\/ul>\n<h2>Tips f\u00f6r att l\u00e4ra sig galiciska med hj\u00e4lp av Talkpal<\/h2>\n<p>Talkpal \u00e4r en utm\u00e4rkt plattform f\u00f6r att l\u00e4ra sig galiciska tack vare dess fokus p\u00e5 praktisk kommunikation och interaktion med modersm\u00e5lstalare. H\u00e4r \u00e4r n\u00e5gra tips f\u00f6r att dra nytta av Talkpal i din spr\u00e5kinl\u00e4rning:<\/p>\n<ul>\n<li><strong>Delta i samtal:<\/strong> Anv\u00e4nd Talkpals samtalsfunktion f\u00f6r att \u00f6va uttrycken i verkliga konversationer.<\/li>\n<li><strong>L\u00e4r dig i kontext:<\/strong> Be dina samtalspartners att ge exempel p\u00e5 hur man anv\u00e4nder galiciska uttryck i vardagen.<\/li>\n<li><strong>Repetera regelbundet:<\/strong> Repetition \u00e4r nyckeln f\u00f6r att memorera idiomatiska uttryck och g\u00f6ra dem naturliga att anv\u00e4nda.<\/li>\n<li><strong>Utforska kulturella material:<\/strong> L\u00e4s galiciska texter, lyssna p\u00e5 musik och titta p\u00e5 filmer f\u00f6r att h\u00f6ra uttrycken i naturligt sammanhang.<\/li>\n<\/ul>\n<h2>Slutsats<\/h2>\n<p>Galiciska spr\u00e5kets uttryck \u00e4r en skattkista av visdom, humor och kulturell djup. Genom att l\u00e4ra sig dessa uttryck kan du inte bara f\u00f6rb\u00e4ttra din spr\u00e5kliga f\u00f6rm\u00e5ga utan ocks\u00e5 f\u00e5 en rikare f\u00f6rst\u00e5else f\u00f6r Galiciens kultur och historia. Med resurser som Talkpal blir det b\u00e5de tillg\u00e4ngligt och roligt att utforska detta fascinerande spr\u00e5k. S\u00e5 oavsett om du \u00e4r nyb\u00f6rjare eller vill f\u00f6rdjupa dina kunskaper, \u00e4r galiciska uttryck ett v\u00e4rdefullt verktyg f\u00f6r att n\u00e5 spr\u00e5klig och kulturell skicklighet.<\/p>\n","protected":false},"featured_media":1527994,"template":"","vocabulary_language":[3486],"class_list":["post-1260515","vocabulary","type-vocabulary","status-publish","has-post-thumbnail","hentry","vocabulary_language-hindi-sv"],"acf":[],"yoast_head":"<!-- This site is optimized with the Yoast SEO Premium plugin v27.2 (Yoast SEO v27.2) - https:\/\/yoast.com\/product\/yoast-seo-premium-wordpress\/ -->\n<title>K\u00e4nda uttryck p\u00e5 galiciska spr\u00e5k - Talkpal<\/title>\n<meta name=\"description\" content=\"Att l\u00e4ra sig nya spr\u00e5k \u00f6ppnar d\u00f6rrar till kulturer, historia och unika uttryckss\u00e4tt. Galiciska, ett av de officiella spr\u00e5ken i Spanien och med r\u00f6tter i\" \/>\n<meta name=\"robots\" content=\"index, follow, max-snippet:-1, max-image-preview:large, max-video-preview:-1\" \/>\n<link rel=\"canonical\" href=\"https:\/\/talkpal.ai\/sv\/vocabulary\/kanda-uttryck-pa-galiciska-sprak\/\" \/>\n<meta property=\"og:locale\" content=\"sv_SE\" \/>\n<meta property=\"og:type\" content=\"article\" \/>\n<meta property=\"og:title\" content=\"K\u00e4nda uttryck p\u00e5 galiciska spr\u00e5k\" \/>\n<meta property=\"og:description\" content=\"Att l\u00e4ra sig nya spr\u00e5k \u00f6ppnar d\u00f6rrar till kulturer, historia och unika uttryckss\u00e4tt. Galiciska, ett av de officiella spr\u00e5ken i Spanien och med r\u00f6tter i\" \/>\n<meta property=\"og:url\" content=\"https:\/\/talkpal.ai\/sv\/vocabulary\/kanda-uttryck-pa-galiciska-sprak\/\" \/>\n<meta property=\"og:site_name\" content=\"Talkpal\" \/>\n<meta property=\"article:publisher\" content=\"https:\/\/www.facebook.com\/profile.php?id=100090733639311\" \/>\n<meta property=\"og:image\" content=\"https:\/\/talkpal.ai\/wp-content\/uploads\/2024\/10\/talkpal_flat_illustration_of_a_employees_working_together_happi_c674ff77-e477-4e09-835a-01d30e561e99.png\" \/>\n\t<meta property=\"og:image:width\" content=\"1024\" \/>\n\t<meta property=\"og:image:height\" content=\"1024\" \/>\n\t<meta property=\"og:image:type\" content=\"image\/png\" \/>\n<meta name=\"twitter:card\" content=\"summary_large_image\" \/>\n<meta name=\"twitter:site\" content=\"@talkpalai\" \/>\n<meta name=\"twitter:label1\" content=\"Ber\u00e4knad l\u00e4stid\" \/>\n\t<meta name=\"twitter:data1\" content=\"5 minuter\" \/>\n<script type=\"application\/ld+json\" class=\"yoast-schema-graph\">{\"@context\":\"https:\/\/schema.org\",\"@graph\":[{\"@type\":\"WebPage\",\"@id\":\"https:\/\/talkpal.ai\/sv\/vocabulary\/kanda-uttryck-pa-galiciska-sprak\/\",\"url\":\"https:\/\/talkpal.ai\/sv\/vocabulary\/kanda-uttryck-pa-galiciska-sprak\/\",\"name\":\"K\u00e4nda uttryck p\u00e5 galiciska spr\u00e5k - Talkpal\",\"isPartOf\":{\"@id\":\"https:\/\/talkpal.ai\/sv\/#website\"},\"primaryImageOfPage\":{\"@id\":\"https:\/\/talkpal.ai\/sv\/vocabulary\/kanda-uttryck-pa-galiciska-sprak\/#primaryimage\"},\"image\":{\"@id\":\"https:\/\/talkpal.ai\/sv\/vocabulary\/kanda-uttryck-pa-galiciska-sprak\/#primaryimage\"},\"thumbnailUrl\":\"https:\/\/talkpal.ai\/wp-content\/uploads\/2025\/12\/students-use-tablets-to-learn-languages.webp\",\"datePublished\":\"2025-07-09T06:12:54+00:00\",\"description\":\"Att l\u00e4ra sig nya spr\u00e5k \u00f6ppnar d\u00f6rrar till kulturer, historia och unika uttryckss\u00e4tt. Galiciska, ett av de officiella spr\u00e5ken i Spanien och med r\u00f6tter i\",\"breadcrumb\":{\"@id\":\"https:\/\/talkpal.ai\/sv\/vocabulary\/kanda-uttryck-pa-galiciska-sprak\/#breadcrumb\"},\"inLanguage\":\"sv-SE\",\"potentialAction\":[{\"@type\":\"ReadAction\",\"target\":[\"https:\/\/talkpal.ai\/sv\/vocabulary\/kanda-uttryck-pa-galiciska-sprak\/\"]}]},{\"@type\":\"ImageObject\",\"inLanguage\":\"sv-SE\",\"@id\":\"https:\/\/talkpal.ai\/sv\/vocabulary\/kanda-uttryck-pa-galiciska-sprak\/#primaryimage\",\"url\":\"https:\/\/talkpal.ai\/wp-content\/uploads\/2025\/12\/students-use-tablets-to-learn-languages.webp\",\"contentUrl\":\"https:\/\/talkpal.ai\/wp-content\/uploads\/2025\/12\/students-use-tablets-to-learn-languages.webp\",\"width\":1200,\"height\":896,\"caption\":\"Three people use digital tablets and books for learning languages at an outdoor table during sunset.\"},{\"@type\":\"BreadcrumbList\",\"@id\":\"https:\/\/talkpal.ai\/sv\/vocabulary\/kanda-uttryck-pa-galiciska-sprak\/#breadcrumb\",\"itemListElement\":[{\"@type\":\"ListItem\",\"position\":1,\"name\":\"Homepage\",\"item\":\"https:\/\/talkpal.ai\/sv\/\"},{\"@type\":\"ListItem\",\"position\":2,\"name\":\"K\u00e4nda uttryck p\u00e5 galiciska spr\u00e5k\"}]},{\"@type\":\"WebSite\",\"@id\":\"https:\/\/talkpal.ai\/sv\/#website\",\"url\":\"https:\/\/talkpal.ai\/sv\/\",\"name\":\"Talkpal\",\"description\":\"AI Language Learning\",\"publisher\":{\"@id\":\"https:\/\/talkpal.ai\/sv\/#organization\"},\"alternateName\":\"Talkpal AI\",\"potentialAction\":[{\"@type\":\"SearchAction\",\"target\":{\"@type\":\"EntryPoint\",\"urlTemplate\":\"https:\/\/talkpal.ai\/sv\/?s={search_term_string}\"},\"query-input\":{\"@type\":\"PropertyValueSpecification\",\"valueRequired\":true,\"valueName\":\"search_term_string\"}}],\"inLanguage\":\"sv-SE\"},{\"@type\":\"Organization\",\"@id\":\"https:\/\/talkpal.ai\/sv\/#organization\",\"name\":\"Talkpal, Inc.\",\"alternateName\":\"Talkpal AI\",\"url\":\"https:\/\/talkpal.ai\/sv\/\",\"logo\":{\"@type\":\"ImageObject\",\"inLanguage\":\"sv-SE\",\"@id\":\"https:\/\/talkpal.ai\/sv\/#\/schema\/logo\/image\/\",\"url\":\"https:\/\/talkpal.ai\/wp-content\/uploads\/2024\/03\/Talkpal-Logo-Icon.png\",\"contentUrl\":\"https:\/\/talkpal.ai\/wp-content\/uploads\/2024\/03\/Talkpal-Logo-Icon.png\",\"width\":2880,\"height\":2880,\"caption\":\"Talkpal, Inc.\"},\"image\":{\"@id\":\"https:\/\/talkpal.ai\/sv\/#\/schema\/logo\/image\/\"},\"sameAs\":[\"https:\/\/www.facebook.com\/profile.php?id=100090733639311\",\"https:\/\/x.com\/talkpalai\",\"https:\/\/www.linkedin.com\/company\/talkpal\/\",\"https:\/\/www.youtube.com\/@TalkPal\/\",\"https:\/\/www.tiktok.com\/@talkpal\",\"https:\/\/www.instagram.com\/talkpal_ai\/\",\"https:\/\/www.crunchbase.com\/organization\/talkpal-9cde\",\"https:\/\/www.g2.com\/products\/talkpal-for-business\/\",\"https:\/\/www.trustpilot.com\/review\/talkpal.ai\",\"https:\/\/www.capterra.com\/p\/10006800\/TalkPal\/\"],\"description\":\"Talkpal is a language learning web and mobile education app, powered by the latest AI technologies, that provides engaging experiences to its customers in many different languages to help them improve their language skills. Users can chat about unlimited amount of topics with the app and use other modes to practice their language learning.\",\"email\":\"support@talkpal.ai\",\"legalName\":\"Talkpal, Inc.\",\"foundingDate\":\"2023-04-03\",\"duns\":\"118989042\",\"numberOfEmployees\":{\"@type\":\"QuantitativeValue\",\"minValue\":\"11\",\"maxValue\":\"50\"},\"publishingPrinciples\":\"https:\/\/talkpal.ai\/publishing-principles\/\",\"actionableFeedbackPolicy\":\"https:\/\/talkpal.ai\/actionable-feedback-policy\/\",\"correctionsPolicy\":\"https:\/\/talkpal.ai\/corrections-policy\/\",\"ethicsPolicy\":\"https:\/\/talkpal.ai\/ethics-policy\/\",\"diversityPolicy\":\"https:\/\/talkpal.ai\/diversity-policy\/\",\"diversityStaffingReport\":\"https:\/\/talkpal.ai\/diversity-policy\/\"}]}<\/script>\n<!-- \/ Yoast SEO Premium plugin. -->","yoast_head_json":{"title":"K\u00e4nda uttryck p\u00e5 galiciska spr\u00e5k - Talkpal","description":"Att l\u00e4ra sig nya spr\u00e5k \u00f6ppnar d\u00f6rrar till kulturer, historia och unika uttryckss\u00e4tt. Galiciska, ett av de officiella spr\u00e5ken i Spanien och med r\u00f6tter i","robots":{"index":"index","follow":"follow","max-snippet":"max-snippet:-1","max-image-preview":"max-image-preview:large","max-video-preview":"max-video-preview:-1"},"canonical":"https:\/\/talkpal.ai\/sv\/vocabulary\/kanda-uttryck-pa-galiciska-sprak\/","og_locale":"sv_SE","og_type":"article","og_title":"K\u00e4nda uttryck p\u00e5 galiciska spr\u00e5k","og_description":"Att l\u00e4ra sig nya spr\u00e5k \u00f6ppnar d\u00f6rrar till kulturer, historia och unika uttryckss\u00e4tt. Galiciska, ett av de officiella spr\u00e5ken i Spanien och med r\u00f6tter i","og_url":"https:\/\/talkpal.ai\/sv\/vocabulary\/kanda-uttryck-pa-galiciska-sprak\/","og_site_name":"Talkpal","article_publisher":"https:\/\/www.facebook.com\/profile.php?id=100090733639311","og_image":[{"width":1024,"height":1024,"url":"https:\/\/talkpal.ai\/wp-content\/uploads\/2024\/10\/talkpal_flat_illustration_of_a_employees_working_together_happi_c674ff77-e477-4e09-835a-01d30e561e99.png","type":"image\/png"}],"twitter_card":"summary_large_image","twitter_site":"@talkpalai","twitter_misc":{"Ber\u00e4knad l\u00e4stid":"5 minuter"},"schema":{"@context":"https:\/\/schema.org","@graph":[{"@type":"WebPage","@id":"https:\/\/talkpal.ai\/sv\/vocabulary\/kanda-uttryck-pa-galiciska-sprak\/","url":"https:\/\/talkpal.ai\/sv\/vocabulary\/kanda-uttryck-pa-galiciska-sprak\/","name":"K\u00e4nda uttryck p\u00e5 galiciska spr\u00e5k - Talkpal","isPartOf":{"@id":"https:\/\/talkpal.ai\/sv\/#website"},"primaryImageOfPage":{"@id":"https:\/\/talkpal.ai\/sv\/vocabulary\/kanda-uttryck-pa-galiciska-sprak\/#primaryimage"},"image":{"@id":"https:\/\/talkpal.ai\/sv\/vocabulary\/kanda-uttryck-pa-galiciska-sprak\/#primaryimage"},"thumbnailUrl":"https:\/\/talkpal.ai\/wp-content\/uploads\/2025\/12\/students-use-tablets-to-learn-languages.webp","datePublished":"2025-07-09T06:12:54+00:00","description":"Att l\u00e4ra sig nya spr\u00e5k \u00f6ppnar d\u00f6rrar till kulturer, historia och unika uttryckss\u00e4tt. Galiciska, ett av de officiella spr\u00e5ken i Spanien och med r\u00f6tter i","breadcrumb":{"@id":"https:\/\/talkpal.ai\/sv\/vocabulary\/kanda-uttryck-pa-galiciska-sprak\/#breadcrumb"},"inLanguage":"sv-SE","potentialAction":[{"@type":"ReadAction","target":["https:\/\/talkpal.ai\/sv\/vocabulary\/kanda-uttryck-pa-galiciska-sprak\/"]}]},{"@type":"ImageObject","inLanguage":"sv-SE","@id":"https:\/\/talkpal.ai\/sv\/vocabulary\/kanda-uttryck-pa-galiciska-sprak\/#primaryimage","url":"https:\/\/talkpal.ai\/wp-content\/uploads\/2025\/12\/students-use-tablets-to-learn-languages.webp","contentUrl":"https:\/\/talkpal.ai\/wp-content\/uploads\/2025\/12\/students-use-tablets-to-learn-languages.webp","width":1200,"height":896,"caption":"Three people use digital tablets and books for learning languages at an outdoor table during sunset."},{"@type":"BreadcrumbList","@id":"https:\/\/talkpal.ai\/sv\/vocabulary\/kanda-uttryck-pa-galiciska-sprak\/#breadcrumb","itemListElement":[{"@type":"ListItem","position":1,"name":"Homepage","item":"https:\/\/talkpal.ai\/sv\/"},{"@type":"ListItem","position":2,"name":"K\u00e4nda uttryck p\u00e5 galiciska spr\u00e5k"}]},{"@type":"WebSite","@id":"https:\/\/talkpal.ai\/sv\/#website","url":"https:\/\/talkpal.ai\/sv\/","name":"Talkpal","description":"AI Language Learning","publisher":{"@id":"https:\/\/talkpal.ai\/sv\/#organization"},"alternateName":"Talkpal AI","potentialAction":[{"@type":"SearchAction","target":{"@type":"EntryPoint","urlTemplate":"https:\/\/talkpal.ai\/sv\/?s={search_term_string}"},"query-input":{"@type":"PropertyValueSpecification","valueRequired":true,"valueName":"search_term_string"}}],"inLanguage":"sv-SE"},{"@type":"Organization","@id":"https:\/\/talkpal.ai\/sv\/#organization","name":"Talkpal, Inc.","alternateName":"Talkpal AI","url":"https:\/\/talkpal.ai\/sv\/","logo":{"@type":"ImageObject","inLanguage":"sv-SE","@id":"https:\/\/talkpal.ai\/sv\/#\/schema\/logo\/image\/","url":"https:\/\/talkpal.ai\/wp-content\/uploads\/2024\/03\/Talkpal-Logo-Icon.png","contentUrl":"https:\/\/talkpal.ai\/wp-content\/uploads\/2024\/03\/Talkpal-Logo-Icon.png","width":2880,"height":2880,"caption":"Talkpal, Inc."},"image":{"@id":"https:\/\/talkpal.ai\/sv\/#\/schema\/logo\/image\/"},"sameAs":["https:\/\/www.facebook.com\/profile.php?id=100090733639311","https:\/\/x.com\/talkpalai","https:\/\/www.linkedin.com\/company\/talkpal\/","https:\/\/www.youtube.com\/@TalkPal\/","https:\/\/www.tiktok.com\/@talkpal","https:\/\/www.instagram.com\/talkpal_ai\/","https:\/\/www.crunchbase.com\/organization\/talkpal-9cde","https:\/\/www.g2.com\/products\/talkpal-for-business\/","https:\/\/www.trustpilot.com\/review\/talkpal.ai","https:\/\/www.capterra.com\/p\/10006800\/TalkPal\/"],"description":"Talkpal is a language learning web and mobile education app, powered by the latest AI technologies, that provides engaging experiences to its customers in many different languages to help them improve their language skills. Users can chat about unlimited amount of topics with the app and use other modes to practice their language learning.","email":"support@talkpal.ai","legalName":"Talkpal, Inc.","foundingDate":"2023-04-03","duns":"118989042","numberOfEmployees":{"@type":"QuantitativeValue","minValue":"11","maxValue":"50"},"publishingPrinciples":"https:\/\/talkpal.ai\/publishing-principles\/","actionableFeedbackPolicy":"https:\/\/talkpal.ai\/actionable-feedback-policy\/","correctionsPolicy":"https:\/\/talkpal.ai\/corrections-policy\/","ethicsPolicy":"https:\/\/talkpal.ai\/ethics-policy\/","diversityPolicy":"https:\/\/talkpal.ai\/diversity-policy\/","diversityStaffingReport":"https:\/\/talkpal.ai\/diversity-policy\/"}]}},"_links":{"self":[{"href":"https:\/\/talkpal.ai\/sv\/wp-json\/wp\/v2\/vocabulary\/1260515","targetHints":{"allow":["GET"]}}],"collection":[{"href":"https:\/\/talkpal.ai\/sv\/wp-json\/wp\/v2\/vocabulary"}],"about":[{"href":"https:\/\/talkpal.ai\/sv\/wp-json\/wp\/v2\/types\/vocabulary"}],"wp:featuredmedia":[{"embeddable":true,"href":"https:\/\/talkpal.ai\/sv\/wp-json\/wp\/v2\/media\/1527994"}],"wp:attachment":[{"href":"https:\/\/talkpal.ai\/sv\/wp-json\/wp\/v2\/media?parent=1260515"}],"wp:term":[{"taxonomy":"vocabulary_language","embeddable":true,"href":"https:\/\/talkpal.ai\/sv\/wp-json\/wp\/v2\/vocabulary_language?post=1260515"}],"curies":[{"name":"wp","href":"https:\/\/api.w.org\/{rel}","templated":true}]}}