{"id":1260111,"date":"2025-07-09T06:06:15","date_gmt":"2025-07-09T06:06:15","guid":{"rendered":"https:\/\/talkpal.ai\/vocabulary\/seder-och-bruk-i-det-nederlandska-spraket\/"},"modified":"2025-07-09T06:06:15","modified_gmt":"2025-07-09T06:06:15","slug":"seder-och-bruk-i-det-nederlandska-spraket","status":"publish","type":"vocabulary","link":"https:\/\/talkpal.ai\/sv\/vocabulary\/seder-och-bruk-i-det-nederlandska-spraket\/","title":{"rendered":"Seder och bruk i det nederl\u00e4ndska spr\u00e5ket"},"content":{"rendered":"<p>Att f\u00f6rst\u00e5 seder och bruk i det nederl\u00e4ndska spr\u00e5ket \u00e4r avg\u00f6rande f\u00f6r att verkligen kunna bem\u00e4stra spr\u00e5ket och integreras i den nederl\u00e4ndska kulturen. Spr\u00e5k och kultur g\u00e5r hand i hand, och genom att l\u00e4ra sig om de sociala normerna, h\u00f6gtiderna och vardagliga uttrycken i Nederl\u00e4nderna kan man kommunicera mer naturligt och respektfullt. F\u00f6r den som vill utveckla sina spr\u00e5kkunskaper \u00e4r <a href=\"https:\/\/talkpal.ai\/ko\/ai-%ec%96%b8%ec%96%b4-%ea%b5%90%ec%82%ac\/\">Talkpal<\/a> en utm\u00e4rkt plattform som kombinerar <a href=\"https:\/\/talkpal.ai\/sv\/hur-lar-man-sig-ett-sprak-via-talkpal-chat\/\">spr\u00e5kinl\u00e4rning<\/a> med kulturell f\u00f6rst\u00e5else, vilket g\u00f6r det b\u00e5de roligt och effektivt att l\u00e4ra sig nederl\u00e4ndska. I denna artikel kommer vi att f\u00f6rdjupa <a href=\"https:\/\/talkpal.ai\/locations\/language-courses-in-oss\/\">oss<\/a> i viktiga seder och bruk inom det nederl\u00e4ndska spr\u00e5ket, fr\u00e5n h\u00e4lsningsfraser till sociala normer och h\u00f6gtider, f\u00f6r att ge dig en helt\u00e4ckande bild av hur spr\u00e5ket anv\u00e4nds i vardagen och i festliga sammanhang.<\/p>\n<h2>Grundl\u00e4ggande h\u00e4lsningsfraser och artighetsuttryck<\/h2>\n<p>En viktig del av att bem\u00e4stra det nederl\u00e4ndska spr\u00e5ket \u00e4r att f\u00f6rst\u00e5 hur man h\u00e4lsar och visar artighet i olika sociala situationer. Nederl\u00e4ndarna \u00e4r k\u00e4nda f\u00f6r att vara b\u00e5de raka och h\u00f6vliga i sitt spr\u00e5kbruk, vilket reflekteras i deras vardagliga h\u00e4lsningar och uttryck.<\/p>\n<h3>Vanliga h\u00e4lsningsfraser<\/h3>\n<ul>\n<li><strong>Hallo<\/strong> \u2013 Ett informellt &#8221;hej&#8221; som anv\u00e4nds mellan v\u00e4nner och bekanta.<\/li>\n<li><strong>Goedemorgen<\/strong> \u2013 &#8221;God morgon&#8221;, anv\u00e4nds p\u00e5 morgonen.<\/li>\n<li><strong>Goedemiddag<\/strong> \u2013 &#8221;God eftermiddag&#8221;, vanligt fr\u00e5n lunchtid till sen eftermiddag.<\/li>\n<li><strong>Goedenavond<\/strong> \u2013 &#8221;God kv\u00e4ll&#8221;, anv\u00e4nds senare p\u00e5 dagen.<\/li>\n<li><strong>Dag<\/strong> eller <strong>Hoi<\/strong> \u2013 Informella h\u00e4lsningar som ocks\u00e5 betyder &#8221;hej&#8221;.<\/li>\n<\/ul>\n<h3>Artighetsfraser och formellt spr\u00e5k<\/h3>\n<p>Nederl\u00e4ndare anv\u00e4nder ofta formella pronomen som <em>u<\/em> n\u00e4r de talar med personer de inte k\u00e4nner v\u00e4l eller i professionella sammanhang. Det \u00e4r viktigt att kunna skilja p\u00e5 n\u00e4r man ska anv\u00e4nda <em>je\/jij<\/em> (du) och <em>u<\/em> (Ni) f\u00f6r att visa r\u00e4tt niv\u00e5 av respekt.<\/p>\n<ul>\n<li><strong>Alstublieft<\/strong> \u2013 &#8221;Vars\u00e5god&#8221; (formellt), anv\u00e4nds n\u00e4r man erbjuder n\u00e5got eller ber om n\u00e5got artigt.<\/li>\n<li><strong>Dank u wel<\/strong> \u2013 &#8221;Tack s\u00e5 mycket&#8221; (formellt).<\/li>\n<li><strong>Bedankt<\/strong> \u2013 Ett mer informellt &#8221;tack&#8221;.<\/li>\n<li><strong>Alsjeblieft<\/strong> \u2013 Informellt &#8221;vars\u00e5god&#8221;.<\/li>\n<\/ul>\n<h2>Sociala normer och kommunikationsstilar i Nederl\u00e4nderna<\/h2>\n<p>Det nederl\u00e4ndska samh\u00e4llet \u00e4r k\u00e4nt f\u00f6r sin direkthet, vilket ocks\u00e5 speglas i spr\u00e5ket. Att f\u00f6rst\u00e5 denna kommunikationsstil \u00e4r avg\u00f6rande f\u00f6r att undvika missf\u00f6rst\u00e5nd och bygga goda relationer.<\/p>\n<h3>Direkthet och \u00e4rlighet<\/h3>\n<p>Nederl\u00e4ndarna \u00e4r ofta mycket raka i sina uttryck, vilket kan uppfattas som konfrontativt i andra kulturer. I Nederl\u00e4nderna anses denna \u00f6ppenhet vara ett tecken p\u00e5 \u00e4rlighet och respekt. Det \u00e4r vanligt att man uttrycker sina \u00e5sikter tydligt och utan omsvep.<\/p>\n<h3>Viktigt med j\u00e4mlikhet<\/h3>\n<p>Det nederl\u00e4ndska samh\u00e4llet v\u00e4rderar j\u00e4mlikhet h\u00f6gt, n\u00e5got som \u00e4ven \u00e5terspeglas i spr\u00e5ket. Titlar anv\u00e4nds s\u00e4llan i vardagliga samtal, och det \u00e4r vanligt att tilltala varandra med f\u00f6rnamn, \u00e4ven i professionella sammanhang.<\/p>\n<h3>Kroppsspr\u00e5k och sociala interaktioner<\/h3>\n<ul>\n<li>Handslag \u00e4r vanligt vid f\u00f6rsta m\u00f6tet.<\/li>\n<li>Tre kyssar p\u00e5 kinden \u00e4r en tradition vid mer informella eller familj\u00e4ra sammanhang.<\/li>\n<li>\u00d6gonkontakt ses som ett tecken p\u00e5 \u00e4rlighet och engagemang.<\/li>\n<\/ul>\n<h2>H\u00f6gtider och traditionella bruk i Nederl\u00e4nderna<\/h2>\n<p>H\u00f6gtider spelar en stor roll i det nederl\u00e4ndska samh\u00e4llet och \u00e4r ofta fyllda med unika seder som speglar landets historia och kultur. Att k\u00e4nna till dessa ger en djupare f\u00f6rst\u00e5else f\u00f6r spr\u00e5ket och dess anv\u00e4ndning i olika sammanhang.<\/p>\n<h3>Sinterklaas \u2013 Nederl\u00e4ndernas mest \u00e4lskade h\u00f6gtid<\/h3>\n<p>Sinterklaas firas den 5 december och \u00e4r en <a href=\"https:\/\/talkpal.ai\/locations\/language-courses-in-central\/\">central<\/a> h\u00f6gtid f\u00f6r barnfamiljer. Traditionen innefattar att barnen f\u00e5r presenter, ofta med rim och g\u00e5tor, vilket g\u00f6r spr\u00e5ket lekfullt och kreativt under denna period.<\/p>\n<ul>\n<li><strong>Speculaas<\/strong> \u2013 Kryddiga sm\u00e5kakor som \u00e4r typiska f\u00f6r firandet.<\/li>\n<li><strong>Pakjesavond<\/strong> \u2013 Kv\u00e4llen d\u00e5 g\u00e5vor delas ut.<\/li>\n<li>Det \u00e4r vanligt att anv\u00e4nda speciella rim och ordlekar n\u00e4r man ger presenter.<\/li>\n<\/ul>\n<h3>Koningsdag \u2013 Firandet av kungens f\u00f6delsedag<\/h3>\n<p>Den 27 april firas Koningsdag med festligheter \u00f6ver hela landet. Spr\u00e5ket under denna dag \u00e4r ofta mer lekfullt och inkluderar m\u00e5nga lokala dialektuttryck samt slang.<\/p>\n<h3>P\u00e5sk och jul i Nederl\u00e4nderna<\/h3>\n<p>Precis som i m\u00e5nga andra europeiska l\u00e4nder \u00e4r <a href=\"https:\/\/talkpal.ai\/talkpal-easter-discount\/\">p\u00e5sk<\/a> och <a href=\"https:\/\/talkpal.ai\/talkpal-christmas-discount\/\">jul<\/a> viktiga h\u00f6gtider i Nederl\u00e4nderna. De har dock sina egna traditioner och spr\u00e5kbruk kopplade till firandet, s\u00e5som att utbyta julkort (kerstkaarten) och \u00e4ta traditionella p\u00e5skr\u00e4tter.<\/p>\n<h2>Spr\u00e5kliga nyanser i vardagliga situationer<\/h2>\n<p>F\u00f6r att kunna navigera i vardagslivet i Nederl\u00e4nderna \u00e4r det viktigt att f\u00f6rst\u00e5 spr\u00e5kliga nyanser som ofta h\u00f6r ihop med sociala situationer och kulturella f\u00f6rv\u00e4ntningar.<\/p>\n<h3>Sm\u00e5prat och konversations\u00e4mnen<\/h3>\n<p>Nederl\u00e4ndare kan uppfattas som reserverade till en b\u00f6rjan, men sm\u00e5prat kring v\u00e4der, sport och familjeliv \u00e4r vanligt n\u00e4r man l\u00e4r k\u00e4nna n\u00e5gon b\u00e4ttre. Vanliga fraser inkluderar:<\/p>\n<ul>\n<li><em>Hoe gaat het?<\/em> \u2013 &#8221;Hur m\u00e5r du?&#8221;<\/li>\n<li><em>Wat doe je voor werk?<\/em> \u2013 &#8221;Vad jobbar du med?&#8221;<\/li>\n<li><em>Heb je plannen voor het weekend?<\/em> \u2013 &#8221;Har du planer f\u00f6r helgen?&#8221;<\/li>\n<\/ul>\n<h3>Formella och informella register<\/h3>\n<p>Skillnaden mellan formellt och informellt spr\u00e5kbruk \u00e4r tydlig i nederl\u00e4ndskan, s\u00e4rskilt i arbetssammanhang och vid m\u00f6ten med nya m\u00e4nniskor. Att kunna anpassa sitt spr\u00e5k efter situationen \u00e4r avg\u00f6rande f\u00f6r att skapa goda intryck.<\/p>\n<h2>Dialekter och regionala skillnader<\/h2>\n<p>Nederl\u00e4nderna har flera dialekter som kan skilja sig markant fr\u00e5n standardnederl\u00e4ndska (Algemeen Beschaafd Nederlands). Att k\u00e4nna till dessa skillnader \u00e4r v\u00e4rdefullt, s\u00e4rskilt om man planerar att bo eller arbeta i olika delar av landet.<\/p>\n<h3>Exempel p\u00e5 dialekter<\/h3>\n<ul>\n<li><strong>Hollandska dialekter<\/strong> \u2013 Vanliga i v\u00e4stra Nederl\u00e4nderna, med tydliga skillnader i uttal och ordval.<\/li>\n<li><strong>Limburgs dialekt<\/strong> \u2013 En tysk-influerad dialekt i s\u00f6dra Nederl\u00e4nderna.<\/li>\n<li><strong>Frisiska<\/strong> \u2013 Ett eget spr\u00e5k som talas i Friesland, med stark kulturell identitet.<\/li>\n<\/ul>\n<h3>Hur dialekter p\u00e5verkar spr\u00e5kinl\u00e4rningen<\/h3>\n<p>F\u00f6r nyb\u00f6rjare rekommenderas att f\u00f6rst l\u00e4ra sig standardnederl\u00e4ndska innan man ger sig in i dialekterna. Dock kan en f\u00f6rst\u00e5else f\u00f6r regionala skillnader \u00f6ka b\u00e5de spr\u00e5kf\u00f6rst\u00e5elsen och den kulturella insikten.<\/p>\n<h2>Att l\u00e4ra sig nederl\u00e4ndska med fokus p\u00e5 kultur<\/h2>\n<p>Att l\u00e4ra sig ett spr\u00e5k handlar inte bara om grammatik och vokabul\u00e4r \u2013 det handlar ocks\u00e5 om att f\u00f6rst\u00e5 kulturen som spr\u00e5ket v\u00e4xer ur. Talkpal erbjuder en interaktiv plattform d\u00e4r du kan \u00f6va b\u00e5de spr\u00e5ket och l\u00e4ra dig om de traditioner och sociala normer som pr\u00e4glar Nederl\u00e4nderna.<\/p>\n<ul>\n<li>Interaktiva lektioner med fokus p\u00e5 konversation och kulturella inslag.<\/li>\n<li>M\u00f6jlighet att \u00f6va med modersm\u00e5lstalare.<\/li>\n<li>Material som t\u00e4cker h\u00f6gtider, sociala situationer och vardagsfraser.<\/li>\n<\/ul>\n<p>Genom att kombinera spr\u00e5kinl\u00e4rning med kulturell f\u00f6rst\u00e5else f\u00e5r du en mer komplett och givande upplevelse, vilket snabbare leder till flytande och naturlig kommunikation.<\/p>\n<h2>Sammanfattning<\/h2>\n<p>Att f\u00f6rst\u00e5 seder och bruk i det nederl\u00e4ndska spr\u00e5ket \u00e4r en nyckel till framg\u00e5ng i spr\u00e5kinl\u00e4rning och social integration i Nederl\u00e4nderna. Fr\u00e5n grundl\u00e4ggande h\u00e4lsningsfraser och artighetsuttryck till h\u00f6gtider som Sinterklaas och Koningsdag, speglar spr\u00e5ket landets v\u00e4rderingar och traditioner. Att vara medveten om den direkta kommunikationsstilen och de regionala dialekterna g\u00f6r det l\u00e4ttare att navigera i olika sociala och professionella sammanhang. Med hj\u00e4lp av plattformar som Talkpal kan du inte bara l\u00e4ra dig spr\u00e5ket, utan ocks\u00e5 f\u00f6rdjupa din f\u00f6rst\u00e5else f\u00f6r den nederl\u00e4ndska kulturen \u2013 en kombination som g\u00f6r dig redo f\u00f6r framg\u00e5ng i b\u00e5de vardagen och p\u00e5 arbetsplatsen.<\/p>\n","protected":false},"featured_media":1527918,"template":"","vocabulary_language":[4191],"class_list":["post-1260111","vocabulary","type-vocabulary","status-publish","has-post-thumbnail","hentry","vocabulary_language-kazakiska"],"acf":[],"yoast_head":"<!-- This site is optimized with the Yoast SEO Premium plugin v27.2 (Yoast SEO v27.2) - https:\/\/yoast.com\/product\/yoast-seo-premium-wordpress\/ -->\n<title>Seder och bruk i det nederl\u00e4ndska spr\u00e5ket - Talkpal<\/title>\n<meta name=\"description\" content=\"Att f\u00f6rst\u00e5 seder och bruk i det nederl\u00e4ndska spr\u00e5ket \u00e4r avg\u00f6rande f\u00f6r att verkligen kunna bem\u00e4stra spr\u00e5ket och integreras i den nederl\u00e4ndska kulturen.\" \/>\n<meta name=\"robots\" content=\"index, follow, max-snippet:-1, max-image-preview:large, max-video-preview:-1\" \/>\n<link rel=\"canonical\" href=\"https:\/\/talkpal.ai\/sv\/vocabulary\/seder-och-bruk-i-det-nederlandska-spraket\/\" \/>\n<meta property=\"og:locale\" content=\"sv_SE\" \/>\n<meta property=\"og:type\" content=\"article\" \/>\n<meta property=\"og:title\" content=\"Seder och bruk i det nederl\u00e4ndska spr\u00e5ket\" \/>\n<meta property=\"og:description\" content=\"Att f\u00f6rst\u00e5 seder och bruk i det nederl\u00e4ndska spr\u00e5ket \u00e4r avg\u00f6rande f\u00f6r att verkligen kunna bem\u00e4stra spr\u00e5ket och integreras i den nederl\u00e4ndska kulturen.\" \/>\n<meta property=\"og:url\" content=\"https:\/\/talkpal.ai\/sv\/vocabulary\/seder-och-bruk-i-det-nederlandska-spraket\/\" \/>\n<meta property=\"og:site_name\" content=\"Talkpal\" \/>\n<meta property=\"article:publisher\" content=\"https:\/\/www.facebook.com\/profile.php?id=100090733639311\" \/>\n<meta property=\"og:image\" content=\"https:\/\/talkpal.ai\/wp-content\/uploads\/2024\/10\/talkpal_flat_illustration_of_a_employees_working_together_happi_c674ff77-e477-4e09-835a-01d30e561e99.png\" \/>\n\t<meta property=\"og:image:width\" content=\"1024\" \/>\n\t<meta property=\"og:image:height\" content=\"1024\" \/>\n\t<meta property=\"og:image:type\" content=\"image\/png\" \/>\n<meta name=\"twitter:card\" content=\"summary_large_image\" \/>\n<meta name=\"twitter:site\" content=\"@talkpalai\" \/>\n<meta name=\"twitter:label1\" content=\"Ber\u00e4knad l\u00e4stid\" \/>\n\t<meta name=\"twitter:data1\" content=\"6 minuter\" \/>\n<script type=\"application\/ld+json\" class=\"yoast-schema-graph\">{\"@context\":\"https:\/\/schema.org\",\"@graph\":[{\"@type\":\"WebPage\",\"@id\":\"https:\/\/talkpal.ai\/sv\/vocabulary\/seder-och-bruk-i-det-nederlandska-spraket\/\",\"url\":\"https:\/\/talkpal.ai\/sv\/vocabulary\/seder-och-bruk-i-det-nederlandska-spraket\/\",\"name\":\"Seder och bruk i det nederl\u00e4ndska spr\u00e5ket - Talkpal\",\"isPartOf\":{\"@id\":\"https:\/\/talkpal.ai\/sv\/#website\"},\"primaryImageOfPage\":{\"@id\":\"https:\/\/talkpal.ai\/sv\/vocabulary\/seder-och-bruk-i-det-nederlandska-spraket\/#primaryimage\"},\"image\":{\"@id\":\"https:\/\/talkpal.ai\/sv\/vocabulary\/seder-och-bruk-i-det-nederlandska-spraket\/#primaryimage\"},\"thumbnailUrl\":\"https:\/\/talkpal.ai\/wp-content\/uploads\/2025\/12\/student-takes-notes-learning-languages.webp\",\"datePublished\":\"2025-07-09T06:06:15+00:00\",\"description\":\"Att f\u00f6rst\u00e5 seder och bruk i det nederl\u00e4ndska spr\u00e5ket \u00e4r avg\u00f6rande f\u00f6r att verkligen kunna bem\u00e4stra spr\u00e5ket och integreras i den nederl\u00e4ndska kulturen.\",\"breadcrumb\":{\"@id\":\"https:\/\/talkpal.ai\/sv\/vocabulary\/seder-och-bruk-i-det-nederlandska-spraket\/#breadcrumb\"},\"inLanguage\":\"sv-SE\",\"potentialAction\":[{\"@type\":\"ReadAction\",\"target\":[\"https:\/\/talkpal.ai\/sv\/vocabulary\/seder-och-bruk-i-det-nederlandska-spraket\/\"]}]},{\"@type\":\"ImageObject\",\"inLanguage\":\"sv-SE\",\"@id\":\"https:\/\/talkpal.ai\/sv\/vocabulary\/seder-och-bruk-i-det-nederlandska-spraket\/#primaryimage\",\"url\":\"https:\/\/talkpal.ai\/wp-content\/uploads\/2025\/12\/student-takes-notes-learning-languages.webp\",\"contentUrl\":\"https:\/\/talkpal.ai\/wp-content\/uploads\/2025\/12\/student-takes-notes-learning-languages.webp\",\"width\":1200,\"height\":896,\"caption\":\"A student wearing headphones takes notes in a workbook while learning languages in a sunny room.\"},{\"@type\":\"BreadcrumbList\",\"@id\":\"https:\/\/talkpal.ai\/sv\/vocabulary\/seder-och-bruk-i-det-nederlandska-spraket\/#breadcrumb\",\"itemListElement\":[{\"@type\":\"ListItem\",\"position\":1,\"name\":\"Homepage\",\"item\":\"https:\/\/talkpal.ai\/sv\/\"},{\"@type\":\"ListItem\",\"position\":2,\"name\":\"Seder och bruk i det nederl\u00e4ndska spr\u00e5ket\"}]},{\"@type\":\"WebSite\",\"@id\":\"https:\/\/talkpal.ai\/sv\/#website\",\"url\":\"https:\/\/talkpal.ai\/sv\/\",\"name\":\"Talkpal\",\"description\":\"AI Language Learning\",\"publisher\":{\"@id\":\"https:\/\/talkpal.ai\/sv\/#organization\"},\"alternateName\":\"Talkpal AI\",\"potentialAction\":[{\"@type\":\"SearchAction\",\"target\":{\"@type\":\"EntryPoint\",\"urlTemplate\":\"https:\/\/talkpal.ai\/sv\/?s={search_term_string}\"},\"query-input\":{\"@type\":\"PropertyValueSpecification\",\"valueRequired\":true,\"valueName\":\"search_term_string\"}}],\"inLanguage\":\"sv-SE\"},{\"@type\":\"Organization\",\"@id\":\"https:\/\/talkpal.ai\/sv\/#organization\",\"name\":\"Talkpal, Inc.\",\"alternateName\":\"Talkpal AI\",\"url\":\"https:\/\/talkpal.ai\/sv\/\",\"logo\":{\"@type\":\"ImageObject\",\"inLanguage\":\"sv-SE\",\"@id\":\"https:\/\/talkpal.ai\/sv\/#\/schema\/logo\/image\/\",\"url\":\"https:\/\/talkpal.ai\/wp-content\/uploads\/2024\/03\/Talkpal-Logo-Icon.png\",\"contentUrl\":\"https:\/\/talkpal.ai\/wp-content\/uploads\/2024\/03\/Talkpal-Logo-Icon.png\",\"width\":2880,\"height\":2880,\"caption\":\"Talkpal, Inc.\"},\"image\":{\"@id\":\"https:\/\/talkpal.ai\/sv\/#\/schema\/logo\/image\/\"},\"sameAs\":[\"https:\/\/www.facebook.com\/profile.php?id=100090733639311\",\"https:\/\/x.com\/talkpalai\",\"https:\/\/www.linkedin.com\/company\/talkpal\/\",\"https:\/\/www.youtube.com\/@TalkPal\/\",\"https:\/\/www.tiktok.com\/@talkpal\",\"https:\/\/www.instagram.com\/talkpal_ai\/\",\"https:\/\/www.crunchbase.com\/organization\/talkpal-9cde\",\"https:\/\/www.g2.com\/products\/talkpal-for-business\/\",\"https:\/\/www.trustpilot.com\/review\/talkpal.ai\",\"https:\/\/www.capterra.com\/p\/10006800\/TalkPal\/\"],\"description\":\"Talkpal is a language learning web and mobile education app, powered by the latest AI technologies, that provides engaging experiences to its customers in many different languages to help them improve their language skills. Users can chat about unlimited amount of topics with the app and use other modes to practice their language learning.\",\"email\":\"support@talkpal.ai\",\"legalName\":\"Talkpal, Inc.\",\"foundingDate\":\"2023-04-03\",\"duns\":\"118989042\",\"numberOfEmployees\":{\"@type\":\"QuantitativeValue\",\"minValue\":\"11\",\"maxValue\":\"50\"},\"publishingPrinciples\":\"https:\/\/talkpal.ai\/publishing-principles\/\",\"actionableFeedbackPolicy\":\"https:\/\/talkpal.ai\/actionable-feedback-policy\/\",\"correctionsPolicy\":\"https:\/\/talkpal.ai\/corrections-policy\/\",\"ethicsPolicy\":\"https:\/\/talkpal.ai\/ethics-policy\/\",\"diversityPolicy\":\"https:\/\/talkpal.ai\/diversity-policy\/\",\"diversityStaffingReport\":\"https:\/\/talkpal.ai\/diversity-policy\/\"}]}<\/script>\n<!-- \/ Yoast SEO Premium plugin. -->","yoast_head_json":{"title":"Seder och bruk i det nederl\u00e4ndska spr\u00e5ket - Talkpal","description":"Att f\u00f6rst\u00e5 seder och bruk i det nederl\u00e4ndska spr\u00e5ket \u00e4r avg\u00f6rande f\u00f6r att verkligen kunna bem\u00e4stra spr\u00e5ket och integreras i den nederl\u00e4ndska kulturen.","robots":{"index":"index","follow":"follow","max-snippet":"max-snippet:-1","max-image-preview":"max-image-preview:large","max-video-preview":"max-video-preview:-1"},"canonical":"https:\/\/talkpal.ai\/sv\/vocabulary\/seder-och-bruk-i-det-nederlandska-spraket\/","og_locale":"sv_SE","og_type":"article","og_title":"Seder och bruk i det nederl\u00e4ndska spr\u00e5ket","og_description":"Att f\u00f6rst\u00e5 seder och bruk i det nederl\u00e4ndska spr\u00e5ket \u00e4r avg\u00f6rande f\u00f6r att verkligen kunna bem\u00e4stra spr\u00e5ket och integreras i den nederl\u00e4ndska kulturen.","og_url":"https:\/\/talkpal.ai\/sv\/vocabulary\/seder-och-bruk-i-det-nederlandska-spraket\/","og_site_name":"Talkpal","article_publisher":"https:\/\/www.facebook.com\/profile.php?id=100090733639311","og_image":[{"width":1024,"height":1024,"url":"https:\/\/talkpal.ai\/wp-content\/uploads\/2024\/10\/talkpal_flat_illustration_of_a_employees_working_together_happi_c674ff77-e477-4e09-835a-01d30e561e99.png","type":"image\/png"}],"twitter_card":"summary_large_image","twitter_site":"@talkpalai","twitter_misc":{"Ber\u00e4knad l\u00e4stid":"6 minuter"},"schema":{"@context":"https:\/\/schema.org","@graph":[{"@type":"WebPage","@id":"https:\/\/talkpal.ai\/sv\/vocabulary\/seder-och-bruk-i-det-nederlandska-spraket\/","url":"https:\/\/talkpal.ai\/sv\/vocabulary\/seder-och-bruk-i-det-nederlandska-spraket\/","name":"Seder och bruk i det nederl\u00e4ndska spr\u00e5ket - Talkpal","isPartOf":{"@id":"https:\/\/talkpal.ai\/sv\/#website"},"primaryImageOfPage":{"@id":"https:\/\/talkpal.ai\/sv\/vocabulary\/seder-och-bruk-i-det-nederlandska-spraket\/#primaryimage"},"image":{"@id":"https:\/\/talkpal.ai\/sv\/vocabulary\/seder-och-bruk-i-det-nederlandska-spraket\/#primaryimage"},"thumbnailUrl":"https:\/\/talkpal.ai\/wp-content\/uploads\/2025\/12\/student-takes-notes-learning-languages.webp","datePublished":"2025-07-09T06:06:15+00:00","description":"Att f\u00f6rst\u00e5 seder och bruk i det nederl\u00e4ndska spr\u00e5ket \u00e4r avg\u00f6rande f\u00f6r att verkligen kunna bem\u00e4stra spr\u00e5ket och integreras i den nederl\u00e4ndska kulturen.","breadcrumb":{"@id":"https:\/\/talkpal.ai\/sv\/vocabulary\/seder-och-bruk-i-det-nederlandska-spraket\/#breadcrumb"},"inLanguage":"sv-SE","potentialAction":[{"@type":"ReadAction","target":["https:\/\/talkpal.ai\/sv\/vocabulary\/seder-och-bruk-i-det-nederlandska-spraket\/"]}]},{"@type":"ImageObject","inLanguage":"sv-SE","@id":"https:\/\/talkpal.ai\/sv\/vocabulary\/seder-och-bruk-i-det-nederlandska-spraket\/#primaryimage","url":"https:\/\/talkpal.ai\/wp-content\/uploads\/2025\/12\/student-takes-notes-learning-languages.webp","contentUrl":"https:\/\/talkpal.ai\/wp-content\/uploads\/2025\/12\/student-takes-notes-learning-languages.webp","width":1200,"height":896,"caption":"A student wearing headphones takes notes in a workbook while learning languages in a sunny room."},{"@type":"BreadcrumbList","@id":"https:\/\/talkpal.ai\/sv\/vocabulary\/seder-och-bruk-i-det-nederlandska-spraket\/#breadcrumb","itemListElement":[{"@type":"ListItem","position":1,"name":"Homepage","item":"https:\/\/talkpal.ai\/sv\/"},{"@type":"ListItem","position":2,"name":"Seder och bruk i det nederl\u00e4ndska spr\u00e5ket"}]},{"@type":"WebSite","@id":"https:\/\/talkpal.ai\/sv\/#website","url":"https:\/\/talkpal.ai\/sv\/","name":"Talkpal","description":"AI Language Learning","publisher":{"@id":"https:\/\/talkpal.ai\/sv\/#organization"},"alternateName":"Talkpal AI","potentialAction":[{"@type":"SearchAction","target":{"@type":"EntryPoint","urlTemplate":"https:\/\/talkpal.ai\/sv\/?s={search_term_string}"},"query-input":{"@type":"PropertyValueSpecification","valueRequired":true,"valueName":"search_term_string"}}],"inLanguage":"sv-SE"},{"@type":"Organization","@id":"https:\/\/talkpal.ai\/sv\/#organization","name":"Talkpal, Inc.","alternateName":"Talkpal AI","url":"https:\/\/talkpal.ai\/sv\/","logo":{"@type":"ImageObject","inLanguage":"sv-SE","@id":"https:\/\/talkpal.ai\/sv\/#\/schema\/logo\/image\/","url":"https:\/\/talkpal.ai\/wp-content\/uploads\/2024\/03\/Talkpal-Logo-Icon.png","contentUrl":"https:\/\/talkpal.ai\/wp-content\/uploads\/2024\/03\/Talkpal-Logo-Icon.png","width":2880,"height":2880,"caption":"Talkpal, Inc."},"image":{"@id":"https:\/\/talkpal.ai\/sv\/#\/schema\/logo\/image\/"},"sameAs":["https:\/\/www.facebook.com\/profile.php?id=100090733639311","https:\/\/x.com\/talkpalai","https:\/\/www.linkedin.com\/company\/talkpal\/","https:\/\/www.youtube.com\/@TalkPal\/","https:\/\/www.tiktok.com\/@talkpal","https:\/\/www.instagram.com\/talkpal_ai\/","https:\/\/www.crunchbase.com\/organization\/talkpal-9cde","https:\/\/www.g2.com\/products\/talkpal-for-business\/","https:\/\/www.trustpilot.com\/review\/talkpal.ai","https:\/\/www.capterra.com\/p\/10006800\/TalkPal\/"],"description":"Talkpal is a language learning web and mobile education app, powered by the latest AI technologies, that provides engaging experiences to its customers in many different languages to help them improve their language skills. Users can chat about unlimited amount of topics with the app and use other modes to practice their language learning.","email":"support@talkpal.ai","legalName":"Talkpal, Inc.","foundingDate":"2023-04-03","duns":"118989042","numberOfEmployees":{"@type":"QuantitativeValue","minValue":"11","maxValue":"50"},"publishingPrinciples":"https:\/\/talkpal.ai\/publishing-principles\/","actionableFeedbackPolicy":"https:\/\/talkpal.ai\/actionable-feedback-policy\/","correctionsPolicy":"https:\/\/talkpal.ai\/corrections-policy\/","ethicsPolicy":"https:\/\/talkpal.ai\/ethics-policy\/","diversityPolicy":"https:\/\/talkpal.ai\/diversity-policy\/","diversityStaffingReport":"https:\/\/talkpal.ai\/diversity-policy\/"}]}},"_links":{"self":[{"href":"https:\/\/talkpal.ai\/sv\/wp-json\/wp\/v2\/vocabulary\/1260111","targetHints":{"allow":["GET"]}}],"collection":[{"href":"https:\/\/talkpal.ai\/sv\/wp-json\/wp\/v2\/vocabulary"}],"about":[{"href":"https:\/\/talkpal.ai\/sv\/wp-json\/wp\/v2\/types\/vocabulary"}],"wp:featuredmedia":[{"embeddable":true,"href":"https:\/\/talkpal.ai\/sv\/wp-json\/wp\/v2\/media\/1527918"}],"wp:attachment":[{"href":"https:\/\/talkpal.ai\/sv\/wp-json\/wp\/v2\/media?parent=1260111"}],"wp:term":[{"taxonomy":"vocabulary_language","embeddable":true,"href":"https:\/\/talkpal.ai\/sv\/wp-json\/wp\/v2\/vocabulary_language?post=1260111"}],"curies":[{"name":"wp","href":"https:\/\/api.w.org\/{rel}","templated":true}]}}