{"id":1259708,"date":"2025-07-09T05:59:39","date_gmt":"2025-07-09T05:59:39","guid":{"rendered":"https:\/\/talkpal.ai\/vocabulary\/att-lara-sig-klockan-pa-katalanska\/"},"modified":"2025-07-09T05:59:39","modified_gmt":"2025-07-09T05:59:39","slug":"att-lara-sig-klockan-pa-katalanska","status":"publish","type":"vocabulary","link":"https:\/\/talkpal.ai\/sv\/vocabulary\/att-lara-sig-klockan-pa-katalanska\/","title":{"rendered":"Att L\u00e4ra Sig Klockan p\u00e5 Katalanska"},"content":{"rendered":"<p>Att l\u00e4ra sig klockan p\u00e5 <a href=\"https:\/\/talkpal.ai\/learn-catalan\/\">katalanska<\/a> \u00e4r en viktig milstolpe f\u00f6r alla som vill beh\u00e4rska detta romanspr\u00e5k, som <a href=\"https:\/\/talkpal.ai\/locations\/language-courses-in-talas\/\">talas<\/a> av miljontals m\u00e4nniskor i Katalonien och andra delar av Spanien. Att kunna uttrycka tid korrekt underl\u00e4ttar inte bara vardagliga samtal utan ger ocks\u00e5 en djupare f\u00f6rst\u00e5else f\u00f6r spr\u00e5kets struktur och kultur. I denna artikel g\u00e5r vi igenom allt fr\u00e5n grunderna i tidsuttryck p\u00e5 katalanska till mer avancerade s\u00e4tt att ange tid. Genom att anv\u00e4nda plattformar som <a href=\"https:\/\/talkpal.ai\/ko\/ai-%ec%96%b8%ec%96%b4-%ea%b5%90%ec%82%ac\/\">Talkpal<\/a> kan du effektivt \u00f6va och f\u00f6rb\u00e4ttra dina spr\u00e5kkunskaper med interaktiva lektioner och praktiska \u00f6vningar.<\/p>\n<h2>Grundl\u00e4ggande tidsuttryck p\u00e5 katalanska<\/h2>\n<p>Att b\u00f6rja med de grundl\u00e4ggande uttrycken f\u00f6r att ange tid \u00e4r avg\u00f6rande f\u00f6r att snabbt <a href=\"https:\/\/talkpal.ai\/ko\/ai-%ec%96%b8%ec%96%b4-%ea%b5%90%ec%82%ac\/\">komma ig\u00e5ng<\/a> med att l\u00e4ra sig klockan p\u00e5 katalanska. H\u00e4r g\u00e5r vi igenom de vanligaste orden och fraserna som beh\u00f6vs f\u00f6r att f\u00f6rst\u00e5 och s\u00e4ga tiden.<\/p>\n<h3>De viktigaste orden f\u00f6r tid<\/h3>\n<ul>\n<li><strong>Hora<\/strong> \u2013 timme<\/li>\n<li><strong>Minut<\/strong> \u2013 minut<\/li>\n<li><strong>Segon<\/strong> \u2013 sekund<\/li>\n<li><strong>Mat\u00ed<\/strong> \u2013 morgon<\/li>\n<li><strong>Tarda<\/strong> \u2013 eftermiddag<\/li>\n<li><strong>Vespre<\/strong> \u2013 kv\u00e4ll<\/li>\n<li><strong>Mitjanit<\/strong> \u2013 midnatt<\/li>\n<li><strong>Migdia<\/strong> \u2013 middag (kl. 12:00)<\/li>\n<\/ul>\n<h3>Hur man uttrycker hela timmar<\/h3>\n<p>P\u00e5 katalanska anv\u00e4nds verbet <em>ser<\/em> (&#8221;att vara&#8221;) n\u00e4r man talar om klockslag. Klockan ett uttrycks annorlunda \u00e4n andra timmar, vilket liknar <a href=\"https:\/\/talkpal.ai\/learn-spanish\/\">spanska<\/a> och <a href=\"https:\/\/talkpal.ai\/learn-french\/\">franska<\/a>.<\/p>\n<p>Exempel:<\/p>\n<ul>\n<li>\u00c9s la una. \u2013 Klockan \u00e4r ett.<\/li>\n<li>S\u00f3n les dues. \u2013 Klockan \u00e4r tv\u00e5.<\/li>\n<li>S\u00f3n les tres. \u2013 Klockan \u00e4r tre.<\/li>\n<\/ul>\n<p>Notera att \u201d\u00e9s la\u201d anv\u00e4nds endast f\u00f6r kl. 1, medan \u201ds\u00f3n les\u201d anv\u00e4nds f\u00f6r alla andra timmar.<\/p>\n<h2>Att s\u00e4ga minuter p\u00e5 katalanska<\/h2>\n<p>N\u00e4r du vill specificera minuter efter eller f\u00f6re timmen finns det olika uttryck och konstruktioner att k\u00e4nna till.<\/p>\n<h3>Minuter efter timmen<\/h3>\n<p>Till skillnad fr\u00e5n <a href=\"https:\/\/talkpal.ai\/learn-swedish\/\">svenska<\/a>, d\u00e4r vi oftast s\u00e4ger \u201dtjugo \u00f6ver tv\u00e5\u201d, anv\u00e4nds p\u00e5 katalanska frasen <em>i<\/em> (&#8221;och&#8221;) f\u00f6r att l\u00e4gga till minuter efter timmen.<\/p>\n<p>Exempel:<\/p>\n<ul>\n<li>\u00c9s la una i cinc. \u2013 Klockan \u00e4r fem \u00f6ver ett.<\/li>\n<li>S\u00f3n les tres i vint. \u2013 Klockan \u00e4r tjugo \u00f6ver tre.<\/li>\n<\/ul>\n<h3>Minuter f\u00f6re timmen<\/h3>\n<p>F\u00f6r att uttrycka minuter f\u00f6re n\u00e4sta timme anv\u00e4nds prepositionen <em>menys<\/em> (&#8221;minus&#8221;):<\/p>\n<ul>\n<li>S\u00f3n les quatre menys deu. \u2013 Klockan \u00e4r tio i fyra.<\/li>\n<li>\u00c9s la una menys cinc. \u2013 Klockan \u00e4r fem i ett.<\/li>\n<\/ul>\n<p>Detta \u00e4r mycket vanligt och viktigt att beh\u00e4rska f\u00f6r att f\u00f6rst\u00e5 och kunna uttrycka tid naturligt p\u00e5 katalanska.<\/p>\n<h3>Halv och kvarts p\u00e5 katalanska<\/h3>\n<p>Precis som i m\u00e5nga andra spr\u00e5k finns s\u00e4rskilda uttryck f\u00f6r \u201dkvart \u00f6ver\u201d, \u201dkvart i\u201d och \u201dhalv\u201d:<\/p>\n<ul>\n<li>Quart \u2013 kvart<\/li>\n<li>Mitja \u2013 halv<\/li>\n<\/ul>\n<p>Exempel:<\/p>\n<ul>\n<li>\u00c9s la una i quart. \u2013 Klockan \u00e4r kvart \u00f6ver ett.<\/li>\n<li>S\u00f3n les dues menys quart. \u2013 Klockan \u00e4r kvart i tv\u00e5.<\/li>\n<li>\u00c9s la una i mitja. \u2013 Klockan \u00e4r halv tv\u00e5.<\/li>\n<\/ul>\n<h2>24-timmarsklocka vs. 12-timmarsklocka p\u00e5 katalanska<\/h2>\n<p>Precis som i svenskan kan man p\u00e5 katalanska anv\u00e4nda b\u00e5de 12-timmars- och 24-timmarsformat. Dock \u00e4r 24-timmarsformatet vanligare i skrift och formella sammanhang.<\/p>\n<h3>12-timmarsformatet<\/h3>\n<p>N\u00e4r man anv\u00e4nder 12-timmarsformat l\u00e4ggs ofta till f\u00f6rtydliganden som <em>del mat\u00ed<\/em> (p\u00e5 morgonen), <em>de la tarda<\/em> (p\u00e5 eftermiddagen) eller <em>de la nit<\/em> (p\u00e5 kv\u00e4llen):<\/p>\n<ul>\n<li>\u00c9s la una del mat\u00ed. \u2013 Klockan \u00e4r ett p\u00e5 morgonen.<\/li>\n<li>S\u00f3n les vuit de la tarda. \u2013 Klockan \u00e4r \u00e5tta p\u00e5 kv\u00e4llen.<\/li>\n<\/ul>\n<h3>24-timmarsformatet<\/h3>\n<p>I formella sammanhang, som tidtabeller, anv\u00e4nds 24-timmarsformatet, vilket \u00e4r enkelt och liknar svenskt s\u00e4tt:<\/p>\n<ul>\n<li>13:00 \u2013 \u00c9s la una del migdia.<\/li>\n<li>18:30 \u2013 S\u00f3n les divuit i mitja.<\/li>\n<\/ul>\n<p>Att k\u00e4nna till b\u00e5da systemen \u00e4r viktigt f\u00f6r att kunna l\u00e4sa och f\u00f6rst\u00e5 tidtabeller, scheman och dagliga samtal.<\/p>\n<h2>Praktiska tips f\u00f6r att l\u00e4ra sig klockan p\u00e5 katalanska<\/h2>\n<p>Att l\u00e4ra sig tid p\u00e5 ett nytt spr\u00e5k kan k\u00e4nnas utmanande, men med r\u00e4tt metoder blir inl\u00e4rningen b\u00e5de rolig och effektiv. H\u00e4r \u00e4r n\u00e5gra tips f\u00f6r dig som vill beh\u00e4rska klockan p\u00e5 katalanska:<\/p>\n<ul>\n<li><strong>\u00d6va regelbundet:<\/strong> Repetition \u00e4r nyckeln till framg\u00e5ng. S\u00e4tt av tid varje dag f\u00f6r att \u00f6va p\u00e5 tidsuttryck.<\/li>\n<li><strong>Anv\u00e4nd digitala verktyg:<\/strong> Plattformar som Talkpal erbjuder interaktiva \u00f6vningar och samtal som hj\u00e4lper dig att praktisera tid p\u00e5 katalanska.<\/li>\n<li><strong>Titta p\u00e5 katalanskspr\u00e5kiga program:<\/strong> Genom att lyssna p\u00e5 hur modersm\u00e5lstalare s\u00e4ger tid f\u00e5r du en b\u00e4ttre k\u00e4nsla f\u00f6r uttal och rytm.<\/li>\n<li><strong>Skapa egna exempel:<\/strong> Skriv ner olika klockslag och \u00f6va p\u00e5 att s\u00e4ga dem h\u00f6gt.<\/li>\n<li><strong>Par\u00f6vningar:<\/strong> \u00d6va med en spr\u00e5kpartner d\u00e4r ni st\u00e4ller fr\u00e5gor som \u201dQuina hora \u00e9s?\u201d (Vad \u00e4r klockan?) och svarar korrekt.<\/li>\n<\/ul>\n<h2>Vanliga fr\u00e5gor om att l\u00e4ra sig klockan p\u00e5 katalanska<\/h2>\n<h3>Hur s\u00e4ger man \u201dklockan \u00e4r midnatt\u201d p\u00e5 katalanska?<\/h3>\n<p>Midnatt heter <em>mitjanit<\/em> p\u00e5 katalanska. Du s\u00e4ger: <em>\u00c9s mitjanit.<\/em><\/p>\n<h3>Vad betyder \u201d\u00c9s la una i mitja\u201d?<\/h3>\n<p>Det betyder \u201dklockan \u00e4r halv tv\u00e5\u201d. Observera att p\u00e5 katalanska s\u00e4ger man \u201dhalv tv\u00e5\u201d som \u201den och en halv\u201d, vilket liknar svenskt uttryck.<\/p>\n<h3>Kan man anv\u00e4nda \u201ddel mat\u00ed\u201d och \u201dde la tarda\u201d i alla regioner?<\/h3>\n<p>Ja, dessa uttryck \u00e4r standard i katalanska spr\u00e5ket och anv\u00e4nds konsekvent i Katalonien och andra katalansktalande omr\u00e5den.<\/p>\n<h2>Sammanfattning<\/h2>\n<p>Att l\u00e4ra sig klockan p\u00e5 katalanska \u00e4r en grundl\u00e4ggande del av spr\u00e5kinl\u00e4rningen som \u00f6ppnar d\u00f6rren till b\u00e4ttre kommunikation och f\u00f6rst\u00e5else av kulturen. Genom att beh\u00e4rska b\u00e5de hel- och halvtimmar, minuter f\u00f6re och efter timmen samt att k\u00e4nna till skillnaden mellan 12- och 24-timmarsklocka, kan du uttrycka och f\u00f6rst\u00e5 tid p\u00e5 ett naturligt s\u00e4tt. Med hj\u00e4lp av moderna verktyg som Talkpal kan du snabbt f\u00f6rb\u00e4ttra dina f\u00e4rdigheter och f\u00e5 praktisk erfarenhet. \u00d6va regelbundet, lyssna p\u00e5 modersm\u00e5lstalare och ha t\u00e5lamod \u2013 snart kommer du att kunna s\u00e4ga och f\u00f6rst\u00e5 tid p\u00e5 katalanska som en inf\u00f6dd!<\/p>\n<p>Att kunna klockan \u00e4r inte bara en spr\u00e5klig f\u00e4rdighet utan ocks\u00e5 en nyckel till att <a href=\"https:\/\/talkpal.ai\/locations\/language-courses-in-delta\/\">delta<\/a> i vardagslivet och kulturen i katalansktalande samh\u00e4llen. B\u00f6rja idag och ta steget mot att bli flytande i katalanska!<\/p>\n","protected":false},"featured_media":1529857,"template":"","vocabulary_language":[4209],"class_list":["post-1259708","vocabulary","type-vocabulary","status-publish","has-post-thumbnail","hentry","vocabulary_language-tamil-sv"],"acf":[],"yoast_head":"<!-- This site is optimized with the Yoast SEO Premium plugin v27.2 (Yoast SEO v27.2) - https:\/\/yoast.com\/product\/yoast-seo-premium-wordpress\/ -->\n<title>Att L\u00e4ra Sig Klockan p\u00e5 Katalanska - Talkpal<\/title>\n<meta name=\"description\" content=\"Att l\u00e4ra sig klockan p\u00e5 katalanska \u00e4r en viktig milstolpe f\u00f6r alla som vill beh\u00e4rska detta romanspr\u00e5k, som talas av miljontals m\u00e4nniskor i Katalonien och\" \/>\n<meta name=\"robots\" content=\"index, follow, max-snippet:-1, max-image-preview:large, max-video-preview:-1\" \/>\n<link rel=\"canonical\" href=\"https:\/\/talkpal.ai\/sv\/vocabulary\/att-lara-sig-klockan-pa-katalanska\/\" \/>\n<meta property=\"og:locale\" content=\"sv_SE\" \/>\n<meta property=\"og:type\" content=\"article\" \/>\n<meta property=\"og:title\" content=\"Att L\u00e4ra Sig Klockan p\u00e5 Katalanska\" \/>\n<meta property=\"og:description\" content=\"Att l\u00e4ra sig klockan p\u00e5 katalanska \u00e4r en viktig milstolpe f\u00f6r alla som vill beh\u00e4rska detta romanspr\u00e5k, som talas av miljontals m\u00e4nniskor i Katalonien och\" \/>\n<meta property=\"og:url\" content=\"https:\/\/talkpal.ai\/sv\/vocabulary\/att-lara-sig-klockan-pa-katalanska\/\" \/>\n<meta property=\"og:site_name\" content=\"Talkpal\" \/>\n<meta property=\"article:publisher\" content=\"https:\/\/www.facebook.com\/profile.php?id=100090733639311\" \/>\n<meta property=\"og:image\" content=\"https:\/\/talkpal.ai\/wp-content\/uploads\/2024\/10\/talkpal_flat_illustration_of_a_employees_working_together_happi_c674ff77-e477-4e09-835a-01d30e561e99.png\" \/>\n\t<meta property=\"og:image:width\" content=\"1024\" \/>\n\t<meta property=\"og:image:height\" content=\"1024\" \/>\n\t<meta property=\"og:image:type\" content=\"image\/png\" \/>\n<meta name=\"twitter:card\" content=\"summary_large_image\" \/>\n<meta name=\"twitter:site\" content=\"@talkpalai\" \/>\n<meta name=\"twitter:label1\" content=\"Ber\u00e4knad l\u00e4stid\" \/>\n\t<meta name=\"twitter:data1\" content=\"5 minuter\" \/>\n<script type=\"application\/ld+json\" class=\"yoast-schema-graph\">{\"@context\":\"https:\/\/schema.org\",\"@graph\":[{\"@type\":\"WebPage\",\"@id\":\"https:\/\/talkpal.ai\/sv\/vocabulary\/att-lara-sig-klockan-pa-katalanska\/\",\"url\":\"https:\/\/talkpal.ai\/sv\/vocabulary\/att-lara-sig-klockan-pa-katalanska\/\",\"name\":\"Att L\u00e4ra Sig Klockan p\u00e5 Katalanska - Talkpal\",\"isPartOf\":{\"@id\":\"https:\/\/talkpal.ai\/sv\/#website\"},\"primaryImageOfPage\":{\"@id\":\"https:\/\/talkpal.ai\/sv\/vocabulary\/att-lara-sig-klockan-pa-katalanska\/#primaryimage\"},\"image\":{\"@id\":\"https:\/\/talkpal.ai\/sv\/vocabulary\/att-lara-sig-klockan-pa-katalanska\/#primaryimage\"},\"thumbnailUrl\":\"https:\/\/talkpal.ai\/wp-content\/uploads\/2025\/12\/textbook-is-studied-to-learn-languages.webp\",\"datePublished\":\"2025-07-09T05:59:39+00:00\",\"description\":\"Att l\u00e4ra sig klockan p\u00e5 katalanska \u00e4r en viktig milstolpe f\u00f6r alla som vill beh\u00e4rska detta romanspr\u00e5k, som talas av miljontals m\u00e4nniskor i Katalonien och\",\"breadcrumb\":{\"@id\":\"https:\/\/talkpal.ai\/sv\/vocabulary\/att-lara-sig-klockan-pa-katalanska\/#breadcrumb\"},\"inLanguage\":\"sv-SE\",\"potentialAction\":[{\"@type\":\"ReadAction\",\"target\":[\"https:\/\/talkpal.ai\/sv\/vocabulary\/att-lara-sig-klockan-pa-katalanska\/\"]}]},{\"@type\":\"ImageObject\",\"inLanguage\":\"sv-SE\",\"@id\":\"https:\/\/talkpal.ai\/sv\/vocabulary\/att-lara-sig-klockan-pa-katalanska\/#primaryimage\",\"url\":\"https:\/\/talkpal.ai\/wp-content\/uploads\/2025\/12\/textbook-is-studied-to-learn-languages.webp\",\"contentUrl\":\"https:\/\/talkpal.ai\/wp-content\/uploads\/2025\/12\/textbook-is-studied-to-learn-languages.webp\",\"width\":1200,\"height\":896,\"caption\":\"A man wearing headphones sits at a desk to learn languages in a vast, dark library hall.\"},{\"@type\":\"BreadcrumbList\",\"@id\":\"https:\/\/talkpal.ai\/sv\/vocabulary\/att-lara-sig-klockan-pa-katalanska\/#breadcrumb\",\"itemListElement\":[{\"@type\":\"ListItem\",\"position\":1,\"name\":\"Homepage\",\"item\":\"https:\/\/talkpal.ai\/sv\/\"},{\"@type\":\"ListItem\",\"position\":2,\"name\":\"Att L\u00e4ra Sig Klockan p\u00e5 Katalanska\"}]},{\"@type\":\"WebSite\",\"@id\":\"https:\/\/talkpal.ai\/sv\/#website\",\"url\":\"https:\/\/talkpal.ai\/sv\/\",\"name\":\"Talkpal\",\"description\":\"AI Language Learning\",\"publisher\":{\"@id\":\"https:\/\/talkpal.ai\/sv\/#organization\"},\"alternateName\":\"Talkpal AI\",\"potentialAction\":[{\"@type\":\"SearchAction\",\"target\":{\"@type\":\"EntryPoint\",\"urlTemplate\":\"https:\/\/talkpal.ai\/sv\/?s={search_term_string}\"},\"query-input\":{\"@type\":\"PropertyValueSpecification\",\"valueRequired\":true,\"valueName\":\"search_term_string\"}}],\"inLanguage\":\"sv-SE\"},{\"@type\":\"Organization\",\"@id\":\"https:\/\/talkpal.ai\/sv\/#organization\",\"name\":\"Talkpal, Inc.\",\"alternateName\":\"Talkpal AI\",\"url\":\"https:\/\/talkpal.ai\/sv\/\",\"logo\":{\"@type\":\"ImageObject\",\"inLanguage\":\"sv-SE\",\"@id\":\"https:\/\/talkpal.ai\/sv\/#\/schema\/logo\/image\/\",\"url\":\"https:\/\/talkpal.ai\/wp-content\/uploads\/2024\/03\/Talkpal-Logo-Icon.png\",\"contentUrl\":\"https:\/\/talkpal.ai\/wp-content\/uploads\/2024\/03\/Talkpal-Logo-Icon.png\",\"width\":2880,\"height\":2880,\"caption\":\"Talkpal, Inc.\"},\"image\":{\"@id\":\"https:\/\/talkpal.ai\/sv\/#\/schema\/logo\/image\/\"},\"sameAs\":[\"https:\/\/www.facebook.com\/profile.php?id=100090733639311\",\"https:\/\/x.com\/talkpalai\",\"https:\/\/www.linkedin.com\/company\/talkpal\/\",\"https:\/\/www.youtube.com\/@TalkPal\/\",\"https:\/\/www.tiktok.com\/@talkpal\",\"https:\/\/www.instagram.com\/talkpal_ai\/\",\"https:\/\/www.crunchbase.com\/organization\/talkpal-9cde\",\"https:\/\/www.g2.com\/products\/talkpal-for-business\/\",\"https:\/\/www.trustpilot.com\/review\/talkpal.ai\",\"https:\/\/www.capterra.com\/p\/10006800\/TalkPal\/\"],\"description\":\"Talkpal is a language learning web and mobile education app, powered by the latest AI technologies, that provides engaging experiences to its customers in many different languages to help them improve their language skills. Users can chat about unlimited amount of topics with the app and use other modes to practice their language learning.\",\"email\":\"support@talkpal.ai\",\"legalName\":\"Talkpal, Inc.\",\"foundingDate\":\"2023-04-03\",\"duns\":\"118989042\",\"numberOfEmployees\":{\"@type\":\"QuantitativeValue\",\"minValue\":\"11\",\"maxValue\":\"50\"},\"publishingPrinciples\":\"https:\/\/talkpal.ai\/publishing-principles\/\",\"actionableFeedbackPolicy\":\"https:\/\/talkpal.ai\/actionable-feedback-policy\/\",\"correctionsPolicy\":\"https:\/\/talkpal.ai\/corrections-policy\/\",\"ethicsPolicy\":\"https:\/\/talkpal.ai\/ethics-policy\/\",\"diversityPolicy\":\"https:\/\/talkpal.ai\/diversity-policy\/\",\"diversityStaffingReport\":\"https:\/\/talkpal.ai\/diversity-policy\/\"}]}<\/script>\n<!-- \/ Yoast SEO Premium plugin. -->","yoast_head_json":{"title":"Att L\u00e4ra Sig Klockan p\u00e5 Katalanska - Talkpal","description":"Att l\u00e4ra sig klockan p\u00e5 katalanska \u00e4r en viktig milstolpe f\u00f6r alla som vill beh\u00e4rska detta romanspr\u00e5k, som talas av miljontals m\u00e4nniskor i Katalonien och","robots":{"index":"index","follow":"follow","max-snippet":"max-snippet:-1","max-image-preview":"max-image-preview:large","max-video-preview":"max-video-preview:-1"},"canonical":"https:\/\/talkpal.ai\/sv\/vocabulary\/att-lara-sig-klockan-pa-katalanska\/","og_locale":"sv_SE","og_type":"article","og_title":"Att L\u00e4ra Sig Klockan p\u00e5 Katalanska","og_description":"Att l\u00e4ra sig klockan p\u00e5 katalanska \u00e4r en viktig milstolpe f\u00f6r alla som vill beh\u00e4rska detta romanspr\u00e5k, som talas av miljontals m\u00e4nniskor i Katalonien och","og_url":"https:\/\/talkpal.ai\/sv\/vocabulary\/att-lara-sig-klockan-pa-katalanska\/","og_site_name":"Talkpal","article_publisher":"https:\/\/www.facebook.com\/profile.php?id=100090733639311","og_image":[{"width":1024,"height":1024,"url":"https:\/\/talkpal.ai\/wp-content\/uploads\/2024\/10\/talkpal_flat_illustration_of_a_employees_working_together_happi_c674ff77-e477-4e09-835a-01d30e561e99.png","type":"image\/png"}],"twitter_card":"summary_large_image","twitter_site":"@talkpalai","twitter_misc":{"Ber\u00e4knad l\u00e4stid":"5 minuter"},"schema":{"@context":"https:\/\/schema.org","@graph":[{"@type":"WebPage","@id":"https:\/\/talkpal.ai\/sv\/vocabulary\/att-lara-sig-klockan-pa-katalanska\/","url":"https:\/\/talkpal.ai\/sv\/vocabulary\/att-lara-sig-klockan-pa-katalanska\/","name":"Att L\u00e4ra Sig Klockan p\u00e5 Katalanska - Talkpal","isPartOf":{"@id":"https:\/\/talkpal.ai\/sv\/#website"},"primaryImageOfPage":{"@id":"https:\/\/talkpal.ai\/sv\/vocabulary\/att-lara-sig-klockan-pa-katalanska\/#primaryimage"},"image":{"@id":"https:\/\/talkpal.ai\/sv\/vocabulary\/att-lara-sig-klockan-pa-katalanska\/#primaryimage"},"thumbnailUrl":"https:\/\/talkpal.ai\/wp-content\/uploads\/2025\/12\/textbook-is-studied-to-learn-languages.webp","datePublished":"2025-07-09T05:59:39+00:00","description":"Att l\u00e4ra sig klockan p\u00e5 katalanska \u00e4r en viktig milstolpe f\u00f6r alla som vill beh\u00e4rska detta romanspr\u00e5k, som talas av miljontals m\u00e4nniskor i Katalonien och","breadcrumb":{"@id":"https:\/\/talkpal.ai\/sv\/vocabulary\/att-lara-sig-klockan-pa-katalanska\/#breadcrumb"},"inLanguage":"sv-SE","potentialAction":[{"@type":"ReadAction","target":["https:\/\/talkpal.ai\/sv\/vocabulary\/att-lara-sig-klockan-pa-katalanska\/"]}]},{"@type":"ImageObject","inLanguage":"sv-SE","@id":"https:\/\/talkpal.ai\/sv\/vocabulary\/att-lara-sig-klockan-pa-katalanska\/#primaryimage","url":"https:\/\/talkpal.ai\/wp-content\/uploads\/2025\/12\/textbook-is-studied-to-learn-languages.webp","contentUrl":"https:\/\/talkpal.ai\/wp-content\/uploads\/2025\/12\/textbook-is-studied-to-learn-languages.webp","width":1200,"height":896,"caption":"A man wearing headphones sits at a desk to learn languages in a vast, dark library hall."},{"@type":"BreadcrumbList","@id":"https:\/\/talkpal.ai\/sv\/vocabulary\/att-lara-sig-klockan-pa-katalanska\/#breadcrumb","itemListElement":[{"@type":"ListItem","position":1,"name":"Homepage","item":"https:\/\/talkpal.ai\/sv\/"},{"@type":"ListItem","position":2,"name":"Att L\u00e4ra Sig Klockan p\u00e5 Katalanska"}]},{"@type":"WebSite","@id":"https:\/\/talkpal.ai\/sv\/#website","url":"https:\/\/talkpal.ai\/sv\/","name":"Talkpal","description":"AI Language Learning","publisher":{"@id":"https:\/\/talkpal.ai\/sv\/#organization"},"alternateName":"Talkpal AI","potentialAction":[{"@type":"SearchAction","target":{"@type":"EntryPoint","urlTemplate":"https:\/\/talkpal.ai\/sv\/?s={search_term_string}"},"query-input":{"@type":"PropertyValueSpecification","valueRequired":true,"valueName":"search_term_string"}}],"inLanguage":"sv-SE"},{"@type":"Organization","@id":"https:\/\/talkpal.ai\/sv\/#organization","name":"Talkpal, Inc.","alternateName":"Talkpal AI","url":"https:\/\/talkpal.ai\/sv\/","logo":{"@type":"ImageObject","inLanguage":"sv-SE","@id":"https:\/\/talkpal.ai\/sv\/#\/schema\/logo\/image\/","url":"https:\/\/talkpal.ai\/wp-content\/uploads\/2024\/03\/Talkpal-Logo-Icon.png","contentUrl":"https:\/\/talkpal.ai\/wp-content\/uploads\/2024\/03\/Talkpal-Logo-Icon.png","width":2880,"height":2880,"caption":"Talkpal, Inc."},"image":{"@id":"https:\/\/talkpal.ai\/sv\/#\/schema\/logo\/image\/"},"sameAs":["https:\/\/www.facebook.com\/profile.php?id=100090733639311","https:\/\/x.com\/talkpalai","https:\/\/www.linkedin.com\/company\/talkpal\/","https:\/\/www.youtube.com\/@TalkPal\/","https:\/\/www.tiktok.com\/@talkpal","https:\/\/www.instagram.com\/talkpal_ai\/","https:\/\/www.crunchbase.com\/organization\/talkpal-9cde","https:\/\/www.g2.com\/products\/talkpal-for-business\/","https:\/\/www.trustpilot.com\/review\/talkpal.ai","https:\/\/www.capterra.com\/p\/10006800\/TalkPal\/"],"description":"Talkpal is a language learning web and mobile education app, powered by the latest AI technologies, that provides engaging experiences to its customers in many different languages to help them improve their language skills. Users can chat about unlimited amount of topics with the app and use other modes to practice their language learning.","email":"support@talkpal.ai","legalName":"Talkpal, Inc.","foundingDate":"2023-04-03","duns":"118989042","numberOfEmployees":{"@type":"QuantitativeValue","minValue":"11","maxValue":"50"},"publishingPrinciples":"https:\/\/talkpal.ai\/publishing-principles\/","actionableFeedbackPolicy":"https:\/\/talkpal.ai\/actionable-feedback-policy\/","correctionsPolicy":"https:\/\/talkpal.ai\/corrections-policy\/","ethicsPolicy":"https:\/\/talkpal.ai\/ethics-policy\/","diversityPolicy":"https:\/\/talkpal.ai\/diversity-policy\/","diversityStaffingReport":"https:\/\/talkpal.ai\/diversity-policy\/"}]}},"_links":{"self":[{"href":"https:\/\/talkpal.ai\/sv\/wp-json\/wp\/v2\/vocabulary\/1259708","targetHints":{"allow":["GET"]}}],"collection":[{"href":"https:\/\/talkpal.ai\/sv\/wp-json\/wp\/v2\/vocabulary"}],"about":[{"href":"https:\/\/talkpal.ai\/sv\/wp-json\/wp\/v2\/types\/vocabulary"}],"wp:featuredmedia":[{"embeddable":true,"href":"https:\/\/talkpal.ai\/sv\/wp-json\/wp\/v2\/media\/1529857"}],"wp:attachment":[{"href":"https:\/\/talkpal.ai\/sv\/wp-json\/wp\/v2\/media?parent=1259708"}],"wp:term":[{"taxonomy":"vocabulary_language","embeddable":true,"href":"https:\/\/talkpal.ai\/sv\/wp-json\/wp\/v2\/vocabulary_language?post=1259708"}],"curies":[{"name":"wp","href":"https:\/\/api.w.org\/{rel}","templated":true}]}}