{"id":1259585,"date":"2025-07-09T05:57:32","date_gmt":"2025-07-09T05:57:32","guid":{"rendered":"https:\/\/talkpal.ai\/vocabulary\/kulturella-gor-och-tank-pa-i-bosniska-spraket\/"},"modified":"2025-12-26T13:46:26","modified_gmt":"2025-12-26T13:46:26","slug":"kulturella-gor-och-tank-pa-i-bosniska-spraket","status":"publish","type":"vocabulary","link":"https:\/\/talkpal.ai\/sv\/vocabulary\/kulturella-gor-och-tank-pa-i-bosniska-spraket\/","title":{"rendered":"Kulturella g\u00f6r- och t\u00e4nk-p\u00e5 i bosniska spr\u00e5ket"},"content":{"rendered":"<p>Att l\u00e4ra sig ett nytt spr\u00e5k inneb\u00e4r mer \u00e4n att bara f\u00f6rst\u00e5 <a href=\"https:\/\/talkpal.ai\/fr\/les\/\">grammatik<\/a> och vokabul\u00e4r; det inneb\u00e4r ocks\u00e5 att f\u00f6rst\u00e5 den kultur och de sociala normer som omger spr\u00e5ket. N\u00e4r det g\u00e4ller <a href=\"https:\/\/talkpal.ai\/learn-bosnian\/\">bosniska<\/a> spr\u00e5ket \u00e4r detta s\u00e4rskilt viktigt, eftersom det \u00e4r djupt rotat i en rik historia och en m\u00e5ngfacetterad kultur. Genom att anv\u00e4nda plattformar som <a href=\"https:\/\/talkpal.ai\/ko\/ai-%ec%96%b8%ec%96%b4-%ea%b5%90%ec%82%ac\/\">Talkpal<\/a> kan spr\u00e5kstudenter inte bara f\u00f6rb\u00e4ttra sina spr\u00e5kkunskaper utan ocks\u00e5 f\u00e5 insikt i kulturella g\u00f6r- och t\u00e4nk-p\u00e5, vilket \u00e4r avg\u00f6rande f\u00f6r att kommunicera effektivt och respektfullt. Denna artikel utforskar viktiga kulturella aspekter att ha i \u00e5tanke n\u00e4r man l\u00e4r sig och anv\u00e4nder bosniska, vilket hj\u00e4lper dig att navigera sociala situationer med st\u00f6rre f\u00f6rst\u00e5else och finess.<\/p>\n<h2>Kulturell bakgrund till det bosniska spr\u00e5ket<\/h2>\n<p>Bosniska \u00e4r ett sydslaviskt spr\u00e5k som <a href=\"https:\/\/talkpal.ai\/locations\/language-courses-in-talas\/\">talas<\/a> huvudsakligen i Bosnien och Hercegovina, men \u00e4ven i diasporan runt om i v\u00e4rlden. Spr\u00e5ket \u00e4r n\u00e4ra besl\u00e4ktat med serbiska och kroatiska, men har sina egna unika uttryck och kulturella nyanser. F\u00f6r att f\u00f6rst\u00e5 bosniska fullt ut \u00e4r det n\u00f6dv\u00e4ndigt att k\u00e4nna till landets historiska och kulturella kontext, som pr\u00e4glas av en blandning av \u00f6stliga och v\u00e4stliga influenser, inklusive osmanska, \u00f6sterrikisk-ungerska och slaviska traditioner. Detta p\u00e5verkar allt fr\u00e5n vardagligt spr\u00e5kbruk till h\u00f6gtider och sociala interaktioner.<\/p>\n<h3>Historiska och kulturella influenser<\/h3>\n<p>&#8211; <b>Osmanska rikets arv:<\/b> P\u00e5verkade spr\u00e5ket med l\u00e5neord och kulturella sedv\u00e4njor, s\u00e4rskilt inom mat, musik och festtraditioner.<br \/>\n&#8211; <b>\u00d6sterrikisk-ungerska imperiet:<\/b> Bidrog till v\u00e4sterl\u00e4ndska influenser i <a href=\"https:\/\/talkpal.ai\/talkpal-for-education\/\">utbildning<\/a> och administration.<br \/>\n&#8211; <b>Slaviska r\u00f6tter:<\/b> Genomsyrar det bosniska spr\u00e5ket, inklusive grammatiska strukturer och ordf\u00f6rr\u00e5d.<\/p>\n<p>Att k\u00e4nna till dessa influenser hj\u00e4lper spr\u00e5kstudenter att f\u00f6rst\u00e5 varf\u00f6r vissa uttryck och kulturella normer ser ut som de g\u00f6r i dagens Bosnien.<\/p>\n<h2>Viktiga kulturella g\u00f6r-p\u00e5 i det bosniska spr\u00e5ket<\/h2>\n<p>N\u00e4r du kommunicerar p\u00e5 bosniska \u00e4r det viktigt att inte bara fokusera p\u00e5 orden utan ocks\u00e5 p\u00e5 hur man g\u00f6r saker och visar respekt. H\u00e4r \u00e4r n\u00e5gra viktiga g\u00f6r-p\u00e5 att t\u00e4nka p\u00e5:<\/p>\n<h3>1. H\u00e4lsningsritualer och artighet<\/h3>\n<p>Bosnier l\u00e4gger stor vikt vid h\u00e4lsningar och artighet. Att veta hur man korrekt h\u00e4lsar kan \u00f6ppna d\u00f6rrar till b\u00e4ttre relationer.<\/p>\n<p>&#8211; Anv\u00e4nd formella h\u00e4lsningar som <b>\u201cDobar dan\u201d<\/b> (God dag) eller <b>\u201cDobro ve\u010de\u201d<\/b> (God kv\u00e4ll) i formella sammanhang.<br \/>\n&#8211; Vid f\u00f6rsta m\u00f6tet \u00e4r en fast handskakning vanligt, ofta kombinerad med \u00f6gonkontakt och ett leende.<br \/>\n&#8211; I mer informella eller familj\u00e4ra sammanhang kan kindpussar (oftast tv\u00e5) f\u00f6rekomma.<br \/>\n&#8211; Titlar och efternamn anv\u00e4nds ofta i formella sammanhang f\u00f6r att visa respekt.<\/p>\n<h3>2. Visa respekt genom spr\u00e5kbruk<\/h3>\n<p>Det bosniska spr\u00e5ket har flera s\u00e4tt att visa respekt, bland annat genom formella pronomen och artighetsfraser.<\/p>\n<p>&#8211; Anv\u00e4nd <b>\u201cVi\u201d<\/b> (formellt \u2018du\u2019) n\u00e4r du pratar med \u00e4ldre personer eller i professionella sammanhang.<br \/>\n&#8211; Undvik att avbryta eller <a href=\"https:\/\/talkpal.ai\/locations\/language-courses-in-tala\/\">tala<\/a> \u00f6ver n\u00e5gon, d\u00e5 det ses som respektl\u00f6st.<br \/>\n&#8211; Att anv\u00e4nda v\u00e4nliga till\u00e4gg som <b>\u201cmolim\u201d<\/b> (sn\u00e4lla) och <b>\u201chvala\u201d<\/b> (tack) \u00e4r mycket uppskattat.<\/p>\n<h3>3. G\u00e4stfrihet och sociala koder<\/h3>\n<p><a href=\"https:\/\/talkpal.ai\/talkpal-discount-for-hospitality-workers\/\">G\u00e4stfrihet<\/a> \u00e4r en central del av bosnisk kultur, och detta p\u00e5verkar hur man kommunicerar och beter sig i sociala sammanhang.<\/p>\n<p>&#8211; Det \u00e4r vanligt att tacka flera g\u00e5nger f\u00f6r inbjudningar och g\u00e5vor.<br \/>\n&#8211; Att tacka artigt \u00e4ven n\u00e4r man tackar nej till erbjudanden, till exempel mat eller dryck, \u00e4r viktigt.<br \/>\n&#8211; Att komma lite f\u00f6r sent till sociala tillst\u00e4llningar \u00e4r socialt accepterat, men det b\u00f6r inte \u00f6verdrivas.<\/p>\n<h2>Viktiga t\u00e4nk-p\u00e5 i det bosniska spr\u00e5ket och kulturen<\/h2>\n<p>Att t\u00e4nka p\u00e5 kulturella skillnader kan hj\u00e4lpa till att undvika missf\u00f6rst\u00e5nd och skapa b\u00e4ttre kommunikation.<\/p>\n<h3>1. F\u00f6rst\u00e5else f\u00f6r historiska k\u00e4nsligheter<\/h3>\n<p>Bosnien och Hercegovina har en komplex historia, s\u00e4rskilt med h\u00e4nsyn till konflikterna p\u00e5 1990-talet.<\/p>\n<p>&#8211; Undvik politiskt k\u00e4nsliga \u00e4mnen om du inte k\u00e4nner personen v\u00e4l.<br \/>\n&#8211; Var medveten om att vissa ord och uttryck kan ha olika betydelser eller k\u00e4nslom\u00e4ssiga laddningar beroende p\u00e5 sammanhanget.<br \/>\n&#8211; Visa respekt f\u00f6r olika etniska och religi\u00f6sa grupper i landet.<\/p>\n<h3>2. Betydelsen av familj och gemenskap<\/h3>\n<p>Familjen spelar en central roll i bosnisk kultur och p\u00e5verkar b\u00e5de spr\u00e5ket och sociala interaktioner.<\/p>\n<p>&#8211; Anv\u00e4nd familjerelaterade termer med respekt och f\u00f6rst\u00e5else.<br \/>\n&#8211; Visa intresse f\u00f6r familjeliv och sociala band n\u00e4r du pratar med bosnier.<br \/>\n&#8211; Respektera familjens roll i beslut och sociala aktiviteter.<\/p>\n<h3>3. Kroppsspr\u00e5k och icke-verbal kommunikation<\/h3>\n<p>I Bosnien \u00e4r kroppsspr\u00e5k och tonfall viktiga delar av kommunikationen.<\/p>\n<p>&#8211; Undvik att peka direkt p\u00e5 personer, vilket kan uppfattas som oartigt.<br \/>\n&#8211; Anv\u00e4nd \u00f6gonkontakt f\u00f6r att visa intresse och \u00e4rlighet.<br \/>\n&#8211; Var medveten om personligt utrymme; bosnier kan st\u00e5 n\u00e4rmare varandra \u00e4n vad som \u00e4r vanligt i Sverige.<\/p>\n<h2>Praktiska tips f\u00f6r spr\u00e5kinl\u00e4rning med kulturellt fokus<\/h2>\n<p>Att integrera kulturella aspekter i spr\u00e5kinl\u00e4rningen kan f\u00f6rb\u00e4ttra b\u00e5de f\u00f6rst\u00e5elsen och f\u00f6rm\u00e5gan att kommunicera effektivt.<\/p>\n<h3>1. Anv\u00e4nd Talkpal f\u00f6r att l\u00e4ra dig bosniska i ett kulturellt sammanhang<\/h3>\n<p>Talkpal \u00e4r en utm\u00e4rkt plattform d\u00e4r du kan \u00f6va bosniska med modersm\u00e5lstalare och f\u00e5 insikt i kulturella normer. Genom interaktiva samtal f\u00e5r du:<\/p>\n<p>&#8211; Direkt feedback p\u00e5 spr\u00e5kbruk och uttal.<br \/>\n&#8211; Exponering f\u00f6r autentiska uttryck och vardagligt spr\u00e5k.<br \/>\n&#8211; M\u00f6jlighet att diskutera kulturella skillnader och sociala koder.<\/p>\n<h3>2. Delta i kulturella evenemang och spr\u00e5kgrupper<\/h3>\n<p>Att delta i bosniska kulturevenemang eller spr\u00e5kgrupper kan ge ov\u00e4rderlig praktisk erfarenhet och kulturell f\u00f6rst\u00e5else.<\/p>\n<h3>3. L\u00e4s och lyssna p\u00e5 bosniska medier<\/h3>\n<p>Nyheter, filmer och musik p\u00e5 bosniska kan hj\u00e4lpa dig att f\u00f6rst\u00e5 spr\u00e5kets olika nyanser och kulturella referenser.<\/p>\n<h2>Vanliga misstag att undvika i bosnisk kultur och spr\u00e5k<\/h2>\n<p>Att vara medveten om vanliga fallgropar kan hj\u00e4lpa dig att undvika pinsamma eller respektl\u00f6sa situationer.<\/p>\n<ul>\n<li><strong>Att anv\u00e4nda informella pronomen f\u00f6r tidigt:<\/strong> Det kan uppfattas som of\u00f6rsk\u00e4mt att anv\u00e4nda \u201cdu\u201d (ti) innan en informell relation etablerats.<\/li>\n<li><strong>Ignorera sociala hierarkier:<\/strong> Respekt f\u00f6r \u00e4ldre och auktoriteter \u00e4r viktigt i bosnisk kultur.<\/li>\n<li><strong>Undvika att visa k\u00e4nslor \u00f6ppet:<\/strong> Bosnier kan vara mer reserverade i offentliga sammanhang.<\/li>\n<li><strong>F\u00f6rol\u00e4mpa oavsiktligt genom spr\u00e5kbruk:<\/strong> Vissa uttryck kan vara k\u00e4nsliga eller ol\u00e4mpliga i olika sociala kontexter.<\/li>\n<\/ul>\n<h2>Sammanfattning<\/h2>\n<p>Att l\u00e4ra sig bosniska inneb\u00e4r att omfamna b\u00e5de spr\u00e5ket och den rika kulturen som format det. Genom att f\u00f6rst\u00e5 viktiga kulturella g\u00f6r- och t\u00e4nk-p\u00e5 kan du f\u00f6rb\u00e4ttra din kommunikation och bygga starkare relationer med bosniska talare. Plattformar som Talkpal erbjuder en v\u00e4rdefull m\u00f6jlighet att praktisera spr\u00e5ket i autentiska situationer och f\u00e5 kulturell f\u00f6rst\u00e5else p\u00e5 k\u00f6pet. Kom ih\u00e5g att visa respekt, vara medveten om sociala normer och alltid vara \u00f6ppen f\u00f6r att l\u00e4ra dig mer om det kulturella sammanhanget bakom spr\u00e5ket. P\u00e5 s\u00e5 s\u00e4tt blir din spr\u00e5kinl\u00e4rning inte bara effektivare utan ocks\u00e5 mer meningsfull och givande.<\/p>\n","protected":false},"featured_media":1527888,"template":"","vocabulary_language":[3484],"class_list":["post-1259585","vocabulary","type-vocabulary","status-publish","has-post-thumbnail","hentry","vocabulary_language-arabiska"],"acf":[],"yoast_head":"<!-- This site is optimized with the Yoast SEO Premium plugin v27.2 (Yoast SEO v27.2) - https:\/\/yoast.com\/product\/yoast-seo-premium-wordpress\/ -->\n<title>Kulturella g\u00f6r- och t\u00e4nk-p\u00e5 i bosniska spr\u00e5ket - Talkpal<\/title>\n<meta name=\"description\" content=\"Att l\u00e4ra sig ett nytt spr\u00e5k inneb\u00e4r mer \u00e4n att bara f\u00f6rst\u00e5 grammatik och vokabul\u00e4r; det inneb\u00e4r ocks\u00e5 att f\u00f6rst\u00e5 den kultur och de sociala normer som\" \/>\n<meta name=\"robots\" content=\"index, follow, max-snippet:-1, max-image-preview:large, max-video-preview:-1\" \/>\n<link rel=\"canonical\" href=\"https:\/\/talkpal.ai\/sv\/vocabulary\/kulturella-gor-och-tank-pa-i-bosniska-spraket\/\" \/>\n<meta property=\"og:locale\" content=\"sv_SE\" \/>\n<meta property=\"og:type\" content=\"article\" \/>\n<meta property=\"og:title\" content=\"Kulturella g\u00f6r- och t\u00e4nk-p\u00e5 i bosniska spr\u00e5ket\" \/>\n<meta property=\"og:description\" content=\"Att l\u00e4ra sig ett nytt spr\u00e5k inneb\u00e4r mer \u00e4n att bara f\u00f6rst\u00e5 grammatik och vokabul\u00e4r; det inneb\u00e4r ocks\u00e5 att f\u00f6rst\u00e5 den kultur och de sociala normer som\" \/>\n<meta property=\"og:url\" content=\"https:\/\/talkpal.ai\/sv\/vocabulary\/kulturella-gor-och-tank-pa-i-bosniska-spraket\/\" \/>\n<meta property=\"og:site_name\" content=\"Talkpal\" \/>\n<meta property=\"article:publisher\" content=\"https:\/\/www.facebook.com\/profile.php?id=100090733639311\" \/>\n<meta property=\"article:modified_time\" content=\"2025-12-26T13:46:26+00:00\" \/>\n<meta property=\"og:image\" content=\"https:\/\/talkpal.ai\/wp-content\/uploads\/2024\/10\/talkpal_flat_illustration_of_a_employees_working_together_happi_c674ff77-e477-4e09-835a-01d30e561e99.png\" \/>\n\t<meta property=\"og:image:width\" content=\"1024\" \/>\n\t<meta property=\"og:image:height\" content=\"1024\" \/>\n\t<meta property=\"og:image:type\" content=\"image\/png\" \/>\n<meta name=\"twitter:card\" content=\"summary_large_image\" \/>\n<meta name=\"twitter:site\" content=\"@talkpalai\" \/>\n<meta name=\"twitter:label1\" content=\"Ber\u00e4knad l\u00e4stid\" \/>\n\t<meta name=\"twitter:data1\" content=\"6 minuter\" \/>\n<script type=\"application\/ld+json\" class=\"yoast-schema-graph\">{\"@context\":\"https:\/\/schema.org\",\"@graph\":[{\"@type\":\"WebPage\",\"@id\":\"https:\/\/talkpal.ai\/sv\/vocabulary\/kulturella-gor-och-tank-pa-i-bosniska-spraket\/\",\"url\":\"https:\/\/talkpal.ai\/sv\/vocabulary\/kulturella-gor-och-tank-pa-i-bosniska-spraket\/\",\"name\":\"Kulturella g\u00f6r- och t\u00e4nk-p\u00e5 i bosniska spr\u00e5ket - Talkpal\",\"isPartOf\":{\"@id\":\"https:\/\/talkpal.ai\/sv\/#website\"},\"primaryImageOfPage\":{\"@id\":\"https:\/\/talkpal.ai\/sv\/vocabulary\/kulturella-gor-och-tank-pa-i-bosniska-spraket\/#primaryimage\"},\"image\":{\"@id\":\"https:\/\/talkpal.ai\/sv\/vocabulary\/kulturella-gor-och-tank-pa-i-bosniska-spraket\/#primaryimage\"},\"thumbnailUrl\":\"https:\/\/talkpal.ai\/wp-content\/uploads\/2025\/12\/student-celebrates-while-learning-languages.webp\",\"datePublished\":\"2025-07-09T05:57:32+00:00\",\"dateModified\":\"2025-12-26T13:46:26+00:00\",\"description\":\"Att l\u00e4ra sig ett nytt spr\u00e5k inneb\u00e4r mer \u00e4n att bara f\u00f6rst\u00e5 grammatik och vokabul\u00e4r; det inneb\u00e4r ocks\u00e5 att f\u00f6rst\u00e5 den kultur och de sociala normer som\",\"breadcrumb\":{\"@id\":\"https:\/\/talkpal.ai\/sv\/vocabulary\/kulturella-gor-och-tank-pa-i-bosniska-spraket\/#breadcrumb\"},\"inLanguage\":\"sv-SE\",\"potentialAction\":[{\"@type\":\"ReadAction\",\"target\":[\"https:\/\/talkpal.ai\/sv\/vocabulary\/kulturella-gor-och-tank-pa-i-bosniska-spraket\/\"]}]},{\"@type\":\"ImageObject\",\"inLanguage\":\"sv-SE\",\"@id\":\"https:\/\/talkpal.ai\/sv\/vocabulary\/kulturella-gor-och-tank-pa-i-bosniska-spraket\/#primaryimage\",\"url\":\"https:\/\/talkpal.ai\/wp-content\/uploads\/2025\/12\/student-celebrates-while-learning-languages.webp\",\"contentUrl\":\"https:\/\/talkpal.ai\/wp-content\/uploads\/2025\/12\/student-celebrates-while-learning-languages.webp\",\"width\":1200,\"height\":896,\"caption\":\"A happy student cheers at a library desk with books while learning languages on a laptop.\"},{\"@type\":\"BreadcrumbList\",\"@id\":\"https:\/\/talkpal.ai\/sv\/vocabulary\/kulturella-gor-och-tank-pa-i-bosniska-spraket\/#breadcrumb\",\"itemListElement\":[{\"@type\":\"ListItem\",\"position\":1,\"name\":\"Homepage\",\"item\":\"https:\/\/talkpal.ai\/sv\/\"},{\"@type\":\"ListItem\",\"position\":2,\"name\":\"Kulturella g\u00f6r- och t\u00e4nk-p\u00e5 i bosniska spr\u00e5ket\"}]},{\"@type\":\"WebSite\",\"@id\":\"https:\/\/talkpal.ai\/sv\/#website\",\"url\":\"https:\/\/talkpal.ai\/sv\/\",\"name\":\"Talkpal\",\"description\":\"AI Language Learning\",\"publisher\":{\"@id\":\"https:\/\/talkpal.ai\/sv\/#organization\"},\"alternateName\":\"Talkpal AI\",\"potentialAction\":[{\"@type\":\"SearchAction\",\"target\":{\"@type\":\"EntryPoint\",\"urlTemplate\":\"https:\/\/talkpal.ai\/sv\/?s={search_term_string}\"},\"query-input\":{\"@type\":\"PropertyValueSpecification\",\"valueRequired\":true,\"valueName\":\"search_term_string\"}}],\"inLanguage\":\"sv-SE\"},{\"@type\":\"Organization\",\"@id\":\"https:\/\/talkpal.ai\/sv\/#organization\",\"name\":\"Talkpal, Inc.\",\"alternateName\":\"Talkpal AI\",\"url\":\"https:\/\/talkpal.ai\/sv\/\",\"logo\":{\"@type\":\"ImageObject\",\"inLanguage\":\"sv-SE\",\"@id\":\"https:\/\/talkpal.ai\/sv\/#\/schema\/logo\/image\/\",\"url\":\"https:\/\/talkpal.ai\/wp-content\/uploads\/2024\/03\/Talkpal-Logo-Icon.png\",\"contentUrl\":\"https:\/\/talkpal.ai\/wp-content\/uploads\/2024\/03\/Talkpal-Logo-Icon.png\",\"width\":2880,\"height\":2880,\"caption\":\"Talkpal, Inc.\"},\"image\":{\"@id\":\"https:\/\/talkpal.ai\/sv\/#\/schema\/logo\/image\/\"},\"sameAs\":[\"https:\/\/www.facebook.com\/profile.php?id=100090733639311\",\"https:\/\/x.com\/talkpalai\",\"https:\/\/www.linkedin.com\/company\/talkpal\/\",\"https:\/\/www.youtube.com\/@TalkPal\/\",\"https:\/\/www.tiktok.com\/@talkpal\",\"https:\/\/www.instagram.com\/talkpal_ai\/\",\"https:\/\/www.crunchbase.com\/organization\/talkpal-9cde\",\"https:\/\/www.g2.com\/products\/talkpal-for-business\/\",\"https:\/\/www.trustpilot.com\/review\/talkpal.ai\",\"https:\/\/www.capterra.com\/p\/10006800\/TalkPal\/\"],\"description\":\"Talkpal is a language learning web and mobile education app, powered by the latest AI technologies, that provides engaging experiences to its customers in many different languages to help them improve their language skills. Users can chat about unlimited amount of topics with the app and use other modes to practice their language learning.\",\"email\":\"support@talkpal.ai\",\"legalName\":\"Talkpal, Inc.\",\"foundingDate\":\"2023-04-03\",\"duns\":\"118989042\",\"numberOfEmployees\":{\"@type\":\"QuantitativeValue\",\"minValue\":\"11\",\"maxValue\":\"50\"},\"publishingPrinciples\":\"https:\/\/talkpal.ai\/publishing-principles\/\",\"actionableFeedbackPolicy\":\"https:\/\/talkpal.ai\/actionable-feedback-policy\/\",\"correctionsPolicy\":\"https:\/\/talkpal.ai\/corrections-policy\/\",\"ethicsPolicy\":\"https:\/\/talkpal.ai\/ethics-policy\/\",\"diversityPolicy\":\"https:\/\/talkpal.ai\/diversity-policy\/\",\"diversityStaffingReport\":\"https:\/\/talkpal.ai\/diversity-policy\/\"}]}<\/script>\n<!-- \/ Yoast SEO Premium plugin. -->","yoast_head_json":{"title":"Kulturella g\u00f6r- och t\u00e4nk-p\u00e5 i bosniska spr\u00e5ket - Talkpal","description":"Att l\u00e4ra sig ett nytt spr\u00e5k inneb\u00e4r mer \u00e4n att bara f\u00f6rst\u00e5 grammatik och vokabul\u00e4r; det inneb\u00e4r ocks\u00e5 att f\u00f6rst\u00e5 den kultur och de sociala normer som","robots":{"index":"index","follow":"follow","max-snippet":"max-snippet:-1","max-image-preview":"max-image-preview:large","max-video-preview":"max-video-preview:-1"},"canonical":"https:\/\/talkpal.ai\/sv\/vocabulary\/kulturella-gor-och-tank-pa-i-bosniska-spraket\/","og_locale":"sv_SE","og_type":"article","og_title":"Kulturella g\u00f6r- och t\u00e4nk-p\u00e5 i bosniska spr\u00e5ket","og_description":"Att l\u00e4ra sig ett nytt spr\u00e5k inneb\u00e4r mer \u00e4n att bara f\u00f6rst\u00e5 grammatik och vokabul\u00e4r; det inneb\u00e4r ocks\u00e5 att f\u00f6rst\u00e5 den kultur och de sociala normer som","og_url":"https:\/\/talkpal.ai\/sv\/vocabulary\/kulturella-gor-och-tank-pa-i-bosniska-spraket\/","og_site_name":"Talkpal","article_publisher":"https:\/\/www.facebook.com\/profile.php?id=100090733639311","article_modified_time":"2025-12-26T13:46:26+00:00","og_image":[{"width":1024,"height":1024,"url":"https:\/\/talkpal.ai\/wp-content\/uploads\/2024\/10\/talkpal_flat_illustration_of_a_employees_working_together_happi_c674ff77-e477-4e09-835a-01d30e561e99.png","type":"image\/png"}],"twitter_card":"summary_large_image","twitter_site":"@talkpalai","twitter_misc":{"Ber\u00e4knad l\u00e4stid":"6 minuter"},"schema":{"@context":"https:\/\/schema.org","@graph":[{"@type":"WebPage","@id":"https:\/\/talkpal.ai\/sv\/vocabulary\/kulturella-gor-och-tank-pa-i-bosniska-spraket\/","url":"https:\/\/talkpal.ai\/sv\/vocabulary\/kulturella-gor-och-tank-pa-i-bosniska-spraket\/","name":"Kulturella g\u00f6r- och t\u00e4nk-p\u00e5 i bosniska spr\u00e5ket - Talkpal","isPartOf":{"@id":"https:\/\/talkpal.ai\/sv\/#website"},"primaryImageOfPage":{"@id":"https:\/\/talkpal.ai\/sv\/vocabulary\/kulturella-gor-och-tank-pa-i-bosniska-spraket\/#primaryimage"},"image":{"@id":"https:\/\/talkpal.ai\/sv\/vocabulary\/kulturella-gor-och-tank-pa-i-bosniska-spraket\/#primaryimage"},"thumbnailUrl":"https:\/\/talkpal.ai\/wp-content\/uploads\/2025\/12\/student-celebrates-while-learning-languages.webp","datePublished":"2025-07-09T05:57:32+00:00","dateModified":"2025-12-26T13:46:26+00:00","description":"Att l\u00e4ra sig ett nytt spr\u00e5k inneb\u00e4r mer \u00e4n att bara f\u00f6rst\u00e5 grammatik och vokabul\u00e4r; det inneb\u00e4r ocks\u00e5 att f\u00f6rst\u00e5 den kultur och de sociala normer som","breadcrumb":{"@id":"https:\/\/talkpal.ai\/sv\/vocabulary\/kulturella-gor-och-tank-pa-i-bosniska-spraket\/#breadcrumb"},"inLanguage":"sv-SE","potentialAction":[{"@type":"ReadAction","target":["https:\/\/talkpal.ai\/sv\/vocabulary\/kulturella-gor-och-tank-pa-i-bosniska-spraket\/"]}]},{"@type":"ImageObject","inLanguage":"sv-SE","@id":"https:\/\/talkpal.ai\/sv\/vocabulary\/kulturella-gor-och-tank-pa-i-bosniska-spraket\/#primaryimage","url":"https:\/\/talkpal.ai\/wp-content\/uploads\/2025\/12\/student-celebrates-while-learning-languages.webp","contentUrl":"https:\/\/talkpal.ai\/wp-content\/uploads\/2025\/12\/student-celebrates-while-learning-languages.webp","width":1200,"height":896,"caption":"A happy student cheers at a library desk with books while learning languages on a laptop."},{"@type":"BreadcrumbList","@id":"https:\/\/talkpal.ai\/sv\/vocabulary\/kulturella-gor-och-tank-pa-i-bosniska-spraket\/#breadcrumb","itemListElement":[{"@type":"ListItem","position":1,"name":"Homepage","item":"https:\/\/talkpal.ai\/sv\/"},{"@type":"ListItem","position":2,"name":"Kulturella g\u00f6r- och t\u00e4nk-p\u00e5 i bosniska spr\u00e5ket"}]},{"@type":"WebSite","@id":"https:\/\/talkpal.ai\/sv\/#website","url":"https:\/\/talkpal.ai\/sv\/","name":"Talkpal","description":"AI Language Learning","publisher":{"@id":"https:\/\/talkpal.ai\/sv\/#organization"},"alternateName":"Talkpal AI","potentialAction":[{"@type":"SearchAction","target":{"@type":"EntryPoint","urlTemplate":"https:\/\/talkpal.ai\/sv\/?s={search_term_string}"},"query-input":{"@type":"PropertyValueSpecification","valueRequired":true,"valueName":"search_term_string"}}],"inLanguage":"sv-SE"},{"@type":"Organization","@id":"https:\/\/talkpal.ai\/sv\/#organization","name":"Talkpal, Inc.","alternateName":"Talkpal AI","url":"https:\/\/talkpal.ai\/sv\/","logo":{"@type":"ImageObject","inLanguage":"sv-SE","@id":"https:\/\/talkpal.ai\/sv\/#\/schema\/logo\/image\/","url":"https:\/\/talkpal.ai\/wp-content\/uploads\/2024\/03\/Talkpal-Logo-Icon.png","contentUrl":"https:\/\/talkpal.ai\/wp-content\/uploads\/2024\/03\/Talkpal-Logo-Icon.png","width":2880,"height":2880,"caption":"Talkpal, Inc."},"image":{"@id":"https:\/\/talkpal.ai\/sv\/#\/schema\/logo\/image\/"},"sameAs":["https:\/\/www.facebook.com\/profile.php?id=100090733639311","https:\/\/x.com\/talkpalai","https:\/\/www.linkedin.com\/company\/talkpal\/","https:\/\/www.youtube.com\/@TalkPal\/","https:\/\/www.tiktok.com\/@talkpal","https:\/\/www.instagram.com\/talkpal_ai\/","https:\/\/www.crunchbase.com\/organization\/talkpal-9cde","https:\/\/www.g2.com\/products\/talkpal-for-business\/","https:\/\/www.trustpilot.com\/review\/talkpal.ai","https:\/\/www.capterra.com\/p\/10006800\/TalkPal\/"],"description":"Talkpal is a language learning web and mobile education app, powered by the latest AI technologies, that provides engaging experiences to its customers in many different languages to help them improve their language skills. Users can chat about unlimited amount of topics with the app and use other modes to practice their language learning.","email":"support@talkpal.ai","legalName":"Talkpal, Inc.","foundingDate":"2023-04-03","duns":"118989042","numberOfEmployees":{"@type":"QuantitativeValue","minValue":"11","maxValue":"50"},"publishingPrinciples":"https:\/\/talkpal.ai\/publishing-principles\/","actionableFeedbackPolicy":"https:\/\/talkpal.ai\/actionable-feedback-policy\/","correctionsPolicy":"https:\/\/talkpal.ai\/corrections-policy\/","ethicsPolicy":"https:\/\/talkpal.ai\/ethics-policy\/","diversityPolicy":"https:\/\/talkpal.ai\/diversity-policy\/","diversityStaffingReport":"https:\/\/talkpal.ai\/diversity-policy\/"}]}},"_links":{"self":[{"href":"https:\/\/talkpal.ai\/sv\/wp-json\/wp\/v2\/vocabulary\/1259585","targetHints":{"allow":["GET"]}}],"collection":[{"href":"https:\/\/talkpal.ai\/sv\/wp-json\/wp\/v2\/vocabulary"}],"about":[{"href":"https:\/\/talkpal.ai\/sv\/wp-json\/wp\/v2\/types\/vocabulary"}],"wp:featuredmedia":[{"embeddable":true,"href":"https:\/\/talkpal.ai\/sv\/wp-json\/wp\/v2\/media\/1527888"}],"wp:attachment":[{"href":"https:\/\/talkpal.ai\/sv\/wp-json\/wp\/v2\/media?parent=1259585"}],"wp:term":[{"taxonomy":"vocabulary_language","embeddable":true,"href":"https:\/\/talkpal.ai\/sv\/wp-json\/wp\/v2\/vocabulary_language?post=1259585"}],"curies":[{"name":"wp","href":"https:\/\/api.w.org\/{rel}","templated":true}]}}