{"id":1259575,"date":"2025-07-09T05:57:21","date_gmt":"2025-07-09T05:57:21","guid":{"rendered":"https:\/\/talkpal.ai\/vocabulary\/artiga-satt-att-saga-nej-pa-bosniska\/"},"modified":"2025-07-09T05:57:21","modified_gmt":"2025-07-09T05:57:21","slug":"artiga-satt-att-saga-nej-pa-bosniska","status":"publish","type":"vocabulary","link":"https:\/\/talkpal.ai\/sv\/vocabulary\/artiga-satt-att-saga-nej-pa-bosniska\/","title":{"rendered":"Artiga s\u00e4tt att s\u00e4ga nej p\u00e5 bosniska"},"content":{"rendered":"<p>Att s\u00e4ga nej p\u00e5 ett artigt och respektfullt s\u00e4tt \u00e4r en viktig social f\u00e4rdighet, s\u00e4rskilt n\u00e4r man kommunicerar p\u00e5 ett fr\u00e4mmande spr\u00e5k. I det <a href=\"https:\/\/talkpal.ai\/learn-bosnian\/\">bosniska<\/a> spr\u00e5ket finns det flera uttryck och s\u00e4tt att tacka nej utan att verka otrevlig eller avvisande. Oavsett om du <a href=\"https:\/\/talkpal.ai\/learn-bosnian\/\">l\u00e4r dig bosniska<\/a> f\u00f6r resor, arbete eller personliga kontakter, kan det vara v\u00e4rdefullt att beh\u00e4rska dessa artiga uttryck. Plattformar som <a href=\"https:\/\/talkpal.ai\/ko\/ai-%ec%96%b8%ec%96%b4-%ea%b5%90%ec%82%ac\/\">Talkpal<\/a> erbjuder utm\u00e4rkta m\u00f6jligheter att \u00f6va p\u00e5 s\u00e5dana vardagliga konversationer och f\u00f6rb\u00e4ttra ditt spr\u00e5kflyt genom interaktiva \u00f6vningar och verkliga dialoger.<\/p>\n<h2>Varf\u00f6r \u00e4r artiga s\u00e4tt att s\u00e4ga nej viktiga i bosniska kulturen?<\/h2>\n<p>Precis som i m\u00e5nga andra kulturer v\u00e4rdes\u00e4tts artighet och respekt i bosniska sociala sammanhang h\u00f6gt. Att s\u00e4ga nej rakt ut kan uppfattas som of\u00f6rsk\u00e4mt eller avvisande, vilket kan skada relationer eller skapa obehag. D\u00e4rf\u00f6r \u00e4r det vanligt att anv\u00e4nda mildare och mer indirekta uttryck f\u00f6r att avb\u00f6ja f\u00f6rfr\u00e5gningar eller erbjudanden.<\/p>\n<p>Genom att l\u00e4ra dig dessa artiga s\u00e4tt att s\u00e4ga nej kan du:<\/p>\n<ul>\n<li>Undvika missf\u00f6rst\u00e5nd och konflikter<\/li>\n<li>Visa respekt f\u00f6r samtalspartnerns k\u00e4nslor<\/li>\n<li>Bygga och uppr\u00e4tth\u00e5lla goda relationer<\/li>\n<li>Utveckla en naturligare och mer kulturellt anpassad kommunikation<\/li>\n<\/ul>\n<h2>Grundl\u00e4ggande uttryck f\u00f6r att s\u00e4ga nej p\u00e5 bosniska<\/h2>\n<p>Det enklaste s\u00e4ttet att s\u00e4ga nej \u00e4r f\u00f6rst\u00e5s att anv\u00e4nda ordet &#8221;ne&#8221; (nej). Men detta kan uppfattas som f\u00f6r direkt i m\u00e5nga situationer. H\u00e4r \u00e4r n\u00e5gra grundl\u00e4ggande och mer artiga alternativ:<\/p>\n<ul>\n<li><strong>Ne, hvala.<\/strong> \u2013 Nej, tack.<\/li>\n<li><strong>Na\u017ealost, ne mogu.<\/strong> \u2013 Tyv\u00e4rr kan jag inte.<\/li>\n<li><strong>Mislim da nije mogu\u0107e.<\/strong> \u2013 Jag tror inte det \u00e4r m\u00f6jligt.<\/li>\n<li><strong>Nisam siguran\/sigurna.<\/strong> \u2013 Jag \u00e4r inte s\u00e4ker (man\/kvinna).<\/li>\n<\/ul>\n<p>Dessa uttryck \u00e4r anv\u00e4ndbara i vardagliga situationer och \u00e4r ett <a href=\"https:\/\/talkpal.ai\/locations\/learn-english-in-bra\/\">bra<\/a> s\u00e4tt att b\u00f6rja l\u00e4ra sig mer nyanserade s\u00e4tt att s\u00e4ga nej.<\/p>\n<h2>Artiga och indirekta s\u00e4tt att s\u00e4ga nej<\/h2>\n<p>Att anv\u00e4nda indirekta formuleringar g\u00f6r att ett nej k\u00e4nns mindre h\u00e5rt. H\u00e4r \u00e4r n\u00e5gra exempel p\u00e5 mer artiga s\u00e4tt att avb\u00f6ja:<\/p>\n<ul>\n<li><strong>Hvala na ponudi, ali moram odbiti.<\/strong> \u2013 Tack f\u00f6r erbjudandet, men jag m\u00e5ste tacka nej.<\/li>\n<li><strong>Na\u017ealost, trenutno nemam vremena.<\/strong> \u2013 Tyv\u00e4rr har jag inte tid just nu.<\/li>\n<li><strong>Mo\u017eda drugi put.<\/strong> \u2013 Kanske en annan g\u00e5ng.<\/li>\n<li><strong>Trenutno nije povoljno za mene.<\/strong> \u2013 Det \u00e4r inte l\u00e4mpligt f\u00f6r mig just nu.<\/li>\n<li><strong>Razmislit \u0107u o tome, hvala.<\/strong> \u2013 Jag ska t\u00e4nka p\u00e5 det, tack.<\/li>\n<\/ul>\n<p>Dessa uttryck hj\u00e4lper dig att avvisa en f\u00f6rfr\u00e5gan utan att st\u00e4nga d\u00f6rren helt, vilket ofta uppskattas i bosniska sociala sammanhang.<\/p>\n<h3>Att anv\u00e4nda urs\u00e4kter f\u00f6r att s\u00e4ga nej<\/h3>\n<p>En vanlig och artig metod \u00e4r att ge en urs\u00e4kt som f\u00f6rklaring till varf\u00f6r du inte kan acceptera en inbjudan eller ett f\u00f6rslag:<\/p>\n<ul>\n<li><strong>Imam druge obaveze.<\/strong> \u2013 Jag har andra \u00e5taganden.<\/li>\n<li><strong>Moram raditi.<\/strong> \u2013 Jag m\u00e5ste arbeta.<\/li>\n<li><strong>Nisam dobro.<\/strong> \u2013 Jag m\u00e5r inte bra.<\/li>\n<li><strong>Putujem uskoro.<\/strong> \u2013 Jag reser snart.<\/li>\n<\/ul>\n<p>Att anv\u00e4nda urs\u00e4kter visar att du respekterar personens f\u00f6rfr\u00e5gan samtidigt som du tydligt kommunicerar din situation.<\/p>\n<h2>Hur man f\u00f6rst\u00e4rker artigheten i sitt nej<\/h2>\n<p>F\u00f6rutom sj\u00e4lva orden kan du anv\u00e4nda tonfall, kroppsspr\u00e5k och extra artighetsfraser f\u00f6r att g\u00f6ra ditt nej \u00e4nnu mer respektfullt. N\u00e5gra tips:<\/p>\n<ul>\n<li><strong>Anv\u00e4nd v\u00e4nliga inledningar:<\/strong> Till exempel \u201dHvala \u0161to ste me pitali\u201d (Tack f\u00f6r att du fr\u00e5gade mig).<\/li>\n<li><strong>L\u00e4gg till en urs\u00e4kt eller f\u00f6rklaring:<\/strong> Detta visar att du inte bara avvisar utan ocks\u00e5 bryr dig om situationen.<\/li>\n<li><strong>Avsluta med en positiv kommentar:<\/strong> \u201dNadam se da \u0107emo se uskoro vidjeti\u201d (Jag hoppas vi ses snart).<\/li>\n<li><strong>Undvik att avbryta eller anv\u00e4nda en h\u00e5rd ton:<\/strong> Detta kan g\u00f6ra att nej k\u00e4nns mer h\u00e5rt \u00e4n avsett.<\/li>\n<\/ul>\n<h2>Exempel p\u00e5 konversationer med artiga nej<\/h2>\n<p>H\u00e4r f\u00f6ljer n\u00e5gra exempel p\u00e5 hur man kan s\u00e4ga nej i olika situationer p\u00e5 ett artigt s\u00e4tt:<\/p>\n<h3>Exempel 1: Avb\u00f6ja en inbjudan<\/h3>\n<p><strong>Person A:<\/strong> Ho\u0107e\u0161 li do\u0107i na ve\u010deru kod nas ve\u010deras?<br \/>\n<strong>Vill du komma p\u00e5 middag hos oss ikv\u00e4ll?<\/strong><\/p>\n<p><strong>Person B:<\/strong> Hvala na pozivu, ali na\u017ealost ne mogu ve\u010deras. Imam druge obaveze.<br \/>\nTack f\u00f6r inbjudan, men tyv\u00e4rr kan jag inte ikv\u00e4ll. Jag har andra \u00e5taganden.<\/strong><\/p>\n<h3>Exempel 2: Tacka nej till ett erbjudande<\/h3>\n<p><strong>Person A:<\/strong> \u017deli\u0161 li <a href=\"https:\/\/talkpal.ai\/ko\/ai-%ec%96%b8%ec%96%b4-%ea%b5%90%ec%82%ac\/\">probati<\/a> ovaj kola\u010d?<br \/>\nVill du prova <a href=\"https:\/\/talkpal.ai\/culture\/how-do-i-use-den-har-and-det-har\/\">den h\u00e4r<\/a> kakan?<\/p>\n<p><strong>Person B:<\/strong> Hvala, ali trenutno ne mogu. Nisam gladan\/gladna.<br \/>\nTack, men just nu kan jag inte. Jag \u00e4r inte hungrig.<\/strong><\/p>\n<h3>Exempel 3: Avb\u00f6ja hj\u00e4lp<\/h3>\n<p><strong>Person A:<\/strong> Mogu li ti pomo\u0107i?<br \/>\nKan jag hj\u00e4lpa dig?<\/p>\n<p><strong>Person B:<\/strong> Hvala ti <a href=\"https:\/\/talkpal.ai\/locations\/language-courses-in-puno\/\">puno<\/a>, ali sve je u redu.<br \/>\nTack s\u00e5 mycket, men allt \u00e4r bra.<\/strong><\/p>\n<h2>Hur Talkpal kan hj\u00e4lpa dig att l\u00e4ra dig artiga s\u00e4tt att s\u00e4ga nej p\u00e5 bosniska<\/h2>\n<p>Talkpal \u00e4r en spr\u00e5kinl\u00e4rningsplattform som fokuserar p\u00e5 praktiska konversationer och verkliga situationer. Genom att anv\u00e4nda Talkpal kan du:<\/p>\n<ul>\n<li>\u00d6va p\u00e5 att s\u00e4ga nej p\u00e5 olika artiga s\u00e4tt i interaktiva dialoger<\/li>\n<li>F\u00e5 omedelbar feedback fr\u00e5n modersm\u00e5lstalare<\/li>\n<li>L\u00e4ra dig kulturella nyanser och sociala koder i bosniska spr\u00e5ket<\/li>\n<li>Bygga sj\u00e4lvf\u00f6rtroende att anv\u00e4nda spr\u00e5ket i verkliga samtal<\/li>\n<\/ul>\n<p>Det g\u00f6r spr\u00e5kinl\u00e4rningen b\u00e5de effektiv och rolig, samtidigt som du utvecklar viktiga kommunikationsf\u00e4rdigheter.<\/p>\n<h2>Sammanfattning<\/h2>\n<p>Att s\u00e4ga nej p\u00e5 ett artigt s\u00e4tt p\u00e5 bosniska \u00e4r en viktig del av att kommunicera respektfullt och effektivt. Genom att anv\u00e4nda mildare uttryck, urs\u00e4kter och positiva avslut kan du undvika att verka avvisande eller otrevlig. Plattformar som Talkpal \u00e4r utm\u00e4rkta verktyg f\u00f6r att \u00f6va dessa f\u00e4rdigheter i en trygg och interaktiv milj\u00f6, vilket hj\u00e4lper dig att bli mer flytande och s\u00e4ker i bosniska spr\u00e5ket. Med r\u00e4tt uttryck och kulturell f\u00f6rst\u00e5else kan du navigera sociala situationer med l\u00e4tthet och v\u00e4nlighet.<\/p>\n","protected":false},"featured_media":1528607,"template":"","vocabulary_language":[4190],"class_list":["post-1259575","vocabulary","type-vocabulary","status-publish","has-post-thumbnail","hentry","vocabulary_language-kannada-sv"],"acf":[],"yoast_head":"<!-- This site is optimized with the Yoast SEO Premium plugin v27.2 (Yoast SEO v27.2) - https:\/\/yoast.com\/product\/yoast-seo-premium-wordpress\/ -->\n<title>Artiga s\u00e4tt att s\u00e4ga nej p\u00e5 bosniska - Talkpal<\/title>\n<meta name=\"description\" content=\"Att s\u00e4ga nej p\u00e5 ett artigt och respektfullt s\u00e4tt \u00e4r en viktig social f\u00e4rdighet, s\u00e4rskilt n\u00e4r man kommunicerar p\u00e5 ett fr\u00e4mmande spr\u00e5k. I det bosniska\" \/>\n<meta name=\"robots\" content=\"index, follow, max-snippet:-1, max-image-preview:large, max-video-preview:-1\" \/>\n<link rel=\"canonical\" href=\"https:\/\/talkpal.ai\/sv\/vocabulary\/artiga-satt-att-saga-nej-pa-bosniska\/\" \/>\n<meta property=\"og:locale\" content=\"sv_SE\" \/>\n<meta property=\"og:type\" content=\"article\" \/>\n<meta property=\"og:title\" content=\"Artiga s\u00e4tt att s\u00e4ga nej p\u00e5 bosniska\" \/>\n<meta property=\"og:description\" content=\"Att s\u00e4ga nej p\u00e5 ett artigt och respektfullt s\u00e4tt \u00e4r en viktig social f\u00e4rdighet, s\u00e4rskilt n\u00e4r man kommunicerar p\u00e5 ett fr\u00e4mmande spr\u00e5k. I det bosniska\" \/>\n<meta property=\"og:url\" content=\"https:\/\/talkpal.ai\/sv\/vocabulary\/artiga-satt-att-saga-nej-pa-bosniska\/\" \/>\n<meta property=\"og:site_name\" content=\"Talkpal\" \/>\n<meta property=\"article:publisher\" content=\"https:\/\/www.facebook.com\/profile.php?id=100090733639311\" \/>\n<meta property=\"og:image\" content=\"https:\/\/talkpal.ai\/wp-content\/uploads\/2024\/10\/talkpal_flat_illustration_of_a_employees_working_together_happi_c674ff77-e477-4e09-835a-01d30e561e99.png\" \/>\n\t<meta property=\"og:image:width\" content=\"1024\" \/>\n\t<meta property=\"og:image:height\" content=\"1024\" \/>\n\t<meta property=\"og:image:type\" content=\"image\/png\" \/>\n<meta name=\"twitter:card\" content=\"summary_large_image\" \/>\n<meta name=\"twitter:site\" content=\"@talkpalai\" \/>\n<meta name=\"twitter:label1\" content=\"Ber\u00e4knad l\u00e4stid\" \/>\n\t<meta name=\"twitter:data1\" content=\"5 minuter\" \/>\n<script type=\"application\/ld+json\" class=\"yoast-schema-graph\">{\"@context\":\"https:\/\/schema.org\",\"@graph\":[{\"@type\":\"WebPage\",\"@id\":\"https:\/\/talkpal.ai\/sv\/vocabulary\/artiga-satt-att-saga-nej-pa-bosniska\/\",\"url\":\"https:\/\/talkpal.ai\/sv\/vocabulary\/artiga-satt-att-saga-nej-pa-bosniska\/\",\"name\":\"Artiga s\u00e4tt att s\u00e4ga nej p\u00e5 bosniska - Talkpal\",\"isPartOf\":{\"@id\":\"https:\/\/talkpal.ai\/sv\/#website\"},\"primaryImageOfPage\":{\"@id\":\"https:\/\/talkpal.ai\/sv\/vocabulary\/artiga-satt-att-saga-nej-pa-bosniska\/#primaryimage\"},\"image\":{\"@id\":\"https:\/\/talkpal.ai\/sv\/vocabulary\/artiga-satt-att-saga-nej-pa-bosniska\/#primaryimage\"},\"thumbnailUrl\":\"https:\/\/talkpal.ai\/wp-content\/uploads\/2025\/12\/three-students-read-to-learn-languages.webp\",\"datePublished\":\"2025-07-09T05:57:21+00:00\",\"description\":\"Att s\u00e4ga nej p\u00e5 ett artigt och respektfullt s\u00e4tt \u00e4r en viktig social f\u00e4rdighet, s\u00e4rskilt n\u00e4r man kommunicerar p\u00e5 ett fr\u00e4mmande spr\u00e5k. I det bosniska\",\"breadcrumb\":{\"@id\":\"https:\/\/talkpal.ai\/sv\/vocabulary\/artiga-satt-att-saga-nej-pa-bosniska\/#breadcrumb\"},\"inLanguage\":\"sv-SE\",\"potentialAction\":[{\"@type\":\"ReadAction\",\"target\":[\"https:\/\/talkpal.ai\/sv\/vocabulary\/artiga-satt-att-saga-nej-pa-bosniska\/\"]}]},{\"@type\":\"ImageObject\",\"inLanguage\":\"sv-SE\",\"@id\":\"https:\/\/talkpal.ai\/sv\/vocabulary\/artiga-satt-att-saga-nej-pa-bosniska\/#primaryimage\",\"url\":\"https:\/\/talkpal.ai\/wp-content\/uploads\/2025\/12\/three-students-read-to-learn-languages.webp\",\"contentUrl\":\"https:\/\/talkpal.ai\/wp-content\/uploads\/2025\/12\/three-students-read-to-learn-languages.webp\",\"width\":1200,\"height\":896,\"caption\":\"Three students look closely at one textbook while learning languages at a table in a library.\"},{\"@type\":\"BreadcrumbList\",\"@id\":\"https:\/\/talkpal.ai\/sv\/vocabulary\/artiga-satt-att-saga-nej-pa-bosniska\/#breadcrumb\",\"itemListElement\":[{\"@type\":\"ListItem\",\"position\":1,\"name\":\"Homepage\",\"item\":\"https:\/\/talkpal.ai\/sv\/\"},{\"@type\":\"ListItem\",\"position\":2,\"name\":\"Artiga s\u00e4tt att s\u00e4ga nej p\u00e5 bosniska\"}]},{\"@type\":\"WebSite\",\"@id\":\"https:\/\/talkpal.ai\/sv\/#website\",\"url\":\"https:\/\/talkpal.ai\/sv\/\",\"name\":\"Talkpal\",\"description\":\"AI Language Learning\",\"publisher\":{\"@id\":\"https:\/\/talkpal.ai\/sv\/#organization\"},\"alternateName\":\"Talkpal AI\",\"potentialAction\":[{\"@type\":\"SearchAction\",\"target\":{\"@type\":\"EntryPoint\",\"urlTemplate\":\"https:\/\/talkpal.ai\/sv\/?s={search_term_string}\"},\"query-input\":{\"@type\":\"PropertyValueSpecification\",\"valueRequired\":true,\"valueName\":\"search_term_string\"}}],\"inLanguage\":\"sv-SE\"},{\"@type\":\"Organization\",\"@id\":\"https:\/\/talkpal.ai\/sv\/#organization\",\"name\":\"Talkpal, Inc.\",\"alternateName\":\"Talkpal AI\",\"url\":\"https:\/\/talkpal.ai\/sv\/\",\"logo\":{\"@type\":\"ImageObject\",\"inLanguage\":\"sv-SE\",\"@id\":\"https:\/\/talkpal.ai\/sv\/#\/schema\/logo\/image\/\",\"url\":\"https:\/\/talkpal.ai\/wp-content\/uploads\/2024\/03\/Talkpal-Logo-Icon.png\",\"contentUrl\":\"https:\/\/talkpal.ai\/wp-content\/uploads\/2024\/03\/Talkpal-Logo-Icon.png\",\"width\":2880,\"height\":2880,\"caption\":\"Talkpal, Inc.\"},\"image\":{\"@id\":\"https:\/\/talkpal.ai\/sv\/#\/schema\/logo\/image\/\"},\"sameAs\":[\"https:\/\/www.facebook.com\/profile.php?id=100090733639311\",\"https:\/\/x.com\/talkpalai\",\"https:\/\/www.linkedin.com\/company\/talkpal\/\",\"https:\/\/www.youtube.com\/@TalkPal\/\",\"https:\/\/www.tiktok.com\/@talkpal\",\"https:\/\/www.instagram.com\/talkpal_ai\/\",\"https:\/\/www.crunchbase.com\/organization\/talkpal-9cde\",\"https:\/\/www.g2.com\/products\/talkpal-for-business\/\",\"https:\/\/www.trustpilot.com\/review\/talkpal.ai\",\"https:\/\/www.capterra.com\/p\/10006800\/TalkPal\/\"],\"description\":\"Talkpal is a language learning web and mobile education app, powered by the latest AI technologies, that provides engaging experiences to its customers in many different languages to help them improve their language skills. Users can chat about unlimited amount of topics with the app and use other modes to practice their language learning.\",\"email\":\"support@talkpal.ai\",\"legalName\":\"Talkpal, Inc.\",\"foundingDate\":\"2023-04-03\",\"duns\":\"118989042\",\"numberOfEmployees\":{\"@type\":\"QuantitativeValue\",\"minValue\":\"11\",\"maxValue\":\"50\"},\"publishingPrinciples\":\"https:\/\/talkpal.ai\/publishing-principles\/\",\"actionableFeedbackPolicy\":\"https:\/\/talkpal.ai\/actionable-feedback-policy\/\",\"correctionsPolicy\":\"https:\/\/talkpal.ai\/corrections-policy\/\",\"ethicsPolicy\":\"https:\/\/talkpal.ai\/ethics-policy\/\",\"diversityPolicy\":\"https:\/\/talkpal.ai\/diversity-policy\/\",\"diversityStaffingReport\":\"https:\/\/talkpal.ai\/diversity-policy\/\"}]}<\/script>\n<!-- \/ Yoast SEO Premium plugin. -->","yoast_head_json":{"title":"Artiga s\u00e4tt att s\u00e4ga nej p\u00e5 bosniska - Talkpal","description":"Att s\u00e4ga nej p\u00e5 ett artigt och respektfullt s\u00e4tt \u00e4r en viktig social f\u00e4rdighet, s\u00e4rskilt n\u00e4r man kommunicerar p\u00e5 ett fr\u00e4mmande spr\u00e5k. I det bosniska","robots":{"index":"index","follow":"follow","max-snippet":"max-snippet:-1","max-image-preview":"max-image-preview:large","max-video-preview":"max-video-preview:-1"},"canonical":"https:\/\/talkpal.ai\/sv\/vocabulary\/artiga-satt-att-saga-nej-pa-bosniska\/","og_locale":"sv_SE","og_type":"article","og_title":"Artiga s\u00e4tt att s\u00e4ga nej p\u00e5 bosniska","og_description":"Att s\u00e4ga nej p\u00e5 ett artigt och respektfullt s\u00e4tt \u00e4r en viktig social f\u00e4rdighet, s\u00e4rskilt n\u00e4r man kommunicerar p\u00e5 ett fr\u00e4mmande spr\u00e5k. I det bosniska","og_url":"https:\/\/talkpal.ai\/sv\/vocabulary\/artiga-satt-att-saga-nej-pa-bosniska\/","og_site_name":"Talkpal","article_publisher":"https:\/\/www.facebook.com\/profile.php?id=100090733639311","og_image":[{"width":1024,"height":1024,"url":"https:\/\/talkpal.ai\/wp-content\/uploads\/2024\/10\/talkpal_flat_illustration_of_a_employees_working_together_happi_c674ff77-e477-4e09-835a-01d30e561e99.png","type":"image\/png"}],"twitter_card":"summary_large_image","twitter_site":"@talkpalai","twitter_misc":{"Ber\u00e4knad l\u00e4stid":"5 minuter"},"schema":{"@context":"https:\/\/schema.org","@graph":[{"@type":"WebPage","@id":"https:\/\/talkpal.ai\/sv\/vocabulary\/artiga-satt-att-saga-nej-pa-bosniska\/","url":"https:\/\/talkpal.ai\/sv\/vocabulary\/artiga-satt-att-saga-nej-pa-bosniska\/","name":"Artiga s\u00e4tt att s\u00e4ga nej p\u00e5 bosniska - Talkpal","isPartOf":{"@id":"https:\/\/talkpal.ai\/sv\/#website"},"primaryImageOfPage":{"@id":"https:\/\/talkpal.ai\/sv\/vocabulary\/artiga-satt-att-saga-nej-pa-bosniska\/#primaryimage"},"image":{"@id":"https:\/\/talkpal.ai\/sv\/vocabulary\/artiga-satt-att-saga-nej-pa-bosniska\/#primaryimage"},"thumbnailUrl":"https:\/\/talkpal.ai\/wp-content\/uploads\/2025\/12\/three-students-read-to-learn-languages.webp","datePublished":"2025-07-09T05:57:21+00:00","description":"Att s\u00e4ga nej p\u00e5 ett artigt och respektfullt s\u00e4tt \u00e4r en viktig social f\u00e4rdighet, s\u00e4rskilt n\u00e4r man kommunicerar p\u00e5 ett fr\u00e4mmande spr\u00e5k. I det bosniska","breadcrumb":{"@id":"https:\/\/talkpal.ai\/sv\/vocabulary\/artiga-satt-att-saga-nej-pa-bosniska\/#breadcrumb"},"inLanguage":"sv-SE","potentialAction":[{"@type":"ReadAction","target":["https:\/\/talkpal.ai\/sv\/vocabulary\/artiga-satt-att-saga-nej-pa-bosniska\/"]}]},{"@type":"ImageObject","inLanguage":"sv-SE","@id":"https:\/\/talkpal.ai\/sv\/vocabulary\/artiga-satt-att-saga-nej-pa-bosniska\/#primaryimage","url":"https:\/\/talkpal.ai\/wp-content\/uploads\/2025\/12\/three-students-read-to-learn-languages.webp","contentUrl":"https:\/\/talkpal.ai\/wp-content\/uploads\/2025\/12\/three-students-read-to-learn-languages.webp","width":1200,"height":896,"caption":"Three students look closely at one textbook while learning languages at a table in a library."},{"@type":"BreadcrumbList","@id":"https:\/\/talkpal.ai\/sv\/vocabulary\/artiga-satt-att-saga-nej-pa-bosniska\/#breadcrumb","itemListElement":[{"@type":"ListItem","position":1,"name":"Homepage","item":"https:\/\/talkpal.ai\/sv\/"},{"@type":"ListItem","position":2,"name":"Artiga s\u00e4tt att s\u00e4ga nej p\u00e5 bosniska"}]},{"@type":"WebSite","@id":"https:\/\/talkpal.ai\/sv\/#website","url":"https:\/\/talkpal.ai\/sv\/","name":"Talkpal","description":"AI Language Learning","publisher":{"@id":"https:\/\/talkpal.ai\/sv\/#organization"},"alternateName":"Talkpal AI","potentialAction":[{"@type":"SearchAction","target":{"@type":"EntryPoint","urlTemplate":"https:\/\/talkpal.ai\/sv\/?s={search_term_string}"},"query-input":{"@type":"PropertyValueSpecification","valueRequired":true,"valueName":"search_term_string"}}],"inLanguage":"sv-SE"},{"@type":"Organization","@id":"https:\/\/talkpal.ai\/sv\/#organization","name":"Talkpal, Inc.","alternateName":"Talkpal AI","url":"https:\/\/talkpal.ai\/sv\/","logo":{"@type":"ImageObject","inLanguage":"sv-SE","@id":"https:\/\/talkpal.ai\/sv\/#\/schema\/logo\/image\/","url":"https:\/\/talkpal.ai\/wp-content\/uploads\/2024\/03\/Talkpal-Logo-Icon.png","contentUrl":"https:\/\/talkpal.ai\/wp-content\/uploads\/2024\/03\/Talkpal-Logo-Icon.png","width":2880,"height":2880,"caption":"Talkpal, Inc."},"image":{"@id":"https:\/\/talkpal.ai\/sv\/#\/schema\/logo\/image\/"},"sameAs":["https:\/\/www.facebook.com\/profile.php?id=100090733639311","https:\/\/x.com\/talkpalai","https:\/\/www.linkedin.com\/company\/talkpal\/","https:\/\/www.youtube.com\/@TalkPal\/","https:\/\/www.tiktok.com\/@talkpal","https:\/\/www.instagram.com\/talkpal_ai\/","https:\/\/www.crunchbase.com\/organization\/talkpal-9cde","https:\/\/www.g2.com\/products\/talkpal-for-business\/","https:\/\/www.trustpilot.com\/review\/talkpal.ai","https:\/\/www.capterra.com\/p\/10006800\/TalkPal\/"],"description":"Talkpal is a language learning web and mobile education app, powered by the latest AI technologies, that provides engaging experiences to its customers in many different languages to help them improve their language skills. Users can chat about unlimited amount of topics with the app and use other modes to practice their language learning.","email":"support@talkpal.ai","legalName":"Talkpal, Inc.","foundingDate":"2023-04-03","duns":"118989042","numberOfEmployees":{"@type":"QuantitativeValue","minValue":"11","maxValue":"50"},"publishingPrinciples":"https:\/\/talkpal.ai\/publishing-principles\/","actionableFeedbackPolicy":"https:\/\/talkpal.ai\/actionable-feedback-policy\/","correctionsPolicy":"https:\/\/talkpal.ai\/corrections-policy\/","ethicsPolicy":"https:\/\/talkpal.ai\/ethics-policy\/","diversityPolicy":"https:\/\/talkpal.ai\/diversity-policy\/","diversityStaffingReport":"https:\/\/talkpal.ai\/diversity-policy\/"}]}},"_links":{"self":[{"href":"https:\/\/talkpal.ai\/sv\/wp-json\/wp\/v2\/vocabulary\/1259575","targetHints":{"allow":["GET"]}}],"collection":[{"href":"https:\/\/talkpal.ai\/sv\/wp-json\/wp\/v2\/vocabulary"}],"about":[{"href":"https:\/\/talkpal.ai\/sv\/wp-json\/wp\/v2\/types\/vocabulary"}],"wp:featuredmedia":[{"embeddable":true,"href":"https:\/\/talkpal.ai\/sv\/wp-json\/wp\/v2\/media\/1528607"}],"wp:attachment":[{"href":"https:\/\/talkpal.ai\/sv\/wp-json\/wp\/v2\/media?parent=1259575"}],"wp:term":[{"taxonomy":"vocabulary_language","embeddable":true,"href":"https:\/\/talkpal.ai\/sv\/wp-json\/wp\/v2\/vocabulary_language?post=1259575"}],"curies":[{"name":"wp","href":"https:\/\/api.w.org\/{rel}","templated":true}]}}