{"id":1259551,"date":"2025-07-09T05:57:01","date_gmt":"2025-07-09T05:57:01","guid":{"rendered":"https:\/\/talkpal.ai\/vocabulary\/prata-om-kanslor-pa-bosniska-sprak\/"},"modified":"2025-07-09T05:57:01","modified_gmt":"2025-07-09T05:57:01","slug":"prata-om-kanslor-pa-bosniska-sprak","status":"publish","type":"vocabulary","link":"https:\/\/talkpal.ai\/sv\/vocabulary\/prata-om-kanslor-pa-bosniska-sprak\/","title":{"rendered":"Prata om k\u00e4nslor p\u00e5 bosniska spr\u00e5k"},"content":{"rendered":"<p><a href=\"https:\/\/talkpal.ai\/locations\/language-courses-in-prata\/\">Prata<\/a> om k\u00e4nslor p\u00e5 <a href=\"https:\/\/talkpal.ai\/sv\/lar-dig-bosniska\/\">bosniska spr\u00e5k<\/a> \u00e4r en viktig f\u00e4rdighet som st\u00e4rker kommunikation och f\u00f6rst\u00e5else i personliga relationer och sociala sammanhang. Att kunna uttrycka sina k\u00e4nslor p\u00e5 ett fr\u00e4mmande spr\u00e5k som <a href=\"https:\/\/talkpal.ai\/learn-bosnian\/\">bosniska<\/a> hj\u00e4lper inte bara till att bygga n\u00e4rmare band utan ger ocks\u00e5 insikt i kultur och uttryckss\u00e4tt. <a href=\"https:\/\/talkpal.ai\/ko\/ai-%ec%96%b8%ec%96%b4-%ea%b5%90%ec%82%ac\/\">Talkpal<\/a> \u00e4r ett utm\u00e4rkt verktyg f\u00f6r att <a href=\"https:\/\/talkpal.ai\/learn-languages-with-ai\/\">l\u00e4ra sig spr\u00e5k<\/a> effektivt, inklusive att <a href=\"https:\/\/talkpal.ai\/locations\/language-courses-in-prata\/\">prata<\/a> om k\u00e4nslor p\u00e5 bosniska, eftersom plattformen erbjuder interaktiva \u00f6vningar och m\u00f6jligheter till praktisk konversation. I denna artikel g\u00e5r vi igenom viktiga k\u00e4nslouttryck p\u00e5 bosniska, anv\u00e4ndbara fraser, kulturella aspekter och tips f\u00f6r hur du <a href=\"https:\/\/talkpal.ai\/es\/la-mejor-aplicacion-de-conversacion-con-ia\/\">b\u00e4st<\/a> l\u00e4r dig att uttrycka k\u00e4nslor p\u00e5 bosniska.<\/p>\n<h2>Varf\u00f6r \u00e4r det viktigt att prata om k\u00e4nslor p\u00e5 bosniska?<\/h2>\n<p>Att kunna prata om k\u00e4nslor p\u00e5 bosniska har flera f\u00f6rdelar, b\u00e5de personligt och socialt. K\u00e4nslof\u00f6rm\u00e5gan \u00e4r en grundl\u00e4ggande del av m\u00e4nsklig kommunikation, och att uttrycka k\u00e4nslor p\u00e5 ett annat spr\u00e5k st\u00e4rker din spr\u00e5kkompetens och kulturella f\u00f6rst\u00e5else.<\/p>\n<ul>\n<li><strong>F\u00f6rb\u00e4ttrar relationer:<\/strong> Genom att uttrycka k\u00e4nslor kan du skapa djupare och mer meningsfulla relationer med bosnisktalande personer.<\/li>\n<li><strong>\u00d6kar spr\u00e5klig kompetens:<\/strong> Att prata om k\u00e4nslor inneb\u00e4r att l\u00e4ra sig nya ord och uttryck, vilket breddar ditt ordf\u00f6rr\u00e5d.<\/li>\n<li><strong>F\u00f6rst\u00e5 kulturella nyanser:<\/strong> K\u00e4nslouttryck varierar mellan kulturer, och att l\u00e4ra sig prata om k\u00e4nslor p\u00e5 bosniska ger dig insikter i bosnisk kultur och sociala normer.<\/li>\n<li><strong>St\u00e4rker din emotionella intelligens:<\/strong> Att kunna identifiera och uttrycka k\u00e4nslor p\u00e5 olika spr\u00e5k utvecklar din emotionella medvetenhet.<\/li>\n<\/ul>\n<h2>Grundl\u00e4ggande k\u00e4nslouttryck p\u00e5 bosniska<\/h2>\n<p>F\u00f6r att b\u00f6rja prata om k\u00e4nslor p\u00e5 bosniska beh\u00f6ver du k\u00e4nna till de vanligaste k\u00e4nslouttrycken. H\u00e4r \u00e4r en lista \u00f6ver grundl\u00e4ggande k\u00e4nslor med deras bosniska motsvarigheter:<\/p>\n<table>\n<thead>\n<tr>\n<th>Svenska<\/th>\n<th>Bosniska<\/th>\n<th>Uttal<\/th>\n<\/tr>\n<\/thead>\n<tbody>\n<tr>\n<td>Glad<\/td>\n<td>Sretan \/ Sretna<\/td>\n<td>[\u02c8sr\u025btan] \/ [\u02c8sr\u025btna]<\/td>\n<\/tr>\n<tr>\n<td>Ledsen<\/td>\n<td>Tu\u0163an \/ Tu\u0163na<\/td>\n<td>[\u02c8tu\u0283tan] \/ [\u02c8tu\u0283tna]<\/td>\n<\/tr>\n<tr>\n<td>Arg<\/td>\n<td>Ljut \/ Ljuta<\/td>\n<td>[\u028eut] \/ [\u028euta]<\/td>\n<\/tr>\n<tr>\n<td>R\u00e4dd<\/td>\n<td>Upla\u0161en \/ Upla\u0161ena<\/td>\n<td>[u\u02c8pla\u0283\u025bn] \/ [u\u02c8pla\u0283\u025bna]<\/td>\n<\/tr>\n<tr>\n<td>F\u00f6rv\u00e5nad<\/td>\n<td>Iznena\u0111en \/ Iznena\u0111ena<\/td>\n<td>[izn\u025b\u02c8d\u0361\u0291\u025bn] \/ [izn\u025b\u02c8d\u0361\u0291\u025bna]<\/td>\n<\/tr>\n<tr>\n<td>Tr\u00f6tt<\/td>\n<td>Umoran \/ Umorna<\/td>\n<td>[\u02c8umoran] \/ [\u02c8umorna]<\/td>\n<\/tr>\n<tr>\n<td>K\u00e4r<\/td>\n<td>Zaljubljen \/ Zaljubljena<\/td>\n<td>[zal\u02c8jublj\u025bn] \/ [zal\u02c8jublj\u025bna]<\/td>\n<\/tr>\n<tr>\n<td>Bekymrad<\/td>\n<td>Zabrinut \/ Zabrinuta<\/td>\n<td>[za\u02c8brinut] \/ [za\u02c8brinuta]<\/td>\n<\/tr>\n<\/tbody>\n<\/table>\n<h3>Skillnader i genus och b\u00f6jning<\/h3>\n<p>Bosniska \u00e4r ett sydslaviskt spr\u00e5k som skiljer p\u00e5 maskulinum och femininum i adjektiv och particip. D\u00e4rf\u00f6r \u00e4r det viktigt att anpassa k\u00e4nslouttrycken beroende p\u00e5 vem som talar eller beskrivs.<\/p>\n<ul>\n<li>Maskulinum slutar ofta p\u00e5 -n (t.ex. sretan, ljut).<\/li>\n<li>Femininum slutar ofta p\u00e5 -na (t.ex. sretna, ljuta).<\/li>\n<\/ul>\n<h2>Vanliga fraser f\u00f6r att uttrycka k\u00e4nslor p\u00e5 bosniska<\/h2>\n<p>Att kunna anv\u00e4nda hela meningar och fraser \u00e4r viktigt f\u00f6r att kommunicera k\u00e4nslor effektivt. H\u00e4r \u00e4r n\u00e5gra vanliga fraser p\u00e5 bosniska som hj\u00e4lper dig uttrycka olika k\u00e4nslor:<\/p>\n<ul>\n<li><strong>Jag \u00e4r glad:<\/strong> Ja sam sretan \/ sretna.<\/li>\n<li><strong>Jag k\u00e4nner mig ledsen:<\/strong> Osje\u0107am se tu\u017eno.<\/li>\n<li><strong>Jag \u00e4r arg:<\/strong> Ljut sam.<\/li>\n<li><strong>Jag \u00e4r r\u00e4dd:<\/strong> Upla\u0161en \/ upla\u0161ena sam.<\/li>\n<li><strong>Jag \u00e4r f\u00f6rv\u00e5nad:<\/strong> Iznena\u0111en \/ iznena\u0111ena sam.<\/li>\n<li><strong>Jag \u00e4r tr\u00f6tt:<\/strong> Umoran \/ umorna sam.<\/li>\n<li><strong>Jag \u00e4lskar dig:<\/strong> Volim te.<\/li>\n<li><strong>Jag \u00e4r orolig:<\/strong> Zabrinut \/ zabrinuta sam.<\/li>\n<\/ul>\n<h3>Fr\u00e5gor f\u00f6r att prata om k\u00e4nslor<\/h3>\n<p>F\u00f6r att f\u00f6ra en konversation och fr\u00e5ga andra om deras k\u00e4nslor kan du anv\u00e4nda dessa fraser:<\/p>\n<ul>\n<li><strong>Hur m\u00e5r du?<\/strong> Kako si?<\/li>\n<li><strong>Hur k\u00e4nner du dig?<\/strong> Kako se osje\u0107a\u0161?<\/li>\n<li><strong>\u00c4r du glad?<\/strong> Jesi li sretan \/ sretna?<\/li>\n<li><strong>Varf\u00f6r \u00e4r du ledsen?<\/strong> Za\u0161to si tu\u017ean \/ tu\u017ena?<\/li>\n<li><strong>Vad g\u00f6r dig arg?<\/strong> \u0160ta te ljuti?<\/li>\n<\/ul>\n<h2>Kulturella aspekter av att uttrycka k\u00e4nslor p\u00e5 bosniska<\/h2>\n<p>Bosnisk kultur har sina egna s\u00e4tt att uttrycka k\u00e4nslor, och det \u00e4r viktigt att k\u00e4nna till dessa f\u00f6r att undvika missf\u00f6rst\u00e5nd.<\/p>\n<h3>Direkthet och \u00f6ppenhet<\/h3>\n<p>I bosnisk kultur \u00e4r m\u00e4nniskor ofta ganska direkta n\u00e4r de uttrycker k\u00e4nslor, s\u00e4rskilt inom familj och n\u00e4ra v\u00e4nner. Att vara \u00f6ppen med sina k\u00e4nslor ses som ett tecken p\u00e5 \u00e4rlighet och f\u00f6rtroende.<\/p>\n<h3>Respekt f\u00f6r sociala roller<\/h3>\n<p>Samtidigt finns det en viss respekt f\u00f6r sociala roller och hierarkier. \u00c4ldre personer och auktoriteter kan f\u00f6rv\u00e4ntas behandlas med st\u00f6rre formell respekt, vilket kan p\u00e5verka hur k\u00e4nslor uttrycks offentligt.<\/p>\n<h3>Nonverbala uttryck<\/h3>\n<p>Kroppsspr\u00e5k, mimik och tonfall \u00e4r ocks\u00e5 viktiga i att uttrycka k\u00e4nslor. Till exempel kan en l\u00e4tt nickning eller \u00f6gonkontakt f\u00f6rst\u00e4rka budskapet.<\/p>\n<h2>Tips f\u00f6r att l\u00e4ra sig prata om k\u00e4nslor p\u00e5 bosniska<\/h2>\n<p>Att l\u00e4ra sig prata om k\u00e4nslor p\u00e5 bosniska kr\u00e4ver tid och \u00f6vning. H\u00e4r \u00e4r n\u00e5gra effektiva tips:<\/p>\n<ol>\n<li><strong>Anv\u00e4nd Talkpal f\u00f6r praktisk tr\u00e4ning:<\/strong> Genom att prata med inf\u00f6dda talare p\u00e5 Talkpal f\u00e5r du verklig konversationserfarenhet.<\/li>\n<li><strong>Memorera vanliga fraser:<\/strong> B\u00f6rja med att l\u00e4ra dig grundl\u00e4ggande k\u00e4nslouttryck och fraser som du kan anv\u00e4nda i vardagen.<\/li>\n<li><strong>Lyssna p\u00e5 bosniska samtal:<\/strong> Poddar, filmer och musik p\u00e5 bosniska hj\u00e4lper dig att h\u00f6ra hur k\u00e4nslor uttrycks naturligt.<\/li>\n<li><strong>\u00d6va regelbundet:<\/strong> Skriv dagbok p\u00e5 bosniska om dina k\u00e4nslor eller prata med spr\u00e5kpartners.<\/li>\n<li><strong>Var uppm\u00e4rksam p\u00e5 genus och b\u00f6jningar:<\/strong> Anpassa dina adjektiv och verb efter personens k\u00f6n f\u00f6r att l\u00e5ta naturlig.<\/li>\n<li><strong>L\u00e4r dig kulturella normer:<\/strong> F\u00f6rst\u00e5 hur k\u00e4nslor uttrycks i olika sociala sammanhang f\u00f6r att kommunicera respektfullt.<\/li>\n<\/ol>\n<h2>Sammanfattning<\/h2>\n<p>Att prata om k\u00e4nslor p\u00e5 bosniska \u00e4r en v\u00e4rdefull f\u00e4rdighet som f\u00f6rb\u00e4ttrar b\u00e5de din spr\u00e5kf\u00f6rm\u00e5ga och dina personliga relationer. Genom att l\u00e4ra dig grundl\u00e4ggande k\u00e4nslouttryck, vanliga fraser och kulturella aspekter kan du kommunicera mer effektivt och empatiskt. Anv\u00e4nd verktyg som Talkpal f\u00f6r att \u00f6va p\u00e5 riktiga samtal och f\u00f6rst\u00e4rk din inl\u00e4rning med regelbunden \u00f6vning och exponering f\u00f6r bosniska i olika medier. Med tid och engagemang kommer du att kunna uttrycka dina k\u00e4nslor p\u00e5 bosniska p\u00e5 ett naturligt och autentiskt s\u00e4tt.<\/p>\n","protected":false},"featured_media":1528078,"template":"","vocabulary_language":[3482],"class_list":["post-1259551","vocabulary","type-vocabulary","status-publish","has-post-thumbnail","hentry","vocabulary_language-hollandska"],"acf":[],"yoast_head":"<!-- This site is optimized with the Yoast SEO Premium plugin v27.2 (Yoast SEO v27.2) - https:\/\/yoast.com\/product\/yoast-seo-premium-wordpress\/ -->\n<title>Prata om k\u00e4nslor p\u00e5 bosniska spr\u00e5k - Talkpal<\/title>\n<meta name=\"description\" content=\"Prata om k\u00e4nslor p\u00e5 bosniska spr\u00e5k \u00e4r en viktig f\u00e4rdighet som st\u00e4rker kommunikation och f\u00f6rst\u00e5else i personliga relationer och sociala sammanhang. Att\" \/>\n<meta name=\"robots\" content=\"index, follow, max-snippet:-1, max-image-preview:large, max-video-preview:-1\" \/>\n<link rel=\"canonical\" href=\"https:\/\/talkpal.ai\/sv\/vocabulary\/prata-om-kanslor-pa-bosniska-sprak\/\" \/>\n<meta property=\"og:locale\" content=\"sv_SE\" \/>\n<meta property=\"og:type\" content=\"article\" \/>\n<meta property=\"og:title\" content=\"Prata om k\u00e4nslor p\u00e5 bosniska spr\u00e5k\" \/>\n<meta property=\"og:description\" content=\"Prata om k\u00e4nslor p\u00e5 bosniska spr\u00e5k \u00e4r en viktig f\u00e4rdighet som st\u00e4rker kommunikation och f\u00f6rst\u00e5else i personliga relationer och sociala sammanhang. Att\" \/>\n<meta property=\"og:url\" content=\"https:\/\/talkpal.ai\/sv\/vocabulary\/prata-om-kanslor-pa-bosniska-sprak\/\" \/>\n<meta property=\"og:site_name\" content=\"Talkpal\" \/>\n<meta property=\"article:publisher\" content=\"https:\/\/www.facebook.com\/profile.php?id=100090733639311\" \/>\n<meta property=\"og:image\" content=\"https:\/\/talkpal.ai\/wp-content\/uploads\/2024\/10\/talkpal_flat_illustration_of_a_employees_working_together_happi_c674ff77-e477-4e09-835a-01d30e561e99.png\" \/>\n\t<meta property=\"og:image:width\" content=\"1024\" \/>\n\t<meta property=\"og:image:height\" content=\"1024\" \/>\n\t<meta property=\"og:image:type\" content=\"image\/png\" \/>\n<meta name=\"twitter:card\" content=\"summary_large_image\" \/>\n<meta name=\"twitter:site\" content=\"@talkpalai\" \/>\n<meta name=\"twitter:label1\" content=\"Ber\u00e4knad l\u00e4stid\" \/>\n\t<meta name=\"twitter:data1\" content=\"5 minuter\" \/>\n<script type=\"application\/ld+json\" class=\"yoast-schema-graph\">{\"@context\":\"https:\/\/schema.org\",\"@graph\":[{\"@type\":\"WebPage\",\"@id\":\"https:\/\/talkpal.ai\/sv\/vocabulary\/prata-om-kanslor-pa-bosniska-sprak\/\",\"url\":\"https:\/\/talkpal.ai\/sv\/vocabulary\/prata-om-kanslor-pa-bosniska-sprak\/\",\"name\":\"Prata om k\u00e4nslor p\u00e5 bosniska spr\u00e5k - Talkpal\",\"isPartOf\":{\"@id\":\"https:\/\/talkpal.ai\/sv\/#website\"},\"primaryImageOfPage\":{\"@id\":\"https:\/\/talkpal.ai\/sv\/vocabulary\/prata-om-kanslor-pa-bosniska-sprak\/#primaryimage\"},\"image\":{\"@id\":\"https:\/\/talkpal.ai\/sv\/vocabulary\/prata-om-kanslor-pa-bosniska-sprak\/#primaryimage\"},\"thumbnailUrl\":\"https:\/\/talkpal.ai\/wp-content\/uploads\/2025\/12\/woman-at-cafe-learning-languages-sunset.webp\",\"datePublished\":\"2025-07-09T05:57:01+00:00\",\"description\":\"Prata om k\u00e4nslor p\u00e5 bosniska spr\u00e5k \u00e4r en viktig f\u00e4rdighet som st\u00e4rker kommunikation och f\u00f6rst\u00e5else i personliga relationer och sociala sammanhang. Att\",\"breadcrumb\":{\"@id\":\"https:\/\/talkpal.ai\/sv\/vocabulary\/prata-om-kanslor-pa-bosniska-sprak\/#breadcrumb\"},\"inLanguage\":\"sv-SE\",\"potentialAction\":[{\"@type\":\"ReadAction\",\"target\":[\"https:\/\/talkpal.ai\/sv\/vocabulary\/prata-om-kanslor-pa-bosniska-sprak\/\"]}]},{\"@type\":\"ImageObject\",\"inLanguage\":\"sv-SE\",\"@id\":\"https:\/\/talkpal.ai\/sv\/vocabulary\/prata-om-kanslor-pa-bosniska-sprak\/#primaryimage\",\"url\":\"https:\/\/talkpal.ai\/wp-content\/uploads\/2025\/12\/woman-at-cafe-learning-languages-sunset.webp\",\"contentUrl\":\"https:\/\/talkpal.ai\/wp-content\/uploads\/2025\/12\/woman-at-cafe-learning-languages-sunset.webp\",\"width\":1200,\"height\":896,\"caption\":\"A student wears headphones and takes notes while learning languages at a cafe during sunset.\"},{\"@type\":\"BreadcrumbList\",\"@id\":\"https:\/\/talkpal.ai\/sv\/vocabulary\/prata-om-kanslor-pa-bosniska-sprak\/#breadcrumb\",\"itemListElement\":[{\"@type\":\"ListItem\",\"position\":1,\"name\":\"Homepage\",\"item\":\"https:\/\/talkpal.ai\/sv\/\"},{\"@type\":\"ListItem\",\"position\":2,\"name\":\"Prata om k\u00e4nslor p\u00e5 bosniska spr\u00e5k\"}]},{\"@type\":\"WebSite\",\"@id\":\"https:\/\/talkpal.ai\/sv\/#website\",\"url\":\"https:\/\/talkpal.ai\/sv\/\",\"name\":\"Talkpal\",\"description\":\"AI Language Learning\",\"publisher\":{\"@id\":\"https:\/\/talkpal.ai\/sv\/#organization\"},\"alternateName\":\"Talkpal AI\",\"potentialAction\":[{\"@type\":\"SearchAction\",\"target\":{\"@type\":\"EntryPoint\",\"urlTemplate\":\"https:\/\/talkpal.ai\/sv\/?s={search_term_string}\"},\"query-input\":{\"@type\":\"PropertyValueSpecification\",\"valueRequired\":true,\"valueName\":\"search_term_string\"}}],\"inLanguage\":\"sv-SE\"},{\"@type\":\"Organization\",\"@id\":\"https:\/\/talkpal.ai\/sv\/#organization\",\"name\":\"Talkpal, Inc.\",\"alternateName\":\"Talkpal AI\",\"url\":\"https:\/\/talkpal.ai\/sv\/\",\"logo\":{\"@type\":\"ImageObject\",\"inLanguage\":\"sv-SE\",\"@id\":\"https:\/\/talkpal.ai\/sv\/#\/schema\/logo\/image\/\",\"url\":\"https:\/\/talkpal.ai\/wp-content\/uploads\/2024\/03\/Talkpal-Logo-Icon.png\",\"contentUrl\":\"https:\/\/talkpal.ai\/wp-content\/uploads\/2024\/03\/Talkpal-Logo-Icon.png\",\"width\":2880,\"height\":2880,\"caption\":\"Talkpal, Inc.\"},\"image\":{\"@id\":\"https:\/\/talkpal.ai\/sv\/#\/schema\/logo\/image\/\"},\"sameAs\":[\"https:\/\/www.facebook.com\/profile.php?id=100090733639311\",\"https:\/\/x.com\/talkpalai\",\"https:\/\/www.linkedin.com\/company\/talkpal\/\",\"https:\/\/www.youtube.com\/@TalkPal\/\",\"https:\/\/www.tiktok.com\/@talkpal\",\"https:\/\/www.instagram.com\/talkpal_ai\/\",\"https:\/\/www.crunchbase.com\/organization\/talkpal-9cde\",\"https:\/\/www.g2.com\/products\/talkpal-for-business\/\",\"https:\/\/www.trustpilot.com\/review\/talkpal.ai\",\"https:\/\/www.capterra.com\/p\/10006800\/TalkPal\/\"],\"description\":\"Talkpal is a language learning web and mobile education app, powered by the latest AI technologies, that provides engaging experiences to its customers in many different languages to help them improve their language skills. Users can chat about unlimited amount of topics with the app and use other modes to practice their language learning.\",\"email\":\"support@talkpal.ai\",\"legalName\":\"Talkpal, Inc.\",\"foundingDate\":\"2023-04-03\",\"duns\":\"118989042\",\"numberOfEmployees\":{\"@type\":\"QuantitativeValue\",\"minValue\":\"11\",\"maxValue\":\"50\"},\"publishingPrinciples\":\"https:\/\/talkpal.ai\/publishing-principles\/\",\"actionableFeedbackPolicy\":\"https:\/\/talkpal.ai\/actionable-feedback-policy\/\",\"correctionsPolicy\":\"https:\/\/talkpal.ai\/corrections-policy\/\",\"ethicsPolicy\":\"https:\/\/talkpal.ai\/ethics-policy\/\",\"diversityPolicy\":\"https:\/\/talkpal.ai\/diversity-policy\/\",\"diversityStaffingReport\":\"https:\/\/talkpal.ai\/diversity-policy\/\"}]}<\/script>\n<!-- \/ Yoast SEO Premium plugin. -->","yoast_head_json":{"title":"Prata om k\u00e4nslor p\u00e5 bosniska spr\u00e5k - Talkpal","description":"Prata om k\u00e4nslor p\u00e5 bosniska spr\u00e5k \u00e4r en viktig f\u00e4rdighet som st\u00e4rker kommunikation och f\u00f6rst\u00e5else i personliga relationer och sociala sammanhang. Att","robots":{"index":"index","follow":"follow","max-snippet":"max-snippet:-1","max-image-preview":"max-image-preview:large","max-video-preview":"max-video-preview:-1"},"canonical":"https:\/\/talkpal.ai\/sv\/vocabulary\/prata-om-kanslor-pa-bosniska-sprak\/","og_locale":"sv_SE","og_type":"article","og_title":"Prata om k\u00e4nslor p\u00e5 bosniska spr\u00e5k","og_description":"Prata om k\u00e4nslor p\u00e5 bosniska spr\u00e5k \u00e4r en viktig f\u00e4rdighet som st\u00e4rker kommunikation och f\u00f6rst\u00e5else i personliga relationer och sociala sammanhang. Att","og_url":"https:\/\/talkpal.ai\/sv\/vocabulary\/prata-om-kanslor-pa-bosniska-sprak\/","og_site_name":"Talkpal","article_publisher":"https:\/\/www.facebook.com\/profile.php?id=100090733639311","og_image":[{"width":1024,"height":1024,"url":"https:\/\/talkpal.ai\/wp-content\/uploads\/2024\/10\/talkpal_flat_illustration_of_a_employees_working_together_happi_c674ff77-e477-4e09-835a-01d30e561e99.png","type":"image\/png"}],"twitter_card":"summary_large_image","twitter_site":"@talkpalai","twitter_misc":{"Ber\u00e4knad l\u00e4stid":"5 minuter"},"schema":{"@context":"https:\/\/schema.org","@graph":[{"@type":"WebPage","@id":"https:\/\/talkpal.ai\/sv\/vocabulary\/prata-om-kanslor-pa-bosniska-sprak\/","url":"https:\/\/talkpal.ai\/sv\/vocabulary\/prata-om-kanslor-pa-bosniska-sprak\/","name":"Prata om k\u00e4nslor p\u00e5 bosniska spr\u00e5k - Talkpal","isPartOf":{"@id":"https:\/\/talkpal.ai\/sv\/#website"},"primaryImageOfPage":{"@id":"https:\/\/talkpal.ai\/sv\/vocabulary\/prata-om-kanslor-pa-bosniska-sprak\/#primaryimage"},"image":{"@id":"https:\/\/talkpal.ai\/sv\/vocabulary\/prata-om-kanslor-pa-bosniska-sprak\/#primaryimage"},"thumbnailUrl":"https:\/\/talkpal.ai\/wp-content\/uploads\/2025\/12\/woman-at-cafe-learning-languages-sunset.webp","datePublished":"2025-07-09T05:57:01+00:00","description":"Prata om k\u00e4nslor p\u00e5 bosniska spr\u00e5k \u00e4r en viktig f\u00e4rdighet som st\u00e4rker kommunikation och f\u00f6rst\u00e5else i personliga relationer och sociala sammanhang. Att","breadcrumb":{"@id":"https:\/\/talkpal.ai\/sv\/vocabulary\/prata-om-kanslor-pa-bosniska-sprak\/#breadcrumb"},"inLanguage":"sv-SE","potentialAction":[{"@type":"ReadAction","target":["https:\/\/talkpal.ai\/sv\/vocabulary\/prata-om-kanslor-pa-bosniska-sprak\/"]}]},{"@type":"ImageObject","inLanguage":"sv-SE","@id":"https:\/\/talkpal.ai\/sv\/vocabulary\/prata-om-kanslor-pa-bosniska-sprak\/#primaryimage","url":"https:\/\/talkpal.ai\/wp-content\/uploads\/2025\/12\/woman-at-cafe-learning-languages-sunset.webp","contentUrl":"https:\/\/talkpal.ai\/wp-content\/uploads\/2025\/12\/woman-at-cafe-learning-languages-sunset.webp","width":1200,"height":896,"caption":"A student wears headphones and takes notes while learning languages at a cafe during sunset."},{"@type":"BreadcrumbList","@id":"https:\/\/talkpal.ai\/sv\/vocabulary\/prata-om-kanslor-pa-bosniska-sprak\/#breadcrumb","itemListElement":[{"@type":"ListItem","position":1,"name":"Homepage","item":"https:\/\/talkpal.ai\/sv\/"},{"@type":"ListItem","position":2,"name":"Prata om k\u00e4nslor p\u00e5 bosniska spr\u00e5k"}]},{"@type":"WebSite","@id":"https:\/\/talkpal.ai\/sv\/#website","url":"https:\/\/talkpal.ai\/sv\/","name":"Talkpal","description":"AI Language Learning","publisher":{"@id":"https:\/\/talkpal.ai\/sv\/#organization"},"alternateName":"Talkpal AI","potentialAction":[{"@type":"SearchAction","target":{"@type":"EntryPoint","urlTemplate":"https:\/\/talkpal.ai\/sv\/?s={search_term_string}"},"query-input":{"@type":"PropertyValueSpecification","valueRequired":true,"valueName":"search_term_string"}}],"inLanguage":"sv-SE"},{"@type":"Organization","@id":"https:\/\/talkpal.ai\/sv\/#organization","name":"Talkpal, Inc.","alternateName":"Talkpal AI","url":"https:\/\/talkpal.ai\/sv\/","logo":{"@type":"ImageObject","inLanguage":"sv-SE","@id":"https:\/\/talkpal.ai\/sv\/#\/schema\/logo\/image\/","url":"https:\/\/talkpal.ai\/wp-content\/uploads\/2024\/03\/Talkpal-Logo-Icon.png","contentUrl":"https:\/\/talkpal.ai\/wp-content\/uploads\/2024\/03\/Talkpal-Logo-Icon.png","width":2880,"height":2880,"caption":"Talkpal, Inc."},"image":{"@id":"https:\/\/talkpal.ai\/sv\/#\/schema\/logo\/image\/"},"sameAs":["https:\/\/www.facebook.com\/profile.php?id=100090733639311","https:\/\/x.com\/talkpalai","https:\/\/www.linkedin.com\/company\/talkpal\/","https:\/\/www.youtube.com\/@TalkPal\/","https:\/\/www.tiktok.com\/@talkpal","https:\/\/www.instagram.com\/talkpal_ai\/","https:\/\/www.crunchbase.com\/organization\/talkpal-9cde","https:\/\/www.g2.com\/products\/talkpal-for-business\/","https:\/\/www.trustpilot.com\/review\/talkpal.ai","https:\/\/www.capterra.com\/p\/10006800\/TalkPal\/"],"description":"Talkpal is a language learning web and mobile education app, powered by the latest AI technologies, that provides engaging experiences to its customers in many different languages to help them improve their language skills. Users can chat about unlimited amount of topics with the app and use other modes to practice their language learning.","email":"support@talkpal.ai","legalName":"Talkpal, Inc.","foundingDate":"2023-04-03","duns":"118989042","numberOfEmployees":{"@type":"QuantitativeValue","minValue":"11","maxValue":"50"},"publishingPrinciples":"https:\/\/talkpal.ai\/publishing-principles\/","actionableFeedbackPolicy":"https:\/\/talkpal.ai\/actionable-feedback-policy\/","correctionsPolicy":"https:\/\/talkpal.ai\/corrections-policy\/","ethicsPolicy":"https:\/\/talkpal.ai\/ethics-policy\/","diversityPolicy":"https:\/\/talkpal.ai\/diversity-policy\/","diversityStaffingReport":"https:\/\/talkpal.ai\/diversity-policy\/"}]}},"_links":{"self":[{"href":"https:\/\/talkpal.ai\/sv\/wp-json\/wp\/v2\/vocabulary\/1259551","targetHints":{"allow":["GET"]}}],"collection":[{"href":"https:\/\/talkpal.ai\/sv\/wp-json\/wp\/v2\/vocabulary"}],"about":[{"href":"https:\/\/talkpal.ai\/sv\/wp-json\/wp\/v2\/types\/vocabulary"}],"wp:featuredmedia":[{"embeddable":true,"href":"https:\/\/talkpal.ai\/sv\/wp-json\/wp\/v2\/media\/1528078"}],"wp:attachment":[{"href":"https:\/\/talkpal.ai\/sv\/wp-json\/wp\/v2\/media?parent=1259551"}],"wp:term":[{"taxonomy":"vocabulary_language","embeddable":true,"href":"https:\/\/talkpal.ai\/sv\/wp-json\/wp\/v2\/vocabulary_language?post=1259551"}],"curies":[{"name":"wp","href":"https:\/\/api.w.org\/{rel}","templated":true}]}}